{"id":101,"date":"2021-08-05T00:07:10","date_gmt":"2021-08-04T22:07:10","guid":{"rendered":"https:\/\/louisette-marie-arnaud.org\/institution\/?page_id=101"},"modified":"2025-05-08T14:37:14","modified_gmt":"2025-05-08T12:37:14","slug":"ressources","status":"publish","type":"page","link":"https:\/\/louisette-marie-arnaud.org\/institution\/ressources","title":{"rendered":"RESSOURCES"},"content":{"rendered":"<p>[et_pb_section fb_built=\u00a0\u00bb1&Prime; fullwidth=\u00a0\u00bbon\u00a0\u00bb admin_label=\u00a0\u00bbMain Slider Global Section\u00a0\u00bb _builder_version=\u00a0\u00bb4.11.1&Prime; _module_preset=\u00a0\u00bbdefault\u00a0\u00bb custom_margin=\u00a0\u00bb||||false|false\u00a0\u00bb custom_padding=\u00a0\u00bb||0px||false|false\u00a0\u00bb da_disable_devices=\u00a0\u00bboff|off|off\u00a0\u00bb global_module=\u00a0\u00bb1123&Prime; saved_tabs=\u00a0\u00bball\u00a0\u00bb global_colors_info=\u00a0\u00bb{}\u00a0\u00bb da_is_popup=\u00a0\u00bboff\u00a0\u00bb da_exit_intent=\u00a0\u00bboff\u00a0\u00bb da_has_close=\u00a0\u00bbon\u00a0\u00bb da_alt_close=\u00a0\u00bboff\u00a0\u00bb da_dark_close=\u00a0\u00bboff\u00a0\u00bb da_not_modal=\u00a0\u00bbon\u00a0\u00bb da_is_singular=\u00a0\u00bboff\u00a0\u00bb da_with_loader=\u00a0\u00bboff\u00a0\u00bb da_has_shadow=\u00a0\u00bbon\u00a0\u00bb][et_pb_fullwidth_code _builder_version=\u00a0\u00bb4.16&Prime; _module_preset=\u00a0\u00bbdefault\u00a0\u00bb global_colors_info=\u00a0\u00bb{}\u00a0\u00bb]<script type=\"text\/javascript\">jQuery(function() { _initLayerSlider( '#layerslider_1_1lqd4w5rbvu57', {createdWith: '6.11.8', sliderVersion: '6.11.8', allowFullscreen: true, pauseOnHover: 'enabled', skin: 'v6', sliderFadeInDuration: 350, useSrcset: true, skinsPath: 'https:\/\/louisette-marie-arnaud.org\/institution\/wp-content\/plugins\/LayerSlider\/assets\/static\/layerslider\/skins\/', performanceMode: true}); });<\/script><div id=\"layerslider_1_1lqd4w5rbvu57\"  class=\"ls-wp-container fitvidsignore ls-selectable\" style=\"width:1280px;height:300px;margin:0 auto;margin-bottom: 0px;\"><div class=\"ls-slide\" data-ls=\"duration:4000;transition2d:2;\"><img loading=\"lazy\" decoding=\"async\" width=\"1800\" height=\"800\" src=\"https:\/\/louisette-marie-arnaud.org\/institution\/wp-content\/uploads\/2021\/09\/1.jpg\" class=\"ls-bg\" alt=\"\" srcset=\"https:\/\/louisette-marie-arnaud.org\/institution\/wp-content\/uploads\/2021\/09\/1.jpg 1800w, https:\/\/louisette-marie-arnaud.org\/institution\/wp-content\/uploads\/2021\/09\/1-1280x569.jpg 1280w, https:\/\/louisette-marie-arnaud.org\/institution\/wp-content\/uploads\/2021\/09\/1-980x436.jpg 980w, https:\/\/louisette-marie-arnaud.org\/institution\/wp-content\/uploads\/2021\/09\/1-480x213.jpg 480w\" sizes=\"(min-width: 0px) and (max-width: 480px) 480px, (min-width: 481px) and (max-width: 980px) 980px, (min-width: 981px) and (max-width: 1280px) 1280px, (min-width: 1281px) 1800px, 100vw\" \/><a href=\"https:\/\/louisette-marie-arnaud.org\/institution\/promouvoir\" target=\"_self\" class=\"ls-link ls-link-on-top\"><\/a><\/div><div class=\"ls-slide\" data-ls=\"duration:4000;transition2d:2;\"><img loading=\"lazy\" decoding=\"async\" width=\"1800\" height=\"801\" src=\"https:\/\/louisette-marie-arnaud.org\/institution\/wp-content\/uploads\/2021\/09\/2.jpg\" class=\"ls-bg\" alt=\"\" srcset=\"https:\/\/louisette-marie-arnaud.org\/institution\/wp-content\/uploads\/2021\/09\/2.jpg 1800w, https:\/\/louisette-marie-arnaud.org\/institution\/wp-content\/uploads\/2021\/09\/2-1280x570.jpg 1280w, https:\/\/louisette-marie-arnaud.org\/institution\/wp-content\/uploads\/2021\/09\/2-980x436.jpg 980w, https:\/\/louisette-marie-arnaud.org\/institution\/wp-content\/uploads\/2021\/09\/2-480x214.jpg 480w\" sizes=\"(min-width: 0px) and (max-width: 480px) 480px, (min-width: 481px) and (max-width: 980px) 980px, (min-width: 981px) and (max-width: 1280px) 1280px, (min-width: 1281px) 1800px, 100vw\" \/><a href=\"https:\/\/louisette-marie-arnaud.org\/institution\/proteger\" target=\"_self\" class=\"ls-link ls-link-on-top\"><\/a><\/div><div class=\"ls-slide\" data-ls=\"duration:4000;transition2d:2;\"><img loading=\"lazy\" decoding=\"async\" width=\"1800\" height=\"800\" src=\"https:\/\/louisette-marie-arnaud.org\/institution\/wp-content\/uploads\/2021\/09\/3.jpg\" class=\"ls-bg\" alt=\"\" srcset=\"https:\/\/louisette-marie-arnaud.org\/institution\/wp-content\/uploads\/2021\/09\/3.jpg 1800w, https:\/\/louisette-marie-arnaud.org\/institution\/wp-content\/uploads\/2021\/09\/3-1280x569.jpg 1280w, https:\/\/louisette-marie-arnaud.org\/institution\/wp-content\/uploads\/2021\/09\/3-980x436.jpg 980w, https:\/\/louisette-marie-arnaud.org\/institution\/wp-content\/uploads\/2021\/09\/3-480x213.jpg 480w\" sizes=\"(min-width: 0px) and (max-width: 480px) 480px, (min-width: 481px) and (max-width: 980px) 980px, (min-width: 981px) and (max-width: 1280px) 1280px, (min-width: 1281px) 1800px, 100vw\" \/><a href=\"https:\/\/louisette-marie-arnaud.org\/institution\/soigner\" target=\"_self\" class=\"ls-link ls-link-on-top\"><\/a><\/div><\/div>[\/et_pb_fullwidth_code][\/et_pb_section][et_pb_section fb_built=\u00a0\u00bb1&Prime; _builder_version=\u00a0\u00bb4.16&Prime; _module_preset=\u00a0\u00bbdefault\u00a0\u00bb da_disable_devices=\u00a0\u00bboff|off|off\u00a0\u00bb global_colors_info=\u00a0\u00bb{}\u00a0\u00bb da_is_popup=\u00a0\u00bboff\u00a0\u00bb da_exit_intent=\u00a0\u00bboff\u00a0\u00bb da_has_close=\u00a0\u00bbon\u00a0\u00bb da_alt_close=\u00a0\u00bboff\u00a0\u00bb da_dark_close=\u00a0\u00bboff\u00a0\u00bb da_not_modal=\u00a0\u00bbon\u00a0\u00bb da_is_singular=\u00a0\u00bboff\u00a0\u00bb da_with_loader=\u00a0\u00bboff\u00a0\u00bb da_has_shadow=\u00a0\u00bbon\u00a0\u00bb][et_pb_row _builder_version=\u00a0\u00bb4.16&Prime; _module_preset=\u00a0\u00bbdefault\u00a0\u00bb global_colors_info=\u00a0\u00bb{}\u00a0\u00bb][et_pb_column type=\u00a0\u00bb4_4&Prime; _builder_version=\u00a0\u00bb4.16&Prime; _module_preset=\u00a0\u00bbdefault\u00a0\u00bb global_colors_info=\u00a0\u00bb{}\u00a0\u00bb][et_pb_text admin_label=\u00a0\u00bbTexte\u00a0\u00bb _builder_version=\u00a0\u00bb4.20.0&Prime; _module_preset=\u00a0\u00bbdefault\u00a0\u00bb header_text_align=\u00a0\u00bbcenter\u00a0\u00bb global_colors_info=\u00a0\u00bb{}\u00a0\u00bb]<\/p>\n<h1><\/h1>\n<h1><\/h1>\n<h1 style=\"text-align: center;\"><strong>T\u00e9l\u00e9charger les ressources du site<\/strong><\/h1>\n<p>&nbsp;<\/p>\n<p>Nous mettons ici \u00e0 votre disposition une information permettant de vous apporter des connaissances suppl\u00e9mentaires dans les domaines.<\/p>\n<p>Tous les articles, documents ou publications mentionn\u00e9es dans ce site sont fournis seulement \u00e0 titre indicatif. Il n\u2019y a absolument aucune approbation de toute d\u00e9claration faite dans ces documents<\/p>\n<p><strong>Publication Num\u00e9rique\u00a0: Environs seuls 3% des \u00e9cosyst\u00e8mes terrestres restent intacts<br \/>\n<\/strong><a href=\"https:\/\/youmatter.world\/fr\/environnement-seuls-3-des-ecosystemes-terrestres-mondiaux-restent-intacts\/\"><strong>https:\/\/youmatter.world\/fr\/environnement-seuls-3-des-ecosystemes-terrestres-mondiaux-restent-intacts\/<\/strong><\/a><\/p>\n<p><strong>Publication Num\u00e9rique\u00a0: Pas de lutte contre le changement climatique sans lutte contre la perte de la biodiversit\u00e9<br \/>\n<\/strong><a href=\"https:\/\/youmatter.world\/fr\/pas-changement-climatique-sans-lutte-contre-crise-biodiversite\/\"><strong>https:\/\/youmatter.world\/fr\/pas-changement-climatique-sans-lutte-contre-crise-biodiversite\/<\/strong><\/a><\/p>\n<p><strong>Publication Num\u00e9rique\u00a0: Ecocide au cours en Amazonie, le temps presse<br \/>\n<\/strong><a href=\"https:\/\/www.greenpeace.fr\/amazonie-ecocide-en-cours\/?codespec=7013V000000LMeN&amp;utm_medium=grant\"><strong>https:\/\/www.greenpeace.fr\/amazonie-ecocide-en-cours\/?codespec=7013V000000LMeN&amp;utm_medium=grant<\/strong><\/a><\/p>\n<p><strong>Publication Num\u00e9rique\u00a0: Grande Muraille vert, quel bilan, quels effets\u00a0?<br \/>\n<\/strong><a href=\"https:\/\/youmatter.world\/fr\/grande-muraille-verte-afrique-reforestation-efficace\/\"><strong>https:\/\/youmatter.world\/fr\/grande-muraille-verte-afrique-reforestation-efficace\/<\/strong><\/a><\/p>\n<p><strong>Publication Num\u00e9rique : Identifier les oiseaux dans un jardin d\u2019hiver<br \/>\n<\/strong><a href=\"https:\/\/www.ornithomedia.com\/pratique\/identification\/identifier-oiseaux-dans-son-jardin-hiver-00432\/\"><strong>https:\/\/www.ornithomedia.com\/pratique\/identification\/identifier-oiseaux-dans-son-jardin-hiver-00432\/<\/strong><\/a><\/p>\n<p><strong>Publication Num\u00e9rique\u00a0: Identifier les oiseaux des villes et de l\u2019Europe en hiver<br \/>\n<\/strong><a href=\"https:\/\/www.ornithomedia.com\/pratique\/identification\/identifier-oiseaux-dans-son-jardin-hiver-00432\/\"><strong>https:\/\/www.ornithomedia.com\/pratique\/identification\/identifier-oiseaux-dans-son-jardin-hiver-00432\/<\/strong><\/a><\/p>\n<p><strong>Publication Num\u00e9rique : Sensibiliser les enfants \u00e0 l\u2019\u00e9cologie<br \/>\n<\/strong><a href=\"https:\/\/www.touk-touk.com\/sensibiliser-les-enfants-a-lecologie\/\"><strong>https:\/\/www.touk-touk.com\/sensibiliser-les-enfants-a-lecologie\/<\/strong><\/a><\/p>\n<p><strong>Publication Num\u00e9rique\u00a0: Disparition des oiseaux<br \/>\n<\/strong><a href=\"https:\/\/www.30millionsdamis.fr\/actualites\/article\/13755-lalarmante-disparition-des-oiseaux-dans-le-monde-a-cause-de-lhomme\/\"><strong>https:\/\/www.30millionsdamis.fr\/actualites\/article\/13755-lalarmante-disparition-des-oiseaux-dans-le-monde-a-cause-de-lhomme\/<\/strong><\/a><\/p>\n<p><strong>Publication Num\u00e9rique\u00a0: Ou sont pass\u00e9 les oiseaux des champs<br \/>\n<\/strong><a href=\"https:\/\/lejournal.cnrs.fr\/articles\/ou-sont-passes-les-oiseaux-des-champs\"><strong>https:\/\/lejournal.cnrs.fr\/articles\/ou-sont-passes-les-oiseaux-des-champs<\/strong><\/a><\/p>\n<p><strong>Publication Num\u00e9rique\u00a0: Les petits oiseaux du jardin en \u00e9t\u00e9 <\/strong><br \/>\n<a href=\"https:\/\/www.gammvert.fr\/conseils\/conseils-de-jardinage\/les-oiseaux-du-jardin-en-ete\"><strong>https:\/\/www.gammvert.fr\/conseils\/conseils-de-jardinage\/les-oiseaux-du-jardin-en-ete<\/strong><\/a><\/p>\n<p><strong>Publication Num\u00e9rique\u00a0: R\u00e9chauffement climatique un quart de la plan\u00e8te est en voie de d\u00e9sertification <\/strong><br \/>\n<a href=\"https:\/\/youmatter.world\/fr\/rechauffement-climatique-desertification\/\"><strong>https:\/\/youmatter.world\/fr\/rechauffement-climatique-desertification\/<\/strong><\/a><\/p>\n<p><strong>Publication Num\u00e9rique\u00a0: La France engag\u00e9e dans la protection des For\u00eats Tropicales<br \/>\n<\/strong><a href=\"https:\/\/onu.delegfrance.org\/La-France-est-resolument-engagee-pour-la-protection-des-forets-tropicales\"><strong>https:\/\/onu.delegfrance.org\/La-France-est-resolument-engagee-pour-la-protection-des-forets-tropicales<\/strong><\/a><\/p>\n<p><strong>Publication Num\u00e9rique\u00a0:<\/strong> <strong>Amazonie, l\u2019urgence n\u2019est plus d\u2019actualit\u00e9<br \/>\n<\/strong><a href=\"https:\/\/www.franceculture.fr\/environnement\/amazonie-lurgence-nest-plus-dactualite\"><strong>https:\/\/www.franceculture.fr\/environnement\/amazonie-lurgence-nest-plus-dactualite<\/strong><\/a><\/p>\n<p><strong>Publication Num\u00e9rique : <\/strong><strong>Eduquer les enfants \u00e0 l\u2019\u00e9cocitoyennet\u00e9<br \/>\n<\/strong><a href=\"https:\/\/www.touk-touk.com\/eduquer-enfants-ecocitoyennete\/\"><strong>https:\/\/www.touk-touk.com\/eduquer-enfants-ecocitoyennete\/<\/strong><\/a><\/p>\n<p><strong>Publication Num\u00e9rique : L\u2019Amazonie et le droit international en vigueur<br \/>\n<\/strong><a href=\"https:\/\/www.cairn.info\/revue-revue-juridique-de-l-environnement-2019-4-page-671.htm\"><strong>https:\/\/www.cairn.info\/revue-revue-juridique-de-l-environnement-2019-4-page-671.htm<\/strong><\/a><\/p>\n<p><strong>Publication Num\u00e9rique\u00a0: Effets de la d\u00e9forestation<br \/>\n<\/strong><a href=\"https:\/\/www.greenpeace.fr\/deforestation\/?codespec=7013V000000LMeN&amp;utm_medium=grant\"><strong>https:\/\/www.greenpeace.fr\/deforestation\/?codespec=7013V000000LMeN&amp;utm_medium=grant<\/strong><\/a>[\/et_pb_text][et_pb_blurb use_icon=\u00a0\u00bbon\u00a0\u00bb font_icon=\u00a0\u00bb&#xe092;||divi||400&Prime; icon_color=\u00a0\u00bb#518fc1&Prime; icon_placement=\u00a0\u00bbleft\u00a0\u00bb content_max_width=\u00a0\u00bb100%\u00a0\u00bb admin_label=\u00a0\u00bb-   Fiche des oiseaux par esp\u00e8ce\u00a0\u00bb module_class=\u00a0\u00bbblurbDownloadResources\u00a0\u00bb _builder_version=\u00a0\u00bb4.16&Prime; _module_preset=\u00a0\u00bbdefault\u00a0\u00bb body_line_height=\u00a0\u00bb32px\u00a0\u00bb module_alignment=\u00a0\u00bbcenter\u00a0\u00bb custom_padding=\u00a0\u00bb10px|10px|10px|10px|true|true\u00a0\u00bb link_option_url=\u00a0\u00bb\/institution\/wp-content\/uploads\/2021\/09\/Fiches-des-Oiseaux-par-espece.pdf\u00a0\u00bb link_option_url_new_window=\u00a0\u00bbon\u00a0\u00bb border_width_all=\u00a0\u00bb1px\u00a0\u00bb border_color_all=\u00a0\u00bb#000000&Prime; global_colors_info=\u00a0\u00bb{}\u00a0\u00bb]Fiche des oiseaux par esp\u00e8ce[\/et_pb_blurb][et_pb_blurb use_icon=\u00a0\u00bbon\u00a0\u00bb font_icon=\u00a0\u00bb&#xe092;||divi||400&Prime; icon_color=\u00a0\u00bb#518fc1&Prime; icon_placement=\u00a0\u00bbleft\u00a0\u00bb content_max_width=\u00a0\u00bb100%\u00a0\u00bb admin_label=\u00a0\u00bb-   Epiez vos oiseaux des cours et des jardins \u00a0\u00bb module_class=\u00a0\u00bbblurbDownloadResources\u00a0\u00bb _builder_version=\u00a0\u00bb4.16&Prime; _module_preset=\u00a0\u00bbdefault\u00a0\u00bb body_line_height=\u00a0\u00bb32px\u00a0\u00bb module_alignment=\u00a0\u00bbcenter\u00a0\u00bb custom_padding=\u00a0\u00bb10px|10px|10px|10px|true|true\u00a0\u00bb link_option_url=\u00a0\u00bb\/institution\/wp-content\/uploads\/2021\/09\/Epiez-vos-oiseaux-des-cours-et-des-jardins.pdf\u00a0\u00bb link_option_url_new_window=\u00a0\u00bbon\u00a0\u00bb border_width_all=\u00a0\u00bb1px\u00a0\u00bb border_color_all=\u00a0\u00bb#000000&Prime; global_colors_info=\u00a0\u00bb{}\u00a0\u00bb]Epiez vos oiseaux des cours et des jardins [\/et_pb_blurb][et_pb_blurb use_icon=\u00a0\u00bbon\u00a0\u00bb font_icon=\u00a0\u00bb&#xe092;||divi||400&Prime; icon_color=\u00a0\u00bb#518fc1&Prime; icon_placement=\u00a0\u00bbleft\u00a0\u00bb content_max_width=\u00a0\u00bb100%\u00a0\u00bb admin_label=\u00a0\u00bb-   Les oiseaux des champs\u00a0\u00bb module_class=\u00a0\u00bbblurbDownloadResources\u00a0\u00bb _builder_version=\u00a0\u00bb4.16&Prime; _module_preset=\u00a0\u00bbdefault\u00a0\u00bb body_line_height=\u00a0\u00bb32px\u00a0\u00bb module_alignment=\u00a0\u00bbcenter\u00a0\u00bb custom_padding=\u00a0\u00bb10px|10px|10px|10px|true|true\u00a0\u00bb link_option_url=\u00a0\u00bb\/institution\/wp-content\/uploads\/2021\/09\/Oiseaux-des-Champs.pdf\u00a0\u00bb link_option_url_new_window=\u00a0\u00bbon\u00a0\u00bb border_width_all=\u00a0\u00bb1px\u00a0\u00bb border_color_all=\u00a0\u00bb#000000&Prime; global_colors_info=\u00a0\u00bb{}\u00a0\u00bb]Les oiseaux des champs[\/et_pb_blurb][et_pb_blurb use_icon=\u00a0\u00bbon\u00a0\u00bb font_icon=\u00a0\u00bb&#xe092;||divi||400&Prime; icon_color=\u00a0\u00bb#518fc1&Prime; icon_placement=\u00a0\u00bbleft\u00a0\u00bb content_max_width=\u00a0\u00bb100%\u00a0\u00bb admin_label=\u00a0\u00bb-   G\u00e9opolitique, la d\u00e9forestation en l\u2019Amazonie\u00a0\u00bb module_class=\u00a0\u00bbblurbDownloadResources\u00a0\u00bb _builder_version=\u00a0\u00bb4.16&Prime; _module_preset=\u00a0\u00bbdefault\u00a0\u00bb body_line_height=\u00a0\u00bb32px\u00a0\u00bb module_alignment=\u00a0\u00bbcenter\u00a0\u00bb custom_padding=\u00a0\u00bb10px|10px|10px|10px|true|true\u00a0\u00bb link_option_url=\u00a0\u00bb\/institution\/wp-content\/uploads\/2021\/09\/Geopolitique-La-Deforestation-AmazoniePP.pdf\u00a0\u00bb link_option_url_new_window=\u00a0\u00bbon\u00a0\u00bb border_width_all=\u00a0\u00bb1px\u00a0\u00bb border_color_all=\u00a0\u00bb#000000&Prime; global_colors_info=\u00a0\u00bb{}\u00a0\u00bb]G\u00e9opolitique, la d\u00e9forestation en l\u2019Amazonie[\/et_pb_blurb][et_pb_blurb use_icon=\u00a0\u00bbon\u00a0\u00bb font_icon=\u00a0\u00bb&#xe092;||divi||400&Prime; icon_color=\u00a0\u00bb#518fc1&Prime; icon_placement=\u00a0\u00bbleft\u00a0\u00bb content_max_width=\u00a0\u00bb100%\u00a0\u00bb admin_label=\u00a0\u00bb-   Changements climatiques en l\u2019Amazonie\u00a0\u00bb module_class=\u00a0\u00bbblurbDownloadResources\u00a0\u00bb _builder_version=\u00a0\u00bb4.16&Prime; _module_preset=\u00a0\u00bbdefault\u00a0\u00bb body_font=\u00a0\u00bb||||||||\u00a0\u00bb body_line_height=\u00a0\u00bb32px\u00a0\u00bb module_alignment=\u00a0\u00bbcenter\u00a0\u00bb custom_padding=\u00a0\u00bb10px|10px|10px|10px|true|true\u00a0\u00bb link_option_url=\u00a0\u00bb\/institution\/wp-content\/uploads\/2021\/09\/ENV6003-Changements-climatiques-amazonie.pdf\u00a0\u00bb link_option_url_new_window=\u00a0\u00bbon\u00a0\u00bb border_width_all=\u00a0\u00bb1px\u00a0\u00bb border_color_all=\u00a0\u00bb#000000&Prime; global_colors_info=\u00a0\u00bb{}\u00a0\u00bb]Changements climatiques en l\u2019Amazonie[\/et_pb_blurb][et_pb_blurb use_icon=\u00a0\u00bbon\u00a0\u00bb font_icon=\u00a0\u00bb&#xe092;||divi||400&Prime; icon_color=\u00a0\u00bb#518fc1&Prime; icon_placement=\u00a0\u00bbleft\u00a0\u00bb content_max_width=\u00a0\u00bb100%\u00a0\u00bb admin_label=\u00a0\u00bb-   G\u00e9opolitique de l\u2019Amazonie\u00a0\u00bb module_class=\u00a0\u00bbblurbDownloadResources\u00a0\u00bb _builder_version=\u00a0\u00bb4.16&Prime; _module_preset=\u00a0\u00bbdefault\u00a0\u00bb body_font=\u00a0\u00bb||||||||\u00a0\u00bb body_text_align=\u00a0\u00bbleft\u00a0\u00bb body_line_height=\u00a0\u00bb32px\u00a0\u00bb text_orientation=\u00a0\u00bbcenter\u00a0\u00bb module_alignment=\u00a0\u00bbcenter\u00a0\u00bb custom_padding=\u00a0\u00bb10px|10px|10px|10px|true|true\u00a0\u00bb link_option_url=\u00a0\u00bb\/institution\/wp-content\/uploads\/2021\/09\/geopolitique_de_lamazonie.pdf\u00a0\u00bb link_option_url_new_window=\u00a0\u00bbon\u00a0\u00bb border_width_all=\u00a0\u00bb1px\u00a0\u00bb border_color_all=\u00a0\u00bb#000000&Prime; global_colors_info=\u00a0\u00bb{}\u00a0\u00bb]G\u00e9opolitique de l\u2019Amazonie[\/et_pb_blurb][et_pb_blurb use_icon=\u00a0\u00bbon\u00a0\u00bb font_icon=\u00a0\u00bb&#xe092;||divi||400&Prime; icon_color=\u00a0\u00bb#518fc1&Prime; icon_placement=\u00a0\u00bbleft\u00a0\u00bb content_max_width=\u00a0\u00bb100%\u00a0\u00bb admin_label=\u00a0\u00bb-\tLa d\u00e9forestation en l\u2019Amazonie, dossier documentaire\u00a0\u00bb module_class=\u00a0\u00bbblurbDownloadResources\u00a0\u00bb _builder_version=\u00a0\u00bb4.16&Prime; _module_preset=\u00a0\u00bbdefault\u00a0\u00bb body_font=\u00a0\u00bb||||||||\u00a0\u00bb body_line_height=\u00a0\u00bb32px\u00a0\u00bb module_alignment=\u00a0\u00bbcenter\u00a0\u00bb custom_padding=\u00a0\u00bb10px|10px|10px|10px|true|true\u00a0\u00bb link_option_url=\u00a0\u00bb\/institution\/wp-content\/uploads\/2021\/09\/LA_DEFORESTATION_EN_AMAZONIE_DOSSIER_DOCUMENTAIRE.pdf\u00a0\u00bb link_option_url_new_window=\u00a0\u00bbon\u00a0\u00bb border_width_all=\u00a0\u00bb1px\u00a0\u00bb border_color_all=\u00a0\u00bb#000000&Prime; global_colors_info=\u00a0\u00bb{}\u00a0\u00bb]La d\u00e9forestation en l\u2019Amazonie, dossier documentaire[\/et_pb_blurb][et_pb_blurb use_icon=\u00a0\u00bbon\u00a0\u00bb font_icon=\u00a0\u00bb&#xe092;||divi||400&Prime; icon_color=\u00a0\u00bb#518fc1&Prime; icon_placement=\u00a0\u00bbleft\u00a0\u00bb content_max_width=\u00a0\u00bb100%\u00a0\u00bb admin_label=\u00a0\u00bb-\tCauses et m\u00e9canismes de la d\u00e9forestation en l\u2019Amazonie\u00a0\u00bb module_class=\u00a0\u00bbblurbDownloadResources\u00a0\u00bb _builder_version=\u00a0\u00bb4.16&Prime; _module_preset=\u00a0\u00bbdefault\u00a0\u00bb body_font=\u00a0\u00bb||||||||\u00a0\u00bb body_line_height=\u00a0\u00bb32px\u00a0\u00bb module_alignment=\u00a0\u00bbcenter\u00a0\u00bb custom_padding=\u00a0\u00bb10px|10px|10px|10px|true|true\u00a0\u00bb link_option_url=\u00a0\u00bb\/institution\/wp-content\/uploads\/2021\/09\/Causes-et-Mecanismes-de-la-deforestation-en-Amazonie-Bresilienne.pdf\u00a0\u00bb link_option_url_new_window=\u00a0\u00bbon\u00a0\u00bb border_width_all=\u00a0\u00bb1px\u00a0\u00bb border_color_all=\u00a0\u00bb#000000&Prime; global_colors_info=\u00a0\u00bb{}\u00a0\u00bb]Causes et m\u00e9canismes de la d\u00e9forestation en l\u2019Amazonie[\/et_pb_blurb][et_pb_blurb use_icon=\u00a0\u00bbon\u00a0\u00bb font_icon=\u00a0\u00bb&#xe092;||divi||400&Prime; icon_color=\u00a0\u00bb#518fc1&Prime; icon_placement=\u00a0\u00bbleft\u00a0\u00bb content_max_width=\u00a0\u00bb100%\u00a0\u00bb admin_label=\u00a0\u00bbInvestigations in Neuromodulation\u00a0\u00bb module_class=\u00a0\u00bbblurbDownloadResources\u00a0\u00bb _builder_version=\u00a0\u00bb4.16&Prime; _module_preset=\u00a0\u00bbdefault\u00a0\u00bb body_font=\u00a0\u00bb||||||||\u00a0\u00bb body_line_height=\u00a0\u00bb32px\u00a0\u00bb module_alignment=\u00a0\u00bbcenter\u00a0\u00bb custom_padding=\u00a0\u00bb10px|10px|10px|10px|true|true\u00a0\u00bb link_option_url=\u00a0\u00bb\/institution\/wp-content\/uploads\/2021\/09\/REQUIRED-Thornton-and-Carmody-Memory-and-NFB.pdf\u00a0\u00bb link_option_url_new_window=\u00a0\u00bbon\u00a0\u00bb border_width_all=\u00a0\u00bb1px\u00a0\u00bb border_color_all=\u00a0\u00bb#000000&Prime; global_colors_info=\u00a0\u00bb{}\u00a0\u00bb]Investigations in Neuromodulation, Neurofeedback and Applied Neuroscience ADH and Neurosth\u00e9rapy : The relation between memory improvement and QEEG  changes in three clinical group as a resultat of EEG Biofeedback treatment[\/et_pb_blurb][et_pb_blurb use_icon=\u00a0\u00bbon\u00a0\u00bb font_icon=\u00a0\u00bb&#xe092;||divi||400&Prime; icon_color=\u00a0\u00bb#518fc1&Prime; icon_placement=\u00a0\u00bbleft\u00a0\u00bb content_max_width=\u00a0\u00bb100%\u00a0\u00bb admin_label=\u00a0\u00bb-\tInvestigations in Neuromodulation, Neurofeedback and Applied Neuroscience ADHD Stuttering : Similar EEG profiles suggest neurotherapy  as and adjunct to traditional speed therapies\u00a0\u00bb module_class=\u00a0\u00bbblurbDownloadResources\u00a0\u00bb _builder_version=\u00a0\u00bb4.16&Prime; _module_preset=\u00a0\u00bbdefault\u00a0\u00bb body_font=\u00a0\u00bb||||||||\u00a0\u00bb body_line_height=\u00a0\u00bb32px\u00a0\u00bb module_alignment=\u00a0\u00bbcenter\u00a0\u00bb custom_padding=\u00a0\u00bb10px|10px|10px|10px|true|true\u00a0\u00bb link_option_url=\u00a0\u00bb\/institution\/wp-content\/uploads\/2021\/09\/REQUIRED-Ratcliffe-Baird-ADHD-And-Stuttering.pdf\u00a0\u00bb link_option_url_new_window=\u00a0\u00bbon\u00a0\u00bb border_width_all=\u00a0\u00bb1px\u00a0\u00bb border_color_all=\u00a0\u00bb#000000&Prime; global_colors_info=\u00a0\u00bb{}\u00a0\u00bb]Investigations in Neuromodulation, Neurofeedback and Applied Neuroscience ADHD Stuttering : Similar EEG profiles suggest neurotherapy  as and adjunct to traditional speed therapies[\/et_pb_blurb][et_pb_blurb use_icon=\u00a0\u00bbon\u00a0\u00bb font_icon=\u00a0\u00bb&#xe092;||divi||400&Prime; icon_color=\u00a0\u00bb#518fc1&Prime; icon_placement=\u00a0\u00bbleft\u00a0\u00bb content_max_width=\u00a0\u00bb100%\u00a0\u00bb admin_label=\u00a0\u00bbEfficacy of Neurofeedback Treatment in ADHD\u00a0\u00bb module_class=\u00a0\u00bbblurbDownloadResources\u00a0\u00bb _builder_version=\u00a0\u00bb4.16&Prime; _module_preset=\u00a0\u00bbdefault\u00a0\u00bb body_font=\u00a0\u00bb||||||||\u00a0\u00bb body_line_height=\u00a0\u00bb32px\u00a0\u00bb module_alignment=\u00a0\u00bbcenter\u00a0\u00bb custom_padding=\u00a0\u00bb10px|10px|10px|10px|true|true\u00a0\u00bb link_option_url=\u00a0\u00bb\/institution\/wp-content\/uploads\/2021\/09\/REQUIRED-Arns-DeRidder-ADHD-Meta-Analysis.pdf\u00a0\u00bb link_option_url_new_window=\u00a0\u00bbon\u00a0\u00bb border_width_all=\u00a0\u00bb1px\u00a0\u00bb border_color_all=\u00a0\u00bb#000000&Prime; global_colors_info=\u00a0\u00bb{}\u00a0\u00bb]Efficacy of Neurofeedback Treatment in ADHD : the effects on Inattention, Impulsivity and Hyperactivity : A Meta Analysis[\/et_pb_blurb][\/et_pb_column][\/et_pb_row][\/et_pb_section]<\/p>\n","protected":false},"excerpt":{"rendered":"<p><script type=\"text\/javascript\">jQuery(function() { _initLayerSlider( '#layerslider_1_13c7h2dsgb25d', {createdWith: '6.11.8', sliderVersion: '6.11.8', allowFullscreen: true, pauseOnHover: 'enabled', skin: 'v6', sliderFadeInDuration: 350, useSrcset: true, skinsPath: 'https:\/\/louisette-marie-arnaud.org\/institution\/wp-content\/plugins\/LayerSlider\/assets\/static\/layerslider\/skins\/', performanceMode: true}); });<\/script><div id=\"layerslider_1_13c7h2dsgb25d\"  class=\"ls-wp-container fitvidsignore ls-selectable\" style=\"width:1280px;height:300px;margin:0 auto;margin-bottom: 0px;\"><div class=\"ls-slide\" data-ls=\"duration:4000;transition2d:2;\"><img loading=\"lazy\" width=\"1800\" height=\"800\" src=\"https:\/\/louisette-marie-arnaud.org\/institution\/wp-content\/uploads\/2021\/09\/1.jpg\" class=\"ls-bg\" alt=\"\" decoding=\"async\" srcset=\"https:\/\/louisette-marie-arnaud.org\/institution\/wp-content\/uploads\/2021\/09\/1.jpg 1800w, https:\/\/louisette-marie-arnaud.org\/institution\/wp-content\/uploads\/2021\/09\/1-1280x569.jpg 1280w, https:\/\/louisette-marie-arnaud.org\/institution\/wp-content\/uploads\/2021\/09\/1-980x436.jpg 980w, https:\/\/louisette-marie-arnaud.org\/institution\/wp-content\/uploads\/2021\/09\/1-480x213.jpg 480w\" sizes=\"(min-width: 0px) and (max-width: 480px) 480px, (min-width: 481px) and (max-width: 980px) 980px, (min-width: 981px) and (max-width: 1280px) 1280px, (min-width: 1281px) 1800px, 100vw\" \/><a href=\"https:\/\/louisette-marie-arnaud.org\/institution\/promouvoir\" target=\"_self\" class=\"ls-link ls-link-on-top\"><\/a><\/div><div class=\"ls-slide\" data-ls=\"duration:4000;transition2d:2;\"><img loading=\"lazy\" width=\"1800\" height=\"801\" src=\"https:\/\/louisette-marie-arnaud.org\/institution\/wp-content\/uploads\/2021\/09\/2.jpg\" class=\"ls-bg\" alt=\"\" decoding=\"async\" srcset=\"https:\/\/louisette-marie-arnaud.org\/institution\/wp-content\/uploads\/2021\/09\/2.jpg 1800w, https:\/\/louisette-marie-arnaud.org\/institution\/wp-content\/uploads\/2021\/09\/2-1280x570.jpg 1280w, https:\/\/louisette-marie-arnaud.org\/institution\/wp-content\/uploads\/2021\/09\/2-980x436.jpg 980w, https:\/\/louisette-marie-arnaud.org\/institution\/wp-content\/uploads\/2021\/09\/2-480x214.jpg 480w\" sizes=\"(min-width: 0px) and (max-width: 480px) 480px, (min-width: 481px) and (max-width: 980px) 980px, (min-width: 981px) and (max-width: 1280px) 1280px, (min-width: 1281px) 1800px, 100vw\" \/><a href=\"https:\/\/louisette-marie-arnaud.org\/institution\/proteger\" target=\"_self\" class=\"ls-link ls-link-on-top\"><\/a><\/div><div class=\"ls-slide\" data-ls=\"duration:4000;transition2d:2;\"><img loading=\"lazy\" width=\"1800\" height=\"800\" src=\"https:\/\/louisette-marie-arnaud.org\/institution\/wp-content\/uploads\/2021\/09\/3.jpg\" class=\"ls-bg\" alt=\"\" decoding=\"async\" srcset=\"https:\/\/louisette-marie-arnaud.org\/institution\/wp-content\/uploads\/2021\/09\/3.jpg 1800w, https:\/\/louisette-marie-arnaud.org\/institution\/wp-content\/uploads\/2021\/09\/3-1280x569.jpg 1280w, https:\/\/louisette-marie-arnaud.org\/institution\/wp-content\/uploads\/2021\/09\/3-980x436.jpg 980w, https:\/\/louisette-marie-arnaud.org\/institution\/wp-content\/uploads\/2021\/09\/3-480x213.jpg 480w\" sizes=\"(min-width: 0px) and (max-width: 480px) 480px, (min-width: 481px) and (max-width: 980px) 980px, (min-width: 981px) and (max-width: 1280px) 1280px, (min-width: 1281px) 1800px, 100vw\" \/><a href=\"https:\/\/louisette-marie-arnaud.org\/institution\/soigner\" target=\"_self\" class=\"ls-link ls-link-on-top\"><\/a><\/div><\/div> T\u00e9l\u00e9charger les ressources du site &nbsp; Nous mettons ici \u00e0 votre disposition une information permettant de vous apporter des connaissances suppl\u00e9mentaires dans les domaines. Tous les articles, documents ou publications mentionn\u00e9es dans ce site sont fournis seulement \u00e0 titre indicatif. Il n\u2019y a absolument aucune approbation de toute d\u00e9claration faite dans ces documents Publication Num\u00e9rique\u00a0: Environs seuls 3% des \u00e9cosyst\u00e8mes terrestres restent intacts https:\/\/youmatter.world\/fr\/environnement-seuls-3-des-ecosystemes-terrestres-mondiaux-restent-intacts\/ Publication Num\u00e9rique\u00a0: Pas de lutte contre le changement climatique sans lutte contre la perte de la biodiversit\u00e9 https:\/\/youmatter.world\/fr\/pas-changement-climatique-sans-lutte-contre-crise-biodiversite\/ Publication Num\u00e9rique\u00a0: Ecocide au cours en Amazonie, le temps presse https:\/\/www.greenpeace.fr\/amazonie-ecocide-en-cours\/?codespec=7013V000000LMeN&amp;utm_medium=grant Publication Num\u00e9rique\u00a0: Grande Muraille vert, quel bilan, quels effets\u00a0? https:\/\/youmatter.world\/fr\/grande-muraille-verte-afrique-reforestation-efficace\/ Publication Num\u00e9rique : Identifier les oiseaux dans un jardin d\u2019hiver https:\/\/www.ornithomedia.com\/pratique\/identification\/identifier-oiseaux-dans-son-jardin-hiver-00432\/ Publication Num\u00e9rique\u00a0: Identifier les oiseaux des villes et de l\u2019Europe en hiver https:\/\/www.ornithomedia.com\/pratique\/identification\/identifier-oiseaux-dans-son-jardin-hiver-00432\/ Publication Num\u00e9rique : Sensibiliser les enfants \u00e0 l\u2019\u00e9cologie https:\/\/www.touk-touk.com\/sensibiliser-les-enfants-a-lecologie\/ Publication Num\u00e9rique\u00a0: Disparition des oiseaux https:\/\/www.30millionsdamis.fr\/actualites\/article\/13755-lalarmante-disparition-des-oiseaux-dans-le-monde-a-cause-de-lhomme\/ Publication Num\u00e9rique\u00a0: Ou sont pass\u00e9 les oiseaux des champs https:\/\/lejournal.cnrs.fr\/articles\/ou-sont-passes-les-oiseaux-des-champs Publication Num\u00e9rique\u00a0: Les petits oiseaux du jardin en \u00e9t\u00e9 https:\/\/www.gammvert.fr\/conseils\/conseils-de-jardinage\/les-oiseaux-du-jardin-en-ete Publication Num\u00e9rique\u00a0: R\u00e9chauffement climatique un quart de la plan\u00e8te est en voie de d\u00e9sertification https:\/\/youmatter.world\/fr\/rechauffement-climatique-desertification\/ Publication Num\u00e9rique\u00a0: La France engag\u00e9e dans la protection des For\u00eats Tropicales https:\/\/onu.delegfrance.org\/La-France-est-resolument-engagee-pour-la-protection-des-forets-tropicales Publication Num\u00e9rique\u00a0: Amazonie, l\u2019urgence n\u2019est plus d\u2019actualit\u00e9 https:\/\/www.franceculture.fr\/environnement\/amazonie-lurgence-nest-plus-dactualite Publication [&hellip;]<\/p>\n","protected":false},"author":1,"featured_media":0,"parent":0,"menu_order":0,"comment_status":"closed","ping_status":"closed","template":"","meta":{"_seopress_robots_primary_cat":"","_seopress_titles_title":"","_seopress_titles_desc":"","_seopress_robots_index":"","_et_pb_use_builder":"on","_et_pb_old_content":"<!-- wp:divi\/placeholder \/-->","_et_gb_content_width":"","om_disable_all_campaigns":false,"_monsterinsights_skip_tracking":false,"_monsterinsights_sitenote_active":false,"_monsterinsights_sitenote_note":"","_monsterinsights_sitenote_category":0,"footnotes":""},"class_list":["post-101","page","type-page","status-publish","hentry"],"aioseo_notices":[],"yoast_head":"<!-- This site is optimized with the Yoast SEO plugin v27.4 - https:\/\/yoast.com\/product\/yoast-seo-wordpress\/ -->\n<title>RESSOURCES - Institution Louisette-Marie Arnaud pour la jeunesse<\/title>\n<meta name=\"robots\" content=\"index, follow, max-snippet:-1, max-image-preview:large, max-video-preview:-1\" \/>\n<link rel=\"canonical\" href=\"https:\/\/louisette-marie-arnaud.org\/institution\/ressources\" \/>\n<meta property=\"og:locale\" content=\"fr_FR\" \/>\n<meta property=\"og:type\" content=\"article\" \/>\n<meta property=\"og:title\" content=\"RESSOURCES - Institution Louisette-Marie Arnaud pour la jeunesse\" \/>\n<meta property=\"og:description\" content=\"T\u00e9l\u00e9charger les ressources du site &nbsp; Nous mettons ici \u00e0 votre disposition une information permettant de vous apporter des connaissances suppl\u00e9mentaires dans les domaines. Tous les articles, documents ou publications mentionn\u00e9es dans ce site sont fournis seulement \u00e0 titre indicatif. Il n\u2019y a absolument aucune approbation de toute d\u00e9claration faite dans ces documents Publication Num\u00e9rique\u00a0: Environs seuls 3% des \u00e9cosyst\u00e8mes terrestres restent intacts https:\/\/youmatter.world\/fr\/environnement-seuls-3-des-ecosystemes-terrestres-mondiaux-restent-intacts\/ Publication Num\u00e9rique\u00a0: Pas de lutte contre le changement climatique sans lutte contre la perte de la biodiversit\u00e9 https:\/\/youmatter.world\/fr\/pas-changement-climatique-sans-lutte-contre-crise-biodiversite\/ Publication Num\u00e9rique\u00a0: Ecocide au cours en Amazonie, le temps presse https:\/\/www.greenpeace.fr\/amazonie-ecocide-en-cours\/?codespec=7013V000000LMeN&amp;utm_medium=grant Publication Num\u00e9rique\u00a0: Grande Muraille vert, quel bilan, quels effets\u00a0? https:\/\/youmatter.world\/fr\/grande-muraille-verte-afrique-reforestation-efficace\/ Publication Num\u00e9rique : Identifier les oiseaux dans un jardin d\u2019hiver https:\/\/www.ornithomedia.com\/pratique\/identification\/identifier-oiseaux-dans-son-jardin-hiver-00432\/ Publication Num\u00e9rique\u00a0: Identifier les oiseaux des villes et de l\u2019Europe en hiver https:\/\/www.ornithomedia.com\/pratique\/identification\/identifier-oiseaux-dans-son-jardin-hiver-00432\/ Publication Num\u00e9rique : Sensibiliser les enfants \u00e0 l\u2019\u00e9cologie https:\/\/www.touk-touk.com\/sensibiliser-les-enfants-a-lecologie\/ Publication Num\u00e9rique\u00a0: Disparition des oiseaux https:\/\/www.30millionsdamis.fr\/actualites\/article\/13755-lalarmante-disparition-des-oiseaux-dans-le-monde-a-cause-de-lhomme\/ Publication Num\u00e9rique\u00a0: Ou sont pass\u00e9 les oiseaux des champs https:\/\/lejournal.cnrs.fr\/articles\/ou-sont-passes-les-oiseaux-des-champs Publication Num\u00e9rique\u00a0: Les petits oiseaux du jardin en \u00e9t\u00e9 https:\/\/www.gammvert.fr\/conseils\/conseils-de-jardinage\/les-oiseaux-du-jardin-en-ete Publication Num\u00e9rique\u00a0: R\u00e9chauffement climatique un quart de la plan\u00e8te est en voie de d\u00e9sertification https:\/\/youmatter.world\/fr\/rechauffement-climatique-desertification\/ Publication Num\u00e9rique\u00a0: La France engag\u00e9e dans la protection des For\u00eats Tropicales https:\/\/onu.delegfrance.org\/La-France-est-resolument-engagee-pour-la-protection-des-forets-tropicales Publication Num\u00e9rique\u00a0: Amazonie, l\u2019urgence n\u2019est plus d\u2019actualit\u00e9 https:\/\/www.franceculture.fr\/environnement\/amazonie-lurgence-nest-plus-dactualite Publication [&hellip;]\" \/>\n<meta property=\"og:url\" content=\"https:\/\/louisette-marie-arnaud.org\/institution\/ressources\" \/>\n<meta property=\"og:site_name\" content=\"Institution Louisette-Marie Arnaud pour la jeunesse\" \/>\n<meta property=\"article:publisher\" content=\"https:\/\/www.facebook.com\/InstitutionLouisetteMarieArnaud\" \/>\n<meta property=\"article:modified_time\" content=\"2025-05-08T12:37:14+00:00\" \/>\n<meta name=\"twitter:card\" content=\"summary_large_image\" \/>\n<meta name=\"twitter:label1\" content=\"Dur\u00e9e de lecture estim\u00e9e\" \/>\n\t<meta name=\"twitter:data1\" content=\"8 minutes\" \/>\n<script type=\"application\/ld+json\" class=\"yoast-schema-graph\">{\"@context\":\"https:\\\/\\\/schema.org\",\"@graph\":[{\"@type\":\"WebPage\",\"@id\":\"https:\\\/\\\/louisette-marie-arnaud.org\\\/institution\\\/ressources\",\"url\":\"https:\\\/\\\/louisette-marie-arnaud.org\\\/institution\\\/ressources\",\"name\":\"RESSOURCES - Institution Louisette-Marie Arnaud pour la jeunesse\",\"isPartOf\":{\"@id\":\"https:\\\/\\\/louisette-marie-arnaud.org\\\/institution\\\/#website\"},\"datePublished\":\"2021-08-04T22:07:10+00:00\",\"dateModified\":\"2025-05-08T12:37:14+00:00\",\"breadcrumb\":{\"@id\":\"https:\\\/\\\/louisette-marie-arnaud.org\\\/institution\\\/ressources#breadcrumb\"},\"inLanguage\":\"fr-FR\",\"potentialAction\":[{\"@type\":\"ReadAction\",\"target\":[\"https:\\\/\\\/louisette-marie-arnaud.org\\\/institution\\\/ressources\"]}]},{\"@type\":\"BreadcrumbList\",\"@id\":\"https:\\\/\\\/louisette-marie-arnaud.org\\\/institution\\\/ressources#breadcrumb\",\"itemListElement\":[{\"@type\":\"ListItem\",\"position\":1,\"name\":\"Accueil\",\"item\":\"https:\\\/\\\/louisette-marie-arnaud.org\\\/institution\\\/\"},{\"@type\":\"ListItem\",\"position\":2,\"name\":\"RESSOURCES\"}]},{\"@type\":\"WebSite\",\"@id\":\"https:\\\/\\\/louisette-marie-arnaud.org\\\/institution\\\/#website\",\"url\":\"https:\\\/\\\/louisette-marie-arnaud.org\\\/institution\\\/\",\"name\":\"Institution Louisette-Marie Arnaud pour la jeunesse\",\"description\":\"PROMOUVOIR PROTEGER SOIGNER\",\"publisher\":{\"@id\":\"https:\\\/\\\/louisette-marie-arnaud.org\\\/institution\\\/#organization\"},\"potentialAction\":[{\"@type\":\"SearchAction\",\"target\":{\"@type\":\"EntryPoint\",\"urlTemplate\":\"https:\\\/\\\/louisette-marie-arnaud.org\\\/institution\\\/?s={search_term_string}\"},\"query-input\":{\"@type\":\"PropertyValueSpecification\",\"valueRequired\":true,\"valueName\":\"search_term_string\"}}],\"inLanguage\":\"fr-FR\"},{\"@type\":\"Organization\",\"@id\":\"https:\\\/\\\/louisette-marie-arnaud.org\\\/institution\\\/#organization\",\"name\":\"Institution Louisette-Marie Arnaud pour la jeunesse\",\"url\":\"https:\\\/\\\/louisette-marie-arnaud.org\\\/institution\\\/\",\"logo\":{\"@type\":\"ImageObject\",\"inLanguage\":\"fr-FR\",\"@id\":\"https:\\\/\\\/louisette-marie-arnaud.org\\\/institution\\\/#\\\/schema\\\/logo\\\/image\\\/\",\"url\":\"https:\\\/\\\/louisette-marie-arnaud.org\\\/institution\\\/wp-content\\\/uploads\\\/2021\\\/08\\\/cropped-Capture-LOGO-DANIELLI-PAGE-DACCUEIL-Copie.jpg\",\"contentUrl\":\"https:\\\/\\\/louisette-marie-arnaud.org\\\/institution\\\/wp-content\\\/uploads\\\/2021\\\/08\\\/cropped-Capture-LOGO-DANIELLI-PAGE-DACCUEIL-Copie.jpg\",\"width\":139,\"height\":134,\"caption\":\"Institution Louisette-Marie Arnaud pour la jeunesse\"},\"image\":{\"@id\":\"https:\\\/\\\/louisette-marie-arnaud.org\\\/institution\\\/#\\\/schema\\\/logo\\\/image\\\/\"},\"sameAs\":[\"https:\\\/\\\/www.facebook.com\\\/InstitutionLouisetteMarieArnaud\"]}]}<\/script>\n<!-- \/ Yoast SEO plugin. -->","yoast_head_json":{"title":"RESSOURCES - Institution Louisette-Marie Arnaud pour la jeunesse","robots":{"index":"index","follow":"follow","max-snippet":"max-snippet:-1","max-image-preview":"max-image-preview:large","max-video-preview":"max-video-preview:-1"},"canonical":"https:\/\/louisette-marie-arnaud.org\/institution\/ressources","og_locale":"fr_FR","og_type":"article","og_title":"RESSOURCES - Institution Louisette-Marie Arnaud pour la jeunesse","og_description":"T\u00e9l\u00e9charger les ressources du site &nbsp; Nous mettons ici \u00e0 votre disposition une information permettant de vous apporter des connaissances suppl\u00e9mentaires dans les domaines. Tous les articles, documents ou publications mentionn\u00e9es dans ce site sont fournis seulement \u00e0 titre indicatif. Il n\u2019y a absolument aucune approbation de toute d\u00e9claration faite dans ces documents Publication Num\u00e9rique\u00a0: Environs seuls 3% des \u00e9cosyst\u00e8mes terrestres restent intacts https:\/\/youmatter.world\/fr\/environnement-seuls-3-des-ecosystemes-terrestres-mondiaux-restent-intacts\/ Publication Num\u00e9rique\u00a0: Pas de lutte contre le changement climatique sans lutte contre la perte de la biodiversit\u00e9 https:\/\/youmatter.world\/fr\/pas-changement-climatique-sans-lutte-contre-crise-biodiversite\/ Publication Num\u00e9rique\u00a0: Ecocide au cours en Amazonie, le temps presse https:\/\/www.greenpeace.fr\/amazonie-ecocide-en-cours\/?codespec=7013V000000LMeN&amp;utm_medium=grant Publication Num\u00e9rique\u00a0: Grande Muraille vert, quel bilan, quels effets\u00a0? https:\/\/youmatter.world\/fr\/grande-muraille-verte-afrique-reforestation-efficace\/ Publication Num\u00e9rique : Identifier les oiseaux dans un jardin d\u2019hiver https:\/\/www.ornithomedia.com\/pratique\/identification\/identifier-oiseaux-dans-son-jardin-hiver-00432\/ Publication Num\u00e9rique\u00a0: Identifier les oiseaux des villes et de l\u2019Europe en hiver https:\/\/www.ornithomedia.com\/pratique\/identification\/identifier-oiseaux-dans-son-jardin-hiver-00432\/ Publication Num\u00e9rique : Sensibiliser les enfants \u00e0 l\u2019\u00e9cologie https:\/\/www.touk-touk.com\/sensibiliser-les-enfants-a-lecologie\/ Publication Num\u00e9rique\u00a0: Disparition des oiseaux https:\/\/www.30millionsdamis.fr\/actualites\/article\/13755-lalarmante-disparition-des-oiseaux-dans-le-monde-a-cause-de-lhomme\/ Publication Num\u00e9rique\u00a0: Ou sont pass\u00e9 les oiseaux des champs https:\/\/lejournal.cnrs.fr\/articles\/ou-sont-passes-les-oiseaux-des-champs Publication Num\u00e9rique\u00a0: Les petits oiseaux du jardin en \u00e9t\u00e9 https:\/\/www.gammvert.fr\/conseils\/conseils-de-jardinage\/les-oiseaux-du-jardin-en-ete Publication Num\u00e9rique\u00a0: R\u00e9chauffement climatique un quart de la plan\u00e8te est en voie de d\u00e9sertification https:\/\/youmatter.world\/fr\/rechauffement-climatique-desertification\/ Publication Num\u00e9rique\u00a0: La France engag\u00e9e dans la protection des For\u00eats Tropicales https:\/\/onu.delegfrance.org\/La-France-est-resolument-engagee-pour-la-protection-des-forets-tropicales Publication Num\u00e9rique\u00a0: Amazonie, l\u2019urgence n\u2019est plus d\u2019actualit\u00e9 https:\/\/www.franceculture.fr\/environnement\/amazonie-lurgence-nest-plus-dactualite Publication [&hellip;]","og_url":"https:\/\/louisette-marie-arnaud.org\/institution\/ressources","og_site_name":"Institution Louisette-Marie Arnaud pour la jeunesse","article_publisher":"https:\/\/www.facebook.com\/InstitutionLouisetteMarieArnaud","article_modified_time":"2025-05-08T12:37:14+00:00","twitter_card":"summary_large_image","twitter_misc":{"Dur\u00e9e de lecture estim\u00e9e":"8 minutes"},"schema":{"@context":"https:\/\/schema.org","@graph":[{"@type":"WebPage","@id":"https:\/\/louisette-marie-arnaud.org\/institution\/ressources","url":"https:\/\/louisette-marie-arnaud.org\/institution\/ressources","name":"RESSOURCES - Institution Louisette-Marie Arnaud pour la jeunesse","isPartOf":{"@id":"https:\/\/louisette-marie-arnaud.org\/institution\/#website"},"datePublished":"2021-08-04T22:07:10+00:00","dateModified":"2025-05-08T12:37:14+00:00","breadcrumb":{"@id":"https:\/\/louisette-marie-arnaud.org\/institution\/ressources#breadcrumb"},"inLanguage":"fr-FR","potentialAction":[{"@type":"ReadAction","target":["https:\/\/louisette-marie-arnaud.org\/institution\/ressources"]}]},{"@type":"BreadcrumbList","@id":"https:\/\/louisette-marie-arnaud.org\/institution\/ressources#breadcrumb","itemListElement":[{"@type":"ListItem","position":1,"name":"Accueil","item":"https:\/\/louisette-marie-arnaud.org\/institution\/"},{"@type":"ListItem","position":2,"name":"RESSOURCES"}]},{"@type":"WebSite","@id":"https:\/\/louisette-marie-arnaud.org\/institution\/#website","url":"https:\/\/louisette-marie-arnaud.org\/institution\/","name":"Institution Louisette-Marie Arnaud pour la jeunesse","description":"PROMOUVOIR PROTEGER SOIGNER","publisher":{"@id":"https:\/\/louisette-marie-arnaud.org\/institution\/#organization"},"potentialAction":[{"@type":"SearchAction","target":{"@type":"EntryPoint","urlTemplate":"https:\/\/louisette-marie-arnaud.org\/institution\/?s={search_term_string}"},"query-input":{"@type":"PropertyValueSpecification","valueRequired":true,"valueName":"search_term_string"}}],"inLanguage":"fr-FR"},{"@type":"Organization","@id":"https:\/\/louisette-marie-arnaud.org\/institution\/#organization","name":"Institution Louisette-Marie Arnaud pour la jeunesse","url":"https:\/\/louisette-marie-arnaud.org\/institution\/","logo":{"@type":"ImageObject","inLanguage":"fr-FR","@id":"https:\/\/louisette-marie-arnaud.org\/institution\/#\/schema\/logo\/image\/","url":"https:\/\/louisette-marie-arnaud.org\/institution\/wp-content\/uploads\/2021\/08\/cropped-Capture-LOGO-DANIELLI-PAGE-DACCUEIL-Copie.jpg","contentUrl":"https:\/\/louisette-marie-arnaud.org\/institution\/wp-content\/uploads\/2021\/08\/cropped-Capture-LOGO-DANIELLI-PAGE-DACCUEIL-Copie.jpg","width":139,"height":134,"caption":"Institution Louisette-Marie Arnaud pour la jeunesse"},"image":{"@id":"https:\/\/louisette-marie-arnaud.org\/institution\/#\/schema\/logo\/image\/"},"sameAs":["https:\/\/www.facebook.com\/InstitutionLouisetteMarieArnaud"]}]}},"jetpack_sharing_enabled":true,"_links":{"self":[{"href":"https:\/\/louisette-marie-arnaud.org\/institution\/wp-json\/wp\/v2\/pages\/101","targetHints":{"allow":["GET"]}}],"collection":[{"href":"https:\/\/louisette-marie-arnaud.org\/institution\/wp-json\/wp\/v2\/pages"}],"about":[{"href":"https:\/\/louisette-marie-arnaud.org\/institution\/wp-json\/wp\/v2\/types\/page"}],"author":[{"embeddable":true,"href":"https:\/\/louisette-marie-arnaud.org\/institution\/wp-json\/wp\/v2\/users\/1"}],"replies":[{"embeddable":true,"href":"https:\/\/louisette-marie-arnaud.org\/institution\/wp-json\/wp\/v2\/comments?post=101"}],"version-history":[{"count":47,"href":"https:\/\/louisette-marie-arnaud.org\/institution\/wp-json\/wp\/v2\/pages\/101\/revisions"}],"predecessor-version":[{"id":8794,"href":"https:\/\/louisette-marie-arnaud.org\/institution\/wp-json\/wp\/v2\/pages\/101\/revisions\/8794"}],"wp:attachment":[{"href":"https:\/\/louisette-marie-arnaud.org\/institution\/wp-json\/wp\/v2\/media?parent=101"}],"curies":[{"name":"wp","href":"https:\/\/api.w.org\/{rel}","templated":true}]}}