{"id":1315,"date":"2021-09-13T14:54:54","date_gmt":"2021-09-13T12:54:54","guid":{"rendered":"https:\/\/louisette-marie-arnaud.org\/institution\/?page_id=1315"},"modified":"2025-10-02T14:45:44","modified_gmt":"2025-10-02T12:45:44","slug":"qui-nous-sommes","status":"publish","type":"page","link":"https:\/\/louisette-marie-arnaud.org\/institution\/qui-nous-sommes","title":{"rendered":"Qui nous sommes"},"content":{"rendered":"<p>[et_pb_section fb_built=\u00a0\u00bb1&Prime; fullwidth=\u00a0\u00bbon\u00a0\u00bb admin_label=\u00a0\u00bbMain Slider Global Section\u00a0\u00bb _builder_version=\u00a0\u00bb4.11.1&Prime; _module_preset=\u00a0\u00bbdefault\u00a0\u00bb custom_margin=\u00a0\u00bb||||false|false\u00a0\u00bb custom_padding=\u00a0\u00bb||0px||false|false\u00a0\u00bb da_disable_devices=\u00a0\u00bboff|off|off\u00a0\u00bb global_module=\u00a0\u00bb1123&Prime; saved_tabs=\u00a0\u00bball\u00a0\u00bb global_colors_info=\u00a0\u00bb{}\u00a0\u00bb da_is_popup=\u00a0\u00bboff\u00a0\u00bb da_exit_intent=\u00a0\u00bboff\u00a0\u00bb da_has_close=\u00a0\u00bbon\u00a0\u00bb da_alt_close=\u00a0\u00bboff\u00a0\u00bb da_dark_close=\u00a0\u00bboff\u00a0\u00bb da_not_modal=\u00a0\u00bbon\u00a0\u00bb da_is_singular=\u00a0\u00bboff\u00a0\u00bb da_with_loader=\u00a0\u00bboff\u00a0\u00bb da_has_shadow=\u00a0\u00bbon\u00a0\u00bb][et_pb_fullwidth_code _builder_version=\u00a0\u00bb4.16&Prime; _module_preset=\u00a0\u00bbdefault\u00a0\u00bb global_colors_info=\u00a0\u00bb{}\u00a0\u00bb]<script type=\"text\/javascript\">jQuery(function() { _initLayerSlider( '#layerslider_1_1opvmbunflut0', {createdWith: '6.11.8', sliderVersion: '6.11.8', allowFullscreen: true, pauseOnHover: 'enabled', skin: 'v6', sliderFadeInDuration: 350, useSrcset: true, skinsPath: 'https:\/\/louisette-marie-arnaud.org\/institution\/wp-content\/plugins\/LayerSlider\/assets\/static\/layerslider\/skins\/', performanceMode: true}); });<\/script><div id=\"layerslider_1_1opvmbunflut0\"  class=\"ls-wp-container fitvidsignore ls-selectable\" style=\"width:1280px;height:300px;margin:0 auto;margin-bottom: 0px;\"><div class=\"ls-slide\" data-ls=\"duration:4000;transition2d:2;\"><img loading=\"lazy\" decoding=\"async\" width=\"1800\" height=\"800\" src=\"https:\/\/louisette-marie-arnaud.org\/institution\/wp-content\/uploads\/2021\/09\/1.jpg\" class=\"ls-bg\" alt=\"\" srcset=\"https:\/\/louisette-marie-arnaud.org\/institution\/wp-content\/uploads\/2021\/09\/1.jpg 1800w, https:\/\/louisette-marie-arnaud.org\/institution\/wp-content\/uploads\/2021\/09\/1-1280x569.jpg 1280w, https:\/\/louisette-marie-arnaud.org\/institution\/wp-content\/uploads\/2021\/09\/1-980x436.jpg 980w, https:\/\/louisette-marie-arnaud.org\/institution\/wp-content\/uploads\/2021\/09\/1-480x213.jpg 480w\" sizes=\"(min-width: 0px) and (max-width: 480px) 480px, (min-width: 481px) and (max-width: 980px) 980px, (min-width: 981px) and (max-width: 1280px) 1280px, (min-width: 1281px) 1800px, 100vw\" \/><a href=\"https:\/\/louisette-marie-arnaud.org\/institution\/promouvoir\" target=\"_self\" class=\"ls-link ls-link-on-top\"><\/a><\/div><div class=\"ls-slide\" data-ls=\"duration:4000;transition2d:2;\"><img loading=\"lazy\" decoding=\"async\" width=\"1800\" height=\"801\" src=\"https:\/\/louisette-marie-arnaud.org\/institution\/wp-content\/uploads\/2021\/09\/2.jpg\" class=\"ls-bg\" alt=\"\" srcset=\"https:\/\/louisette-marie-arnaud.org\/institution\/wp-content\/uploads\/2021\/09\/2.jpg 1800w, https:\/\/louisette-marie-arnaud.org\/institution\/wp-content\/uploads\/2021\/09\/2-1280x570.jpg 1280w, https:\/\/louisette-marie-arnaud.org\/institution\/wp-content\/uploads\/2021\/09\/2-980x436.jpg 980w, https:\/\/louisette-marie-arnaud.org\/institution\/wp-content\/uploads\/2021\/09\/2-480x214.jpg 480w\" sizes=\"(min-width: 0px) and (max-width: 480px) 480px, (min-width: 481px) and (max-width: 980px) 980px, (min-width: 981px) and (max-width: 1280px) 1280px, (min-width: 1281px) 1800px, 100vw\" \/><a href=\"https:\/\/louisette-marie-arnaud.org\/institution\/proteger\" target=\"_self\" class=\"ls-link ls-link-on-top\"><\/a><\/div><div class=\"ls-slide\" data-ls=\"duration:4000;transition2d:2;\"><img loading=\"lazy\" decoding=\"async\" width=\"1800\" height=\"800\" src=\"https:\/\/louisette-marie-arnaud.org\/institution\/wp-content\/uploads\/2021\/09\/3.jpg\" class=\"ls-bg\" alt=\"\" srcset=\"https:\/\/louisette-marie-arnaud.org\/institution\/wp-content\/uploads\/2021\/09\/3.jpg 1800w, https:\/\/louisette-marie-arnaud.org\/institution\/wp-content\/uploads\/2021\/09\/3-1280x569.jpg 1280w, https:\/\/louisette-marie-arnaud.org\/institution\/wp-content\/uploads\/2021\/09\/3-980x436.jpg 980w, https:\/\/louisette-marie-arnaud.org\/institution\/wp-content\/uploads\/2021\/09\/3-480x213.jpg 480w\" sizes=\"(min-width: 0px) and (max-width: 480px) 480px, (min-width: 481px) and (max-width: 980px) 980px, (min-width: 981px) and (max-width: 1280px) 1280px, (min-width: 1281px) 1800px, 100vw\" \/><a href=\"https:\/\/louisette-marie-arnaud.org\/institution\/soigner\" target=\"_self\" class=\"ls-link ls-link-on-top\"><\/a><\/div><\/div>[\/et_pb_fullwidth_code][\/et_pb_section][et_pb_section fb_built=\u00a0\u00bb1&Prime; _builder_version=\u00a0\u00bb4.16&Prime; _module_preset=\u00a0\u00bbdefault\u00a0\u00bb da_disable_devices=\u00a0\u00bboff|off|off\u00a0\u00bb global_colors_info=\u00a0\u00bb{}\u00a0\u00bb da_is_popup=\u00a0\u00bboff\u00a0\u00bb da_exit_intent=\u00a0\u00bboff\u00a0\u00bb da_has_close=\u00a0\u00bbon\u00a0\u00bb da_alt_close=\u00a0\u00bboff\u00a0\u00bb da_dark_close=\u00a0\u00bboff\u00a0\u00bb da_not_modal=\u00a0\u00bbon\u00a0\u00bb da_is_singular=\u00a0\u00bboff\u00a0\u00bb da_with_loader=\u00a0\u00bboff\u00a0\u00bb da_has_shadow=\u00a0\u00bbon\u00a0\u00bb][et_pb_row _builder_version=\u00a0\u00bb4.16&Prime; _module_preset=\u00a0\u00bbdefault\u00a0\u00bb global_colors_info=\u00a0\u00bb{}\u00a0\u00bb][et_pb_column type=\u00a0\u00bb4_4&Prime; _builder_version=\u00a0\u00bb4.16&Prime; _module_preset=\u00a0\u00bbdefault\u00a0\u00bb global_colors_info=\u00a0\u00bb{}\u00a0\u00bb][et_pb_text admin_label=\u00a0\u00bbTexte\u00a0\u00bb _builder_version=\u00a0\u00bb4.16&Prime; _module_preset=\u00a0\u00bbdefault\u00a0\u00bb text_font=\u00a0\u00bb|700|||||||\u00a0\u00bb text_font_size=\u00a0\u00bb19px\u00a0\u00bb header_font=\u00a0\u00bb|700|||||||\u00a0\u00bb header_line_height=\u00a0\u00bb1.7em\u00a0\u00bb text_orientation=\u00a0\u00bbcenter\u00a0\u00bb custom_padding=\u00a0\u00bb28px|||||\u00a0\u00bb global_colors_info=\u00a0\u00bb{}\u00a0\u00bb]<\/p>\n<h1><strong><br \/><\/strong>INSTITUTION LOUISETTE-MARIE ARNAUD <img loading=\"lazy\" decoding=\"async\" class=\"wp-image-1496 alignnone size-full\" src=\"https:\/\/louisette-marie-arnaud.org\/institution\/wp-content\/uploads\/2021\/09\/coeur.png\" alt=\"\" width=\"31\" height=\"20\" \/><\/h1>\n<h1>QUI NOUS SOMMES<\/h1>\n<p>[\/et_pb_text][\/et_pb_column][\/et_pb_row][et_pb_row _builder_version=\u00a0\u00bb4.20.0&Prime; _module_preset=\u00a0\u00bbdefault\u00a0\u00bb custom_margin=\u00a0\u00bb50px||30px||false|false\u00a0\u00bb global_colors_info=\u00a0\u00bb{}\u00a0\u00bb][et_pb_column type=\u00a0\u00bb4_4&Prime; _builder_version=\u00a0\u00bb4.16&Prime; _module_preset=\u00a0\u00bbdefault\u00a0\u00bb global_colors_info=\u00a0\u00bb{}\u00a0\u00bb][et_pb_image src=\u00a0\u00bbhttps:\/\/louisette-marie-arnaud.org\/institution\/wp-content\/uploads\/2021\/09\/image2.jpeg\u00a0\u00bb title_text=\u00a0\u00bbimage2&Prime; align=\u00a0\u00bbcenter\u00a0\u00bb admin_label=\u00a0\u00bbPhoto Ruby VILLAR-DOCUMET\u00a0\u00bb _builder_version=\u00a0\u00bb4.16&Prime; _module_preset=\u00a0\u00bbdefault\u00a0\u00bb width=\u00a0\u00bb290px\u00a0\u00bb max_width=\u00a0\u00bb100%\u00a0\u00bb module_alignment=\u00a0\u00bbcenter\u00a0\u00bb animation_style=\u00a0\u00bbslide\u00a0\u00bb global_colors_info=\u00a0\u00bb{}\u00a0\u00bb][\/et_pb_image][et_pb_text _builder_version=\u00a0\u00bb4.27.4&Prime; _module_preset=\u00a0\u00bbdefault\u00a0\u00bb text_line_height=\u00a0\u00bb1.4em\u00a0\u00bb text_orientation=\u00a0\u00bbcenter\u00a0\u00bb hover_enabled=\u00a0\u00bb0&Prime; global_colors_info=\u00a0\u00bb{}\u00a0\u00bb sticky_enabled=\u00a0\u00bb0&Prime;]<\/p>\n<p><strong>Mme Ruby VILLAR-DOCUMET<br \/><\/strong>Psychologue Clinicienne d\u2019orientation scientifique \u2013 Neuroscience Cliniques<\/p>\n<p>Fondatrice et Pr\u00e9sidente de l\u2019Institution Louisette-Marie Arnaud France<\/p>\n<p>[\/et_pb_text][\/et_pb_column][\/et_pb_row][et_pb_row column_structure=\u00a0\u00bb1_2,1_2&Prime; _builder_version=\u00a0\u00bb4.20.0&Prime; _module_preset=\u00a0\u00bbdefault\u00a0\u00bb custom_margin=\u00a0\u00bb||30px||false|false\u00a0\u00bb global_colors_info=\u00a0\u00bb{}\u00a0\u00bb][et_pb_column type=\u00a0\u00bb1_2&Prime; _builder_version=\u00a0\u00bb4.16&Prime; _module_preset=\u00a0\u00bbdefault\u00a0\u00bb global_colors_info=\u00a0\u00bb{}\u00a0\u00bb][et_pb_image src=\u00a0\u00bbhttps:\/\/louisette-marie-arnaud.org\/institution\/wp-content\/uploads\/2021\/09\/image3.jpeg\u00a0\u00bb title_text=\u00a0\u00bbimage3&Prime; align=\u00a0\u00bbcenter\u00a0\u00bb admin_label=\u00a0\u00bbPhoto Danielli VILLAR-DOCUMET\u00a0\u00bb _builder_version=\u00a0\u00bb4.16&Prime; _module_preset=\u00a0\u00bbdefault\u00a0\u00bb module_alignment=\u00a0\u00bbcenter\u00a0\u00bb max_height=\u00a0\u00bb299px\u00a0\u00bb animation_style=\u00a0\u00bbslide\u00a0\u00bb global_colors_info=\u00a0\u00bb{}\u00a0\u00bb][\/et_pb_image][et_pb_text _builder_version=\u00a0\u00bb4.16&Prime; _module_preset=\u00a0\u00bbdefault\u00a0\u00bb text_line_height=\u00a0\u00bb1.4em\u00a0\u00bb text_orientation=\u00a0\u00bbcenter\u00a0\u00bb global_colors_info=\u00a0\u00bb{}\u00a0\u00bb]<\/p>\n<p><strong>Mme Danielli VILLAR-DOCUMET<br \/><\/strong>Juriste<\/p>\n<p>Secr\u00e9taire G\u00e9n\u00e9rale<\/p>\n<p>[\/et_pb_text][\/et_pb_column][et_pb_column type=\u00a0\u00bb1_2&Prime; _builder_version=\u00a0\u00bb4.16&Prime; _module_preset=\u00a0\u00bbdefault\u00a0\u00bb global_colors_info=\u00a0\u00bb{}\u00a0\u00bb][et_pb_image src=\u00a0\u00bbhttps:\/\/louisette-marie-arnaud.org\/institution\/wp-content\/uploads\/2021\/09\/Laurent.jpg\u00a0\u00bb title_text=\u00a0\u00bbLaurent\u00a0\u00bb align=\u00a0\u00bbcenter\u00a0\u00bb admin_label=\u00a0\u00bbPhoto M Laurent DARRE\u00a0\u00bb _builder_version=\u00a0\u00bb4.16&Prime; _module_preset=\u00a0\u00bbdefault\u00a0\u00bb module_alignment=\u00a0\u00bbcenter\u00a0\u00bb max_height=\u00a0\u00bb299px\u00a0\u00bb animation_style=\u00a0\u00bbslide\u00a0\u00bb global_colors_info=\u00a0\u00bb{}\u00a0\u00bb][\/et_pb_image][et_pb_text _builder_version=\u00a0\u00bb4.16&Prime; _module_preset=\u00a0\u00bbdefault\u00a0\u00bb text_line_height=\u00a0\u00bb1.4em\u00a0\u00bb text_orientation=\u00a0\u00bbcenter\u00a0\u00bb global_colors_info=\u00a0\u00bb{}\u00a0\u00bb]<\/p>\n<p><strong>M Laurent DARRE<br \/><\/strong>Ing\u00e9nieur Informaticien<\/p>\n<p>Responsable Communications et Technologies Num\u00e9riques<\/p>\n<p>[\/et_pb_text][\/et_pb_column][\/et_pb_row][et_pb_row column_structure=\u00a0\u00bb1_2,1_2&Prime; _builder_version=\u00a0\u00bb4.20.0&Prime; _module_preset=\u00a0\u00bbdefault\u00a0\u00bb custom_margin=\u00a0\u00bb||30px||false|false\u00a0\u00bb global_colors_info=\u00a0\u00bb{}\u00a0\u00bb][et_pb_column type=\u00a0\u00bb1_2&Prime; _builder_version=\u00a0\u00bb4.16&Prime; _module_preset=\u00a0\u00bbdefault\u00a0\u00bb global_colors_info=\u00a0\u00bb{}\u00a0\u00bb][et_pb_image src=\u00a0\u00bbhttps:\/\/louisette-marie-arnaud.org\/institution\/wp-content\/uploads\/2021\/09\/Anais.jpg\u00a0\u00bb title_text=\u00a0\u00bbAna\u00efs\u00a0\u00bb align=\u00a0\u00bbcenter\u00a0\u00bb admin_label=\u00a0\u00bbPhoto Ana\u00efs VEJO-VILLAR\u00a0\u00bb _builder_version=\u00a0\u00bb4.16&Prime; _module_preset=\u00a0\u00bbdefault\u00a0\u00bb width=\u00a0\u00bb271px\u00a0\u00bb max_width=\u00a0\u00bb100%\u00a0\u00bb module_alignment=\u00a0\u00bbcenter\u00a0\u00bb animation_style=\u00a0\u00bbslide\u00a0\u00bb global_colors_info=\u00a0\u00bb{}\u00a0\u00bb][\/et_pb_image][et_pb_text _builder_version=\u00a0\u00bb4.20.0&Prime; _module_preset=\u00a0\u00bbdefault\u00a0\u00bb text_line_height=\u00a0\u00bb1.3em\u00a0\u00bb text_orientation=\u00a0\u00bbcenter\u00a0\u00bb global_colors_info=\u00a0\u00bb{}\u00a0\u00bb]<\/p>\n<p><strong>Mlle Ana\u00efs VEJO-VILLAR<br \/><\/strong>Etudiante Ing\u00e9nierie S\u00e9curit\u00e9 de Syst\u00e8mes<\/p>\n<p>Tr\u00e9sori\u00e8re<\/p>\n<p>[\/et_pb_text][\/et_pb_column][et_pb_column type=\u00a0\u00bb1_2&Prime; _builder_version=\u00a0\u00bb4.16&Prime; _module_preset=\u00a0\u00bbdefault\u00a0\u00bb global_colors_info=\u00a0\u00bb{}\u00a0\u00bb][et_pb_image src=\u00a0\u00bbhttps:\/\/louisette-marie-arnaud.org\/institution\/wp-content\/uploads\/2021\/09\/Ghislaine.jpg\u00a0\u00bb title_text=\u00a0\u00bbGhislaine\u00a0\u00bb align=\u00a0\u00bbcenter\u00a0\u00bb admin_label=\u00a0\u00bbPhoto Ghislaine DE PREVILLE\u00a0\u00bb _builder_version=\u00a0\u00bb4.16&Prime; _module_preset=\u00a0\u00bbdefault\u00a0\u00bb width=\u00a0\u00bb282px\u00a0\u00bb max_width=\u00a0\u00bb100%\u00a0\u00bb module_alignment=\u00a0\u00bbcenter\u00a0\u00bb animation_style=\u00a0\u00bbslide\u00a0\u00bb global_colors_info=\u00a0\u00bb{}\u00a0\u00bb][\/et_pb_image][et_pb_text _builder_version=\u00a0\u00bb4.27.4&Prime; _module_preset=\u00a0\u00bbdefault\u00a0\u00bb text_line_height=\u00a0\u00bb1.3em\u00a0\u00bb text_orientation=\u00a0\u00bbcenter\u00a0\u00bb global_colors_info=\u00a0\u00bb{}\u00a0\u00bb]<\/p>\n<p><strong>Mme Ghislaine DE PREVILLE<br \/><\/strong>Sociologue et Philosophe<\/p>\n<p>Membre d\u2019Honneur de l\u2019Institution Louisette-Marie Arnaud France<\/p>\n<p>[\/et_pb_text][\/et_pb_column][\/et_pb_row][et_pb_row column_structure=\u00a0\u00bb1_2,1_2&Prime; _builder_version=\u00a0\u00bb4.20.0&Prime; _module_preset=\u00a0\u00bbdefault\u00a0\u00bb custom_margin=\u00a0\u00bb||30px||false|false\u00a0\u00bb global_colors_info=\u00a0\u00bb{}\u00a0\u00bb][et_pb_column type=\u00a0\u00bb1_2&Prime; _builder_version=\u00a0\u00bb4.16&Prime; _module_preset=\u00a0\u00bbdefault\u00a0\u00bb global_colors_info=\u00a0\u00bb{}\u00a0\u00bb][et_pb_image src=\u00a0\u00bbhttps:\/\/louisette-marie-arnaud.org\/institution\/wp-content\/uploads\/2021\/09\/Norma.jpg\u00a0\u00bb title_text=\u00a0\u00bbNorma\u00a0\u00bb align=\u00a0\u00bbcenter\u00a0\u00bb admin_label=\u00a0\u00bbPhoto Norma VALDEZ CARRANZA\u00a0\u00bb _builder_version=\u00a0\u00bb4.16&Prime; _module_preset=\u00a0\u00bbdefault\u00a0\u00bb module_alignment=\u00a0\u00bbcenter\u00a0\u00bb max_height=\u00a0\u00bb299px\u00a0\u00bb animation_style=\u00a0\u00bbslide\u00a0\u00bb global_colors_info=\u00a0\u00bb{}\u00a0\u00bb][\/et_pb_image][et_pb_text _builder_version=\u00a0\u00bb4.16&Prime; _module_preset=\u00a0\u00bbdefault\u00a0\u00bb text_line_height=\u00a0\u00bb1.4em\u00a0\u00bb text_orientation=\u00a0\u00bbcenter\u00a0\u00bb global_colors_info=\u00a0\u00bb{}\u00a0\u00bb]<\/p>\n<p><strong>Dr Norma VALDEZ CARRANZA<br \/><\/strong>Ophtalmologue, Clinicien sp\u00e9cialis\u00e9e Neurosciences<\/p>\n<p>Responsable Sant\u00e9 en Neurosciences Cliniques<\/p>\n<p>[\/et_pb_text][\/et_pb_column][et_pb_column type=\u00a0\u00bb1_2&Prime; _builder_version=\u00a0\u00bb4.16&Prime; _module_preset=\u00a0\u00bbdefault\u00a0\u00bb global_colors_info=\u00a0\u00bb{}\u00a0\u00bb][et_pb_image src=\u00a0\u00bbhttps:\/\/louisette-marie-arnaud.org\/institution\/wp-content\/uploads\/2024\/01\/Louis-de-Montalemebert.jpg\u00a0\u00bb title_text=\u00a0\u00bbLouis de Montalemebert\u00a0\u00bb align=\u00a0\u00bbcenter\u00a0\u00bb admin_label=\u00a0\u00bbPhoto Louis DE MONTALEMBERT\u00a0\u00bb _builder_version=\u00a0\u00bb4.20.0&Prime; _module_preset=\u00a0\u00bbdefault\u00a0\u00bb module_alignment=\u00a0\u00bbcenter\u00a0\u00bb max_height=\u00a0\u00bb299px\u00a0\u00bb animation_style=\u00a0\u00bbslide\u00a0\u00bb global_colors_info=\u00a0\u00bb{}\u00a0\u00bb][\/et_pb_image][et_pb_text _builder_version=\u00a0\u00bb4.27.4&Prime; _module_preset=\u00a0\u00bbdefault\u00a0\u00bb text_line_height=\u00a0\u00bb1.4em\u00a0\u00bb text_orientation=\u00a0\u00bbcenter\u00a0\u00bb global_colors_info=\u00a0\u00bb{}\u00a0\u00bb]<\/p>\n<p><strong>Louis DE MONTALEMBERT<br \/><\/strong>Pr\u00e9sident de la Pleiade AIM &#8211; Chroniqueur<\/p>\n<p>Membre d\u2019Honneur de l\u2019Institution Louisette-Marie Arnaud France<\/p>\n<p>[\/et_pb_text][\/et_pb_column][\/et_pb_row][et_pb_row _builder_version=\u00a0\u00bb4.20.0&Prime; _module_preset=\u00a0\u00bbdefault\u00a0\u00bb custom_margin=\u00a0\u00bb||30px||false|false\u00a0\u00bb global_colors_info=\u00a0\u00bb{}\u00a0\u00bb][et_pb_column type=\u00a0\u00bb4_4&Prime; _builder_version=\u00a0\u00bb4.16&Prime; _module_preset=\u00a0\u00bbdefault\u00a0\u00bb global_colors_info=\u00a0\u00bb{}\u00a0\u00bb][et_pb_image src=\u00a0\u00bbhttps:\/\/louisette-marie-arnaud.org\/institution\/wp-content\/uploads\/2024\/01\/1-Mme-Emmanuelle-ENFREIN.jpg\u00a0\u00bb title_text=\u00a0\u00bb1-Mme Emmanuelle ENFREIN\u00a0\u00bb align=\u00a0\u00bbcenter\u00a0\u00bb admin_label=\u00a0\u00bbPhoto Emmanuelle ENFREIN\u00a0\u00bb _builder_version=\u00a0\u00bb4.20.0&Prime; _module_preset=\u00a0\u00bbdefault\u00a0\u00bb width=\u00a0\u00bb271px\u00a0\u00bb max_width=\u00a0\u00bb100%\u00a0\u00bb module_alignment=\u00a0\u00bbcenter\u00a0\u00bb animation_style=\u00a0\u00bbslide\u00a0\u00bb global_colors_info=\u00a0\u00bb{}\u00a0\u00bb][\/et_pb_image][et_pb_text _builder_version=\u00a0\u00bb4.27.4&Prime; _module_preset=\u00a0\u00bbdefault\u00a0\u00bb text_line_height=\u00a0\u00bb1.4em\u00a0\u00bb text_orientation=\u00a0\u00bbcenter\u00a0\u00bb global_colors_info=\u00a0\u00bb{}\u00a0\u00bb]<\/p>\n<p><strong>Mme Emmanuelle ENFREIN<br \/><\/strong>Sp\u00e9cialiste en Sciences de l\u2019Information et de la Communication<\/p>\n<p>Membre d\u2019Honneur de l\u2019Institution Louisette-Marie Arnaud<\/p>\n<p>[\/et_pb_text][\/et_pb_column][\/et_pb_row][et_pb_row column_structure=\u00a0\u00bb1_2,1_2&Prime; _builder_version=\u00a0\u00bb4.20.0&Prime; _module_preset=\u00a0\u00bbdefault\u00a0\u00bb custom_margin=\u00a0\u00bb||30px||false|false\u00a0\u00bb global_colors_info=\u00a0\u00bb{}\u00a0\u00bb][et_pb_column type=\u00a0\u00bb1_2&Prime; _builder_version=\u00a0\u00bb4.16&Prime; _module_preset=\u00a0\u00bbdefault\u00a0\u00bb global_colors_info=\u00a0\u00bb{}\u00a0\u00bb][et_pb_image src=\u00a0\u00bbhttps:\/\/louisette-marie-arnaud.org\/institution\/wp-content\/uploads\/2021\/09\/Clara.jpg\u00a0\u00bb title_text=\u00a0\u00bbClara\u00a0\u00bb align=\u00a0\u00bbcenter\u00a0\u00bb admin_label=\u00a0\u00bbPhoto Clara CARNERO AVALOS\u00a0\u00bb _builder_version=\u00a0\u00bb4.16&Prime; _module_preset=\u00a0\u00bbdefault\u00a0\u00bb module_alignment=\u00a0\u00bbcenter\u00a0\u00bb max_height=\u00a0\u00bb290px\u00a0\u00bb animation_style=\u00a0\u00bbslide\u00a0\u00bb global_colors_info=\u00a0\u00bb{}\u00a0\u00bb][\/et_pb_image][et_pb_text _builder_version=\u00a0\u00bb4.27.4&Prime; _module_preset=\u00a0\u00bbdefault\u00a0\u00bb text_line_height=\u00a0\u00bb1.3em\u00a0\u00bb text_orientation=\u00a0\u00bbcenter\u00a0\u00bb global_colors_info=\u00a0\u00bb{}\u00a0\u00bb]<\/p>\n<p><strong>Me <\/strong><strong>Clara CARNERO AVALOS<br \/><\/strong>Notaire<\/p>\n<p style=\"text-align: center;\">Pr\u00e9sidente de l&rsquo;Association fran\u00e7aise<br \/>Institution Louisette-Marie Arnaud France au P\u00e9rou<\/p>\n<p>[\/et_pb_text][\/et_pb_column][et_pb_column type=\u00a0\u00bb1_2&Prime; _builder_version=\u00a0\u00bb4.16&Prime; _module_preset=\u00a0\u00bbdefault\u00a0\u00bb global_colors_info=\u00a0\u00bb{}\u00a0\u00bb][et_pb_image src=\u00a0\u00bbhttps:\/\/louisette-marie-arnaud.org\/institution\/wp-content\/uploads\/2021\/09\/Cyra.jpg\u00a0\u00bb title_text=\u00a0\u00bbCyra\u00a0\u00bb align=\u00a0\u00bbcenter\u00a0\u00bb admin_label=\u00a0\u00bbPhoto Cyra LANDAZURI GOLFFER DE GABILONDO\u00a0\u00bb _builder_version=\u00a0\u00bb4.16&Prime; _module_preset=\u00a0\u00bbdefault\u00a0\u00bb width=\u00a0\u00bb271px\u00a0\u00bb max_width=\u00a0\u00bb100%\u00a0\u00bb module_alignment=\u00a0\u00bbcenter\u00a0\u00bb animation_style=\u00a0\u00bbslide\u00a0\u00bb global_colors_info=\u00a0\u00bb{}\u00a0\u00bb][\/et_pb_image][et_pb_text _builder_version=\u00a0\u00bb4.27.4&Prime; _module_preset=\u00a0\u00bbdefault\u00a0\u00bb text_line_height=\u00a0\u00bb1.3em\u00a0\u00bb text_orientation=\u00a0\u00bbcenter\u00a0\u00bb global_colors_info=\u00a0\u00bb{}\u00a0\u00bb]<\/p>\n<p><strong>Me Cyra LANDAZURI GOLFFER DE GABILONDO<br \/><\/strong>Notaire<\/p>\n<p>Repr\u00e9sentant et Porte-paroles de l\u2019Association fran\u00e7aise<br \/>Institution Louisette-Marie Arnaud France au P\u00e9rou<\/p>\n<p>&nbsp;<\/p>\n<p>[\/et_pb_text][\/et_pb_column][\/et_pb_row][et_pb_row column_structure=\u00a0\u00bb1_2,1_2&Prime; _builder_version=\u00a0\u00bb4.16&Prime; _module_preset=\u00a0\u00bbdefault\u00a0\u00bb global_colors_info=\u00a0\u00bb{}\u00a0\u00bb][et_pb_column type=\u00a0\u00bb1_2&Prime; _builder_version=\u00a0\u00bb4.16&Prime; _module_preset=\u00a0\u00bbdefault\u00a0\u00bb global_colors_info=\u00a0\u00bb{}\u00a0\u00bb][et_pb_image src=\u00a0\u00bbhttps:\/\/louisette-marie-arnaud.org\/institution\/wp-content\/uploads\/2021\/09\/Janet.jpg\u00a0\u00bb title_text=\u00a0\u00bbJanet\u00a0\u00bb align=\u00a0\u00bbcenter\u00a0\u00bb admin_label=\u00a0\u00bbPhoto Janet VILLAR DOCUMET\u00a0\u00bb _builder_version=\u00a0\u00bb4.16&Prime; _module_preset=\u00a0\u00bbdefault\u00a0\u00bb module_alignment=\u00a0\u00bbcenter\u00a0\u00bb max_height=\u00a0\u00bb287px\u00a0\u00bb animation_style=\u00a0\u00bbslide\u00a0\u00bb global_colors_info=\u00a0\u00bb{}\u00a0\u00bb][\/et_pb_image][et_pb_text _builder_version=\u00a0\u00bb4.27.4&Prime; _module_preset=\u00a0\u00bbdefault\u00a0\u00bb text_line_height=\u00a0\u00bb1.4em\u00a0\u00bb text_orientation=\u00a0\u00bbcenter\u00a0\u00bb global_colors_info=\u00a0\u00bb{}\u00a0\u00bb]<\/p>\n<p><strong>Mme Janet VILLAR DOCUMET<br \/><\/strong>Administratrice d\u2019Entreprise<\/p>\n<p>Charg\u00e9e d\u2019Ecologie et For\u00eats de l\u2019Association fran\u00e7aise<br \/>Institution Louisette-Marie Arnaud France au P\u00e9rou<\/p>\n<p>[\/et_pb_text][\/et_pb_column][et_pb_column type=\u00a0\u00bb1_2&Prime; _builder_version=\u00a0\u00bb4.16&Prime; _module_preset=\u00a0\u00bbdefault\u00a0\u00bb global_colors_info=\u00a0\u00bb{}\u00a0\u00bb][et_pb_image src=\u00a0\u00bbhttps:\/\/louisette-marie-arnaud.org\/institution\/wp-content\/uploads\/2021\/09\/Gladys.jpg\u00a0\u00bb title_text=\u00a0\u00bbGladys\u00a0\u00bb align=\u00a0\u00bbcenter\u00a0\u00bb admin_label=\u00a0\u00bbPhoto Gladys CARTULIN MARINO\u00a0\u00bb _builder_version=\u00a0\u00bb4.16&Prime; _module_preset=\u00a0\u00bbdefault\u00a0\u00bb width=\u00a0\u00bb271px\u00a0\u00bb max_width=\u00a0\u00bb100%\u00a0\u00bb module_alignment=\u00a0\u00bbcenter\u00a0\u00bb animation_style=\u00a0\u00bbslide\u00a0\u00bb global_colors_info=\u00a0\u00bb{}\u00a0\u00bb][\/et_pb_image][et_pb_text _builder_version=\u00a0\u00bb4.27.4&Prime; _module_preset=\u00a0\u00bbdefault\u00a0\u00bb text_line_height=\u00a0\u00bb1.4em\u00a0\u00bb text_orientation=\u00a0\u00bbcenter\u00a0\u00bb global_colors_info=\u00a0\u00bb{}\u00a0\u00bb]<\/p>\n<p><strong>Mme Gladys CARTULIN MARINO<br \/><\/strong>Administratrice<\/p>\n<p>Charg\u00e9e d\u2019Ecologie et Ornithologie de l\u2019Association fran\u00e7aise<br \/>Institution Louisette-Marie Arnaud France au P\u00e9rou<\/p>\n<p>[\/et_pb_text][\/et_pb_column][\/et_pb_row][\/et_pb_section]<\/p>\n","protected":false},"excerpt":{"rendered":"<p><script type=\"text\/javascript\">jQuery(function() { _initLayerSlider( '#layerslider_1_13md2jemmq67g', {createdWith: '6.11.8', sliderVersion: '6.11.8', allowFullscreen: true, pauseOnHover: 'enabled', skin: 'v6', sliderFadeInDuration: 350, useSrcset: true, skinsPath: 'https:\/\/louisette-marie-arnaud.org\/institution\/wp-content\/plugins\/LayerSlider\/assets\/static\/layerslider\/skins\/', performanceMode: true}); });<\/script><div id=\"layerslider_1_13md2jemmq67g\"  class=\"ls-wp-container fitvidsignore ls-selectable\" style=\"width:1280px;height:300px;margin:0 auto;margin-bottom: 0px;\"><div class=\"ls-slide\" data-ls=\"duration:4000;transition2d:2;\"><img loading=\"lazy\" width=\"1800\" height=\"800\" src=\"https:\/\/louisette-marie-arnaud.org\/institution\/wp-content\/uploads\/2021\/09\/1.jpg\" class=\"ls-bg\" alt=\"\" decoding=\"async\" srcset=\"https:\/\/louisette-marie-arnaud.org\/institution\/wp-content\/uploads\/2021\/09\/1.jpg 1800w, https:\/\/louisette-marie-arnaud.org\/institution\/wp-content\/uploads\/2021\/09\/1-1280x569.jpg 1280w, https:\/\/louisette-marie-arnaud.org\/institution\/wp-content\/uploads\/2021\/09\/1-980x436.jpg 980w, https:\/\/louisette-marie-arnaud.org\/institution\/wp-content\/uploads\/2021\/09\/1-480x213.jpg 480w\" sizes=\"(min-width: 0px) and (max-width: 480px) 480px, (min-width: 481px) and (max-width: 980px) 980px, (min-width: 981px) and (max-width: 1280px) 1280px, (min-width: 1281px) 1800px, 100vw\" \/><a href=\"https:\/\/louisette-marie-arnaud.org\/institution\/promouvoir\" target=\"_self\" class=\"ls-link ls-link-on-top\"><\/a><\/div><div class=\"ls-slide\" data-ls=\"duration:4000;transition2d:2;\"><img loading=\"lazy\" width=\"1800\" height=\"801\" src=\"https:\/\/louisette-marie-arnaud.org\/institution\/wp-content\/uploads\/2021\/09\/2.jpg\" class=\"ls-bg\" alt=\"\" decoding=\"async\" srcset=\"https:\/\/louisette-marie-arnaud.org\/institution\/wp-content\/uploads\/2021\/09\/2.jpg 1800w, https:\/\/louisette-marie-arnaud.org\/institution\/wp-content\/uploads\/2021\/09\/2-1280x570.jpg 1280w, https:\/\/louisette-marie-arnaud.org\/institution\/wp-content\/uploads\/2021\/09\/2-980x436.jpg 980w, https:\/\/louisette-marie-arnaud.org\/institution\/wp-content\/uploads\/2021\/09\/2-480x214.jpg 480w\" sizes=\"(min-width: 0px) and (max-width: 480px) 480px, (min-width: 481px) and (max-width: 980px) 980px, (min-width: 981px) and (max-width: 1280px) 1280px, (min-width: 1281px) 1800px, 100vw\" \/><a href=\"https:\/\/louisette-marie-arnaud.org\/institution\/proteger\" target=\"_self\" class=\"ls-link ls-link-on-top\"><\/a><\/div><div class=\"ls-slide\" data-ls=\"duration:4000;transition2d:2;\"><img loading=\"lazy\" width=\"1800\" height=\"800\" src=\"https:\/\/louisette-marie-arnaud.org\/institution\/wp-content\/uploads\/2021\/09\/3.jpg\" class=\"ls-bg\" alt=\"\" decoding=\"async\" srcset=\"https:\/\/louisette-marie-arnaud.org\/institution\/wp-content\/uploads\/2021\/09\/3.jpg 1800w, https:\/\/louisette-marie-arnaud.org\/institution\/wp-content\/uploads\/2021\/09\/3-1280x569.jpg 1280w, https:\/\/louisette-marie-arnaud.org\/institution\/wp-content\/uploads\/2021\/09\/3-980x436.jpg 980w, https:\/\/louisette-marie-arnaud.org\/institution\/wp-content\/uploads\/2021\/09\/3-480x213.jpg 480w\" sizes=\"(min-width: 0px) and (max-width: 480px) 480px, (min-width: 481px) and (max-width: 980px) 980px, (min-width: 981px) and (max-width: 1280px) 1280px, (min-width: 1281px) 1800px, 100vw\" \/><a href=\"https:\/\/louisette-marie-arnaud.org\/institution\/soigner\" target=\"_self\" class=\"ls-link ls-link-on-top\"><\/a><\/div><\/div>INSTITUTION LOUISETTE-MARIE ARNAUD QUI NOUS SOMMESMme Ruby VILLAR-DOCUMETPsychologue Clinicienne d\u2019orientation scientifique \u2013 Neuroscience Cliniques Fondatrice et Pr\u00e9sidente de l\u2019Institution Louisette-Marie Arnaud FranceMme Danielli VILLAR-DOCUMETJuriste Secr\u00e9taire G\u00e9n\u00e9raleM Laurent DARREIng\u00e9nieur Informaticien Responsable Communications et Technologies Num\u00e9riquesMlle Ana\u00efs VEJO-VILLAREtudiante Ing\u00e9nierie S\u00e9curit\u00e9 de Syst\u00e8mes Tr\u00e9sori\u00e8reMme Ghislaine DE PREVILLESociologue et Philosophe Membre d\u2019Honneur de l\u2019Institution Louisette-Marie Arnaud FranceDr Norma VALDEZ CARRANZAOphtalmologue, Clinicien sp\u00e9cialis\u00e9e Neurosciences Responsable Sant\u00e9 en Neurosciences CliniquesLouis DE MONTALEMBERTPr\u00e9sident de la Pleiade AIM &#8211; Chroniqueur Membre d\u2019Honneur de l\u2019Institution Louisette-Marie Arnaud FranceMme Emmanuelle ENFREINSp\u00e9cialiste en Sciences de l\u2019Information et de la Communication Membre d\u2019Honneur de l\u2019Institution Louisette-Marie ArnaudMe Clara CARNERO AVALOSNotaire Pr\u00e9sidente de l&rsquo;Association fran\u00e7aiseInstitution Louisette-Marie Arnaud France au P\u00e9rouMe Cyra LANDAZURI GOLFFER DE GABILONDONotaire Repr\u00e9sentant et Porte-paroles de l\u2019Association fran\u00e7aiseInstitution Louisette-Marie Arnaud France au P\u00e9rou &nbsp;Mme Janet VILLAR DOCUMETAdministratrice d\u2019Entreprise Charg\u00e9e d\u2019Ecologie et For\u00eats de l\u2019Association fran\u00e7aiseInstitution Louisette-Marie Arnaud France au P\u00e9rouMme Gladys CARTULIN MARINOAdministratrice Charg\u00e9e d\u2019Ecologie et Ornithologie de l\u2019Association fran\u00e7aiseInstitution Louisette-Marie Arnaud France au P\u00e9rou<\/p>\n","protected":false},"author":1,"featured_media":0,"parent":0,"menu_order":0,"comment_status":"closed","ping_status":"closed","template":"","meta":{"_seopress_robots_primary_cat":"","_seopress_titles_title":"","_seopress_titles_desc":"","_seopress_robots_index":"","_et_pb_use_builder":"on","_et_pb_old_content":"","_et_gb_content_width":"","om_disable_all_campaigns":false,"_monsterinsights_skip_tracking":false,"_monsterinsights_sitenote_active":false,"_monsterinsights_sitenote_note":"","_monsterinsights_sitenote_category":0,"footnotes":""},"class_list":["post-1315","page","type-page","status-publish","hentry"],"aioseo_notices":[],"yoast_head":"<!-- This site is optimized with the Yoast SEO plugin v27.4 - https:\/\/yoast.com\/product\/yoast-seo-wordpress\/ -->\n<title>Qui nous sommes - Institution Louisette-Marie Arnaud pour la jeunesse<\/title>\n<meta name=\"robots\" content=\"index, follow, max-snippet:-1, max-image-preview:large, max-video-preview:-1\" \/>\n<link rel=\"canonical\" href=\"https:\/\/louisette-marie-arnaud.org\/institution\/qui-nous-sommes\" \/>\n<meta property=\"og:locale\" content=\"fr_FR\" \/>\n<meta property=\"og:type\" content=\"article\" \/>\n<meta property=\"og:title\" content=\"Qui nous sommes - Institution Louisette-Marie Arnaud pour la jeunesse\" \/>\n<meta property=\"og:description\" content=\"INSTITUTION LOUISETTE-MARIE ARNAUD QUI NOUS SOMMESMme Ruby VILLAR-DOCUMETPsychologue Clinicienne d\u2019orientation scientifique \u2013 Neuroscience Cliniques Fondatrice et Pr\u00e9sidente de l\u2019Institution Louisette-Marie Arnaud FranceMme Danielli VILLAR-DOCUMETJuriste Secr\u00e9taire G\u00e9n\u00e9raleM Laurent DARREIng\u00e9nieur Informaticien Responsable Communications et Technologies Num\u00e9riquesMlle Ana\u00efs VEJO-VILLAREtudiante Ing\u00e9nierie S\u00e9curit\u00e9 de Syst\u00e8mes Tr\u00e9sori\u00e8reMme Ghislaine DE PREVILLESociologue et Philosophe Membre d\u2019Honneur de l\u2019Institution Louisette-Marie Arnaud FranceDr Norma VALDEZ CARRANZAOphtalmologue, Clinicien sp\u00e9cialis\u00e9e Neurosciences Responsable Sant\u00e9 en Neurosciences CliniquesLouis DE MONTALEMBERTPr\u00e9sident de la Pleiade AIM - Chroniqueur Membre d\u2019Honneur de l\u2019Institution Louisette-Marie Arnaud FranceMme Emmanuelle ENFREINSp\u00e9cialiste en Sciences de l\u2019Information et de la Communication Membre d\u2019Honneur de l\u2019Institution Louisette-Marie ArnaudMe Clara CARNERO AVALOSNotaire Pr\u00e9sidente de l&#039;Association fran\u00e7aiseInstitution Louisette-Marie Arnaud France au P\u00e9rouMe Cyra LANDAZURI GOLFFER DE GABILONDONotaire Repr\u00e9sentant et Porte-paroles de l\u2019Association fran\u00e7aiseInstitution Louisette-Marie Arnaud France au P\u00e9rou &nbsp;Mme Janet VILLAR DOCUMETAdministratrice d\u2019Entreprise Charg\u00e9e d\u2019Ecologie et For\u00eats de l\u2019Association fran\u00e7aiseInstitution Louisette-Marie Arnaud France au P\u00e9rouMme Gladys CARTULIN MARINOAdministratrice Charg\u00e9e d\u2019Ecologie et Ornithologie de l\u2019Association fran\u00e7aiseInstitution Louisette-Marie Arnaud France au P\u00e9rou\" \/>\n<meta property=\"og:url\" content=\"https:\/\/louisette-marie-arnaud.org\/institution\/qui-nous-sommes\" \/>\n<meta property=\"og:site_name\" content=\"Institution Louisette-Marie Arnaud pour la jeunesse\" \/>\n<meta property=\"article:publisher\" content=\"https:\/\/www.facebook.com\/InstitutionLouisetteMarieArnaud\" \/>\n<meta property=\"article:modified_time\" content=\"2025-10-02T12:45:44+00:00\" \/>\n<meta property=\"og:image\" content=\"https:\/\/louisette-marie-arnaud.org\/institution\/wp-content\/uploads\/2021\/09\/coeur.png\" \/>\n<meta name=\"twitter:card\" content=\"summary_large_image\" \/>\n<meta name=\"twitter:label1\" content=\"Dur\u00e9e de lecture estim\u00e9e\" \/>\n\t<meta name=\"twitter:data1\" content=\"5 minutes\" \/>\n<script type=\"application\/ld+json\" class=\"yoast-schema-graph\">{\"@context\":\"https:\\\/\\\/schema.org\",\"@graph\":[{\"@type\":\"WebPage\",\"@id\":\"https:\\\/\\\/louisette-marie-arnaud.org\\\/institution\\\/qui-nous-sommes\",\"url\":\"https:\\\/\\\/louisette-marie-arnaud.org\\\/institution\\\/qui-nous-sommes\",\"name\":\"Qui nous sommes - Institution Louisette-Marie Arnaud pour la jeunesse\",\"isPartOf\":{\"@id\":\"https:\\\/\\\/louisette-marie-arnaud.org\\\/institution\\\/#website\"},\"primaryImageOfPage\":{\"@id\":\"https:\\\/\\\/louisette-marie-arnaud.org\\\/institution\\\/qui-nous-sommes#primaryimage\"},\"image\":{\"@id\":\"https:\\\/\\\/louisette-marie-arnaud.org\\\/institution\\\/qui-nous-sommes#primaryimage\"},\"thumbnailUrl\":\"https:\\\/\\\/louisette-marie-arnaud.org\\\/institution\\\/wp-content\\\/uploads\\\/2021\\\/09\\\/coeur.png\",\"datePublished\":\"2021-09-13T12:54:54+00:00\",\"dateModified\":\"2025-10-02T12:45:44+00:00\",\"breadcrumb\":{\"@id\":\"https:\\\/\\\/louisette-marie-arnaud.org\\\/institution\\\/qui-nous-sommes#breadcrumb\"},\"inLanguage\":\"fr-FR\",\"potentialAction\":[{\"@type\":\"ReadAction\",\"target\":[\"https:\\\/\\\/louisette-marie-arnaud.org\\\/institution\\\/qui-nous-sommes\"]}]},{\"@type\":\"ImageObject\",\"inLanguage\":\"fr-FR\",\"@id\":\"https:\\\/\\\/louisette-marie-arnaud.org\\\/institution\\\/qui-nous-sommes#primaryimage\",\"url\":\"https:\\\/\\\/louisette-marie-arnaud.org\\\/institution\\\/wp-content\\\/uploads\\\/2021\\\/09\\\/coeur.png\",\"contentUrl\":\"https:\\\/\\\/louisette-marie-arnaud.org\\\/institution\\\/wp-content\\\/uploads\\\/2021\\\/09\\\/coeur.png\",\"width\":31,\"height\":20},{\"@type\":\"BreadcrumbList\",\"@id\":\"https:\\\/\\\/louisette-marie-arnaud.org\\\/institution\\\/qui-nous-sommes#breadcrumb\",\"itemListElement\":[{\"@type\":\"ListItem\",\"position\":1,\"name\":\"Accueil\",\"item\":\"https:\\\/\\\/louisette-marie-arnaud.org\\\/institution\\\/\"},{\"@type\":\"ListItem\",\"position\":2,\"name\":\"Qui nous sommes\"}]},{\"@type\":\"WebSite\",\"@id\":\"https:\\\/\\\/louisette-marie-arnaud.org\\\/institution\\\/#website\",\"url\":\"https:\\\/\\\/louisette-marie-arnaud.org\\\/institution\\\/\",\"name\":\"Institution Louisette-Marie Arnaud pour la jeunesse\",\"description\":\"PROMOUVOIR PROTEGER SOIGNER\",\"publisher\":{\"@id\":\"https:\\\/\\\/louisette-marie-arnaud.org\\\/institution\\\/#organization\"},\"potentialAction\":[{\"@type\":\"SearchAction\",\"target\":{\"@type\":\"EntryPoint\",\"urlTemplate\":\"https:\\\/\\\/louisette-marie-arnaud.org\\\/institution\\\/?s={search_term_string}\"},\"query-input\":{\"@type\":\"PropertyValueSpecification\",\"valueRequired\":true,\"valueName\":\"search_term_string\"}}],\"inLanguage\":\"fr-FR\"},{\"@type\":\"Organization\",\"@id\":\"https:\\\/\\\/louisette-marie-arnaud.org\\\/institution\\\/#organization\",\"name\":\"Institution Louisette-Marie Arnaud pour la jeunesse\",\"url\":\"https:\\\/\\\/louisette-marie-arnaud.org\\\/institution\\\/\",\"logo\":{\"@type\":\"ImageObject\",\"inLanguage\":\"fr-FR\",\"@id\":\"https:\\\/\\\/louisette-marie-arnaud.org\\\/institution\\\/#\\\/schema\\\/logo\\\/image\\\/\",\"url\":\"https:\\\/\\\/louisette-marie-arnaud.org\\\/institution\\\/wp-content\\\/uploads\\\/2021\\\/08\\\/cropped-Capture-LOGO-DANIELLI-PAGE-DACCUEIL-Copie.jpg\",\"contentUrl\":\"https:\\\/\\\/louisette-marie-arnaud.org\\\/institution\\\/wp-content\\\/uploads\\\/2021\\\/08\\\/cropped-Capture-LOGO-DANIELLI-PAGE-DACCUEIL-Copie.jpg\",\"width\":139,\"height\":134,\"caption\":\"Institution Louisette-Marie Arnaud pour la jeunesse\"},\"image\":{\"@id\":\"https:\\\/\\\/louisette-marie-arnaud.org\\\/institution\\\/#\\\/schema\\\/logo\\\/image\\\/\"},\"sameAs\":[\"https:\\\/\\\/www.facebook.com\\\/InstitutionLouisetteMarieArnaud\"]}]}<\/script>\n<!-- \/ Yoast SEO plugin. -->","yoast_head_json":{"title":"Qui nous sommes - Institution Louisette-Marie Arnaud pour la jeunesse","robots":{"index":"index","follow":"follow","max-snippet":"max-snippet:-1","max-image-preview":"max-image-preview:large","max-video-preview":"max-video-preview:-1"},"canonical":"https:\/\/louisette-marie-arnaud.org\/institution\/qui-nous-sommes","og_locale":"fr_FR","og_type":"article","og_title":"Qui nous sommes - Institution Louisette-Marie Arnaud pour la jeunesse","og_description":"INSTITUTION LOUISETTE-MARIE ARNAUD QUI NOUS SOMMESMme Ruby VILLAR-DOCUMETPsychologue Clinicienne d\u2019orientation scientifique \u2013 Neuroscience Cliniques Fondatrice et Pr\u00e9sidente de l\u2019Institution Louisette-Marie Arnaud FranceMme Danielli VILLAR-DOCUMETJuriste Secr\u00e9taire G\u00e9n\u00e9raleM Laurent DARREIng\u00e9nieur Informaticien Responsable Communications et Technologies Num\u00e9riquesMlle Ana\u00efs VEJO-VILLAREtudiante Ing\u00e9nierie S\u00e9curit\u00e9 de Syst\u00e8mes Tr\u00e9sori\u00e8reMme Ghislaine DE PREVILLESociologue et Philosophe Membre d\u2019Honneur de l\u2019Institution Louisette-Marie Arnaud FranceDr Norma VALDEZ CARRANZAOphtalmologue, Clinicien sp\u00e9cialis\u00e9e Neurosciences Responsable Sant\u00e9 en Neurosciences CliniquesLouis DE MONTALEMBERTPr\u00e9sident de la Pleiade AIM - Chroniqueur Membre d\u2019Honneur de l\u2019Institution Louisette-Marie Arnaud FranceMme Emmanuelle ENFREINSp\u00e9cialiste en Sciences de l\u2019Information et de la Communication Membre d\u2019Honneur de l\u2019Institution Louisette-Marie ArnaudMe Clara CARNERO AVALOSNotaire Pr\u00e9sidente de l'Association fran\u00e7aiseInstitution Louisette-Marie Arnaud France au P\u00e9rouMe Cyra LANDAZURI GOLFFER DE GABILONDONotaire Repr\u00e9sentant et Porte-paroles de l\u2019Association fran\u00e7aiseInstitution Louisette-Marie Arnaud France au P\u00e9rou &nbsp;Mme Janet VILLAR DOCUMETAdministratrice d\u2019Entreprise Charg\u00e9e d\u2019Ecologie et For\u00eats de l\u2019Association fran\u00e7aiseInstitution Louisette-Marie Arnaud France au P\u00e9rouMme Gladys CARTULIN MARINOAdministratrice Charg\u00e9e d\u2019Ecologie et Ornithologie de l\u2019Association fran\u00e7aiseInstitution Louisette-Marie Arnaud France au P\u00e9rou","og_url":"https:\/\/louisette-marie-arnaud.org\/institution\/qui-nous-sommes","og_site_name":"Institution Louisette-Marie Arnaud pour la jeunesse","article_publisher":"https:\/\/www.facebook.com\/InstitutionLouisetteMarieArnaud","article_modified_time":"2025-10-02T12:45:44+00:00","og_image":[{"url":"https:\/\/louisette-marie-arnaud.org\/institution\/wp-content\/uploads\/2021\/09\/coeur.png","type":"","width":"","height":""}],"twitter_card":"summary_large_image","twitter_misc":{"Dur\u00e9e de lecture estim\u00e9e":"5 minutes"},"schema":{"@context":"https:\/\/schema.org","@graph":[{"@type":"WebPage","@id":"https:\/\/louisette-marie-arnaud.org\/institution\/qui-nous-sommes","url":"https:\/\/louisette-marie-arnaud.org\/institution\/qui-nous-sommes","name":"Qui nous sommes - Institution Louisette-Marie Arnaud pour la jeunesse","isPartOf":{"@id":"https:\/\/louisette-marie-arnaud.org\/institution\/#website"},"primaryImageOfPage":{"@id":"https:\/\/louisette-marie-arnaud.org\/institution\/qui-nous-sommes#primaryimage"},"image":{"@id":"https:\/\/louisette-marie-arnaud.org\/institution\/qui-nous-sommes#primaryimage"},"thumbnailUrl":"https:\/\/louisette-marie-arnaud.org\/institution\/wp-content\/uploads\/2021\/09\/coeur.png","datePublished":"2021-09-13T12:54:54+00:00","dateModified":"2025-10-02T12:45:44+00:00","breadcrumb":{"@id":"https:\/\/louisette-marie-arnaud.org\/institution\/qui-nous-sommes#breadcrumb"},"inLanguage":"fr-FR","potentialAction":[{"@type":"ReadAction","target":["https:\/\/louisette-marie-arnaud.org\/institution\/qui-nous-sommes"]}]},{"@type":"ImageObject","inLanguage":"fr-FR","@id":"https:\/\/louisette-marie-arnaud.org\/institution\/qui-nous-sommes#primaryimage","url":"https:\/\/louisette-marie-arnaud.org\/institution\/wp-content\/uploads\/2021\/09\/coeur.png","contentUrl":"https:\/\/louisette-marie-arnaud.org\/institution\/wp-content\/uploads\/2021\/09\/coeur.png","width":31,"height":20},{"@type":"BreadcrumbList","@id":"https:\/\/louisette-marie-arnaud.org\/institution\/qui-nous-sommes#breadcrumb","itemListElement":[{"@type":"ListItem","position":1,"name":"Accueil","item":"https:\/\/louisette-marie-arnaud.org\/institution\/"},{"@type":"ListItem","position":2,"name":"Qui nous sommes"}]},{"@type":"WebSite","@id":"https:\/\/louisette-marie-arnaud.org\/institution\/#website","url":"https:\/\/louisette-marie-arnaud.org\/institution\/","name":"Institution Louisette-Marie Arnaud pour la jeunesse","description":"PROMOUVOIR PROTEGER SOIGNER","publisher":{"@id":"https:\/\/louisette-marie-arnaud.org\/institution\/#organization"},"potentialAction":[{"@type":"SearchAction","target":{"@type":"EntryPoint","urlTemplate":"https:\/\/louisette-marie-arnaud.org\/institution\/?s={search_term_string}"},"query-input":{"@type":"PropertyValueSpecification","valueRequired":true,"valueName":"search_term_string"}}],"inLanguage":"fr-FR"},{"@type":"Organization","@id":"https:\/\/louisette-marie-arnaud.org\/institution\/#organization","name":"Institution Louisette-Marie Arnaud pour la jeunesse","url":"https:\/\/louisette-marie-arnaud.org\/institution\/","logo":{"@type":"ImageObject","inLanguage":"fr-FR","@id":"https:\/\/louisette-marie-arnaud.org\/institution\/#\/schema\/logo\/image\/","url":"https:\/\/louisette-marie-arnaud.org\/institution\/wp-content\/uploads\/2021\/08\/cropped-Capture-LOGO-DANIELLI-PAGE-DACCUEIL-Copie.jpg","contentUrl":"https:\/\/louisette-marie-arnaud.org\/institution\/wp-content\/uploads\/2021\/08\/cropped-Capture-LOGO-DANIELLI-PAGE-DACCUEIL-Copie.jpg","width":139,"height":134,"caption":"Institution Louisette-Marie Arnaud pour la jeunesse"},"image":{"@id":"https:\/\/louisette-marie-arnaud.org\/institution\/#\/schema\/logo\/image\/"},"sameAs":["https:\/\/www.facebook.com\/InstitutionLouisetteMarieArnaud"]}]}},"jetpack_sharing_enabled":true,"_links":{"self":[{"href":"https:\/\/louisette-marie-arnaud.org\/institution\/wp-json\/wp\/v2\/pages\/1315","targetHints":{"allow":["GET"]}}],"collection":[{"href":"https:\/\/louisette-marie-arnaud.org\/institution\/wp-json\/wp\/v2\/pages"}],"about":[{"href":"https:\/\/louisette-marie-arnaud.org\/institution\/wp-json\/wp\/v2\/types\/page"}],"author":[{"embeddable":true,"href":"https:\/\/louisette-marie-arnaud.org\/institution\/wp-json\/wp\/v2\/users\/1"}],"replies":[{"embeddable":true,"href":"https:\/\/louisette-marie-arnaud.org\/institution\/wp-json\/wp\/v2\/comments?post=1315"}],"version-history":[{"count":47,"href":"https:\/\/louisette-marie-arnaud.org\/institution\/wp-json\/wp\/v2\/pages\/1315\/revisions"}],"predecessor-version":[{"id":11313,"href":"https:\/\/louisette-marie-arnaud.org\/institution\/wp-json\/wp\/v2\/pages\/1315\/revisions\/11313"}],"wp:attachment":[{"href":"https:\/\/louisette-marie-arnaud.org\/institution\/wp-json\/wp\/v2\/media?parent=1315"}],"curies":[{"name":"wp","href":"https:\/\/api.w.org\/{rel}","templated":true}]}}