{"id":1367,"date":"2021-09-13T15:24:07","date_gmt":"2021-09-13T13:24:07","guid":{"rendered":"https:\/\/louisette-marie-arnaud.org\/institution\/?page_id=1367"},"modified":"2021-09-13T15:39:10","modified_gmt":"2021-09-13T13:39:10","slug":"mentions-legales","status":"publish","type":"page","link":"https:\/\/louisette-marie-arnaud.org\/institution\/mentions-legales","title":{"rendered":"Mentions l\u00e9gales"},"content":{"rendered":"<p>[et_pb_section fb_built=\u00a0\u00bb1&Prime; fullwidth=\u00a0\u00bbon\u00a0\u00bb admin_label=\u00a0\u00bbMain Slider Global Section\u00a0\u00bb _builder_version=\u00a0\u00bb4.10.5&Prime; _module_preset=\u00a0\u00bbdefault\u00a0\u00bb custom_margin=\u00a0\u00bb||-2px|||\u00a0\u00bb custom_padding=\u00a0\u00bb||0px|||\u00a0\u00bb saved_tabs=\u00a0\u00bball\u00a0\u00bb global_colors_info=\u00a0\u00bb{}\u00a0\u00bb global_module=\u00a0\u00bb1123&Prime;][et_pb_fullwidth_code _builder_version=\u00a0\u00bb4.10.5&Prime; _module_preset=\u00a0\u00bbdefault\u00a0\u00bb global_colors_info=\u00a0\u00bb{}\u00a0\u00bb]<script type=\"text\/javascript\">jQuery(function() { _initLayerSlider( '#layerslider_1_1qzjcsgpokg38', {createdWith: '6.11.8', sliderVersion: '6.11.8', allowFullscreen: true, pauseOnHover: 'enabled', skin: 'v6', sliderFadeInDuration: 350, useSrcset: true, skinsPath: 'https:\/\/louisette-marie-arnaud.org\/institution\/wp-content\/plugins\/LayerSlider\/assets\/static\/layerslider\/skins\/', performanceMode: true}); });<\/script><div id=\"layerslider_1_1qzjcsgpokg38\"  class=\"ls-wp-container fitvidsignore ls-selectable\" style=\"width:1280px;height:300px;margin:0 auto;margin-bottom: 0px;\"><div class=\"ls-slide\" data-ls=\"duration:4000;transition2d:2;\"><img loading=\"lazy\" decoding=\"async\" width=\"1800\" height=\"800\" src=\"https:\/\/louisette-marie-arnaud.org\/institution\/wp-content\/uploads\/2021\/09\/1.jpg\" class=\"ls-bg\" alt=\"\" srcset=\"https:\/\/louisette-marie-arnaud.org\/institution\/wp-content\/uploads\/2021\/09\/1.jpg 1800w, https:\/\/louisette-marie-arnaud.org\/institution\/wp-content\/uploads\/2021\/09\/1-1280x569.jpg 1280w, https:\/\/louisette-marie-arnaud.org\/institution\/wp-content\/uploads\/2021\/09\/1-980x436.jpg 980w, https:\/\/louisette-marie-arnaud.org\/institution\/wp-content\/uploads\/2021\/09\/1-480x213.jpg 480w\" sizes=\"(min-width: 0px) and (max-width: 480px) 480px, (min-width: 481px) and (max-width: 980px) 980px, (min-width: 981px) and (max-width: 1280px) 1280px, (min-width: 1281px) 1800px, 100vw\" \/><a href=\"https:\/\/louisette-marie-arnaud.org\/institution\/promouvoir\" target=\"_self\" class=\"ls-link ls-link-on-top\"><\/a><\/div><div class=\"ls-slide\" data-ls=\"duration:4000;transition2d:2;\"><img loading=\"lazy\" decoding=\"async\" width=\"1800\" height=\"801\" src=\"https:\/\/louisette-marie-arnaud.org\/institution\/wp-content\/uploads\/2021\/09\/2.jpg\" class=\"ls-bg\" alt=\"\" srcset=\"https:\/\/louisette-marie-arnaud.org\/institution\/wp-content\/uploads\/2021\/09\/2.jpg 1800w, https:\/\/louisette-marie-arnaud.org\/institution\/wp-content\/uploads\/2021\/09\/2-1280x570.jpg 1280w, https:\/\/louisette-marie-arnaud.org\/institution\/wp-content\/uploads\/2021\/09\/2-980x436.jpg 980w, https:\/\/louisette-marie-arnaud.org\/institution\/wp-content\/uploads\/2021\/09\/2-480x214.jpg 480w\" sizes=\"(min-width: 0px) and (max-width: 480px) 480px, (min-width: 481px) and (max-width: 980px) 980px, (min-width: 981px) and (max-width: 1280px) 1280px, (min-width: 1281px) 1800px, 100vw\" \/><a href=\"https:\/\/louisette-marie-arnaud.org\/institution\/proteger\" target=\"_self\" class=\"ls-link ls-link-on-top\"><\/a><\/div><div class=\"ls-slide\" data-ls=\"duration:4000;transition2d:2;\"><img loading=\"lazy\" decoding=\"async\" width=\"1800\" height=\"800\" src=\"https:\/\/louisette-marie-arnaud.org\/institution\/wp-content\/uploads\/2021\/09\/3.jpg\" class=\"ls-bg\" alt=\"\" srcset=\"https:\/\/louisette-marie-arnaud.org\/institution\/wp-content\/uploads\/2021\/09\/3.jpg 1800w, https:\/\/louisette-marie-arnaud.org\/institution\/wp-content\/uploads\/2021\/09\/3-1280x569.jpg 1280w, https:\/\/louisette-marie-arnaud.org\/institution\/wp-content\/uploads\/2021\/09\/3-980x436.jpg 980w, https:\/\/louisette-marie-arnaud.org\/institution\/wp-content\/uploads\/2021\/09\/3-480x213.jpg 480w\" sizes=\"(min-width: 0px) and (max-width: 480px) 480px, (min-width: 481px) and (max-width: 980px) 980px, (min-width: 981px) and (max-width: 1280px) 1280px, (min-width: 1281px) 1800px, 100vw\" \/><a href=\"https:\/\/louisette-marie-arnaud.org\/institution\/soigner\" target=\"_self\" class=\"ls-link ls-link-on-top\"><\/a><\/div><\/div>[\/et_pb_fullwidth_code][\/et_pb_section][et_pb_section fb_built=\u00a0\u00bb1&Prime; _builder_version=\u00a0\u00bb4.10.5&Prime; _module_preset=\u00a0\u00bbdefault\u00a0\u00bb global_colors_info=\u00a0\u00bb{}\u00a0\u00bb][et_pb_row _builder_version=\u00a0\u00bb4.10.5&Prime; _module_preset=\u00a0\u00bbdefault\u00a0\u00bb global_colors_info=\u00a0\u00bb{}\u00a0\u00bb][et_pb_column type=\u00a0\u00bb4_4&Prime; _builder_version=\u00a0\u00bb4.10.5&Prime; _module_preset=\u00a0\u00bbdefault\u00a0\u00bb global_colors_info=\u00a0\u00bb{}\u00a0\u00bb][et_pb_post_title meta=\u00a0\u00bboff\u00a0\u00bb featured_image=\u00a0\u00bboff\u00a0\u00bb _builder_version=\u00a0\u00bb4.10.5&Prime; _module_preset=\u00a0\u00bbdefault\u00a0\u00bb title_text_align=\u00a0\u00bbcenter\u00a0\u00bb text_orientation=\u00a0\u00bbcenter\u00a0\u00bb global_colors_info=\u00a0\u00bb{}\u00a0\u00bb][\/et_pb_post_title][et_pb_text _builder_version=\u00a0\u00bb4.10.5&Prime; _module_preset=\u00a0\u00bbdefault\u00a0\u00bb global_colors_info=\u00a0\u00bb{}\u00a0\u00bb]<\/p>\n<p><strong>\u00c9diteur du site\u00a0:<\/strong><\/p>\n<p>Le site <a href=\"https:\/\/louisette-marie-arnaud.org\/institution\/\">https:\/\/louisette-marie-arnaud.org\/institution\/<\/a> est la structure num\u00e9rique de l\u2019Institution Louisette-Marie Arnaud, association \u00e0 but non lucratif et \u00e0 caract\u00e8re international vu le d\u00e9cret du 16 aout 1901, dont le si\u00e8ge social est situ\u00e9 au 2 Place Malvesin 92400 Courbevoie. France.<\/p>\n<p><strong>Renseignements g\u00e9n\u00e9raux\u00a0:<\/strong><\/p>\n<p>N\u00b0 d\u2019enregistrement associatif W922018802<\/p>\n<p>D\u00e9claration du 23 Juillet 2021<\/p>\n<p>Num\u00e9ro de t\u00e9l\u00e9phone : 01 49 05 43 92<\/p>\n<p>Adresse de messagerie : <a href=\"mailto:contact@louisette-marie-arnaud.org\">contact@louisette-marie-arnaud.org<\/a><\/p>\n<p><strong>Direction de la publication\u00a0:<\/strong><\/p>\n<p>La directrice de la publication est Madame Ruby Villar-Documet, en sa qualit\u00e9 de Pr\u00e9sidente de l\u2019Institution Louisette-Marie Arnaud.<\/p>\n<p><strong>Droits d\u2019auteur\u00a0:<\/strong><\/p>\n<p>Ce site respecte le droit d&rsquo;auteur. Tous les contenus, pages, scripts, ic\u00f4nes ou photos de ce site sont la propri\u00e9t\u00e9 exclusive de l&rsquo;Institution Louisette-Marie Arnaud (France). Il est interdit de produire, copier ou afficher tout ou partie (texte ou image) de ce site sur quelque support que ce soit. Le non-respect de cette interdiction constitue une contrefa\u00e7on pouvant engager la responsabilit\u00e9 civile et p\u00e9nale du contrefacteur.<\/p>\n<p>Il est strictement interdit d&rsquo;utiliser ou de copier le nom \u00ab\u00a0Institution Louisette-Marie Arnaud\u00a0\u00bb ou son logo (prot\u00e9g\u00e9 par le droit d&rsquo;auteur), seuls ou en combinaison, ainsi que d&rsquo;autres marques, mod\u00e8les ou dessins d\u00e9pos\u00e9s qui sont la propri\u00e9t\u00e9 de l&rsquo;Institution Louisette-Marie Arnaud (France). Sans l\u2019accord pr\u00e9alable \u00e9crit, de l\u2019Institution Louisette-Marie Arnaud (France) pour quelque motif que ce soit, notamment \u00e0 des fins publicitaires.<\/p>\n<p><strong>Conditions d\u2019utilisation\u00a0:<\/strong><\/p>\n<p>Les informations contenues dans ce site sont soumises au droit fran\u00e7ais et sont fournies \u00ab en l&rsquo;\u00e9tat \u00bb, sans aucune forme de garantie expresse ou tacite. Ces informations peuvent contenir des erreurs techniques ou des erreurs typographiques. Ils ne sont pas contractuels et sont susceptibles de modification sans pr\u00e9avis.<\/p>\n<p>En utilisant ce site, les visiteurs reconnaissent avoir la possibilit\u00e9 de prendre connaissance de cet avertissement.<\/p>\n<p>L\u2019Institution Louisette-Marie Arnaud (France) n&rsquo;est pas responsable du contenu de tout autre site auquel vous pourriez avoir acc\u00e8s via le site <a href=\"https:\/\/louisette-marie-arnaud.org\/institution\/\">https:\/\/louisette-marie-arnaud.org\/institution\/<\/a> ou ses sites affili\u00e9s et aux sites annexes.<\/p>\n<p>L&rsquo;Institution Louisette-Marie Arnaud (France) n&rsquo;offre aucune garantie expresse ou tacite pour tout ou partie de son site Internet (WEB). L&rsquo;Institution Louisette-Marie Arnaud (France) s&rsquo;est efforc\u00e9 d&rsquo;assurer l&rsquo;exactitude des informations accessibles via son site Internet. Cependant, nous ne garantissons en aucune mani\u00e8re que ces informations soient exactes, compl\u00e8tes et \u00e0 jour.<\/p>\n<p>Les utilisateurs de ce site comprennent bien qu&rsquo;en aucun cas l&rsquo;Institution Louisette-Marie Arnault (France) ne sera responsable de tout dommage direct ou indirect, substantiel ou immat\u00e9riel ou sp\u00e9cial, notamment du fait de la consultation et\/ou de l&rsquo;utilisation de ce site ou d&rsquo;autres sites li\u00e9s \u00e0 celui-ci, telles que l&rsquo;utilisation d&rsquo;informations textuelles, audio ou vid\u00e9o qui pourraient \u00eatre recueillies ici, notamment tout pr\u00e9judice financier ou commercial, perte de programmes ou de donn\u00e9es dans son syst\u00e8me d&rsquo;information, ou autres.<\/p>\n<p><strong>Conception et r\u00e9alisation\u00a0:<\/strong><\/p>\n<p>Cr\u00e9ation ergonomique\u00a0; maquettage du site\u00a0; textes\u00a0; photos et principaux vid\u00e9os du site ont \u00e9t\u00e9 con\u00e7us par Ruby Villar-Documet.<\/p>\n<p>Les \u00e9volutions et la maintenance \u00e0 jour du site sont assur\u00e9es par\u00a0: M Laurent Darr\u00e9.<\/p>\n<p><strong>H\u00e9bergement\u00a0:<\/strong><\/p>\n<p>Le site <a href=\"https:\/\/louisette-marie-arnaud.org\/institution\/\">https:\/\/louisette-marie-arnaud.org\/institution\/<\/a> est h\u00e9berg\u00e9 par Hostinger au Pays-Bas.<\/p>\n<p>Correspondances\u00a0:<\/p>\n<p>Hostinger International dont le si\u00e8ge social se situe\u00a061 Lordou Vironos Street 6023 Larnaca, Cyprus<\/p>\n<h4>Hostinger, UAB Jonavs g.\u00a060C, 44192 Kaunas, Lituanie<\/h4>\n<p>&nbsp;<\/p>\n<p>[\/et_pb_text][\/et_pb_column][\/et_pb_row][\/et_pb_section]<\/p>\n","protected":false},"excerpt":{"rendered":"<p><script type=\"text\/javascript\">jQuery(function() { _initLayerSlider( '#layerslider_1_1gzm0fw5l57j1', {createdWith: '6.11.8', sliderVersion: '6.11.8', allowFullscreen: true, pauseOnHover: 'enabled', skin: 'v6', sliderFadeInDuration: 350, useSrcset: true, skinsPath: 'https:\/\/louisette-marie-arnaud.org\/institution\/wp-content\/plugins\/LayerSlider\/assets\/static\/layerslider\/skins\/', performanceMode: true}); });<\/script><div id=\"layerslider_1_1gzm0fw5l57j1\"  class=\"ls-wp-container fitvidsignore ls-selectable\" style=\"width:1280px;height:300px;margin:0 auto;margin-bottom: 0px;\"><div class=\"ls-slide\" data-ls=\"duration:4000;transition2d:2;\"><img loading=\"lazy\" width=\"1800\" height=\"800\" src=\"https:\/\/louisette-marie-arnaud.org\/institution\/wp-content\/uploads\/2021\/09\/1.jpg\" class=\"ls-bg\" alt=\"\" decoding=\"async\" srcset=\"https:\/\/louisette-marie-arnaud.org\/institution\/wp-content\/uploads\/2021\/09\/1.jpg 1800w, https:\/\/louisette-marie-arnaud.org\/institution\/wp-content\/uploads\/2021\/09\/1-1280x569.jpg 1280w, https:\/\/louisette-marie-arnaud.org\/institution\/wp-content\/uploads\/2021\/09\/1-980x436.jpg 980w, https:\/\/louisette-marie-arnaud.org\/institution\/wp-content\/uploads\/2021\/09\/1-480x213.jpg 480w\" sizes=\"(min-width: 0px) and (max-width: 480px) 480px, (min-width: 481px) and (max-width: 980px) 980px, (min-width: 981px) and (max-width: 1280px) 1280px, (min-width: 1281px) 1800px, 100vw\" \/><a href=\"https:\/\/louisette-marie-arnaud.org\/institution\/promouvoir\" target=\"_self\" class=\"ls-link ls-link-on-top\"><\/a><\/div><div class=\"ls-slide\" data-ls=\"duration:4000;transition2d:2;\"><img loading=\"lazy\" width=\"1800\" height=\"801\" src=\"https:\/\/louisette-marie-arnaud.org\/institution\/wp-content\/uploads\/2021\/09\/2.jpg\" class=\"ls-bg\" alt=\"\" decoding=\"async\" srcset=\"https:\/\/louisette-marie-arnaud.org\/institution\/wp-content\/uploads\/2021\/09\/2.jpg 1800w, https:\/\/louisette-marie-arnaud.org\/institution\/wp-content\/uploads\/2021\/09\/2-1280x570.jpg 1280w, https:\/\/louisette-marie-arnaud.org\/institution\/wp-content\/uploads\/2021\/09\/2-980x436.jpg 980w, https:\/\/louisette-marie-arnaud.org\/institution\/wp-content\/uploads\/2021\/09\/2-480x214.jpg 480w\" sizes=\"(min-width: 0px) and (max-width: 480px) 480px, (min-width: 481px) and (max-width: 980px) 980px, (min-width: 981px) and (max-width: 1280px) 1280px, (min-width: 1281px) 1800px, 100vw\" \/><a href=\"https:\/\/louisette-marie-arnaud.org\/institution\/proteger\" target=\"_self\" class=\"ls-link ls-link-on-top\"><\/a><\/div><div class=\"ls-slide\" data-ls=\"duration:4000;transition2d:2;\"><img loading=\"lazy\" width=\"1800\" height=\"800\" src=\"https:\/\/louisette-marie-arnaud.org\/institution\/wp-content\/uploads\/2021\/09\/3.jpg\" class=\"ls-bg\" alt=\"\" decoding=\"async\" srcset=\"https:\/\/louisette-marie-arnaud.org\/institution\/wp-content\/uploads\/2021\/09\/3.jpg 1800w, https:\/\/louisette-marie-arnaud.org\/institution\/wp-content\/uploads\/2021\/09\/3-1280x569.jpg 1280w, https:\/\/louisette-marie-arnaud.org\/institution\/wp-content\/uploads\/2021\/09\/3-980x436.jpg 980w, https:\/\/louisette-marie-arnaud.org\/institution\/wp-content\/uploads\/2021\/09\/3-480x213.jpg 480w\" sizes=\"(min-width: 0px) and (max-width: 480px) 480px, (min-width: 481px) and (max-width: 980px) 980px, (min-width: 981px) and (max-width: 1280px) 1280px, (min-width: 1281px) 1800px, 100vw\" \/><a href=\"https:\/\/louisette-marie-arnaud.org\/institution\/soigner\" target=\"_self\" class=\"ls-link ls-link-on-top\"><\/a><\/div><\/div>\u00c9diteur du site\u00a0: Le site https:\/\/louisette-marie-arnaud.org\/institution\/ est la structure num\u00e9rique de l\u2019Institution Louisette-Marie Arnaud, association \u00e0 but non lucratif et \u00e0 caract\u00e8re international vu le d\u00e9cret du 16 aout 1901, dont le si\u00e8ge social est situ\u00e9 au 2 Place Malvesin 92400 Courbevoie. France. Renseignements g\u00e9n\u00e9raux\u00a0: N\u00b0 d\u2019enregistrement associatif W922018802 D\u00e9claration du 23 Juillet 2021 Num\u00e9ro de t\u00e9l\u00e9phone : 01 49 05 43 92 Adresse de messagerie : contact@louisette-marie-arnaud.org Direction de la publication\u00a0: La directrice de la publication est Madame Ruby Villar-Documet, en sa qualit\u00e9 de Pr\u00e9sidente de l\u2019Institution Louisette-Marie Arnaud. Droits d\u2019auteur\u00a0: Ce site respecte le droit d&rsquo;auteur. Tous les contenus, pages, scripts, ic\u00f4nes ou photos de ce site sont la propri\u00e9t\u00e9 exclusive de l&rsquo;Institution Louisette-Marie Arnaud (France). Il est interdit de produire, copier ou afficher tout ou partie (texte ou image) de ce site sur quelque support que ce soit. Le non-respect de cette interdiction constitue une contrefa\u00e7on pouvant engager la responsabilit\u00e9 civile et p\u00e9nale du contrefacteur. Il est strictement interdit d&rsquo;utiliser ou de copier le nom \u00ab\u00a0Institution Louisette-Marie Arnaud\u00a0\u00bb ou son logo (prot\u00e9g\u00e9 par le droit d&rsquo;auteur), seuls ou en combinaison, ainsi que d&rsquo;autres marques, mod\u00e8les ou dessins d\u00e9pos\u00e9s qui sont la propri\u00e9t\u00e9 de l&rsquo;Institution Louisette-Marie Arnaud [&hellip;]<\/p>\n","protected":false},"author":1,"featured_media":0,"parent":0,"menu_order":0,"comment_status":"closed","ping_status":"closed","template":"","meta":{"_seopress_robots_primary_cat":"","_seopress_titles_title":"","_seopress_titles_desc":"","_seopress_robots_index":"","_et_pb_use_builder":"on","_et_pb_old_content":"","_et_gb_content_width":"","om_disable_all_campaigns":false,"_monsterinsights_skip_tracking":false,"_monsterinsights_sitenote_active":false,"_monsterinsights_sitenote_note":"","_monsterinsights_sitenote_category":0,"footnotes":""},"class_list":["post-1367","page","type-page","status-publish","hentry"],"aioseo_notices":[],"yoast_head":"<!-- This site is optimized with the Yoast SEO plugin v27.4 - https:\/\/yoast.com\/product\/yoast-seo-wordpress\/ -->\n<title>Mentions l\u00e9gales - Institution Louisette-Marie Arnaud pour la jeunesse<\/title>\n<meta name=\"robots\" content=\"index, follow, max-snippet:-1, max-image-preview:large, max-video-preview:-1\" \/>\n<link rel=\"canonical\" href=\"https:\/\/louisette-marie-arnaud.org\/institution\/mentions-legales\" \/>\n<meta property=\"og:locale\" content=\"fr_FR\" \/>\n<meta property=\"og:type\" content=\"article\" \/>\n<meta property=\"og:title\" content=\"Mentions l\u00e9gales - Institution Louisette-Marie Arnaud pour la jeunesse\" \/>\n<meta property=\"og:description\" content=\"\u00c9diteur du site\u00a0: Le site https:\/\/louisette-marie-arnaud.org\/institution\/ est la structure num\u00e9rique de l\u2019Institution Louisette-Marie Arnaud, association \u00e0 but non lucratif et \u00e0 caract\u00e8re international vu le d\u00e9cret du 16 aout 1901, dont le si\u00e8ge social est situ\u00e9 au 2 Place Malvesin 92400 Courbevoie. France. Renseignements g\u00e9n\u00e9raux\u00a0: N\u00b0 d\u2019enregistrement associatif W922018802 D\u00e9claration du 23 Juillet 2021 Num\u00e9ro de t\u00e9l\u00e9phone : 01 49 05 43 92 Adresse de messagerie : contact@louisette-marie-arnaud.org Direction de la publication\u00a0: La directrice de la publication est Madame Ruby Villar-Documet, en sa qualit\u00e9 de Pr\u00e9sidente de l\u2019Institution Louisette-Marie Arnaud. Droits d\u2019auteur\u00a0: Ce site respecte le droit d&#039;auteur. Tous les contenus, pages, scripts, ic\u00f4nes ou photos de ce site sont la propri\u00e9t\u00e9 exclusive de l&#039;Institution Louisette-Marie Arnaud (France). Il est interdit de produire, copier ou afficher tout ou partie (texte ou image) de ce site sur quelque support que ce soit. Le non-respect de cette interdiction constitue une contrefa\u00e7on pouvant engager la responsabilit\u00e9 civile et p\u00e9nale du contrefacteur. Il est strictement interdit d&#039;utiliser ou de copier le nom \u00ab\u00a0Institution Louisette-Marie Arnaud&quot; ou son logo (prot\u00e9g\u00e9 par le droit d&#039;auteur), seuls ou en combinaison, ainsi que d&#039;autres marques, mod\u00e8les ou dessins d\u00e9pos\u00e9s qui sont la propri\u00e9t\u00e9 de l&#039;Institution Louisette-Marie Arnaud [&hellip;]\" \/>\n<meta property=\"og:url\" content=\"https:\/\/louisette-marie-arnaud.org\/institution\/mentions-legales\" \/>\n<meta property=\"og:site_name\" content=\"Institution Louisette-Marie Arnaud pour la jeunesse\" \/>\n<meta property=\"article:publisher\" content=\"https:\/\/www.facebook.com\/InstitutionLouisetteMarieArnaud\" \/>\n<meta property=\"article:modified_time\" content=\"2021-09-13T13:39:10+00:00\" \/>\n<meta name=\"twitter:card\" content=\"summary_large_image\" \/>\n<meta name=\"twitter:label1\" content=\"Dur\u00e9e de lecture estim\u00e9e\" \/>\n\t<meta name=\"twitter:data1\" content=\"3 minutes\" \/>\n<script type=\"application\/ld+json\" class=\"yoast-schema-graph\">{\"@context\":\"https:\\\/\\\/schema.org\",\"@graph\":[{\"@type\":\"WebPage\",\"@id\":\"https:\\\/\\\/louisette-marie-arnaud.org\\\/institution\\\/mentions-legales\",\"url\":\"https:\\\/\\\/louisette-marie-arnaud.org\\\/institution\\\/mentions-legales\",\"name\":\"Mentions l\u00e9gales - Institution Louisette-Marie Arnaud pour la jeunesse\",\"isPartOf\":{\"@id\":\"https:\\\/\\\/louisette-marie-arnaud.org\\\/institution\\\/#website\"},\"datePublished\":\"2021-09-13T13:24:07+00:00\",\"dateModified\":\"2021-09-13T13:39:10+00:00\",\"breadcrumb\":{\"@id\":\"https:\\\/\\\/louisette-marie-arnaud.org\\\/institution\\\/mentions-legales#breadcrumb\"},\"inLanguage\":\"fr-FR\",\"potentialAction\":[{\"@type\":\"ReadAction\",\"target\":[\"https:\\\/\\\/louisette-marie-arnaud.org\\\/institution\\\/mentions-legales\"]}]},{\"@type\":\"BreadcrumbList\",\"@id\":\"https:\\\/\\\/louisette-marie-arnaud.org\\\/institution\\\/mentions-legales#breadcrumb\",\"itemListElement\":[{\"@type\":\"ListItem\",\"position\":1,\"name\":\"Accueil\",\"item\":\"https:\\\/\\\/louisette-marie-arnaud.org\\\/institution\\\/\"},{\"@type\":\"ListItem\",\"position\":2,\"name\":\"Mentions l\u00e9gales\"}]},{\"@type\":\"WebSite\",\"@id\":\"https:\\\/\\\/louisette-marie-arnaud.org\\\/institution\\\/#website\",\"url\":\"https:\\\/\\\/louisette-marie-arnaud.org\\\/institution\\\/\",\"name\":\"Institution Louisette-Marie Arnaud pour la jeunesse\",\"description\":\"PROMOUVOIR PROTEGER SOIGNER\",\"publisher\":{\"@id\":\"https:\\\/\\\/louisette-marie-arnaud.org\\\/institution\\\/#organization\"},\"potentialAction\":[{\"@type\":\"SearchAction\",\"target\":{\"@type\":\"EntryPoint\",\"urlTemplate\":\"https:\\\/\\\/louisette-marie-arnaud.org\\\/institution\\\/?s={search_term_string}\"},\"query-input\":{\"@type\":\"PropertyValueSpecification\",\"valueRequired\":true,\"valueName\":\"search_term_string\"}}],\"inLanguage\":\"fr-FR\"},{\"@type\":\"Organization\",\"@id\":\"https:\\\/\\\/louisette-marie-arnaud.org\\\/institution\\\/#organization\",\"name\":\"Institution Louisette-Marie Arnaud pour la jeunesse\",\"url\":\"https:\\\/\\\/louisette-marie-arnaud.org\\\/institution\\\/\",\"logo\":{\"@type\":\"ImageObject\",\"inLanguage\":\"fr-FR\",\"@id\":\"https:\\\/\\\/louisette-marie-arnaud.org\\\/institution\\\/#\\\/schema\\\/logo\\\/image\\\/\",\"url\":\"https:\\\/\\\/louisette-marie-arnaud.org\\\/institution\\\/wp-content\\\/uploads\\\/2021\\\/08\\\/cropped-Capture-LOGO-DANIELLI-PAGE-DACCUEIL-Copie.jpg\",\"contentUrl\":\"https:\\\/\\\/louisette-marie-arnaud.org\\\/institution\\\/wp-content\\\/uploads\\\/2021\\\/08\\\/cropped-Capture-LOGO-DANIELLI-PAGE-DACCUEIL-Copie.jpg\",\"width\":139,\"height\":134,\"caption\":\"Institution Louisette-Marie Arnaud pour la jeunesse\"},\"image\":{\"@id\":\"https:\\\/\\\/louisette-marie-arnaud.org\\\/institution\\\/#\\\/schema\\\/logo\\\/image\\\/\"},\"sameAs\":[\"https:\\\/\\\/www.facebook.com\\\/InstitutionLouisetteMarieArnaud\"]}]}<\/script>\n<!-- \/ Yoast SEO plugin. -->","yoast_head_json":{"title":"Mentions l\u00e9gales - Institution Louisette-Marie Arnaud pour la jeunesse","robots":{"index":"index","follow":"follow","max-snippet":"max-snippet:-1","max-image-preview":"max-image-preview:large","max-video-preview":"max-video-preview:-1"},"canonical":"https:\/\/louisette-marie-arnaud.org\/institution\/mentions-legales","og_locale":"fr_FR","og_type":"article","og_title":"Mentions l\u00e9gales - Institution Louisette-Marie Arnaud pour la jeunesse","og_description":"\u00c9diteur du site\u00a0: Le site https:\/\/louisette-marie-arnaud.org\/institution\/ est la structure num\u00e9rique de l\u2019Institution Louisette-Marie Arnaud, association \u00e0 but non lucratif et \u00e0 caract\u00e8re international vu le d\u00e9cret du 16 aout 1901, dont le si\u00e8ge social est situ\u00e9 au 2 Place Malvesin 92400 Courbevoie. France. Renseignements g\u00e9n\u00e9raux\u00a0: N\u00b0 d\u2019enregistrement associatif W922018802 D\u00e9claration du 23 Juillet 2021 Num\u00e9ro de t\u00e9l\u00e9phone : 01 49 05 43 92 Adresse de messagerie : contact@louisette-marie-arnaud.org Direction de la publication\u00a0: La directrice de la publication est Madame Ruby Villar-Documet, en sa qualit\u00e9 de Pr\u00e9sidente de l\u2019Institution Louisette-Marie Arnaud. Droits d\u2019auteur\u00a0: Ce site respecte le droit d'auteur. Tous les contenus, pages, scripts, ic\u00f4nes ou photos de ce site sont la propri\u00e9t\u00e9 exclusive de l'Institution Louisette-Marie Arnaud (France). Il est interdit de produire, copier ou afficher tout ou partie (texte ou image) de ce site sur quelque support que ce soit. Le non-respect de cette interdiction constitue une contrefa\u00e7on pouvant engager la responsabilit\u00e9 civile et p\u00e9nale du contrefacteur. Il est strictement interdit d'utiliser ou de copier le nom \u00ab\u00a0Institution Louisette-Marie Arnaud\" ou son logo (prot\u00e9g\u00e9 par le droit d'auteur), seuls ou en combinaison, ainsi que d'autres marques, mod\u00e8les ou dessins d\u00e9pos\u00e9s qui sont la propri\u00e9t\u00e9 de l'Institution Louisette-Marie Arnaud [&hellip;]","og_url":"https:\/\/louisette-marie-arnaud.org\/institution\/mentions-legales","og_site_name":"Institution Louisette-Marie Arnaud pour la jeunesse","article_publisher":"https:\/\/www.facebook.com\/InstitutionLouisetteMarieArnaud","article_modified_time":"2021-09-13T13:39:10+00:00","twitter_card":"summary_large_image","twitter_misc":{"Dur\u00e9e de lecture estim\u00e9e":"3 minutes"},"schema":{"@context":"https:\/\/schema.org","@graph":[{"@type":"WebPage","@id":"https:\/\/louisette-marie-arnaud.org\/institution\/mentions-legales","url":"https:\/\/louisette-marie-arnaud.org\/institution\/mentions-legales","name":"Mentions l\u00e9gales - Institution Louisette-Marie Arnaud pour la jeunesse","isPartOf":{"@id":"https:\/\/louisette-marie-arnaud.org\/institution\/#website"},"datePublished":"2021-09-13T13:24:07+00:00","dateModified":"2021-09-13T13:39:10+00:00","breadcrumb":{"@id":"https:\/\/louisette-marie-arnaud.org\/institution\/mentions-legales#breadcrumb"},"inLanguage":"fr-FR","potentialAction":[{"@type":"ReadAction","target":["https:\/\/louisette-marie-arnaud.org\/institution\/mentions-legales"]}]},{"@type":"BreadcrumbList","@id":"https:\/\/louisette-marie-arnaud.org\/institution\/mentions-legales#breadcrumb","itemListElement":[{"@type":"ListItem","position":1,"name":"Accueil","item":"https:\/\/louisette-marie-arnaud.org\/institution\/"},{"@type":"ListItem","position":2,"name":"Mentions l\u00e9gales"}]},{"@type":"WebSite","@id":"https:\/\/louisette-marie-arnaud.org\/institution\/#website","url":"https:\/\/louisette-marie-arnaud.org\/institution\/","name":"Institution Louisette-Marie Arnaud pour la jeunesse","description":"PROMOUVOIR PROTEGER SOIGNER","publisher":{"@id":"https:\/\/louisette-marie-arnaud.org\/institution\/#organization"},"potentialAction":[{"@type":"SearchAction","target":{"@type":"EntryPoint","urlTemplate":"https:\/\/louisette-marie-arnaud.org\/institution\/?s={search_term_string}"},"query-input":{"@type":"PropertyValueSpecification","valueRequired":true,"valueName":"search_term_string"}}],"inLanguage":"fr-FR"},{"@type":"Organization","@id":"https:\/\/louisette-marie-arnaud.org\/institution\/#organization","name":"Institution Louisette-Marie Arnaud pour la jeunesse","url":"https:\/\/louisette-marie-arnaud.org\/institution\/","logo":{"@type":"ImageObject","inLanguage":"fr-FR","@id":"https:\/\/louisette-marie-arnaud.org\/institution\/#\/schema\/logo\/image\/","url":"https:\/\/louisette-marie-arnaud.org\/institution\/wp-content\/uploads\/2021\/08\/cropped-Capture-LOGO-DANIELLI-PAGE-DACCUEIL-Copie.jpg","contentUrl":"https:\/\/louisette-marie-arnaud.org\/institution\/wp-content\/uploads\/2021\/08\/cropped-Capture-LOGO-DANIELLI-PAGE-DACCUEIL-Copie.jpg","width":139,"height":134,"caption":"Institution Louisette-Marie Arnaud pour la jeunesse"},"image":{"@id":"https:\/\/louisette-marie-arnaud.org\/institution\/#\/schema\/logo\/image\/"},"sameAs":["https:\/\/www.facebook.com\/InstitutionLouisetteMarieArnaud"]}]}},"jetpack_sharing_enabled":true,"_links":{"self":[{"href":"https:\/\/louisette-marie-arnaud.org\/institution\/wp-json\/wp\/v2\/pages\/1367","targetHints":{"allow":["GET"]}}],"collection":[{"href":"https:\/\/louisette-marie-arnaud.org\/institution\/wp-json\/wp\/v2\/pages"}],"about":[{"href":"https:\/\/louisette-marie-arnaud.org\/institution\/wp-json\/wp\/v2\/types\/page"}],"author":[{"embeddable":true,"href":"https:\/\/louisette-marie-arnaud.org\/institution\/wp-json\/wp\/v2\/users\/1"}],"replies":[{"embeddable":true,"href":"https:\/\/louisette-marie-arnaud.org\/institution\/wp-json\/wp\/v2\/comments?post=1367"}],"version-history":[{"count":4,"href":"https:\/\/louisette-marie-arnaud.org\/institution\/wp-json\/wp\/v2\/pages\/1367\/revisions"}],"predecessor-version":[{"id":1395,"href":"https:\/\/louisette-marie-arnaud.org\/institution\/wp-json\/wp\/v2\/pages\/1367\/revisions\/1395"}],"wp:attachment":[{"href":"https:\/\/louisette-marie-arnaud.org\/institution\/wp-json\/wp\/v2\/media?parent=1367"}],"curies":[{"name":"wp","href":"https:\/\/api.w.org\/{rel}","templated":true}]}}