{"id":43,"date":"2021-08-01T18:10:18","date_gmt":"2021-08-01T16:10:18","guid":{"rendered":"https:\/\/louisette-marie-arnaud.org\/institution\/?page_id=43"},"modified":"2025-10-10T10:55:19","modified_gmt":"2025-10-10T08:55:19","slug":"promouvoir","status":"publish","type":"page","link":"https:\/\/louisette-marie-arnaud.org\/institution\/promouvoir","title":{"rendered":"PROMOUVOIR"},"content":{"rendered":"<p>[et_pb_section fb_built=\u00a0\u00bb1&Prime; _builder_version=\u00a0\u00bb4.16&Prime; _module_preset=\u00a0\u00bbdefault\u00a0\u00bb background_image=\u00a0\u00bbhttps:\/\/louisette-marie-arnaud.org\/institution\/wp-content\/uploads\/layerslider\/Slider-site-louisette\/1.jpg\u00a0\u00bb min_height=\u00a0\u00bb440px\u00a0\u00bb height=\u00a0\u00bb440px\u00a0\u00bb max_height=\u00a0\u00bb440px\u00a0\u00bb custom_margin=\u00a0\u00bb0px||0px||true|false\u00a0\u00bb custom_padding=\u00a0\u00bb0px||0px||true|false\u00a0\u00bb da_disable_devices=\u00a0\u00bboff|off|off\u00a0\u00bb global_colors_info=\u00a0\u00bb{}\u00a0\u00bb da_is_popup=\u00a0\u00bboff\u00a0\u00bb da_exit_intent=\u00a0\u00bboff\u00a0\u00bb da_has_close=\u00a0\u00bbon\u00a0\u00bb da_alt_close=\u00a0\u00bboff\u00a0\u00bb da_dark_close=\u00a0\u00bboff\u00a0\u00bb da_not_modal=\u00a0\u00bbon\u00a0\u00bb da_is_singular=\u00a0\u00bboff\u00a0\u00bb da_with_loader=\u00a0\u00bboff\u00a0\u00bb da_has_shadow=\u00a0\u00bbon\u00a0\u00bb][et_pb_row _builder_version=\u00a0\u00bb4.16&Prime; _module_preset=\u00a0\u00bbdefault\u00a0\u00bb width=\u00a0\u00bb100%\u00a0\u00bb max_width=\u00a0\u00bb100%\u00a0\u00bb custom_margin=\u00a0\u00bb0px||0px||true|false\u00a0\u00bb custom_padding=\u00a0\u00bb0px||0px||true|false\u00a0\u00bb global_colors_info=\u00a0\u00bb{}\u00a0\u00bb][et_pb_column type=\u00a0\u00bb4_4&Prime; _builder_version=\u00a0\u00bb4.16&Prime; _module_preset=\u00a0\u00bbdefault\u00a0\u00bb global_colors_info=\u00a0\u00bb{}\u00a0\u00bb][et_pb_divider show_divider=\u00a0\u00bboff\u00a0\u00bb _builder_version=\u00a0\u00bb4.16&Prime; _module_preset=\u00a0\u00bbdefault\u00a0\u00bb global_colors_info=\u00a0\u00bb{}\u00a0\u00bb][\/et_pb_divider][\/et_pb_column][\/et_pb_row][\/et_pb_section][et_pb_section fb_built=\u00a0\u00bb1&Prime; _builder_version=\u00a0\u00bb4.16&Prime; _module_preset=\u00a0\u00bbdefault\u00a0\u00bb da_disable_devices=\u00a0\u00bboff|off|off\u00a0\u00bb global_colors_info=\u00a0\u00bb{}\u00a0\u00bb da_is_popup=\u00a0\u00bboff\u00a0\u00bb da_exit_intent=\u00a0\u00bboff\u00a0\u00bb da_has_close=\u00a0\u00bbon\u00a0\u00bb da_alt_close=\u00a0\u00bboff\u00a0\u00bb da_dark_close=\u00a0\u00bboff\u00a0\u00bb da_not_modal=\u00a0\u00bbon\u00a0\u00bb da_is_singular=\u00a0\u00bboff\u00a0\u00bb da_with_loader=\u00a0\u00bboff\u00a0\u00bb da_has_shadow=\u00a0\u00bbon\u00a0\u00bb][et_pb_row column_structure=\u00a0\u00bb1_3,1_3,1_3&Prime; _builder_version=\u00a0\u00bb4.16&Prime; _module_preset=\u00a0\u00bbdefault\u00a0\u00bb custom_margin=\u00a0\u00bb||0px||false|false\u00a0\u00bb custom_padding=\u00a0\u00bb3%||1%||false|false\u00a0\u00bb global_colors_info=\u00a0\u00bb{}\u00a0\u00bb][et_pb_column type=\u00a0\u00bb1_3&Prime; _builder_version=\u00a0\u00bb4.16&Prime; _module_preset=\u00a0\u00bbdefault\u00a0\u00bb global_colors_info=\u00a0\u00bb{}\u00a0\u00bb][et_pb_image src=\u00a0\u00bbhttps:\/\/louisette-marie-arnaud.org\/institution\/wp-content\/uploads\/2022\/04\/Institution-Louisette-Marie-Arnaud-promouvoir-le-francais-en-anglais.png\u00a0\u00bb title_text=\u00a0\u00bbInstitution Louisette-Marie Arnaud- promouvoir le francais en anglais\u00a0\u00bb url=\u00a0\u00bbhttps:\/\/louisette-marie-arnaud.org\/institution\/promouvoir\/promote-the-french-language-and-culture-and-transmit-the-french-language\u00a0\u00bb _builder_version=\u00a0\u00bb4.16&Prime; _module_preset=\u00a0\u00bbdefault\u00a0\u00bb global_colors_info=\u00a0\u00bb{}\u00a0\u00bb][\/et_pb_image][\/et_pb_column][et_pb_column type=\u00a0\u00bb1_3&Prime; _builder_version=\u00a0\u00bb4.16&Prime; _module_preset=\u00a0\u00bbdefault\u00a0\u00bb global_colors_info=\u00a0\u00bb{}\u00a0\u00bb][et_pb_image src=\u00a0\u00bbhttps:\/\/louisette-marie-arnaud.org\/institution\/wp-content\/uploads\/2022\/04\/Institution-Louisette-Marie-Arnaud-promouvoir-le-francais.png\u00a0\u00bb title_text=\u00a0\u00bbInstitution Louisette-Marie Arnaud -promouvoir le fran\u00e7ais\u00a0\u00bb url=\u00a0\u00bbhttps:\/\/louisette-marie-arnaud.org\/institution\/promouvoir\/promouvoir-la-langue-et-la-culture-francaise-et-transmettre-le-francais-fr\u00a0\u00bb _builder_version=\u00a0\u00bb4.16&Prime; _module_preset=\u00a0\u00bbdefault\u00a0\u00bb global_colors_info=\u00a0\u00bb{}\u00a0\u00bb][\/et_pb_image][\/et_pb_column][et_pb_column type=\u00a0\u00bb1_3&Prime; _builder_version=\u00a0\u00bb4.16&Prime; _module_preset=\u00a0\u00bbdefault\u00a0\u00bb global_colors_info=\u00a0\u00bb{}\u00a0\u00bb][et_pb_image src=\u00a0\u00bbhttps:\/\/louisette-marie-arnaud.org\/institution\/wp-content\/uploads\/2022\/04\/Institution-Louisette-Marie-Arnaud-promouvoir-le-francais-en-espagnol.png\u00a0\u00bb title_text=\u00a0\u00bbInstitution Louisette-Marie Arnaud-promouvoir le francais en espagnol\u00a0\u00bb url=\u00a0\u00bbhttps:\/\/louisette-marie-arnaud.org\/institution\/promouvoir\/promover-la-lengua-y-la-cultura-francesas-y-transmitir-el-frances\u00a0\u00bb _builder_version=\u00a0\u00bb4.16&Prime; _module_preset=\u00a0\u00bbdefault\u00a0\u00bb global_colors_info=\u00a0\u00bb{}\u00a0\u00bb][\/et_pb_image][\/et_pb_column][\/et_pb_row][et_pb_row _builder_version=\u00a0\u00bb4.16&Prime; _module_preset=\u00a0\u00bbdefault\u00a0\u00bb custom_margin=\u00a0\u00bb55px||||false|false\u00a0\u00bb custom_padding=\u00a0\u00bb30px|10px|30px|10px|true|true\u00a0\u00bb border_width_all=\u00a0\u00bb3px\u00a0\u00bb border_color_all=\u00a0\u00bb#8faadc\u00a0\u00bb global_colors_info=\u00a0\u00bb{}\u00a0\u00bb][et_pb_column type=\u00a0\u00bb4_4&Prime; _builder_version=\u00a0\u00bb4.16&Prime; _module_preset=\u00a0\u00bbdefault\u00a0\u00bb global_colors_info=\u00a0\u00bb{}\u00a0\u00bb][et_pb_text admin_label=\u00a0\u00bbPROMOUVOIR NOTRE ACTION INSTITUTIONNELLE\u00a0\u00bb _builder_version=\u00a0\u00bb4.27.4&Prime; _module_preset=\u00a0\u00bbdefault\u00a0\u00bb header_font=\u00a0\u00bb|700|||||||\u00a0\u00bb header_text_align=\u00a0\u00bbcenter\u00a0\u00bb header_text_color=\u00a0\u00bb#000000&Prime; header_font_size=\u00a0\u00bb32px\u00a0\u00bb header_line_height=\u00a0\u00bb2.5em\u00a0\u00bb header_2_font=\u00a0\u00bb|700|||||||\u00a0\u00bb header_2_text_align=\u00a0\u00bbcenter\u00a0\u00bb header_2_text_color=\u00a0\u00bb#000000&Prime; header_2_font_size=\u00a0\u00bb20px\u00a0\u00bb header_3_font=\u00a0\u00bb|700|||||||\u00a0\u00bb header_3_text_align=\u00a0\u00bbcenter\u00a0\u00bb header_3_text_color=\u00a0\u00bb#bf8f00&Prime; header_3_font_size=\u00a0\u00bb19px\u00a0\u00bb text_orientation=\u00a0\u00bbjustified\u00a0\u00bb custom_margin=\u00a0\u00bb||||false|false\u00a0\u00bb custom_padding=\u00a0\u00bb||||false|true\u00a0\u00bb border_color_all=\u00a0\u00bb#8faadc\u00a0\u00bb global_colors_info=\u00a0\u00bb{}\u00a0\u00bb]<\/p>\n<h1>PROMOUVOIR<\/h1>\n<h2>NOTRE ACTION INSTITUTIONNELLE<\/h2>\n<p>&nbsp;<\/p>\n<h3 style=\"padding: 0;\">PROMOUVOIR LA LANGUE ET LA CULTURE FRAN\u00c7AISES ET FAIRE RAYONNER LA FRANCE<\/h3>\n<p>&nbsp;<\/p>\n<p>La langue v\u00e9hicule la richesse de la culture d\u2019un pays, l\u2019apprendre, am\u00e9liorer sa pratique et l\u2019entretenir sont autant d\u2019atouts pour une meilleure compr\u00e9hension des traditions et des pratiques, notamment culturelles et artistiques, d\u2019une civilisation.<\/p>\n<p>L\u2019Institution Louisette-Marie Arnaud France a pour objectif de Promouvoir la langue et la culture fran\u00e7aise et faire rayonner la France.<\/p>\n<p>Notre axe culturel et \u00e9ducatif cherche \u00e0 \u00e9veiller l\u2019int\u00e9r\u00eat et la curiosit\u00e9 de la jeunesse par la volont\u00e9 de promouvoir, f\u00e9d\u00e9rer les intervenants et d\u00e9velopper la culture fran\u00e7aise \u00e0 travers la mise en valeur de l\u2019histoire, l\u2019art, l\u2019architecture, la forme de vie et la langue, en encourageant le fran\u00e7ais et sa pratique par des outils et des actions ludiques, menant \u00e0 susciter le plaisir de communiquer en fran\u00e7ais et faire rayonner la France.<\/p>\n<p>A cette fin, notre action est port\u00e9e essentiellement vers les \u00e9coles et dirig\u00e9e sur l\u2019adolescence :<br \/>\u2013 Nous cr\u00e9ons et organisons des \u00e9v\u00e8nements culturels interscolaires, faisant appel \u00e0 la curiosit\u00e9 d\u2019apprendre des \u00e9l\u00e8ves et \u00e0 leur talent collectif o\u00f9 le fran\u00e7ais et la culture fran\u00e7aise sont au centre du succ\u00e8s, autour de th\u00e8mes diff\u00e9rents qui sont choisis par l\u2019Institution Louisette-Marie Arnaud France chaque ann\u00e9e.<br \/>\u2013 Nous assurons aux lyc\u00e9es \u00e0 l\u2019\u00e9tranger, un support \u00e9ducatif dans l\u2019enseignement du fran\u00e7ais, faisant participer dans leurs cours, des professeurs de fran\u00e7ais depuis la France, se constituant en soutien de leurs enseignants, notamment dans le domaine phon\u00e9tique.<br \/>\u2013 Notre soutien prend aussi la forme d\u2019un m\u00e9c\u00e9nat, par l\u2019impl\u00e9mentation d\u2019\u00e9quipements technologiques pour les laboratoires de fran\u00e7ais et l\u2019incr\u00e9mentation de leur biblioth\u00e8que par des livres de formation et des ouvrages sp\u00e9cialis\u00e9s (cahiers de travail et livres) aux <a href=\"https:\/\/louisette-marie-arnaud.org\/institution\/action-promouvoir-ceremonie-2024-2025\">diff\u00e9rents niveaux d\u2019apprentissage du fran\u00e7ais<\/a> notamment : DELF et d\u00e9clinaisons.<br \/>\u2013 Notre Axe Culturel-Educatif d\u00e9ploie plusieurs dimensions \u00ab <a href=\"https:\/\/louisette-marie-arnaud.org\/institution\/action-promouvoir-ceremonie-2024-2025#francophonie\">Acad\u00e9mique et Francophonie<\/a> \u00bb \u00e0 travers nos 240 publications annuelles, qui mettent en valeur la langue fran\u00e7aise, la richesse culturelle et les \u00e9v\u00e9nements majeurs de la francophonie, diffus\u00e9s chaque semaine sur notre r\u00e9seau international <a href=\"https:\/\/www.linkedin.com\/company\/institution-louisette-marie-arnaud-pour-la-jeunesse\/\" target=\"_blank\" rel=\"noopener\">LinkedIn<\/a>.<br \/>\u00ab Culture et Rayonnement \u00bb : notre page internet ACTION PROMOUVOIR et notre <a href=\"https:\/\/www.youtube.com\/@fondationlouisettemariearnaud\" target=\"_blank\" rel=\"noopener\">Chaine YouTube institutionnelle<\/a>, illustrent la vitalit\u00e9 du rayonnement culturel fran\u00e7ais. Vid\u00e9os, \u00e9ditoriaux, concours, finalistes et laur\u00e9ats : depuis 2021, chaque initiative est valoris\u00e9e dans un espace vivant, multilingue et toujours actualis\u00e9, accessible \u00e0 tous.<br \/>\u00ab Communication et Jeunesse \u00bb : nos publications hebdomadaires sur <a href=\"https:\/\/www.facebook.com\/InstitutionLouisetteMarieArnaud\" target=\"_blank\" rel=\"noopener\">Facebook<\/a> prolongent cette mission en partageant la culture fran\u00e7aise aupr\u00e8s de la jeunesse et du monde entier.<\/p>\n<p>A travers la plateforme internet et \u00e0 l\u2019heure des avanc\u00e9es en mati\u00e8re du digital, nous ravivons ainsi l\u2019exp\u00e9rience du visiteur, lui permettant de plonger dans la culture fran\u00e7aise \u00e0 travers des vid\u00e9os : des chansons, de l\u2019environnement des rues, des caf\u00e9s et\/ou de sites mythiques pour cr\u00e9er encore des instants de bonheur et ouvrir l\u2019app\u00e9tit pour une d\u00e9couverte mieux construite et avec avenir.<\/p>\n<p><strong>Le Fran\u00e7ais : une langue vivante, un h\u00e9ritage partag\u00e9<\/strong><br \/>Promouvoir la langue fran\u00e7aise, c\u2019est avant tout rappeler qu\u2019elle n\u2019est pas seulement un instrument de communication, mais une porte ouverte sur un univers de pens\u00e9e et de sensibilit\u00e9. Chaque mot fran\u00e7ais porte en lui une histoire, chaque texte litt\u00e9raire r\u00e9sonne comme une passerelle entre les g\u00e9n\u00e9rations. En diffusant cette langue, nous offrons \u00e0 la jeunesse une cl\u00e9 d\u2019acc\u00e8s \u00e0 l\u2019un des patrimoines culturels les plus f\u00e9conds du monde.<\/p>\n<p><strong>La Culture fran\u00e7aise : un miroir de diversit\u00e9 et de cr\u00e9ativit\u00e9<\/strong><br \/>La culture fran\u00e7aise se distingue par sa capacit\u00e9 \u00e0 unir m\u00e9moire et modernit\u00e9. Elle n\u2019est pas fig\u00e9e dans le pass\u00e9, mais se r\u00e9invente sans cesse dans l\u2019art, la litt\u00e9rature, le cin\u00e9ma, la musique et les sciences humaines. L\u2019Institution Louisette-Marie Arnaud France entend valoriser cette vitalit\u00e9 cr\u00e9atrice : elle montre que le fran\u00e7ais n\u2019est pas seulement une langue de tradition, mais aussi une langue d\u2019innovation et de dialogue, tourn\u00e9e vers le monde contemporain.<\/p>\n<p><strong>La francophonie : un espace de dialogue universel<\/strong><br \/>Le rayonnement de la France se prolonge naturellement dans la francophonie, cette communaut\u00e9 de voix et de cultures qui partagent une langue et un imaginaire. En d\u00e9fendant la francophonie, nous d\u00e9fendons un id\u00e9al de pluralit\u00e9 culturelle et de solidarit\u00e9 internationale. Chaque projet men\u00e9 par notre institution vise \u00e0 inscrire la langue fran\u00e7aise dans ce r\u00e9seau plan\u00e9taire o\u00f9 s\u2019\u00e9changent savoirs, valeurs et esp\u00e9rances communes.<\/p>\n<p><strong>\u00c9ducation et transmission : former par le savoir et l\u2019exp\u00e9rience<\/strong><br \/>Au-del\u00e0 de l\u2019enseignement linguistique, notre mission \u00e9ducative s\u2019attache \u00e0 d\u00e9velopper l\u2019esprit critique, la cr\u00e9ativit\u00e9 et la sensibilit\u00e9 culturelle. Loin d\u2019une simple p\u00e9dagogie acad\u00e9mique, il s\u2019agit d\u2019ouvrir \u00e0 l\u2019adolescent des horizons plus larges : apprendre une langue pour oser \u00e9crire, imaginer, d\u00e9battre, et prendre place dans la soci\u00e9t\u00e9. La langue fran\u00e7aise devient alors une arme douce au service de l\u2019\u00e9mancipation intellectuelle.<\/p>\n<p><strong>Une mission qui conjugue humanisme et avenir<\/strong><br \/>En promouvant la langue et la culture fran\u00e7aises, l\u2019Institution Louisette-Marie Arnaud France poursuit une ambition profond\u00e9ment humaniste : permettre \u00e0 la jeunesse de s\u2019approprier une langue de pens\u00e9e et de cr\u00e9ation, afin qu\u2019elle puisse, \u00e0 son tour, participer au dialogue universel des cultures. Car faire rayonner la France, ce n\u2019est pas seulement transmettre son patrimoine, c\u2019est aussi inviter le monde \u00e0 partager ses valeurs de libert\u00e9, de beaut\u00e9 et d\u2019ouverture.<\/p>\n<p style=\"text-align: center; color: #bf8f00;\"><strong>C\u2019est de cette fa\u00e7on dont l\u2019Institution Louisette-Marie Arnaud France veut Semer des graines et Agir pour le Futur.<\/strong><\/p>\n<p>[\/et_pb_text][\/et_pb_column][\/et_pb_row][et_pb_row _builder_version=\u00a0\u00bb4.16&Prime; _module_preset=\u00a0\u00bbdefault\u00a0\u00bb custom_margin=\u00a0\u00bb25px||||false|false\u00a0\u00bb global_colors_info=\u00a0\u00bb{}\u00a0\u00bb][et_pb_column type=\u00a0\u00bb4_4&Prime; _builder_version=\u00a0\u00bb4.16&Prime; _module_preset=\u00a0\u00bbdefault\u00a0\u00bb global_colors_info=\u00a0\u00bb{}\u00a0\u00bb][et_pb_video src=\u00a0\u00bbhttps:\/\/www.youtube.com\/watch?v=E1JFr-6IARA\u00a0\u00bb _builder_version=\u00a0\u00bb4.16&Prime; _module_preset=\u00a0\u00bbdefault\u00a0\u00bb global_colors_info=\u00a0\u00bb{}\u00a0\u00bb][\/et_pb_video][\/et_pb_column][\/et_pb_row][et_pb_row admin_label=\u00a0\u00bbActualit\u00e9 des actions : le concours 2025&Prime; _builder_version=\u00a0\u00bb4.17.3&Prime; _module_preset=\u00a0\u00bbdefault\u00a0\u00bb background_color=\u00a0\u00bb#8FAADC\u00a0\u00bb background_enable_image=\u00a0\u00bboff\u00a0\u00bb background_size=\u00a0\u00bbinitial\u00a0\u00bb background_position=\u00a0\u00bbtop_right\u00a0\u00bb custom_margin=\u00a0\u00bb40px||10px||false|false\u00a0\u00bb custom_padding=\u00a0\u00bb30px|40px|20px|40px|false|true\u00a0\u00bb locked=\u00a0\u00bboff\u00a0\u00bb global_colors_info=\u00a0\u00bb{}\u00a0\u00bb][et_pb_column type=\u00a0\u00bb4_4&Prime; _builder_version=\u00a0\u00bb4.17.3&Prime; _module_preset=\u00a0\u00bbdefault\u00a0\u00bb global_colors_info=\u00a0\u00bb{}\u00a0\u00bb][et_pb_text admin_label=\u00a0\u00bbNOTRE ACTION\u00a0\u00bb _builder_version=\u00a0\u00bb4.27.4&Prime; _module_preset=\u00a0\u00bbdefault\u00a0\u00bb text_text_color=\u00a0\u00bb#FFFFFF\u00a0\u00bb text_font_size=\u00a0\u00bb16px\u00a0\u00bb link_font=\u00a0\u00bb||||on||||\u00a0\u00bb link_text_color=\u00a0\u00bb#002060&Prime; background_enable_color=\u00a0\u00bboff\u00a0\u00bb background_image=\u00a0\u00bbhttps:\/\/louisette-marie-arnaud.org\/institution\/wp-content\/uploads\/2022\/04\/Coeur.jpg\u00a0\u00bb background_size=\u00a0\u00bbinitial\u00a0\u00bb background_position=\u00a0\u00bbtop_right\u00a0\u00bb text_orientation=\u00a0\u00bbcenter\u00a0\u00bb custom_margin=\u00a0\u00bb||4px||false|false\u00a0\u00bb custom_padding=\u00a0\u00bb0px|10px|0px|10px|false|true\u00a0\u00bb global_colors_info=\u00a0\u00bb{}\u00a0\u00bb]<\/p>\n<p><strong>NOTRE ACTION : PROMOUVOIR LA LANGUE ET LA CULTURE FRANCAISE<br \/><\/strong><strong>ET TRANSMETTRE LE FRAN\u00c7AIS <\/strong><\/p>\n<p>Concours Culturel-Educatif Institution Louisette-Marie Arnaud France 2024-2025 au P\u00e9rou<\/p>\n<p>[\/et_pb_text][dsm_typing_effect before_typing_effect=\u00a0\u00bbSur le th\u00e8me :\u00a0\u00bb typing_effect=\u00a0\u00bbHistoire de l\u2019\u00e9volution des grandes id\u00e9es fran\u00e7aises. De l\u2019humanisme de Montaigne aux hommes et aux femmes du si\u00e8cle de lumi\u00e8re. R\u00e9daction en fran\u00e7ais. Quatri\u00e8me Edition au P\u00e9rou.\u00a0\u00bb admin_label=\u00a0\u00bbSupreme Typing \u00a0\u00bb _builder_version=\u00a0\u00bb4.27.4&Prime; _module_preset=\u00a0\u00bbdefault\u00a0\u00bb header_text_align=\u00a0\u00bbcenter\u00a0\u00bb header_text_color=\u00a0\u00bb#FFFFFF\u00a0\u00bb header_font_size=\u00a0\u00bb16px\u00a0\u00bb custom_margin=\u00a0\u00bb0px||20px||false|false\u00a0\u00bb custom_padding=\u00a0\u00bb0px||0px||true|false\u00a0\u00bb global_colors_info=\u00a0\u00bb{}\u00a0\u00bb][\/dsm_typing_effect][et_pb_text disabled_on=\u00a0\u00bbon|off|off\u00a0\u00bb admin_label=\u00a0\u00bbFinalistes concours 2025&Prime; _builder_version=\u00a0\u00bb4.27.4&Prime; _module_preset=\u00a0\u00bbdefault\u00a0\u00bb text_text_color=\u00a0\u00bb#FFFFFF\u00a0\u00bb text_font_size=\u00a0\u00bb16px\u00a0\u00bb link_font=\u00a0\u00bb||||on||||\u00a0\u00bb link_text_color=\u00a0\u00bb#002060&Prime; background_enable_color=\u00a0\u00bboff\u00a0\u00bb background_enable_image=\u00a0\u00bboff\u00a0\u00bb background_size=\u00a0\u00bbinitial\u00a0\u00bb background_position=\u00a0\u00bbtop_right\u00a0\u00bb text_orientation=\u00a0\u00bbcenter\u00a0\u00bb custom_margin=\u00a0\u00bb||40px||false|false\u00a0\u00bb custom_padding=\u00a0\u00bb0px|10px|0px|10px|false|true\u00a0\u00bb global_colors_info=\u00a0\u00bb{}\u00a0\u00bb]<strong><a href=\"https:\/\/louisette-marie-arnaud.org\/institution\/action-promouvoir-finalistes-2024\">Finalistes au Concours Interscolaire et textes en comp\u00e9tition<\/a><\/strong><br \/>\nParticipation remarqu\u00e9e : IEP Mixte Santa Teresita de Surco &#8211; Lima [\/et_pb_text][et_pb_text admin_label=\u00a0\u00bbFinalistes titre\u00a0\u00bb _builder_version=\u00a0\u00bb4.27.4&Prime; _module_preset=\u00a0\u00bbdefault\u00a0\u00bb text_text_color=\u00a0\u00bb#FFFFFF\u00a0\u00bb text_font_size=\u00a0\u00bb16px\u00a0\u00bb link_font=\u00a0\u00bb||||on||||\u00a0\u00bb link_text_color=\u00a0\u00bb#002060&Prime; background_enable_color=\u00a0\u00bboff\u00a0\u00bb background_enable_image=\u00a0\u00bboff\u00a0\u00bb background_size=\u00a0\u00bbinitial\u00a0\u00bb background_position=\u00a0\u00bbtop_right\u00a0\u00bb text_orientation=\u00a0\u00bbcenter\u00a0\u00bb custom_margin=\u00a0\u00bb|||-533px|false|false\u00a0\u00bb custom_padding=\u00a0\u00bb0px|10px|0px|10px|false|true\u00a0\u00bb global_colors_info=\u00a0\u00bb{}\u00a0\u00bb]<\/p>\n<p style=\"text-align: center;\">Finalistes :<\/p>\n<p>[\/et_pb_text][et_pb_text disabled_on=\u00a0\u00bbon|off|off\u00a0\u00bb admin_label=\u00a0\u00bbFinalistes liste\u00a0\u00bb _builder_version=\u00a0\u00bb4.27.4&Prime; _module_preset=\u00a0\u00bbdefault\u00a0\u00bb text_text_color=\u00a0\u00bb#FFFFFF\u00a0\u00bb text_font_size=\u00a0\u00bb16px\u00a0\u00bb link_font=\u00a0\u00bb||||on||||\u00a0\u00bb link_text_color=\u00a0\u00bb#002060&Prime; background_enable_color=\u00a0\u00bboff\u00a0\u00bb background_enable_image=\u00a0\u00bboff\u00a0\u00bb background_size=\u00a0\u00bbinitial\u00a0\u00bb background_position=\u00a0\u00bbtop_right\u00a0\u00bb text_orientation=\u00a0\u00bbcenter\u00a0\u00bb custom_margin=\u00a0\u00bb-50px||||false|false\u00a0\u00bb custom_padding=\u00a0\u00bb0px|10px|0px|10px|false|true\u00a0\u00bb global_colors_info=\u00a0\u00bb{}\u00a0\u00bb]<\/p>\n<p>IEP San Andres de Cajamarca \u2013 El\u00e9mentaire<\/p>\n<p>IEP San Antonio de Padua de Tarapoto \u2013 5\u00e8me primaire (1)<\/p>\n<p>IEP Santa Teresita de Surco \u2013 Lima 3\u00e8me Secondaire<\/p>\n<p>IEP San Andres de Cajamarca \u2013 D\u00e9butants<\/p>\n<p>IEP Clemente Althaus School de San Miguel \u2013 Lima<\/p>\n<p>IEP Peruano Franc\u00e9s Jean Harzic d\u2019Arequipa 3\u00e8me Secondaire<\/p>\n<p>IEP Benjamin Barton del Rimac\u2013 Lima<\/p>\n<p>IEP San Antonio de Padua de Tarapoto \u2013 5\u00e8me Primaire (2)<\/p>\n<p>IEP Kenn Opperman de San Juan de Lurigancho \u2013 Lima<\/p>\n<p>IEP San Andres de Cajamarca \u2013 Niveau Interm\u00e9diaire<\/p>\n<p><a href=\"https:\/\/louisette-marie-arnaud.org\/institution\/action-promouvoir-laureats-2024-2025\"><strong>Laur\u00e9at \u00e0 la Quatri\u00e8me Edition Interscolaire<\/strong><\/a><br \/>PREMIERE PLACE : IEP SAN ANTONIO DE PADUA de Tarapoto au P\u00e9rou<\/p>\n<p>DEUXIEME PLACE : IEP PERUANO FRANCES JEAN HARZIC d\u2019Arequipa au P\u00e9rou<\/p>\n<p>TROISIEME PLACE : IEP CLEMENTE ALTHAUS de San Miguel-Lima au P\u00e9rou<\/p>\n<p><a href=\"https:\/\/louisette-marie-arnaud.org\/institution\/action-promouvoir-ceremonie-2024-2025\"><strong>C\u00e9r\u00e9monie et Prix Concours-Culturel Educatif Institution Louisette-Marie Arnaud France 2024-2025<\/strong><\/a><br \/>Institution Louisette-Marie Arnaud pour la jeunesse<br \/>Semer des Graines et Agir pour le Futur\u2026<\/p>\n<p>[\/et_pb_text][et_pb_text disabled_on=\u00a0\u00bboff|on|on\u00a0\u00bb admin_label=\u00a0\u00bbLaur\u00e9at \u00e0 la Quatri\u00e8me Edition Interscolaire 2025&Prime; _builder_version=\u00a0\u00bb4.27.4&Prime; _module_preset=\u00a0\u00bbdefault\u00a0\u00bb text_text_color=\u00a0\u00bb#FFFFFF\u00a0\u00bb text_font_size=\u00a0\u00bb16px\u00a0\u00bb link_font=\u00a0\u00bb||||on||||\u00a0\u00bb link_text_color=\u00a0\u00bb#002060&Prime; background_enable_color=\u00a0\u00bboff\u00a0\u00bb background_enable_image=\u00a0\u00bboff\u00a0\u00bb background_size=\u00a0\u00bbinitial\u00a0\u00bb background_position=\u00a0\u00bbtop_right\u00a0\u00bb text_orientation=\u00a0\u00bbcenter\u00a0\u00bb custom_margin=\u00a0\u00bb||||false|false\u00a0\u00bb custom_padding=\u00a0\u00bb0px|10px|0px|10px|false|true\u00a0\u00bb global_colors_info=\u00a0\u00bb{}\u00a0\u00bb]<\/p>\n<p><strong><a href=\"https:\/\/louisette-marie-arnaud.org\/institution\/action-promouvoir-laureats-2024-2025\">Finalistes au Concours Interscolaire et textes en comp\u00e9tition<\/a><\/strong><br \/>Participation remarqu\u00e9e : IEP Peruano Franc\u00e9s Jean Harzic de Arequipa au P\u00e9rou<\/p>\n<p>[\/et_pb_text][et_pb_text disabled_on=\u00a0\u00bboff|on|on\u00a0\u00bb admin_label=\u00a0\u00bbLaur\u00e9ats liste\u00a0\u00bb _builder_version=\u00a0\u00bb4.27.4&Prime; _module_preset=\u00a0\u00bbdefault\u00a0\u00bb text_text_color=\u00a0\u00bb#FFFFFF\u00a0\u00bb text_font_size=\u00a0\u00bb16px\u00a0\u00bb link_font=\u00a0\u00bb||||on||||\u00a0\u00bb link_text_color=\u00a0\u00bb#002060&Prime; background_enable_color=\u00a0\u00bboff\u00a0\u00bb background_enable_image=\u00a0\u00bboff\u00a0\u00bb background_size=\u00a0\u00bbinitial\u00a0\u00bb background_position=\u00a0\u00bbtop_right\u00a0\u00bb text_orientation=\u00a0\u00bbcenter\u00a0\u00bb custom_margin=\u00a0\u00bb||||false|false\u00a0\u00bb custom_padding=\u00a0\u00bb|10px|0px|10px|false|true\u00a0\u00bb global_colors_info=\u00a0\u00bb{}\u00a0\u00bb]<\/p>\n<p style=\"text-align: center;\">Finalistes :<\/p>\n<p style=\"text-align: center;\">IEP Benjamin Barton de Lima au P\u00e9rou<\/p>\n<p style=\"text-align: center;\">IEP San Andres de Cajamarca au P\u00e9rou<\/p>\n<p style=\"text-align: center;\">IEP Cl\u00e9mente Althaus de Lima au P\u00e9rou<\/p>\n<p style=\"text-align: center;\">IEP Kenn Oppermann de Lima au P\u00e9rou<\/p>\n<p style=\"text-align: center;\">CEP San Antonio de Padua de Tarapoto au P\u00e9rou<\/p>\n<p style=\"text-align: center;\"><a href=\"https:\/\/louisette-marie-arnaud.org\/institution\/action-promouvoir-laureats-2023\"><strong>Laur\u00e9at \u00e0 la Troisi\u00e8me Edition Interscolaire<\/strong><\/a><br \/>Premi\u00e8re place \u00e0 \u00e9galit\u00e9 : IEP San Andres de Cajamarca au P\u00e9rou &#8211; IEP Kenn Oppermann de Lima au P\u00e9rou<\/p>\n<p style=\"text-align: center;\">Deuxi\u00e8me place : IEP Benjamin Barton de Lima au P\u00e9rou<\/p>\n<p style=\"text-align: center;\">Troisi\u00e8me place \u00e0 \u00e9galit\u00e9 avec Mention Bien : IEP CLEMENTE ALTHAUS de San Miguel \u2013 IEP SAN ANDRES de Cajamarca<\/p>\n<p style=\"text-align: center;\"><a href=\"https:\/\/louisette-marie-arnaud.org\/institution\/action-promouvoir-ceremonie-2023-2024\"><strong>C\u00e9r\u00e9monie et Prix Concours-Culturel Educatif Institution Louisette-Marie Arnaud France 2023-2024<\/strong><\/a><br \/>Institution Louisette-Marie Arnaud France, pour la jeunesse<br \/>Semer des Graines et Agir pour le Futur\u2026<\/p>\n<p>[\/et_pb_text][et_pb_text admin_label=\u00a0\u00bbPr\u00e9c\u00e9dents concours\u00a0\u00bb _builder_version=\u00a0\u00bb4.27.4&Prime; _module_preset=\u00a0\u00bbdefault\u00a0\u00bb text_text_color=\u00a0\u00bb#FFFFFF\u00a0\u00bb text_font_size=\u00a0\u00bb12px\u00a0\u00bb text_line_height=\u00a0\u00bb1.2em\u00a0\u00bb link_font=\u00a0\u00bb||||on||||\u00a0\u00bb link_text_color=\u00a0\u00bb#002060&Prime; background_enable_color=\u00a0\u00bboff\u00a0\u00bb background_enable_image=\u00a0\u00bboff\u00a0\u00bb background_size=\u00a0\u00bbinitial\u00a0\u00bb background_position=\u00a0\u00bbtop_right\u00a0\u00bb text_orientation=\u00a0\u00bbcenter\u00a0\u00bb custom_padding=\u00a0\u00bb0px|10px|0px|10px|false|true\u00a0\u00bb global_colors_info=\u00a0\u00bb{}\u00a0\u00bb]<\/p>\n<p style=\"text-align: left;\">Concours Culturel- Educatif Institution Louisette-Marie Arnaud France 2023-2024 :<br \/><a href=\"https:\/\/louisette-marie-arnaud.org\/institution\/action-promouvoir-finalistes-2023\"><b>Finalistes<\/b><\/a><br \/><a href=\"https:\/\/louisette-marie-arnaud.org\/institution\/action-promouvoir-laureats-2023-2024\"><b>Laur\u00e9ats<\/b><\/a><br \/><a href=\"https:\/\/louisette-marie-arnaud.org\/institution\/action-promouvoir-laureats-2023-2024\"><b>C\u00e9r\u00e9monie<\/b><\/a><\/p>\n<p style=\"text-align: left;\">Concours Culturel- Educatif Institution Louisette-Marie Arnaud France 2022-2023 :<br \/><a href=\"https:\/\/louisette-marie-arnaud.org\/institution\/action-promouvoir-finalistes-2022\"><b>Finalistes<\/b><\/a><br \/><a href=\"https:\/\/louisette-marie-arnaud.org\/institution\/action-promouvoir-laureats-2022\"><b>Laur\u00e9ats<\/b><\/a><br \/><a href=\"https:\/\/louisette-marie-arnaud.org\/institution\/institution-louisette-marie-arnaud-remise-des-prix-2022-2023\"><b>C\u00e9r\u00e9monie<\/b><\/a><\/p>\n<p style=\"text-align: left;\">Concours Culturel- Educatif Institution Louisette-Marie Arnaud France 2021-2022 :<br \/><a href=\"https:\/\/louisette-marie-arnaud.org\/institution\/action-promouvoir-finalistes\"><b>Finalistes<\/b><\/a><br \/><a href=\"https:\/\/louisette-marie-arnaud.org\/institution\/action-promouvoir-laureats\"><b>Laur\u00e9ats<\/b><\/a><br \/><a href=\"https:\/\/louisette-marie-arnaud.org\/institution\/institution-louisette-marie-arnaud-remise-des-prix-2021-2022\"><b>C\u00e9r\u00e9monie<\/b><\/a><\/p>\n<p>[\/et_pb_text][\/et_pb_column][\/et_pb_row][\/et_pb_section][et_pb_section fb_built=\u00a0\u00bb1&Prime; make_equal=\u00a0\u00bbon\u00a0\u00bb use_custom_gutter=\u00a0\u00bbon\u00a0\u00bb gutter_width=\u00a0\u00bb2&Prime; specialty=\u00a0\u00bbon\u00a0\u00bb background_color_2=\u00a0\u00bb#8faadc\u00a0\u00bb padding_top_2=\u00a0\u00bb10px\u00a0\u00bb padding_right_2=\u00a0\u00bb15px\u00a0\u00bb padding_bottom_2=\u00a0\u00bb10px\u00a0\u00bb padding_left_2=\u00a0\u00bb15px\u00a0\u00bb padding_top_bottom_link_2=\u00a0\u00bbtrue\u00a0\u00bb padding_left_right_link_2=\u00a0\u00bbtrue\u00a0\u00bb padding_2_tablet=\u00a0\u00bb10px||10px||true|false\u00a0\u00bb padding_2_phone=\u00a0\u00bb10px||10px||true|false\u00a0\u00bb padding_2_last_edited=\u00a0\u00bbon|phone\u00a0\u00bb _builder_version=\u00a0\u00bb4.16&Prime; _module_preset=\u00a0\u00bbdefault\u00a0\u00bb da_disable_devices=\u00a0\u00bboff|off|off\u00a0\u00bb collapsed=\u00a0\u00bbon\u00a0\u00bb global_colors_info=\u00a0\u00bb{}\u00a0\u00bb da_is_popup=\u00a0\u00bboff\u00a0\u00bb da_exit_intent=\u00a0\u00bboff\u00a0\u00bb da_has_close=\u00a0\u00bbon\u00a0\u00bb da_alt_close=\u00a0\u00bboff\u00a0\u00bb da_dark_close=\u00a0\u00bboff\u00a0\u00bb da_not_modal=\u00a0\u00bbon\u00a0\u00bb da_is_singular=\u00a0\u00bboff\u00a0\u00bb da_with_loader=\u00a0\u00bboff\u00a0\u00bb da_has_shadow=\u00a0\u00bbon\u00a0\u00bb][et_pb_column type=\u00a0\u00bb1_2&Prime; specialty_columns=\u00a0\u00bb2&Prime; _builder_version=\u00a0\u00bb4.16&Prime; custom_padding=\u00a0\u00bb|||\u00a0\u00bb global_colors_info=\u00a0\u00bb{}\u00a0\u00bb custom_padding__hover=\u00a0\u00bb|||\u00a0\u00bb][et_pb_row_inner _builder_version=\u00a0\u00bb4.16&Prime; _module_preset=\u00a0\u00bbdefault\u00a0\u00bb custom_padding=\u00a0\u00bb0px||||false|false\u00a0\u00bb global_colors_info=\u00a0\u00bb{}\u00a0\u00bb][et_pb_column_inner saved_specialty_column_type=\u00a0\u00bb1_2&Prime; _builder_version=\u00a0\u00bb4.16&Prime; _module_preset=\u00a0\u00bbdefault\u00a0\u00bb global_colors_info=\u00a0\u00bb{}\u00a0\u00bb][et_pb_text admin_label=\u00a0\u00bbNOS VALEURS\u00a0\u00bb _builder_version=\u00a0\u00bb4.16&Prime; _module_preset=\u00a0\u00bbdefault\u00a0\u00bb text_text_color=\u00a0\u00bb#FFFFFF\u00a0\u00bb text_font_size=\u00a0\u00bb16px\u00a0\u00bb background_color=\u00a0\u00bb#8faadc\u00a0\u00bb custom_padding=\u00a0\u00bb30px|10px|60px|10px|false|true\u00a0\u00bb global_colors_info=\u00a0\u00bb{}\u00a0\u00bb]<\/p>\n<p style=\"text-align: center;\"><strong>NOS VALEURS<\/strong><\/p>\n<p style=\"text-align: justify;\">Nous sommes une institution loi 1901 \u00e0 caract\u00e8re international ind\u00e9pendante de tout pouvoir ou d\u2019int\u00e9r\u00eat politique, religieux ou financier, dans le choix de nos programmes et de nos m\u00e9thodes de travail. Nous refusons toute subordination et privil\u00e9gions le dialogue avec les personnes et les partenaires aupr\u00e8s desquels nous travaillons<\/p>\n<p>[\/et_pb_text][\/et_pb_column_inner][\/et_pb_row_inner][et_pb_row_inner _builder_version=\u00a0\u00bb4.16&Prime; _module_preset=\u00a0\u00bbdefault\u00a0\u00bb custom_padding=\u00a0\u00bb10px||10px||true|true\u00a0\u00bb border_width_all=\u00a0\u00bb3px\u00a0\u00bb border_color_all=\u00a0\u00bb#8faadc\u00a0\u00bb global_colors_info=\u00a0\u00bb{}\u00a0\u00bb][et_pb_column_inner saved_specialty_column_type=\u00a0\u00bb1_2&Prime; _builder_version=\u00a0\u00bb4.16&Prime; _module_preset=\u00a0\u00bbdefault\u00a0\u00bb global_colors_info=\u00a0\u00bb{}\u00a0\u00bb][et_pb_text admin_label=\u00a0\u00bbL\u2019OPERA ET LES THEATRES\u00a0\u00bb _builder_version=\u00a0\u00bb4.16&Prime; _module_preset=\u00a0\u00bbdefault\u00a0\u00bb text_text_color=\u00a0\u00bb#000000&Prime; text_font_size=\u00a0\u00bb28px\u00a0\u00bb text_orientation=\u00a0\u00bbcenter\u00a0\u00bb global_colors_info=\u00a0\u00bb{}\u00a0\u00bb]<\/p>\n<p>L\u2019OPERA ET LES THEATRES<\/p>\n<p>[\/et_pb_text][et_pb_text admin_label=\u00a0\u00bbliens\u00a0\u00bb _builder_version=\u00a0\u00bb4.16&Prime; _module_preset=\u00a0\u00bbdefault\u00a0\u00bb text_orientation=\u00a0\u00bbcenter\u00a0\u00bb custom_margin=\u00a0\u00bb10px||10px||true|false\u00a0\u00bb global_colors_info=\u00a0\u00bb{}\u00a0\u00bb]<\/p>\n<p><a href=\"https:\/\/www.theatredelaville-paris.com\/fr\/lieux\/theatre-du-chatelet\">Le th\u00e9\u00e2tre du Ch\u00e2telet<\/a><\/p>\n<p><a href=\"https:\/\/www.comedie-francaise.fr\/\">La Com\u00e9die Fran\u00e7aise<\/a><\/p>\n<p><a href=\"https:\/\/www.athenee-theatre.com\/\">Th\u00e9\u00e2tre de l\u2019Ath\u00e9n\u00e9e Louis-Jouvet \u00a0<\/a><\/p>\n<p><a href=\"https:\/\/www.theatredescelestins.com\/\">Le Th\u00e9\u00e2tre des c\u00e9lestins, Lyon<\/a><\/p>\n<p><a href=\"https:\/\/www.theatredunord.fr\/\">Le Th\u00e9\u00e2tre du Nord, Lille<\/a><\/p>\n<p><a href=\"http:\/\/www.palais-des-papes.com\/fr\">Le Palais des Papes<\/a><\/p>\n<p><a href=\"https:\/\/www.operadeparis.fr\/visites\/opera-bastille\">L\u2019Op\u00e9ra National de Paris \u2013 Op\u00e9ra Bastille<\/a><\/p>\n<p><a href=\"https:\/\/www.operadeparis.fr\/\">Le Palais Garnier \u2013 Op\u00e9ra de Paris<\/a><\/p>\n<p><a href=\"https:\/\/www.theatre-atelier.com\/\">Le th\u00e9\u00e2tre de l\u2019Atelier<\/a><\/p>\n<p>\u2026<\/p>\n<p>[\/et_pb_text][\/et_pb_column_inner][\/et_pb_row_inner][\/et_pb_column][et_pb_column type=\u00a0\u00bb1_2&Prime; _builder_version=\u00a0\u00bb4.16&Prime; custom_padding=\u00a0\u00bb|||\u00a0\u00bb global_colors_info=\u00a0\u00bb{}\u00a0\u00bb custom_padding__hover=\u00a0\u00bb|||\u00a0\u00bb][et_pb_image src=\u00a0\u00bbhttps:\/\/louisette-marie-arnaud.org\/institution\/wp-content\/uploads\/2021\/08\/Loulou-Aeroport&#8211;768&#215;1024.jpg\u00a0\u00bb title_text=\u00a0\u00bbLoulou Aeroport\u00a0\u00bb _builder_version=\u00a0\u00bb4.16&Prime; _module_preset=\u00a0\u00bbdefault\u00a0\u00bb custom_margin=\u00a0\u00bb0px||0px||false|false\u00a0\u00bb border_color_all=\u00a0\u00bb#8faadc\u00a0\u00bb global_colors_info=\u00a0\u00bb{}\u00a0\u00bb][\/et_pb_image][\/et_pb_column][\/et_pb_section][et_pb_section fb_built=\u00a0\u00bb1&Prime; _builder_version=\u00a0\u00bb4.16&Prime; _module_preset=\u00a0\u00bbdefault\u00a0\u00bb da_disable_devices=\u00a0\u00bboff|off|off\u00a0\u00bb global_colors_info=\u00a0\u00bb{}\u00a0\u00bb da_is_popup=\u00a0\u00bboff\u00a0\u00bb da_exit_intent=\u00a0\u00bboff\u00a0\u00bb da_has_close=\u00a0\u00bbon\u00a0\u00bb da_alt_close=\u00a0\u00bboff\u00a0\u00bb da_dark_close=\u00a0\u00bboff\u00a0\u00bb da_not_modal=\u00a0\u00bbon\u00a0\u00bb da_is_singular=\u00a0\u00bboff\u00a0\u00bb da_with_loader=\u00a0\u00bboff\u00a0\u00bb da_has_shadow=\u00a0\u00bbon\u00a0\u00bb][et_pb_row column_structure=\u00a0\u00bb1_2,1_2&Prime; use_custom_gutter=\u00a0\u00bbon\u00a0\u00bb gutter_width=\u00a0\u00bb2&Prime; make_equal=\u00a0\u00bbon\u00a0\u00bb module_class=\u00a0\u00bbrowEqualHeight\u00a0\u00bb _builder_version=\u00a0\u00bb4.16&Prime; _module_preset=\u00a0\u00bbdefault\u00a0\u00bb global_colors_info=\u00a0\u00bb{}\u00a0\u00bb][et_pb_column type=\u00a0\u00bb1_2&Prime; module_class=\u00a0\u00bbrowEqualHeightCol rowEqualHeightColCenter\u00a0\u00bb _builder_version=\u00a0\u00bb4.16&Prime; _module_preset=\u00a0\u00bbdefault\u00a0\u00bb border_width_all=\u00a0\u00bb3px\u00a0\u00bb border_color_all=\u00a0\u00bb#8faadc\u00a0\u00bb global_colors_info=\u00a0\u00bb{}\u00a0\u00bb][et_pb_text _builder_version=\u00a0\u00bb4.16&Prime; _module_preset=\u00a0\u00bbdefault\u00a0\u00bb text_font=\u00a0\u00bb||||||||\u00a0\u00bb text_text_color=\u00a0\u00bb#000000&Prime; text_font_size=\u00a0\u00bb28px\u00a0\u00bb text_orientation=\u00a0\u00bbcenter\u00a0\u00bb custom_margin=\u00a0\u00bb||||false|false\u00a0\u00bb custom_padding=\u00a0\u00bb10px||||false|false\u00a0\u00bb global_colors_info=\u00a0\u00bb{}\u00a0\u00bb]Clips ZAZ avec visite de Paris[\/et_pb_text][et_pb_image src=\u00a0\u00bbhttps:\/\/louisette-marie-arnaud.org\/institution\/wp-content\/uploads\/2021\/09\/Capture-Sous-le-Ciel-de-Paris.jpg\u00a0\u00bb title_text=\u00a0\u00bbSous le ciel de Paris\u00a0\u00bb url=\u00a0\u00bbhttps:\/\/youtu.be\/ydtryV65UGk\u00a0\u00bb url_new_window=\u00a0\u00bbon\u00a0\u00bb align=\u00a0\u00bbcenter\u00a0\u00bb _builder_version=\u00a0\u00bb4.16&Prime; _module_preset=\u00a0\u00bbdefault\u00a0\u00bb max_width=\u00a0\u00bb140px\u00a0\u00bb module_alignment=\u00a0\u00bbcenter\u00a0\u00bb global_colors_info=\u00a0\u00bb{}\u00a0\u00bb][\/et_pb_image][et_pb_image src=\u00a0\u00bbhttps:\/\/louisette-marie-arnaud.org\/institution\/wp-content\/uploads\/2021\/09\/ZAZ-Paris-sera-toujours-Paris.jpg\u00a0\u00bb title_text=\u00a0\u00bbZAZ &#8211; Paris sera toujours Paris\u00a0\u00bb url=\u00a0\u00bbhttps:\/\/www.youtube.com\/watch?v=tmiI98EG1Fo\u00a0\u00bb url_new_window=\u00a0\u00bbon\u00a0\u00bb align=\u00a0\u00bbcenter\u00a0\u00bb _builder_version=\u00a0\u00bb4.16&Prime; _module_preset=\u00a0\u00bbdefault\u00a0\u00bb max_width=\u00a0\u00bb140px\u00a0\u00bb module_alignment=\u00a0\u00bbcenter\u00a0\u00bb global_colors_info=\u00a0\u00bb{}\u00a0\u00bb][\/et_pb_image][et_pb_image src=\u00a0\u00bbhttps:\/\/louisette-marie-arnaud.org\/institution\/wp-content\/uploads\/2021\/09\/ZAZ-Dans-mon-Paris.jpg\u00a0\u00bb title_text=\u00a0\u00bbZAZ &#8211; Dans mon Paris\u00a0\u00bb url=\u00a0\u00bbhttps:\/\/youtu.be\/M2b4LHfEgx4&Prime; url_new_window=\u00a0\u00bbon\u00a0\u00bb align=\u00a0\u00bbcenter\u00a0\u00bb _builder_version=\u00a0\u00bb4.16&Prime; _module_preset=\u00a0\u00bbdefault\u00a0\u00bb max_width=\u00a0\u00bb140px\u00a0\u00bb module_alignment=\u00a0\u00bbcenter\u00a0\u00bb custom_margin_tablet=\u00a0\u00bb||20px||false|false\u00a0\u00bb custom_margin_phone=\u00a0\u00bb\u00a0\u00bb custom_margin_last_edited=\u00a0\u00bbon|tablet\u00a0\u00bb global_colors_info=\u00a0\u00bb{}\u00a0\u00bb][\/et_pb_image][\/et_pb_column][et_pb_column type=\u00a0\u00bb1_2&Prime; module_class=\u00a0\u00bbrowEqualHeightCol\u00a0\u00bb _builder_version=\u00a0\u00bb4.16&Prime; _module_preset=\u00a0\u00bbdefault\u00a0\u00bb custom_padding=\u00a0\u00bb||20px||false|false\u00a0\u00bb border_width_all=\u00a0\u00bb3px\u00a0\u00bb border_color_all=\u00a0\u00bb#8faadc\u00a0\u00bb global_colors_info=\u00a0\u00bb{}\u00a0\u00bb][et_pb_text _builder_version=\u00a0\u00bb4.16&Prime; _module_preset=\u00a0\u00bbdefault\u00a0\u00bb text_font=\u00a0\u00bb||||||||\u00a0\u00bb text_text_color=\u00a0\u00bb#000000&Prime; text_font_size=\u00a0\u00bb28px\u00a0\u00bb text_orientation=\u00a0\u00bbcenter\u00a0\u00bb custom_padding=\u00a0\u00bb10px||||false|false\u00a0\u00bb global_colors_info=\u00a0\u00bb{}\u00a0\u00bb]LA FRANCE[\/et_pb_text][et_pb_text _builder_version=\u00a0\u00bb4.17.3&Prime; _module_preset=\u00a0\u00bbdefault\u00a0\u00bb text_orientation=\u00a0\u00bbjustified\u00a0\u00bb custom_padding=\u00a0\u00bb|10px|10px|10px|false|true\u00a0\u00bb global_colors_info=\u00a0\u00bb{}\u00a0\u00bb]<\/p>\n<p>En Europe occidentale, elle englobe des villes m\u00e9di\u00e9vales, des villages alpins et des plages m\u00e9diterran\u00e9ennes. Paris, sa capitale, est c\u00e9l\u00e8bre pour ses marques de haute couture, ses mus\u00e9es d&rsquo;art classique comme le Louvre, et ses monuments comme la tour Eiffel. Le pays est \u00e9galement r\u00e9put\u00e9 pour ses vins et sa gastronomie sophistiqu\u00e9e. Les dessins de la grotte antique de Lascaux, le th\u00e9\u00e2tre romain de Lyon et l&rsquo;imposant ch\u00e2teau de Versailles t\u00e9moignent de sa riche histoire.<\/p>\n<p>Capitale : Paris<br \/>Langue : le fran\u00e7ais<br \/>Population : 67.06 millions (2019) Banque Mondiale<\/p>\n<p>[\/et_pb_text][\/et_pb_column][\/et_pb_row][et_pb_row column_structure=\u00a0\u00bb1_2,1_2&Prime; use_custom_gutter=\u00a0\u00bbon\u00a0\u00bb gutter_width=\u00a0\u00bb2&Prime; make_equal=\u00a0\u00bbon\u00a0\u00bb module_class=\u00a0\u00bbrowEqualHeight\u00a0\u00bb _builder_version=\u00a0\u00bb4.16&Prime; _module_preset=\u00a0\u00bbdefault\u00a0\u00bb global_colors_info=\u00a0\u00bb{}\u00a0\u00bb][et_pb_column type=\u00a0\u00bb1_2&Prime; module_class=\u00a0\u00bbrowEqualHeightCol rowEqualHeightColCenter\u00a0\u00bb _builder_version=\u00a0\u00bb4.16&Prime; _module_preset=\u00a0\u00bbdefault\u00a0\u00bb border_width_all=\u00a0\u00bb3px\u00a0\u00bb border_color_all=\u00a0\u00bb#8faadc\u00a0\u00bb global_colors_info=\u00a0\u00bb{}\u00a0\u00bb][et_pb_text _builder_version=\u00a0\u00bb4.16&Prime; _module_preset=\u00a0\u00bbdefault\u00a0\u00bb text_font=\u00a0\u00bb||||||||\u00a0\u00bb text_text_color=\u00a0\u00bb#000000&Prime; text_font_size=\u00a0\u00bb28px\u00a0\u00bb text_orientation=\u00a0\u00bbcenter\u00a0\u00bb custom_margin=\u00a0\u00bb||||false|false\u00a0\u00bb custom_padding=\u00a0\u00bb10px||||false|false\u00a0\u00bb global_colors_info=\u00a0\u00bb{}\u00a0\u00bb]LES MUSEES DE FRANCE[\/et_pb_text][et_pb_text _builder_version=\u00a0\u00bb4.16&Prime; _module_preset=\u00a0\u00bbdefault\u00a0\u00bb text_orientation=\u00a0\u00bbcenter\u00a0\u00bb custom_padding=\u00a0\u00bb||10px||false|false\u00a0\u00bb global_colors_info=\u00a0\u00bb{}\u00a0\u00bb]<\/p>\n<p><a href=\"https:\/\/www.louvre.fr\/\">Le mus\u00e9e de Louvre<\/a><\/p>\n<p><a href=\"https:\/\/www.louvre.fr\/\">Le mus\u00e9e d\u2019Orsay<\/a><\/p>\n<p><a href=\"https:\/\/www.mdig.fr\/\">Le mus\u00e9e des impressionnismes \u00e0 Giverny <\/a><\/p>\n<p><a href=\"https:\/\/pba.lille.fr\/\">La Palais des Beaux-Arts \u00e0 Lille<\/a><\/p>\n<p><a href=\"https:\/\/www.chateauversailles.fr\/\">Le ch\u00e2teau de Versailles<\/a><\/p>\n<p><a href=\"https:\/\/www.mba-lyon.fr\/fr\">Le mus\u00e9e des Beaux-Arts de Lyon<\/a><\/p>\n<p><a href=\"https:\/\/www.petitpalais.paris.fr\/\">Le mus\u00e9e des Beaux-Arts de la ville de Paris<\/a><\/p>\n<p><a href=\"https:\/\/www.quaibranly.fr\/fr\/\">Le mus\u00e9e du Quai Branly<\/a><\/p>\n<p><a href=\"https:\/\/www.roubaix-lapiscine.com\/\">Le mus\u00e9e d\u2019art et d\u2019industrie Andr\u00e9 Diligent<\/a><\/p>\n<p><a href=\"https:\/\/www.musee-armee.fr\/accueil.html\">Le mus\u00e9e de l\u2019Arm\u00e9e Invalides <\/a><\/p>\n<p>\u2026<\/p>\n<p>[\/et_pb_text][\/et_pb_column][et_pb_column type=\u00a0\u00bb1_2&Prime; module_class=\u00a0\u00bbrowEqualHeightCol rowEqualHeightColCenter\u00a0\u00bb _builder_version=\u00a0\u00bb4.16&Prime; _module_preset=\u00a0\u00bbdefault\u00a0\u00bb border_width_all=\u00a0\u00bb3px\u00a0\u00bb border_color_all=\u00a0\u00bb#8faadc\u00a0\u00bb global_colors_info=\u00a0\u00bb{}\u00a0\u00bb][et_pb_text _builder_version=\u00a0\u00bb4.16&Prime; _module_preset=\u00a0\u00bbdefault\u00a0\u00bb text_font=\u00a0\u00bb||||||||\u00a0\u00bb text_text_color=\u00a0\u00bb#000000&Prime; text_font_size=\u00a0\u00bb28px\u00a0\u00bb text_orientation=\u00a0\u00bbcenter\u00a0\u00bb custom_padding=\u00a0\u00bb10px||||false|false\u00a0\u00bb global_colors_info=\u00a0\u00bb{}\u00a0\u00bb]Visite de Paris en 1 minute[\/et_pb_text][et_pb_image src=\u00a0\u00bbhttps:\/\/louisette-marie-arnaud.org\/institution\/wp-content\/uploads\/2021\/09\/VIDEO-Un-minute-Paris-visite-de-la-ville-de-lamour-.jpg\u00a0\u00bb title_text=\u00a0\u00bbVIDEO Un minute Paris &#8211; visite de la ville de l&rsquo;amour\u00a0\u00bb url=\u00a0\u00bbhttps:\/\/youtu.be\/-d0ZFJ2gpOo\u00a0\u00bb url_new_window=\u00a0\u00bbon\u00a0\u00bb align=\u00a0\u00bbcenter\u00a0\u00bb _builder_version=\u00a0\u00bb4.16&Prime; _module_preset=\u00a0\u00bbdefault\u00a0\u00bb max_width=\u00a0\u00bb140px\u00a0\u00bb module_alignment=\u00a0\u00bbcenter\u00a0\u00bb global_colors_info=\u00a0\u00bb{}\u00a0\u00bb][\/et_pb_image][et_pb_image src=\u00a0\u00bbhttps:\/\/louisette-marie-arnaud.org\/institution\/wp-content\/uploads\/2021\/09\/Video-Visite-Paris-en-1-Minute.jpg\u00a0\u00bb title_text=\u00a0\u00bbVid\u00e9o -Visite Paris en 1 Minute\u00a0\u00bb url=\u00a0\u00bbhttps:\/\/www.youtube.com\/watch?v=EEeu7-xJX_c\u00a0\u00bb url_new_window=\u00a0\u00bbon\u00a0\u00bb align=\u00a0\u00bbcenter\u00a0\u00bb _builder_version=\u00a0\u00bb4.16&Prime; _module_preset=\u00a0\u00bbdefault\u00a0\u00bb max_width=\u00a0\u00bb140px\u00a0\u00bb module_alignment=\u00a0\u00bbcenter\u00a0\u00bb global_colors_info=\u00a0\u00bb{}\u00a0\u00bb][\/et_pb_image][et_pb_image src=\u00a0\u00bbhttps:\/\/louisette-marie-arnaud.org\/institution\/wp-content\/uploads\/2021\/09\/Paris-in-1-minute.jpg\u00a0\u00bb title_text=\u00a0\u00bbParis in 1 minute\u00a0\u00bb url=\u00a0\u00bbhttps:\/\/www.youtube.com\/watch?v=gQZDS6s5EtY\u00a0\u00bb url_new_window=\u00a0\u00bbon\u00a0\u00bb align=\u00a0\u00bbcenter\u00a0\u00bb _builder_version=\u00a0\u00bb4.16&Prime; _module_preset=\u00a0\u00bbdefault\u00a0\u00bb max_width=\u00a0\u00bb140px\u00a0\u00bb module_alignment=\u00a0\u00bbcenter\u00a0\u00bb custom_margin=\u00a0\u00bb||20px||false|false\u00a0\u00bb custom_margin_tablet=\u00a0\u00bb\u00a0\u00bb custom_margin_phone=\u00a0\u00bb\u00a0\u00bb custom_margin_last_edited=\u00a0\u00bbon|desktop\u00a0\u00bb global_colors_info=\u00a0\u00bb{}\u00a0\u00bb][\/et_pb_image][\/et_pb_column][\/et_pb_row][\/et_pb_section][et_pb_section fb_built=\u00a0\u00bb1&Prime; _builder_version=\u00a0\u00bb4.16&Prime; _module_preset=\u00a0\u00bbdefault\u00a0\u00bb da_disable_devices=\u00a0\u00bboff|off|off\u00a0\u00bb global_colors_info=\u00a0\u00bb{}\u00a0\u00bb da_is_popup=\u00a0\u00bboff\u00a0\u00bb da_exit_intent=\u00a0\u00bboff\u00a0\u00bb da_has_close=\u00a0\u00bbon\u00a0\u00bb da_alt_close=\u00a0\u00bboff\u00a0\u00bb da_dark_close=\u00a0\u00bboff\u00a0\u00bb da_not_modal=\u00a0\u00bbon\u00a0\u00bb da_is_singular=\u00a0\u00bboff\u00a0\u00bb da_with_loader=\u00a0\u00bboff\u00a0\u00bb da_has_shadow=\u00a0\u00bbon\u00a0\u00bb][et_pb_row column_structure=\u00a0\u00bb1_3,1_3,1_3&Prime; use_custom_gutter=\u00a0\u00bbon\u00a0\u00bb gutter_width=\u00a0\u00bb2&Prime; make_equal=\u00a0\u00bbon\u00a0\u00bb _builder_version=\u00a0\u00bb4.16&Prime; _module_preset=\u00a0\u00bbdefault\u00a0\u00bb global_colors_info=\u00a0\u00bb{}\u00a0\u00bb][et_pb_column type=\u00a0\u00bb1_3&Prime; _builder_version=\u00a0\u00bb4.16&Prime; _module_preset=\u00a0\u00bbdefault\u00a0\u00bb background_color=\u00a0\u00bb#8faadc\u00a0\u00bb global_colors_info=\u00a0\u00bb{}\u00a0\u00bb][et_pb_video src=\u00a0\u00bbhttps:\/\/www.youtube.com\/watch?v=joUeMoDDcYM\u00a0\u00bb _builder_version=\u00a0\u00bb4.17.3&Prime; _module_preset=\u00a0\u00bbdefault\u00a0\u00bb custom_padding=\u00a0\u00bb20px|10px|20px|10px|true|true\u00a0\u00bb global_colors_info=\u00a0\u00bb{}\u00a0\u00bb][\/et_pb_video][\/et_pb_column][et_pb_column type=\u00a0\u00bb1_3&Prime; _builder_version=\u00a0\u00bb4.16&Prime; _module_preset=\u00a0\u00bbdefault\u00a0\u00bb global_colors_info=\u00a0\u00bb{}\u00a0\u00bb][et_pb_text _builder_version=\u00a0\u00bb4.16&Prime; _module_preset=\u00a0\u00bbdefault\u00a0\u00bb text_orientation=\u00a0\u00bbcenter\u00a0\u00bb custom_padding=\u00a0\u00bb10px|10px|10px|10px|true|true\u00a0\u00bb link_option_url=\u00a0\u00bbhttps:\/\/youtu.be\/Kl9zXkIIkgg\u00a0\u00bb border_width_all=\u00a0\u00bb3px\u00a0\u00bb border_color_all=\u00a0\u00bb#8faadc\u00a0\u00bb global_colors_info=\u00a0\u00bb{}\u00a0\u00bb]<strong>LES PRINCIPALES VILLES DE France<\/strong><\/p>\n<p><a href=\"https:\/\/www.marseille.fr\/\">Marseille<\/a><br \/>\n<a href=\"https:\/\/www.lyon.fr\/\">Lyon<\/a><br \/>\n<a href=\"https:\/\/www.toulouse.fr\/\">Toulouse<\/a><br \/>\n<a href=\"https:\/\/www.nice.fr\/fr\/\">Nice<\/a><br \/>\n<a href=\"https:\/\/metropole.nantes.fr\/\">Nantes<\/a><br \/>\n<a href=\"https:\/\/www.montpellier.fr\/\">Montpellier<\/a><br \/>\n<a href=\"https:\/\/www.strasbourg.eu\/\">Strasbourg<\/a><br \/>\n<a href=\"https:\/\/www.bordeaux.fr\/\">Bordeaux<\/a><br \/>\n<a href=\"https:\/\/www.lille.fr\/\">Lille<\/a>[\/et_pb_text][\/et_pb_column][et_pb_column type=\u00a0\u00bb1_3&Prime; module_class=\u00a0\u00bbflexContainer\u00a0\u00bb _builder_version=\u00a0\u00bb4.16&Prime; _module_preset=\u00a0\u00bbdefault\u00a0\u00bb background_color=\u00a0\u00bb#8faadc\u00a0\u00bb global_colors_info=\u00a0\u00bb{}\u00a0\u00bb][et_pb_text module_class=\u00a0\u00bbrowEqualHeightColCenter\u00a0\u00bb _builder_version=\u00a0\u00bb4.16&Prime; _module_preset=\u00a0\u00bbdefault\u00a0\u00bb text_text_color=\u00a0\u00bb#FFFFFF\u00a0\u00bb text_font_size=\u00a0\u00bb28px\u00a0\u00bb text_line_height=\u00a0\u00bb34px\u00a0\u00bb background_color=\u00a0\u00bb#8faadc\u00a0\u00bb text_orientation=\u00a0\u00bbcenter\u00a0\u00bb custom_padding=\u00a0\u00bb30px|10px|30px|10px|true|true\u00a0\u00bb global_colors_info=\u00a0\u00bb{}\u00a0\u00bb]<\/p>\n<p>PROMOUVOIR LA LANGUE ET LA CULTURE FRANCAISE<\/p>\n<p>[\/et_pb_text][\/et_pb_column][\/et_pb_row][\/et_pb_section][et_pb_section fb_built=\u00a0\u00bb1&Prime; _builder_version=\u00a0\u00bb4.16&Prime; _module_preset=\u00a0\u00bbdefault\u00a0\u00bb da_disable_devices=\u00a0\u00bboff|off|off\u00a0\u00bb global_colors_info=\u00a0\u00bb{}\u00a0\u00bb da_is_popup=\u00a0\u00bboff\u00a0\u00bb da_exit_intent=\u00a0\u00bboff\u00a0\u00bb da_has_close=\u00a0\u00bbon\u00a0\u00bb da_alt_close=\u00a0\u00bboff\u00a0\u00bb da_dark_close=\u00a0\u00bboff\u00a0\u00bb da_not_modal=\u00a0\u00bbon\u00a0\u00bb da_is_singular=\u00a0\u00bboff\u00a0\u00bb da_with_loader=\u00a0\u00bboff\u00a0\u00bb da_has_shadow=\u00a0\u00bbon\u00a0\u00bb][et_pb_row use_custom_gutter=\u00a0\u00bbon\u00a0\u00bb gutter_width=\u00a0\u00bb2&Prime; make_equal=\u00a0\u00bbon\u00a0\u00bb _builder_version=\u00a0\u00bb4.16&Prime; _module_preset=\u00a0\u00bbdefault\u00a0\u00bb background_color=\u00a0\u00bb#8faadc\u00a0\u00bb custom_margin=\u00a0\u00bb||0px||false|false\u00a0\u00bb global_colors_info=\u00a0\u00bb{}\u00a0\u00bb][et_pb_column type=\u00a0\u00bb4_4&Prime; _builder_version=\u00a0\u00bb4.16&Prime; _module_preset=\u00a0\u00bbdefault\u00a0\u00bb global_colors_info=\u00a0\u00bb{}\u00a0\u00bb][et_pb_image src=\u00a0\u00bbhttps:\/\/louisette-marie-arnaud.org\/institution\/wp-content\/uploads\/2021\/08\/Capture-OK-3-LOULOU-ENSEIGNANTE-PAGE-PROMOUVOIR.jpg\u00a0\u00bb title_text=\u00a0\u00bbCapture OK &#8211; 3 LOULOU ENSEIGNANTE &#8211; PAGE PROMOUVOIR\u00a0\u00bb align=\u00a0\u00bbcenter\u00a0\u00bb align_tablet=\u00a0\u00bbcenter\u00a0\u00bb align_phone=\u00a0\u00bb\u00a0\u00bb align_last_edited=\u00a0\u00bbon|tablet\u00a0\u00bb _builder_version=\u00a0\u00bb4.16&Prime; _module_preset=\u00a0\u00bbdefault\u00a0\u00bb max_width=\u00a0\u00bb96%\u00a0\u00bb global_colors_info=\u00a0\u00bb{}\u00a0\u00bb][\/et_pb_image][\/et_pb_column][\/et_pb_row][et_pb_row _builder_version=\u00a0\u00bb4.16&Prime; _module_preset=\u00a0\u00bbdefault\u00a0\u00bb background_color=\u00a0\u00bb#8faadc\u00a0\u00bb custom_padding=\u00a0\u00bb0px||||false|false\u00a0\u00bb global_colors_info=\u00a0\u00bb{}\u00a0\u00bb][et_pb_column type=\u00a0\u00bb4_4&Prime; _builder_version=\u00a0\u00bb4.16&Prime; _module_preset=\u00a0\u00bbdefault\u00a0\u00bb global_colors_info=\u00a0\u00bb{}\u00a0\u00bb][et_pb_text _builder_version=\u00a0\u00bb4.16&Prime; _module_preset=\u00a0\u00bbdefault\u00a0\u00bb text_text_color=\u00a0\u00bb#FFFFFF\u00a0\u00bb text_font_size=\u00a0\u00bb28px\u00a0\u00bb text_line_height=\u00a0\u00bb34px\u00a0\u00bb text_orientation=\u00a0\u00bbcenter\u00a0\u00bb global_colors_info=\u00a0\u00bb{}\u00a0\u00bb]APPRENDRE ET TRANSMETTRE LE FRAN\u00c7AIS[\/et_pb_text][\/et_pb_column][\/et_pb_row][\/et_pb_section][et_pb_section fb_built=\u00a0\u00bb1&Prime; admin_label=\u00a0\u00bbPopup &#8211; #popup\u00a0\u00bb module_id=\u00a0\u00bbpopup\u00a0\u00bb module_class=\u00a0\u00bbpopup\u00a0\u00bb _builder_version=\u00a0\u00bb4.17.3&Prime; _module_preset=\u00a0\u00bbdefault\u00a0\u00bb da_is_popup=\u00a0\u00bbon\u00a0\u00bb da_popup_slug=\u00a0\u00bbpopup\u00a0\u00bb da_disable_devices=\u00a0\u00bboff|off|off\u00a0\u00bb global_colors_info=\u00a0\u00bb{}\u00a0\u00bb da_exit_intent=\u00a0\u00bboff\u00a0\u00bb da_has_close=\u00a0\u00bbon\u00a0\u00bb da_alt_close=\u00a0\u00bboff\u00a0\u00bb da_dark_close=\u00a0\u00bboff\u00a0\u00bb da_not_modal=\u00a0\u00bbon\u00a0\u00bb da_is_singular=\u00a0\u00bboff\u00a0\u00bb da_with_loader=\u00a0\u00bboff\u00a0\u00bb da_has_shadow=\u00a0\u00bbon\u00a0\u00bb][et_pb_row _builder_version=\u00a0\u00bb4.17.3&Prime; _module_preset=\u00a0\u00bbdefault\u00a0\u00bb global_colors_info=\u00a0\u00bb{}\u00a0\u00bb][et_pb_column type=\u00a0\u00bb4_4&Prime; _builder_version=\u00a0\u00bb4.17.3&Prime; _module_preset=\u00a0\u00bbdefault\u00a0\u00bb global_colors_info=\u00a0\u00bb{}\u00a0\u00bb][et_pb_text admin_label=\u00a0\u00bbLouisette-Marie Arnaud, Joe Dispenza et Ruby Villar-Documet\u00a0\u00bb _builder_version=\u00a0\u00bb4.17.3&Prime; _module_preset=\u00a0\u00bbdefault\u00a0\u00bb header_4_font_size=\u00a0\u00bb14px\u00a0\u00bb text_orientation=\u00a0\u00bbjustified\u00a0\u00bb custom_padding=\u00a0\u00bb20px|22px|||false|false\u00a0\u00bb global_colors_info=\u00a0\u00bb{}\u00a0\u00bb]<\/p>\n<p style=\"color: #bf8f00; font-size: 18px; text-align: center;\"><strong>\u00ab Le Distinctif Qualit\u00e9 d\u2019Enseignement Institution Louisette-Marie Arnaud \u00bb <\/strong><\/p>\n<p>[\/et_pb_text][et_pb_text admin_label=\u00a0\u00bbLouisette-Marie Arnaud, Joe Dispenza et Ruby Villar-Documet\u00a0\u00bb _builder_version=\u00a0\u00bb4.17.3&Prime; _module_preset=\u00a0\u00bbdefault\u00a0\u00bb header_4_font_size=\u00a0\u00bb14px\u00a0\u00bb text_orientation=\u00a0\u00bbjustified\u00a0\u00bb height=\u00a0\u00bb270px\u00a0\u00bb max_height_last_edited=\u00a0\u00bboff|desktop\u00a0\u00bb custom_padding=\u00a0\u00bb|22px|||false|false\u00a0\u00bb global_colors_info=\u00a0\u00bb{}\u00a0\u00bb max_height__hover_enabled=\u00a0\u00bboff|desktop\u00a0\u00bb]<\/p>\n<p>Est octroy\u00e9 aux Coll\u00e8ges, qui \u00e0 la suite de leur participation aux Concours Culturel-Educatif et de leur accompagnement de l\u2019institution Louisette-Marie Arnaud, ont d\u00e9cid\u00e9 de modifier leur r\u00e8glementation et d\u2019officialiser l\u2019enseignement de \u00ab la langue fran\u00e7aise \u00bb dans leur structure \u00e9ducationnelle.<\/p>\n<p>A travers l\u2019attribution de ce distinctif, l\u2019Institution Louisette-Marie Arnaud certifie : que le coll\u00e8ge \u00e0 qui la \u00ab\u00a0distinction\u00a0\u00bb a \u00e9t\u00e9 d\u00e9cern\u00e9e, re\u00e7oit l\u2019appui P\u00e9dagogique Phon\u00e9tique des enseignants de l&rsquo;institution Louisette-Marie Arnaud depuis la France, pour leurs cours et leurs \u00e9l\u00e8ves ; que le coll\u00e8ge poss\u00e8de les structures physiques adapt\u00e9es, les Professeurs de fran\u00e7ais dipl\u00f4m\u00e9s et un laboratoire pour l\u2019enseignement du fran\u00e7ais, dument fourni en livres et en ouvrages sp\u00e9cialis\u00e9s pour pr\u00e9parer l\u2019obtention de certification internationales DELF (Dipl\u00f4mes d\u2019Etudes en Langue Fran\u00e7aise correspondant aux 4 premiers niveaux du Cadre europ\u00e9en commun de r\u00e9f\u00e9rences pour les langues \u2013 dipl\u00f4me officiel d\u00e9livr\u00e9 par le minist\u00e8re de l&rsquo;\u00e9ducation nationale fran\u00e7ais) et enfin qu&rsquo;il est \u00e9quip\u00e9 en haute technologie bureautique et multim\u00e9dia afin d\u2019assurer l\u2019Enseignement du Fran\u00e7ais Par l\u2019Excellence.<\/p>\n<p>[\/et_pb_text][\/et_pb_column][\/et_pb_row][\/et_pb_section][et_pb_section fb_built=\u00a0\u00bb1&Prime; _builder_version=\u00a0\u00bb4.17.3&Prime; _module_preset=\u00a0\u00bbdefault\u00a0\u00bb custom_padding=\u00a0\u00bb||||true|false\u00a0\u00bb da_disable_devices=\u00a0\u00bboff|off|off\u00a0\u00bb global_colors_info=\u00a0\u00bb{}\u00a0\u00bb da_is_popup=\u00a0\u00bboff\u00a0\u00bb da_exit_intent=\u00a0\u00bboff\u00a0\u00bb da_has_close=\u00a0\u00bbon\u00a0\u00bb da_alt_close=\u00a0\u00bboff\u00a0\u00bb da_dark_close=\u00a0\u00bboff\u00a0\u00bb da_not_modal=\u00a0\u00bbon\u00a0\u00bb da_is_singular=\u00a0\u00bboff\u00a0\u00bb da_with_loader=\u00a0\u00bboff\u00a0\u00bb da_has_shadow=\u00a0\u00bbon\u00a0\u00bb][et_pb_row _builder_version=\u00a0\u00bb4.17.3&Prime; _module_preset=\u00a0\u00bbdefault\u00a0\u00bb custom_margin=\u00a0\u00bb30px|auto|0px|auto|false|false\u00a0\u00bb custom_padding=\u00a0\u00bb0px|10px|0px|10px|false|true\u00a0\u00bb border_width_all=\u00a0\u00bb3px\u00a0\u00bb border_color_all=\u00a0\u00bb#8faadc\u00a0\u00bb border_width_bottom=\u00a0\u00bb0px\u00a0\u00bb border_color_bottom=\u00a0\u00bb#8faadc\u00a0\u00bb global_colors_info=\u00a0\u00bb{}\u00a0\u00bb][et_pb_column type=\u00a0\u00bb4_4&Prime; _builder_version=\u00a0\u00bb4.16&Prime; _module_preset=\u00a0\u00bbdefault\u00a0\u00bb global_colors_info=\u00a0\u00bb{}\u00a0\u00bb][\/et_pb_column][\/et_pb_row][et_pb_row column_structure=\u00a0\u00bb1_3,2_3&Prime; _builder_version=\u00a0\u00bb4.17.3&Prime; _module_preset=\u00a0\u00bbdefault\u00a0\u00bb custom_margin=\u00a0\u00bb0px||||false|false\u00a0\u00bb custom_padding=\u00a0\u00bb0px||||false|false\u00a0\u00bb border_width_right=\u00a0\u00bb3px\u00a0\u00bb border_color_right=\u00a0\u00bb#8faadc\u00a0\u00bb border_width_bottom=\u00a0\u00bb3px\u00a0\u00bb border_color_bottom=\u00a0\u00bb#8FAADC\u00a0\u00bb border_width_left=\u00a0\u00bb3px\u00a0\u00bb border_color_left=\u00a0\u00bb#8faadc\u00a0\u00bb global_colors_info=\u00a0\u00bb{}\u00a0\u00bb][et_pb_column type=\u00a0\u00bb1_3&Prime; _builder_version=\u00a0\u00bb4.17.3&Prime; _module_preset=\u00a0\u00bbdefault\u00a0\u00bb global_colors_info=\u00a0\u00bb{}\u00a0\u00bb][et_pb_image src=\u00a0\u00bbhttps:\/\/louisette-marie-arnaud.org\/institution\/wp-content\/uploads\/2022\/10\/DISTINCTIF-QUALITE-DENSEIGNEMENT.jpg\u00a0\u00bb title_text=\u00a0\u00bbDISTINCTIF-QUALITE-D&rsquo;ENSEIGNEMENT\u00a0\u00bb url=\u00a0\u00bb#popup\u00a0\u00bb admin_label=\u00a0\u00bbImage coeur\u00a0\u00bb _builder_version=\u00a0\u00bb4.17.3&Prime; _module_preset=\u00a0\u00bbdefault\u00a0\u00bb custom_margin=\u00a0\u00bb20px||||false|false\u00a0\u00bb custom_padding=\u00a0\u00bb50px|||20px|false|false\u00a0\u00bb global_colors_info=\u00a0\u00bb{}\u00a0\u00bb][\/et_pb_image][et_pb_text admin_label=\u00a0\u00bbLouisette-Marie Arnaud, Joe Dispenza et Ruby Villar-Documet\u00a0\u00bb _builder_version=\u00a0\u00bb4.17.3&Prime; _module_preset=\u00a0\u00bbdefault\u00a0\u00bb text_font_size=\u00a0\u00bb11px\u00a0\u00bb header_4_font_size=\u00a0\u00bb14px\u00a0\u00bb text_orientation=\u00a0\u00bbcenter\u00a0\u00bb module_alignment=\u00a0\u00bbcenter\u00a0\u00bb custom_margin=\u00a0\u00bb-25px||||false|false\u00a0\u00bb custom_padding=\u00a0\u00bb||||false|false\u00a0\u00bb global_colors_info=\u00a0\u00bb{}\u00a0\u00bb]<\/p>\n<p style=\"text-align: center;\">Pour en savoir plus, cliquez sur le coeur<\/p>\n<p>[\/et_pb_text][\/et_pb_column][et_pb_column type=\u00a0\u00bb2_3&Prime; _builder_version=\u00a0\u00bb4.17.3&Prime; _module_preset=\u00a0\u00bbdefault\u00a0\u00bb global_colors_info=\u00a0\u00bb{}\u00a0\u00bb][et_pb_text admin_label=\u00a0\u00bbLouisette-Marie Arnaud, Joe Dispenza et Ruby Villar-Documet\u00a0\u00bb _builder_version=\u00a0\u00bb4.27.4&Prime; _module_preset=\u00a0\u00bbdefault\u00a0\u00bb header_4_font_size=\u00a0\u00bb14px\u00a0\u00bb text_orientation=\u00a0\u00bbjustified\u00a0\u00bb custom_padding=\u00a0\u00bb20px|22px|||false|false\u00a0\u00bb global_colors_info=\u00a0\u00bb{}\u00a0\u00bb]<\/p>\n<p style=\"color: #bf8f00; font-size: 18px; text-align: center;\"><strong>RESEAU PEDAGOGIQUE INSTITUTION LOUISETTE-MARIE ARNAUD FRANCE<br \/><\/strong><\/p>\n<p>[\/et_pb_text][et_pb_text admin_label=\u00a0\u00bbLouisette-Marie Arnaud, Joe Dispenza et Ruby Villar-Documet\u00a0\u00bb _builder_version=\u00a0\u00bb4.17.3&Prime; _module_preset=\u00a0\u00bbdefault\u00a0\u00bb header_4_font_size=\u00a0\u00bb14px\u00a0\u00bb text_orientation=\u00a0\u00bbjustified\u00a0\u00bb height=\u00a0\u00bb270px\u00a0\u00bb max_height_last_edited=\u00a0\u00bboff|desktop\u00a0\u00bb custom_padding=\u00a0\u00bb|22px|||false|false\u00a0\u00bb global_colors_info=\u00a0\u00bb{}\u00a0\u00bb max_height__hover_enabled=\u00a0\u00bboff|desktop\u00a0\u00bb]<\/p>\n<table style=\"height: 153px; width: 99.8371%; border-collapse: none; border-style: none;\" border=\"0\">\n<tbody>\n<tr style=\"height: 23px; border-style: none; border-width: 0; border-collapse: none;\">\n<td style=\"border: 0px none; width: 100%;\" colspan=\"4\"><img loading=\"lazy\" decoding=\"async\" class=\"wp-image-3456 alignnone \" src=\"https:\/\/louisette-marie-arnaud.org\/institution\/wp-content\/uploads\/2022\/10\/Capture-SAN-ANDRES-BANDEAU-3-1024x173.jpg\" alt=\"\" width=\"646\" height=\"109\" \/><\/td>\n<\/tr>\n<tr style=\"height: 23px; border-style: none; border-collapse: none; border: 0;\">\n<td style=\"width: 20.9283%; height: 23px; border-style: none; border-width: 0; border-collapse: none;\"><img loading=\"lazy\" decoding=\"async\" class=\"alignnone wp-image-3417 size-full\" src=\"https:\/\/louisette-marie-arnaud.org\/institution\/wp-content\/uploads\/2022\/10\/Capture-Ecusson-San-Andres-1.jpg\" alt=\"\" width=\"87\" height=\"135\" \/><\/td>\n<td style=\"width: 33.7948%; height: 23px; border-style: none; border-width: 0; border-collapse: none;\">\n<p style=\"text-align: center;\"><a href=\"https:\/\/www.san-andres.edu.pe\/idiomas\/franc%C3%A9s\" target=\"_blank\" rel=\"noopener\">Cliquez ici<\/a><\/p>\n<p style=\"text-align: center;\">Coll\u00e8ge San Andr\u00e8s<br \/>Cajamarca &#8211; P\u00e9rou<\/p>\n<\/td>\n<td style=\"width: 25.1629%; height: 23px; border-style: none; border-width: 0; border-collapse: none;\"><img loading=\"lazy\" decoding=\"async\" class=\"alignnone wp-image-3407 size-full\" src=\"https:\/\/louisette-marie-arnaud.org\/institution\/wp-content\/uploads\/2022\/10\/PHOTO-ENSEIGNANT-LE-FRANCAIS-COLLEGE-SAN-ANDRES-e1665493419952.jpg\" alt=\"\" width=\"103\" height=\"135\" \/><\/td>\n<td style=\"width: 20.114%; height: 23px; text-align: center; border-style: none; border-width: 0; border-collapse: none;\"><a href=\"https:\/\/youtu.be\/jCnQIQHD5aE\" target=\"_blank\" rel=\"noopener\">Voir le clip<\/a><\/td>\n<\/tr>\n<\/tbody>\n<\/table>\n<p>[\/et_pb_text][\/et_pb_column][\/et_pb_row][\/et_pb_section][et_pb_section fb_built=\u00a0\u00bb1&Prime; _builder_version=\u00a0\u00bb4.16&Prime; _module_preset=\u00a0\u00bbdefault\u00a0\u00bb da_disable_devices=\u00a0\u00bboff|off|off\u00a0\u00bb global_colors_info=\u00a0\u00bb{}\u00a0\u00bb da_is_popup=\u00a0\u00bboff\u00a0\u00bb da_exit_intent=\u00a0\u00bboff\u00a0\u00bb da_has_close=\u00a0\u00bbon\u00a0\u00bb da_alt_close=\u00a0\u00bboff\u00a0\u00bb da_dark_close=\u00a0\u00bboff\u00a0\u00bb da_not_modal=\u00a0\u00bbon\u00a0\u00bb da_is_singular=\u00a0\u00bboff\u00a0\u00bb da_with_loader=\u00a0\u00bboff\u00a0\u00bb da_has_shadow=\u00a0\u00bbon\u00a0\u00bb][et_pb_row _builder_version=\u00a0\u00bb4.16&Prime; _module_preset=\u00a0\u00bbdefault\u00a0\u00bb global_colors_info=\u00a0\u00bb{}\u00a0\u00bb][et_pb_column type=\u00a0\u00bb4_4&Prime; _builder_version=\u00a0\u00bb4.16&Prime; _module_preset=\u00a0\u00bbdefault\u00a0\u00bb global_colors_info=\u00a0\u00bb{}\u00a0\u00bb][et_pb_text _builder_version=\u00a0\u00bb4.16&Prime; _module_preset=\u00a0\u00bbdefault\u00a0\u00bb text_text_color=\u00a0\u00bb#000000&Prime; background_color=\u00a0\u00bb#d0cece\u00a0\u00bb text_orientation=\u00a0\u00bbcenter\u00a0\u00bb custom_padding=\u00a0\u00bb10px||10px||true|false\u00a0\u00bb border_width_all=\u00a0\u00bb3px\u00a0\u00bb border_color_all=\u00a0\u00bb#8faadc\u00a0\u00bb global_colors_info=\u00a0\u00bb{}\u00a0\u00bb]<\/p>\n<p><strong>DES LIENS CONSEILS POUR DIVERSIFIER L\u2019APPRENTISSAGE :<\/strong><\/p>\n<p>Soucieux de promouvoir et de d\u00e9velopper la culture et la langue fran\u00e7aise vers toutes les g\u00e9n\u00e9rations confondues, aussi de fa\u00e7on ludique, l\u2019Institution Louisette-Marie Arnaud, met en place des liens et\/ou des partenariats avec d\u2019autres acteurs de l\u2019enseignement du fran\u00e7ais sur d\u2019espaces num\u00e9riques.<\/p>\n<p><a href=\"https:\/\/www.lepointdufle.net\/penseigner\/chansons-fiches-pedagogiques.htm\">https:\/\/www.lepointdufle.net\/penseigner\/chansons-fiches-pedagogiques.htm<\/a><\/p>\n<p><a href=\"https:\/\/enseigner.tv5monde.com\/fiches-pedagogiques-fle\/sous-le-ciel-de-paris\">https:\/\/enseigner.tv5monde.com\/fiches-pedagogiques-fle\/sous-le-ciel-de-paris<\/a><\/p>\n<p>[\/et_pb_text][\/et_pb_column][\/et_pb_row][et_pb_row custom_padding_last_edited=\u00a0\u00bbon|tablet\u00a0\u00bb _builder_version=\u00a0\u00bb4.16&Prime; _module_preset=\u00a0\u00bbdefault\u00a0\u00bb background_image=\u00a0\u00bbhttps:\/\/louisette-marie-arnaud.org\/institution\/wp-content\/uploads\/2021\/11\/INSTITUTION-LOUISETTE-MARIE-ARNAUD.jpg\u00a0\u00bb width=\u00a0\u00bb600px\u00a0\u00bb width_tablet=\u00a0\u00bb600px\u00a0\u00bb width_phone=\u00a0\u00bb90%\u00a0\u00bb width_last_edited=\u00a0\u00bbon|phone\u00a0\u00bb custom_margin=\u00a0\u00bb14%||||false|false\u00a0\u00bb custom_padding=\u00a0\u00bb1%||15%||false|false\u00a0\u00bb custom_padding_tablet=\u00a0\u00bb||28%||false|false\u00a0\u00bb custom_padding_phone=\u00a0\u00bb1%||34%||false|false\u00a0\u00bb scroll_fade_enable=\u00a0\u00bbon\u00a0\u00bb global_colors_info=\u00a0\u00bb{}\u00a0\u00bb][et_pb_column type=\u00a0\u00bb4_4&Prime; _builder_version=\u00a0\u00bb4.16&Prime; _module_preset=\u00a0\u00bbdefault\u00a0\u00bb global_colors_info=\u00a0\u00bb{}\u00a0\u00bb][et_pb_text _builder_version=\u00a0\u00bb4.27.4&Prime; _module_preset=\u00a0\u00bbdefault\u00a0\u00bb header_2_text_align=\u00a0\u00bbcenter\u00a0\u00bb header_2_text_color=\u00a0\u00bb#FFFFFF\u00a0\u00bb header_2_font_size=\u00a0\u00bb20px\u00a0\u00bb header_2_line_height=\u00a0\u00bb1.4em\u00a0\u00bb header_2_font_size_tablet=\u00a0\u00bb21px\u00a0\u00bb header_2_font_size_phone=\u00a0\u00bb16px\u00a0\u00bb header_2_font_size_last_edited=\u00a0\u00bbon|desktop\u00a0\u00bb global_colors_info=\u00a0\u00bb{}\u00a0\u00bb]<\/p>\n<h2><strong>INSTITUTION LOUISETTE-MARIE ARNAUD FRANCE<\/strong><br \/>POUR L\u2019EUROPE ET LES AMERIQUES<\/h2>\n<p>[\/et_pb_text][\/et_pb_column][\/et_pb_row][\/et_pb_section]<\/p>\n","protected":false},"excerpt":{"rendered":"<p>PROMOUVOIR NOTRE ACTION INSTITUTIONNELLE &nbsp; PROMOUVOIR LA LANGUE ET LA CULTURE FRAN\u00c7AISES ET FAIRE RAYONNER LA FRANCE &nbsp; La langue v\u00e9hicule la richesse de la culture d\u2019un pays, l\u2019apprendre, am\u00e9liorer sa pratique et l\u2019entretenir sont autant d\u2019atouts pour une meilleure compr\u00e9hension des traditions et des pratiques, notamment culturelles et artistiques, d\u2019une civilisation. L\u2019Institution Louisette-Marie Arnaud France a pour objectif de Promouvoir la langue et la culture fran\u00e7aise et faire rayonner la France. Notre axe culturel et \u00e9ducatif cherche \u00e0 \u00e9veiller l\u2019int\u00e9r\u00eat et la curiosit\u00e9 de la jeunesse par la volont\u00e9 de promouvoir, f\u00e9d\u00e9rer les intervenants et d\u00e9velopper la culture fran\u00e7aise \u00e0 travers la mise en valeur de l\u2019histoire, l\u2019art, l\u2019architecture, la forme de vie et la langue, en encourageant le fran\u00e7ais et sa pratique par des outils et des actions ludiques, menant \u00e0 susciter le plaisir de communiquer en fran\u00e7ais et faire rayonner la France. A cette fin, notre action est port\u00e9e essentiellement vers les \u00e9coles et dirig\u00e9e sur l\u2019adolescence :\u2013 Nous cr\u00e9ons et organisons des \u00e9v\u00e8nements culturels interscolaires, faisant appel \u00e0 la curiosit\u00e9 d\u2019apprendre des \u00e9l\u00e8ves et \u00e0 leur talent collectif o\u00f9 le fran\u00e7ais et la culture fran\u00e7aise sont au centre du succ\u00e8s, autour de th\u00e8mes diff\u00e9rents qui sont [&hellip;]<\/p>\n","protected":false},"author":1,"featured_media":0,"parent":0,"menu_order":0,"comment_status":"closed","ping_status":"closed","template":"","meta":{"_seopress_robots_primary_cat":"","_seopress_titles_title":"","_seopress_titles_desc":"","_seopress_robots_index":"","_et_pb_use_builder":"on","_et_pb_old_content":"","_et_gb_content_width":"","om_disable_all_campaigns":false,"_monsterinsights_skip_tracking":false,"_monsterinsights_sitenote_active":false,"_monsterinsights_sitenote_note":"","_monsterinsights_sitenote_category":0,"footnotes":""},"class_list":["post-43","page","type-page","status-publish","hentry"],"aioseo_notices":[],"yoast_head":"<!-- This site is optimized with the Yoast SEO plugin v27.5 - https:\/\/yoast.com\/product\/yoast-seo-wordpress\/ -->\n<title>PROMOUVOIR - Institution Louisette-Marie Arnaud pour la jeunesse<\/title>\n<meta name=\"robots\" content=\"index, follow, max-snippet:-1, max-image-preview:large, max-video-preview:-1\" \/>\n<link rel=\"canonical\" href=\"https:\/\/louisette-marie-arnaud.org\/institution\/promouvoir\" \/>\n<meta property=\"og:locale\" content=\"fr_FR\" \/>\n<meta property=\"og:type\" content=\"article\" \/>\n<meta property=\"og:title\" content=\"PROMOUVOIR - Institution Louisette-Marie Arnaud pour la jeunesse\" \/>\n<meta property=\"og:description\" content=\"PROMOUVOIR NOTRE ACTION INSTITUTIONNELLE &nbsp; PROMOUVOIR LA LANGUE ET LA CULTURE FRAN\u00c7AISES ET FAIRE RAYONNER LA FRANCE &nbsp; La langue v\u00e9hicule la richesse de la culture d\u2019un pays, l\u2019apprendre, am\u00e9liorer sa pratique et l\u2019entretenir sont autant d\u2019atouts pour une meilleure compr\u00e9hension des traditions et des pratiques, notamment culturelles et artistiques, d\u2019une civilisation. L\u2019Institution Louisette-Marie Arnaud France a pour objectif de Promouvoir la langue et la culture fran\u00e7aise et faire rayonner la France. Notre axe culturel et \u00e9ducatif cherche \u00e0 \u00e9veiller l\u2019int\u00e9r\u00eat et la curiosit\u00e9 de la jeunesse par la volont\u00e9 de promouvoir, f\u00e9d\u00e9rer les intervenants et d\u00e9velopper la culture fran\u00e7aise \u00e0 travers la mise en valeur de l\u2019histoire, l\u2019art, l\u2019architecture, la forme de vie et la langue, en encourageant le fran\u00e7ais et sa pratique par des outils et des actions ludiques, menant \u00e0 susciter le plaisir de communiquer en fran\u00e7ais et faire rayonner la France. A cette fin, notre action est port\u00e9e essentiellement vers les \u00e9coles et dirig\u00e9e sur l\u2019adolescence :\u2013 Nous cr\u00e9ons et organisons des \u00e9v\u00e8nements culturels interscolaires, faisant appel \u00e0 la curiosit\u00e9 d\u2019apprendre des \u00e9l\u00e8ves et \u00e0 leur talent collectif o\u00f9 le fran\u00e7ais et la culture fran\u00e7aise sont au centre du succ\u00e8s, autour de th\u00e8mes diff\u00e9rents qui sont [&hellip;]\" \/>\n<meta property=\"og:url\" content=\"https:\/\/louisette-marie-arnaud.org\/institution\/promouvoir\" \/>\n<meta property=\"og:site_name\" content=\"Institution Louisette-Marie Arnaud pour la jeunesse\" \/>\n<meta property=\"article:publisher\" content=\"https:\/\/www.facebook.com\/InstitutionLouisetteMarieArnaud\" \/>\n<meta property=\"article:modified_time\" content=\"2025-10-10T08:55:19+00:00\" \/>\n<meta property=\"og:image\" content=\"https:\/\/louisette-marie-arnaud.org\/institution\/wp-content\/uploads\/2022\/10\/Capture-SAN-ANDRES-BANDEAU-3-1024x173.jpg\" \/>\n<meta name=\"twitter:card\" content=\"summary_large_image\" \/>\n<meta name=\"twitter:label1\" content=\"Dur\u00e9e de lecture estim\u00e9e\" \/>\n\t<meta name=\"twitter:data1\" content=\"12 minutes\" \/>\n<script type=\"application\/ld+json\" class=\"yoast-schema-graph\">{\"@context\":\"https:\\\/\\\/schema.org\",\"@graph\":[{\"@type\":\"WebPage\",\"@id\":\"https:\\\/\\\/louisette-marie-arnaud.org\\\/institution\\\/promouvoir\",\"url\":\"https:\\\/\\\/louisette-marie-arnaud.org\\\/institution\\\/promouvoir\",\"name\":\"PROMOUVOIR - Institution Louisette-Marie Arnaud pour la jeunesse\",\"isPartOf\":{\"@id\":\"https:\\\/\\\/louisette-marie-arnaud.org\\\/institution\\\/#website\"},\"primaryImageOfPage\":{\"@id\":\"https:\\\/\\\/louisette-marie-arnaud.org\\\/institution\\\/promouvoir#primaryimage\"},\"image\":{\"@id\":\"https:\\\/\\\/louisette-marie-arnaud.org\\\/institution\\\/promouvoir#primaryimage\"},\"thumbnailUrl\":\"https:\\\/\\\/louisette-marie-arnaud.org\\\/institution\\\/wp-content\\\/uploads\\\/2022\\\/10\\\/Capture-SAN-ANDRES-BANDEAU-3-1024x173.jpg\",\"datePublished\":\"2021-08-01T16:10:18+00:00\",\"dateModified\":\"2025-10-10T08:55:19+00:00\",\"breadcrumb\":{\"@id\":\"https:\\\/\\\/louisette-marie-arnaud.org\\\/institution\\\/promouvoir#breadcrumb\"},\"inLanguage\":\"fr-FR\",\"potentialAction\":[{\"@type\":\"ReadAction\",\"target\":[\"https:\\\/\\\/louisette-marie-arnaud.org\\\/institution\\\/promouvoir\"]}]},{\"@type\":\"ImageObject\",\"inLanguage\":\"fr-FR\",\"@id\":\"https:\\\/\\\/louisette-marie-arnaud.org\\\/institution\\\/promouvoir#primaryimage\",\"url\":\"https:\\\/\\\/louisette-marie-arnaud.org\\\/institution\\\/wp-content\\\/uploads\\\/2022\\\/10\\\/Capture-SAN-ANDRES-BANDEAU-3.jpg\",\"contentUrl\":\"https:\\\/\\\/louisette-marie-arnaud.org\\\/institution\\\/wp-content\\\/uploads\\\/2022\\\/10\\\/Capture-SAN-ANDRES-BANDEAU-3.jpg\",\"width\":1658,\"height\":280},{\"@type\":\"BreadcrumbList\",\"@id\":\"https:\\\/\\\/louisette-marie-arnaud.org\\\/institution\\\/promouvoir#breadcrumb\",\"itemListElement\":[{\"@type\":\"ListItem\",\"position\":1,\"name\":\"Accueil\",\"item\":\"https:\\\/\\\/louisette-marie-arnaud.org\\\/institution\\\/\"},{\"@type\":\"ListItem\",\"position\":2,\"name\":\"PROMOUVOIR\"}]},{\"@type\":\"WebSite\",\"@id\":\"https:\\\/\\\/louisette-marie-arnaud.org\\\/institution\\\/#website\",\"url\":\"https:\\\/\\\/louisette-marie-arnaud.org\\\/institution\\\/\",\"name\":\"Institution Louisette-Marie Arnaud pour la jeunesse\",\"description\":\"PROMOUVOIR PROTEGER SOIGNER\",\"publisher\":{\"@id\":\"https:\\\/\\\/louisette-marie-arnaud.org\\\/institution\\\/#organization\"},\"potentialAction\":[{\"@type\":\"SearchAction\",\"target\":{\"@type\":\"EntryPoint\",\"urlTemplate\":\"https:\\\/\\\/louisette-marie-arnaud.org\\\/institution\\\/?s={search_term_string}\"},\"query-input\":{\"@type\":\"PropertyValueSpecification\",\"valueRequired\":true,\"valueName\":\"search_term_string\"}}],\"inLanguage\":\"fr-FR\"},{\"@type\":\"Organization\",\"@id\":\"https:\\\/\\\/louisette-marie-arnaud.org\\\/institution\\\/#organization\",\"name\":\"Institution Louisette-Marie Arnaud pour la jeunesse\",\"url\":\"https:\\\/\\\/louisette-marie-arnaud.org\\\/institution\\\/\",\"logo\":{\"@type\":\"ImageObject\",\"inLanguage\":\"fr-FR\",\"@id\":\"https:\\\/\\\/louisette-marie-arnaud.org\\\/institution\\\/#\\\/schema\\\/logo\\\/image\\\/\",\"url\":\"https:\\\/\\\/louisette-marie-arnaud.org\\\/institution\\\/wp-content\\\/uploads\\\/2021\\\/08\\\/cropped-Capture-LOGO-DANIELLI-PAGE-DACCUEIL-Copie.jpg\",\"contentUrl\":\"https:\\\/\\\/louisette-marie-arnaud.org\\\/institution\\\/wp-content\\\/uploads\\\/2021\\\/08\\\/cropped-Capture-LOGO-DANIELLI-PAGE-DACCUEIL-Copie.jpg\",\"width\":139,\"height\":134,\"caption\":\"Institution Louisette-Marie Arnaud pour la jeunesse\"},\"image\":{\"@id\":\"https:\\\/\\\/louisette-marie-arnaud.org\\\/institution\\\/#\\\/schema\\\/logo\\\/image\\\/\"},\"sameAs\":[\"https:\\\/\\\/www.facebook.com\\\/InstitutionLouisetteMarieArnaud\"]}]}<\/script>\n<!-- \/ Yoast SEO plugin. -->","yoast_head_json":{"title":"PROMOUVOIR - Institution Louisette-Marie Arnaud pour la jeunesse","robots":{"index":"index","follow":"follow","max-snippet":"max-snippet:-1","max-image-preview":"max-image-preview:large","max-video-preview":"max-video-preview:-1"},"canonical":"https:\/\/louisette-marie-arnaud.org\/institution\/promouvoir","og_locale":"fr_FR","og_type":"article","og_title":"PROMOUVOIR - Institution Louisette-Marie Arnaud pour la jeunesse","og_description":"PROMOUVOIR NOTRE ACTION INSTITUTIONNELLE &nbsp; PROMOUVOIR LA LANGUE ET LA CULTURE FRAN\u00c7AISES ET FAIRE RAYONNER LA FRANCE &nbsp; La langue v\u00e9hicule la richesse de la culture d\u2019un pays, l\u2019apprendre, am\u00e9liorer sa pratique et l\u2019entretenir sont autant d\u2019atouts pour une meilleure compr\u00e9hension des traditions et des pratiques, notamment culturelles et artistiques, d\u2019une civilisation. L\u2019Institution Louisette-Marie Arnaud France a pour objectif de Promouvoir la langue et la culture fran\u00e7aise et faire rayonner la France. Notre axe culturel et \u00e9ducatif cherche \u00e0 \u00e9veiller l\u2019int\u00e9r\u00eat et la curiosit\u00e9 de la jeunesse par la volont\u00e9 de promouvoir, f\u00e9d\u00e9rer les intervenants et d\u00e9velopper la culture fran\u00e7aise \u00e0 travers la mise en valeur de l\u2019histoire, l\u2019art, l\u2019architecture, la forme de vie et la langue, en encourageant le fran\u00e7ais et sa pratique par des outils et des actions ludiques, menant \u00e0 susciter le plaisir de communiquer en fran\u00e7ais et faire rayonner la France. A cette fin, notre action est port\u00e9e essentiellement vers les \u00e9coles et dirig\u00e9e sur l\u2019adolescence :\u2013 Nous cr\u00e9ons et organisons des \u00e9v\u00e8nements culturels interscolaires, faisant appel \u00e0 la curiosit\u00e9 d\u2019apprendre des \u00e9l\u00e8ves et \u00e0 leur talent collectif o\u00f9 le fran\u00e7ais et la culture fran\u00e7aise sont au centre du succ\u00e8s, autour de th\u00e8mes diff\u00e9rents qui sont [&hellip;]","og_url":"https:\/\/louisette-marie-arnaud.org\/institution\/promouvoir","og_site_name":"Institution Louisette-Marie Arnaud pour la jeunesse","article_publisher":"https:\/\/www.facebook.com\/InstitutionLouisetteMarieArnaud","article_modified_time":"2025-10-10T08:55:19+00:00","og_image":[{"url":"https:\/\/louisette-marie-arnaud.org\/institution\/wp-content\/uploads\/2022\/10\/Capture-SAN-ANDRES-BANDEAU-3-1024x173.jpg","type":"","width":"","height":""}],"twitter_card":"summary_large_image","twitter_misc":{"Dur\u00e9e de lecture estim\u00e9e":"12 minutes"},"schema":{"@context":"https:\/\/schema.org","@graph":[{"@type":"WebPage","@id":"https:\/\/louisette-marie-arnaud.org\/institution\/promouvoir","url":"https:\/\/louisette-marie-arnaud.org\/institution\/promouvoir","name":"PROMOUVOIR - Institution Louisette-Marie Arnaud pour la jeunesse","isPartOf":{"@id":"https:\/\/louisette-marie-arnaud.org\/institution\/#website"},"primaryImageOfPage":{"@id":"https:\/\/louisette-marie-arnaud.org\/institution\/promouvoir#primaryimage"},"image":{"@id":"https:\/\/louisette-marie-arnaud.org\/institution\/promouvoir#primaryimage"},"thumbnailUrl":"https:\/\/louisette-marie-arnaud.org\/institution\/wp-content\/uploads\/2022\/10\/Capture-SAN-ANDRES-BANDEAU-3-1024x173.jpg","datePublished":"2021-08-01T16:10:18+00:00","dateModified":"2025-10-10T08:55:19+00:00","breadcrumb":{"@id":"https:\/\/louisette-marie-arnaud.org\/institution\/promouvoir#breadcrumb"},"inLanguage":"fr-FR","potentialAction":[{"@type":"ReadAction","target":["https:\/\/louisette-marie-arnaud.org\/institution\/promouvoir"]}]},{"@type":"ImageObject","inLanguage":"fr-FR","@id":"https:\/\/louisette-marie-arnaud.org\/institution\/promouvoir#primaryimage","url":"https:\/\/louisette-marie-arnaud.org\/institution\/wp-content\/uploads\/2022\/10\/Capture-SAN-ANDRES-BANDEAU-3.jpg","contentUrl":"https:\/\/louisette-marie-arnaud.org\/institution\/wp-content\/uploads\/2022\/10\/Capture-SAN-ANDRES-BANDEAU-3.jpg","width":1658,"height":280},{"@type":"BreadcrumbList","@id":"https:\/\/louisette-marie-arnaud.org\/institution\/promouvoir#breadcrumb","itemListElement":[{"@type":"ListItem","position":1,"name":"Accueil","item":"https:\/\/louisette-marie-arnaud.org\/institution\/"},{"@type":"ListItem","position":2,"name":"PROMOUVOIR"}]},{"@type":"WebSite","@id":"https:\/\/louisette-marie-arnaud.org\/institution\/#website","url":"https:\/\/louisette-marie-arnaud.org\/institution\/","name":"Institution Louisette-Marie Arnaud pour la jeunesse","description":"PROMOUVOIR PROTEGER SOIGNER","publisher":{"@id":"https:\/\/louisette-marie-arnaud.org\/institution\/#organization"},"potentialAction":[{"@type":"SearchAction","target":{"@type":"EntryPoint","urlTemplate":"https:\/\/louisette-marie-arnaud.org\/institution\/?s={search_term_string}"},"query-input":{"@type":"PropertyValueSpecification","valueRequired":true,"valueName":"search_term_string"}}],"inLanguage":"fr-FR"},{"@type":"Organization","@id":"https:\/\/louisette-marie-arnaud.org\/institution\/#organization","name":"Institution Louisette-Marie Arnaud pour la jeunesse","url":"https:\/\/louisette-marie-arnaud.org\/institution\/","logo":{"@type":"ImageObject","inLanguage":"fr-FR","@id":"https:\/\/louisette-marie-arnaud.org\/institution\/#\/schema\/logo\/image\/","url":"https:\/\/louisette-marie-arnaud.org\/institution\/wp-content\/uploads\/2021\/08\/cropped-Capture-LOGO-DANIELLI-PAGE-DACCUEIL-Copie.jpg","contentUrl":"https:\/\/louisette-marie-arnaud.org\/institution\/wp-content\/uploads\/2021\/08\/cropped-Capture-LOGO-DANIELLI-PAGE-DACCUEIL-Copie.jpg","width":139,"height":134,"caption":"Institution Louisette-Marie Arnaud pour la jeunesse"},"image":{"@id":"https:\/\/louisette-marie-arnaud.org\/institution\/#\/schema\/logo\/image\/"},"sameAs":["https:\/\/www.facebook.com\/InstitutionLouisetteMarieArnaud"]}]}},"jetpack_sharing_enabled":true,"_links":{"self":[{"href":"https:\/\/louisette-marie-arnaud.org\/institution\/wp-json\/wp\/v2\/pages\/43","targetHints":{"allow":["GET"]}}],"collection":[{"href":"https:\/\/louisette-marie-arnaud.org\/institution\/wp-json\/wp\/v2\/pages"}],"about":[{"href":"https:\/\/louisette-marie-arnaud.org\/institution\/wp-json\/wp\/v2\/types\/page"}],"author":[{"embeddable":true,"href":"https:\/\/louisette-marie-arnaud.org\/institution\/wp-json\/wp\/v2\/users\/1"}],"replies":[{"embeddable":true,"href":"https:\/\/louisette-marie-arnaud.org\/institution\/wp-json\/wp\/v2\/comments?post=43"}],"version-history":[{"count":184,"href":"https:\/\/louisette-marie-arnaud.org\/institution\/wp-json\/wp\/v2\/pages\/43\/revisions"}],"predecessor-version":[{"id":11417,"href":"https:\/\/louisette-marie-arnaud.org\/institution\/wp-json\/wp\/v2\/pages\/43\/revisions\/11417"}],"wp:attachment":[{"href":"https:\/\/louisette-marie-arnaud.org\/institution\/wp-json\/wp\/v2\/media?parent=43"}],"curies":[{"name":"wp","href":"https:\/\/api.w.org\/{rel}","templated":true}]}}