{"id":47,"date":"2021-08-01T18:11:29","date_gmt":"2021-08-01T16:11:29","guid":{"rendered":"https:\/\/louisette-marie-arnaud.org\/institution\/?page_id=47"},"modified":"2025-10-02T15:28:29","modified_gmt":"2025-10-02T13:28:29","slug":"soigner","status":"publish","type":"page","link":"https:\/\/louisette-marie-arnaud.org\/institution\/soigner","title":{"rendered":"SOIGNER"},"content":{"rendered":"<p>[et_pb_section fb_built=\u00a0\u00bb1&Prime; _builder_version=\u00a0\u00bb4.16&Prime; _module_preset=\u00a0\u00bbdefault\u00a0\u00bb background_image=\u00a0\u00bbhttps:\/\/louisette-marie-arnaud.org\/institution\/wp-content\/uploads\/layerslider\/Slider-site-louisette\/3.jpg\u00a0\u00bb min_height=\u00a0\u00bb440px\u00a0\u00bb height=\u00a0\u00bb440px\u00a0\u00bb max_height=\u00a0\u00bb440px\u00a0\u00bb custom_margin=\u00a0\u00bb0px||0px||true|false\u00a0\u00bb custom_padding=\u00a0\u00bb0px||0px||true|false\u00a0\u00bb da_disable_devices=\u00a0\u00bboff|off|off\u00a0\u00bb global_colors_info=\u00a0\u00bb{}\u00a0\u00bb da_is_popup=\u00a0\u00bboff\u00a0\u00bb da_exit_intent=\u00a0\u00bboff\u00a0\u00bb da_has_close=\u00a0\u00bbon\u00a0\u00bb da_alt_close=\u00a0\u00bboff\u00a0\u00bb da_dark_close=\u00a0\u00bboff\u00a0\u00bb da_not_modal=\u00a0\u00bbon\u00a0\u00bb da_is_singular=\u00a0\u00bboff\u00a0\u00bb da_with_loader=\u00a0\u00bboff\u00a0\u00bb da_has_shadow=\u00a0\u00bbon\u00a0\u00bb][et_pb_row _builder_version=\u00a0\u00bb4.16&Prime; _module_preset=\u00a0\u00bbdefault\u00a0\u00bb width=\u00a0\u00bb100%\u00a0\u00bb max_width=\u00a0\u00bb100%\u00a0\u00bb custom_margin=\u00a0\u00bb0px||0px||true|false\u00a0\u00bb custom_padding=\u00a0\u00bb0px||0px||true|false\u00a0\u00bb global_colors_info=\u00a0\u00bb{}\u00a0\u00bb][et_pb_column type=\u00a0\u00bb4_4&Prime; _builder_version=\u00a0\u00bb4.16&Prime; _module_preset=\u00a0\u00bbdefault\u00a0\u00bb global_colors_info=\u00a0\u00bb{}\u00a0\u00bb][et_pb_divider show_divider=\u00a0\u00bboff\u00a0\u00bb _builder_version=\u00a0\u00bb4.16&Prime; _module_preset=\u00a0\u00bbdefault\u00a0\u00bb global_colors_info=\u00a0\u00bb{}\u00a0\u00bb][\/et_pb_divider][\/et_pb_column][\/et_pb_row][\/et_pb_section][et_pb_section fb_built=\u00a0\u00bb1&Prime; _builder_version=\u00a0\u00bb4.16&Prime; _module_preset=\u00a0\u00bbdefault\u00a0\u00bb da_disable_devices=\u00a0\u00bboff|off|off\u00a0\u00bb border_color_all=\u00a0\u00bb#8faadc\u00a0\u00bb global_colors_info=\u00a0\u00bb{}\u00a0\u00bb da_is_popup=\u00a0\u00bboff\u00a0\u00bb da_exit_intent=\u00a0\u00bboff\u00a0\u00bb da_has_close=\u00a0\u00bbon\u00a0\u00bb da_alt_close=\u00a0\u00bboff\u00a0\u00bb da_dark_close=\u00a0\u00bboff\u00a0\u00bb da_not_modal=\u00a0\u00bbon\u00a0\u00bb da_is_singular=\u00a0\u00bboff\u00a0\u00bb da_with_loader=\u00a0\u00bboff\u00a0\u00bb da_has_shadow=\u00a0\u00bbon\u00a0\u00bb][et_pb_row _builder_version=\u00a0\u00bb4.17.3&Prime; _module_preset=\u00a0\u00bbdefault\u00a0\u00bb custom_margin=\u00a0\u00bb55px|auto|0px|auto|false|false\u00a0\u00bb custom_padding=\u00a0\u00bb10px|10px|0px|10px|false|true\u00a0\u00bb border_width_all=\u00a0\u00bb3px\u00a0\u00bb border_color_all=\u00a0\u00bb#8faadc\u00a0\u00bb border_width_bottom=\u00a0\u00bb0px\u00a0\u00bb border_color_bottom=\u00a0\u00bb#8faadc\u00a0\u00bb global_colors_info=\u00a0\u00bb{}\u00a0\u00bb][et_pb_column type=\u00a0\u00bb4_4&Prime; _builder_version=\u00a0\u00bb4.16&Prime; _module_preset=\u00a0\u00bbdefault\u00a0\u00bb global_colors_info=\u00a0\u00bb{}\u00a0\u00bb][et_pb_text admin_label=\u00a0\u00bbSOIGNER\u00a0\u00bb _builder_version=\u00a0\u00bb4.27.4&Prime; _module_preset=\u00a0\u00bbdefault\u00a0\u00bb header_font=\u00a0\u00bb|700|||||||\u00a0\u00bb header_text_align=\u00a0\u00bbcenter\u00a0\u00bb header_font_size=\u00a0\u00bb32px\u00a0\u00bb header_line_height=\u00a0\u00bb2.5em\u00a0\u00bb header_2_font=\u00a0\u00bb|700|||||||\u00a0\u00bb header_2_text_align=\u00a0\u00bbcenter\u00a0\u00bb header_2_font_size=\u00a0\u00bb20px\u00a0\u00bb header_3_font=\u00a0\u00bb|700|||||||\u00a0\u00bb header_3_text_align=\u00a0\u00bbcenter\u00a0\u00bb header_3_text_color=\u00a0\u00bb#bf8f00&Prime; header_3_font_size=\u00a0\u00bb19px\u00a0\u00bb header_3_line_height=\u00a0\u00bb1.6em\u00a0\u00bb header_4_text_align=\u00a0\u00bbcenter\u00a0\u00bb header_4_text_color=\u00a0\u00bb#bf8f00&Prime; header_4_font_size=\u00a0\u00bb14px\u00a0\u00bb text_orientation=\u00a0\u00bbjustified\u00a0\u00bb custom_margin=\u00a0\u00bb22px||0px||false|false\u00a0\u00bb custom_padding=\u00a0\u00bb||0px||false|false\u00a0\u00bb global_colors_info=\u00a0\u00bb{}\u00a0\u00bb]<\/p>\n<h1>SOIGNER<\/h1>\n<h2>NOTRE ACTION INSTITUTIONNELLE<\/h2>\n<p>&nbsp;<\/p>\n<h3>SOIGNER EN FRANCE ET OFFRIR AUX ENFANTS (6-12 ANS) UNE NOUVELLE CHANCE<br \/>PARTICIPER AU TRAITEMENT DES ENFANTS SOUFFRANT DU DEFICIT DE L\u2019ATTENTION (TDA)<\/h3>\n<p>&nbsp;<\/p>\n<p>Nous voulons prodiguer en France un m\u00e9c\u00e9nat d\u2019aide au traitement \u00ab coup de pouce th\u00e9rapeutique \u00bb avec des soins innovateurs en Neurosciences Cliniques, pour la r\u00e9\u00e9ducation de l&rsquo;activit\u00e9 neuronale, assur\u00e9s par des professionnels d\u00fbment qualifi\u00e9s.<\/p>\n<p>Guid\u00e9s par la d\u00e9ontologie professionnelle de nos membres qui assureront le traitement et nous appuyant sur leurs d\u00e9sirs d\u2019apporter \u00e0 l\u2019Institution Louisette-Marie Arnaud France des dons en industrie \u00e0 travers leurs comp\u00e9tences, leurs \u00e9quipements et leurs cabinets, un <strong>m\u00e9c\u00e9nat \u2013 d\u2019aide sp\u00e9cialis\u00e9e \u00e0 leur traitement \u2013<\/strong> \u00e0 titre de \u00ab coup de pouce th\u00e9rapeutique \u00bb et sous conditions, est assur\u00e9 en France.<\/p>\n<p><strong>Soigner l\u2019enfant :<\/strong><\/p>\n<p><strong>Soigner, c\u2019est redonner une nouvelle trajectoire de vie<\/strong>. &#8211; en France, l\u2019Institution Louisette-Marie Arnaud France, a choisi d\u2019orienter son action Soigner vers les enfants fragilis\u00e9s par les Troubles de l\u2019Attention (TDA). Soigner, ici, ne se r\u00e9duit pas \u00e0 un geste m\u00e9dico-psychologique : il s\u2019agit d\u2019un accompagnement global, qui prend en compte le corps, l\u2019esprit, mais aussi le tissu familial et social dans lequel grandit l\u2019enfant.<\/p>\n<p><strong>Offrir une aide aux enfants laiss\u00e9s en marge<\/strong>. &#8211; notre mission s\u2019adresse en priorit\u00e9 aux enfants \u00e2g\u00e9s de 6 \u00e0 12 ans, issus de familles monoparentales qui ne b\u00e9n\u00e9ficient pas des dispositifs institutionnels habituels (MDPH). Ces jeunes, souvent invisibles pour les structures d\u2019aide classiques, trouvent aupr\u00e8s de nous une \u00e9coute et une prise en charge novatrice. Gr\u00e2ce aux progr\u00e8s des Neurosciences cliniques appliqu\u00e9es, de la psychologie et des interfaces cerveau-ordinateur, nous leur offrons une chance de contourner les obstacles qui freinent leur apprentissage et leur confiance en eux.<\/p>\n<p><strong>R\u00e9parer le lien familial<\/strong>. &#8211; soigner un enfant, c\u2019est aussi soigner le climat du foyer. Nos interventions visent \u00e0 r\u00e9duire les tensions et \u00e0 faciliter une communication plus apais\u00e9e entre parents et enfants. Chaque am\u00e9lioration \u2013 une meilleure concentration, un comportement plus serein, un regain d\u2019estime de soi \u2013 devient une victoire partag\u00e9e qui rejaillit sur toute la famille. Ainsi, la gu\u00e9rison d\u00e9passe l\u2019enfant pour devenir une renaissance collective.<\/p>\n<p><strong>Une pratique \u00e9thique et g\u00e9n\u00e9reuse<\/strong>. &#8211; nos membres s\u2019engagent dans cette mission en mobilisant leurs comp\u00e9tences professionnelles et leurs ressources mat\u00e9rielles au service d\u2019un id\u00e9al : offrir des soins l\u00e0 o\u00f9 ils manquent. Cet engagement volontaire, que nous appelons un m\u00e9c\u00e9nat du soin, est l\u2019expression concr\u00e8te d\u2019une solidarit\u00e9 active et responsable. Derri\u00e8re chaque action, il y a la conviction que la dignit\u00e9 d\u2019un enfant est non n\u00e9gociable.<\/p>\n<p><strong>Pr\u00e9parer des adultes confiants et libres<\/strong>. &#8211; notre objectif ne s\u2019arr\u00eate pas au traitement du trouble. Il s\u2019agit de permettre \u00e0 ces enfants de retrouver une pleine confiance en leurs capacit\u00e9s, de nourrir leur d\u00e9veloppement personnel et de leur ouvrir la possibilit\u00e9 de s\u2019int\u00e9grer pleinement \u00e0 la soci\u00e9t\u00e9. Chaque enfant soutenu aujourd\u2019hui est un futur citoyen capable de contribuer demain \u00e0 une communaut\u00e9 plus \u00e9quilibr\u00e9e et plus cr\u00e9ative.<\/p>\n<p><strong><br \/>Le Traitement Th\u00e9rapeutique :<\/strong><\/p>\n<p><strong>Comprendre l\u2019Activit\u00e9 C\u00e9r\u00e9brale.-<br \/><\/strong>Des millions de neurones dans le cerveau interagissent pour produire des ondes \u00e9lectriques. Ces oscillations neuronales sont appel\u00e9es ondes c\u00e9r\u00e9brales et sont mesur\u00e9es en Hertz (cycles par seconde). Un cerveau neurotypique (normal) produit constamment des fluctuations dans ces oscillations, dont certaines d\u00e9pendent de l\u2019\u00e9veil et de l\u2019activit\u00e9 \u00e0 un moment donn\u00e9. Les sch\u00e9mas de ces ondes dans diff\u00e9rentes parties de notre cerveau varient avec l\u2019\u00e2ge, le stade de la vie, le sexe et la sant\u00e9 mentale. Les cartes des personnes pr\u00e9sentant diff\u00e9rents sympt\u00f4mes ou dysfonctionnements montrent des sch\u00e9mas qui s\u2019\u00e9cartent de la norme.<\/p>\n<p>De mani\u00e8re g\u00e9n\u00e9rale, les ondes de fr\u00e9quence plus \u00e9lev\u00e9e (quelques cycles par seconde) sont li\u00e9es \u00e0 la vigilance ou \u00e0 l\u2019anxi\u00e9t\u00e9. Les ondes de basse fr\u00e9quence sont li\u00e9es au calme, au sommeil, \u00e0 la m\u00e9ditation et \u00e0 l\u2019inconscience, mais aussi \u00e0 la r\u00eaverie et \u00e0 l\u2019inattention. Une combinaison de fr\u00e9quences hautes et basses se produit souvent dans certains types de TDA (Trouble de l\u2019attention avec ou sans hyperactivit\u00e9). L\u2019instabilit\u00e9 du rythme c\u00e9r\u00e9bral est li\u00e9e \u00e0 l\u2019\u00e9pilepsie, aux traumatismes cr\u00e2niens, \u00e0 la migraine et \u00e0 d\u2019autres maladies et\/ou troubles.<\/p>\n<p><strong>\u00ab Coup de pouce th\u00e9rapeutique \u00bb<br \/><\/strong>Le traitement pour la r\u00e9\u00e9ducation du cerveau est une approche innovatrice active, reli\u00e9e \u00e0 des m\u00e9canismes biologiques et\/ou \u00e0 des processus psychologiques identifi\u00e9s, avec des retentissements sur les fonctions biologiques, psychologiques et comportementales. Ce traitement profite des progr\u00e8s technologiques dans le domaine de l\u2019enc\u00e9phalographie (QEEG) et de l\u2019interface cerveau-ordinateur avec les nouvelles d\u00e9couvertes de la Neurologie et de la Psychologie que nous mettons en place pour l\u2019Institution Louisette-Marie Arnaud France dans l\u2019aide au traitement du Trouble de l\u2019Attention ou TDA (Trouble Cognitif et\/ou Neurod\u00e9veloppemental)<\/p>\n<p>Dans notre d\u00e9marche d\u2019exercice professionnel que nous voulons toujours progressive, en harmonisation avec les avanc\u00e9es de la science et de la technologie et dans l\u2019esprit de l\u2019Institution Louisette-Marie Arnaud France, nous nous proposons de mettre en place une Aide Th\u00e9rapeutique au Traitement du TDA, aide impuls\u00e9e par notre souhait de continuer notre action dans le m\u00eame esprit d\u2019humanisme et soucieux de la sant\u00e9, commenc\u00e9 d\u00e9j\u00e0 bien des ann\u00e9es auparavant avec Louisette-Marie Arnaud France elle-m\u00eame.<\/p>\n<p><strong>Cadre du Traitement.-<br \/><\/strong>Il s\u2019agit de prodiguer en France, une Aide Th\u00e9rapeutique au Traitement dirig\u00e9e vers des enfants et des adolescents entre 6 \u00e0 12 ans (sous condition) souffrant du Trouble de l\u2019Attention TDA, issus de familles monoparentales et non b\u00e9n\u00e9ficiaires d\u2019une prise en charge MDPH et d\u00e9j\u00e0 en cours de traitement (hors celui de l\u2019Institution Louisette-Marie Arnaud France) ; cette prise en charge de l\u2019enfant et\/ou de l\u2019adolescent doit \u00eatre assur\u00e9e en ville : soit par un m\u00e9decin traitant, soit par un m\u00e9decin sp\u00e9cialis\u00e9 et\/ou soit par un centre sp\u00e9cialis\u00e9. Dans ces conditions, nous nous proposons d\u2019assurer une prestation de traitement sp\u00e9cialis\u00e9, sous la forme d\u2019un m\u00e9c\u00e9nat en dons industriels \u2013 une Aide au traitement (sans compensation) \u2013 \u00e0 titre de \u00ab coup de pouce th\u00e9rapeutique \u00bb (une phase ponctuelle des s\u00e9ances).<\/p>\n<p>Notre objectif. \u2013 participer avec notre exp\u00e9rience sp\u00e9cialis\u00e9e et des \u00e9quipements technologiques certifi\u00e9s m\u00e9dicaux, \u00e0 travers d\u2019une approche th\u00e9rapeutique des soins la plus avanc\u00e9e du terrain de Neurosciences cliniques pour le traitement du Trouble de l\u2019Attention &#8211; TDA.<\/p>\n<p>Nous nous proposons aussi \u00e0 :<\/p>\n<ul>\n<li>Contribuer \u00e0 la diminution et\/ou l\u2019\u00e9radication du trouble.<\/li>\n<li>Favoriser une meilleure qualit\u00e9 de vie de l\u2019enfant et\/ou de l\u2019adolescent.<\/li>\n<li>Augmenter ses chances d\u2019une vie sociale plus stable.<\/li>\n<li>Rendre davantage les \u00e9changes apais\u00e9s et qualitatifs dans la cellule familiale.<\/li>\n<li>Encourager le d\u00e9veloppement personnel de l\u2019enfant et\/ou de l\u2019adolescent, lui ouvrant en m\u00eame temps, la possibilit\u00e9 de se voir jouer un r\u00f4le plus actif en soci\u00e9t\u00e9.<\/li>\n<\/ul>\n<p>[\/et_pb_text][\/et_pb_column][\/et_pb_row][et_pb_row column_structure=\u00a0\u00bb1_3,2_3&Prime; _builder_version=\u00a0\u00bb4.17.3&Prime; _module_preset=\u00a0\u00bbdefault\u00a0\u00bb custom_margin=\u00a0\u00bb0px||||false|false\u00a0\u00bb custom_padding=\u00a0\u00bb0px||||false|false\u00a0\u00bb border_width_right=\u00a0\u00bb3px\u00a0\u00bb border_color_right=\u00a0\u00bb#8faadc\u00a0\u00bb border_width_bottom=\u00a0\u00bb3px\u00a0\u00bb border_color_bottom=\u00a0\u00bb#8FAADC\u00a0\u00bb border_width_left=\u00a0\u00bb3px\u00a0\u00bb border_color_left=\u00a0\u00bb#8faadc\u00a0\u00bb global_colors_info=\u00a0\u00bb{}\u00a0\u00bb][et_pb_column type=\u00a0\u00bb1_3&Prime; _builder_version=\u00a0\u00bb4.17.3&Prime; _module_preset=\u00a0\u00bbdefault\u00a0\u00bb global_colors_info=\u00a0\u00bb{}\u00a0\u00bb][et_pb_image src=\u00a0\u00bbhttps:\/\/louisette-marie-arnaud.org\/institution\/wp-content\/uploads\/2021\/09\/soigner.jpg\u00a0\u00bb title_text=\u00a0\u00bbsoigner\u00a0\u00bb _builder_version=\u00a0\u00bb4.17.3&Prime; _module_preset=\u00a0\u00bbdefault\u00a0\u00bb custom_margin=\u00a0\u00bb0px||||false|false\u00a0\u00bb custom_padding=\u00a0\u00bb0px||||false|false\u00a0\u00bb global_colors_info=\u00a0\u00bb{}\u00a0\u00bb][\/et_pb_image][\/et_pb_column][et_pb_column type=\u00a0\u00bb2_3&Prime; _builder_version=\u00a0\u00bb4.17.3&Prime; _module_preset=\u00a0\u00bbdefault\u00a0\u00bb global_colors_info=\u00a0\u00bb{}\u00a0\u00bb][et_pb_text admin_label=\u00a0\u00bbLouisette-Marie Arnaud, Joe Dispenza et Ruby Villar-Documet\u00a0\u00bb _builder_version=\u00a0\u00bb4.17.3&Prime; _module_preset=\u00a0\u00bbdefault\u00a0\u00bb header_4_font_size=\u00a0\u00bb14px\u00a0\u00bb text_orientation=\u00a0\u00bbjustified\u00a0\u00bb custom_padding=\u00a0\u00bb20px|22px|||false|false\u00a0\u00bb global_colors_info=\u00a0\u00bb{}\u00a0\u00bb]<\/p>\n<h4 style=\"text-align: center;\"><strong>Louisette-Marie Arnaud, Joe Dispenza et Ruby Villar-Documet<\/strong><\/h4>\n<p style=\"text-align: justify;\"><strong>Joe Dispenza <\/strong>est docteur en chiropraxie sp\u00e9cialis\u00e9 en neuroscience. Connu mondialement, il est auteur notamment de \u00ab Faites \u00e9voluer votre cerveau \u00bb il a fait plus de cinquante publications entre livres et cd sp\u00e9cialis\u00e9s. Il a \u00e9tudi\u00e9 la biochimie \u00e0 l&rsquo;universit\u00e9 Rutgers, d\u00e9tient un baccalaur\u00e9at \u00e8s sciences avec une sp\u00e9cialisation en neurosciences et a \u00e9galement obtenu un doctorat en chiropratique de l&rsquo;universit\u00e9 Life d&rsquo;Atlanta, en Georgie. Comptant parmi les scientifiques, chercheurs et enseignants apparaissant dans le film \u00ab Que sait-on vraiment de la r\u00e9alit\u00e9 !? \u00bb, le docteur Joe Dispenza anime des ateliers sur les fonctions du cerveau humain et donne des conf\u00e9rences aux quatre coins du monde.<\/p>\n<p>[\/et_pb_text][et_pb_text admin_label=\u00a0\u00bbC\u2019est de cette fa\u00e7on dont l\u2019Institution\u00a0\u00bb _builder_version=\u00a0\u00bb4.27.4&Prime; _module_preset=\u00a0\u00bbdefault\u00a0\u00bb text_font=\u00a0\u00bb|700|||||||\u00a0\u00bb text_text_color=\u00a0\u00bb#bf8f00&Prime; text_orientation=\u00a0\u00bbcenter\u00a0\u00bb custom_margin=\u00a0\u00bb0px||||false|false\u00a0\u00bb custom_padding=\u00a0\u00bb0px||||false|false\u00a0\u00bb global_colors_info=\u00a0\u00bb{}\u00a0\u00bb]<\/p>\n<p>C\u2019est de cette fa\u00e7on dont l\u2019Institution Louisette-Marie Arnaud France veut Semer des graines et Agir pour le Futur.<\/p>\n<p>&nbsp;<\/p>\n<p>[\/et_pb_text][\/et_pb_column][\/et_pb_row][et_pb_row _builder_version=\u00a0\u00bb4.16&Prime; _module_preset=\u00a0\u00bbdefault\u00a0\u00bb custom_margin=\u00a0\u00bb28px|auto|28px|auto|true|false\u00a0\u00bb global_colors_info=\u00a0\u00bb{}\u00a0\u00bb][et_pb_column type=\u00a0\u00bb4_4&Prime; _builder_version=\u00a0\u00bb4.16&Prime; _module_preset=\u00a0\u00bbdefault\u00a0\u00bb global_colors_info=\u00a0\u00bb{}\u00a0\u00bb][et_pb_code _builder_version=\u00a0\u00bb4.16&Prime; _module_preset=\u00a0\u00bbdefault\u00a0\u00bb global_colors_info=\u00a0\u00bb{}\u00a0\u00bb]<iframe loading=\"lazy\" width=\"560\" height=\"315\" src=\"https:\/\/www.youtube.com\/embed\/1vi4fR2S6BU?rel=0\" title=\"YouTube video player\" frameborder=\"0\" allow=\"accelerometer; autoplay; clipboard-write; encrypted-media; gyroscope; picture-in-picture\" allowfullscreen><\/iframe>[\/et_pb_code][\/et_pb_column][\/et_pb_row][et_pb_row _builder_version=\u00a0\u00bb4.17.3&Prime; _module_preset=\u00a0\u00bbdefault\u00a0\u00bb background_image=\u00a0\u00bbhttps:\/\/louisette-marie-arnaud.org\/institution\/wp-content\/uploads\/2022\/04\/Coeur.jpg\u00a0\u00bb background_size=\u00a0\u00bbcustom\u00a0\u00bb background_position=\u00a0\u00bbtop_right\u00a0\u00bb background_horizontal_offset=\u00a0\u00bb2%\u00a0\u00bb background_vertical_offset=\u00a0\u00bb2%\u00a0\u00bb custom_margin=\u00a0\u00bb55px|auto||auto||\u00a0\u00bb custom_padding=\u00a0\u00bb40px|40px|40px|40px|true|true\u00a0\u00bb border_width_all=\u00a0\u00bb3px\u00a0\u00bb border_color_all=\u00a0\u00bb#8faadc\u00a0\u00bb border_color_bottom=\u00a0\u00bb#8faadc\u00a0\u00bb global_colors_info=\u00a0\u00bb{}\u00a0\u00bb][et_pb_column type=\u00a0\u00bb4_4&Prime; _builder_version=\u00a0\u00bb4.16&Prime; _module_preset=\u00a0\u00bbdefault\u00a0\u00bb global_colors_info=\u00a0\u00bb{}\u00a0\u00bb][et_pb_text admin_label=\u00a0\u00bbSOIGNER\u00a0\u00bb _builder_version=\u00a0\u00bb4.27.4&Prime; _module_preset=\u00a0\u00bbdefault\u00a0\u00bb header_font=\u00a0\u00bb|700|||||||\u00a0\u00bb header_text_align=\u00a0\u00bbcenter\u00a0\u00bb header_font_size=\u00a0\u00bb32px\u00a0\u00bb header_line_height=\u00a0\u00bb2.5em\u00a0\u00bb header_2_font=\u00a0\u00bb|700|||||||\u00a0\u00bb header_2_text_align=\u00a0\u00bbcenter\u00a0\u00bb header_2_font_size=\u00a0\u00bb30px\u00a0\u00bb header_3_font=\u00a0\u00bb|700|||||||\u00a0\u00bb header_3_text_align=\u00a0\u00bbcenter\u00a0\u00bb header_3_text_color=\u00a0\u00bb#bf8f00&Prime; header_3_font_size=\u00a0\u00bb19px\u00a0\u00bb header_3_line_height=\u00a0\u00bb1.6em\u00a0\u00bb header_4_text_align=\u00a0\u00bbcenter\u00a0\u00bb header_4_text_color=\u00a0\u00bb#bf8f00&Prime; header_4_font_size=\u00a0\u00bb14px\u00a0\u00bb background_enable_image=\u00a0\u00bboff\u00a0\u00bb background_size=\u00a0\u00bbcustom\u00a0\u00bb background_position=\u00a0\u00bbtop_right\u00a0\u00bb text_orientation=\u00a0\u00bbjustified\u00a0\u00bb custom_margin=\u00a0\u00bb22px||5px||false|false\u00a0\u00bb global_colors_info=\u00a0\u00bb{}\u00a0\u00bb]<\/p>\n<h2>NOTRE ACTION SOIGNER<\/h2>\n<h3>Nous aidons en France : les enfants souffrant du D\u00e9ficit de l\u2019Attention (TDA)<\/h3>\n<p>L\u2019Institution Louisette-Marie Arnaud offre en France, une Aide Th\u00e9rapeutique au Traitement des enfants et\/ou des adolescents entre 6 \u00e0 12 ans (sous condition) souffrant du D\u00e9ficit de l\u2019Attention TDA ; issus de familles monoparentales ; non b\u00e9n\u00e9ficiaires d\u2019une prise en charge MDPH et en cours de traitement (hors institution). En effet, les enfants que l\u2019institution aide, poss\u00e8dent en amont soit : un m\u00e9decin traitant, soit un m\u00e9decin sp\u00e9cialis\u00e9 et\/ou ils sont suivis par un centre sp\u00e9cialis\u00e9.<\/p>\n<p>Ainsi, nous appuyant sur : plus de 50 ans d\u2019\u00e9tudes des Neuroscience cliniques dans le domaine ; l\u2019avis de l\u2019American Pediatric Association aux USA qui pr\u00e9conise la r\u00e9troaction biologique par \u00e9lectroenc\u00e9phalogramme comme \u00ab approche clinique N\u00b01\u00bb pour le traitement du TDA vu de ses r\u00e9sultats prouvant ; l\u2019exp\u00e9rience de nos professionnelles sp\u00e9cialis\u00e9es, l\u2019Institution Louisette-Marie Arnaud France assure une Aide au traitement (sans compensation) \u2013 \u00e0 titre de \u00ab coup de pouce th\u00e9rapeutique \u00bb \u00e0 travers un plateau de s\u00e9ances par cette approche innovatrice active, reli\u00e9e \u00e0 des m\u00e9canismes biologiques et\/ou \u00e0 des processus psychologiques identifi\u00e9s, avec des retentissements sur les fonctions biologiques, psychologiques et comportementales.<\/p>\n<p>Nos objectifs : Contribuer \u00e0 la diminution et\/ou l\u2019\u00e9radication du trouble. Favoriser une meilleure qualit\u00e9 de vie. Augmenter les chances d\u2019une vie sociale plus stable. Rendre davantage les \u00e9changes apais\u00e9s et qualitatifs dans la cellule familiale. Encourager le d\u00e9veloppement personnel, ouvrant en m\u00eame temps \u00e0 l\u2019enfant et\/ou l\u2019adolescent, la possibilit\u00e9 de se voir jouer un r\u00f4le plus actif en soci\u00e9t\u00e9.<\/p>\n<p>[\/et_pb_text][et_pb_image src=\u00a0\u00bbhttps:\/\/louisette-marie-arnaud.org\/institution\/wp-content\/uploads\/2022\/06\/Louisette-Marie-Arnaud-les-enfants-que-nous-soignons-v2.jpg\u00a0\u00bb title_text=\u00a0\u00bbLouisette-Marie Arnaud-les enfants que nous soignons-v2&Prime; _builder_version=\u00a0\u00bb4.17.3&Prime; _module_preset=\u00a0\u00bbdefault\u00a0\u00bb custom_margin=\u00a0\u00bb3%||||false|false\u00a0\u00bb global_colors_info=\u00a0\u00bb{}\u00a0\u00bb][\/et_pb_image][\/et_pb_column][\/et_pb_row][\/et_pb_section][et_pb_section fb_built=\u00a0\u00bb1&Prime; make_equal=\u00a0\u00bbon\u00a0\u00bb use_custom_gutter=\u00a0\u00bbon\u00a0\u00bb gutter_width=\u00a0\u00bb2&Prime; specialty=\u00a0\u00bbon\u00a0\u00bb background_color_2=\u00a0\u00bb#8faadc\u00a0\u00bb padding_top_2=\u00a0\u00bb10px\u00a0\u00bb padding_right_2=\u00a0\u00bb15px\u00a0\u00bb padding_bottom_2=\u00a0\u00bb10px\u00a0\u00bb padding_left_2=\u00a0\u00bb15px\u00a0\u00bb padding_top_bottom_link_2=\u00a0\u00bbtrue\u00a0\u00bb padding_left_right_link_2=\u00a0\u00bbtrue\u00a0\u00bb padding_2_tablet=\u00a0\u00bb10px||10px||true|false\u00a0\u00bb padding_2_phone=\u00a0\u00bb10px||10px||true|false\u00a0\u00bb padding_2_last_edited=\u00a0\u00bbon|phone\u00a0\u00bb _builder_version=\u00a0\u00bb4.16&Prime; _module_preset=\u00a0\u00bbdefault\u00a0\u00bb da_disable_devices=\u00a0\u00bboff|off|off\u00a0\u00bb global_colors_info=\u00a0\u00bb{}\u00a0\u00bb da_is_popup=\u00a0\u00bboff\u00a0\u00bb da_exit_intent=\u00a0\u00bboff\u00a0\u00bb da_has_close=\u00a0\u00bbon\u00a0\u00bb da_alt_close=\u00a0\u00bboff\u00a0\u00bb da_dark_close=\u00a0\u00bboff\u00a0\u00bb da_not_modal=\u00a0\u00bbon\u00a0\u00bb da_is_singular=\u00a0\u00bboff\u00a0\u00bb da_with_loader=\u00a0\u00bboff\u00a0\u00bb da_has_shadow=\u00a0\u00bbon\u00a0\u00bb][et_pb_column type=\u00a0\u00bb1_2&Prime; specialty_columns=\u00a0\u00bb2&Prime; _builder_version=\u00a0\u00bb4.16&Prime; custom_padding=\u00a0\u00bb|||\u00a0\u00bb global_colors_info=\u00a0\u00bb{}\u00a0\u00bb custom_padding__hover=\u00a0\u00bb|||\u00a0\u00bb][et_pb_row_inner _builder_version=\u00a0\u00bb4.16&Prime; _module_preset=\u00a0\u00bbdefault\u00a0\u00bb custom_margin=\u00a0\u00bb||-27px|||\u00a0\u00bb custom_padding=\u00a0\u00bb0px||||false|false\u00a0\u00bb global_colors_info=\u00a0\u00bb{}\u00a0\u00bb][et_pb_column_inner saved_specialty_column_type=\u00a0\u00bb1_2&Prime; _builder_version=\u00a0\u00bb4.16&Prime; _module_preset=\u00a0\u00bbdefault\u00a0\u00bb global_colors_info=\u00a0\u00bb{}\u00a0\u00bb][et_pb_text admin_label=\u00a0\u00bbNOS VALEURS\u00a0\u00bb _builder_version=\u00a0\u00bb4.17.3&Prime; _module_preset=\u00a0\u00bbdefault\u00a0\u00bb text_text_color=\u00a0\u00bb#FFFFFF\u00a0\u00bb text_font_size=\u00a0\u00bb16px\u00a0\u00bb background_color=\u00a0\u00bb#8faadc\u00a0\u00bb custom_padding=\u00a0\u00bb30px|10px|60px|10px|false|true\u00a0\u00bb global_colors_info=\u00a0\u00bb{}\u00a0\u00bb]<\/p>\n<p style=\"text-align: center;\"><strong>NOS VALEURS<\/strong><\/p>\n<p style=\"text-align: justify;\">Nous sommes une institution loi 1901 \u00e0 caract\u00e8re international ind\u00e9pendante de tout pouvoir ou d\u2019int\u00e9r\u00eat politique, religieux ou financier, dans le choix de nos programmes et de nos m\u00e9thodes de travail. Nous refusons toute subordination et privil\u00e9gions le dialogue avec les personnes et les partenaires aupr\u00e8s desquels nous travaillons.<\/p>\n<p>[\/et_pb_text][\/et_pb_column_inner][\/et_pb_row_inner][et_pb_row_inner _builder_version=\u00a0\u00bb4.16&Prime; _module_preset=\u00a0\u00bbdefault\u00a0\u00bb custom_margin=\u00a0\u00bb11px|||||\u00a0\u00bb custom_padding=\u00a0\u00bb10px||10px||true|true\u00a0\u00bb border_width_all=\u00a0\u00bb3px\u00a0\u00bb border_color_all=\u00a0\u00bb#8faadc\u00a0\u00bb global_colors_info=\u00a0\u00bb{}\u00a0\u00bb][et_pb_column_inner saved_specialty_column_type=\u00a0\u00bb1_2&Prime; _builder_version=\u00a0\u00bb4.16&Prime; _module_preset=\u00a0\u00bbdefault\u00a0\u00bb global_colors_info=\u00a0\u00bb{}\u00a0\u00bb][et_pb_image src=\u00a0\u00bbhttps:\/\/louisette-marie-arnaud.org\/institution\/wp-content\/uploads\/2021\/09\/brain-map.png\u00a0\u00bb title_text=\u00a0\u00bbbrain-map\u00a0\u00bb _builder_version=\u00a0\u00bb4.16&Prime; _module_preset=\u00a0\u00bbdefault\u00a0\u00bb custom_margin=\u00a0\u00bb11px|||||\u00a0\u00bb custom_padding=\u00a0\u00bb20px|10px|25px|10px|false|true\u00a0\u00bb global_colors_info=\u00a0\u00bb{}\u00a0\u00bb][\/et_pb_image][\/et_pb_column_inner][\/et_pb_row_inner][\/et_pb_column][et_pb_column type=\u00a0\u00bb1_2&Prime; _builder_version=\u00a0\u00bb4.16&Prime; custom_padding=\u00a0\u00bb|||\u00a0\u00bb global_colors_info=\u00a0\u00bb{}\u00a0\u00bb custom_padding__hover=\u00a0\u00bb|||\u00a0\u00bb][et_pb_text admin_label=\u00a0\u00bbLES NEUROSCIENCES CLINIQUES\u00a0\u00bb _builder_version=\u00a0\u00bb4.17.3&Prime; _module_preset=\u00a0\u00bbdefault\u00a0\u00bb text_font=\u00a0\u00bbOpen Sans|600|||||||\u00a0\u00bb text_text_color=\u00a0\u00bb#FFFFFF\u00a0\u00bb text_font_size=\u00a0\u00bb20px\u00a0\u00bb header_2_font=\u00a0\u00bb|700|||||||\u00a0\u00bb header_2_text_color=\u00a0\u00bb#ffffff\u00a0\u00bb header_4_text_align=\u00a0\u00bbcenter\u00a0\u00bb header_4_text_color=\u00a0\u00bb#FFFFFF\u00a0\u00bb header_4_font_size=\u00a0\u00bb28px\u00a0\u00bb text_orientation=\u00a0\u00bbjustified\u00a0\u00bb custom_padding=\u00a0\u00bb12px||||false|false\u00a0\u00bb global_colors_info=\u00a0\u00bb{}\u00a0\u00bb]<\/p>\n<h2 style=\"text-align: center;\">LES NEUROSCIENCES CLINIQUES<\/h2>\n<p>&nbsp;<\/p>\n<p style=\"text-align: justify;\">Les neurosciences cliniques sont une branche des neurosciences qui se concentre sur l&rsquo;\u00e9tude scientifique des m\u00e9canismes fondamentaux qui sous-tendent les maladies et les troubles du cerveau et du syst\u00e8me nerveux central.<\/p>\n<p style=\"text-align: justify;\">Elle cherche \u00e0 d\u00e9velopper de nouvelles fa\u00e7ons de conceptualiser de diagnostiquer ces troubles et, \u00e0 terme, de mettre au point de nouveaux traitements.<\/p>\n<p style=\"text-align: justify;\">Un neuroscientifique clinique est un scientifique qui poss\u00e8de des connaissances sp\u00e9cialis\u00e9es dans ce domaine. Tous les cliniciens ne sont pas des neuroscientifiques cliniques.<\/p>\n<p style=\"text-align: justify;\"><strong>Les cliniciens et les scientifiques &#8211; y compris les psychologues cliniques, les psychiatres, les neurologues et d&rsquo;autres sp\u00e9cialistes &#8211; utilisent les r\u00e9sultats de la recherche fondamentale en neurosciences en g\u00e9n\u00e9ral et en neurosciences cliniques en particulier pour d\u00e9velopper des m\u00e9thodes de diagnostic et des moyens de pr\u00e9venir et de traiter les troubles neurobiologiques. <\/strong><\/p>\n<p>[\/et_pb_text][\/et_pb_column][\/et_pb_section][et_pb_section fb_built=\u00a0\u00bb1&Prime; _builder_version=\u00a0\u00bb4.16&Prime; _module_preset=\u00a0\u00bbdefault\u00a0\u00bb da_disable_devices=\u00a0\u00bboff|off|off\u00a0\u00bb global_colors_info=\u00a0\u00bb{}\u00a0\u00bb da_is_popup=\u00a0\u00bboff\u00a0\u00bb da_exit_intent=\u00a0\u00bboff\u00a0\u00bb da_has_close=\u00a0\u00bbon\u00a0\u00bb da_alt_close=\u00a0\u00bboff\u00a0\u00bb da_dark_close=\u00a0\u00bboff\u00a0\u00bb da_not_modal=\u00a0\u00bbon\u00a0\u00bb da_is_singular=\u00a0\u00bboff\u00a0\u00bb da_with_loader=\u00a0\u00bboff\u00a0\u00bb da_has_shadow=\u00a0\u00bbon\u00a0\u00bb][et_pb_row _builder_version=\u00a0\u00bb4.16&Prime; _module_preset=\u00a0\u00bbdefault\u00a0\u00bb global_colors_info=\u00a0\u00bb{}\u00a0\u00bb][et_pb_column type=\u00a0\u00bb4_4&Prime; _builder_version=\u00a0\u00bb4.16&Prime; _module_preset=\u00a0\u00bbdefault\u00a0\u00bb global_colors_info=\u00a0\u00bb{}\u00a0\u00bb][et_pb_text _builder_version=\u00a0\u00bb4.17.3&Prime; _module_preset=\u00a0\u00bbdefault\u00a0\u00bb text_text_color=\u00a0\u00bb#FFFFFF\u00a0\u00bb text_line_height=\u00a0\u00bb1.8em\u00a0\u00bb header_font=\u00a0\u00bb|700|||||||\u00a0\u00bb header_text_align=\u00a0\u00bbcenter\u00a0\u00bb header_2_font=\u00a0\u00bb|700|||||||\u00a0\u00bb header_2_text_align=\u00a0\u00bbcenter\u00a0\u00bb header_2_text_color=\u00a0\u00bb#FFFFFF\u00a0\u00bb header_2_font_size=\u00a0\u00bb27px\u00a0\u00bb header_2_line_height=\u00a0\u00bb1.4em\u00a0\u00bb header_6_text_align=\u00a0\u00bbcenter\u00a0\u00bb header_6_text_color=\u00a0\u00bb#FFFFFF\u00a0\u00bb header_6_font_size=\u00a0\u00bb28px\u00a0\u00bb header_6_line_height=\u00a0\u00bb35.7px\u00a0\u00bb background_color=\u00a0\u00bb#8faadc\u00a0\u00bb text_orientation=\u00a0\u00bbjustified\u00a0\u00bb custom_padding=\u00a0\u00bb30px|15px|30px|15px|true|true\u00a0\u00bb global_colors_info=\u00a0\u00bb{}\u00a0\u00bb]<\/p>\n<h6><strong>LES NEUROSCIENCES CLINIQUES POUR TRAITER<\/strong><br \/><strong>QUELS TROUBLES<\/strong><\/h6>\n<p>&nbsp;<\/p>\n<p>Ces troubles comprennent : les troubles anxieux, le trouble d\u00e9ficitaire de l&rsquo;attention avec\/ ou sans hyperactivit\u00e9, l&rsquo;autisme, le trouble obsessionnel-compulsif, la dyslexie, l&rsquo;\u00e9pilepsie, les troubles du sommeil, la phobie, le stress post-traumatique, la douleur, le trouble bipolaire, la d\u00e9pression, le syndrome de Down, la schizophr\u00e9nie, la toxicomanie, mais aussi : la maladie de Huntington, la scl\u00e9rose en plaques, le sida neurologique, les traumatismes neurologiques, la douleur, les tumeurs c\u00e9r\u00e9brales, la maladie de Parkinson, la schizophr\u00e9nie, les accidents vasculaires c\u00e9r\u00e9braux et le syndrome de Gilles de la Tourette, la maladie d&rsquo;Alzheimer, la scl\u00e9rose lat\u00e9rale amyotrophique,\u00a0 (liste non exhaustive).<\/p>\n<p>&nbsp;<\/p>\n<h6><strong>NOUS UTILISONS QUELLES TECHNOLOGIES\u00a0?<\/strong><\/h6>\n<p style=\"text-align: justify;\">Des technologies comprenant : l&rsquo;\u00e9lectroenc\u00e9phalogramme fonctionnel (QEEG) ; le potentiel \u00e9voqu\u00e9 ; la r\u00e9\u00e9ducation du cerveau par Neurofeedback 1<span style=\"font-size: small;\"><sup>\u00e8re<\/sup><\/span> et 3<span style=\"font-size: small;\"><sup>\u00e8me<\/sup><\/span> g\u00e9n\u00e9ration (permettant de r\u00e9\u00e9duquer 40 aires du cerveau en simultan\u00e9) ; le TDCS ; la Photobiomodulation ; la Neurostimulation ; pour am\u00e9liorer la physiologie sous-jacente, sans m\u00e9dicament, techniques pouvant \u00eatre accoupl\u00e9es selon les besoins \u00e0 un \u00e9ventail de th\u00e9rapies psychologiques intemporelles (TCC, Hypnose&#8230;)<\/p>\n<p>[\/et_pb_text][\/et_pb_column][\/et_pb_row][et_pb_row _builder_version=\u00a0\u00bb4.16&Prime; _module_preset=\u00a0\u00bbdefault\u00a0\u00bb background_color=\u00a0\u00bb#8faadc\u00a0\u00bb custom_margin=\u00a0\u00bb|auto|1px|auto||\u00a0\u00bb custom_padding=\u00a0\u00bb||28px|||\u00a0\u00bb global_colors_info=\u00a0\u00bb{}\u00a0\u00bb][et_pb_column type=\u00a0\u00bb4_4&Prime; _builder_version=\u00a0\u00bb4.16&Prime; _module_preset=\u00a0\u00bbdefault\u00a0\u00bb global_colors_info=\u00a0\u00bb{}\u00a0\u00bb][et_pb_text admin_label=\u00a0\u00bbVol \u00e0 l&rsquo;int\u00e9rieur de l&rsquo;intelligence artificielle Digital\u00a0\u00bb _builder_version=\u00a0\u00bb4.16&Prime; _module_preset=\u00a0\u00bbdefault\u00a0\u00bb text_text_color=\u00a0\u00bb#FFFFFF\u00a0\u00bb header_6_text_align=\u00a0\u00bbcenter\u00a0\u00bb header_6_text_color=\u00a0\u00bb#FFFFFF\u00a0\u00bb header_6_font_size=\u00a0\u00bb28px\u00a0\u00bb header_6_line_height=\u00a0\u00bb34px\u00a0\u00bb background_color=\u00a0\u00bb#8faadc\u00a0\u00bb text_orientation=\u00a0\u00bbjustified\u00a0\u00bb custom_padding=\u00a0\u00bb22px|29px|5px|29px|false|true\u00a0\u00bb global_colors_info=\u00a0\u00bb{}\u00a0\u00bb]<\/p>\n<h6 style=\"text-align: center;\"><span style=\"font-size: x-large;\"><strong>Vol \u00e0 l&rsquo;int\u00e9rieur de l&rsquo;intelligence artificielle Digital Cerveau. Illustration du processus de r\u00e9flexion. Animation technologique informatique \u00e0 apprentissage profond.<br \/>Rendu 3d<\/strong><\/span><\/h6>\n<p>[\/et_pb_text][et_pb_code _builder_version=\u00a0\u00bb4.16&Prime; _module_preset=\u00a0\u00bbdefault\u00a0\u00bb width=\u00a0\u00bb90%\u00a0\u00bb max_width=\u00a0\u00bb90%\u00a0\u00bb module_alignment=\u00a0\u00bbcenter\u00a0\u00bb global_colors_info=\u00a0\u00bb{}\u00a0\u00bb]<iframe loading=\"lazy\" width=\"560\" height=\"315\" src=\"https:\/\/www.youtube.com\/embed\/mmYbI0ItA2s?rel=0\" title=\"YouTube video player\" frameborder=\"0\" allow=\"accelerometer; autoplay; clipboard-write; encrypted-media; gyroscope; picture-in-picture\" allowfullscreen><\/iframe>[\/et_pb_code][\/et_pb_column][\/et_pb_row][\/et_pb_section][et_pb_section fb_built=\u00a0\u00bb1&Prime; _builder_version=\u00a0\u00bb4.16&Prime; _module_preset=\u00a0\u00bbdefault\u00a0\u00bb da_disable_devices=\u00a0\u00bboff|off|off\u00a0\u00bb global_colors_info=\u00a0\u00bb{}\u00a0\u00bb da_is_popup=\u00a0\u00bboff\u00a0\u00bb da_exit_intent=\u00a0\u00bboff\u00a0\u00bb da_has_close=\u00a0\u00bbon\u00a0\u00bb da_alt_close=\u00a0\u00bboff\u00a0\u00bb da_dark_close=\u00a0\u00bboff\u00a0\u00bb da_not_modal=\u00a0\u00bbon\u00a0\u00bb da_is_singular=\u00a0\u00bboff\u00a0\u00bb da_with_loader=\u00a0\u00bboff\u00a0\u00bb da_has_shadow=\u00a0\u00bbon\u00a0\u00bb][et_pb_row _builder_version=\u00a0\u00bb4.16&Prime; _module_preset=\u00a0\u00bbdefault\u00a0\u00bb background_color=\u00a0\u00bb#8faadc\u00a0\u00bb custom_margin=\u00a0\u00bb||0px||false|false\u00a0\u00bb custom_padding=\u00a0\u00bb||||false|false\u00a0\u00bb global_colors_info=\u00a0\u00bb{}\u00a0\u00bb][et_pb_column type=\u00a0\u00bb4_4&Prime; _builder_version=\u00a0\u00bb4.16&Prime; _module_preset=\u00a0\u00bbdefault\u00a0\u00bb global_colors_info=\u00a0\u00bb{}\u00a0\u00bb][et_pb_text admin_label=\u00a0\u00bbR\u00e9\u00e9ducation et l\u2019interface cerveau-ordinateur\u00a0\u00bb _builder_version=\u00a0\u00bb4.17.3&Prime; _module_preset=\u00a0\u00bbdefault\u00a0\u00bb text_text_color=\u00a0\u00bb#FFFFFF\u00a0\u00bb header_font=\u00a0\u00bb|700|||||||\u00a0\u00bb header_5_font=\u00a0\u00bb|700|||||||\u00a0\u00bb header_5_text_color=\u00a0\u00bb#FFFFFF\u00a0\u00bb header_5_font_size=\u00a0\u00bb26px\u00a0\u00bb header_6_text_align=\u00a0\u00bbcenter\u00a0\u00bb header_6_text_color=\u00a0\u00bb#FFFFFF\u00a0\u00bb header_6_font_size=\u00a0\u00bb28px\u00a0\u00bb header_6_line_height=\u00a0\u00bb34px\u00a0\u00bb background_color=\u00a0\u00bb#8faadc\u00a0\u00bb text_orientation=\u00a0\u00bbcenter\u00a0\u00bb custom_padding=\u00a0\u00bb30px|10px||10px|false|true\u00a0\u00bb global_colors_info=\u00a0\u00bb{}\u00a0\u00bb]<\/p>\n<h5>R\u00e9\u00e9ducation et interface cerveau-ordinateur<\/h5>\n<p>[\/et_pb_text][\/et_pb_column][\/et_pb_row][et_pb_row column_structure=\u00a0\u00bb1_3,1_3,1_3&Prime; use_custom_gutter=\u00a0\u00bbon\u00a0\u00bb gutter_width=\u00a0\u00bb2&Prime; _builder_version=\u00a0\u00bb4.16&Prime; _module_preset=\u00a0\u00bbdefault\u00a0\u00bb background_color=\u00a0\u00bb#8faadc\u00a0\u00bb custom_padding=\u00a0\u00bb|20px|30px|20px|false|true\u00a0\u00bb global_colors_info=\u00a0\u00bb{}\u00a0\u00bb][et_pb_column type=\u00a0\u00bb1_3&Prime; _builder_version=\u00a0\u00bb4.16&Prime; _module_preset=\u00a0\u00bbdefault\u00a0\u00bb global_colors_info=\u00a0\u00bb{}\u00a0\u00bb][et_pb_image src=\u00a0\u00bbhttps:\/\/louisette-marie-arnaud.org\/institution\/wp-content\/uploads\/2021\/09\/book-reading.jpg\u00a0\u00bb title_text=\u00a0\u00bbbook-reading\u00a0\u00bb _builder_version=\u00a0\u00bb4.16&Prime; _module_preset=\u00a0\u00bbdefault\u00a0\u00bb global_colors_info=\u00a0\u00bb{}\u00a0\u00bb][\/et_pb_image][\/et_pb_column][et_pb_column type=\u00a0\u00bb1_3&Prime; _builder_version=\u00a0\u00bb4.16&Prime; _module_preset=\u00a0\u00bbdefault\u00a0\u00bb global_colors_info=\u00a0\u00bb{}\u00a0\u00bb][et_pb_text admin_label=\u00a0\u00bbLa technologie de l&rsquo;interface cerveau-ordinateur\u00a0\u00bb _builder_version=\u00a0\u00bb4.17.3&Prime; _module_preset=\u00a0\u00bbdefault\u00a0\u00bb text_text_color=\u00a0\u00bb#FFFFFF\u00a0\u00bb text_orientation=\u00a0\u00bbjustified\u00a0\u00bb global_colors_info=\u00a0\u00bb{}\u00a0\u00bb]<\/p>\n<p>La technologie de l&rsquo;interface cerveau-ordinateur repr\u00e9sente un domaine de recherche en constante progression, donnant naissance \u00e0 des syst\u00e8mes d&rsquo;application de plus en plus \u00e9volu\u00e9s.<\/p>\n<p>Le syst\u00e8me d&rsquo;interface cerveau-ordinateur enregistre les ondes c\u00e9r\u00e9brales et les envoie aux syst\u00e8mes informatiques pour qu\u2019ils accomplissent la t\u00e2che qui lui est command\u00e9e.<\/p>\n<p>Les ondes transmises sont capt\u00e9es, int\u00e9gr\u00e9es a des syst\u00e8mes technologiques hautement sp\u00e9cialis\u00e9s, comprenant bases de donn\u00e9es et neuroimagerie, terrains qui vont participer \u00e0 la r\u00e9\u00e9ducation et au traitement.<\/p>\n<p>[\/et_pb_text][\/et_pb_column][et_pb_column type=\u00a0\u00bb1_3&Prime; _builder_version=\u00a0\u00bb4.16&Prime; _module_preset=\u00a0\u00bbdefault\u00a0\u00bb global_colors_info=\u00a0\u00bb{}\u00a0\u00bb][et_pb_image src=\u00a0\u00bbhttps:\/\/louisette-marie-arnaud.org\/institution\/wp-content\/uploads\/2021\/09\/smile.jpg\u00a0\u00bb title_text=\u00a0\u00bbsmile\u00a0\u00bb _builder_version=\u00a0\u00bb4.16&Prime; _module_preset=\u00a0\u00bbdefault\u00a0\u00bb global_colors_info=\u00a0\u00bb{}\u00a0\u00bb][\/et_pb_image][\/et_pb_column][\/et_pb_row][\/et_pb_section][et_pb_section fb_built=\u00a0\u00bb1&Prime; _builder_version=\u00a0\u00bb4.16&Prime; _module_preset=\u00a0\u00bbdefault\u00a0\u00bb da_disable_devices=\u00a0\u00bboff|off|off\u00a0\u00bb global_colors_info=\u00a0\u00bb{}\u00a0\u00bb da_is_popup=\u00a0\u00bboff\u00a0\u00bb da_exit_intent=\u00a0\u00bboff\u00a0\u00bb da_has_close=\u00a0\u00bbon\u00a0\u00bb da_alt_close=\u00a0\u00bboff\u00a0\u00bb da_dark_close=\u00a0\u00bboff\u00a0\u00bb da_not_modal=\u00a0\u00bbon\u00a0\u00bb da_is_singular=\u00a0\u00bboff\u00a0\u00bb da_with_loader=\u00a0\u00bboff\u00a0\u00bb da_has_shadow=\u00a0\u00bbon\u00a0\u00bb][et_pb_row _builder_version=\u00a0\u00bb4.16&Prime; _module_preset=\u00a0\u00bbdefault\u00a0\u00bb background_color=\u00a0\u00bb#8faadc\u00a0\u00bb min_height=\u00a0\u00bb769.5px\u00a0\u00bb global_colors_info=\u00a0\u00bb{}\u00a0\u00bb][et_pb_column type=\u00a0\u00bb4_4&Prime; _builder_version=\u00a0\u00bb4.16&Prime; _module_preset=\u00a0\u00bbdefault\u00a0\u00bb global_colors_info=\u00a0\u00bb{}\u00a0\u00bb][et_pb_text admin_label=\u00a0\u00bb Vue conceptuelle des neurones qui se d\u00e9clenchent dans un r\u00e9seau neuronal\u00a0\u00bb _builder_version=\u00a0\u00bb4.16&Prime; _module_preset=\u00a0\u00bbdefault\u00a0\u00bb text_font=\u00a0\u00bb|700|||||||\u00a0\u00bb text_text_color=\u00a0\u00bb#FFFFFF\u00a0\u00bb text_font_size=\u00a0\u00bb22px\u00a0\u00bb header_font=\u00a0\u00bb|700|||||||\u00a0\u00bb header_text_color=\u00a0\u00bb#000000&Prime; header_5_font=\u00a0\u00bb|700|||||||\u00a0\u00bb header_5_text_align=\u00a0\u00bbcenter\u00a0\u00bb header_5_text_color=\u00a0\u00bb#FFFFFF\u00a0\u00bb header_5_font_size=\u00a0\u00bb23px\u00a0\u00bb header_5_line_height=\u00a0\u00bb1.4em\u00a0\u00bb header_6_font=\u00a0\u00bb|600|||||||\u00a0\u00bb header_6_text_align=\u00a0\u00bbcenter\u00a0\u00bb header_6_text_color=\u00a0\u00bb#FFFFFF\u00a0\u00bb header_6_font_size=\u00a0\u00bb24px\u00a0\u00bb header_6_line_height=\u00a0\u00bb34px\u00a0\u00bb background_color=\u00a0\u00bb#8faadc\u00a0\u00bb text_orientation=\u00a0\u00bbjustified\u00a0\u00bb module_alignment=\u00a0\u00bbcenter\u00a0\u00bb min_height=\u00a0\u00bb100px\u00a0\u00bb custom_margin=\u00a0\u00bb30px|||||\u00a0\u00bb custom_padding=\u00a0\u00bb15px|10px|15px|10px|true|true\u00a0\u00bb global_colors_info=\u00a0\u00bb{}\u00a0\u00bb]<\/p>\n<h5>\u00a0Vue conceptuelle des neurones qui se d\u00e9clenchent dans un r\u00e9seau neuronal d\u2019apprentissage profond d\u2019intelligence artificielle<\/h5>\n<p>[\/et_pb_text][et_pb_code _builder_version=\u00a0\u00bb4.16&Prime; _module_preset=\u00a0\u00bbdefault\u00a0\u00bb width=\u00a0\u00bb90%\u00a0\u00bb max_width=\u00a0\u00bb90%\u00a0\u00bb module_alignment=\u00a0\u00bbcenter\u00a0\u00bb global_colors_info=\u00a0\u00bb{}\u00a0\u00bb]<iframe loading=\"lazy\" width=\"560\" height=\"315\" src=\"https:\/\/www.youtube.com\/embed\/ABCY77pQZiQ?rel=0\" title=\"YouTube video player\" frameborder=\"0\" allow=\"accelerometer; autoplay; clipboard-write; encrypted-media; gyroscope; picture-in-picture\" allowfullscreen><\/iframe>[\/et_pb_code][\/et_pb_column][\/et_pb_row][\/et_pb_section][et_pb_section fb_built=\u00a0\u00bb1&Prime; _builder_version=\u00a0\u00bb4.16&Prime; _module_preset=\u00a0\u00bbdefault\u00a0\u00bb da_disable_devices=\u00a0\u00bboff|off|off\u00a0\u00bb global_colors_info=\u00a0\u00bb{}\u00a0\u00bb da_is_popup=\u00a0\u00bboff\u00a0\u00bb da_exit_intent=\u00a0\u00bboff\u00a0\u00bb da_has_close=\u00a0\u00bbon\u00a0\u00bb da_alt_close=\u00a0\u00bboff\u00a0\u00bb da_dark_close=\u00a0\u00bboff\u00a0\u00bb da_not_modal=\u00a0\u00bbon\u00a0\u00bb da_is_singular=\u00a0\u00bboff\u00a0\u00bb da_with_loader=\u00a0\u00bboff\u00a0\u00bb da_has_shadow=\u00a0\u00bbon\u00a0\u00bb][et_pb_row _builder_version=\u00a0\u00bb4.16&Prime; _module_preset=\u00a0\u00bbdefault\u00a0\u00bb background_color=\u00a0\u00bb#dae3f3&Prime; border_width_all=\u00a0\u00bb3px\u00a0\u00bb border_color_all=\u00a0\u00bb#8faadc\u00a0\u00bb global_colors_info=\u00a0\u00bb{}\u00a0\u00bb][et_pb_column type=\u00a0\u00bb4_4&Prime; _builder_version=\u00a0\u00bb4.16&Prime; _module_preset=\u00a0\u00bbdefault\u00a0\u00bb global_colors_info=\u00a0\u00bb{}\u00a0\u00bb][et_pb_text admin_label=\u00a0\u00bbNOS LIENS PRIVILEGIES :\u00a0\u00bb _builder_version=\u00a0\u00bb4.16&Prime; _module_preset=\u00a0\u00bbdefault\u00a0\u00bb text_text_color=\u00a0\u00bb#000000&Prime; text_font_size=\u00a0\u00bb24px\u00a0\u00bb text_orientation=\u00a0\u00bbcenter\u00a0\u00bb global_colors_info=\u00a0\u00bb{}\u00a0\u00bb]<\/p>\n<p>NOS LIENS PRIVILEGIES :<\/p>\n<p>[\/et_pb_text][et_pb_image src=\u00a0\u00bbhttps:\/\/louisette-marie-arnaud.org\/institution\/wp-content\/uploads\/2021\/09\/isnr.png\u00a0\u00bb title_text=\u00a0\u00bbisnr\u00a0\u00bb url=\u00a0\u00bbhttps:\/\/isnr.org\/\u00a0\u00bb url_new_window=\u00a0\u00bbon\u00a0\u00bb align=\u00a0\u00bbcenter\u00a0\u00bb _builder_version=\u00a0\u00bb4.16&Prime; _module_preset=\u00a0\u00bbdefault\u00a0\u00bb width=\u00a0\u00bb140px\u00a0\u00bb global_colors_info=\u00a0\u00bb{}\u00a0\u00bb][\/et_pb_image][et_pb_image src=\u00a0\u00bbhttps:\/\/louisette-marie-arnaud.org\/institution\/wp-content\/uploads\/2021\/09\/logo.jpg\u00a0\u00bb title_text=\u00a0\u00bblogo\u00a0\u00bb url=\u00a0\u00bbhttps:\/\/www.rvd-psychologue.com\/index.php\u00a0\u00bb url_new_window=\u00a0\u00bbon\u00a0\u00bb align=\u00a0\u00bbcenter\u00a0\u00bb _builder_version=\u00a0\u00bb4.16&Prime; _module_preset=\u00a0\u00bbdefault\u00a0\u00bb global_colors_info=\u00a0\u00bb{}\u00a0\u00bb][\/et_pb_image][\/et_pb_column][\/et_pb_row][et_pb_row custom_padding_last_edited=\u00a0\u00bbon|tablet\u00a0\u00bb _builder_version=\u00a0\u00bb4.16&Prime; _module_preset=\u00a0\u00bbdefault\u00a0\u00bb background_image=\u00a0\u00bbhttps:\/\/louisette-marie-arnaud.org\/institution\/wp-content\/uploads\/2021\/11\/INSTITUTION-LOUISETTE-MARIE-ARNAUD.jpg\u00a0\u00bb width=\u00a0\u00bb600px\u00a0\u00bb width_tablet=\u00a0\u00bb600px\u00a0\u00bb width_phone=\u00a0\u00bb90%\u00a0\u00bb width_last_edited=\u00a0\u00bbon|phone\u00a0\u00bb custom_margin=\u00a0\u00bb14%||||false|false\u00a0\u00bb custom_padding=\u00a0\u00bb1%||15%||false|false\u00a0\u00bb custom_padding_tablet=\u00a0\u00bb||28%||false|false\u00a0\u00bb custom_padding_phone=\u00a0\u00bb1%||34%||false|false\u00a0\u00bb scroll_fade_enable=\u00a0\u00bbon\u00a0\u00bb global_colors_info=\u00a0\u00bb{}\u00a0\u00bb][et_pb_column type=\u00a0\u00bb4_4&Prime; _builder_version=\u00a0\u00bb4.16&Prime; _module_preset=\u00a0\u00bbdefault\u00a0\u00bb global_colors_info=\u00a0\u00bb{}\u00a0\u00bb][et_pb_text _builder_version=\u00a0\u00bb4.27.4&Prime; _module_preset=\u00a0\u00bbdefault\u00a0\u00bb header_2_text_align=\u00a0\u00bbcenter\u00a0\u00bb header_2_text_color=\u00a0\u00bb#FFFFFF\u00a0\u00bb header_2_font_size=\u00a0\u00bb20px\u00a0\u00bb header_2_line_height=\u00a0\u00bb1.4em\u00a0\u00bb hover_enabled=\u00a0\u00bb0&Prime; header_2_font_size_tablet=\u00a0\u00bb21px\u00a0\u00bb header_2_font_size_phone=\u00a0\u00bb16px\u00a0\u00bb header_2_font_size_last_edited=\u00a0\u00bbon|desktop\u00a0\u00bb global_colors_info=\u00a0\u00bb{}\u00a0\u00bb sticky_enabled=\u00a0\u00bb0&Prime;]<\/p>\n<h2><strong>INSTITUTION LOUISETTE-MARIE ARNAUD FRANCE<\/strong><br \/>POUR L\u2019EUROPE ET LES AMERIQUES<\/h2>\n<p>[\/et_pb_text][\/et_pb_column][\/et_pb_row][\/et_pb_section]<\/p>\n","protected":false},"excerpt":{"rendered":"<p>SOIGNER NOTRE ACTION INSTITUTIONNELLE &nbsp; SOIGNER EN FRANCE ET OFFRIR AUX ENFANTS (6-12 ANS) UNE NOUVELLE CHANCEPARTICIPER AU TRAITEMENT DES ENFANTS SOUFFRANT DU DEFICIT DE L\u2019ATTENTION (TDA) &nbsp; Nous voulons prodiguer en France un m\u00e9c\u00e9nat d\u2019aide au traitement \u00ab coup de pouce th\u00e9rapeutique \u00bb avec des soins innovateurs en Neurosciences Cliniques, pour la r\u00e9\u00e9ducation de l&rsquo;activit\u00e9 neuronale, assur\u00e9s par des professionnels d\u00fbment qualifi\u00e9s. Guid\u00e9s par la d\u00e9ontologie professionnelle de nos membres qui assureront le traitement et nous appuyant sur leurs d\u00e9sirs d\u2019apporter \u00e0 l\u2019Institution Louisette-Marie Arnaud France des dons en industrie \u00e0 travers leurs comp\u00e9tences, leurs \u00e9quipements et leurs cabinets, un m\u00e9c\u00e9nat \u2013 d\u2019aide sp\u00e9cialis\u00e9e \u00e0 leur traitement \u2013 \u00e0 titre de \u00ab coup de pouce th\u00e9rapeutique \u00bb et sous conditions, est assur\u00e9 en France. Soigner l\u2019enfant : Soigner, c\u2019est redonner une nouvelle trajectoire de vie. &#8211; en France, l\u2019Institution Louisette-Marie Arnaud France, a choisi d\u2019orienter son action Soigner vers les enfants fragilis\u00e9s par les Troubles de l\u2019Attention (TDA). Soigner, ici, ne se r\u00e9duit pas \u00e0 un geste m\u00e9dico-psychologique : il s\u2019agit d\u2019un accompagnement global, qui prend en compte le corps, l\u2019esprit, mais aussi le tissu familial et social dans lequel grandit l\u2019enfant. Offrir une aide aux enfants laiss\u00e9s en [&hellip;]<\/p>\n","protected":false},"author":1,"featured_media":0,"parent":0,"menu_order":0,"comment_status":"closed","ping_status":"closed","template":"","meta":{"_seopress_robots_primary_cat":"","_seopress_titles_title":"","_seopress_titles_desc":"","_seopress_robots_index":"","_et_pb_use_builder":"on","_et_pb_old_content":"","_et_gb_content_width":"","om_disable_all_campaigns":false,"_monsterinsights_skip_tracking":false,"_monsterinsights_sitenote_active":false,"_monsterinsights_sitenote_note":"","_monsterinsights_sitenote_category":0,"footnotes":""},"class_list":["post-47","page","type-page","status-publish","hentry"],"aioseo_notices":[],"yoast_head":"<!-- This site is optimized with the Yoast SEO plugin v27.4 - https:\/\/yoast.com\/product\/yoast-seo-wordpress\/ -->\n<title>SOIGNER - Institution Louisette-Marie Arnaud pour la jeunesse<\/title>\n<meta name=\"robots\" content=\"index, follow, max-snippet:-1, max-image-preview:large, max-video-preview:-1\" \/>\n<link rel=\"canonical\" href=\"https:\/\/louisette-marie-arnaud.org\/institution\/soigner\" \/>\n<meta property=\"og:locale\" content=\"fr_FR\" \/>\n<meta property=\"og:type\" content=\"article\" \/>\n<meta property=\"og:title\" content=\"SOIGNER - Institution Louisette-Marie Arnaud pour la jeunesse\" \/>\n<meta property=\"og:description\" content=\"SOIGNER NOTRE ACTION INSTITUTIONNELLE &nbsp; SOIGNER EN FRANCE ET OFFRIR AUX ENFANTS (6-12 ANS) UNE NOUVELLE CHANCEPARTICIPER AU TRAITEMENT DES ENFANTS SOUFFRANT DU DEFICIT DE L\u2019ATTENTION (TDA) &nbsp; Nous voulons prodiguer en France un m\u00e9c\u00e9nat d\u2019aide au traitement \u00ab coup de pouce th\u00e9rapeutique \u00bb avec des soins innovateurs en Neurosciences Cliniques, pour la r\u00e9\u00e9ducation de l&#039;activit\u00e9 neuronale, assur\u00e9s par des professionnels d\u00fbment qualifi\u00e9s. Guid\u00e9s par la d\u00e9ontologie professionnelle de nos membres qui assureront le traitement et nous appuyant sur leurs d\u00e9sirs d\u2019apporter \u00e0 l\u2019Institution Louisette-Marie Arnaud France des dons en industrie \u00e0 travers leurs comp\u00e9tences, leurs \u00e9quipements et leurs cabinets, un m\u00e9c\u00e9nat \u2013 d\u2019aide sp\u00e9cialis\u00e9e \u00e0 leur traitement \u2013 \u00e0 titre de \u00ab coup de pouce th\u00e9rapeutique \u00bb et sous conditions, est assur\u00e9 en France. Soigner l\u2019enfant : Soigner, c\u2019est redonner une nouvelle trajectoire de vie. - en France, l\u2019Institution Louisette-Marie Arnaud France, a choisi d\u2019orienter son action Soigner vers les enfants fragilis\u00e9s par les Troubles de l\u2019Attention (TDA). Soigner, ici, ne se r\u00e9duit pas \u00e0 un geste m\u00e9dico-psychologique : il s\u2019agit d\u2019un accompagnement global, qui prend en compte le corps, l\u2019esprit, mais aussi le tissu familial et social dans lequel grandit l\u2019enfant. Offrir une aide aux enfants laiss\u00e9s en [&hellip;]\" \/>\n<meta property=\"og:url\" content=\"https:\/\/louisette-marie-arnaud.org\/institution\/soigner\" \/>\n<meta property=\"og:site_name\" content=\"Institution Louisette-Marie Arnaud pour la jeunesse\" \/>\n<meta property=\"article:publisher\" content=\"https:\/\/www.facebook.com\/InstitutionLouisetteMarieArnaud\" \/>\n<meta property=\"article:modified_time\" content=\"2025-10-02T13:28:29+00:00\" \/>\n<meta name=\"twitter:card\" content=\"summary_large_image\" \/>\n<meta name=\"twitter:label1\" content=\"Dur\u00e9e de lecture estim\u00e9e\" \/>\n\t<meta name=\"twitter:data1\" content=\"12 minutes\" \/>\n<script type=\"application\/ld+json\" class=\"yoast-schema-graph\">{\"@context\":\"https:\\\/\\\/schema.org\",\"@graph\":[{\"@type\":\"WebPage\",\"@id\":\"https:\\\/\\\/louisette-marie-arnaud.org\\\/institution\\\/soigner\",\"url\":\"https:\\\/\\\/louisette-marie-arnaud.org\\\/institution\\\/soigner\",\"name\":\"SOIGNER - Institution Louisette-Marie Arnaud pour la jeunesse\",\"isPartOf\":{\"@id\":\"https:\\\/\\\/louisette-marie-arnaud.org\\\/institution\\\/#website\"},\"datePublished\":\"2021-08-01T16:11:29+00:00\",\"dateModified\":\"2025-10-02T13:28:29+00:00\",\"breadcrumb\":{\"@id\":\"https:\\\/\\\/louisette-marie-arnaud.org\\\/institution\\\/soigner#breadcrumb\"},\"inLanguage\":\"fr-FR\",\"potentialAction\":[{\"@type\":\"ReadAction\",\"target\":[\"https:\\\/\\\/louisette-marie-arnaud.org\\\/institution\\\/soigner\"]}]},{\"@type\":\"BreadcrumbList\",\"@id\":\"https:\\\/\\\/louisette-marie-arnaud.org\\\/institution\\\/soigner#breadcrumb\",\"itemListElement\":[{\"@type\":\"ListItem\",\"position\":1,\"name\":\"Accueil\",\"item\":\"https:\\\/\\\/louisette-marie-arnaud.org\\\/institution\\\/\"},{\"@type\":\"ListItem\",\"position\":2,\"name\":\"SOIGNER\"}]},{\"@type\":\"WebSite\",\"@id\":\"https:\\\/\\\/louisette-marie-arnaud.org\\\/institution\\\/#website\",\"url\":\"https:\\\/\\\/louisette-marie-arnaud.org\\\/institution\\\/\",\"name\":\"Institution Louisette-Marie Arnaud pour la jeunesse\",\"description\":\"PROMOUVOIR PROTEGER SOIGNER\",\"publisher\":{\"@id\":\"https:\\\/\\\/louisette-marie-arnaud.org\\\/institution\\\/#organization\"},\"potentialAction\":[{\"@type\":\"SearchAction\",\"target\":{\"@type\":\"EntryPoint\",\"urlTemplate\":\"https:\\\/\\\/louisette-marie-arnaud.org\\\/institution\\\/?s={search_term_string}\"},\"query-input\":{\"@type\":\"PropertyValueSpecification\",\"valueRequired\":true,\"valueName\":\"search_term_string\"}}],\"inLanguage\":\"fr-FR\"},{\"@type\":\"Organization\",\"@id\":\"https:\\\/\\\/louisette-marie-arnaud.org\\\/institution\\\/#organization\",\"name\":\"Institution Louisette-Marie Arnaud pour la jeunesse\",\"url\":\"https:\\\/\\\/louisette-marie-arnaud.org\\\/institution\\\/\",\"logo\":{\"@type\":\"ImageObject\",\"inLanguage\":\"fr-FR\",\"@id\":\"https:\\\/\\\/louisette-marie-arnaud.org\\\/institution\\\/#\\\/schema\\\/logo\\\/image\\\/\",\"url\":\"https:\\\/\\\/louisette-marie-arnaud.org\\\/institution\\\/wp-content\\\/uploads\\\/2021\\\/08\\\/cropped-Capture-LOGO-DANIELLI-PAGE-DACCUEIL-Copie.jpg\",\"contentUrl\":\"https:\\\/\\\/louisette-marie-arnaud.org\\\/institution\\\/wp-content\\\/uploads\\\/2021\\\/08\\\/cropped-Capture-LOGO-DANIELLI-PAGE-DACCUEIL-Copie.jpg\",\"width\":139,\"height\":134,\"caption\":\"Institution Louisette-Marie Arnaud pour la jeunesse\"},\"image\":{\"@id\":\"https:\\\/\\\/louisette-marie-arnaud.org\\\/institution\\\/#\\\/schema\\\/logo\\\/image\\\/\"},\"sameAs\":[\"https:\\\/\\\/www.facebook.com\\\/InstitutionLouisetteMarieArnaud\"]}]}<\/script>\n<!-- \/ Yoast SEO plugin. -->","yoast_head_json":{"title":"SOIGNER - Institution Louisette-Marie Arnaud pour la jeunesse","robots":{"index":"index","follow":"follow","max-snippet":"max-snippet:-1","max-image-preview":"max-image-preview:large","max-video-preview":"max-video-preview:-1"},"canonical":"https:\/\/louisette-marie-arnaud.org\/institution\/soigner","og_locale":"fr_FR","og_type":"article","og_title":"SOIGNER - Institution Louisette-Marie Arnaud pour la jeunesse","og_description":"SOIGNER NOTRE ACTION INSTITUTIONNELLE &nbsp; SOIGNER EN FRANCE ET OFFRIR AUX ENFANTS (6-12 ANS) UNE NOUVELLE CHANCEPARTICIPER AU TRAITEMENT DES ENFANTS SOUFFRANT DU DEFICIT DE L\u2019ATTENTION (TDA) &nbsp; Nous voulons prodiguer en France un m\u00e9c\u00e9nat d\u2019aide au traitement \u00ab coup de pouce th\u00e9rapeutique \u00bb avec des soins innovateurs en Neurosciences Cliniques, pour la r\u00e9\u00e9ducation de l'activit\u00e9 neuronale, assur\u00e9s par des professionnels d\u00fbment qualifi\u00e9s. Guid\u00e9s par la d\u00e9ontologie professionnelle de nos membres qui assureront le traitement et nous appuyant sur leurs d\u00e9sirs d\u2019apporter \u00e0 l\u2019Institution Louisette-Marie Arnaud France des dons en industrie \u00e0 travers leurs comp\u00e9tences, leurs \u00e9quipements et leurs cabinets, un m\u00e9c\u00e9nat \u2013 d\u2019aide sp\u00e9cialis\u00e9e \u00e0 leur traitement \u2013 \u00e0 titre de \u00ab coup de pouce th\u00e9rapeutique \u00bb et sous conditions, est assur\u00e9 en France. Soigner l\u2019enfant : Soigner, c\u2019est redonner une nouvelle trajectoire de vie. - en France, l\u2019Institution Louisette-Marie Arnaud France, a choisi d\u2019orienter son action Soigner vers les enfants fragilis\u00e9s par les Troubles de l\u2019Attention (TDA). Soigner, ici, ne se r\u00e9duit pas \u00e0 un geste m\u00e9dico-psychologique : il s\u2019agit d\u2019un accompagnement global, qui prend en compte le corps, l\u2019esprit, mais aussi le tissu familial et social dans lequel grandit l\u2019enfant. Offrir une aide aux enfants laiss\u00e9s en [&hellip;]","og_url":"https:\/\/louisette-marie-arnaud.org\/institution\/soigner","og_site_name":"Institution Louisette-Marie Arnaud pour la jeunesse","article_publisher":"https:\/\/www.facebook.com\/InstitutionLouisetteMarieArnaud","article_modified_time":"2025-10-02T13:28:29+00:00","twitter_card":"summary_large_image","twitter_misc":{"Dur\u00e9e de lecture estim\u00e9e":"12 minutes"},"schema":{"@context":"https:\/\/schema.org","@graph":[{"@type":"WebPage","@id":"https:\/\/louisette-marie-arnaud.org\/institution\/soigner","url":"https:\/\/louisette-marie-arnaud.org\/institution\/soigner","name":"SOIGNER - Institution Louisette-Marie Arnaud pour la jeunesse","isPartOf":{"@id":"https:\/\/louisette-marie-arnaud.org\/institution\/#website"},"datePublished":"2021-08-01T16:11:29+00:00","dateModified":"2025-10-02T13:28:29+00:00","breadcrumb":{"@id":"https:\/\/louisette-marie-arnaud.org\/institution\/soigner#breadcrumb"},"inLanguage":"fr-FR","potentialAction":[{"@type":"ReadAction","target":["https:\/\/louisette-marie-arnaud.org\/institution\/soigner"]}]},{"@type":"BreadcrumbList","@id":"https:\/\/louisette-marie-arnaud.org\/institution\/soigner#breadcrumb","itemListElement":[{"@type":"ListItem","position":1,"name":"Accueil","item":"https:\/\/louisette-marie-arnaud.org\/institution\/"},{"@type":"ListItem","position":2,"name":"SOIGNER"}]},{"@type":"WebSite","@id":"https:\/\/louisette-marie-arnaud.org\/institution\/#website","url":"https:\/\/louisette-marie-arnaud.org\/institution\/","name":"Institution Louisette-Marie Arnaud pour la jeunesse","description":"PROMOUVOIR PROTEGER SOIGNER","publisher":{"@id":"https:\/\/louisette-marie-arnaud.org\/institution\/#organization"},"potentialAction":[{"@type":"SearchAction","target":{"@type":"EntryPoint","urlTemplate":"https:\/\/louisette-marie-arnaud.org\/institution\/?s={search_term_string}"},"query-input":{"@type":"PropertyValueSpecification","valueRequired":true,"valueName":"search_term_string"}}],"inLanguage":"fr-FR"},{"@type":"Organization","@id":"https:\/\/louisette-marie-arnaud.org\/institution\/#organization","name":"Institution Louisette-Marie Arnaud pour la jeunesse","url":"https:\/\/louisette-marie-arnaud.org\/institution\/","logo":{"@type":"ImageObject","inLanguage":"fr-FR","@id":"https:\/\/louisette-marie-arnaud.org\/institution\/#\/schema\/logo\/image\/","url":"https:\/\/louisette-marie-arnaud.org\/institution\/wp-content\/uploads\/2021\/08\/cropped-Capture-LOGO-DANIELLI-PAGE-DACCUEIL-Copie.jpg","contentUrl":"https:\/\/louisette-marie-arnaud.org\/institution\/wp-content\/uploads\/2021\/08\/cropped-Capture-LOGO-DANIELLI-PAGE-DACCUEIL-Copie.jpg","width":139,"height":134,"caption":"Institution Louisette-Marie Arnaud pour la jeunesse"},"image":{"@id":"https:\/\/louisette-marie-arnaud.org\/institution\/#\/schema\/logo\/image\/"},"sameAs":["https:\/\/www.facebook.com\/InstitutionLouisetteMarieArnaud"]}]}},"jetpack_sharing_enabled":true,"_links":{"self":[{"href":"https:\/\/louisette-marie-arnaud.org\/institution\/wp-json\/wp\/v2\/pages\/47","targetHints":{"allow":["GET"]}}],"collection":[{"href":"https:\/\/louisette-marie-arnaud.org\/institution\/wp-json\/wp\/v2\/pages"}],"about":[{"href":"https:\/\/louisette-marie-arnaud.org\/institution\/wp-json\/wp\/v2\/types\/page"}],"author":[{"embeddable":true,"href":"https:\/\/louisette-marie-arnaud.org\/institution\/wp-json\/wp\/v2\/users\/1"}],"replies":[{"embeddable":true,"href":"https:\/\/louisette-marie-arnaud.org\/institution\/wp-json\/wp\/v2\/comments?post=47"}],"version-history":[{"count":138,"href":"https:\/\/louisette-marie-arnaud.org\/institution\/wp-json\/wp\/v2\/pages\/47\/revisions"}],"predecessor-version":[{"id":11329,"href":"https:\/\/louisette-marie-arnaud.org\/institution\/wp-json\/wp\/v2\/pages\/47\/revisions\/11329"}],"wp:attachment":[{"href":"https:\/\/louisette-marie-arnaud.org\/institution\/wp-json\/wp\/v2\/media?parent=47"}],"curies":[{"name":"wp","href":"https:\/\/api.w.org\/{rel}","templated":true}]}}