{"id":7915,"date":"2023-11-16T09:56:35","date_gmt":"2023-11-16T08:56:35","guid":{"rendered":"https:\/\/louisette-marie-arnaud.org\/institution\/?page_id=7915"},"modified":"2025-10-03T16:50:36","modified_gmt":"2025-10-03T14:50:36","slug":"action-promouvoir-finalistes-2023","status":"publish","type":"page","link":"https:\/\/louisette-marie-arnaud.org\/institution\/action-promouvoir-finalistes-2023","title":{"rendered":"Action Promouvoir &#8211; Finalistes 2023"},"content":{"rendered":"<p>[et_pb_section fb_built=\u00a0\u00bb1&Prime; _builder_version=\u00a0\u00bb4.16&Prime; _module_preset=\u00a0\u00bbdefault\u00a0\u00bb background_image=\u00a0\u00bbhttps:\/\/louisette-marie-arnaud.org\/institution\/wp-content\/uploads\/layerslider\/Slider-site-louisette\/1.jpg\u00a0\u00bb parallax=\u00a0\u00bbon\u00a0\u00bb min_height=\u00a0\u00bb450px\u00a0\u00bb height=\u00a0\u00bb450px\u00a0\u00bb max_height=\u00a0\u00bb450px\u00a0\u00bb custom_margin=\u00a0\u00bb0px||0px||true|false\u00a0\u00bb custom_padding=\u00a0\u00bb0px||0px||true|false\u00a0\u00bb da_disable_devices=\u00a0\u00bboff|off|off\u00a0\u00bb global_colors_info=\u00a0\u00bb{}\u00a0\u00bb da_is_popup=\u00a0\u00bboff\u00a0\u00bb da_exit_intent=\u00a0\u00bboff\u00a0\u00bb da_has_close=\u00a0\u00bbon\u00a0\u00bb da_alt_close=\u00a0\u00bboff\u00a0\u00bb da_dark_close=\u00a0\u00bboff\u00a0\u00bb da_not_modal=\u00a0\u00bbon\u00a0\u00bb da_is_singular=\u00a0\u00bboff\u00a0\u00bb da_with_loader=\u00a0\u00bboff\u00a0\u00bb da_has_shadow=\u00a0\u00bbon\u00a0\u00bb][et_pb_row _builder_version=\u00a0\u00bb4.16&Prime; _module_preset=\u00a0\u00bbdefault\u00a0\u00bb width=\u00a0\u00bb100%\u00a0\u00bb max_width=\u00a0\u00bb100%\u00a0\u00bb custom_margin=\u00a0\u00bb0px||0px||true|false\u00a0\u00bb custom_padding=\u00a0\u00bb0px||0px||true|false\u00a0\u00bb global_colors_info=\u00a0\u00bb{}\u00a0\u00bb][et_pb_column type=\u00a0\u00bb4_4&Prime; _builder_version=\u00a0\u00bb4.16&Prime; _module_preset=\u00a0\u00bbdefault\u00a0\u00bb global_colors_info=\u00a0\u00bb{}\u00a0\u00bb][et_pb_divider show_divider=\u00a0\u00bboff\u00a0\u00bb _builder_version=\u00a0\u00bb4.16&Prime; _module_preset=\u00a0\u00bbdefault\u00a0\u00bb global_colors_info=\u00a0\u00bb{}\u00a0\u00bb][\/et_pb_divider][\/et_pb_column][\/et_pb_row][et_pb_row _builder_version=\u00a0\u00bb4.16&Prime; _module_preset=\u00a0\u00bbdefault\u00a0\u00bb width=\u00a0\u00bb100%\u00a0\u00bb max_width=\u00a0\u00bb100%\u00a0\u00bb custom_margin=\u00a0\u00bb0px||0px||true|false\u00a0\u00bb custom_padding=\u00a0\u00bb0px||0px||true|false\u00a0\u00bb global_colors_info=\u00a0\u00bb{}\u00a0\u00bb][et_pb_column type=\u00a0\u00bb4_4&Prime; _builder_version=\u00a0\u00bb4.16&Prime; _module_preset=\u00a0\u00bbdefault\u00a0\u00bb global_colors_info=\u00a0\u00bb{}\u00a0\u00bb][et_pb_divider show_divider=\u00a0\u00bboff\u00a0\u00bb _builder_version=\u00a0\u00bb4.16&Prime; _module_preset=\u00a0\u00bbdefault\u00a0\u00bb global_colors_info=\u00a0\u00bb{}\u00a0\u00bb][\/et_pb_divider][\/et_pb_column][\/et_pb_row][\/et_pb_section][et_pb_section fb_built=\u00a0\u00bb1&Prime; _builder_version=\u00a0\u00bb4.16&Prime; _module_preset=\u00a0\u00bbdefault\u00a0\u00bb da_disable_devices=\u00a0\u00bboff|off|off\u00a0\u00bb global_colors_info=\u00a0\u00bb{}\u00a0\u00bb da_is_popup=\u00a0\u00bboff\u00a0\u00bb da_exit_intent=\u00a0\u00bboff\u00a0\u00bb da_has_close=\u00a0\u00bbon\u00a0\u00bb da_alt_close=\u00a0\u00bboff\u00a0\u00bb da_dark_close=\u00a0\u00bboff\u00a0\u00bb da_not_modal=\u00a0\u00bbon\u00a0\u00bb da_is_singular=\u00a0\u00bboff\u00a0\u00bb da_with_loader=\u00a0\u00bboff\u00a0\u00bb da_has_shadow=\u00a0\u00bbon\u00a0\u00bb][et_pb_row _builder_version=\u00a0\u00bb4.16&Prime; _module_preset=\u00a0\u00bbdefault\u00a0\u00bb background_color=\u00a0\u00bb#FFFFFF\u00a0\u00bb global_colors_info=\u00a0\u00bb{}\u00a0\u00bb][et_pb_column type=\u00a0\u00bb4_4&Prime; _builder_version=\u00a0\u00bb4.16&Prime; _module_preset=\u00a0\u00bbdefault\u00a0\u00bb global_colors_info=\u00a0\u00bb{}\u00a0\u00bb][et_pb_text admin_label=\u00a0\u00bbInstitution Louisette-Marie Arnaud pour la jeunesse\u00a0\u00bb _builder_version=\u00a0\u00bb4.27.4&Prime; _module_preset=\u00a0\u00bbdefault\u00a0\u00bb text_font=\u00a0\u00bb|700|||||||\u00a0\u00bb text_text_color=\u00a0\u00bb#bf8f00&Prime; text_font_size=\u00a0\u00bb29px\u00a0\u00bb text_line_height=\u00a0\u00bb45px\u00a0\u00bb header_font=\u00a0\u00bb|700|||||||\u00a0\u00bb header_text_color=\u00a0\u00bb#bf8f00&Prime; header_font_size=\u00a0\u00bb32px\u00a0\u00bb header_2_font=\u00a0\u00bb|700|||||||\u00a0\u00bb header_2_text_color=\u00a0\u00bb#bf8f00&Prime; header_2_font_size=\u00a0\u00bb32px\u00a0\u00bb background_enable_color=\u00a0\u00bboff\u00a0\u00bb text_orientation=\u00a0\u00bbcenter\u00a0\u00bb custom_margin=\u00a0\u00bb50px||50px||false|false\u00a0\u00bb custom_padding=\u00a0\u00bb||||false|false\u00a0\u00bb hover_enabled=\u00a0\u00bb0&Prime; text_font_size_tablet=\u00a0\u00bb\u00a0\u00bb text_font_size_phone=\u00a0\u00bb20px\u00a0\u00bb text_font_size_last_edited=\u00a0\u00bbon|desktop\u00a0\u00bb text_line_height_tablet=\u00a0\u00bb\u00a0\u00bb text_line_height_phone=\u00a0\u00bb26px\u00a0\u00bb text_line_height_last_edited=\u00a0\u00bbon|phone\u00a0\u00bb header_font_size_tablet=\u00a0\u00bb\u00a0\u00bb header_font_size_phone=\u00a0\u00bb26px\u00a0\u00bb header_font_size_last_edited=\u00a0\u00bbon|phone\u00a0\u00bb global_colors_info=\u00a0\u00bb{}\u00a0\u00bb sticky_enabled=\u00a0\u00bb0&Prime;]<\/p>\n<h1>Institution Louisette-Marie Arnaud France, pour la jeunesse<\/h1>\n<p>Semer des Graines et Agir pour le Futur\u2026<\/p>\n<p>[\/et_pb_text][\/et_pb_column][\/et_pb_row][et_pb_row column_structure=\u00a0\u00bb1_4,1_2,1_4&Prime; use_custom_gutter=\u00a0\u00bbon\u00a0\u00bb gutter_width=\u00a0\u00bb1&Prime; make_equal=\u00a0\u00bbon\u00a0\u00bb _builder_version=\u00a0\u00bb4.16&Prime; _module_preset=\u00a0\u00bbdefault\u00a0\u00bb custom_margin=\u00a0\u00bb0px||0px||true|false\u00a0\u00bb custom_padding=\u00a0\u00bb0px||0px||true|false\u00a0\u00bb global_colors_info=\u00a0\u00bb{}\u00a0\u00bb][et_pb_column type=\u00a0\u00bb1_4&Prime; _builder_version=\u00a0\u00bb4.16&Prime; _module_preset=\u00a0\u00bbdefault\u00a0\u00bb background_image=\u00a0\u00bbhttps:\/\/louisette-marie-arnaud.org\/institution\/wp-content\/uploads\/2021\/11\/INSTITUTION-LOUISETTE-MARIE-ARNAUD-Culture-Francaise.jpg\u00a0\u00bb global_colors_info=\u00a0\u00bb{}\u00a0\u00bb][et_pb_divider _builder_version=\u00a0\u00bb4.16&Prime; _module_preset=\u00a0\u00bbdefault\u00a0\u00bb global_colors_info=\u00a0\u00bb{}\u00a0\u00bb][\/et_pb_divider][\/et_pb_column][et_pb_column type=\u00a0\u00bb1_2&Prime; _builder_version=\u00a0\u00bb4.16&Prime; _module_preset=\u00a0\u00bbdefault\u00a0\u00bb background_image=\u00a0\u00bbhttps:\/\/louisette-marie-arnaud.org\/institution\/wp-content\/uploads\/2021\/11\/INSTITUTION-LOUISETTE-MARIE-ARNAUD-Culture-Francaise2.jpg\u00a0\u00bb global_colors_info=\u00a0\u00bb{}\u00a0\u00bb][et_pb_text _builder_version=\u00a0\u00bb4.27.4&Prime; _module_preset=\u00a0\u00bbdefault\u00a0\u00bb text_text_color=\u00a0\u00bb#FFFFFF\u00a0\u00bb header_2_font=\u00a0\u00bb|700|||||||\u00a0\u00bb header_2_text_align=\u00a0\u00bbcenter\u00a0\u00bb header_2_text_color=\u00a0\u00bb#FFFFFF\u00a0\u00bb text_orientation=\u00a0\u00bbcenter\u00a0\u00bb custom_padding=\u00a0\u00bb80px|10px|80px|10px|true|true\u00a0\u00bb hover_enabled=\u00a0\u00bb0&Prime; global_colors_info=\u00a0\u00bb{}\u00a0\u00bb sticky_enabled=\u00a0\u00bb0&Prime;]<\/p>\n<h2>INSTITUTION LOUISETTE-MARIE ARNAUD FRANCE<\/h2>\n<p>PROMEUT LA LANGUE ET LA CULTURE FRAN\u00c7AISE AUSSI AU DIGITAL<\/p>\n<p>[\/et_pb_text][\/et_pb_column][et_pb_column type=\u00a0\u00bb1_4&Prime; _builder_version=\u00a0\u00bb4.16&Prime; _module_preset=\u00a0\u00bbdefault\u00a0\u00bb background_image=\u00a0\u00bbhttps:\/\/louisette-marie-arnaud.org\/institution\/wp-content\/uploads\/2021\/11\/INSTITUTION-LOUISETTE-MARIE-ARNAUD-Culture-Francaise3.jpg\u00a0\u00bb global_colors_info=\u00a0\u00bb{}\u00a0\u00bb][et_pb_divider _builder_version=\u00a0\u00bb4.16&Prime; _module_preset=\u00a0\u00bbdefault\u00a0\u00bb global_colors_info=\u00a0\u00bb{}\u00a0\u00bb][\/et_pb_divider][\/et_pb_column][\/et_pb_row][et_pb_row column_structure=\u00a0\u00bb1_3,1_3,1_3&Prime; use_custom_gutter=\u00a0\u00bbon\u00a0\u00bb gutter_width=\u00a0\u00bb1&Prime; _builder_version=\u00a0\u00bb4.16&Prime; _module_preset=\u00a0\u00bbdefault\u00a0\u00bb custom_margin=\u00a0\u00bb50px||||false|false\u00a0\u00bb global_colors_info=\u00a0\u00bb{}\u00a0\u00bb][et_pb_column type=\u00a0\u00bb1_3&Prime; _builder_version=\u00a0\u00bb4.16&Prime; _module_preset=\u00a0\u00bbdefault\u00a0\u00bb global_colors_info=\u00a0\u00bb{}\u00a0\u00bb][et_pb_image src=\u00a0\u00bbhttps:\/\/louisette-marie-arnaud.org\/institution\/wp-content\/uploads\/2021\/11\/PROMOUVOIR-LA-LANGUE-ET-LA-CULTURE-FRANCAISE-ET-TRANSMETTRE-LE-FRANCAIS-2.jpg\u00a0\u00bb title_text=\u00a0\u00bbPROMOUVOIR LA LANGUE ET LA CULTURE FRANCAISE ET TRANSMETTRE LE FRANCAIS (2)\u00a0\u00bb _builder_version=\u00a0\u00bb4.16&Prime; _module_preset=\u00a0\u00bbdefault\u00a0\u00bb animation_direction=\u00a0\u00bbleft\u00a0\u00bb scroll_horizontal_motion_enable=\u00a0\u00bbon\u00a0\u00bb scroll_horizontal_motion=\u00a0\u00bb0|60|60|100|0|0|-4&Prime; global_colors_info=\u00a0\u00bb{}\u00a0\u00bb][\/et_pb_image][\/et_pb_column][et_pb_column type=\u00a0\u00bb1_3&Prime; _builder_version=\u00a0\u00bb4.16&Prime; _module_preset=\u00a0\u00bbdefault\u00a0\u00bb global_colors_info=\u00a0\u00bb{}\u00a0\u00bb][et_pb_image src=\u00a0\u00bbhttps:\/\/louisette-marie-arnaud.org\/institution\/wp-content\/uploads\/2021\/11\/PROMOUVOIR-LA-LANGUE-ET-LA-CULTURE-FRANCAISE-ET-TRANSMETTRE-LE-FRANCAIS-3.jpg\u00a0\u00bb title_text=\u00a0\u00bbPROMOUVOIR LA LANGUE ET LA CULTURE FRANCAISE ET TRANSMETTRE LE FRANCAIS (3)\u00a0\u00bb _builder_version=\u00a0\u00bb4.16&Prime; _module_preset=\u00a0\u00bbdefault\u00a0\u00bb animation_style=\u00a0\u00bbslide\u00a0\u00bb animation_direction=\u00a0\u00bbbottom\u00a0\u00bb scroll_scaling_enable=\u00a0\u00bbon\u00a0\u00bb scroll_scaling=\u00a0\u00bb0|60|60|100|100%|100%|40%\u00a0\u00bb hover_enabled=\u00a0\u00bb0&Prime; global_colors_info=\u00a0\u00bb{}\u00a0\u00bb sticky_enabled=\u00a0\u00bb0&Prime;][\/et_pb_image][\/et_pb_column][et_pb_column type=\u00a0\u00bb1_3&Prime; _builder_version=\u00a0\u00bb4.16&Prime; _module_preset=\u00a0\u00bbdefault\u00a0\u00bb global_colors_info=\u00a0\u00bb{}\u00a0\u00bb][et_pb_image src=\u00a0\u00bbhttps:\/\/louisette-marie-arnaud.org\/institution\/wp-content\/uploads\/2021\/11\/PROMOUVOIR-LA-LANGUE-ET-LA-CULTURE-FRANCAISE-ET-TRANSMETTRE-LE-FRANCAIS-1.jpg\u00a0\u00bb title_text=\u00a0\u00bbPROMOUVOIR LA LANGUE ET LA CULTURE FRANCAISE ET TRANSMETTRE LE FRANCAIS (1)\u00a0\u00bb _builder_version=\u00a0\u00bb4.16&Prime; _module_preset=\u00a0\u00bbdefault\u00a0\u00bb animation_direction=\u00a0\u00bbright\u00a0\u00bb scroll_horizontal_motion_enable=\u00a0\u00bbon\u00a0\u00bb scroll_horizontal_motion=\u00a0\u00bb0|60|60|100|0|0|4&Prime; global_colors_info=\u00a0\u00bb{}\u00a0\u00bb][\/et_pb_image][\/et_pb_column][\/et_pb_row][et_pb_row _builder_version=\u00a0\u00bb4.18.0&Prime; _module_preset=\u00a0\u00bbdefault\u00a0\u00bb background_color=\u00a0\u00bb#FFFFFF\u00a0\u00bb custom_margin=\u00a0\u00bb||||false|false\u00a0\u00bb global_colors_info=\u00a0\u00bb{}\u00a0\u00bb][et_pb_column type=\u00a0\u00bb4_4&Prime; _builder_version=\u00a0\u00bb4.16&Prime; _module_preset=\u00a0\u00bbdefault\u00a0\u00bb global_colors_info=\u00a0\u00bb{}\u00a0\u00bb][et_pb_text admin_label=\u00a0\u00bbPROMOUVOIR LA LANGUE ET LA CULTURE FRANCAISE ET TRANSMETTRE LE FRANCAIS\u00a0\u00bb _builder_version=\u00a0\u00bb4.27.4&Prime; _module_preset=\u00a0\u00bbdefault\u00a0\u00bb text_font=\u00a0\u00bb|700|||||||\u00a0\u00bb text_text_color=\u00a0\u00bb#000000&Prime; text_font_size=\u00a0\u00bb29px\u00a0\u00bb text_line_height=\u00a0\u00bb3em\u00a0\u00bb header_font=\u00a0\u00bb|700|||||||\u00a0\u00bb header_text_color=\u00a0\u00bb#000000&Prime; header_font_size=\u00a0\u00bb32px\u00a0\u00bb header_2_font=\u00a0\u00bb|700|||||||\u00a0\u00bb header_2_text_color=\u00a0\u00bb#000000&Prime; header_2_font_size=\u00a0\u00bb32px\u00a0\u00bb header_2_line_height=\u00a0\u00bb1.5em\u00a0\u00bb background_enable_color=\u00a0\u00bboff\u00a0\u00bb text_orientation=\u00a0\u00bbcenter\u00a0\u00bb custom_margin=\u00a0\u00bb50px||50px||false|false\u00a0\u00bb custom_padding=\u00a0\u00bb||||false|false\u00a0\u00bb animation_style=\u00a0\u00bbfade\u00a0\u00bb animation_duration=\u00a0\u00bb2000ms\u00a0\u00bb scroll_blur=\u00a0\u00bb0|20|40|100|10|0|0&Prime; hover_enabled=\u00a0\u00bb0&Prime; text_font_size_tablet=\u00a0\u00bb\u00a0\u00bb text_font_size_phone=\u00a0\u00bb20px\u00a0\u00bb text_font_size_last_edited=\u00a0\u00bbon|desktop\u00a0\u00bb text_line_height_tablet=\u00a0\u00bb\u00a0\u00bb text_line_height_phone=\u00a0\u00bb26px\u00a0\u00bb text_line_height_last_edited=\u00a0\u00bbon|phone\u00a0\u00bb header_font_size_tablet=\u00a0\u00bb\u00a0\u00bb header_font_size_phone=\u00a0\u00bb26px\u00a0\u00bb header_font_size_last_edited=\u00a0\u00bbon|phone\u00a0\u00bb global_colors_info=\u00a0\u00bb{}\u00a0\u00bb sticky_enabled=\u00a0\u00bb0&Prime;]<\/p>\n<h2>PROMOUVOIR LA LANGUE ET LA CULTURE FRAN\u00c7AISE ET TRANSMETTRE LE FRAN\u00c7AIS<\/h2>\n<p>[\/et_pb_text][et_pb_image src=\u00a0\u00bbhttps:\/\/louisette-marie-arnaud.org\/institution\/wp-content\/uploads\/2023\/11\/Le-Reve-de-Loulou-Institution-Louisette-Marie-Arnaud-Finalistes-1.jpg\u00a0\u00bb title_text=\u00a0\u00bbLe Reve de Loulou -Institution Louisette-Marie Arnaud &#8211; Finalistes\u00a0\u00bb align=\u00a0\u00bbcenter\u00a0\u00bb admin_label=\u00a0\u00bb6 &#8211; Image %22Le r\u00eave de Loulou%22&Prime; _builder_version=\u00a0\u00bb4.20.0&Prime; _module_preset=\u00a0\u00bbdefault\u00a0\u00bb custom_margin=\u00a0\u00bb||50px||false|false\u00a0\u00bb global_colors_info=\u00a0\u00bb{}\u00a0\u00bb][\/et_pb_image][et_pb_text disabled_on=\u00a0\u00bbon|on|on\u00a0\u00bb admin_label=\u00a0\u00bbNotre action institutionnelle\u00a0\u00bb _builder_version=\u00a0\u00bb4.20.0&Prime; _module_preset=\u00a0\u00bbdefault\u00a0\u00bb text_font=\u00a0\u00bb|700|||||||\u00a0\u00bb text_text_color=\u00a0\u00bb#000000&Prime; text_font_size=\u00a0\u00bb29px\u00a0\u00bb text_line_height=\u00a0\u00bb1.5em\u00a0\u00bb header_font=\u00a0\u00bb|700|||||||\u00a0\u00bb header_text_color=\u00a0\u00bb#000000&Prime; header_font_size=\u00a0\u00bb32px\u00a0\u00bb header_2_font=\u00a0\u00bb|700|||||||\u00a0\u00bb header_2_text_color=\u00a0\u00bb#000000&Prime; header_2_font_size=\u00a0\u00bb32px\u00a0\u00bb header_2_line_height=\u00a0\u00bb1.5em\u00a0\u00bb background_enable_color=\u00a0\u00bboff\u00a0\u00bb text_orientation=\u00a0\u00bbcenter\u00a0\u00bb custom_margin=\u00a0\u00bb50px||10px||false|false\u00a0\u00bb custom_padding=\u00a0\u00bb||||false|false\u00a0\u00bb text_font_size_tablet=\u00a0\u00bb\u00a0\u00bb text_font_size_phone=\u00a0\u00bb20px\u00a0\u00bb text_font_size_last_edited=\u00a0\u00bbon|desktop\u00a0\u00bb text_line_height_tablet=\u00a0\u00bb\u00a0\u00bb text_line_height_phone=\u00a0\u00bb26px\u00a0\u00bb text_line_height_last_edited=\u00a0\u00bbon|phone\u00a0\u00bb header_font_size_tablet=\u00a0\u00bb\u00a0\u00bb header_font_size_phone=\u00a0\u00bb26px\u00a0\u00bb header_font_size_last_edited=\u00a0\u00bbon|phone\u00a0\u00bb disabled=\u00a0\u00bbon\u00a0\u00bb global_colors_info=\u00a0\u00bb{}\u00a0\u00bb]Notre action institutionnelle<br \/>\n[\/et_pb_text][dsm_typing_effect before_typing_effect=\u00a0\u00bbConcours Culturel-Educatif Institution Louisette-Marie Arnaud France\u00a0\u00bb typing_effect=\u00a0\u00bbNovembre \u2013 D\u00e9cembre 2023. Troisi\u00e8me Edition Interscolaire au P\u00e9rou.\u00a0\u00bb typing_speed=\u00a0\u00bb280ms\u00a0\u00bb typing_backspeed=\u00a0\u00bb40ms\u00a0\u00bb disabled_on=\u00a0\u00bboff|off|off\u00a0\u00bb admin_label=\u00a0\u00bb7. Supreme Typing : %22Concours culturel&#8230; Nov D\u00e9c. 2023%22&Prime; _builder_version=\u00a0\u00bb4.27.4&Prime; _module_preset=\u00a0\u00bbdefault\u00a0\u00bb header_text_align=\u00a0\u00bbcenter\u00a0\u00bb before_font=\u00a0\u00bb|700|||||||\u00a0\u00bb before_text_color=\u00a0\u00bb#8FAADC\u00a0\u00bb before_font_size=\u00a0\u00bb34px\u00a0\u00bb before_line_height=\u00a0\u00bb1.4em\u00a0\u00bb typing_font=\u00a0\u00bb|700|||||||\u00a0\u00bb typing_text_color=\u00a0\u00bb#8FAADC\u00a0\u00bb typing_font_size=\u00a0\u00bb32px\u00a0\u00bb typing_line_height=\u00a0\u00bb1.4em\u00a0\u00bb after_font=\u00a0\u00bb|700|||||||\u00a0\u00bb after_text_align=\u00a0\u00bbcenter\u00a0\u00bb after_text_color=\u00a0\u00bb#8FAADC\u00a0\u00bb after_font_size=\u00a0\u00bb32px\u00a0\u00bb after_line_height=\u00a0\u00bb1.4em\u00a0\u00bb custom_margin=\u00a0\u00bb||4.8%||false|false\u00a0\u00bb hover_enabled=\u00a0\u00bb0&Prime; global_colors_info=\u00a0\u00bb{}\u00a0\u00bb sticky_enabled=\u00a0\u00bb0&Prime;][\/dsm_typing_effect][et_pb_text admin_label=\u00a0\u00bb8. Th\u00e8me du concours\u00a0\u00bb _builder_version=\u00a0\u00bb4.20.0&Prime; _module_preset=\u00a0\u00bbdefault\u00a0\u00bb text_font=\u00a0\u00bbOpen Sans|700|||||||\u00a0\u00bb text_font_size=\u00a0\u00bb30px\u00a0\u00bb text_line_height=\u00a0\u00bb1.8em\u00a0\u00bb text_orientation=\u00a0\u00bbcenter\u00a0\u00bb custom_margin=\u00a0\u00bb||-20px||false|false\u00a0\u00bb global_colors_info=\u00a0\u00bb{}\u00a0\u00bb]Sous le th\u00e8me\u00a0:[\/et_pb_text][et_pb_text admin_label=\u00a0\u00bb8. Th\u00e8me du concours\u00a0\u00bb _builder_version=\u00a0\u00bb4.20.0&Prime; _module_preset=\u00a0\u00bbdefault\u00a0\u00bb text_font=\u00a0\u00bbOpen Sans|700|||||||\u00a0\u00bb text_font_size=\u00a0\u00bb30px\u00a0\u00bb text_line_height=\u00a0\u00bb1.8em\u00a0\u00bb text_orientation=\u00a0\u00bbcenter\u00a0\u00bb custom_margin=\u00a0\u00bb20px||42px||false|false\u00a0\u00bb global_colors_info=\u00a0\u00bb{}\u00a0\u00bb]\u00ab Les pinceaux fran\u00e7ais de l&rsquo;impressionnisme et son \u00e9cho enchant\u00e9<br \/>\ndans le monde \u00bb[\/et_pb_text][et_pb_text disabled_on=\u00a0\u00bbon|on|on\u00a0\u00bb admin_label=\u00a0\u00bb9. Texte\u00a0\u00bb _builder_version=\u00a0\u00bb4.18.0&Prime; _module_preset=\u00a0\u00bbdefault\u00a0\u00bb text_font=\u00a0\u00bbOpen Sans|700|||||||\u00a0\u00bb text_text_color=\u00a0\u00bb#000000&Prime; text_font_size=\u00a0\u00bb18px\u00a0\u00bb text_orientation=\u00a0\u00bbcenter\u00a0\u00bb disabled=\u00a0\u00bbon\u00a0\u00bb global_colors_info=\u00a0\u00bb{}\u00a0\u00bb]<em>\u2026Avec une d\u00e9rogation sp\u00e9ciale pour\u00a0<\/em><em>s<\/em><em>a participation ; l\u2019Institution Louisette-Marie Arnaud pour la jeunesse, a \u00e9t\u00e9 ravie d\u2019accueillir<\/em><em> au sein du Concours Culturel-Educatif 2022-2023, les compositions de nos plus jeunes des participants.<\/em><br \/>\n[\/et_pb_text][et_pb_text disabled_on=\u00a0\u00bbon|on|on\u00a0\u00bb admin_label=\u00a0\u00bb9. Texte\u00a0\u00bb _builder_version=\u00a0\u00bb4.18.0&Prime; _module_preset=\u00a0\u00bbdefault\u00a0\u00bb text_font=\u00a0\u00bbOpen Sans|700|||||||\u00a0\u00bb text_text_color=\u00a0\u00bb#000000&Prime; text_font_size=\u00a0\u00bb18px\u00a0\u00bb text_orientation=\u00a0\u00bbcenter\u00a0\u00bb custom_margin=\u00a0\u00bb|101px||101px|false|true\u00a0\u00bb disabled=\u00a0\u00bbon\u00a0\u00bb global_colors_info=\u00a0\u00bb{}\u00a0\u00bb]<em>Il s\u2019agit du Coll\u00e8ge San Antonio de Padua de Tarapoto, qu<\/em><em>i est\u00a0<\/em><em>aujourd\u2019hui \u00ab parmi les coll\u00e8ges finalistes \u00bb\u00a0 <\/em><em>et qui\u00a0<\/em><em>fait participer au concours 2 classes de section Primaire.<\/em><br \/>\n[\/et_pb_text][et_pb_code admin_label=\u00a0\u00bbVid\u00e9o th\u00e8me du concours\u00a0\u00bb _builder_version=\u00a0\u00bb4.20.0&Prime; _module_preset=\u00a0\u00bbdefault\u00a0\u00bb text_orientation=\u00a0\u00bbcenter\u00a0\u00bb width=\u00a0\u00bb66%\u00a0\u00bb max_width=\u00a0\u00bb66%\u00a0\u00bb module_alignment=\u00a0\u00bbcenter\u00a0\u00bb global_colors_info=\u00a0\u00bb{}\u00a0\u00bb]<iframe loading=\"lazy\" width=\"560\" height=\"315\" src=\"https:\/\/www.youtube.com\/embed\/NWZJTNYD54Q?rel=0\" title=\"YouTube video player\" frameborder=\"0\" allow=\"accelerometer; autoplay; clipboard-write; encrypted-media; gyroscope; picture-in-picture\" allowfullscreen><\/iframe>[\/et_pb_code][et_pb_image src=\u00a0\u00bbhttps:\/\/louisette-marie-arnaud.org\/institution\/wp-content\/uploads\/2023\/11\/Image-Les-Pinceaux-francais-de-limpressionnisme-Institution-Louisette-Marie-Arnaud-1-1024&#215;580.jpg\u00a0\u00bb title_text=\u00a0\u00bbImage Les Pinceaux fran\u00e7ais de l&rsquo;impressionnisme -Institution Louisette-Marie Arnaud\u00a0\u00bb align=\u00a0\u00bbcenter\u00a0\u00bb disabled_on=\u00a0\u00bbon|on|on\u00a0\u00bb admin_label=\u00a0\u00bb10. Image %22Pinceaux fran\u00e7ais%22 (+ retrait du coeur)\u00a0\u00bb _builder_version=\u00a0\u00bb4.20.0&Prime; _module_preset=\u00a0\u00bbdefault\u00a0\u00bb width=\u00a0\u00bb66%\u00a0\u00bb max_width=\u00a0\u00bb66%\u00a0\u00bb custom_margin=\u00a0\u00bb||||false|false\u00a0\u00bb disabled=\u00a0\u00bbon\u00a0\u00bb global_colors_info=\u00a0\u00bb{}\u00a0\u00bb][\/et_pb_image][et_pb_image src=\u00a0\u00bbhttps:\/\/louisette-marie-arnaud.org\/institution\/wp-content\/uploads\/2022\/11\/Carte-DU-PEROU-Finalistes-2022.jpg\u00a0\u00bb title_text=\u00a0\u00bbCarte-DU-PEROU-Finalistes-2022&Prime; url=\u00a0\u00bbhttps:\/\/fr.wikipedia.org\/wiki\/Portail:P%C3%A9rou\u00a0\u00bb url_new_window=\u00a0\u00bbon\u00a0\u00bb align=\u00a0\u00bbcenter\u00a0\u00bb disabled_on=\u00a0\u00bbon|on|on\u00a0\u00bb admin_label=\u00a0\u00bb10. Image carte P\u00e9rou\u00a0\u00bb _builder_version=\u00a0\u00bb4.18.0&Prime; _module_preset=\u00a0\u00bbdefault\u00a0\u00bb disabled=\u00a0\u00bbon\u00a0\u00bb global_colors_info=\u00a0\u00bb{}\u00a0\u00bb][\/et_pb_image][et_pb_text disabled_on=\u00a0\u00bbon|on|on\u00a0\u00bb admin_label=\u00a0\u00bb11. Texte %22portail du \u00a8P\u00e9rou%22 (effac\u00e9 mais non mentionn\u00e9 dans le doc)\u00a0\u00bb _builder_version=\u00a0\u00bb4.16&Prime; _module_preset=\u00a0\u00bbdefault\u00a0\u00bb text_text_color=\u00a0\u00bb#8FAADC\u00a0\u00bb link_font=\u00a0\u00bb||||||||\u00a0\u00bb header_2_font=\u00a0\u00bb|700|||||||\u00a0\u00bb header_2_text_align=\u00a0\u00bbcenter\u00a0\u00bb header_2_text_color=\u00a0\u00bb#8FAADC\u00a0\u00bb header_2_font_size=\u00a0\u00bb27px\u00a0\u00bb header_2_line_height=\u00a0\u00bb1.2em\u00a0\u00bb custom_margin=\u00a0\u00bb4%||12%||false|false\u00a0\u00bb disabled=\u00a0\u00bbon\u00a0\u00bb global_colors_info=\u00a0\u00bb{}\u00a0\u00bb text_text_color__hover_enabled=\u00a0\u00bboff|hover\u00a0\u00bb text_text_color__hover=\u00a0\u00bb#000000&Prime; text_font_size__hover_enabled=\u00a0\u00bbon|hover\u00a0\u00bb text_font_size__hover=\u00a0\u00bb16px\u00a0\u00bb]<\/p>\n<h2><a href=\"https:\/\/fr.wikipedia.org\/wiki\/Portail:P%C3%A9rou\" target=\"_blank\" rel=\"noopener\">Portail du P\u00e9rou<\/a><\/h2>\n<p>[\/et_pb_text][dsm_icon_divider use_icon=\u00a0\u00bbon\u00a0\u00bb font_icon=\u00a0\u00bb&#x33;||divi||400&Prime; icon_color=\u00a0\u00bb#8FAADC\u00a0\u00bb color=\u00a0\u00bb#8FAADC\u00a0\u00bb divider_weight=\u00a0\u00bb5px\u00a0\u00bb disabled_on=\u00a0\u00bbon|on|on\u00a0\u00bb admin_label=\u00a0\u00bb11. Supreme Icon Divider (ligne horizontale bleue)\u00a0\u00bb _builder_version=\u00a0\u00bb4.16&Prime; _module_preset=\u00a0\u00bbdefault\u00a0\u00bb custom_margin=\u00a0\u00bb4%||8%|4px|false|false\u00a0\u00bb disabled=\u00a0\u00bbon\u00a0\u00bb global_colors_info=\u00a0\u00bb{}\u00a0\u00bb][\/dsm_icon_divider][et_pb_image src=\u00a0\u00bbhttps:\/\/louisette-marie-arnaud.org\/institution\/wp-content\/uploads\/2023\/11\/coeur-56.png\u00a0\u00bb title_text=\u00a0\u00bbcoeur-56&Prime; align=\u00a0\u00bbcenter\u00a0\u00bb disabled_on=\u00a0\u00bboff|off|off\u00a0\u00bb admin_label=\u00a0\u00bb11. Image coeur\u00a0\u00bb _builder_version=\u00a0\u00bb4.20.0&Prime; _module_preset=\u00a0\u00bbdefault\u00a0\u00bb width=\u00a0\u00bb56px\u00a0\u00bb max_width=\u00a0\u00bb56px\u00a0\u00bb custom_margin=\u00a0\u00bb||50px||false|false\u00a0\u00bb global_colors_info=\u00a0\u00bb{}\u00a0\u00bb][\/et_pb_image][et_pb_text admin_label=\u00a0\u00bb13. Droit sur les images\u00a0\u00bb _builder_version=\u00a0\u00bb4.27.4&Prime; _module_preset=\u00a0\u00bbdefault\u00a0\u00bb text_text_color=\u00a0\u00bb#000000&Prime; text_font_size=\u00a0\u00bb13px\u00a0\u00bb custom_margin=\u00a0\u00bb||120px||false|false\u00a0\u00bb hover_enabled=\u00a0\u00bb0&Prime; global_colors_info=\u00a0\u00bb{}\u00a0\u00bb sticky_enabled=\u00a0\u00bb0&Prime;]<\/p>\n<p style=\"text-align: center;\">Nous tenons \u00e0 souligner que dans le cadre du \u00ab Concours Culturel-Educatif Institution Louisette-Marie Arnaud France, au P\u00e9rou \u00bb, les enfants ont utilis\u00e9 des images pour illustrer leurs th\u00e8mes pr\u00e9sent\u00e9s au concours. En tant qu\u2019organisation \u00e0 but non lucratif, notre Institution ne revendique aucun droit ni responsabilit\u00e9 sur lesdites images.<\/p>\n<p>[\/et_pb_text][et_pb_text admin_label=\u00a0\u00bbTravaux remarqu\u00e9s\u00a0\u00bb _builder_version=\u00a0\u00bb4.20.0&Prime; _module_preset=\u00a0\u00bbdefault\u00a0\u00bb text_font_size=\u00a0\u00bb33px\u00a0\u00bb text_orientation=\u00a0\u00bbcenter\u00a0\u00bb custom_margin=\u00a0\u00bb||50px|73px|false|false\u00a0\u00bb custom_padding=\u00a0\u00bb0px|||||\u00a0\u00bb global_colors_info=\u00a0\u00bb{}\u00a0\u00bb]<\/p>\n<p style=\"text-align: center;\"><strong>Participation remarqu\u00e9e<br \/><\/strong><\/p>\n<p>[\/et_pb_text][\/et_pb_column][\/et_pb_row][et_pb_row admin_label=\u00a0\u00bb16. IEP PERUANO\u00a0\u00bb _builder_version=\u00a0\u00bb4.20.0&Prime; _module_preset=\u00a0\u00bbdefault\u00a0\u00bb global_colors_info=\u00a0\u00bb{}\u00a0\u00bb][et_pb_column type=\u00a0\u00bb4_4&Prime; _builder_version=\u00a0\u00bb4.20.0&Prime; _module_preset=\u00a0\u00bbdefault\u00a0\u00bb global_colors_info=\u00a0\u00bb{}\u00a0\u00bb][et_pb_text admin_label=\u00a0\u00bb16 a. IEP peruano Frances \u00a0\u00bb _builder_version=\u00a0\u00bb4.20.0&Prime; _module_preset=\u00a0\u00bbdefault\u00a0\u00bb text_font_size=\u00a0\u00bb33px\u00a0\u00bb text_orientation=\u00a0\u00bbcenter\u00a0\u00bb custom_margin=\u00a0\u00bb||87px|73px||\u00a0\u00bb custom_padding=\u00a0\u00bb0px|||||\u00a0\u00bb global_colors_info=\u00a0\u00bb{}\u00a0\u00bb]<\/p>\n<p style=\"text-align: center;\"><strong>IEP Peruano Franc\u00e9s Jean Harzic de Arequipa au P\u00e9rou<\/strong><\/p>\n<p>[\/et_pb_text][et_pb_text admin_label=\u00a0\u00bb16. Leur pr\u00e9sentation\u00a0\u00bb _builder_version=\u00a0\u00bb4.18.0&Prime; _module_preset=\u00a0\u00bbdefault\u00a0\u00bb text_font=\u00a0\u00bbOpen Sans|700|||||||\u00a0\u00bb text_text_color=\u00a0\u00bb#000000&Prime; text_font_size=\u00a0\u00bb25px\u00a0\u00bb custom_margin=\u00a0\u00bb6px||17px|-78px||\u00a0\u00bb global_colors_info=\u00a0\u00bb{}\u00a0\u00bb]Leur pr\u00e9sentation :<br \/>\n[\/et_pb_text][\/et_pb_column][\/et_pb_row][et_pb_row column_structure=\u00a0\u00bb1_2,1_2&Prime; use_custom_gutter=\u00a0\u00bbon\u00a0\u00bb gutter_width=\u00a0\u00bb4&Prime; make_equal=\u00a0\u00bbon\u00a0\u00bb admin_label=\u00a0\u00bb16. IEP PERUANO 2nd niveau &#8211; Videos\u00a0\u00bb _builder_version=\u00a0\u00bb4.18.0&Prime; _module_preset=\u00a0\u00bbdefault\u00a0\u00bb width=\u00a0\u00bb100%\u00a0\u00bb module_alignment=\u00a0\u00bbcenter\u00a0\u00bb custom_margin=\u00a0\u00bb||||false|true\u00a0\u00bb custom_padding=\u00a0\u00bb||||false|true\u00a0\u00bb global_colors_info=\u00a0\u00bb{}\u00a0\u00bb][et_pb_column type=\u00a0\u00bb1_2&Prime; _builder_version=\u00a0\u00bb4.18.0&Prime; _module_preset=\u00a0\u00bbdefault\u00a0\u00bb global_colors_info=\u00a0\u00bb{}\u00a0\u00bb][et_pb_code admin_label=\u00a0\u00bb16.b video 1 \u00a0\u00bb _builder_version=\u00a0\u00bb4.20.0&Prime; _module_preset=\u00a0\u00bbdefault\u00a0\u00bb custom_margin=\u00a0\u00bb|4px|29px|-82px||\u00a0\u00bb custom_padding=\u00a0\u00bb|51px||||\u00a0\u00bb global_colors_info=\u00a0\u00bb{}\u00a0\u00bb]<iframe loading=\"lazy\" title=\"YouTube video player\" src=\"https:\/\/www.youtube.com\/embed\/7c-2QBiVvhc?si=rHo5rXbThnKt0uJL?rel=0\" title=\"YouTube video player\" width=\"560\" height=\"315\" frameborder=\"0\" allow=\"accelerometer; autoplay; clipboard-write; encrypted-media; gyroscope; picture-in-picture\" allowfullscreen\"><\/iframe>[\/et_pb_code][et_pb_text admin_label=\u00a0\u00bb16.c : Texte %22Pr\u00e9sentation d\u2019\u00e9l\u00e8ves%22&Prime; _builder_version=\u00a0\u00bb4.20.0&Prime; _module_preset=\u00a0\u00bbdefault\u00a0\u00bb text_font_size=\u00a0\u00bb19px\u00a0\u00bb text_orientation=\u00a0\u00bbcenter\u00a0\u00bb custom_margin=\u00a0\u00bb18px|||-85px|false|false\u00a0\u00bb global_colors_info=\u00a0\u00bb{}\u00a0\u00bb]<\/p>\n<p style=\"text-align: left;\"><strong>Pr\u00e9sentation d\u2019\u00e9l\u00e8ves, 2\u00e8me de secondaire<\/strong><\/p>\n<p>[\/et_pb_text][\/et_pb_column][et_pb_column type=\u00a0\u00bb1_2&Prime; _builder_version=\u00a0\u00bb4.18.0&Prime; _module_preset=\u00a0\u00bbdefault\u00a0\u00bb global_colors_info=\u00a0\u00bb{}\u00a0\u00bb][et_pb_code admin_label=\u00a0\u00bb16.d video 2&Prime; _builder_version=\u00a0\u00bb4.20.0&Prime; _module_preset=\u00a0\u00bbdefault\u00a0\u00bb custom_margin=\u00a0\u00bb|-127px||102px|false|false\u00a0\u00bb custom_padding=\u00a0\u00bb|0px|||false|false\u00a0\u00bb global_colors_info=\u00a0\u00bb{}\u00a0\u00bb]<iframe loading=\"lazy\" title=\"YouTube video player\" src=\"https:\/\/www.youtube.com\/embed\/h-ea6uPQ_wc?rel=0\" width=\"560\" height=\"315\" frameborder=\"0\" allow=\"accelerometer; autoplay; clipboard-write; encrypted-media; gyroscope; picture-in-picture; web-share\" allowfullscreen\"><\/iframe>[\/et_pb_code][et_pb_text admin_label=\u00a0\u00bb16.e : texte %22pr\u00e9sentation vid\u00e9o%22&Prime; _builder_version=\u00a0\u00bb4.20.0&Prime; _module_preset=\u00a0\u00bbdefault\u00a0\u00bb text_font_size=\u00a0\u00bb19px\u00a0\u00bb text_orientation=\u00a0\u00bbcenter\u00a0\u00bb custom_margin=\u00a0\u00bb-10px|-220px||80px|false|false\u00a0\u00bb custom_padding=\u00a0\u00bb||||false|false\u00a0\u00bb global_colors_info=\u00a0\u00bb{}\u00a0\u00bb]<\/p>\n<p style=\"text-align: left;\"><strong> Pr\u00e9sentation Vid\u00e9o de \u00ab Montmartre et l\u2019Impressionnisme \u00bb\u00a0 <\/strong><\/p>\n<p>[\/et_pb_text][\/et_pb_column][\/et_pb_row][et_pb_row admin_label=\u00a0\u00bb16. IEP PERUANO 2nd niveau &#8211; TExte\u00a0\u00bb _builder_version=\u00a0\u00bb4.18.0&Prime; _module_preset=\u00a0\u00bbdefault\u00a0\u00bb custom_margin=\u00a0\u00bb|auto|||false|false\u00a0\u00bb global_colors_info=\u00a0\u00bb{}\u00a0\u00bb][et_pb_column type=\u00a0\u00bb4_4&Prime; _builder_version=\u00a0\u00bb4.18.0&Prime; _module_preset=\u00a0\u00bbdefault\u00a0\u00bb global_colors_info=\u00a0\u00bb{}\u00a0\u00bb][et_pb_text admin_label=\u00a0\u00bb16. f : texte %22editorial pr\u00e9sent\u00e9 au concours%22&Prime; _builder_version=\u00a0\u00bb4.18.0&Prime; _module_preset=\u00a0\u00bbdefault\u00a0\u00bb text_font=\u00a0\u00bbOpen Sans||||||||\u00a0\u00bb text_font_size=\u00a0\u00bb29px\u00a0\u00bb text_orientation=\u00a0\u00bbcenter\u00a0\u00bb custom_margin=\u00a0\u00bb77px||77px|1px|true|false\u00a0\u00bb global_colors_info=\u00a0\u00bb{}\u00a0\u00bb]Editorial pr\u00e9sent\u00e9 au concours<br \/>\n[\/et_pb_text][et_pb_image src=\u00a0\u00bbhttps:\/\/louisette-marie-arnaud.org\/institution\/wp-content\/uploads\/2023\/11\/Nouvelle-Harzic-Institution-Louisette-Marie-Arnaud-2023-2024.jpg\u00a0\u00bb title_text=\u00a0\u00bbNouvelle Harzic Institution Louisette-Marie Arnaud 2023-2024&Prime; url=\u00a0\u00bbhttps:\/\/louisette-marie-arnaud.org\/institution\/wp-content\/uploads\/2023\/11\/1-Montmartre-et-lIMPRESSIONISME-2DO.-SECUNDARIA-1.pdf\u00a0\u00bb align=\u00a0\u00bbcenter\u00a0\u00bb disabled_on=\u00a0\u00bboff|off|off\u00a0\u00bb admin_label=\u00a0\u00bb16. f : image montmartre et l&rsquo;impresionnisme\u00a0\u00bb _builder_version=\u00a0\u00bb4.20.0&Prime; _module_preset=\u00a0\u00bbdefault\u00a0\u00bb width=\u00a0\u00bb30%\u00a0\u00bb max_width=\u00a0\u00bb30%\u00a0\u00bb module_alignment=\u00a0\u00bbcenter\u00a0\u00bb custom_margin=\u00a0\u00bb-30px|||150px|false|false\u00a0\u00bb custom_padding=\u00a0\u00bb3px||||false|false\u00a0\u00bb global_colors_info=\u00a0\u00bb{}\u00a0\u00bb][\/et_pb_image][et_pb_text admin_label=\u00a0\u00bb16 f: texte : %22sous la direction%22&#8230;\u00a0\u00bb _builder_version=\u00a0\u00bb4.20.0&Prime; _module_preset=\u00a0\u00bbdefault\u00a0\u00bb text_font_size=\u00a0\u00bb24px\u00a0\u00bb text_orientation=\u00a0\u00bbcenter\u00a0\u00bb custom_margin=\u00a0\u00bb||64px|-15px||\u00a0\u00bb global_colors_info=\u00a0\u00bb{}\u00a0\u00bb]\u00ab Montmartre et l&rsquo;impressionnisme \u00bb<br \/>\nSous la direction du professeur de fran\u00e7ais Carlos[\/et_pb_text][et_pb_button button_url=\u00a0\u00bbhttps:\/\/louisette-marie-arnaud.org\/institution\/wp-content\/uploads\/2023\/11\/1-Montmartre-et-lIMPRESSIONISME-2DO.-SECUNDARIA-1.pdf\u00a0\u00bb url_new_window=\u00a0\u00bbon\u00a0\u00bb button_text=\u00a0\u00bbVoir le document de l&rsquo;\u00e9cole\u00a0\u00bb button_alignment=\u00a0\u00bbcenter\u00a0\u00bb admin_label=\u00a0\u00bb16. h : Bouton vers PDF\u00a0\u00bb _builder_version=\u00a0\u00bb4.20.0&Prime; _module_preset=\u00a0\u00bbdefault\u00a0\u00bb custom_button=\u00a0\u00bbon\u00a0\u00bb button_text_size=\u00a0\u00bb23px\u00a0\u00bb button_text_color=\u00a0\u00bb#5c667b\u00a0\u00bb button_bg_color=\u00a0\u00bb#dce3f1&Prime; button_border_width=\u00a0\u00bb2px\u00a0\u00bb button_border_radius=\u00a0\u00bb11px\u00a0\u00bb button_use_icon=\u00a0\u00bboff\u00a0\u00bb custom_margin=\u00a0\u00bb|||-2px||\u00a0\u00bb box_shadow_style=\u00a0\u00bbpreset1&Prime; global_colors_info=\u00a0\u00bb{}\u00a0\u00bb][\/et_pb_button][et_pb_image src=\u00a0\u00bbhttps:\/\/louisette-marie-arnaud.org\/institution\/wp-content\/uploads\/2023\/11\/coeur-56.png\u00a0\u00bb title_text=\u00a0\u00bbcoeur-56&Prime; align=\u00a0\u00bbcenter\u00a0\u00bb admin_label=\u00a0\u00bb16.i : logo coeur\u00a0\u00bb _builder_version=\u00a0\u00bb4.20.0&Prime; _module_preset=\u00a0\u00bbdefault\u00a0\u00bb custom_margin=\u00a0\u00bb75px||30px||false|false\u00a0\u00bb global_colors_info=\u00a0\u00bb{}\u00a0\u00bb][\/et_pb_image][et_pb_text disabled_on=\u00a0\u00bbon|on|on\u00a0\u00bb _builder_version=\u00a0\u00bb4.18.0&Prime; _module_preset=\u00a0\u00bbdefault\u00a0\u00bb text_font_size=\u00a0\u00bb33px\u00a0\u00bb text_orientation=\u00a0\u00bbcenter\u00a0\u00bb custom_margin=\u00a0\u00bb81px|70px|87px|70px||true\u00a0\u00bb custom_padding=\u00a0\u00bb0px|||||\u00a0\u00bb disabled=\u00a0\u00bbon\u00a0\u00bb global_colors_info=\u00a0\u00bb{}\u00a0\u00bb]<strong>IEP Kenn Opperman de Lima au P\u00e9rou<\/strong><br \/>\n[\/et_pb_text][et_pb_text disabled_on=\u00a0\u00bbon|on|on\u00a0\u00bb _builder_version=\u00a0\u00bb4.18.0&Prime; _module_preset=\u00a0\u00bbdefault\u00a0\u00bb text_font=\u00a0\u00bbOpen Sans|700|||||||\u00a0\u00bb text_text_color=\u00a0\u00bb#000000&Prime; text_font_size=\u00a0\u00bb25px\u00a0\u00bb custom_margin=\u00a0\u00bb6px||17px|-78px||\u00a0\u00bb disabled=\u00a0\u00bbon\u00a0\u00bb global_colors_info=\u00a0\u00bb{}\u00a0\u00bb]Leur pr\u00e9sentation :<br \/>\n[\/et_pb_text][\/et_pb_column][\/et_pb_row][et_pb_row admin_label=\u00a0\u00bb17. 2\u00e8 \u00e9cole : IEP Peruano 3\u00e8 niveau\u00a0\u00bb _builder_version=\u00a0\u00bb4.20.0&Prime; _module_preset=\u00a0\u00bbdefault\u00a0\u00bb global_colors_info=\u00a0\u00bb{}\u00a0\u00bb][et_pb_column type=\u00a0\u00bb4_4&Prime; _builder_version=\u00a0\u00bb4.20.0&Prime; _module_preset=\u00a0\u00bbdefault\u00a0\u00bb global_colors_info=\u00a0\u00bb{}\u00a0\u00bb][et_pb_text admin_label=\u00a0\u00bb17. a IEP peruano Frances Jean Harzic 3\u00e9 niveau \u00a0\u00bb _builder_version=\u00a0\u00bb4.20.0&Prime; _module_preset=\u00a0\u00bbdefault\u00a0\u00bb text_font_size=\u00a0\u00bb33px\u00a0\u00bb text_orientation=\u00a0\u00bbcenter\u00a0\u00bb custom_margin=\u00a0\u00bb||87px|73px||\u00a0\u00bb custom_padding=\u00a0\u00bb0px|||||\u00a0\u00bb global_colors_info=\u00a0\u00bb{}\u00a0\u00bb]<\/p>\n<p style=\"text-align: center;\"><strong>IEP Peruano Franc\u00e9s Jean Harzic de Arequipa au P\u00e9rou<\/strong><\/p>\n<p>[\/et_pb_text][et_pb_text admin_label=\u00a0\u00bb17.Leur pr\u00e9sentation\u00a0\u00bb _builder_version=\u00a0\u00bb4.18.0&Prime; _module_preset=\u00a0\u00bbdefault\u00a0\u00bb text_font=\u00a0\u00bbOpen Sans|700|||||||\u00a0\u00bb text_text_color=\u00a0\u00bb#000000&Prime; text_font_size=\u00a0\u00bb25px\u00a0\u00bb custom_margin=\u00a0\u00bb6px||17px|-78px||\u00a0\u00bb global_colors_info=\u00a0\u00bb{}\u00a0\u00bb]Leur pr\u00e9sentation :<br \/>\n[\/et_pb_text][\/et_pb_column][\/et_pb_row][et_pb_row column_structure=\u00a0\u00bb1_2,1_2&Prime; use_custom_gutter=\u00a0\u00bbon\u00a0\u00bb gutter_width=\u00a0\u00bb4&Prime; make_equal=\u00a0\u00bbon\u00a0\u00bb admin_label=\u00a0\u00bb17.  IEP Peruano 3\u00e8 niveau videos\u00a0\u00bb _builder_version=\u00a0\u00bb4.18.0&Prime; _module_preset=\u00a0\u00bbdefault\u00a0\u00bb width=\u00a0\u00bb100%\u00a0\u00bb module_alignment=\u00a0\u00bbcenter\u00a0\u00bb custom_margin=\u00a0\u00bb||||false|true\u00a0\u00bb custom_padding=\u00a0\u00bb||||false|true\u00a0\u00bb global_colors_info=\u00a0\u00bb{}\u00a0\u00bb][et_pb_column type=\u00a0\u00bb1_2&Prime; _builder_version=\u00a0\u00bb4.18.0&Prime; _module_preset=\u00a0\u00bbdefault\u00a0\u00bb global_colors_info=\u00a0\u00bb{}\u00a0\u00bb][et_pb_code admin_label=\u00a0\u00bb17.a video 1 \u00a0\u00bb _builder_version=\u00a0\u00bb4.20.0&Prime; _module_preset=\u00a0\u00bbdefault\u00a0\u00bb custom_margin=\u00a0\u00bb|4px|29px|-82px||\u00a0\u00bb custom_padding=\u00a0\u00bb|51px||||\u00a0\u00bb global_colors_info=\u00a0\u00bb{}\u00a0\u00bb]<iframe loading=\"lazy\" title=\"YouTube video player\" src=\"https:\/\/www.youtube.com\/embed\/FpAR1eyTSwk?rel=0\" width=\"560\" height=\"315\" frameborder=\"0\" allow=\"accelerometer; autoplay; clipboard-write; encrypted-media; gyroscope; picture-in-picture; web-share\" allowfullscreen\"><\/iframe>[\/et_pb_code][et_pb_text admin_label=\u00a0\u00bb17.b: Texte %22Pr\u00e9sentation d\u2019\u00e9l\u00e8ves%22&Prime; _builder_version=\u00a0\u00bb4.20.0&Prime; _module_preset=\u00a0\u00bbdefault\u00a0\u00bb text_font_size=\u00a0\u00bb19px\u00a0\u00bb text_orientation=\u00a0\u00bbcenter\u00a0\u00bb custom_margin=\u00a0\u00bb18px|-82px||-82px|false|false\u00a0\u00bb global_colors_info=\u00a0\u00bb{}\u00a0\u00bb]<\/p>\n<p style=\"text-align: left;\"><strong>Pr\u00e9sentation d\u2019\u00e9l\u00e8ves, 3\u00e8me de secondaire<\/strong><\/p>\n<p>[\/et_pb_text][\/et_pb_column][et_pb_column type=\u00a0\u00bb1_2&Prime; _builder_version=\u00a0\u00bb4.18.0&Prime; _module_preset=\u00a0\u00bbdefault\u00a0\u00bb global_colors_info=\u00a0\u00bb{}\u00a0\u00bb][et_pb_code admin_label=\u00a0\u00bb17 c : video 2&Prime; _builder_version=\u00a0\u00bb4.20.0&Prime; _module_preset=\u00a0\u00bbdefault\u00a0\u00bb custom_margin=\u00a0\u00bb|-127px||102px|false|false\u00a0\u00bb custom_padding=\u00a0\u00bb|0px|||false|false\u00a0\u00bb global_colors_info=\u00a0\u00bb{}\u00a0\u00bb]<iframe loading=\"lazy\" title=\"YouTube video player\" src=\"https:\/\/www.youtube.com\/embed\/Rxlqi9-OQ8I?rel=0\" width=\"560\" height=\"315\" frameborder=\"0\" allow=\"accelerometer; autoplay; clipboard-write; encrypted-media; gyroscope; picture-in-picture; web-share\" allowfullscreen\"><\/iframe>[\/et_pb_code][et_pb_text admin_label=\u00a0\u00bb17 d : texte %22pr\u00e9sentation vid\u00e9o%22&Prime; _builder_version=\u00a0\u00bb4.20.0&Prime; _module_preset=\u00a0\u00bbdefault\u00a0\u00bb text_font_size=\u00a0\u00bb19px\u00a0\u00bb text_orientation=\u00a0\u00bbcenter\u00a0\u00bb custom_margin=\u00a0\u00bb-16px|-150px||95px|false|false\u00a0\u00bb custom_padding=\u00a0\u00bb||||false|false\u00a0\u00bb global_colors_info=\u00a0\u00bb{}\u00a0\u00bb]<\/p>\n<p style=\"text-align: left;\"><strong> Pr\u00e9sentation Vid\u00e9o \u00ab L\u2019Impressionnisme \u00bb <\/strong><\/p>\n<p>[\/et_pb_text][\/et_pb_column][\/et_pb_row][et_pb_row admin_label=\u00a0\u00bbIEP Peruano 3\u00e8 niveau textes\u00a0\u00bb _builder_version=\u00a0\u00bb4.18.0&Prime; _module_preset=\u00a0\u00bbdefault\u00a0\u00bb custom_margin=\u00a0\u00bb|auto|||false|false\u00a0\u00bb global_colors_info=\u00a0\u00bb{}\u00a0\u00bb][et_pb_column type=\u00a0\u00bb4_4&Prime; _builder_version=\u00a0\u00bb4.18.0&Prime; _module_preset=\u00a0\u00bbdefault\u00a0\u00bb global_colors_info=\u00a0\u00bb{}\u00a0\u00bb][et_pb_text admin_label=\u00a0\u00bb17.e : texte %22editorial pr\u00e9sent\u00e9 au concours%22&Prime; _builder_version=\u00a0\u00bb4.18.0&Prime; _module_preset=\u00a0\u00bbdefault\u00a0\u00bb text_font=\u00a0\u00bbOpen Sans||||||||\u00a0\u00bb text_font_size=\u00a0\u00bb29px\u00a0\u00bb text_orientation=\u00a0\u00bbcenter\u00a0\u00bb custom_margin=\u00a0\u00bb77px||77px|1px|true|false\u00a0\u00bb global_colors_info=\u00a0\u00bb{}\u00a0\u00bb]Editorial pr\u00e9sent\u00e9 au concours<br \/>\n[\/et_pb_text][et_pb_image src=\u00a0\u00bbhttps:\/\/louisette-marie-arnaud.org\/institution\/wp-content\/uploads\/2023\/11\/2-Mignonette-Jean-Harzic-3eme-Secondaire-Institution-Louisette-Marie-Arnaud-2023-2024-.jpg\u00a0\u00bb title_text=\u00a0\u00bb2-Mignonette &#8211; Jean Harzic 3\u00e8me Secondaire-Institution Louisette-Marie Arnaud 2023-2024&Prime; url=\u00a0\u00bbhttps:\/\/louisette-marie-arnaud.org\/institution\/wp-content\/uploads\/2023\/11\/2-LIMPRESSIONISME-3RO.-SECUNDARIA-1.pdf\u00a0\u00bb disabled_on=\u00a0\u00bboff|off|off\u00a0\u00bb admin_label=\u00a0\u00bb17.e : image l&rsquo;impresionnisme\u00a0\u00bb _builder_version=\u00a0\u00bb4.20.0&Prime; _module_preset=\u00a0\u00bbdefault\u00a0\u00bb width=\u00a0\u00bb35%\u00a0\u00bb max_width=\u00a0\u00bb35%\u00a0\u00bb module_alignment=\u00a0\u00bbcenter\u00a0\u00bb custom_margin=\u00a0\u00bb|||1px|false|false\u00a0\u00bb custom_padding=\u00a0\u00bb3px||||false|false\u00a0\u00bb global_colors_info=\u00a0\u00bb{}\u00a0\u00bb][\/et_pb_image][et_pb_text admin_label=\u00a0\u00bb17 f: texte : %22sous la direction%22&#8230;\u00a0\u00bb _builder_version=\u00a0\u00bb4.20.0&Prime; _module_preset=\u00a0\u00bbdefault\u00a0\u00bb text_font_size=\u00a0\u00bb24px\u00a0\u00bb text_orientation=\u00a0\u00bbcenter\u00a0\u00bb custom_margin=\u00a0\u00bb||64px|-15px||\u00a0\u00bb global_colors_info=\u00a0\u00bb{}\u00a0\u00bb]\u00ab L&rsquo;impressionnisme \u00bb<br \/>\nSous la direction du professeur de fran\u00e7ais Carlos<br \/>\n[\/et_pb_text][et_pb_button button_url=\u00a0\u00bbhttps:\/\/louisette-marie-arnaud.org\/institution\/wp-content\/uploads\/2023\/11\/2-LIMPRESSIONISME-3RO.-SECUNDARIA-1.pdf\u00a0\u00bb url_new_window=\u00a0\u00bbon\u00a0\u00bb button_text=\u00a0\u00bbVoir le document de l&rsquo;\u00e9cole\u00a0\u00bb button_alignment=\u00a0\u00bbcenter\u00a0\u00bb admin_label=\u00a0\u00bb17. g : Bouton vers PDF\u00a0\u00bb _builder_version=\u00a0\u00bb4.20.0&Prime; _module_preset=\u00a0\u00bbdefault\u00a0\u00bb custom_button=\u00a0\u00bbon\u00a0\u00bb button_text_size=\u00a0\u00bb23px\u00a0\u00bb button_text_color=\u00a0\u00bb#5c667b\u00a0\u00bb button_bg_color=\u00a0\u00bb#dce3f1&Prime; button_border_width=\u00a0\u00bb2px\u00a0\u00bb button_border_radius=\u00a0\u00bb11px\u00a0\u00bb button_use_icon=\u00a0\u00bboff\u00a0\u00bb custom_margin=\u00a0\u00bb|||-2px||\u00a0\u00bb box_shadow_style=\u00a0\u00bbpreset1&Prime; global_colors_info=\u00a0\u00bb{}\u00a0\u00bb][\/et_pb_button][et_pb_image src=\u00a0\u00bbhttps:\/\/louisette-marie-arnaud.org\/institution\/wp-content\/uploads\/2023\/11\/coeur-56.png\u00a0\u00bb title_text=\u00a0\u00bbcoeur-56&Prime; align=\u00a0\u00bbcenter\u00a0\u00bb admin_label=\u00a0\u00bb18 : logo coeur\u00a0\u00bb _builder_version=\u00a0\u00bb4.20.0&Prime; _module_preset=\u00a0\u00bbdefault\u00a0\u00bb custom_margin=\u00a0\u00bb75px||75px||true|false\u00a0\u00bb global_colors_info=\u00a0\u00bb{}\u00a0\u00bb][\/et_pb_image][et_pb_text disabled_on=\u00a0\u00bbon|on|on\u00a0\u00bb _builder_version=\u00a0\u00bb4.18.0&Prime; _module_preset=\u00a0\u00bbdefault\u00a0\u00bb text_font_size=\u00a0\u00bb33px\u00a0\u00bb text_orientation=\u00a0\u00bbcenter\u00a0\u00bb custom_margin=\u00a0\u00bb81px|70px|87px|70px||true\u00a0\u00bb custom_padding=\u00a0\u00bb0px|||||\u00a0\u00bb disabled=\u00a0\u00bbon\u00a0\u00bb global_colors_info=\u00a0\u00bb{}\u00a0\u00bb]<strong>IEP Kenn Opperman de Lima au P\u00e9rou<\/strong><br \/>\n[\/et_pb_text][et_pb_text disabled_on=\u00a0\u00bbon|on|on\u00a0\u00bb _builder_version=\u00a0\u00bb4.18.0&Prime; _module_preset=\u00a0\u00bbdefault\u00a0\u00bb text_font=\u00a0\u00bbOpen Sans|700|||||||\u00a0\u00bb text_text_color=\u00a0\u00bb#000000&Prime; text_font_size=\u00a0\u00bb25px\u00a0\u00bb custom_margin=\u00a0\u00bb6px||17px|-78px||\u00a0\u00bb disabled=\u00a0\u00bbon\u00a0\u00bb global_colors_info=\u00a0\u00bb{}\u00a0\u00bb]Leur pr\u00e9sentation :<br \/>\n[\/et_pb_text][et_pb_text disabled_on=\u00a0\u00bboff|off|off\u00a0\u00bb admin_label=\u00a0\u00bb19 : TITRE : \u00e9ditoriaux finalistes 2023-2024&Prime; _builder_version=\u00a0\u00bb4.20.0&Prime; _module_preset=\u00a0\u00bbdefault\u00a0\u00bb text_text_color=\u00a0\u00bb#8FAADC\u00a0\u00bb link_font=\u00a0\u00bb||||||||\u00a0\u00bb header_2_font=\u00a0\u00bb|700|||||||\u00a0\u00bb header_2_text_align=\u00a0\u00bbcenter\u00a0\u00bb header_2_text_color=\u00a0\u00bb#8FAADC\u00a0\u00bb header_2_font_size=\u00a0\u00bb42px\u00a0\u00bb header_2_line_height=\u00a0\u00bb1.2em\u00a0\u00bb width=\u00a0\u00bb100%\u00a0\u00bb custom_margin=\u00a0\u00bb16%||70px||false|false\u00a0\u00bb custom_padding=\u00a0\u00bb||||false|false\u00a0\u00bb global_colors_info=\u00a0\u00bb{}\u00a0\u00bb text_text_color__hover_enabled=\u00a0\u00bboff|hover\u00a0\u00bb text_text_color__hover=\u00a0\u00bb#000000&Prime; text_font_size__hover_enabled=\u00a0\u00bbon|hover\u00a0\u00bb text_font_size__hover=\u00a0\u00bb16px\u00a0\u00bb]<\/p>\n<h2 style=\"text-align: center;\">* Editoriaux Finalistes 2023-2024 *<\/h2>\n<p>[\/et_pb_text][\/et_pb_column][\/et_pb_row][et_pb_row admin_label=\u00a0\u00bb20. 3\u00e8 \u00e9cole : IEP Benjamin Barton de Lima au P\u00e9rou\u00a0\u00bb _builder_version=\u00a0\u00bb4.20.0&Prime; _module_preset=\u00a0\u00bbdefault\u00a0\u00bb global_colors_info=\u00a0\u00bb{}\u00a0\u00bb][et_pb_column type=\u00a0\u00bb4_4&Prime; _builder_version=\u00a0\u00bb4.20.0&Prime; _module_preset=\u00a0\u00bbdefault\u00a0\u00bb global_colors_info=\u00a0\u00bb{}\u00a0\u00bb][et_pb_text admin_label=\u00a0\u00bb20. IEP benjamin barton\u00a0\u00bb _builder_version=\u00a0\u00bb4.20.0&Prime; _module_preset=\u00a0\u00bbdefault\u00a0\u00bb text_font_size=\u00a0\u00bb33px\u00a0\u00bb text_orientation=\u00a0\u00bbcenter\u00a0\u00bb custom_margin=\u00a0\u00bb||87px||false|false\u00a0\u00bb custom_padding=\u00a0\u00bb0px|||||\u00a0\u00bb global_colors_info=\u00a0\u00bb{}\u00a0\u00bb]<\/p>\n<p style=\"text-align: center;\"><strong>IEP Benjamin Barton de Lima au P\u00e9rou<\/strong><\/p>\n<p>[\/et_pb_text][et_pb_text admin_label=\u00a0\u00bb20.Leur pr\u00e9sentation\u00a0\u00bb _builder_version=\u00a0\u00bb4.18.0&Prime; _module_preset=\u00a0\u00bbdefault\u00a0\u00bb text_font=\u00a0\u00bbOpen Sans|700|||||||\u00a0\u00bb text_text_color=\u00a0\u00bb#000000&Prime; text_font_size=\u00a0\u00bb25px\u00a0\u00bb custom_margin=\u00a0\u00bb6px||17px|-78px||\u00a0\u00bb global_colors_info=\u00a0\u00bb{}\u00a0\u00bb]Leur pr\u00e9sentation :<br \/>\n[\/et_pb_text][\/et_pb_column][\/et_pb_row][et_pb_row column_structure=\u00a0\u00bb1_2,1_2&Prime; use_custom_gutter=\u00a0\u00bbon\u00a0\u00bb gutter_width=\u00a0\u00bb4&Prime; make_equal=\u00a0\u00bbon\u00a0\u00bb admin_label=\u00a0\u00bb20. IEP Benjamin Barton de Lima au P\u00e9rou\u00a0\u00bb _builder_version=\u00a0\u00bb4.18.0&Prime; _module_preset=\u00a0\u00bbdefault\u00a0\u00bb width=\u00a0\u00bb100%\u00a0\u00bb module_alignment=\u00a0\u00bbcenter\u00a0\u00bb custom_margin=\u00a0\u00bb||||false|true\u00a0\u00bb custom_padding=\u00a0\u00bb||||false|true\u00a0\u00bb global_colors_info=\u00a0\u00bb{}\u00a0\u00bb][et_pb_column type=\u00a0\u00bb1_2&Prime; _builder_version=\u00a0\u00bb4.18.0&Prime; _module_preset=\u00a0\u00bbdefault\u00a0\u00bb global_colors_info=\u00a0\u00bb{}\u00a0\u00bb][et_pb_code admin_label=\u00a0\u00bb20. a video 1 \u00a0\u00bb _builder_version=\u00a0\u00bb4.20.0&Prime; _module_preset=\u00a0\u00bbdefault\u00a0\u00bb custom_margin=\u00a0\u00bb|4px|29px|-82px||\u00a0\u00bb custom_padding=\u00a0\u00bb|51px||||\u00a0\u00bb global_colors_info=\u00a0\u00bb{}\u00a0\u00bb]<iframe loading=\"lazy\" title=\"YouTube video player\" src=\"https:\/\/www.youtube.com\/embed\/ju8N9buGrKs?rel=0\" width=\"560\" height=\"315\" frameborder=\"0\" allow=\"accelerometer; autoplay; clipboard-write; encrypted-media; gyroscope; picture-in-picture; web-share\" allowfullscreen\"><\/iframe>[\/et_pb_code][et_pb_text admin_label=\u00a0\u00bb20.a: Texte %22Pr\u00e9sentation d\u2019\u00e9l\u00e8ves%22&Prime; _builder_version=\u00a0\u00bb4.20.0&Prime; _module_preset=\u00a0\u00bbdefault\u00a0\u00bb text_font_size=\u00a0\u00bb19px\u00a0\u00bb text_orientation=\u00a0\u00bbcenter\u00a0\u00bb custom_margin=\u00a0\u00bb18px|||-80px|false|false\u00a0\u00bb global_colors_info=\u00a0\u00bb{}\u00a0\u00bb]<\/p>\n<p style=\"text-align: left;\"><strong>Pr\u00e9sentation d\u2019\u00e9l\u00e8ves, classe unique secondaire<\/strong><\/p>\n<p>[\/et_pb_text][\/et_pb_column][et_pb_column type=\u00a0\u00bb1_2&Prime; _builder_version=\u00a0\u00bb4.18.0&Prime; _module_preset=\u00a0\u00bbdefault\u00a0\u00bb global_colors_info=\u00a0\u00bb{}\u00a0\u00bb][et_pb_code admin_label=\u00a0\u00bb20 a : video 2&Prime; _builder_version=\u00a0\u00bb4.20.0&Prime; _module_preset=\u00a0\u00bbdefault\u00a0\u00bb custom_margin=\u00a0\u00bb|-127px||102px|false|false\u00a0\u00bb custom_padding=\u00a0\u00bb|0px|||false|false\u00a0\u00bb global_colors_info=\u00a0\u00bb{}\u00a0\u00bb]<iframe loading=\"lazy\" title=\"YouTube video player\" src=\"https:\/\/www.youtube.com\/embed\/i2wm7-OKZ10?rel=0\" width=\"560\" height=\"315\" frameborder=\"0\" allow=\"accelerometer; autoplay; clipboard-write; encrypted-media; gyroscope; picture-in-picture; web-share\" allowfullscreen\"><\/iframe>[\/et_pb_code][et_pb_text admin_label=\u00a0\u00bb20 j : texte %22pr\u00e9sentation vid\u00e9o%22&Prime; _builder_version=\u00a0\u00bb4.20.0&Prime; _module_preset=\u00a0\u00bbdefault\u00a0\u00bb text_font_size=\u00a0\u00bb19px\u00a0\u00bb text_orientation=\u00a0\u00bbcenter\u00a0\u00bb custom_margin=\u00a0\u00bb-10px|-150px|-10px|95px|true|false\u00a0\u00bb custom_padding=\u00a0\u00bb||||false|false\u00a0\u00bb global_colors_info=\u00a0\u00bb{}\u00a0\u00bb]<\/p>\n<p style=\"text-align: left;\"><strong> Pr\u00e9sentation Vid\u00e9o \u00ab Notre chanson pour la France \u00bb <\/strong><\/p>\n<p>[\/et_pb_text][\/et_pb_column][\/et_pb_row][et_pb_row admin_label=\u00a0\u00bb20. IEP IEP Benjamin Barton de Lima au P\u00e9rou\u00a0\u00bb _builder_version=\u00a0\u00bb4.18.0&Prime; _module_preset=\u00a0\u00bbdefault\u00a0\u00bb custom_margin=\u00a0\u00bb|auto|||false|false\u00a0\u00bb global_colors_info=\u00a0\u00bb{}\u00a0\u00bb][et_pb_column type=\u00a0\u00bb4_4&Prime; _builder_version=\u00a0\u00bb4.18.0&Prime; _module_preset=\u00a0\u00bbdefault\u00a0\u00bb global_colors_info=\u00a0\u00bb{}\u00a0\u00bb][et_pb_text admin_label=\u00a0\u00bb20.e : texte %22editorial pr\u00e9sent\u00e9 au concours%22&Prime; _builder_version=\u00a0\u00bb4.18.0&Prime; _module_preset=\u00a0\u00bbdefault\u00a0\u00bb text_font=\u00a0\u00bbOpen Sans||||||||\u00a0\u00bb text_font_size=\u00a0\u00bb29px\u00a0\u00bb text_orientation=\u00a0\u00bbcenter\u00a0\u00bb custom_margin=\u00a0\u00bb77px||77px|1px|true|false\u00a0\u00bb global_colors_info=\u00a0\u00bb{}\u00a0\u00bb]Editorial pr\u00e9sent\u00e9 au concours<br \/>\n[\/et_pb_text][et_pb_image src=\u00a0\u00bbhttps:\/\/louisette-marie-arnaud.org\/institution\/wp-content\/uploads\/2023\/11\/Benjamin-Barton-Institution-Louisette-Marie-Arnaud-2023-2024.jpg\u00a0\u00bb title_text=\u00a0\u00bbBenjamin Barton &#8211; Institution Louisette-Marie Arnaud 2023-2024&Prime; url=\u00a0\u00bbhttps:\/\/louisette-marie-arnaud.org\/institution\/wp-content\/uploads\/2023\/11\/3-Benjamin-Barton-Le-mouvement-impressionniste-en-France-FINAL-1.pdf\u00a0\u00bb align=\u00a0\u00bbcenter\u00a0\u00bb disabled_on=\u00a0\u00bboff|off|off\u00a0\u00bb admin_label=\u00a0\u00bb20.e : image l&rsquo;impresionnisme\u00a0\u00bb _builder_version=\u00a0\u00bb4.20.0&Prime; _module_preset=\u00a0\u00bbdefault\u00a0\u00bb module_alignment=\u00a0\u00bbcenter\u00a0\u00bb min_height=\u00a0\u00bb320px\u00a0\u00bb height=\u00a0\u00bb320px\u00a0\u00bb custom_margin=\u00a0\u00bb-5px|||1px|false|false\u00a0\u00bb custom_padding=\u00a0\u00bb3px||||false|false\u00a0\u00bb global_colors_info=\u00a0\u00bb{}\u00a0\u00bb][\/et_pb_image][et_pb_text admin_label=\u00a0\u00bb20 f: texte : %22sous la direction%22&#8230;\u00a0\u00bb _builder_version=\u00a0\u00bb4.20.0&Prime; _module_preset=\u00a0\u00bbdefault\u00a0\u00bb text_font_size=\u00a0\u00bb24px\u00a0\u00bb text_orientation=\u00a0\u00bbcenter\u00a0\u00bb custom_margin=\u00a0\u00bb||64px|-15px||\u00a0\u00bb global_colors_info=\u00a0\u00bb{}\u00a0\u00bb]\u00ab Les pinceaux fran\u00e7ais de l&rsquo;impressionnisme et son \u00e9cho enchant\u00e9 dans le monde \u00bb<br \/>\nSous la direction d\u2019Isabel Yesenia Roncal Aguirre professeure de fran\u00e7ais<br \/>\n[\/et_pb_text][et_pb_button button_url=\u00a0\u00bbhttps:\/\/louisette-marie-arnaud.org\/institution\/wp-content\/uploads\/2023\/11\/3-Benjamin-Barton-Le-mouvement-impressionniste-en-France-FINAL-1.pdf\u00a0\u00bb url_new_window=\u00a0\u00bbon\u00a0\u00bb button_text=\u00a0\u00bbVoir le document de l&rsquo;\u00e9cole\u00a0\u00bb button_alignment=\u00a0\u00bbcenter\u00a0\u00bb admin_label=\u00a0\u00bb20. g : Bouton vers PDF\u00a0\u00bb _builder_version=\u00a0\u00bb4.20.0&Prime; _module_preset=\u00a0\u00bbdefault\u00a0\u00bb custom_button=\u00a0\u00bbon\u00a0\u00bb button_text_size=\u00a0\u00bb23px\u00a0\u00bb button_text_color=\u00a0\u00bb#5c667b\u00a0\u00bb button_bg_color=\u00a0\u00bb#dce3f1&Prime; button_border_width=\u00a0\u00bb2px\u00a0\u00bb button_border_radius=\u00a0\u00bb11px\u00a0\u00bb button_use_icon=\u00a0\u00bboff\u00a0\u00bb custom_margin=\u00a0\u00bb|||-2px||\u00a0\u00bb box_shadow_style=\u00a0\u00bbpreset1&Prime; global_colors_info=\u00a0\u00bb{}\u00a0\u00bb][\/et_pb_button][et_pb_image src=\u00a0\u00bbhttps:\/\/louisette-marie-arnaud.org\/institution\/wp-content\/uploads\/2023\/11\/coeur-56.png\u00a0\u00bb title_text=\u00a0\u00bbcoeur-56&Prime; align=\u00a0\u00bbcenter\u00a0\u00bb admin_label=\u00a0\u00bb20 : logo coeur\u00a0\u00bb _builder_version=\u00a0\u00bb4.20.0&Prime; _module_preset=\u00a0\u00bbdefault\u00a0\u00bb custom_margin=\u00a0\u00bb75px||75px||true|false\u00a0\u00bb global_colors_info=\u00a0\u00bb{}\u00a0\u00bb][\/et_pb_image][et_pb_text disabled_on=\u00a0\u00bbon|on|on\u00a0\u00bb _builder_version=\u00a0\u00bb4.18.0&Prime; _module_preset=\u00a0\u00bbdefault\u00a0\u00bb text_font_size=\u00a0\u00bb33px\u00a0\u00bb text_orientation=\u00a0\u00bbcenter\u00a0\u00bb custom_margin=\u00a0\u00bb81px|70px|87px|70px||true\u00a0\u00bb custom_padding=\u00a0\u00bb0px|||||\u00a0\u00bb disabled=\u00a0\u00bbon\u00a0\u00bb global_colors_info=\u00a0\u00bb{}\u00a0\u00bb]<strong>IEP Kenn Opperman de Lima au P\u00e9rou<\/strong><br \/>\n[\/et_pb_text][et_pb_text disabled_on=\u00a0\u00bbon|on|on\u00a0\u00bb _builder_version=\u00a0\u00bb4.18.0&Prime; _module_preset=\u00a0\u00bbdefault\u00a0\u00bb text_font=\u00a0\u00bbOpen Sans|700|||||||\u00a0\u00bb text_text_color=\u00a0\u00bb#000000&Prime; text_font_size=\u00a0\u00bb25px\u00a0\u00bb custom_margin=\u00a0\u00bb6px||17px|-78px||\u00a0\u00bb disabled=\u00a0\u00bbon\u00a0\u00bb global_colors_info=\u00a0\u00bb{}\u00a0\u00bb]Leur pr\u00e9sentation :<br \/>\n[\/et_pb_text][et_pb_text disabled_on=\u00a0\u00bbon|on|on\u00a0\u00bb admin_label=\u00a0\u00bb20 : \u00e9ditoriaux finalistes\u00a0\u00bb _builder_version=\u00a0\u00bb4.20.0&Prime; _module_preset=\u00a0\u00bbdefault\u00a0\u00bb text_text_color=\u00a0\u00bb#8FAADC\u00a0\u00bb link_font=\u00a0\u00bb||||||||\u00a0\u00bb header_2_font=\u00a0\u00bb|700|||||||\u00a0\u00bb header_2_text_align=\u00a0\u00bbcenter\u00a0\u00bb header_2_text_color=\u00a0\u00bb#8FAADC\u00a0\u00bb header_2_font_size=\u00a0\u00bb42px\u00a0\u00bb header_2_line_height=\u00a0\u00bb1.2em\u00a0\u00bb width=\u00a0\u00bb100%\u00a0\u00bb custom_margin=\u00a0\u00bb8%||0.1%|40px|false|false\u00a0\u00bb custom_padding=\u00a0\u00bb||149px|||\u00a0\u00bb disabled=\u00a0\u00bbon\u00a0\u00bb global_colors_info=\u00a0\u00bb{}\u00a0\u00bb text_text_color__hover_enabled=\u00a0\u00bboff|hover\u00a0\u00bb text_text_color__hover=\u00a0\u00bb#000000&Prime; text_font_size__hover_enabled=\u00a0\u00bbon|hover\u00a0\u00bb text_font_size__hover=\u00a0\u00bb16px\u00a0\u00bb]<\/p>\n<h2>Editoriaux Finalistes 2023-2024,<\/h2>\n<p>[\/et_pb_text][\/et_pb_column][\/et_pb_row][et_pb_row admin_label=\u00a0\u00bb21. 4\u00e8 \u00e9cole : IEP San Andres de Cajamarca au P\u00e9rou\u00a0\u00bb _builder_version=\u00a0\u00bb4.20.0&Prime; _module_preset=\u00a0\u00bbdefault\u00a0\u00bb global_colors_info=\u00a0\u00bb{}\u00a0\u00bb][et_pb_column type=\u00a0\u00bb4_4&Prime; _builder_version=\u00a0\u00bb4.20.0&Prime; _module_preset=\u00a0\u00bbdefault\u00a0\u00bb global_colors_info=\u00a0\u00bb{}\u00a0\u00bb][et_pb_text admin_label=\u00a0\u00bb21.IEP San Andres de Cajamarca au P\u00e9rou \u00a0\u00bb _builder_version=\u00a0\u00bb4.20.0&Prime; _module_preset=\u00a0\u00bbdefault\u00a0\u00bb text_font_size=\u00a0\u00bb33px\u00a0\u00bb text_orientation=\u00a0\u00bbcenter\u00a0\u00bb custom_margin=\u00a0\u00bb||87px|73px||\u00a0\u00bb custom_padding=\u00a0\u00bb0px|||||\u00a0\u00bb global_colors_info=\u00a0\u00bb{}\u00a0\u00bb]<\/p>\n<p style=\"text-align: center;\"><strong>IEP San Andres de Cajamarca au P\u00e9rou<\/strong><\/p>\n<p>[\/et_pb_text][et_pb_text admin_label=\u00a0\u00bb21. Leur pr\u00e9sentation\u00a0\u00bb _builder_version=\u00a0\u00bb4.18.0&Prime; _module_preset=\u00a0\u00bbdefault\u00a0\u00bb text_font=\u00a0\u00bbOpen Sans|700|||||||\u00a0\u00bb text_text_color=\u00a0\u00bb#000000&Prime; text_font_size=\u00a0\u00bb25px\u00a0\u00bb custom_margin=\u00a0\u00bb6px||17px|-78px||\u00a0\u00bb global_colors_info=\u00a0\u00bb{}\u00a0\u00bb]Leur pr\u00e9sentation :<br \/>\n[\/et_pb_text][\/et_pb_column][\/et_pb_row][et_pb_row column_structure=\u00a0\u00bb1_2,1_2&Prime; use_custom_gutter=\u00a0\u00bbon\u00a0\u00bb gutter_width=\u00a0\u00bb4&Prime; make_equal=\u00a0\u00bbon\u00a0\u00bb admin_label=\u00a0\u00bb21. IEP San Andres de Cajamarca au P\u00e9rou\u00a0\u00bb _builder_version=\u00a0\u00bb4.18.0&Prime; _module_preset=\u00a0\u00bbdefault\u00a0\u00bb width=\u00a0\u00bb100%\u00a0\u00bb module_alignment=\u00a0\u00bbcenter\u00a0\u00bb custom_margin=\u00a0\u00bb||||false|true\u00a0\u00bb custom_padding=\u00a0\u00bb||||false|true\u00a0\u00bb global_colors_info=\u00a0\u00bb{}\u00a0\u00bb][et_pb_column type=\u00a0\u00bb1_2&Prime; _builder_version=\u00a0\u00bb4.18.0&Prime; _module_preset=\u00a0\u00bbdefault\u00a0\u00bb global_colors_info=\u00a0\u00bb{}\u00a0\u00bb][et_pb_code admin_label=\u00a0\u00bb21. a video 1 \u00a0\u00bb _builder_version=\u00a0\u00bb4.20.0&Prime; _module_preset=\u00a0\u00bbdefault\u00a0\u00bb custom_margin=\u00a0\u00bb|4px|29px|-82px||\u00a0\u00bb custom_padding=\u00a0\u00bb|51px||||\u00a0\u00bb global_colors_info=\u00a0\u00bb{}\u00a0\u00bb]<iframe loading=\"lazy\" title=\"YouTube video player\" src=\"https:\/\/www.youtube.com\/embed\/e708jBej4dk?rel=0\" width=\"560\" height=\"315\" frameborder=\"0\" allow=\"accelerometer; autoplay; clipboard-write; encrypted-media; gyroscope; picture-in-picture; web-share\" allowfullscreen\"><\/iframe>[\/et_pb_code][et_pb_text admin_label=\u00a0\u00bb21.a: Texte %22Pr\u00e9sentation d\u2019\u00e9l\u00e8ves%22&Prime; _builder_version=\u00a0\u00bb4.20.0&Prime; _module_preset=\u00a0\u00bbdefault\u00a0\u00bb text_font_size=\u00a0\u00bb19px\u00a0\u00bb text_orientation=\u00a0\u00bbcenter\u00a0\u00bb custom_margin=\u00a0\u00bb18px|||-80px|false|false\u00a0\u00bb global_colors_info=\u00a0\u00bb{}\u00a0\u00bb]<\/p>\n<p style=\"text-align: left;\"><strong>Pr\u00e9sentation d\u2019\u00e9l\u00e8ves 5\u00b0et 6\u00b0 ann\u00e9e de primaire<\/strong><\/p>\n<p>[\/et_pb_text][\/et_pb_column][et_pb_column type=\u00a0\u00bb1_2&Prime; _builder_version=\u00a0\u00bb4.18.0&Prime; _module_preset=\u00a0\u00bbdefault\u00a0\u00bb global_colors_info=\u00a0\u00bb{}\u00a0\u00bb][et_pb_code admin_label=\u00a0\u00bb21 a : video 2&Prime; _builder_version=\u00a0\u00bb4.20.0&Prime; _module_preset=\u00a0\u00bbdefault\u00a0\u00bb custom_margin=\u00a0\u00bb|-127px||102px||\u00a0\u00bb custom_padding=\u00a0\u00bb|0px|||false|false\u00a0\u00bb global_colors_info=\u00a0\u00bb{}\u00a0\u00bb]<iframe loading=\"lazy\" title=\"YouTube video player\" src=\"https:\/\/www.youtube.com\/embed\/E08Vom5pz9U?rel=0\" width=\"560\" height=\"315\" frameborder=\"0\" allow=\"accelerometer; autoplay; clipboard-write; encrypted-media; gyroscope; picture-in-picture; web-share\" allowfullscreen\"><\/iframe>[\/et_pb_code][et_pb_text admin_label=\u00a0\u00bb21 j : texte %22pr\u00e9sentation vid\u00e9o%22&Prime; _builder_version=\u00a0\u00bb4.20.0&Prime; _module_preset=\u00a0\u00bbdefault\u00a0\u00bb text_font_size=\u00a0\u00bb19px\u00a0\u00bb text_orientation=\u00a0\u00bbcenter\u00a0\u00bb custom_margin=\u00a0\u00bb-10px|-200px||30px|false|false\u00a0\u00bb custom_padding=\u00a0\u00bb||||false|false\u00a0\u00bb global_colors_info=\u00a0\u00bb{}\u00a0\u00bb]<\/p>\n<p style=\"text-align: left;\"><strong> Pr\u00e9sentation Vid\u00e9o \u00ab D\u00e9dicace \u00e0 la France et \u00e0 l\u2019Impressionnisme \u00bb <\/strong><\/p>\n<p>[\/et_pb_text][\/et_pb_column][\/et_pb_row][et_pb_row admin_label=\u00a0\u00bb21. IEP Benjamin Barton de Lima au P\u00e9rou\u00a0\u00bb _builder_version=\u00a0\u00bb4.18.0&Prime; _module_preset=\u00a0\u00bbdefault\u00a0\u00bb custom_margin=\u00a0\u00bb|auto|||false|false\u00a0\u00bb global_colors_info=\u00a0\u00bb{}\u00a0\u00bb][et_pb_column type=\u00a0\u00bb4_4&Prime; _builder_version=\u00a0\u00bb4.18.0&Prime; _module_preset=\u00a0\u00bbdefault\u00a0\u00bb global_colors_info=\u00a0\u00bb{}\u00a0\u00bb][et_pb_text admin_label=\u00a0\u00bb21.e : texte %22editorial pr\u00e9sent\u00e9 au concours%22&Prime; _builder_version=\u00a0\u00bb4.18.0&Prime; _module_preset=\u00a0\u00bbdefault\u00a0\u00bb text_font=\u00a0\u00bbOpen Sans||||||||\u00a0\u00bb text_font_size=\u00a0\u00bb29px\u00a0\u00bb text_orientation=\u00a0\u00bbcenter\u00a0\u00bb custom_margin=\u00a0\u00bb77px||77px|1px|true|false\u00a0\u00bb global_colors_info=\u00a0\u00bb{}\u00a0\u00bb]Editorial pr\u00e9sent\u00e9 au concours<br \/>\n[\/et_pb_text][et_pb_image src=\u00a0\u00bbhttps:\/\/louisette-marie-arnaud.org\/institution\/wp-content\/uploads\/2023\/11\/San-Andres-Debutants-Institution-Louisette-Marie-Arnaud-2023-2024.jpg\u00a0\u00bb title_text=\u00a0\u00bbSan Andres Debutants &#8211; Institution Louisette-Marie Arnaud 2023-2024&Prime; url=\u00a0\u00bbhttps:\/\/louisette-marie-arnaud.org\/institution\/wp-content\/uploads\/2023\/11\/4-IEP-SAN-ANDRES-DEBUTANTS-ILMA-2023-2024-.pdf\u00a0\u00bb align=\u00a0\u00bbcenter\u00a0\u00bb disabled_on=\u00a0\u00bboff|off|off\u00a0\u00bb admin_label=\u00a0\u00bb21.e : image l&rsquo;impresionnisme\u00a0\u00bb _builder_version=\u00a0\u00bb4.20.0&Prime; _module_preset=\u00a0\u00bbdefault\u00a0\u00bb module_alignment=\u00a0\u00bbcenter\u00a0\u00bb height=\u00a0\u00bb320px\u00a0\u00bb max_height=\u00a0\u00bb320px\u00a0\u00bb custom_margin=\u00a0\u00bb-5px|||1px|false|false\u00a0\u00bb custom_padding=\u00a0\u00bb3px||||false|false\u00a0\u00bb global_colors_info=\u00a0\u00bb{}\u00a0\u00bb][\/et_pb_image][et_pb_text admin_label=\u00a0\u00bb21 f: texte : %22sous la direction%22&#8230;\u00a0\u00bb _builder_version=\u00a0\u00bb4.20.0&Prime; _module_preset=\u00a0\u00bbdefault\u00a0\u00bb text_font_size=\u00a0\u00bb24px\u00a0\u00bb text_orientation=\u00a0\u00bbcenter\u00a0\u00bb custom_margin=\u00a0\u00bb||64px|-15px||\u00a0\u00bb global_colors_info=\u00a0\u00bb{}\u00a0\u00bb]\u00ab Impressionnisme : un voyage de couleur, de lumi\u00e8re et d\u2019\u00e9motion \u00bb<br \/>\nSous la direction de Gladys Johana Tafur Vasquez professeure de fran\u00e7ais[\/et_pb_text][et_pb_button button_url=\u00a0\u00bbhttps:\/\/louisette-marie-arnaud.org\/institution\/wp-content\/uploads\/2023\/11\/4-IEP-SAN-ANDRES-DEBUTANTS-ILMA-2023-2024-.pdf\u00a0\u00bb url_new_window=\u00a0\u00bbon\u00a0\u00bb button_text=\u00a0\u00bbVoir le document de l&rsquo;\u00e9cole\u00a0\u00bb button_alignment=\u00a0\u00bbcenter\u00a0\u00bb admin_label=\u00a0\u00bb21. g : Bouton vers PDF\u00a0\u00bb _builder_version=\u00a0\u00bb4.20.0&Prime; _module_preset=\u00a0\u00bbdefault\u00a0\u00bb custom_button=\u00a0\u00bbon\u00a0\u00bb button_text_size=\u00a0\u00bb23px\u00a0\u00bb button_text_color=\u00a0\u00bb#5c667b\u00a0\u00bb button_bg_color=\u00a0\u00bb#dce3f1&Prime; button_border_width=\u00a0\u00bb2px\u00a0\u00bb button_border_radius=\u00a0\u00bb11px\u00a0\u00bb button_use_icon=\u00a0\u00bboff\u00a0\u00bb custom_margin=\u00a0\u00bb|||-2px||\u00a0\u00bb box_shadow_style=\u00a0\u00bbpreset1&Prime; global_colors_info=\u00a0\u00bb{}\u00a0\u00bb][\/et_pb_button][et_pb_image src=\u00a0\u00bbhttps:\/\/louisette-marie-arnaud.org\/institution\/wp-content\/uploads\/2023\/11\/coeur-56.png\u00a0\u00bb title_text=\u00a0\u00bbcoeur-56&Prime; align=\u00a0\u00bbcenter\u00a0\u00bb admin_label=\u00a0\u00bb21 : logo coeur\u00a0\u00bb _builder_version=\u00a0\u00bb4.20.0&Prime; _module_preset=\u00a0\u00bbdefault\u00a0\u00bb custom_margin=\u00a0\u00bb75px||75px||true|false\u00a0\u00bb global_colors_info=\u00a0\u00bb{}\u00a0\u00bb][\/et_pb_image][et_pb_text disabled_on=\u00a0\u00bbon|on|on\u00a0\u00bb _builder_version=\u00a0\u00bb4.18.0&Prime; _module_preset=\u00a0\u00bbdefault\u00a0\u00bb text_font_size=\u00a0\u00bb33px\u00a0\u00bb text_orientation=\u00a0\u00bbcenter\u00a0\u00bb custom_margin=\u00a0\u00bb81px|70px|87px|70px||true\u00a0\u00bb custom_padding=\u00a0\u00bb0px|||||\u00a0\u00bb disabled=\u00a0\u00bbon\u00a0\u00bb global_colors_info=\u00a0\u00bb{}\u00a0\u00bb]<strong>IEP Kenn Opperman de Lima au P\u00e9rou<\/strong><br \/>\n[\/et_pb_text][et_pb_text disabled_on=\u00a0\u00bbon|on|on\u00a0\u00bb _builder_version=\u00a0\u00bb4.18.0&Prime; _module_preset=\u00a0\u00bbdefault\u00a0\u00bb text_font=\u00a0\u00bbOpen Sans|700|||||||\u00a0\u00bb text_text_color=\u00a0\u00bb#000000&Prime; text_font_size=\u00a0\u00bb25px\u00a0\u00bb custom_margin=\u00a0\u00bb6px||17px|-78px||\u00a0\u00bb disabled=\u00a0\u00bbon\u00a0\u00bb global_colors_info=\u00a0\u00bb{}\u00a0\u00bb]Leur pr\u00e9sentation :<br \/>\n[\/et_pb_text][et_pb_text disabled_on=\u00a0\u00bbon|on|on\u00a0\u00bb admin_label=\u00a0\u00bb20 : \u00e9ditoriaux finalistes\u00a0\u00bb _builder_version=\u00a0\u00bb4.20.0&Prime; _module_preset=\u00a0\u00bbdefault\u00a0\u00bb text_text_color=\u00a0\u00bb#8FAADC\u00a0\u00bb link_font=\u00a0\u00bb||||||||\u00a0\u00bb header_2_font=\u00a0\u00bb|700|||||||\u00a0\u00bb header_2_text_align=\u00a0\u00bbcenter\u00a0\u00bb header_2_text_color=\u00a0\u00bb#8FAADC\u00a0\u00bb header_2_font_size=\u00a0\u00bb42px\u00a0\u00bb header_2_line_height=\u00a0\u00bb1.2em\u00a0\u00bb width=\u00a0\u00bb100%\u00a0\u00bb custom_margin=\u00a0\u00bb8%||0.1%|40px|false|false\u00a0\u00bb custom_padding=\u00a0\u00bb||149px|||\u00a0\u00bb disabled=\u00a0\u00bbon\u00a0\u00bb global_colors_info=\u00a0\u00bb{}\u00a0\u00bb text_text_color__hover_enabled=\u00a0\u00bboff|hover\u00a0\u00bb text_text_color__hover=\u00a0\u00bb#000000&Prime; text_font_size__hover_enabled=\u00a0\u00bbon|hover\u00a0\u00bb text_font_size__hover=\u00a0\u00bb16px\u00a0\u00bb]<\/p>\n<h2>Editoriaux Finalistes 2023-2024,<\/h2>\n<p>[\/et_pb_text][\/et_pb_column][\/et_pb_row][et_pb_row admin_label=\u00a0\u00bb22. 5\u00e8 \u00e9cole :<\/p>\n<p>1- CEP San Antonio de Padua au P\u00e9rou\u00a0\u00bb _builder_version=\u00a0\u00bb4.20.0&Prime; _module_preset=\u00a0\u00bbdefault\u00a0\u00bb global_colors_info=\u00a0\u00bb{}\u00a0\u00bb][et_pb_column type=\u00a0\u00bb4_4&Prime; _builder_version=\u00a0\u00bb4.20.0&Prime; _module_preset=\u00a0\u00bbdefault\u00a0\u00bb global_colors_info=\u00a0\u00bb{}\u00a0\u00bb][et_pb_text admin_label=\u00a0\u00bb22. CEP San Antonio de Padua au P\u00e9rou\u00a0\u00bb _builder_version=\u00a0\u00bb4.20.0&Prime; _module_preset=\u00a0\u00bbdefault\u00a0\u00bb text_font_size=\u00a0\u00bb33px\u00a0\u00bb text_orientation=\u00a0\u00bbcenter\u00a0\u00bb custom_margin=\u00a0\u00bb||87px|73px||\u00a0\u00bb custom_padding=\u00a0\u00bb0px|||||\u00a0\u00bb global_colors_info=\u00a0\u00bb{}\u00a0\u00bb]<\/p>\n<p style=\"text-align: center;\"><strong>CEP San Antonio de Padua de Tarapoto au P\u00e9rou<\/strong><\/p>\n<p>[\/et_pb_text][et_pb_text admin_label=\u00a0\u00bb22.a : Leur pr\u00e9sentation\u00a0\u00bb _builder_version=\u00a0\u00bb4.20.0&Prime; _module_preset=\u00a0\u00bbdefault\u00a0\u00bb text_font=\u00a0\u00bbOpen Sans|700|||||||\u00a0\u00bb text_text_color=\u00a0\u00bb#000000&Prime; text_font_size=\u00a0\u00bb25px\u00a0\u00bb custom_margin=\u00a0\u00bb6px||17px||false|false\u00a0\u00bb global_colors_info=\u00a0\u00bb{}\u00a0\u00bb]<\/p>\n<p>Leur pr\u00e9sentation :<\/p>\n<p>[\/et_pb_text][et_pb_code disabled_on=\u00a0\u00bbon|on|on\u00a0\u00bb admin_label=\u00a0\u00bb22. a video 1 \u00a0\u00bb _builder_version=\u00a0\u00bb4.20.0&Prime; _module_preset=\u00a0\u00bbdefault\u00a0\u00bb text_orientation=\u00a0\u00bbcenter\u00a0\u00bb width=\u00a0\u00bb60%\u00a0\u00bb max_width=\u00a0\u00bb60%\u00a0\u00bb module_alignment=\u00a0\u00bbcenter\u00a0\u00bb custom_margin=\u00a0\u00bb|-27px|29px|59px|false|false\u00a0\u00bb custom_padding=\u00a0\u00bb|51px||||\u00a0\u00bb disabled=\u00a0\u00bbon\u00a0\u00bb global_colors_info=\u00a0\u00bb{}\u00a0\u00bb]<iframe loading=\"lazy\" title=\"YouTube video player\" src=\"https:\/\/www.youtube.com\/embed\/Lnqt7puW4NQ?rel=0\" width=\"560\" height=\"315\" frameborder=\"0\" allow=\"accelerometer; autoplay; clipboard-write; encrypted-media; gyroscope; picture-in-picture; web-share\" allowfullscreen\"><\/iframe>[\/et_pb_code][et_pb_text disabled_on=\u00a0\u00bbon|on|on\u00a0\u00bb admin_label=\u00a0\u00bb22.a: Texte %22Pr\u00e9sentation d\u2019\u00e9l\u00e8ves%22&Prime; _builder_version=\u00a0\u00bb4.20.0&Prime; _module_preset=\u00a0\u00bbdefault\u00a0\u00bb text_font_size=\u00a0\u00bb19px\u00a0\u00bb text_orientation=\u00a0\u00bbcenter\u00a0\u00bb custom_margin=\u00a0\u00bb||||false|false\u00a0\u00bb disabled=\u00a0\u00bbon\u00a0\u00bb global_colors_info=\u00a0\u00bb{}\u00a0\u00bb]<\/p>\n<p style=\"text-align: center;\"><strong>Pr\u00e9sentation d\u2019\u00e9l\u00e8ves 5A de primaire<\/strong><\/p>\n<p>[\/et_pb_text][\/et_pb_column][\/et_pb_row][et_pb_row column_structure=\u00a0\u00bb1_5,3_5,1_5&Prime; use_custom_gutter=\u00a0\u00bbon\u00a0\u00bb gutter_width=\u00a0\u00bb4&Prime; make_equal=\u00a0\u00bbon\u00a0\u00bb _builder_version=\u00a0\u00bb4.18.0&Prime; _module_preset=\u00a0\u00bbdefault\u00a0\u00bb width=\u00a0\u00bb100%\u00a0\u00bb module_alignment=\u00a0\u00bbcenter\u00a0\u00bb custom_margin=\u00a0\u00bb||||false|false\u00a0\u00bb custom_padding=\u00a0\u00bb||||false|false\u00a0\u00bb global_colors_info=\u00a0\u00bb{}\u00a0\u00bb][et_pb_column type=\u00a0\u00bb1_5&Prime; _builder_version=\u00a0\u00bb4.18.0&Prime; _module_preset=\u00a0\u00bbdefault\u00a0\u00bb global_colors_info=\u00a0\u00bb{}\u00a0\u00bb][\/et_pb_column][et_pb_column type=\u00a0\u00bb3_5&Prime; _builder_version=\u00a0\u00bb4.18.0&Prime; _module_preset=\u00a0\u00bbdefault\u00a0\u00bb global_colors_info=\u00a0\u00bb{}\u00a0\u00bb][et_pb_code admin_label=\u00a0\u00bb22. a video 1 \u00a0\u00bb _builder_version=\u00a0\u00bb4.20.0&Prime; _module_preset=\u00a0\u00bbdefault\u00a0\u00bb custom_margin=\u00a0\u00bb|-27px|29px|59px||\u00a0\u00bb custom_padding=\u00a0\u00bb|66px||||\u00a0\u00bb global_colors_info=\u00a0\u00bb{}\u00a0\u00bb]<iframe loading=\"lazy\" title=\"YouTube video player\" src=\"https:\/\/www.youtube.com\/embed\/Lnqt7puW4NQ?rel=0\" width=\"560\" height=\"315\" frameborder=\"0\" allow=\"accelerometer; autoplay; clipboard-write; encrypted-media; gyroscope; picture-in-picture; web-share\" allowfullscreen\"><\/iframe>[\/et_pb_code][et_pb_text admin_label=\u00a0\u00bb22.a: Texte %22Pr\u00e9sentation d\u2019\u00e9l\u00e8ves%22&Prime; _builder_version=\u00a0\u00bb4.20.0&Prime; _module_preset=\u00a0\u00bbdefault\u00a0\u00bb text_font_size=\u00a0\u00bb19px\u00a0\u00bb text_orientation=\u00a0\u00bbcenter\u00a0\u00bb custom_margin=\u00a0\u00bb18px|||28px||\u00a0\u00bb custom_padding=\u00a0\u00bb||0px|||\u00a0\u00bb global_colors_info=\u00a0\u00bb{}\u00a0\u00bb]<\/p>\n<p style=\"text-align: center;\"><strong>Pr\u00e9sentation d\u2019\u00e9l\u00e8ves 5A de primaire<\/strong><\/p>\n<p>[\/et_pb_text][\/et_pb_column][et_pb_column type=\u00a0\u00bb1_5&Prime; _builder_version=\u00a0\u00bb4.18.0&Prime; _module_preset=\u00a0\u00bbdefault\u00a0\u00bb global_colors_info=\u00a0\u00bb{}\u00a0\u00bb][\/et_pb_column][\/et_pb_row][et_pb_row admin_label=\u00a0\u00bb22. CEP San Antonio de Padua au P\u00e9rou\u00a0\u00bb _builder_version=\u00a0\u00bb4.18.0&Prime; _module_preset=\u00a0\u00bbdefault\u00a0\u00bb custom_margin=\u00a0\u00bb|auto|||false|false\u00a0\u00bb global_colors_info=\u00a0\u00bb{}\u00a0\u00bb][et_pb_column type=\u00a0\u00bb4_4&Prime; _builder_version=\u00a0\u00bb4.18.0&Prime; _module_preset=\u00a0\u00bbdefault\u00a0\u00bb global_colors_info=\u00a0\u00bb{}\u00a0\u00bb][et_pb_text admin_label=\u00a0\u00bb22.e : texte %22editorial pr\u00e9sent\u00e9 au concours%22&Prime; _builder_version=\u00a0\u00bb4.18.0&Prime; _module_preset=\u00a0\u00bbdefault\u00a0\u00bb text_font=\u00a0\u00bbOpen Sans||||||||\u00a0\u00bb text_font_size=\u00a0\u00bb29px\u00a0\u00bb text_orientation=\u00a0\u00bbcenter\u00a0\u00bb custom_margin=\u00a0\u00bb77px||77px|1px|true|false\u00a0\u00bb global_colors_info=\u00a0\u00bb{}\u00a0\u00bb]Editorial pr\u00e9sent\u00e9 au concours<br \/>\n[\/et_pb_text][et_pb_image src=\u00a0\u00bbhttps:\/\/louisette-marie-arnaud.org\/institution\/wp-content\/uploads\/2023\/11\/San-Antonio-de-Padua-5A-Institution-Louisette-Marie-Arnaud-2023-2024.jpg\u00a0\u00bb title_text=\u00a0\u00bbSan Antonio de Padua 5A- Institution Louisette-Marie Arnaud 2023-2024&Prime; url=\u00a0\u00bbhttps:\/\/louisette-marie-arnaud.org\/institution\/wp-content\/uploads\/2023\/11\/5-IEP-SAN-ANTONIO-DE-PADUA-5A-ILMA-2023-2024-.pdf\u00a0\u00bb align=\u00a0\u00bbcenter\u00a0\u00bb disabled_on=\u00a0\u00bboff|off|off\u00a0\u00bb admin_label=\u00a0\u00bb22.e : image l&rsquo;impresionnisme\u00a0\u00bb _builder_version=\u00a0\u00bb4.20.0&Prime; _module_preset=\u00a0\u00bbdefault\u00a0\u00bb module_alignment=\u00a0\u00bbcenter\u00a0\u00bb height=\u00a0\u00bb320px\u00a0\u00bb max_height=\u00a0\u00bb320px\u00a0\u00bb custom_margin=\u00a0\u00bb|||1px|false|false\u00a0\u00bb custom_padding=\u00a0\u00bb3px||||false|false\u00a0\u00bb global_colors_info=\u00a0\u00bb{}\u00a0\u00bb][\/et_pb_image][et_pb_text admin_label=\u00a0\u00bb22 f: texte : %22sous la direction%22&#8230;\u00a0\u00bb _builder_version=\u00a0\u00bb4.20.0&Prime; _module_preset=\u00a0\u00bbdefault\u00a0\u00bb text_font_size=\u00a0\u00bb24px\u00a0\u00bb text_orientation=\u00a0\u00bbcenter\u00a0\u00bb custom_margin=\u00a0\u00bb||64px|-15px||\u00a0\u00bb global_colors_info=\u00a0\u00bb{}\u00a0\u00bb]\u00ab Les trois pinceaux \u00bb<br \/>\nSous la direction de Caroline Delinot-Raoufi professeure de fran\u00e7ais<br \/>\n[\/et_pb_text][et_pb_button button_url=\u00a0\u00bbhttps:\/\/louisette-marie-arnaud.org\/institution\/wp-content\/uploads\/2023\/11\/5-IEP-SAN-ANTONIO-DE-PADUA-5A-ILMA-2023-2024-.pdf\u00a0\u00bb url_new_window=\u00a0\u00bbon\u00a0\u00bb button_text=\u00a0\u00bbVoir le document de l&rsquo;\u00e9cole\u00a0\u00bb button_alignment=\u00a0\u00bbcenter\u00a0\u00bb admin_label=\u00a0\u00bb22. g : Bouton vers PDF\u00a0\u00bb _builder_version=\u00a0\u00bb4.20.0&Prime; _module_preset=\u00a0\u00bbdefault\u00a0\u00bb custom_button=\u00a0\u00bbon\u00a0\u00bb button_text_size=\u00a0\u00bb23px\u00a0\u00bb button_text_color=\u00a0\u00bb#5c667b\u00a0\u00bb button_bg_color=\u00a0\u00bb#dce3f1&Prime; button_border_width=\u00a0\u00bb2px\u00a0\u00bb button_border_radius=\u00a0\u00bb11px\u00a0\u00bb button_use_icon=\u00a0\u00bboff\u00a0\u00bb custom_margin=\u00a0\u00bb|||-2px||\u00a0\u00bb box_shadow_style=\u00a0\u00bbpreset1&Prime; global_colors_info=\u00a0\u00bb{}\u00a0\u00bb][\/et_pb_button][et_pb_image src=\u00a0\u00bbhttps:\/\/louisette-marie-arnaud.org\/institution\/wp-content\/uploads\/2023\/11\/coeur-56.png\u00a0\u00bb title_text=\u00a0\u00bbcoeur-56&Prime; align=\u00a0\u00bbcenter\u00a0\u00bb admin_label=\u00a0\u00bb22 : logo coeur\u00a0\u00bb _builder_version=\u00a0\u00bb4.20.0&Prime; _module_preset=\u00a0\u00bbdefault\u00a0\u00bb custom_margin=\u00a0\u00bb75px||75px||true|false\u00a0\u00bb global_colors_info=\u00a0\u00bb{}\u00a0\u00bb][\/et_pb_image][et_pb_text disabled_on=\u00a0\u00bbon|on|on\u00a0\u00bb _builder_version=\u00a0\u00bb4.18.0&Prime; _module_preset=\u00a0\u00bbdefault\u00a0\u00bb text_font_size=\u00a0\u00bb33px\u00a0\u00bb text_orientation=\u00a0\u00bbcenter\u00a0\u00bb custom_margin=\u00a0\u00bb81px|70px|87px|70px||true\u00a0\u00bb custom_padding=\u00a0\u00bb0px|||||\u00a0\u00bb disabled=\u00a0\u00bbon\u00a0\u00bb global_colors_info=\u00a0\u00bb{}\u00a0\u00bb]<strong>IEP Kenn Opperman de Lima au P\u00e9rou<\/strong><br \/>\n[\/et_pb_text][et_pb_text disabled_on=\u00a0\u00bbon|on|on\u00a0\u00bb _builder_version=\u00a0\u00bb4.18.0&Prime; _module_preset=\u00a0\u00bbdefault\u00a0\u00bb text_font=\u00a0\u00bbOpen Sans|700|||||||\u00a0\u00bb text_text_color=\u00a0\u00bb#000000&Prime; text_font_size=\u00a0\u00bb25px\u00a0\u00bb custom_margin=\u00a0\u00bb6px||17px|-78px||\u00a0\u00bb disabled=\u00a0\u00bbon\u00a0\u00bb global_colors_info=\u00a0\u00bb{}\u00a0\u00bb]Leur pr\u00e9sentation :<br \/>\n[\/et_pb_text][et_pb_text disabled_on=\u00a0\u00bbon|on|on\u00a0\u00bb admin_label=\u00a0\u00bb20 : \u00e9ditoriaux finalistes\u00a0\u00bb _builder_version=\u00a0\u00bb4.20.0&Prime; _module_preset=\u00a0\u00bbdefault\u00a0\u00bb text_text_color=\u00a0\u00bb#8FAADC\u00a0\u00bb link_font=\u00a0\u00bb||||||||\u00a0\u00bb header_2_font=\u00a0\u00bb|700|||||||\u00a0\u00bb header_2_text_align=\u00a0\u00bbcenter\u00a0\u00bb header_2_text_color=\u00a0\u00bb#8FAADC\u00a0\u00bb header_2_font_size=\u00a0\u00bb42px\u00a0\u00bb header_2_line_height=\u00a0\u00bb1.2em\u00a0\u00bb width=\u00a0\u00bb100%\u00a0\u00bb custom_margin=\u00a0\u00bb8%||0.1%|40px|false|false\u00a0\u00bb custom_padding=\u00a0\u00bb||149px|||\u00a0\u00bb disabled=\u00a0\u00bbon\u00a0\u00bb global_colors_info=\u00a0\u00bb{}\u00a0\u00bb text_text_color__hover_enabled=\u00a0\u00bboff|hover\u00a0\u00bb text_text_color__hover=\u00a0\u00bb#000000&Prime; text_font_size__hover_enabled=\u00a0\u00bbon|hover\u00a0\u00bb text_font_size__hover=\u00a0\u00bb16px\u00a0\u00bb]<\/p>\n<h2>Editoriaux Finalistes 2023-2024,<\/h2>\n<p>[\/et_pb_text][\/et_pb_column][\/et_pb_row][et_pb_row admin_label=\u00a0\u00bb23 &#8211; 6\u00e8 \u00e9cole : IEP San Andres de Cajamarca au P\u00e9rou\u00a0\u00bb _builder_version=\u00a0\u00bb4.20.0&Prime; _module_preset=\u00a0\u00bbdefault\u00a0\u00bb global_colors_info=\u00a0\u00bb{}\u00a0\u00bb][et_pb_column type=\u00a0\u00bb4_4&Prime; _builder_version=\u00a0\u00bb4.20.0&Prime; _module_preset=\u00a0\u00bbdefault\u00a0\u00bb global_colors_info=\u00a0\u00bb{}\u00a0\u00bb][et_pb_text admin_label=\u00a0\u00bb23. IEP San Andres de Cajamarca au P\u00e9rou\u00a0\u00bb _builder_version=\u00a0\u00bb4.20.0&Prime; _module_preset=\u00a0\u00bbdefault\u00a0\u00bb text_font_size=\u00a0\u00bb33px\u00a0\u00bb text_orientation=\u00a0\u00bbcenter\u00a0\u00bb custom_margin=\u00a0\u00bb||87px|73px||\u00a0\u00bb custom_padding=\u00a0\u00bb0px|||||\u00a0\u00bb global_colors_info=\u00a0\u00bb{}\u00a0\u00bb]<\/p>\n<p style=\"text-align: center;\"><strong>IEP San Andres de Cajamarca au P\u00e9rou<\/strong><\/p>\n<p>[\/et_pb_text][et_pb_text admin_label=\u00a0\u00bb23. Leur pr\u00e9sentation\u00a0\u00bb _builder_version=\u00a0\u00bb4.18.0&Prime; _module_preset=\u00a0\u00bbdefault\u00a0\u00bb text_font=\u00a0\u00bbOpen Sans|700|||||||\u00a0\u00bb text_text_color=\u00a0\u00bb#000000&Prime; text_font_size=\u00a0\u00bb25px\u00a0\u00bb custom_margin=\u00a0\u00bb6px||17px|-78px||\u00a0\u00bb global_colors_info=\u00a0\u00bb{}\u00a0\u00bb]Leur pr\u00e9sentation :<br \/>\n[\/et_pb_text][\/et_pb_column][\/et_pb_row][et_pb_row column_structure=\u00a0\u00bb1_2,1_2&Prime; use_custom_gutter=\u00a0\u00bbon\u00a0\u00bb gutter_width=\u00a0\u00bb4&Prime; make_equal=\u00a0\u00bbon\u00a0\u00bb admin_label=\u00a0\u00bb23 &#8211; 6\u00e8 \u00e9cole : IEP San Andres de Cajamarca au P\u00e9rou\u00a0\u00bb _builder_version=\u00a0\u00bb4.18.0&Prime; _module_preset=\u00a0\u00bbdefault\u00a0\u00bb width=\u00a0\u00bb100%\u00a0\u00bb module_alignment=\u00a0\u00bbcenter\u00a0\u00bb custom_margin=\u00a0\u00bb||||false|true\u00a0\u00bb custom_padding=\u00a0\u00bb||||false|true\u00a0\u00bb global_colors_info=\u00a0\u00bb{}\u00a0\u00bb][et_pb_column type=\u00a0\u00bb1_2&Prime; _builder_version=\u00a0\u00bb4.18.0&Prime; _module_preset=\u00a0\u00bbdefault\u00a0\u00bb global_colors_info=\u00a0\u00bb{}\u00a0\u00bb][et_pb_code admin_label=\u00a0\u00bb23. a video 1 \u00a0\u00bb _builder_version=\u00a0\u00bb4.20.0&Prime; _module_preset=\u00a0\u00bbdefault\u00a0\u00bb custom_margin=\u00a0\u00bb|4px|29px|-82px||\u00a0\u00bb custom_padding=\u00a0\u00bb|51px||||\u00a0\u00bb global_colors_info=\u00a0\u00bb{}\u00a0\u00bb]<iframe loading=\"lazy\" title=\"YouTube video player\" src=\"https:\/\/www.youtube.com\/embed\/uwBnk2_hxw8?rel=0\" width=\"560\" height=\"315\" frameborder=\"0\" allow=\"accelerometer; autoplay; clipboard-write; encrypted-media; gyroscope; picture-in-picture; web-share\" allowfullscreen\"><\/iframe>[\/et_pb_code][et_pb_text admin_label=\u00a0\u00bb23.a: Texte %22Pr\u00e9sentation d\u2019\u00e9l\u00e8ves%22&Prime; _builder_version=\u00a0\u00bb4.20.0&Prime; _module_preset=\u00a0\u00bbdefault\u00a0\u00bb text_font_size=\u00a0\u00bb19px\u00a0\u00bb text_orientation=\u00a0\u00bbcenter\u00a0\u00bb custom_margin=\u00a0\u00bb18px|||-80px|false|false\u00a0\u00bb global_colors_info=\u00a0\u00bb{}\u00a0\u00bb]<\/p>\n<p style=\"text-align: left;\"><strong>Pr\u00e9sentation d\u2019\u00e9l\u00e8ves niveau fran\u00e7ais \u00e9l\u00e9mentaire<\/strong><\/p>\n<p>[\/et_pb_text][\/et_pb_column][et_pb_column type=\u00a0\u00bb1_2&Prime; _builder_version=\u00a0\u00bb4.18.0&Prime; _module_preset=\u00a0\u00bbdefault\u00a0\u00bb global_colors_info=\u00a0\u00bb{}\u00a0\u00bb][et_pb_code admin_label=\u00a0\u00bb23 a : video 2&Prime; _builder_version=\u00a0\u00bb4.20.0&Prime; _module_preset=\u00a0\u00bbdefault\u00a0\u00bb custom_margin=\u00a0\u00bb|-127px||102px||\u00a0\u00bb custom_padding=\u00a0\u00bb|0px|||false|false\u00a0\u00bb global_colors_info=\u00a0\u00bb{}\u00a0\u00bb]<iframe loading=\"lazy\" title=\"YouTube video player\" src=\"https:\/\/www.youtube.com\/embed\/WHkrawoK9Ac?rel=0\" width=\"560\" height=\"315\" frameborder=\"0\" aallow=\"accelerometer; autoplay; clipboard-write; encrypted-media; gyroscope; picture-in-picture; web-share\" allowfullscreen\"><\/iframe>[\/et_pb_code][et_pb_text admin_label=\u00a0\u00bb23 j : texte %22pr\u00e9sentation vid\u00e9o%22&Prime; _builder_version=\u00a0\u00bb4.20.0&Prime; _module_preset=\u00a0\u00bbdefault\u00a0\u00bb text_font_size=\u00a0\u00bb19px\u00a0\u00bb text_orientation=\u00a0\u00bbcenter\u00a0\u00bb custom_margin=\u00a0\u00bb-22px|-200px|-22px|30px|true|false\u00a0\u00bb custom_padding=\u00a0\u00bb||||false|false\u00a0\u00bb global_colors_info=\u00a0\u00bb{}\u00a0\u00bb]<\/p>\n<p style=\"text-align: left;\"><strong> Pr\u00e9sentation Vid\u00e9o \u00ab Pour la France et son cadeau fait au monde avec l\u2019Impressionnisme \u00bb <\/strong><\/p>\n<p>[\/et_pb_text][\/et_pb_column][\/et_pb_row][et_pb_row admin_label=\u00a0\u00bb23 &#8211; 6\u00e8 \u00e9cole : IEP San Andres de Cajamarca au P\u00e9rou\u00a0\u00bb _builder_version=\u00a0\u00bb4.18.0&Prime; _module_preset=\u00a0\u00bbdefault\u00a0\u00bb custom_margin=\u00a0\u00bb|auto|||false|false\u00a0\u00bb global_colors_info=\u00a0\u00bb{}\u00a0\u00bb][et_pb_column type=\u00a0\u00bb4_4&Prime; _builder_version=\u00a0\u00bb4.18.0&Prime; _module_preset=\u00a0\u00bbdefault\u00a0\u00bb global_colors_info=\u00a0\u00bb{}\u00a0\u00bb][et_pb_text admin_label=\u00a0\u00bb23.e : texte %22editorial pr\u00e9sent\u00e9 au concours%22&Prime; _builder_version=\u00a0\u00bb4.18.0&Prime; _module_preset=\u00a0\u00bbdefault\u00a0\u00bb text_font=\u00a0\u00bbOpen Sans||||||||\u00a0\u00bb text_font_size=\u00a0\u00bb29px\u00a0\u00bb text_orientation=\u00a0\u00bbcenter\u00a0\u00bb custom_margin=\u00a0\u00bb77px||77px|1px|true|false\u00a0\u00bb global_colors_info=\u00a0\u00bb{}\u00a0\u00bb]Editorial pr\u00e9sent\u00e9 au concours<br \/>\n[\/et_pb_text][et_pb_image src=\u00a0\u00bbhttps:\/\/louisette-marie-arnaud.org\/institution\/wp-content\/uploads\/2023\/11\/San-Andres-Elementaire-Institution-Louisette-Marie-Arnaud-2023-2024-.jpg\u00a0\u00bb title_text=\u00a0\u00bbSan Andres &#8211; Elementaire- Institution Louisette-Marie Arnaud 2023-2024&Prime; url=\u00a0\u00bbhttps:\/\/louisette-marie-arnaud.org\/institution\/wp-content\/uploads\/2023\/11\/6-IEP-SAN-ANDRES-ELEMENTAIRE-ILMA-2023-2024.pdf\u00a0\u00bb align=\u00a0\u00bbcenter\u00a0\u00bb disabled_on=\u00a0\u00bboff|off|off\u00a0\u00bb admin_label=\u00a0\u00bb23.e : image l&rsquo;impresionnisme\u00a0\u00bb _builder_version=\u00a0\u00bb4.20.0&Prime; _module_preset=\u00a0\u00bbdefault\u00a0\u00bb module_alignment=\u00a0\u00bbcenter\u00a0\u00bb height=\u00a0\u00bb320px\u00a0\u00bb max_height=\u00a0\u00bb320px\u00a0\u00bb custom_margin=\u00a0\u00bb-5px|||1px|false|false\u00a0\u00bb custom_padding=\u00a0\u00bb3px||||false|false\u00a0\u00bb global_colors_info=\u00a0\u00bb{}\u00a0\u00bb][\/et_pb_image][et_pb_text admin_label=\u00a0\u00bb23 f: texte : %22sous la direction%22&#8230;\u00a0\u00bb _builder_version=\u00a0\u00bb4.20.0&Prime; _module_preset=\u00a0\u00bbdefault\u00a0\u00bb text_font_size=\u00a0\u00bb24px\u00a0\u00bb text_orientation=\u00a0\u00bbcenter\u00a0\u00bb custom_margin=\u00a0\u00bb||64px|-15px||\u00a0\u00bb global_colors_info=\u00a0\u00bb{}\u00a0\u00bb]\u00ab La beaut\u00e9 de l\u2019Impressionnisme et son ampleur enchanteresse dans le monde \u00bb<br \/>\nSous la direction de Elvis Peralta Barboza professeur de fran\u00e7ais<br \/>\n[\/et_pb_text][et_pb_button button_url=\u00a0\u00bbhttps:\/\/louisette-marie-arnaud.org\/institution\/wp-content\/uploads\/2023\/11\/6-IEP-SAN-ANDRES-ELEMENTAIRE-ILMA-2023-2024.pdf\u00a0\u00bb url_new_window=\u00a0\u00bbon\u00a0\u00bb button_text=\u00a0\u00bbVoir le document de l&rsquo;\u00e9cole\u00a0\u00bb button_alignment=\u00a0\u00bbcenter\u00a0\u00bb admin_label=\u00a0\u00bb23. g : Bouton vers PDF\u00a0\u00bb _builder_version=\u00a0\u00bb4.20.0&Prime; _module_preset=\u00a0\u00bbdefault\u00a0\u00bb custom_button=\u00a0\u00bbon\u00a0\u00bb button_text_size=\u00a0\u00bb23px\u00a0\u00bb button_text_color=\u00a0\u00bb#5c667b\u00a0\u00bb button_bg_color=\u00a0\u00bb#dce3f1&Prime; button_border_width=\u00a0\u00bb2px\u00a0\u00bb button_border_radius=\u00a0\u00bb11px\u00a0\u00bb button_use_icon=\u00a0\u00bboff\u00a0\u00bb custom_margin=\u00a0\u00bb|||-2px||\u00a0\u00bb box_shadow_style=\u00a0\u00bbpreset1&Prime; global_colors_info=\u00a0\u00bb{}\u00a0\u00bb][\/et_pb_button][et_pb_image src=\u00a0\u00bbhttps:\/\/louisette-marie-arnaud.org\/institution\/wp-content\/uploads\/2023\/11\/coeur-56.png\u00a0\u00bb title_text=\u00a0\u00bbcoeur-56&Prime; align=\u00a0\u00bbcenter\u00a0\u00bb admin_label=\u00a0\u00bb23. : logo coeur\u00a0\u00bb _builder_version=\u00a0\u00bb4.20.0&Prime; _module_preset=\u00a0\u00bbdefault\u00a0\u00bb custom_margin=\u00a0\u00bb75px||75px||true|false\u00a0\u00bb global_colors_info=\u00a0\u00bb{}\u00a0\u00bb][\/et_pb_image][et_pb_text disabled_on=\u00a0\u00bbon|on|on\u00a0\u00bb _builder_version=\u00a0\u00bb4.18.0&Prime; _module_preset=\u00a0\u00bbdefault\u00a0\u00bb text_font_size=\u00a0\u00bb33px\u00a0\u00bb text_orientation=\u00a0\u00bbcenter\u00a0\u00bb custom_margin=\u00a0\u00bb81px|70px|87px|70px||true\u00a0\u00bb custom_padding=\u00a0\u00bb0px|||||\u00a0\u00bb disabled=\u00a0\u00bbon\u00a0\u00bb global_colors_info=\u00a0\u00bb{}\u00a0\u00bb]<strong>IEP Kenn Opperman de Lima au P\u00e9rou<\/strong><br \/>\n[\/et_pb_text][et_pb_text disabled_on=\u00a0\u00bbon|on|on\u00a0\u00bb _builder_version=\u00a0\u00bb4.18.0&Prime; _module_preset=\u00a0\u00bbdefault\u00a0\u00bb text_font=\u00a0\u00bbOpen Sans|700|||||||\u00a0\u00bb text_text_color=\u00a0\u00bb#000000&Prime; text_font_size=\u00a0\u00bb25px\u00a0\u00bb custom_margin=\u00a0\u00bb6px||17px|-78px||\u00a0\u00bb disabled=\u00a0\u00bbon\u00a0\u00bb global_colors_info=\u00a0\u00bb{}\u00a0\u00bb]Leur pr\u00e9sentation :<br \/>\n[\/et_pb_text][et_pb_text disabled_on=\u00a0\u00bbon|on|on\u00a0\u00bb admin_label=\u00a0\u00bb20 : \u00e9ditoriaux finalistes\u00a0\u00bb _builder_version=\u00a0\u00bb4.20.0&Prime; _module_preset=\u00a0\u00bbdefault\u00a0\u00bb text_text_color=\u00a0\u00bb#8FAADC\u00a0\u00bb link_font=\u00a0\u00bb||||||||\u00a0\u00bb header_2_font=\u00a0\u00bb|700|||||||\u00a0\u00bb header_2_text_align=\u00a0\u00bbcenter\u00a0\u00bb header_2_text_color=\u00a0\u00bb#8FAADC\u00a0\u00bb header_2_font_size=\u00a0\u00bb42px\u00a0\u00bb header_2_line_height=\u00a0\u00bb1.2em\u00a0\u00bb width=\u00a0\u00bb100%\u00a0\u00bb custom_margin=\u00a0\u00bb8%||0.1%|40px|false|false\u00a0\u00bb custom_padding=\u00a0\u00bb||149px|||\u00a0\u00bb disabled=\u00a0\u00bbon\u00a0\u00bb global_colors_info=\u00a0\u00bb{}\u00a0\u00bb text_text_color__hover_enabled=\u00a0\u00bboff|hover\u00a0\u00bb text_text_color__hover=\u00a0\u00bb#000000&Prime; text_font_size__hover_enabled=\u00a0\u00bbon|hover\u00a0\u00bb text_font_size__hover=\u00a0\u00bb16px\u00a0\u00bb]<\/p>\n<h2>Editoriaux Finalistes 2023-2024,<\/h2>\n<p>[\/et_pb_text][\/et_pb_column][\/et_pb_row][et_pb_row admin_label=\u00a0\u00bb24. 7\u00e8 \u00e9cole : IEP Cl\u00e9mente Althaus de Lima au P\u00e9rou\u00a0\u00bb _builder_version=\u00a0\u00bb4.20.0&Prime; _module_preset=\u00a0\u00bbdefault\u00a0\u00bb global_colors_info=\u00a0\u00bb{}\u00a0\u00bb][et_pb_column type=\u00a0\u00bb4_4&Prime; _builder_version=\u00a0\u00bb4.20.0&Prime; _module_preset=\u00a0\u00bbdefault\u00a0\u00bb global_colors_info=\u00a0\u00bb{}\u00a0\u00bb][et_pb_text admin_label=\u00a0\u00bb24. IEP Cl\u00e9mente Althaus de Lima au P\u00e9rou\u00a0\u00bb _builder_version=\u00a0\u00bb4.20.0&Prime; _module_preset=\u00a0\u00bbdefault\u00a0\u00bb text_font_size=\u00a0\u00bb33px\u00a0\u00bb text_orientation=\u00a0\u00bbcenter\u00a0\u00bb custom_margin=\u00a0\u00bb||87px|73px||\u00a0\u00bb custom_padding=\u00a0\u00bb0px|||||\u00a0\u00bb global_colors_info=\u00a0\u00bb{}\u00a0\u00bb]<\/p>\n<p style=\"text-align: center;\"><strong>IEP Cl\u00e9mente Althaus de Lima au P\u00e9rou<\/strong><\/p>\n<p>[\/et_pb_text][et_pb_text admin_label=\u00a0\u00bb24.a : Leur pr\u00e9sentation\u00a0\u00bb _builder_version=\u00a0\u00bb4.20.0&Prime; _module_preset=\u00a0\u00bbdefault\u00a0\u00bb text_font=\u00a0\u00bbOpen Sans|700|||||||\u00a0\u00bb text_text_color=\u00a0\u00bb#000000&Prime; text_font_size=\u00a0\u00bb25px\u00a0\u00bb custom_margin=\u00a0\u00bb6px||17px||false|false\u00a0\u00bb global_colors_info=\u00a0\u00bb{}\u00a0\u00bb]<\/p>\n<p>Leur pr\u00e9sentation :<\/p>\n<p>[\/et_pb_text][et_pb_code disabled_on=\u00a0\u00bbon|on|on\u00a0\u00bb admin_label=\u00a0\u00bb24. a video 1 \u00a0\u00bb _builder_version=\u00a0\u00bb4.20.0&Prime; _module_preset=\u00a0\u00bbdefault\u00a0\u00bb text_orientation=\u00a0\u00bbcenter\u00a0\u00bb width=\u00a0\u00bb60%\u00a0\u00bb max_width=\u00a0\u00bb60%\u00a0\u00bb module_alignment=\u00a0\u00bbcenter\u00a0\u00bb custom_margin=\u00a0\u00bb||29px||false|false\u00a0\u00bb custom_padding=\u00a0\u00bb|51px||||\u00a0\u00bb disabled=\u00a0\u00bbon\u00a0\u00bb global_colors_info=\u00a0\u00bb{}\u00a0\u00bb]<iframe loading=\"lazy\" title=\"YouTube video player\" src=\"https:\/\/www.youtube.com\/embed\/LSj9JhSoX2k?rel=0\" width=\"560\" height=\"315\" frameborder=\"0\" allow=\"accelerometer; autoplay; clipboard-write; encrypted-media; gyroscope; picture-in-picture; web-share\" allowfullscreen\"><\/iframe>[\/et_pb_code][et_pb_text disabled_on=\u00a0\u00bbon|on|on\u00a0\u00bb admin_label=\u00a0\u00bb24.a: Texte %22Pr\u00e9sentation d\u2019\u00e9l\u00e8ves%22&Prime; _builder_version=\u00a0\u00bb4.20.0&Prime; _module_preset=\u00a0\u00bbdefault\u00a0\u00bb text_font_size=\u00a0\u00bb19px\u00a0\u00bb text_orientation=\u00a0\u00bbcenter\u00a0\u00bb custom_margin=\u00a0\u00bb||||false|false\u00a0\u00bb disabled=\u00a0\u00bbon\u00a0\u00bb global_colors_info=\u00a0\u00bb{}\u00a0\u00bb]<\/p>\n<p style=\"text-align: center;\"><strong>Pr\u00e9sentation d\u2019\u00e9l\u00e8ves 5A de primaire<\/strong><\/p>\n<p>[\/et_pb_text][\/et_pb_column][\/et_pb_row][et_pb_row column_structure=\u00a0\u00bb1_5,3_5,1_5&Prime; use_custom_gutter=\u00a0\u00bbon\u00a0\u00bb gutter_width=\u00a0\u00bb4&Prime; make_equal=\u00a0\u00bbon\u00a0\u00bb _builder_version=\u00a0\u00bb4.18.0&Prime; _module_preset=\u00a0\u00bbdefault\u00a0\u00bb width=\u00a0\u00bb100%\u00a0\u00bb module_alignment=\u00a0\u00bbcenter\u00a0\u00bb custom_margin=\u00a0\u00bb||||false|false\u00a0\u00bb custom_padding=\u00a0\u00bb||||false|false\u00a0\u00bb global_colors_info=\u00a0\u00bb{}\u00a0\u00bb][et_pb_column type=\u00a0\u00bb1_5&Prime; _builder_version=\u00a0\u00bb4.18.0&Prime; _module_preset=\u00a0\u00bbdefault\u00a0\u00bb global_colors_info=\u00a0\u00bb{}\u00a0\u00bb][\/et_pb_column][et_pb_column type=\u00a0\u00bb3_5&Prime; _builder_version=\u00a0\u00bb4.18.0&Prime; _module_preset=\u00a0\u00bbdefault\u00a0\u00bb global_colors_info=\u00a0\u00bb{}\u00a0\u00bb][et_pb_code admin_label=\u00a0\u00bb24. a video 1 \u00a0\u00bb _builder_version=\u00a0\u00bb4.20.0&Prime; _module_preset=\u00a0\u00bbdefault\u00a0\u00bb custom_margin=\u00a0\u00bb|-27px|29px|59px||\u00a0\u00bb custom_padding=\u00a0\u00bb|66px||||\u00a0\u00bb global_colors_info=\u00a0\u00bb{}\u00a0\u00bb]<iframe loading=\"lazy\" title=\"YouTube video player\" src=\"https:\/\/www.youtube.com\/embed\/LSj9JhSoX2k?rel=0\" width=\"560\" height=\"315\" frameborder=\"0\" allow=\"accelerometer; autoplay; clipboard-write; encrypted-media; gyroscope; picture-in-picture; web-share\" allowfullscreen\"><\/iframe>[\/et_pb_code][et_pb_text admin_label=\u00a0\u00bb24.a: Texte %22Pr\u00e9sentation d\u2019\u00e9l\u00e8ves%22&Prime; _builder_version=\u00a0\u00bb4.20.0&Prime; _module_preset=\u00a0\u00bbdefault\u00a0\u00bb text_font_size=\u00a0\u00bb19px\u00a0\u00bb text_orientation=\u00a0\u00bbcenter\u00a0\u00bb custom_margin=\u00a0\u00bb18px|||28px||\u00a0\u00bb custom_padding=\u00a0\u00bb||0px|||\u00a0\u00bb global_colors_info=\u00a0\u00bb{}\u00a0\u00bb]<\/p>\n<p style=\"text-align: center;\"><strong>Pr\u00e9sentation d\u2019\u00e9l\u00e8ves 1er et 2\u00e8me ann\u00e9e de secondaire<\/strong><\/p>\n<p>[\/et_pb_text][\/et_pb_column][et_pb_column type=\u00a0\u00bb1_5&Prime; _builder_version=\u00a0\u00bb4.18.0&Prime; _module_preset=\u00a0\u00bbdefault\u00a0\u00bb global_colors_info=\u00a0\u00bb{}\u00a0\u00bb][\/et_pb_column][\/et_pb_row][et_pb_row admin_label=\u00a0\u00bb24. 7\u00e8 \u00e9cole : IEP Cl\u00e9mente Althaus de Lima au P\u00e9rou\u00a0\u00bb _builder_version=\u00a0\u00bb4.18.0&Prime; _module_preset=\u00a0\u00bbdefault\u00a0\u00bb custom_margin=\u00a0\u00bb|auto|||false|false\u00a0\u00bb global_colors_info=\u00a0\u00bb{}\u00a0\u00bb][et_pb_column type=\u00a0\u00bb4_4&Prime; _builder_version=\u00a0\u00bb4.18.0&Prime; _module_preset=\u00a0\u00bbdefault\u00a0\u00bb global_colors_info=\u00a0\u00bb{}\u00a0\u00bb][et_pb_text admin_label=\u00a0\u00bb24.e : texte %22editorial pr\u00e9sent\u00e9 au concours%22&Prime; _builder_version=\u00a0\u00bb4.20.0&Prime; _module_preset=\u00a0\u00bbdefault\u00a0\u00bb text_font=\u00a0\u00bbOpen Sans||||||||\u00a0\u00bb text_font_size=\u00a0\u00bb29px\u00a0\u00bb text_orientation=\u00a0\u00bbcenter\u00a0\u00bb custom_margin=\u00a0\u00bb77px||77px|1px|true|false\u00a0\u00bb global_colors_info=\u00a0\u00bb{}\u00a0\u00bb]Editorial pr\u00e9sent\u00e9 au concours<br \/>\n[\/et_pb_text][et_pb_image src=\u00a0\u00bbhttps:\/\/louisette-marie-arnaud.org\/institution\/wp-content\/uploads\/2023\/11\/Clemente-Althaus-Institution-Louisette-Marie-Arnaud-2023-2024.jpg\u00a0\u00bb title_text=\u00a0\u00bbClemente Althaus &#8211; Institution Louisette-Marie Arnaud 2023-2024&Prime; url=\u00a0\u00bbhttps:\/\/louisette-marie-arnaud.org\/institution\/wp-content\/uploads\/2023\/11\/7-IEP-CLEMENTE-ALTHAUS-ILMA-2023-2024.pdf\u00a0\u00bb align=\u00a0\u00bbcenter\u00a0\u00bb disabled_on=\u00a0\u00bboff|off|off\u00a0\u00bb admin_label=\u00a0\u00bb24.e : image l&rsquo;impresionnisme\u00a0\u00bb _builder_version=\u00a0\u00bb4.20.0&Prime; _module_preset=\u00a0\u00bbdefault\u00a0\u00bb module_alignment=\u00a0\u00bbcenter\u00a0\u00bb height=\u00a0\u00bb320px\u00a0\u00bb max_height=\u00a0\u00bb320px\u00a0\u00bb custom_margin=\u00a0\u00bb-5px|||1px|false|false\u00a0\u00bb custom_padding=\u00a0\u00bb3px||||false|false\u00a0\u00bb global_colors_info=\u00a0\u00bb{}\u00a0\u00bb][\/et_pb_image][et_pb_text admin_label=\u00a0\u00bb24f: texte : %22sous la direction%22&#8230;\u00a0\u00bb _builder_version=\u00a0\u00bb4.20.0&Prime; _module_preset=\u00a0\u00bbdefault\u00a0\u00bb text_font_size=\u00a0\u00bb24px\u00a0\u00bb text_orientation=\u00a0\u00bbcenter\u00a0\u00bb custom_margin=\u00a0\u00bb||64px|-15px||\u00a0\u00bb global_colors_info=\u00a0\u00bb{}\u00a0\u00bb]\u00ab Les pinceaux fran\u00e7ais de l\u2019impressionnisme et son \u00e9cho enchant\u00e9 dans le monde \u00bb<br \/>\nSous la direction de Ruth Vera Zarsoza, professeure de fran\u00e7ais[\/et_pb_text][et_pb_button button_url=\u00a0\u00bbhttps:\/\/louisette-marie-arnaud.org\/institution\/wp-content\/uploads\/2023\/11\/7-IEP-CLEMENTE-ALTHAUS-ILMA-2023-2024.pdf\u00a0\u00bb url_new_window=\u00a0\u00bbon\u00a0\u00bb button_text=\u00a0\u00bbVoir le document de l&rsquo;\u00e9cole\u00a0\u00bb button_alignment=\u00a0\u00bbcenter\u00a0\u00bb admin_label=\u00a0\u00bb24. g : Bouton vers PDF\u00a0\u00bb _builder_version=\u00a0\u00bb4.20.0&Prime; _module_preset=\u00a0\u00bbdefault\u00a0\u00bb custom_button=\u00a0\u00bbon\u00a0\u00bb button_text_size=\u00a0\u00bb23px\u00a0\u00bb button_text_color=\u00a0\u00bb#5c667b\u00a0\u00bb button_bg_color=\u00a0\u00bb#dce3f1&Prime; button_border_width=\u00a0\u00bb2px\u00a0\u00bb button_border_radius=\u00a0\u00bb11px\u00a0\u00bb button_use_icon=\u00a0\u00bboff\u00a0\u00bb custom_margin=\u00a0\u00bb|||-2px||\u00a0\u00bb box_shadow_style=\u00a0\u00bbpreset1&Prime; global_colors_info=\u00a0\u00bb{}\u00a0\u00bb][\/et_pb_button][et_pb_image src=\u00a0\u00bbhttps:\/\/louisette-marie-arnaud.org\/institution\/wp-content\/uploads\/2023\/11\/coeur-56.png\u00a0\u00bb title_text=\u00a0\u00bbcoeur-56&Prime; align=\u00a0\u00bbcenter\u00a0\u00bb admin_label=\u00a0\u00bb24. : logo coeur\u00a0\u00bb _builder_version=\u00a0\u00bb4.20.0&Prime; _module_preset=\u00a0\u00bbdefault\u00a0\u00bb custom_margin=\u00a0\u00bb75px||75px||true|false\u00a0\u00bb global_colors_info=\u00a0\u00bb{}\u00a0\u00bb][\/et_pb_image][et_pb_text disabled_on=\u00a0\u00bbon|on|on\u00a0\u00bb _builder_version=\u00a0\u00bb4.18.0&Prime; _module_preset=\u00a0\u00bbdefault\u00a0\u00bb text_font_size=\u00a0\u00bb33px\u00a0\u00bb text_orientation=\u00a0\u00bbcenter\u00a0\u00bb custom_margin=\u00a0\u00bb81px|70px|87px|70px||true\u00a0\u00bb custom_padding=\u00a0\u00bb0px|||||\u00a0\u00bb disabled=\u00a0\u00bbon\u00a0\u00bb global_colors_info=\u00a0\u00bb{}\u00a0\u00bb]<strong>IEP Kenn Opperman de Lima au P\u00e9rou<\/strong><br \/>\n[\/et_pb_text][et_pb_text disabled_on=\u00a0\u00bbon|on|on\u00a0\u00bb _builder_version=\u00a0\u00bb4.18.0&Prime; _module_preset=\u00a0\u00bbdefault\u00a0\u00bb text_font=\u00a0\u00bbOpen Sans|700|||||||\u00a0\u00bb text_text_color=\u00a0\u00bb#000000&Prime; text_font_size=\u00a0\u00bb25px\u00a0\u00bb custom_margin=\u00a0\u00bb6px||17px|-78px||\u00a0\u00bb disabled=\u00a0\u00bbon\u00a0\u00bb global_colors_info=\u00a0\u00bb{}\u00a0\u00bb]Leur pr\u00e9sentation :<br \/>\n[\/et_pb_text][et_pb_text disabled_on=\u00a0\u00bbon|on|on\u00a0\u00bb admin_label=\u00a0\u00bb20 : \u00e9ditoriaux finalistes\u00a0\u00bb _builder_version=\u00a0\u00bb4.20.0&Prime; _module_preset=\u00a0\u00bbdefault\u00a0\u00bb text_text_color=\u00a0\u00bb#8FAADC\u00a0\u00bb link_font=\u00a0\u00bb||||||||\u00a0\u00bb header_2_font=\u00a0\u00bb|700|||||||\u00a0\u00bb header_2_text_align=\u00a0\u00bbcenter\u00a0\u00bb header_2_text_color=\u00a0\u00bb#8FAADC\u00a0\u00bb header_2_font_size=\u00a0\u00bb42px\u00a0\u00bb header_2_line_height=\u00a0\u00bb1.2em\u00a0\u00bb width=\u00a0\u00bb100%\u00a0\u00bb custom_margin=\u00a0\u00bb8%||0.1%|40px|false|false\u00a0\u00bb custom_padding=\u00a0\u00bb||149px|||\u00a0\u00bb disabled=\u00a0\u00bbon\u00a0\u00bb global_colors_info=\u00a0\u00bb{}\u00a0\u00bb text_text_color__hover_enabled=\u00a0\u00bboff|hover\u00a0\u00bb text_text_color__hover=\u00a0\u00bb#000000&Prime; text_font_size__hover_enabled=\u00a0\u00bbon|hover\u00a0\u00bb text_font_size__hover=\u00a0\u00bb16px\u00a0\u00bb]<\/p>\n<h2>Editoriaux Finalistes 2023-2024,<\/h2>\n<p>[\/et_pb_text][\/et_pb_column][\/et_pb_row][et_pb_row admin_label=\u00a0\u00bb25. 8\u00e8 \u00e9cole : IEP Kenn Oppermann de Lima au P\u00e9rou\u00a0\u00bb _builder_version=\u00a0\u00bb4.20.0&Prime; _module_preset=\u00a0\u00bbdefault\u00a0\u00bb global_colors_info=\u00a0\u00bb{}\u00a0\u00bb][et_pb_column type=\u00a0\u00bb4_4&Prime; _builder_version=\u00a0\u00bb4.20.0&Prime; _module_preset=\u00a0\u00bbdefault\u00a0\u00bb global_colors_info=\u00a0\u00bb{}\u00a0\u00bb][et_pb_text admin_label=\u00a0\u00bb25.IEP Kenn Oppermann de Lima au P\u00e9rou\u00a0\u00bb _builder_version=\u00a0\u00bb4.20.0&Prime; _module_preset=\u00a0\u00bbdefault\u00a0\u00bb text_font_size=\u00a0\u00bb33px\u00a0\u00bb text_orientation=\u00a0\u00bbcenter\u00a0\u00bb custom_margin=\u00a0\u00bb||87px|73px||\u00a0\u00bb custom_padding=\u00a0\u00bb0px|||||\u00a0\u00bb global_colors_info=\u00a0\u00bb{}\u00a0\u00bb]<\/p>\n<p style=\"text-align: center;\"><strong>IEP Kenn Oppermann de Lima au P\u00e9rou<\/strong><\/p>\n<p>[\/et_pb_text][et_pb_text admin_label=\u00a0\u00bb25.a : Leur pr\u00e9sentation\u00a0\u00bb _builder_version=\u00a0\u00bb4.20.0&Prime; _module_preset=\u00a0\u00bbdefault\u00a0\u00bb text_font=\u00a0\u00bbOpen Sans|700|||||||\u00a0\u00bb text_text_color=\u00a0\u00bb#000000&Prime; text_font_size=\u00a0\u00bb25px\u00a0\u00bb custom_margin=\u00a0\u00bb6px||17px||false|false\u00a0\u00bb global_colors_info=\u00a0\u00bb{}\u00a0\u00bb]<\/p>\n<p>Leur pr\u00e9sentation :<\/p>\n<p>[\/et_pb_text][et_pb_code disabled_on=\u00a0\u00bbon|on|on\u00a0\u00bb admin_label=\u00a0\u00bb25. a video 1 \u00a0\u00bb _builder_version=\u00a0\u00bb4.20.0&Prime; _module_preset=\u00a0\u00bbdefault\u00a0\u00bb text_orientation=\u00a0\u00bbcenter\u00a0\u00bb width=\u00a0\u00bb60%\u00a0\u00bb max_width=\u00a0\u00bb60%\u00a0\u00bb module_alignment=\u00a0\u00bbcenter\u00a0\u00bb custom_margin=\u00a0\u00bb||29px||false|false\u00a0\u00bb custom_padding=\u00a0\u00bb||||false|false\u00a0\u00bb disabled=\u00a0\u00bbon\u00a0\u00bb global_colors_info=\u00a0\u00bb{}\u00a0\u00bb]<iframe loading=\"lazy\" title=\"YouTube video player\" src=\"https:\/\/www.youtube.com\/embed\/1N5WokFGXc4?rel=0\" width=\"560\" height=\"315\" frameborder=\"0\" allow=\"accelerometer; autoplay; clipboard-write; encrypted-media; gyroscope; picture-in-picture; web-share\" allowfullscreen\"><\/iframe>[\/et_pb_code][et_pb_text disabled_on=\u00a0\u00bbon|on|on\u00a0\u00bb admin_label=\u00a0\u00bb25.a: Texte %22Pr\u00e9sentation d\u2019\u00e9l\u00e8ves%22&Prime; _builder_version=\u00a0\u00bb4.20.0&Prime; _module_preset=\u00a0\u00bbdefault\u00a0\u00bb text_font_size=\u00a0\u00bb19px\u00a0\u00bb text_orientation=\u00a0\u00bbcenter\u00a0\u00bb custom_margin=\u00a0\u00bb18px||||false|false\u00a0\u00bb disabled=\u00a0\u00bbon\u00a0\u00bb global_colors_info=\u00a0\u00bb{}\u00a0\u00bb]<\/p>\n<p style=\"text-align: center;\"><strong>Pr\u00e9sentation d\u2019\u00e9l\u00e8ves de 8\u00e8me degr\u00e9 de secondaire<\/strong><\/p>\n<p>[\/et_pb_text][\/et_pb_column][\/et_pb_row][et_pb_row column_structure=\u00a0\u00bb1_5,3_5,1_5&Prime; use_custom_gutter=\u00a0\u00bbon\u00a0\u00bb gutter_width=\u00a0\u00bb4&Prime; make_equal=\u00a0\u00bbon\u00a0\u00bb _builder_version=\u00a0\u00bb4.18.0&Prime; _module_preset=\u00a0\u00bbdefault\u00a0\u00bb width=\u00a0\u00bb100%\u00a0\u00bb module_alignment=\u00a0\u00bbcenter\u00a0\u00bb custom_margin=\u00a0\u00bb||||false|false\u00a0\u00bb custom_padding=\u00a0\u00bb||||false|false\u00a0\u00bb global_colors_info=\u00a0\u00bb{}\u00a0\u00bb][et_pb_column type=\u00a0\u00bb1_5&Prime; _builder_version=\u00a0\u00bb4.18.0&Prime; _module_preset=\u00a0\u00bbdefault\u00a0\u00bb global_colors_info=\u00a0\u00bb{}\u00a0\u00bb][\/et_pb_column][et_pb_column type=\u00a0\u00bb3_5&Prime; _builder_version=\u00a0\u00bb4.18.0&Prime; _module_preset=\u00a0\u00bbdefault\u00a0\u00bb global_colors_info=\u00a0\u00bb{}\u00a0\u00bb][et_pb_code admin_label=\u00a0\u00bb25. a video 1 \u00a0\u00bb _builder_version=\u00a0\u00bb4.20.0&Prime; _module_preset=\u00a0\u00bbdefault\u00a0\u00bb custom_margin=\u00a0\u00bb|-27px|29px|59px||\u00a0\u00bb custom_padding=\u00a0\u00bb|66px||||\u00a0\u00bb global_colors_info=\u00a0\u00bb{}\u00a0\u00bb]<iframe loading=\"lazy\" title=\"YouTube video player\" src=\"https:\/\/www.youtube.com\/embed\/1N5WokFGXc4?rel=0\" width=\"560\" height=\"315\" frameborder=\"0\" allow=\"accelerometer; autoplay; clipboard-write; encrypted-media; gyroscope; picture-in-picture; web-share\" allowfullscreen\"><\/iframe>[\/et_pb_code][et_pb_text admin_label=\u00a0\u00bb25.a: Texte %22Pr\u00e9sentation d\u2019\u00e9l\u00e8ves%22&Prime; _builder_version=\u00a0\u00bb4.20.0&Prime; _module_preset=\u00a0\u00bbdefault\u00a0\u00bb text_font_size=\u00a0\u00bb19px\u00a0\u00bb text_orientation=\u00a0\u00bbcenter\u00a0\u00bb custom_margin=\u00a0\u00bb18px|||28px||\u00a0\u00bb custom_padding=\u00a0\u00bb||0px|||\u00a0\u00bb global_colors_info=\u00a0\u00bb{}\u00a0\u00bb]<\/p>\n<p style=\"text-align: center;\"><strong>Pr\u00e9sentation d\u2019\u00e9l\u00e8ves de 8\u00e8me degr\u00e9 de secondaire<\/strong><\/p>\n<p>[\/et_pb_text][\/et_pb_column][et_pb_column type=\u00a0\u00bb1_5&Prime; _builder_version=\u00a0\u00bb4.18.0&Prime; _module_preset=\u00a0\u00bbdefault\u00a0\u00bb global_colors_info=\u00a0\u00bb{}\u00a0\u00bb][\/et_pb_column][\/et_pb_row][et_pb_row admin_label=\u00a0\u00bb25. 8\u00e8 \u00e9cole : IEP Kenn Oppermann de Lima au P\u00e9rou\u00a0\u00bb _builder_version=\u00a0\u00bb4.18.0&Prime; _module_preset=\u00a0\u00bbdefault\u00a0\u00bb custom_margin=\u00a0\u00bb|auto|||false|false\u00a0\u00bb global_colors_info=\u00a0\u00bb{}\u00a0\u00bb][et_pb_column type=\u00a0\u00bb4_4&Prime; _builder_version=\u00a0\u00bb4.18.0&Prime; _module_preset=\u00a0\u00bbdefault\u00a0\u00bb global_colors_info=\u00a0\u00bb{}\u00a0\u00bb][et_pb_text admin_label=\u00a0\u00bb25.e : texte %22editorial pr\u00e9sent\u00e9 au concours%22&Prime; _builder_version=\u00a0\u00bb4.20.0&Prime; _module_preset=\u00a0\u00bbdefault\u00a0\u00bb text_font=\u00a0\u00bbOpen Sans||||||||\u00a0\u00bb text_font_size=\u00a0\u00bb29px\u00a0\u00bb text_orientation=\u00a0\u00bbcenter\u00a0\u00bb custom_margin=\u00a0\u00bb77px||77px|1px|true|false\u00a0\u00bb global_colors_info=\u00a0\u00bb{}\u00a0\u00bb]Editorial pr\u00e9sent\u00e9 au concours<br \/>\n[\/et_pb_text][et_pb_image src=\u00a0\u00bbhttps:\/\/louisette-marie-arnaud.org\/institution\/wp-content\/uploads\/2023\/11\/Kenn-Oppermann-8degre-Institution-Louisette-Marie-Aranud-2023-2024.jpg\u00a0\u00bb title_text=\u00a0\u00bbKenn Oppermann 8degre-Institution Louisette-Marie Aranud 2023-2024&Prime; url=\u00a0\u00bbhttps:\/\/louisette-marie-arnaud.org\/institution\/wp-content\/uploads\/2023\/11\/8-IEP-KENN-OPPERMANN-8e-ILMA-2023-2024.pdf\u00a0\u00bb align=\u00a0\u00bbcenter\u00a0\u00bb disabled_on=\u00a0\u00bboff|off|off\u00a0\u00bb admin_label=\u00a0\u00bb25.e : image l&rsquo;impresionnisme\u00a0\u00bb _builder_version=\u00a0\u00bb4.20.0&Prime; _module_preset=\u00a0\u00bbdefault\u00a0\u00bb module_alignment=\u00a0\u00bbcenter\u00a0\u00bb height=\u00a0\u00bb320px\u00a0\u00bb max_height=\u00a0\u00bb320px\u00a0\u00bb custom_margin=\u00a0\u00bb||||false|false\u00a0\u00bb custom_padding=\u00a0\u00bb3px||||false|false\u00a0\u00bb global_colors_info=\u00a0\u00bb{}\u00a0\u00bb][\/et_pb_image][et_pb_text admin_label=\u00a0\u00bb25 texte : %22sous la direction%22&#8230;\u00a0\u00bb _builder_version=\u00a0\u00bb4.20.0&Prime; _module_preset=\u00a0\u00bbdefault\u00a0\u00bb text_font_size=\u00a0\u00bb24px\u00a0\u00bb text_orientation=\u00a0\u00bbcenter\u00a0\u00bb custom_margin=\u00a0\u00bb||64px|-15px||\u00a0\u00bb global_colors_info=\u00a0\u00bb{}\u00a0\u00bb]\u00ab La toile en mouvement : d\u00e9crypter les secrets de l\u2019impressionnisme \u00bb<br \/>\nSous la direction de Rommel Hernandez Mayorga professeur de fran\u00e7ais[\/et_pb_text][et_pb_button button_url=\u00a0\u00bbhttps:\/\/louisette-marie-arnaud.org\/institution\/wp-content\/uploads\/2023\/11\/8-IEP-KENN-OPPERMANN-8e-ILMA-2023-2024.pdf\u00a0\u00bb url_new_window=\u00a0\u00bbon\u00a0\u00bb button_text=\u00a0\u00bbVoir le document de l&rsquo;\u00e9cole\u00a0\u00bb button_alignment=\u00a0\u00bbcenter\u00a0\u00bb admin_label=\u00a0\u00bb25 g : Bouton vers PDF\u00a0\u00bb _builder_version=\u00a0\u00bb4.20.0&Prime; _module_preset=\u00a0\u00bbdefault\u00a0\u00bb custom_button=\u00a0\u00bbon\u00a0\u00bb button_text_size=\u00a0\u00bb23px\u00a0\u00bb button_text_color=\u00a0\u00bb#5c667b\u00a0\u00bb button_bg_color=\u00a0\u00bb#dce3f1&Prime; button_border_width=\u00a0\u00bb2px\u00a0\u00bb button_border_radius=\u00a0\u00bb11px\u00a0\u00bb button_use_icon=\u00a0\u00bboff\u00a0\u00bb custom_margin=\u00a0\u00bb|||-2px||\u00a0\u00bb box_shadow_style=\u00a0\u00bbpreset1&Prime; global_colors_info=\u00a0\u00bb{}\u00a0\u00bb][\/et_pb_button][et_pb_image src=\u00a0\u00bbhttps:\/\/louisette-marie-arnaud.org\/institution\/wp-content\/uploads\/2023\/11\/coeur-56.png\u00a0\u00bb title_text=\u00a0\u00bbcoeur-56&Prime; align=\u00a0\u00bbcenter\u00a0\u00bb admin_label=\u00a0\u00bb25. : logo coeur\u00a0\u00bb _builder_version=\u00a0\u00bb4.20.0&Prime; _module_preset=\u00a0\u00bbdefault\u00a0\u00bb custom_margin=\u00a0\u00bb75px||75px||true|false\u00a0\u00bb global_colors_info=\u00a0\u00bb{}\u00a0\u00bb][\/et_pb_image][et_pb_text disabled_on=\u00a0\u00bbon|on|on\u00a0\u00bb _builder_version=\u00a0\u00bb4.18.0&Prime; _module_preset=\u00a0\u00bbdefault\u00a0\u00bb text_font_size=\u00a0\u00bb33px\u00a0\u00bb text_orientation=\u00a0\u00bbcenter\u00a0\u00bb custom_margin=\u00a0\u00bb81px|70px|87px|70px||true\u00a0\u00bb custom_padding=\u00a0\u00bb0px|||||\u00a0\u00bb disabled=\u00a0\u00bbon\u00a0\u00bb global_colors_info=\u00a0\u00bb{}\u00a0\u00bb]<strong>IEP Kenn Opperman de Lima au P\u00e9rou<\/strong><br \/>\n[\/et_pb_text][et_pb_text disabled_on=\u00a0\u00bbon|on|on\u00a0\u00bb _builder_version=\u00a0\u00bb4.18.0&Prime; _module_preset=\u00a0\u00bbdefault\u00a0\u00bb text_font=\u00a0\u00bbOpen Sans|700|||||||\u00a0\u00bb text_text_color=\u00a0\u00bb#000000&Prime; text_font_size=\u00a0\u00bb25px\u00a0\u00bb custom_margin=\u00a0\u00bb6px||17px|-78px||\u00a0\u00bb disabled=\u00a0\u00bbon\u00a0\u00bb global_colors_info=\u00a0\u00bb{}\u00a0\u00bb]Leur pr\u00e9sentation :<br \/>\n[\/et_pb_text][et_pb_text disabled_on=\u00a0\u00bbon|on|on\u00a0\u00bb admin_label=\u00a0\u00bb20 : \u00e9ditoriaux finalistes\u00a0\u00bb _builder_version=\u00a0\u00bb4.20.0&Prime; _module_preset=\u00a0\u00bbdefault\u00a0\u00bb text_text_color=\u00a0\u00bb#8FAADC\u00a0\u00bb link_font=\u00a0\u00bb||||||||\u00a0\u00bb header_2_font=\u00a0\u00bb|700|||||||\u00a0\u00bb header_2_text_align=\u00a0\u00bbcenter\u00a0\u00bb header_2_text_color=\u00a0\u00bb#8FAADC\u00a0\u00bb header_2_font_size=\u00a0\u00bb42px\u00a0\u00bb header_2_line_height=\u00a0\u00bb1.2em\u00a0\u00bb width=\u00a0\u00bb100%\u00a0\u00bb custom_margin=\u00a0\u00bb8%||0.1%|40px|false|false\u00a0\u00bb custom_padding=\u00a0\u00bb||149px|||\u00a0\u00bb disabled=\u00a0\u00bbon\u00a0\u00bb global_colors_info=\u00a0\u00bb{}\u00a0\u00bb text_text_color__hover_enabled=\u00a0\u00bboff|hover\u00a0\u00bb text_text_color__hover=\u00a0\u00bb#000000&Prime; text_font_size__hover_enabled=\u00a0\u00bbon|hover\u00a0\u00bb text_font_size__hover=\u00a0\u00bb16px\u00a0\u00bb]<\/p>\n<h2>Editoriaux Finalistes 2023-2024,<\/h2>\n<p>[\/et_pb_text][\/et_pb_column][\/et_pb_row][et_pb_row admin_label=\u00a0\u00bb26. 9\u00e8m e\u00e9cole CEP San Antonio de Padua de Tarapoto au P\u00e9rou\u00a0\u00bb _builder_version=\u00a0\u00bb4.20.0&Prime; _module_preset=\u00a0\u00bbdefault\u00a0\u00bb global_colors_info=\u00a0\u00bb{}\u00a0\u00bb][et_pb_column type=\u00a0\u00bb4_4&Prime; _builder_version=\u00a0\u00bb4.20.0&Prime; _module_preset=\u00a0\u00bbdefault\u00a0\u00bb global_colors_info=\u00a0\u00bb{}\u00a0\u00bb][et_pb_text admin_label=\u00a0\u00bb26. CEP San Antonio de Padua de Tarapoto au P\u00e9rou\u00a0\u00bb _builder_version=\u00a0\u00bb4.20.0&Prime; _module_preset=\u00a0\u00bbdefault\u00a0\u00bb text_font_size=\u00a0\u00bb33px\u00a0\u00bb text_orientation=\u00a0\u00bbcenter\u00a0\u00bb custom_margin=\u00a0\u00bb||87px|73px||\u00a0\u00bb custom_padding=\u00a0\u00bb0px|||||\u00a0\u00bb global_colors_info=\u00a0\u00bb{}\u00a0\u00bb]<\/p>\n<p style=\"text-align: center;\"><strong>CEP San Antonio de Padua de Tarapoto au P\u00e9rou<\/strong><\/p>\n<p>[\/et_pb_text][et_pb_text admin_label=\u00a0\u00bb26 : Leur pr\u00e9sentation\u00a0\u00bb _builder_version=\u00a0\u00bb4.20.0&Prime; _module_preset=\u00a0\u00bbdefault\u00a0\u00bb text_font=\u00a0\u00bbOpen Sans|700|||||||\u00a0\u00bb text_text_color=\u00a0\u00bb#000000&Prime; text_font_size=\u00a0\u00bb25px\u00a0\u00bb custom_margin=\u00a0\u00bb6px||17px||false|false\u00a0\u00bb global_colors_info=\u00a0\u00bb{}\u00a0\u00bb]<\/p>\n<p>Leur pr\u00e9sentation :<\/p>\n<p>[\/et_pb_text][et_pb_code disabled_on=\u00a0\u00bbon|on|on\u00a0\u00bb admin_label=\u00a0\u00bb26 a video 1 \u00a0\u00bb _builder_version=\u00a0\u00bb4.20.0&Prime; _module_preset=\u00a0\u00bbdefault\u00a0\u00bb width=\u00a0\u00bb60%\u00a0\u00bb max_width=\u00a0\u00bb60%\u00a0\u00bb module_alignment=\u00a0\u00bbcenter\u00a0\u00bb custom_margin=\u00a0\u00bb|4px|29px|-82px||\u00a0\u00bb custom_padding=\u00a0\u00bb|51px||||\u00a0\u00bb disabled=\u00a0\u00bbon\u00a0\u00bb global_colors_info=\u00a0\u00bb{}\u00a0\u00bb]<iframe loading=\"lazy\" title=\"YouTube video player\" src=\"https:\/\/www.youtube.com\/embed\/qTQs9e0b7oI?rel=0\" width=\"560\" height=\"315\" frameborder=\"0\" allow=\"accelerometer; autoplay; clipboard-write; encrypted-media; gyroscope; picture-in-picture; web-share\" allowfullscreen\"><\/iframe>[\/et_pb_code][et_pb_text disabled_on=\u00a0\u00bbon|on|on\u00a0\u00bb admin_label=\u00a0\u00bb26a: Texte %22Pr\u00e9sentation d\u2019\u00e9l\u00e8ves%22&Prime; _builder_version=\u00a0\u00bb4.20.0&Prime; _module_preset=\u00a0\u00bbdefault\u00a0\u00bb text_font_size=\u00a0\u00bb19px\u00a0\u00bb text_orientation=\u00a0\u00bbcenter\u00a0\u00bb custom_margin=\u00a0\u00bb||||false|false\u00a0\u00bb disabled=\u00a0\u00bbon\u00a0\u00bb global_colors_info=\u00a0\u00bb{}\u00a0\u00bb]<\/p>\n<p style=\"text-align: center;\"><strong>Pr\u00e9sentation d\u2019\u00e9l\u00e8ves de 5B primaire<\/strong><\/p>\n<p>[\/et_pb_text][\/et_pb_column][\/et_pb_row][et_pb_row column_structure=\u00a0\u00bb1_5,3_5,1_5&Prime; use_custom_gutter=\u00a0\u00bbon\u00a0\u00bb gutter_width=\u00a0\u00bb4&Prime; make_equal=\u00a0\u00bbon\u00a0\u00bb _builder_version=\u00a0\u00bb4.18.0&Prime; _module_preset=\u00a0\u00bbdefault\u00a0\u00bb width=\u00a0\u00bb100%\u00a0\u00bb module_alignment=\u00a0\u00bbcenter\u00a0\u00bb custom_margin=\u00a0\u00bb||||false|false\u00a0\u00bb custom_padding=\u00a0\u00bb||||false|false\u00a0\u00bb global_colors_info=\u00a0\u00bb{}\u00a0\u00bb][et_pb_column type=\u00a0\u00bb1_5&Prime; _builder_version=\u00a0\u00bb4.18.0&Prime; _module_preset=\u00a0\u00bbdefault\u00a0\u00bb global_colors_info=\u00a0\u00bb{}\u00a0\u00bb][\/et_pb_column][et_pb_column type=\u00a0\u00bb3_5&Prime; _builder_version=\u00a0\u00bb4.18.0&Prime; _module_preset=\u00a0\u00bbdefault\u00a0\u00bb global_colors_info=\u00a0\u00bb{}\u00a0\u00bb][et_pb_code admin_label=\u00a0\u00bb26 a video 1 \u00a0\u00bb _builder_version=\u00a0\u00bb4.20.0&Prime; _module_preset=\u00a0\u00bbdefault\u00a0\u00bb custom_margin=\u00a0\u00bb|-27px|29px|59px||\u00a0\u00bb custom_padding=\u00a0\u00bb|66px||||\u00a0\u00bb global_colors_info=\u00a0\u00bb{}\u00a0\u00bb]<iframe loading=\"lazy\" title=\"YouTube video player\" src=\"https:\/\/www.youtube.com\/embed\/qTQs9e0b7oI?rel=0\" width=\"560\" height=\"315\" frameborder=\"0\" allow=\"accelerometer; autoplay; clipboard-write; encrypted-media; gyroscope; picture-in-picture; web-share\" allowfullscreen\"><\/iframe>[\/et_pb_code][et_pb_text admin_label=\u00a0\u00bb26a: Texte %22Pr\u00e9sentation d\u2019\u00e9l\u00e8ves%22&Prime; _builder_version=\u00a0\u00bb4.20.0&Prime; _module_preset=\u00a0\u00bbdefault\u00a0\u00bb text_font_size=\u00a0\u00bb19px\u00a0\u00bb text_orientation=\u00a0\u00bbcenter\u00a0\u00bb custom_margin=\u00a0\u00bb18px|||28px||\u00a0\u00bb custom_padding=\u00a0\u00bb||0px|||\u00a0\u00bb global_colors_info=\u00a0\u00bb{}\u00a0\u00bb]<\/p>\n<p style=\"text-align: center;\"><strong>Pr\u00e9sentation d\u2019\u00e9l\u00e8ves de 5B primaire<\/strong><\/p>\n<p>[\/et_pb_text][\/et_pb_column][et_pb_column type=\u00a0\u00bb1_5&Prime; _builder_version=\u00a0\u00bb4.18.0&Prime; _module_preset=\u00a0\u00bbdefault\u00a0\u00bb global_colors_info=\u00a0\u00bb{}\u00a0\u00bb][\/et_pb_column][\/et_pb_row][et_pb_row admin_label=\u00a0\u00bb26. 9\u00e8m e\u00e9cole CEP San Antonio de Padua de Tarapoto au P\u00e9rou\u00a0\u00bb _builder_version=\u00a0\u00bb4.18.0&Prime; _module_preset=\u00a0\u00bbdefault\u00a0\u00bb custom_margin=\u00a0\u00bb|auto|||false|false\u00a0\u00bb global_colors_info=\u00a0\u00bb{}\u00a0\u00bb][et_pb_column type=\u00a0\u00bb4_4&Prime; _builder_version=\u00a0\u00bb4.18.0&Prime; _module_preset=\u00a0\u00bbdefault\u00a0\u00bb global_colors_info=\u00a0\u00bb{}\u00a0\u00bb][et_pb_text admin_label=\u00a0\u00bb26.e : texte %22editorial pr\u00e9sent\u00e9 au concours%22&Prime; _builder_version=\u00a0\u00bb4.20.0&Prime; _module_preset=\u00a0\u00bbdefault\u00a0\u00bb text_font=\u00a0\u00bbOpen Sans||||||||\u00a0\u00bb text_font_size=\u00a0\u00bb29px\u00a0\u00bb text_orientation=\u00a0\u00bbcenter\u00a0\u00bb custom_margin=\u00a0\u00bb77px||77px|1px|true|false\u00a0\u00bb global_colors_info=\u00a0\u00bb{}\u00a0\u00bb]Editorial pr\u00e9sent\u00e9 au concours<br \/>\n[\/et_pb_text][et_pb_image src=\u00a0\u00bbhttps:\/\/louisette-marie-arnaud.org\/institution\/wp-content\/uploads\/2023\/11\/San-Antonio-de-Padua-5B-Institutio-Louisette-Marie-Arnaud-2023-2024.jpg\u00a0\u00bb title_text=\u00a0\u00bbSan Antonio de Padua 5B &#8211; Institutio Louisette-Marie Arnaud 2023-2024&Prime; url=\u00a0\u00bbhttps:\/\/louisette-marie-arnaud.org\/institution\/wp-content\/uploads\/2023\/11\/9-IEP-SAN-ANTONIO-DE-PADUA-5B-ILMA-2023-2024.pdf\u00a0\u00bb align=\u00a0\u00bbcenter\u00a0\u00bb disabled_on=\u00a0\u00bboff|off|off\u00a0\u00bb admin_label=\u00a0\u00bb26.e : image l&rsquo;impresionnisme\u00a0\u00bb _builder_version=\u00a0\u00bb4.20.0&Prime; _module_preset=\u00a0\u00bbdefault\u00a0\u00bb module_alignment=\u00a0\u00bbcenter\u00a0\u00bb min_height=\u00a0\u00bb320px\u00a0\u00bb height=\u00a0\u00bb320px\u00a0\u00bb custom_margin=\u00a0\u00bb-5px|||1px|false|false\u00a0\u00bb custom_padding=\u00a0\u00bb3px||||false|false\u00a0\u00bb global_colors_info=\u00a0\u00bb{}\u00a0\u00bb][\/et_pb_image][et_pb_text admin_label=\u00a0\u00bb26 texte : %22sous la direction%22&#8230;\u00a0\u00bb _builder_version=\u00a0\u00bb4.20.0&Prime; _module_preset=\u00a0\u00bbdefault\u00a0\u00bb text_font_size=\u00a0\u00bb24px\u00a0\u00bb text_orientation=\u00a0\u00bbcenter\u00a0\u00bb custom_margin=\u00a0\u00bb||64px|-15px||\u00a0\u00bb global_colors_info=\u00a0\u00bb{}\u00a0\u00bb]<\/p>\n<p>\u00ab Ombre et lumi\u00e8re \u00bb<br \/>Sous la direction de Caroline Delinot-Raoufi professeure de fran\u00e7ais<\/p>\n<p>[\/et_pb_text][et_pb_button button_url=\u00a0\u00bbhttps:\/\/louisette-marie-arnaud.org\/institution\/wp-content\/uploads\/2023\/11\/9-IEP-SAN-ANTONIO-DE-PADUA-5B-ILMA-2023-2024.pdf\u00a0\u00bb url_new_window=\u00a0\u00bbon\u00a0\u00bb button_text=\u00a0\u00bbVoir le document de l&rsquo;\u00e9cole\u00a0\u00bb button_alignment=\u00a0\u00bbcenter\u00a0\u00bb admin_label=\u00a0\u00bb26 g : Bouton vers PDF\u00a0\u00bb _builder_version=\u00a0\u00bb4.20.0&Prime; _module_preset=\u00a0\u00bbdefault\u00a0\u00bb custom_button=\u00a0\u00bbon\u00a0\u00bb button_text_size=\u00a0\u00bb23px\u00a0\u00bb button_text_color=\u00a0\u00bb#5c667b\u00a0\u00bb button_bg_color=\u00a0\u00bb#dce3f1&Prime; button_border_width=\u00a0\u00bb2px\u00a0\u00bb button_border_radius=\u00a0\u00bb11px\u00a0\u00bb button_use_icon=\u00a0\u00bboff\u00a0\u00bb custom_margin=\u00a0\u00bb|||-2px||\u00a0\u00bb box_shadow_style=\u00a0\u00bbpreset1&Prime; global_colors_info=\u00a0\u00bb{}\u00a0\u00bb][\/et_pb_button][et_pb_image src=\u00a0\u00bbhttps:\/\/louisette-marie-arnaud.org\/institution\/wp-content\/uploads\/2023\/11\/coeur-56.png\u00a0\u00bb title_text=\u00a0\u00bbcoeur-56&Prime; align=\u00a0\u00bbcenter\u00a0\u00bb admin_label=\u00a0\u00bb26. : logo coeur\u00a0\u00bb _builder_version=\u00a0\u00bb4.20.0&Prime; _module_preset=\u00a0\u00bbdefault\u00a0\u00bb custom_margin=\u00a0\u00bb75px||75px||true|false\u00a0\u00bb global_colors_info=\u00a0\u00bb{}\u00a0\u00bb][\/et_pb_image][et_pb_text disabled_on=\u00a0\u00bbon|on|on\u00a0\u00bb _builder_version=\u00a0\u00bb4.18.0&Prime; _module_preset=\u00a0\u00bbdefault\u00a0\u00bb text_font_size=\u00a0\u00bb33px\u00a0\u00bb text_orientation=\u00a0\u00bbcenter\u00a0\u00bb custom_margin=\u00a0\u00bb81px|70px|87px|70px||true\u00a0\u00bb custom_padding=\u00a0\u00bb0px|||||\u00a0\u00bb disabled=\u00a0\u00bbon\u00a0\u00bb global_colors_info=\u00a0\u00bb{}\u00a0\u00bb]<strong>IEP Kenn Opperman de Lima au P\u00e9rou<\/strong><br \/>\n[\/et_pb_text][et_pb_text disabled_on=\u00a0\u00bbon|on|on\u00a0\u00bb _builder_version=\u00a0\u00bb4.18.0&Prime; _module_preset=\u00a0\u00bbdefault\u00a0\u00bb text_font=\u00a0\u00bbOpen Sans|700|||||||\u00a0\u00bb text_text_color=\u00a0\u00bb#000000&Prime; text_font_size=\u00a0\u00bb25px\u00a0\u00bb custom_margin=\u00a0\u00bb6px||17px|-78px||\u00a0\u00bb disabled=\u00a0\u00bbon\u00a0\u00bb global_colors_info=\u00a0\u00bb{}\u00a0\u00bb]Leur pr\u00e9sentation :<br \/>\n[\/et_pb_text][et_pb_text disabled_on=\u00a0\u00bbon|on|on\u00a0\u00bb admin_label=\u00a0\u00bb20 : \u00e9ditoriaux finalistes\u00a0\u00bb _builder_version=\u00a0\u00bb4.20.0&Prime; _module_preset=\u00a0\u00bbdefault\u00a0\u00bb text_text_color=\u00a0\u00bb#8FAADC\u00a0\u00bb link_font=\u00a0\u00bb||||||||\u00a0\u00bb header_2_font=\u00a0\u00bb|700|||||||\u00a0\u00bb header_2_text_align=\u00a0\u00bbcenter\u00a0\u00bb header_2_text_color=\u00a0\u00bb#8FAADC\u00a0\u00bb header_2_font_size=\u00a0\u00bb42px\u00a0\u00bb header_2_line_height=\u00a0\u00bb1.2em\u00a0\u00bb width=\u00a0\u00bb100%\u00a0\u00bb custom_margin=\u00a0\u00bb8%||0.1%|40px|false|false\u00a0\u00bb custom_padding=\u00a0\u00bb||149px|||\u00a0\u00bb disabled=\u00a0\u00bbon\u00a0\u00bb global_colors_info=\u00a0\u00bb{}\u00a0\u00bb text_text_color__hover_enabled=\u00a0\u00bboff|hover\u00a0\u00bb text_text_color__hover=\u00a0\u00bb#000000&Prime; text_font_size__hover_enabled=\u00a0\u00bbon|hover\u00a0\u00bb text_font_size__hover=\u00a0\u00bb16px\u00a0\u00bb]<\/p>\n<h2>Editoriaux Finalistes 2023-2024,<\/h2>\n<p>[\/et_pb_text][\/et_pb_column][\/et_pb_row][et_pb_row admin_label=\u00a0\u00bb27  10\u00e8 \u00e9cole : IEP San Andres de Cajamarca au P\u00e9rou\u00a0\u00bb _builder_version=\u00a0\u00bb4.20.0&Prime; _module_preset=\u00a0\u00bbdefault\u00a0\u00bb global_colors_info=\u00a0\u00bb{}\u00a0\u00bb][et_pb_column type=\u00a0\u00bb4_4&Prime; _builder_version=\u00a0\u00bb4.20.0&Prime; _module_preset=\u00a0\u00bbdefault\u00a0\u00bb global_colors_info=\u00a0\u00bb{}\u00a0\u00bb][et_pb_text admin_label=\u00a0\u00bb27. IEP San Andres de Cajamarca au P\u00e9rou\u00a0\u00bb _builder_version=\u00a0\u00bb4.20.0&Prime; _module_preset=\u00a0\u00bbdefault\u00a0\u00bb text_font_size=\u00a0\u00bb33px\u00a0\u00bb text_orientation=\u00a0\u00bbcenter\u00a0\u00bb custom_margin=\u00a0\u00bb||87px|73px||\u00a0\u00bb custom_padding=\u00a0\u00bb0px|||||\u00a0\u00bb global_colors_info=\u00a0\u00bb{}\u00a0\u00bb]<\/p>\n<p style=\"text-align: center;\"><strong>IEP San Andres de Cajamarca au P\u00e9rou<\/strong><\/p>\n<p>[\/et_pb_text][et_pb_text admin_label=\u00a0\u00bb27. Leur pr\u00e9sentation\u00a0\u00bb _builder_version=\u00a0\u00bb4.18.0&Prime; _module_preset=\u00a0\u00bbdefault\u00a0\u00bb text_font=\u00a0\u00bbOpen Sans|700|||||||\u00a0\u00bb text_text_color=\u00a0\u00bb#000000&Prime; text_font_size=\u00a0\u00bb25px\u00a0\u00bb custom_margin=\u00a0\u00bb6px||17px|-78px||\u00a0\u00bb global_colors_info=\u00a0\u00bb{}\u00a0\u00bb]Leur pr\u00e9sentation :<br \/>\n[\/et_pb_text][\/et_pb_column][\/et_pb_row][et_pb_row column_structure=\u00a0\u00bb1_2,1_2&Prime; use_custom_gutter=\u00a0\u00bbon\u00a0\u00bb gutter_width=\u00a0\u00bb4&Prime; make_equal=\u00a0\u00bbon\u00a0\u00bb admin_label=\u00a0\u00bb27  10\u00e8 \u00e9cole : IEP San Andres de Cajamarca au P\u00e9rou\u00a0\u00bb _builder_version=\u00a0\u00bb4.18.0&Prime; _module_preset=\u00a0\u00bbdefault\u00a0\u00bb width=\u00a0\u00bb100%\u00a0\u00bb module_alignment=\u00a0\u00bbcenter\u00a0\u00bb custom_margin=\u00a0\u00bb||||false|true\u00a0\u00bb custom_padding=\u00a0\u00bb||||false|true\u00a0\u00bb global_colors_info=\u00a0\u00bb{}\u00a0\u00bb][et_pb_column type=\u00a0\u00bb1_2&Prime; _builder_version=\u00a0\u00bb4.18.0&Prime; _module_preset=\u00a0\u00bbdefault\u00a0\u00bb global_colors_info=\u00a0\u00bb{}\u00a0\u00bb][et_pb_code admin_label=\u00a0\u00bb27. a video 1 \u00a0\u00bb _builder_version=\u00a0\u00bb4.20.0&Prime; _module_preset=\u00a0\u00bbdefault\u00a0\u00bb custom_margin=\u00a0\u00bb|4px|29px|-82px||\u00a0\u00bb custom_padding=\u00a0\u00bb|51px||||\u00a0\u00bb global_colors_info=\u00a0\u00bb{}\u00a0\u00bb]<iframe loading=\"lazy\" title=\"YouTube video player\" src=\"https:\/\/www.youtube.com\/embed\/4djXwYqMPIw?rel=0\" width=\"560\" height=\"315\" frameborder=\"0\" allow=\"accelerometer; autoplay; clipboard-write; encrypted-media; gyroscope; picture-in-picture; web-share\" allowfullscreen\"><\/iframe>[\/et_pb_code][et_pb_text admin_label=\u00a0\u00bb71.a: Texte %22Pr\u00e9sentation d\u2019\u00e9l\u00e8ves%22&Prime; _builder_version=\u00a0\u00bb4.20.0&Prime; _module_preset=\u00a0\u00bbdefault\u00a0\u00bb text_font_size=\u00a0\u00bb19px\u00a0\u00bb text_orientation=\u00a0\u00bbcenter\u00a0\u00bb custom_margin=\u00a0\u00bb18px|||-80px|false|false\u00a0\u00bb global_colors_info=\u00a0\u00bb{}\u00a0\u00bb]<\/p>\n<p style=\"text-align: left;\"><strong>Pr\u00e9sentation d\u2019\u00e9l\u00e8ves niveau fran\u00e7ais interm\u00e9diaire<\/strong><\/p>\n<p>[\/et_pb_text][\/et_pb_column][et_pb_column type=\u00a0\u00bb1_2&Prime; _builder_version=\u00a0\u00bb4.18.0&Prime; _module_preset=\u00a0\u00bbdefault\u00a0\u00bb global_colors_info=\u00a0\u00bb{}\u00a0\u00bb][et_pb_code admin_label=\u00a0\u00bb27 a : video 2&Prime; _builder_version=\u00a0\u00bb4.20.0&Prime; _module_preset=\u00a0\u00bbdefault\u00a0\u00bb custom_margin=\u00a0\u00bb|-127px||102px||\u00a0\u00bb custom_padding=\u00a0\u00bb|0px|||false|false\u00a0\u00bb global_colors_info=\u00a0\u00bb{}\u00a0\u00bb]<iframe loading=\"lazy\" title=\"YouTube video player\" src=\"https:\/\/www.youtube.com\/embed\/Ws_ZESDjR9o?rel=0\" width=\"560\" height=\"315\" frameborder=\"0\" aallow=\"accelerometer; autoplay; clipboard-write; encrypted-media; gyroscope; picture-in-picture; web-share\" allowfullscreen\"><\/iframe>[\/et_pb_code][et_pb_text admin_label=\u00a0\u00bb27 j : texte %22pr\u00e9sentation vid\u00e9o%22&Prime; _builder_version=\u00a0\u00bb4.20.0&Prime; _module_preset=\u00a0\u00bbdefault\u00a0\u00bb text_font_size=\u00a0\u00bb19px\u00a0\u00bb text_orientation=\u00a0\u00bbcenter\u00a0\u00bb custom_margin=\u00a0\u00bb-10px|-200px||40px|false|false\u00a0\u00bb custom_padding=\u00a0\u00bb||||false|false\u00a0\u00bb global_colors_info=\u00a0\u00bb{}\u00a0\u00bb]<\/p>\n<p style=\"text-align: left;\"><strong> Pr\u00e9sentation Vid\u00e9o \u00ab Hommage \u00e0 la France et \u00e0 l\u2019impressionnisme \u00bb <\/strong><\/p>\n<p>[\/et_pb_text][\/et_pb_column][\/et_pb_row][et_pb_row admin_label=\u00a0\u00bb27  10\u00e8 \u00e9cole : IEP San Andres de Cajamarca au P\u00e9rou\u00a0\u00bb _builder_version=\u00a0\u00bb4.18.0&Prime; _module_preset=\u00a0\u00bbdefault\u00a0\u00bb custom_margin=\u00a0\u00bb|auto|||false|false\u00a0\u00bb global_colors_info=\u00a0\u00bb{}\u00a0\u00bb][et_pb_column type=\u00a0\u00bb4_4&Prime; _builder_version=\u00a0\u00bb4.18.0&Prime; _module_preset=\u00a0\u00bbdefault\u00a0\u00bb global_colors_info=\u00a0\u00bb{}\u00a0\u00bb][et_pb_text admin_label=\u00a0\u00bb27 : texte %22editorial pr\u00e9sent\u00e9 au concours%22&Prime; _builder_version=\u00a0\u00bb4.20.0&Prime; _module_preset=\u00a0\u00bbdefault\u00a0\u00bb text_font=\u00a0\u00bbOpen Sans||||||||\u00a0\u00bb text_font_size=\u00a0\u00bb29px\u00a0\u00bb text_orientation=\u00a0\u00bbcenter\u00a0\u00bb custom_margin=\u00a0\u00bb77px||77px|1px|true|false\u00a0\u00bb global_colors_info=\u00a0\u00bb{}\u00a0\u00bb]Editorial pr\u00e9sent\u00e9 au concours<br \/>\n[\/et_pb_text][et_pb_image src=\u00a0\u00bbhttps:\/\/louisette-marie-arnaud.org\/institution\/wp-content\/uploads\/2023\/11\/San-Andres-Intermediaire-Institution-Louisette-Marie-Arnaud-2023-2024.jpg\u00a0\u00bb title_text=\u00a0\u00bbSan Andres Intermediaire &#8211; Institution Louisette-Marie Arnaud 2023-2024&Prime; url=\u00a0\u00bbhttps:\/\/louisette-marie-arnaud.org\/institution\/wp-content\/uploads\/2023\/11\/10-IEP-SAN-ANDRES-NIVEAU-INTERMEDIAIRE-ILMA-2023-2024.pdf\u00a0\u00bb align=\u00a0\u00bbcenter\u00a0\u00bb disabled_on=\u00a0\u00bboff|off|off\u00a0\u00bb admin_label=\u00a0\u00bb27e : image l&rsquo;impresionnisme\u00a0\u00bb _builder_version=\u00a0\u00bb4.20.0&Prime; _module_preset=\u00a0\u00bbdefault\u00a0\u00bb module_alignment=\u00a0\u00bbcenter\u00a0\u00bb height=\u00a0\u00bb320px\u00a0\u00bb max_height=\u00a0\u00bb320px\u00a0\u00bb custom_margin=\u00a0\u00bb-5px|||1px|false|false\u00a0\u00bb custom_padding=\u00a0\u00bb3px||||false|false\u00a0\u00bb global_colors_info=\u00a0\u00bb{}\u00a0\u00bb][\/et_pb_image][et_pb_text admin_label=\u00a0\u00bb27 texte : %22sous la direction%22&#8230;\u00a0\u00bb _builder_version=\u00a0\u00bb4.20.0&Prime; _module_preset=\u00a0\u00bbdefault\u00a0\u00bb text_font_size=\u00a0\u00bb24px\u00a0\u00bb text_orientation=\u00a0\u00bbcenter\u00a0\u00bb custom_margin=\u00a0\u00bb||64px|-15px||\u00a0\u00bb global_colors_info=\u00a0\u00bb{}\u00a0\u00bb]<\/p>\n<p>\u00ab La beaut\u00e9 de l\u2019Impressionnisme et son ampleur enchanteresse dans le monde \u00bb<br \/>Sous la direction d\u2019Elvis Lino Peralta, professeur de fran\u00e7ais<\/p>\n<p>[\/et_pb_text][et_pb_button button_url=\u00a0\u00bbhttps:\/\/louisette-marie-arnaud.org\/institution\/wp-content\/uploads\/2023\/11\/10-IEP-SAN-ANDRES-NIVEAU-INTERMEDIAIRE-ILMA-2023-2024.pdf\u00a0\u00bb url_new_window=\u00a0\u00bbon\u00a0\u00bb button_text=\u00a0\u00bbVoir le document de l&rsquo;\u00e9cole\u00a0\u00bb button_alignment=\u00a0\u00bbcenter\u00a0\u00bb admin_label=\u00a0\u00bb27g : Bouton vers PDF\u00a0\u00bb _builder_version=\u00a0\u00bb4.20.0&Prime; _module_preset=\u00a0\u00bbdefault\u00a0\u00bb custom_button=\u00a0\u00bbon\u00a0\u00bb button_text_size=\u00a0\u00bb23px\u00a0\u00bb button_text_color=\u00a0\u00bb#5c667b\u00a0\u00bb button_bg_color=\u00a0\u00bb#dce3f1&Prime; button_border_width=\u00a0\u00bb2px\u00a0\u00bb button_border_radius=\u00a0\u00bb11px\u00a0\u00bb button_use_icon=\u00a0\u00bboff\u00a0\u00bb custom_margin=\u00a0\u00bb|||-2px||\u00a0\u00bb box_shadow_style=\u00a0\u00bbpreset1&Prime; global_colors_info=\u00a0\u00bb{}\u00a0\u00bb][\/et_pb_button][et_pb_image src=\u00a0\u00bbhttps:\/\/louisette-marie-arnaud.org\/institution\/wp-content\/uploads\/2023\/11\/coeur-56.png\u00a0\u00bb title_text=\u00a0\u00bbcoeur-56&Prime; align=\u00a0\u00bbcenter\u00a0\u00bb admin_label=\u00a0\u00bb27. : logo coeur\u00a0\u00bb _builder_version=\u00a0\u00bb4.20.0&Prime; _module_preset=\u00a0\u00bbdefault\u00a0\u00bb custom_margin=\u00a0\u00bb75px||75px||true|false\u00a0\u00bb global_colors_info=\u00a0\u00bb{}\u00a0\u00bb][\/et_pb_image][et_pb_text disabled_on=\u00a0\u00bbon|on|on\u00a0\u00bb _builder_version=\u00a0\u00bb4.18.0&Prime; _module_preset=\u00a0\u00bbdefault\u00a0\u00bb text_font_size=\u00a0\u00bb33px\u00a0\u00bb text_orientation=\u00a0\u00bbcenter\u00a0\u00bb custom_margin=\u00a0\u00bb81px|70px|87px|70px||true\u00a0\u00bb custom_padding=\u00a0\u00bb0px|||||\u00a0\u00bb disabled=\u00a0\u00bbon\u00a0\u00bb global_colors_info=\u00a0\u00bb{}\u00a0\u00bb]<strong>IEP Kenn Opperman de Lima au P\u00e9rou<\/strong><br \/>\n[\/et_pb_text][et_pb_text disabled_on=\u00a0\u00bbon|on|on\u00a0\u00bb _builder_version=\u00a0\u00bb4.18.0&Prime; _module_preset=\u00a0\u00bbdefault\u00a0\u00bb text_font=\u00a0\u00bbOpen Sans|700|||||||\u00a0\u00bb text_text_color=\u00a0\u00bb#000000&Prime; text_font_size=\u00a0\u00bb25px\u00a0\u00bb custom_margin=\u00a0\u00bb6px||17px|-78px||\u00a0\u00bb disabled=\u00a0\u00bbon\u00a0\u00bb global_colors_info=\u00a0\u00bb{}\u00a0\u00bb]Leur pr\u00e9sentation :<br \/>\n[\/et_pb_text][et_pb_text disabled_on=\u00a0\u00bbon|on|on\u00a0\u00bb admin_label=\u00a0\u00bb20 : \u00e9ditoriaux finalistes\u00a0\u00bb _builder_version=\u00a0\u00bb4.20.0&Prime; _module_preset=\u00a0\u00bbdefault\u00a0\u00bb text_text_color=\u00a0\u00bb#8FAADC\u00a0\u00bb link_font=\u00a0\u00bb||||||||\u00a0\u00bb header_2_font=\u00a0\u00bb|700|||||||\u00a0\u00bb header_2_text_align=\u00a0\u00bbcenter\u00a0\u00bb header_2_text_color=\u00a0\u00bb#8FAADC\u00a0\u00bb header_2_font_size=\u00a0\u00bb42px\u00a0\u00bb header_2_line_height=\u00a0\u00bb1.2em\u00a0\u00bb width=\u00a0\u00bb100%\u00a0\u00bb custom_margin=\u00a0\u00bb8%||0.1%|40px|false|false\u00a0\u00bb custom_padding=\u00a0\u00bb||149px|||\u00a0\u00bb disabled=\u00a0\u00bbon\u00a0\u00bb global_colors_info=\u00a0\u00bb{}\u00a0\u00bb text_text_color__hover_enabled=\u00a0\u00bboff|hover\u00a0\u00bb text_text_color__hover=\u00a0\u00bb#000000&Prime; text_font_size__hover_enabled=\u00a0\u00bbon|hover\u00a0\u00bb text_font_size__hover=\u00a0\u00bb16px\u00a0\u00bb]<\/p>\n<h2>Editoriaux Finalistes 2023-2024,<\/h2>\n<p>[\/et_pb_text][\/et_pb_column][\/et_pb_row][et_pb_row admin_label=\u00a0\u00bb28. 11\u00e8 \u00e9cole IEP Kenn Oppermann de Lima au P\u00e9rou\u00a0\u00bb _builder_version=\u00a0\u00bb4.20.0&Prime; _module_preset=\u00a0\u00bbdefault\u00a0\u00bb global_colors_info=\u00a0\u00bb{}\u00a0\u00bb][et_pb_column type=\u00a0\u00bb4_4&Prime; _builder_version=\u00a0\u00bb4.20.0&Prime; _module_preset=\u00a0\u00bbdefault\u00a0\u00bb global_colors_info=\u00a0\u00bb{}\u00a0\u00bb][et_pb_text admin_label=\u00a0\u00bb28. IEP Kenn Oppermann de Lima au P\u00e9rou\u00a0\u00bb _builder_version=\u00a0\u00bb4.20.0&Prime; _module_preset=\u00a0\u00bbdefault\u00a0\u00bb text_font_size=\u00a0\u00bb33px\u00a0\u00bb text_orientation=\u00a0\u00bbcenter\u00a0\u00bb custom_margin=\u00a0\u00bb||87px|73px||\u00a0\u00bb custom_padding=\u00a0\u00bb0px|||||\u00a0\u00bb global_colors_info=\u00a0\u00bb{}\u00a0\u00bb]<\/p>\n<p style=\"text-align: center;\"><strong>IEP Kenn Oppermann de Lima au P\u00e9rou<\/strong><\/p>\n<p>[\/et_pb_text][et_pb_text admin_label=\u00a0\u00bb28a : Leur pr\u00e9sentation\u00a0\u00bb _builder_version=\u00a0\u00bb4.20.0&Prime; _module_preset=\u00a0\u00bbdefault\u00a0\u00bb text_font=\u00a0\u00bbOpen Sans|700|||||||\u00a0\u00bb text_text_color=\u00a0\u00bb#000000&Prime; text_font_size=\u00a0\u00bb25px\u00a0\u00bb custom_margin=\u00a0\u00bb6px||17px||false|false\u00a0\u00bb global_colors_info=\u00a0\u00bb{}\u00a0\u00bb]Leur pr\u00e9sentation :<br \/>\n[\/et_pb_text][et_pb_code disabled_on=\u00a0\u00bbon|on|on\u00a0\u00bb admin_label=\u00a0\u00bb28. a video 1 \u00a0\u00bb _builder_version=\u00a0\u00bb4.20.0&Prime; _module_preset=\u00a0\u00bbdefault\u00a0\u00bb text_orientation=\u00a0\u00bbcenter\u00a0\u00bb width=\u00a0\u00bb60%\u00a0\u00bb max_width=\u00a0\u00bb60%\u00a0\u00bb module_alignment=\u00a0\u00bbcenter\u00a0\u00bb custom_margin=\u00a0\u00bb||29px||false|false\u00a0\u00bb custom_padding=\u00a0\u00bb||||false|false\u00a0\u00bb disabled=\u00a0\u00bbon\u00a0\u00bb global_colors_info=\u00a0\u00bb{}\u00a0\u00bb]<iframe loading=\"lazy\" title=\"YouTube video player\" src=\"https:\/\/www.youtube.com\/embed\/C3dnEwIujMU?rel=0\" width=\"560\" height=\"315\" frameborder=\"0\" allow=\"accelerometer; autoplay; clipboard-write; encrypted-media; gyroscope; picture-in-picture; web-share\" allowfullscreen\"><\/iframe>[\/et_pb_code][et_pb_text disabled_on=\u00a0\u00bbon|on|on\u00a0\u00bb admin_label=\u00a0\u00bb28.a: Texte %22Pr\u00e9sentation d\u2019\u00e9l\u00e8ves%22&Prime; _builder_version=\u00a0\u00bb4.20.0&Prime; _module_preset=\u00a0\u00bbdefault\u00a0\u00bb text_font_size=\u00a0\u00bb19px\u00a0\u00bb text_orientation=\u00a0\u00bbcenter\u00a0\u00bb custom_margin=\u00a0\u00bb18px||||false|false\u00a0\u00bb disabled=\u00a0\u00bbon\u00a0\u00bb global_colors_info=\u00a0\u00bb{}\u00a0\u00bb]<\/p>\n<p style=\"text-align: center;\"><strong>Pr\u00e9sentation d\u2019\u00e9l\u00e8ves 10\u00e8me degr\u00e9 de secondaire<\/strong><\/p>\n<p>[\/et_pb_text][\/et_pb_column][\/et_pb_row][et_pb_row column_structure=\u00a0\u00bb1_5,3_5,1_5&Prime; use_custom_gutter=\u00a0\u00bbon\u00a0\u00bb gutter_width=\u00a0\u00bb4&Prime; make_equal=\u00a0\u00bbon\u00a0\u00bb _builder_version=\u00a0\u00bb4.18.0&Prime; _module_preset=\u00a0\u00bbdefault\u00a0\u00bb width=\u00a0\u00bb100%\u00a0\u00bb module_alignment=\u00a0\u00bbcenter\u00a0\u00bb custom_margin=\u00a0\u00bb||||false|false\u00a0\u00bb custom_padding=\u00a0\u00bb||||false|false\u00a0\u00bb global_colors_info=\u00a0\u00bb{}\u00a0\u00bb][et_pb_column type=\u00a0\u00bb1_5&Prime; _builder_version=\u00a0\u00bb4.18.0&Prime; _module_preset=\u00a0\u00bbdefault\u00a0\u00bb global_colors_info=\u00a0\u00bb{}\u00a0\u00bb][\/et_pb_column][et_pb_column type=\u00a0\u00bb3_5&Prime; _builder_version=\u00a0\u00bb4.18.0&Prime; _module_preset=\u00a0\u00bbdefault\u00a0\u00bb global_colors_info=\u00a0\u00bb{}\u00a0\u00bb][et_pb_code admin_label=\u00a0\u00bb28. a video 1 \u00a0\u00bb _builder_version=\u00a0\u00bb4.20.0&Prime; _module_preset=\u00a0\u00bbdefault\u00a0\u00bb custom_margin=\u00a0\u00bb|-27px|29px|59px||\u00a0\u00bb custom_padding=\u00a0\u00bb|66px||||\u00a0\u00bb global_colors_info=\u00a0\u00bb{}\u00a0\u00bb]<iframe loading=\"lazy\" title=\"YouTube video player\" src=\"https:\/\/www.youtube.com\/embed\/C3dnEwIujMU?rel=0\" width=\"560\" height=\"315\" frameborder=\"0\" allow=\"accelerometer; autoplay; clipboard-write; encrypted-media; gyroscope; picture-in-picture; web-share\" allowfullscreen\"><\/iframe>[\/et_pb_code][et_pb_text admin_label=\u00a0\u00bb28.a: Texte %22Pr\u00e9sentation d\u2019\u00e9l\u00e8ves%22&Prime; _builder_version=\u00a0\u00bb4.20.0&Prime; _module_preset=\u00a0\u00bbdefault\u00a0\u00bb text_font_size=\u00a0\u00bb19px\u00a0\u00bb text_orientation=\u00a0\u00bbcenter\u00a0\u00bb custom_margin=\u00a0\u00bb18px|||28px||\u00a0\u00bb custom_padding=\u00a0\u00bb||0px|||\u00a0\u00bb global_colors_info=\u00a0\u00bb{}\u00a0\u00bb]<\/p>\n<p style=\"text-align: center;\"><strong>Pr\u00e9sentation d\u2019\u00e9l\u00e8ves 10\u00e8me degr\u00e9 de secondaire<\/strong><\/p>\n<p>[\/et_pb_text][\/et_pb_column][et_pb_column type=\u00a0\u00bb1_5&Prime; _builder_version=\u00a0\u00bb4.18.0&Prime; _module_preset=\u00a0\u00bbdefault\u00a0\u00bb global_colors_info=\u00a0\u00bb{}\u00a0\u00bb][\/et_pb_column][\/et_pb_row][et_pb_row admin_label=\u00a0\u00bb28. 11\u00e8 \u00e9cole IEP Kenn Oppermann de Lima au P\u00e9rou\u00a0\u00bb _builder_version=\u00a0\u00bb4.18.0&Prime; _module_preset=\u00a0\u00bbdefault\u00a0\u00bb custom_margin=\u00a0\u00bb|auto|||false|false\u00a0\u00bb global_colors_info=\u00a0\u00bb{}\u00a0\u00bb][et_pb_column type=\u00a0\u00bb4_4&Prime; _builder_version=\u00a0\u00bb4.18.0&Prime; _module_preset=\u00a0\u00bbdefault\u00a0\u00bb global_colors_info=\u00a0\u00bb{}\u00a0\u00bb][et_pb_text admin_label=\u00a0\u00bb28 : texte %22editorial pr\u00e9sent\u00e9 au concours%22&Prime; _builder_version=\u00a0\u00bb4.20.0&Prime; _module_preset=\u00a0\u00bbdefault\u00a0\u00bb text_font=\u00a0\u00bbOpen Sans||||||||\u00a0\u00bb text_font_size=\u00a0\u00bb29px\u00a0\u00bb text_orientation=\u00a0\u00bbcenter\u00a0\u00bb custom_margin=\u00a0\u00bb77px||77px|1px|true|false\u00a0\u00bb global_colors_info=\u00a0\u00bb{}\u00a0\u00bb]Editorial pr\u00e9sent\u00e9 au concours<br \/>\n[\/et_pb_text][et_pb_image src=\u00a0\u00bbhttps:\/\/louisette-marie-arnaud.org\/institution\/wp-content\/uploads\/2023\/11\/Kenn-Oppermann-10eme-Institution-Louisette-Marie-Aranud-2023-2024.jpg\u00a0\u00bb title_text=\u00a0\u00bbKenn Oppermann 10\u00e8me -Institution Louisette-Marie Aranud 2023-2024&Prime; url=\u00a0\u00bbhttps:\/\/louisette-marie-arnaud.org\/institution\/wp-content\/uploads\/2023\/11\/11-IEP-KENN-OPPERMANN-10e-ILMA-2023-2024.pdf\u00a0\u00bb align=\u00a0\u00bbcenter\u00a0\u00bb disabled_on=\u00a0\u00bboff|off|off\u00a0\u00bb admin_label=\u00a0\u00bb28e : image l&rsquo;impresionnisme\u00a0\u00bb _builder_version=\u00a0\u00bb4.20.0&Prime; _module_preset=\u00a0\u00bbdefault\u00a0\u00bb module_alignment=\u00a0\u00bbcenter\u00a0\u00bb height=\u00a0\u00bb320px\u00a0\u00bb max_height=\u00a0\u00bb320px\u00a0\u00bb custom_margin=\u00a0\u00bb-5px|||1px|false|false\u00a0\u00bb custom_padding=\u00a0\u00bb3px||||false|false\u00a0\u00bb global_colors_info=\u00a0\u00bb{}\u00a0\u00bb][\/et_pb_image][et_pb_text admin_label=\u00a0\u00bb28 texte : %22sous la direction%22&#8230;\u00a0\u00bb _builder_version=\u00a0\u00bb4.20.0&Prime; _module_preset=\u00a0\u00bbdefault\u00a0\u00bb text_font_size=\u00a0\u00bb24px\u00a0\u00bb text_orientation=\u00a0\u00bbcenter\u00a0\u00bb custom_margin=\u00a0\u00bb||64px|-15px||\u00a0\u00bb global_colors_info=\u00a0\u00bb{}\u00a0\u00bb]<\/p>\n<p>\u00ab L\u2019impressionnisme une r\u00e9volution dans l\u2019art \u00bb<br \/>Sous la direction de Rommel Hernandez Mayorga professeur de fran\u00e7ais<\/p>\n<p>[\/et_pb_text][et_pb_button button_url=\u00a0\u00bbhttps:\/\/louisette-marie-arnaud.org\/institution\/wp-content\/uploads\/2023\/11\/11-IEP-KENN-OPPERMANN-10e-ILMA-2023-2024.pdf\u00a0\u00bb url_new_window=\u00a0\u00bbon\u00a0\u00bb button_text=\u00a0\u00bbVoir le document de l&rsquo;\u00e9cole\u00a0\u00bb button_alignment=\u00a0\u00bbcenter\u00a0\u00bb admin_label=\u00a0\u00bb28g : Bouton vers PDF\u00a0\u00bb _builder_version=\u00a0\u00bb4.20.0&Prime; _module_preset=\u00a0\u00bbdefault\u00a0\u00bb custom_button=\u00a0\u00bbon\u00a0\u00bb button_text_size=\u00a0\u00bb23px\u00a0\u00bb button_text_color=\u00a0\u00bb#5c667b\u00a0\u00bb button_bg_color=\u00a0\u00bb#dce3f1&Prime; button_border_width=\u00a0\u00bb2px\u00a0\u00bb button_border_radius=\u00a0\u00bb11px\u00a0\u00bb button_use_icon=\u00a0\u00bboff\u00a0\u00bb custom_margin=\u00a0\u00bb|||-2px||\u00a0\u00bb box_shadow_style=\u00a0\u00bbpreset1&Prime; global_colors_info=\u00a0\u00bb{}\u00a0\u00bb][\/et_pb_button][et_pb_image src=\u00a0\u00bbhttps:\/\/louisette-marie-arnaud.org\/institution\/wp-content\/uploads\/2023\/11\/coeur-56.png\u00a0\u00bb title_text=\u00a0\u00bbcoeur-56&Prime; align=\u00a0\u00bbcenter\u00a0\u00bb admin_label=\u00a0\u00bb28. : logo coeur\u00a0\u00bb _builder_version=\u00a0\u00bb4.20.0&Prime; _module_preset=\u00a0\u00bbdefault\u00a0\u00bb custom_margin=\u00a0\u00bb75px||95px||false|false\u00a0\u00bb global_colors_info=\u00a0\u00bb{}\u00a0\u00bb][\/et_pb_image][et_pb_text disabled_on=\u00a0\u00bbon|on|on\u00a0\u00bb _builder_version=\u00a0\u00bb4.18.0&Prime; _module_preset=\u00a0\u00bbdefault\u00a0\u00bb text_font_size=\u00a0\u00bb33px\u00a0\u00bb text_orientation=\u00a0\u00bbcenter\u00a0\u00bb custom_margin=\u00a0\u00bb81px|70px|87px|70px||true\u00a0\u00bb custom_padding=\u00a0\u00bb0px|||||\u00a0\u00bb disabled=\u00a0\u00bbon\u00a0\u00bb global_colors_info=\u00a0\u00bb{}\u00a0\u00bb]<strong>IEP Kenn Opperman de Lima au P\u00e9rou<\/strong><br \/>\n[\/et_pb_text][et_pb_text disabled_on=\u00a0\u00bbon|on|on\u00a0\u00bb _builder_version=\u00a0\u00bb4.18.0&Prime; _module_preset=\u00a0\u00bbdefault\u00a0\u00bb text_font=\u00a0\u00bbOpen Sans|700|||||||\u00a0\u00bb text_text_color=\u00a0\u00bb#000000&Prime; text_font_size=\u00a0\u00bb25px\u00a0\u00bb custom_margin=\u00a0\u00bb6px||17px|-78px||\u00a0\u00bb disabled=\u00a0\u00bbon\u00a0\u00bb global_colors_info=\u00a0\u00bb{}\u00a0\u00bb]Leur pr\u00e9sentation :<br \/>\n[\/et_pb_text][et_pb_text disabled_on=\u00a0\u00bbon|on|on\u00a0\u00bb admin_label=\u00a0\u00bb20 : \u00e9ditoriaux finalistes\u00a0\u00bb _builder_version=\u00a0\u00bb4.20.0&Prime; _module_preset=\u00a0\u00bbdefault\u00a0\u00bb text_text_color=\u00a0\u00bb#8FAADC\u00a0\u00bb link_font=\u00a0\u00bb||||||||\u00a0\u00bb header_2_font=\u00a0\u00bb|700|||||||\u00a0\u00bb header_2_text_align=\u00a0\u00bbcenter\u00a0\u00bb header_2_text_color=\u00a0\u00bb#8FAADC\u00a0\u00bb header_2_font_size=\u00a0\u00bb42px\u00a0\u00bb header_2_line_height=\u00a0\u00bb1.2em\u00a0\u00bb width=\u00a0\u00bb100%\u00a0\u00bb custom_margin=\u00a0\u00bb8%||0.1%|40px|false|false\u00a0\u00bb custom_padding=\u00a0\u00bb||149px|||\u00a0\u00bb disabled=\u00a0\u00bbon\u00a0\u00bb global_colors_info=\u00a0\u00bb{}\u00a0\u00bb text_text_color__hover_enabled=\u00a0\u00bboff|hover\u00a0\u00bb text_text_color__hover=\u00a0\u00bb#000000&Prime; text_font_size__hover_enabled=\u00a0\u00bbon|hover\u00a0\u00bb text_font_size__hover=\u00a0\u00bb16px\u00a0\u00bb]<\/p>\n<h2>Editoriaux Finalistes 2023-2024,<\/h2>\n<p>[\/et_pb_text][\/et_pb_column][\/et_pb_row][et_pb_row _builder_version=\u00a0\u00bb4.18.0&Prime; _module_preset=\u00a0\u00bbdefault\u00a0\u00bb custom_margin=\u00a0\u00bb|auto|||false|false\u00a0\u00bb global_colors_info=\u00a0\u00bb{}\u00a0\u00bb][et_pb_column type=\u00a0\u00bb4_4&Prime; _builder_version=\u00a0\u00bb4.18.0&Prime; _module_preset=\u00a0\u00bbdefault\u00a0\u00bb global_colors_info=\u00a0\u00bb{}\u00a0\u00bb][et_pb_text admin_label=\u00a0\u00bbTexte conclusion or\u00a0\u00bb _builder_version=\u00a0\u00bb4.27.4&Prime; _module_preset=\u00a0\u00bbdefault\u00a0\u00bb text_font=\u00a0\u00bb|700|||||||\u00a0\u00bb text_text_color=\u00a0\u00bb#BF8F00&Prime; text_font_size=\u00a0\u00bb30px\u00a0\u00bb text_orientation=\u00a0\u00bbcenter\u00a0\u00bb custom_margin=\u00a0\u00bb||75px|||\u00a0\u00bb hover_enabled=\u00a0\u00bb0&Prime; global_colors_info=\u00a0\u00bb{}\u00a0\u00bb sticky_enabled=\u00a0\u00bb0&Prime;]<\/p>\n<p><strong>Institution Louisette-Marie Arnaud France, pour la jeunesse<\/strong><\/p>\n<p><strong>Semer des Graines et Agir pour le Futur<\/strong><\/p>\n<p>[\/et_pb_text][et_pb_image src=\u00a0\u00bbhttps:\/\/louisette-marie-arnaud.org\/institution\/wp-content\/uploads\/2021\/11\/PROMOUVOIR-LA-LANGUE-ET-LA-CULTURE-FRANCAISE-ET-TRANSMETTRE-LE-FRANCAIS-2.jpg\u00a0\u00bb title_text=\u00a0\u00bbPROMOUVOIR LA LANGUE ET LA CULTURE FRANCAISE ET TRANSMETTRE LE FRANCAIS (2)\u00a0\u00bb align=\u00a0\u00bbcenter\u00a0\u00bb _builder_version=\u00a0\u00bb4.18.0&Prime; _module_preset=\u00a0\u00bbdefault\u00a0\u00bb custom_margin=\u00a0\u00bb|||1px||\u00a0\u00bb animation_style=\u00a0\u00bbslide\u00a0\u00bb animation_direction=\u00a0\u00bbbottom\u00a0\u00bb scroll_scaling_enable=\u00a0\u00bbon\u00a0\u00bb scroll_scaling=\u00a0\u00bb0|60|60|100|100%|100%|40%\u00a0\u00bb global_colors_info=\u00a0\u00bb{}\u00a0\u00bb][\/et_pb_image][\/et_pb_column][\/et_pb_row][et_pb_row custom_padding_last_edited=\u00a0\u00bbon|tablet\u00a0\u00bb _builder_version=\u00a0\u00bb4.16&Prime; _module_preset=\u00a0\u00bbdefault\u00a0\u00bb background_image=\u00a0\u00bbhttps:\/\/louisette-marie-arnaud.org\/institution\/wp-content\/uploads\/2021\/11\/INSTITUTION-LOUISETTE-MARIE-ARNAUD.jpg\u00a0\u00bb width=\u00a0\u00bb600px\u00a0\u00bb width_tablet=\u00a0\u00bb600px\u00a0\u00bb width_phone=\u00a0\u00bb90%\u00a0\u00bb width_last_edited=\u00a0\u00bbon|phone\u00a0\u00bb custom_margin=\u00a0\u00bb8%||||false|false\u00a0\u00bb custom_padding=\u00a0\u00bb1%||15%||false|false\u00a0\u00bb custom_padding_tablet=\u00a0\u00bb||28%||false|false\u00a0\u00bb custom_padding_phone=\u00a0\u00bb1%||34%||false|false\u00a0\u00bb scroll_fade_enable=\u00a0\u00bbon\u00a0\u00bb global_colors_info=\u00a0\u00bb{}\u00a0\u00bb][et_pb_column type=\u00a0\u00bb4_4&Prime; _builder_version=\u00a0\u00bb4.16&Prime; _module_preset=\u00a0\u00bbdefault\u00a0\u00bb global_colors_info=\u00a0\u00bb{}\u00a0\u00bb][et_pb_text _builder_version=\u00a0\u00bb4.27.4&Prime; _module_preset=\u00a0\u00bbdefault\u00a0\u00bb header_2_text_align=\u00a0\u00bbcenter\u00a0\u00bb header_2_text_color=\u00a0\u00bb#FFFFFF\u00a0\u00bb header_2_font_size=\u00a0\u00bb20px\u00a0\u00bb header_2_line_height=\u00a0\u00bb1.4em\u00a0\u00bb hover_enabled=\u00a0\u00bb0&Prime; header_2_font_size_tablet=\u00a0\u00bb21px\u00a0\u00bb header_2_font_size_phone=\u00a0\u00bb16px\u00a0\u00bb header_2_font_size_last_edited=\u00a0\u00bbon|desktop\u00a0\u00bb global_colors_info=\u00a0\u00bb{}\u00a0\u00bb sticky_enabled=\u00a0\u00bb0&Prime;]<\/p>\n<h2><strong>INSTITUTION LOUISETTE-MARIE ARNAUD FRANCE<\/strong><br \/>POUR L\u2019EUROPE ET LES AMERIQUES<\/h2>\n<p>[\/et_pb_text][\/et_pb_column][\/et_pb_row][\/et_pb_section]<\/p>\n","protected":false},"excerpt":{"rendered":"<p>Institution Louisette-Marie Arnaud France, pour la jeunesse Semer des Graines et Agir pour le Futur\u2026INSTITUTION LOUISETTE-MARIE ARNAUD FRANCE PROMEUT LA LANGUE ET LA CULTURE FRAN\u00c7AISE AUSSI AU DIGITALPROMOUVOIR LA LANGUE ET LA CULTURE FRAN\u00c7AISE ET TRANSMETTRE LE FRAN\u00c7AISNotre action institutionnelle <div class=\"et_pb_module dsm_typing_effect dsm_typing_effect_0 et_pb_bg_layout_light \">\n\t\t\t\t\n\t\t\t\t\n\t\t\t\t\n\t\t\t\t\n\t\t\t\t\n\t\t\t\t\n\t\t\t\t<div class=\"et_pb_module_inner\">\n\t\t\t\t\t<h1 class=\"dsm-typing-effect et_pb_module_header\" aria-label=\"Novembre \u2013 D\u00e9cembre 2023. Troisi\u00e8me Edition Interscolaire au P\u00e9rou.\"><span class=\"dsm-before-typing-effect\">Concours Culturel-Educatif Institution Louisette-Marie Arnaud France<\/span> <span class=\"dsm-typing-wrapper\"><span class=\"dsm-typing-strings\">Novembre \u2013 D\u00e9cembre 2023. Troisi\u00e8me Edition Interscolaire au P\u00e9rou.<\/span><span class=\"dsm-typing\" aria-hidden=\"true\" data-dsm-typing-cursor=\"|\" data-dsm-typing-strings=\"Novembre \u2013 D\u00e9cembre 2023. Troisi\u00e8me Edition Interscolaire au P\u00e9rou.\" data-dsm-typing-speed=280ms data-dsm-typing-backspeed=40ms data-dsm-typing-backdelay=700ms data-dsm-typing-loop=true data-dsm-typing-fadeout=false data-dsm-typing-shuffle=false data-dsm-typing-delay=0ms data-dsm-typing-viewport=80% data-dsm-typing-repeat=on><\/span><\/span><\/h1>\n\t\t\t\t<\/div>\n\t\t\t<\/div>Sous le th\u00e8me\u00a0:\u00ab Les pinceaux fran\u00e7ais de l&rsquo;impressionnisme et son \u00e9cho enchant\u00e9 dans le monde \u00bb\u2026Avec une d\u00e9rogation sp\u00e9ciale pour\u00a0sa participation ; l\u2019Institution Louisette-Marie Arnaud pour la jeunesse, a \u00e9t\u00e9 ravie d\u2019accueillir au sein du Concours Culturel-Educatif 2022-2023, les compositions de nos plus jeunes des participants. Il s\u2019agit du Coll\u00e8ge San Antonio de Padua de Tarapoto, qui est\u00a0aujourd\u2019hui \u00ab parmi les coll\u00e8ges finalistes \u00bb\u00a0 et qui\u00a0fait participer au concours 2 classes de section Primaire. Portail du P\u00e9rou Nous tenons \u00e0 souligner que dans le cadre du \u00ab Concours Culturel-Educatif Institution Louisette-Marie Arnaud France, au P\u00e9rou [&hellip;]<\/p>\n","protected":false},"author":2,"featured_media":0,"parent":0,"menu_order":0,"comment_status":"closed","ping_status":"closed","template":"","meta":{"_seopress_robots_primary_cat":"","_seopress_titles_title":"","_seopress_titles_desc":"","_seopress_robots_index":"","_et_pb_use_builder":"on","_et_pb_old_content":"","_et_gb_content_width":"","om_disable_all_campaigns":false,"_monsterinsights_skip_tracking":false,"_monsterinsights_sitenote_active":false,"_monsterinsights_sitenote_note":"","_monsterinsights_sitenote_category":0,"footnotes":""},"class_list":["post-7915","page","type-page","status-publish","hentry"],"aioseo_notices":[],"yoast_head":"<!-- This site is optimized with the Yoast SEO plugin v27.4 - https:\/\/yoast.com\/product\/yoast-seo-wordpress\/ -->\n<title>Action Promouvoir - Finalistes 2023 - Institution Louisette-Marie Arnaud pour la jeunesse<\/title>\n<meta name=\"robots\" content=\"index, follow, max-snippet:-1, max-image-preview:large, max-video-preview:-1\" \/>\n<link rel=\"canonical\" href=\"https:\/\/louisette-marie-arnaud.org\/institution\/action-promouvoir-finalistes-2023\" \/>\n<meta property=\"og:locale\" content=\"fr_FR\" \/>\n<meta property=\"og:type\" content=\"article\" \/>\n<meta property=\"og:title\" content=\"Action Promouvoir - Finalistes 2023 - Institution Louisette-Marie Arnaud pour la jeunesse\" \/>\n<meta property=\"og:description\" content=\"Institution Louisette-Marie Arnaud France, pour la jeunesse Semer des Graines et Agir pour le Futur\u2026INSTITUTION LOUISETTE-MARIE ARNAUD FRANCE PROMEUT LA LANGUE ET LA CULTURE FRAN\u00c7AISE AUSSI AU DIGITALPROMOUVOIR LA LANGUE ET LA CULTURE FRAN\u00c7AISE ET TRANSMETTRE LE FRAN\u00c7AISNotre action institutionnelle Sous le th\u00e8me\u00a0:\u00ab Les pinceaux fran\u00e7ais de l&#039;impressionnisme et son \u00e9cho enchant\u00e9 dans le monde \u00bb\u2026Avec une d\u00e9rogation sp\u00e9ciale pour\u00a0sa participation ; l\u2019Institution Louisette-Marie Arnaud pour la jeunesse, a \u00e9t\u00e9 ravie d\u2019accueillir au sein du Concours Culturel-Educatif 2022-2023, les compositions de nos plus jeunes des participants. Il s\u2019agit du Coll\u00e8ge San Antonio de Padua de Tarapoto, qui est\u00a0aujourd\u2019hui \u00ab parmi les coll\u00e8ges finalistes \u00bb\u00a0 et qui\u00a0fait participer au concours 2 classes de section Primaire. Portail du P\u00e9rou Nous tenons \u00e0 souligner que dans le cadre du \u00ab Concours Culturel-Educatif Institution Louisette-Marie Arnaud France, au P\u00e9rou [&hellip;]\" \/>\n<meta property=\"og:url\" content=\"https:\/\/louisette-marie-arnaud.org\/institution\/action-promouvoir-finalistes-2023\" \/>\n<meta property=\"og:site_name\" content=\"Institution Louisette-Marie Arnaud pour la jeunesse\" \/>\n<meta property=\"article:publisher\" content=\"https:\/\/www.facebook.com\/InstitutionLouisetteMarieArnaud\" \/>\n<meta property=\"article:modified_time\" content=\"2025-10-03T14:50:36+00:00\" \/>\n<meta name=\"twitter:card\" content=\"summary_large_image\" \/>\n<meta name=\"twitter:label1\" content=\"Dur\u00e9e de lecture estim\u00e9e\" \/>\n\t<meta name=\"twitter:data1\" content=\"9 minutes\" \/>\n<script type=\"application\/ld+json\" class=\"yoast-schema-graph\">{\"@context\":\"https:\\\/\\\/schema.org\",\"@graph\":[{\"@type\":\"WebPage\",\"@id\":\"https:\\\/\\\/louisette-marie-arnaud.org\\\/institution\\\/action-promouvoir-finalistes-2023\",\"url\":\"https:\\\/\\\/louisette-marie-arnaud.org\\\/institution\\\/action-promouvoir-finalistes-2023\",\"name\":\"Action Promouvoir - Finalistes 2023 - Institution Louisette-Marie Arnaud pour la jeunesse\",\"isPartOf\":{\"@id\":\"https:\\\/\\\/louisette-marie-arnaud.org\\\/institution\\\/#website\"},\"datePublished\":\"2023-11-16T08:56:35+00:00\",\"dateModified\":\"2025-10-03T14:50:36+00:00\",\"breadcrumb\":{\"@id\":\"https:\\\/\\\/louisette-marie-arnaud.org\\\/institution\\\/action-promouvoir-finalistes-2023#breadcrumb\"},\"inLanguage\":\"fr-FR\",\"potentialAction\":[{\"@type\":\"ReadAction\",\"target\":[\"https:\\\/\\\/louisette-marie-arnaud.org\\\/institution\\\/action-promouvoir-finalistes-2023\"]}]},{\"@type\":\"BreadcrumbList\",\"@id\":\"https:\\\/\\\/louisette-marie-arnaud.org\\\/institution\\\/action-promouvoir-finalistes-2023#breadcrumb\",\"itemListElement\":[{\"@type\":\"ListItem\",\"position\":1,\"name\":\"Accueil\",\"item\":\"https:\\\/\\\/louisette-marie-arnaud.org\\\/institution\\\/\"},{\"@type\":\"ListItem\",\"position\":2,\"name\":\"Action Promouvoir &#8211; Finalistes 2023\"}]},{\"@type\":\"WebSite\",\"@id\":\"https:\\\/\\\/louisette-marie-arnaud.org\\\/institution\\\/#website\",\"url\":\"https:\\\/\\\/louisette-marie-arnaud.org\\\/institution\\\/\",\"name\":\"Institution Louisette-Marie Arnaud pour la jeunesse\",\"description\":\"PROMOUVOIR PROTEGER SOIGNER\",\"publisher\":{\"@id\":\"https:\\\/\\\/louisette-marie-arnaud.org\\\/institution\\\/#organization\"},\"potentialAction\":[{\"@type\":\"SearchAction\",\"target\":{\"@type\":\"EntryPoint\",\"urlTemplate\":\"https:\\\/\\\/louisette-marie-arnaud.org\\\/institution\\\/?s={search_term_string}\"},\"query-input\":{\"@type\":\"PropertyValueSpecification\",\"valueRequired\":true,\"valueName\":\"search_term_string\"}}],\"inLanguage\":\"fr-FR\"},{\"@type\":\"Organization\",\"@id\":\"https:\\\/\\\/louisette-marie-arnaud.org\\\/institution\\\/#organization\",\"name\":\"Institution Louisette-Marie Arnaud pour la jeunesse\",\"url\":\"https:\\\/\\\/louisette-marie-arnaud.org\\\/institution\\\/\",\"logo\":{\"@type\":\"ImageObject\",\"inLanguage\":\"fr-FR\",\"@id\":\"https:\\\/\\\/louisette-marie-arnaud.org\\\/institution\\\/#\\\/schema\\\/logo\\\/image\\\/\",\"url\":\"https:\\\/\\\/louisette-marie-arnaud.org\\\/institution\\\/wp-content\\\/uploads\\\/2021\\\/08\\\/cropped-Capture-LOGO-DANIELLI-PAGE-DACCUEIL-Copie.jpg\",\"contentUrl\":\"https:\\\/\\\/louisette-marie-arnaud.org\\\/institution\\\/wp-content\\\/uploads\\\/2021\\\/08\\\/cropped-Capture-LOGO-DANIELLI-PAGE-DACCUEIL-Copie.jpg\",\"width\":139,\"height\":134,\"caption\":\"Institution Louisette-Marie Arnaud pour la jeunesse\"},\"image\":{\"@id\":\"https:\\\/\\\/louisette-marie-arnaud.org\\\/institution\\\/#\\\/schema\\\/logo\\\/image\\\/\"},\"sameAs\":[\"https:\\\/\\\/www.facebook.com\\\/InstitutionLouisetteMarieArnaud\"]}]}<\/script>\n<!-- \/ Yoast SEO plugin. -->","yoast_head_json":{"title":"Action Promouvoir - Finalistes 2023 - Institution Louisette-Marie Arnaud pour la jeunesse","robots":{"index":"index","follow":"follow","max-snippet":"max-snippet:-1","max-image-preview":"max-image-preview:large","max-video-preview":"max-video-preview:-1"},"canonical":"https:\/\/louisette-marie-arnaud.org\/institution\/action-promouvoir-finalistes-2023","og_locale":"fr_FR","og_type":"article","og_title":"Action Promouvoir - Finalistes 2023 - Institution Louisette-Marie Arnaud pour la jeunesse","og_description":"Institution Louisette-Marie Arnaud France, pour la jeunesse Semer des Graines et Agir pour le Futur\u2026INSTITUTION LOUISETTE-MARIE ARNAUD FRANCE PROMEUT LA LANGUE ET LA CULTURE FRAN\u00c7AISE AUSSI AU DIGITALPROMOUVOIR LA LANGUE ET LA CULTURE FRAN\u00c7AISE ET TRANSMETTRE LE FRAN\u00c7AISNotre action institutionnelle Sous le th\u00e8me\u00a0:\u00ab Les pinceaux fran\u00e7ais de l'impressionnisme et son \u00e9cho enchant\u00e9 dans le monde \u00bb\u2026Avec une d\u00e9rogation sp\u00e9ciale pour\u00a0sa participation ; l\u2019Institution Louisette-Marie Arnaud pour la jeunesse, a \u00e9t\u00e9 ravie d\u2019accueillir au sein du Concours Culturel-Educatif 2022-2023, les compositions de nos plus jeunes des participants. Il s\u2019agit du Coll\u00e8ge San Antonio de Padua de Tarapoto, qui est\u00a0aujourd\u2019hui \u00ab parmi les coll\u00e8ges finalistes \u00bb\u00a0 et qui\u00a0fait participer au concours 2 classes de section Primaire. Portail du P\u00e9rou Nous tenons \u00e0 souligner que dans le cadre du \u00ab Concours Culturel-Educatif Institution Louisette-Marie Arnaud France, au P\u00e9rou [&hellip;]","og_url":"https:\/\/louisette-marie-arnaud.org\/institution\/action-promouvoir-finalistes-2023","og_site_name":"Institution Louisette-Marie Arnaud pour la jeunesse","article_publisher":"https:\/\/www.facebook.com\/InstitutionLouisetteMarieArnaud","article_modified_time":"2025-10-03T14:50:36+00:00","twitter_card":"summary_large_image","twitter_misc":{"Dur\u00e9e de lecture estim\u00e9e":"9 minutes"},"schema":{"@context":"https:\/\/schema.org","@graph":[{"@type":"WebPage","@id":"https:\/\/louisette-marie-arnaud.org\/institution\/action-promouvoir-finalistes-2023","url":"https:\/\/louisette-marie-arnaud.org\/institution\/action-promouvoir-finalistes-2023","name":"Action Promouvoir - Finalistes 2023 - Institution Louisette-Marie Arnaud pour la jeunesse","isPartOf":{"@id":"https:\/\/louisette-marie-arnaud.org\/institution\/#website"},"datePublished":"2023-11-16T08:56:35+00:00","dateModified":"2025-10-03T14:50:36+00:00","breadcrumb":{"@id":"https:\/\/louisette-marie-arnaud.org\/institution\/action-promouvoir-finalistes-2023#breadcrumb"},"inLanguage":"fr-FR","potentialAction":[{"@type":"ReadAction","target":["https:\/\/louisette-marie-arnaud.org\/institution\/action-promouvoir-finalistes-2023"]}]},{"@type":"BreadcrumbList","@id":"https:\/\/louisette-marie-arnaud.org\/institution\/action-promouvoir-finalistes-2023#breadcrumb","itemListElement":[{"@type":"ListItem","position":1,"name":"Accueil","item":"https:\/\/louisette-marie-arnaud.org\/institution\/"},{"@type":"ListItem","position":2,"name":"Action Promouvoir &#8211; Finalistes 2023"}]},{"@type":"WebSite","@id":"https:\/\/louisette-marie-arnaud.org\/institution\/#website","url":"https:\/\/louisette-marie-arnaud.org\/institution\/","name":"Institution Louisette-Marie Arnaud pour la jeunesse","description":"PROMOUVOIR PROTEGER SOIGNER","publisher":{"@id":"https:\/\/louisette-marie-arnaud.org\/institution\/#organization"},"potentialAction":[{"@type":"SearchAction","target":{"@type":"EntryPoint","urlTemplate":"https:\/\/louisette-marie-arnaud.org\/institution\/?s={search_term_string}"},"query-input":{"@type":"PropertyValueSpecification","valueRequired":true,"valueName":"search_term_string"}}],"inLanguage":"fr-FR"},{"@type":"Organization","@id":"https:\/\/louisette-marie-arnaud.org\/institution\/#organization","name":"Institution Louisette-Marie Arnaud pour la jeunesse","url":"https:\/\/louisette-marie-arnaud.org\/institution\/","logo":{"@type":"ImageObject","inLanguage":"fr-FR","@id":"https:\/\/louisette-marie-arnaud.org\/institution\/#\/schema\/logo\/image\/","url":"https:\/\/louisette-marie-arnaud.org\/institution\/wp-content\/uploads\/2021\/08\/cropped-Capture-LOGO-DANIELLI-PAGE-DACCUEIL-Copie.jpg","contentUrl":"https:\/\/louisette-marie-arnaud.org\/institution\/wp-content\/uploads\/2021\/08\/cropped-Capture-LOGO-DANIELLI-PAGE-DACCUEIL-Copie.jpg","width":139,"height":134,"caption":"Institution Louisette-Marie Arnaud pour la jeunesse"},"image":{"@id":"https:\/\/louisette-marie-arnaud.org\/institution\/#\/schema\/logo\/image\/"},"sameAs":["https:\/\/www.facebook.com\/InstitutionLouisetteMarieArnaud"]}]}},"jetpack_sharing_enabled":true,"_links":{"self":[{"href":"https:\/\/louisette-marie-arnaud.org\/institution\/wp-json\/wp\/v2\/pages\/7915","targetHints":{"allow":["GET"]}}],"collection":[{"href":"https:\/\/louisette-marie-arnaud.org\/institution\/wp-json\/wp\/v2\/pages"}],"about":[{"href":"https:\/\/louisette-marie-arnaud.org\/institution\/wp-json\/wp\/v2\/types\/page"}],"author":[{"embeddable":true,"href":"https:\/\/louisette-marie-arnaud.org\/institution\/wp-json\/wp\/v2\/users\/2"}],"replies":[{"embeddable":true,"href":"https:\/\/louisette-marie-arnaud.org\/institution\/wp-json\/wp\/v2\/comments?post=7915"}],"version-history":[{"count":167,"href":"https:\/\/louisette-marie-arnaud.org\/institution\/wp-json\/wp\/v2\/pages\/7915\/revisions"}],"predecessor-version":[{"id":11363,"href":"https:\/\/louisette-marie-arnaud.org\/institution\/wp-json\/wp\/v2\/pages\/7915\/revisions\/11363"}],"wp:attachment":[{"href":"https:\/\/louisette-marie-arnaud.org\/institution\/wp-json\/wp\/v2\/media?parent=7915"}],"curies":[{"name":"wp","href":"https:\/\/api.w.org\/{rel}","templated":true}]}}