{"id":795,"date":"2021-09-01T12:17:41","date_gmt":"2021-09-01T10:17:41","guid":{"rendered":"https:\/\/louisette-marie-arnaud.org\/institution\/?page_id=795"},"modified":"2025-10-02T14:42:26","modified_gmt":"2025-10-02T12:42:26","slug":"l-histoire-institution-louisette-marie-arnaud","status":"publish","type":"page","link":"https:\/\/louisette-marie-arnaud.org\/institution\/l-histoire-institution-louisette-marie-arnaud","title":{"rendered":"L\u2019HISTOIRE INSTITUTION LOUISETTE-MARIE ARNAUD"},"content":{"rendered":"<p>[et_pb_section fb_built=\u00a0\u00bb1&Prime; fullwidth=\u00a0\u00bbon\u00a0\u00bb admin_label=\u00a0\u00bbMain Slider Global Section\u00a0\u00bb _builder_version=\u00a0\u00bb4.11.1&Prime; _module_preset=\u00a0\u00bbdefault\u00a0\u00bb custom_margin=\u00a0\u00bb||||false|false\u00a0\u00bb custom_padding=\u00a0\u00bb||0px||false|false\u00a0\u00bb da_disable_devices=\u00a0\u00bboff|off|off\u00a0\u00bb global_module=\u00a0\u00bb1123&Prime; saved_tabs=\u00a0\u00bball\u00a0\u00bb global_colors_info=\u00a0\u00bb{}\u00a0\u00bb da_is_popup=\u00a0\u00bboff\u00a0\u00bb da_exit_intent=\u00a0\u00bboff\u00a0\u00bb da_has_close=\u00a0\u00bbon\u00a0\u00bb da_alt_close=\u00a0\u00bboff\u00a0\u00bb da_dark_close=\u00a0\u00bboff\u00a0\u00bb da_not_modal=\u00a0\u00bbon\u00a0\u00bb da_is_singular=\u00a0\u00bboff\u00a0\u00bb da_with_loader=\u00a0\u00bboff\u00a0\u00bb da_has_shadow=\u00a0\u00bbon\u00a0\u00bb][et_pb_fullwidth_code _builder_version=\u00a0\u00bb4.16&Prime; _module_preset=\u00a0\u00bbdefault\u00a0\u00bb global_colors_info=\u00a0\u00bb{}\u00a0\u00bb]<script type=\"text\/javascript\">jQuery(function() { _initLayerSlider( '#layerslider_1_nd30qmupqljh', {createdWith: '6.11.8', sliderVersion: '6.11.8', allowFullscreen: true, pauseOnHover: 'enabled', skin: 'v6', sliderFadeInDuration: 350, useSrcset: true, skinsPath: 'https:\/\/louisette-marie-arnaud.org\/institution\/wp-content\/plugins\/LayerSlider\/assets\/static\/layerslider\/skins\/', performanceMode: true}); });<\/script><div id=\"layerslider_1_nd30qmupqljh\"  class=\"ls-wp-container fitvidsignore ls-selectable\" style=\"width:1280px;height:300px;margin:0 auto;margin-bottom: 0px;\"><div class=\"ls-slide\" data-ls=\"duration:4000;transition2d:2;\"><img loading=\"lazy\" decoding=\"async\" width=\"1800\" height=\"800\" src=\"https:\/\/louisette-marie-arnaud.org\/institution\/wp-content\/uploads\/2021\/09\/1.jpg\" class=\"ls-bg\" alt=\"\" srcset=\"https:\/\/louisette-marie-arnaud.org\/institution\/wp-content\/uploads\/2021\/09\/1.jpg 1800w, https:\/\/louisette-marie-arnaud.org\/institution\/wp-content\/uploads\/2021\/09\/1-1280x569.jpg 1280w, https:\/\/louisette-marie-arnaud.org\/institution\/wp-content\/uploads\/2021\/09\/1-980x436.jpg 980w, https:\/\/louisette-marie-arnaud.org\/institution\/wp-content\/uploads\/2021\/09\/1-480x213.jpg 480w\" sizes=\"(min-width: 0px) and (max-width: 480px) 480px, (min-width: 481px) and (max-width: 980px) 980px, (min-width: 981px) and (max-width: 1280px) 1280px, (min-width: 1281px) 1800px, 100vw\" \/><a href=\"https:\/\/louisette-marie-arnaud.org\/institution\/promouvoir\" target=\"_self\" class=\"ls-link ls-link-on-top\"><\/a><\/div><div class=\"ls-slide\" data-ls=\"duration:4000;transition2d:2;\"><img loading=\"lazy\" decoding=\"async\" width=\"1800\" height=\"801\" src=\"https:\/\/louisette-marie-arnaud.org\/institution\/wp-content\/uploads\/2021\/09\/2.jpg\" class=\"ls-bg\" alt=\"\" srcset=\"https:\/\/louisette-marie-arnaud.org\/institution\/wp-content\/uploads\/2021\/09\/2.jpg 1800w, https:\/\/louisette-marie-arnaud.org\/institution\/wp-content\/uploads\/2021\/09\/2-1280x570.jpg 1280w, https:\/\/louisette-marie-arnaud.org\/institution\/wp-content\/uploads\/2021\/09\/2-980x436.jpg 980w, https:\/\/louisette-marie-arnaud.org\/institution\/wp-content\/uploads\/2021\/09\/2-480x214.jpg 480w\" sizes=\"(min-width: 0px) and (max-width: 480px) 480px, (min-width: 481px) and (max-width: 980px) 980px, (min-width: 981px) and (max-width: 1280px) 1280px, (min-width: 1281px) 1800px, 100vw\" \/><a href=\"https:\/\/louisette-marie-arnaud.org\/institution\/proteger\" target=\"_self\" class=\"ls-link ls-link-on-top\"><\/a><\/div><div class=\"ls-slide\" data-ls=\"duration:4000;transition2d:2;\"><img loading=\"lazy\" decoding=\"async\" width=\"1800\" height=\"800\" src=\"https:\/\/louisette-marie-arnaud.org\/institution\/wp-content\/uploads\/2021\/09\/3.jpg\" class=\"ls-bg\" alt=\"\" srcset=\"https:\/\/louisette-marie-arnaud.org\/institution\/wp-content\/uploads\/2021\/09\/3.jpg 1800w, https:\/\/louisette-marie-arnaud.org\/institution\/wp-content\/uploads\/2021\/09\/3-1280x569.jpg 1280w, https:\/\/louisette-marie-arnaud.org\/institution\/wp-content\/uploads\/2021\/09\/3-980x436.jpg 980w, https:\/\/louisette-marie-arnaud.org\/institution\/wp-content\/uploads\/2021\/09\/3-480x213.jpg 480w\" sizes=\"(min-width: 0px) and (max-width: 480px) 480px, (min-width: 481px) and (max-width: 980px) 980px, (min-width: 981px) and (max-width: 1280px) 1280px, (min-width: 1281px) 1800px, 100vw\" \/><a href=\"https:\/\/louisette-marie-arnaud.org\/institution\/soigner\" target=\"_self\" class=\"ls-link ls-link-on-top\"><\/a><\/div><\/div>[\/et_pb_fullwidth_code][\/et_pb_section][et_pb_section fb_built=\u00a0\u00bb1&Prime; _builder_version=\u00a0\u00bb4.16&Prime; _module_preset=\u00a0\u00bbdefault\u00a0\u00bb da_disable_devices=\u00a0\u00bboff|off|off\u00a0\u00bb global_colors_info=\u00a0\u00bb{}\u00a0\u00bb da_is_popup=\u00a0\u00bboff\u00a0\u00bb da_exit_intent=\u00a0\u00bboff\u00a0\u00bb da_has_close=\u00a0\u00bbon\u00a0\u00bb da_alt_close=\u00a0\u00bboff\u00a0\u00bb da_dark_close=\u00a0\u00bboff\u00a0\u00bb da_not_modal=\u00a0\u00bbon\u00a0\u00bb da_is_singular=\u00a0\u00bboff\u00a0\u00bb da_with_loader=\u00a0\u00bboff\u00a0\u00bb da_has_shadow=\u00a0\u00bbon\u00a0\u00bb][et_pb_row _builder_version=\u00a0\u00bb4.16&Prime; _module_preset=\u00a0\u00bbdefault\u00a0\u00bb global_colors_info=\u00a0\u00bb{}\u00a0\u00bb][et_pb_column type=\u00a0\u00bb4_4&Prime; _builder_version=\u00a0\u00bb4.16&Prime; _module_preset=\u00a0\u00bbdefault\u00a0\u00bb global_colors_info=\u00a0\u00bb{}\u00a0\u00bb][et_pb_text _builder_version=\u00a0\u00bb4.16&Prime; _module_preset=\u00a0\u00bbdefault\u00a0\u00bb header_font=\u00a0\u00bb|700|||||||\u00a0\u00bb header_text_align=\u00a0\u00bbcenter\u00a0\u00bb global_colors_info=\u00a0\u00bb{}\u00a0\u00bb]<\/p>\n<h1>L\u2019HISTOIRE<\/h1>\n<p>&nbsp;<\/p>\n<h1>INSTITUTION LOUISETTE-MARIE ARNAUD<\/h1>\n<p>[\/et_pb_text][et_pb_image src=\u00a0\u00bbhttps:\/\/louisette-marie-arnaud.org\/institution\/wp-content\/uploads\/2021\/09\/history-1.jpg\u00a0\u00bb title_text=\u00a0\u00bbhistory\u00a0\u00bb align=\u00a0\u00bbcenter\u00a0\u00bb _builder_version=\u00a0\u00bb4.16&Prime; _module_preset=\u00a0\u00bbdefault\u00a0\u00bb global_colors_info=\u00a0\u00bb{}\u00a0\u00bb][\/et_pb_image][et_pb_text module_class=\u00a0\u00bblucida\u00a0\u00bb _builder_version=\u00a0\u00bb4.16&Prime; _module_preset=\u00a0\u00bbdefault\u00a0\u00bb text_font_size=\u00a0\u00bb15px\u00a0\u00bb global_colors_info=\u00a0\u00bb{}\u00a0\u00bb]<\/p>\n<p>\u2026Histoire d\u2019une belle amiti\u00e9 et d\u2019une cause commune.<\/p>\n<p>[\/et_pb_text][et_pb_text module_class=\u00a0\u00bbbigTextBlockPs\u00a0\u00bb _builder_version=\u00a0\u00bb4.27.4&Prime; _module_preset=\u00a0\u00bbdefault\u00a0\u00bb text_orientation=\u00a0\u00bbjustified\u00a0\u00bb hover_enabled=\u00a0\u00bb0&Prime; global_colors_info=\u00a0\u00bb{}\u00a0\u00bb sticky_enabled=\u00a0\u00bb0&Prime;]<\/p>\n<p>Une rencontre, juillet 1994 \u00e0 Paris.<\/p>\n<p>Louisette-Marie Arnaud \u00a0 \u00a0 \u00a0\u00a0 Infirmi\u00e8re hospitali\u00e8re<\/p>\n<p style=\"padding-left: 180px;\">Fait la rencontre dans l\u2019h\u00f4pital de La Salp\u00eatri\u00e8re de sa coll\u00e8gue et amie Norma Valdez Carranza (m\u00e9decin p\u00e9ruvienne en sp\u00e9cialisation d\u2019ophtalmologie), elle-m\u00eame une amie de Ruby Villar-Documet<\/p>\n<p>Louisette ayant d\u00e9j\u00e0 \u00e9t\u00e9 infirmi\u00e8re en mission humanitaire avec M\u00e9decins du Monde, notamment pendant trois ann\u00e9es\u00a0:<\/p>\n<p style=\"padding-left: 120px;\">au sud de Soudan deux fois \u2013 Ville d\u2019Ayod et Ville de Nasir<br \/>en Somalie une fois \u2013 Ville de Bardera<br \/>en Tanzanie une fois \u2013 Ville de Bukoba<\/p>\n<p>Ruby, Psychologue clinicienne en Psychopathologies au P\u00e9rou et passionn\u00e9e par le fonctionnement cognitif de l\u2019\u00eatre humain.<\/p>\n<p style=\"padding-left: 120px;\">En France depuis 1985, dans le but d\u2019une ouverture au monde et la connaissance de la France, pays d\u2019origine de la famille de sa m\u00e8re.<br \/>A Paris, formation compl\u00e9mentaire : DEA en Psychopathologie Clinique et Pathologique. Universit\u00e9 Paris V et Criminologie Appliqu\u00e9e \u00e0 l\u2019Expertise Mentale &#8211; Centre Medico Legal \u2013 Universit\u00e9 Ren\u00e9 Descartes \u00e0 Paris V.<br \/>Puis, Dipl\u00f4me CEDS, 1992-1993 du Centre d\u2019Etudes Diplomatiques et Strat\u00e9giques \u00e0 Paris.<\/p>\n<p>Ruby avait d\u00e9j\u00e0 par ailleurs, au P\u00e9rou, une exp\u00e9rience combinant l\u2019expertise scientifique et l\u2019exp\u00e9rience clinique : Chercheur en sciences Cognitives sp\u00e9cialis\u00e9e en Psychiatrie ; Psychologue chef du service de Psychologie, en h\u00f4pital psychiatrique \u2013 Pavillon 9 &#8211; H\u00f4pital Victor Larco Herrera (le plus ancien h\u00f4pital psychiatrique de l\u2019Am\u00e9rique Latine) et enseignante universitaire de Psychiatrie \u00e0 l\u2019universit\u00e9 Inca Garcilaso de la Vega.<\/p>\n<p>Terrain commun de leur force humaine \u00ab\u00a0la sant\u00e9, la bienfaisance au monde \u00bb, des esprits communicatifs de valeurs, et de motivations communes Louisette fait la connaissance de Ruby \u00e0 travers Norma.<\/p>\n<p>Des go\u00fbts qui se rejoignent : l\u2019\u00e9tude, la lecture, les expositions, les beaux-arts, le th\u00e9\u00e2tre, le cin\u00e9ma, les voyages, les fous rires, la d\u00e9couverte, la gastronomie, la photographie, notamment des paysages de ville et de la nature en France et \u00e0 l\u2019\u00e9tranger au cours de dizaines de voyages, en France, en Europe, aux Am\u00e9riques et \u00e9galement les questions humanitaires, en mati\u00e8re de sant\u00e9 en g\u00e9n\u00e9ral et d\u2019aide \u00e0 apporter dans les situations d\u2019urgence dans le monde.<\/p>\n<p>C\u2019est ainsi que Louisette s\u2019int\u00e8gre dans une dynamique de r\u00e9flexion et dans un groupe d\u2019amis, voire une famille orient\u00e9e vers des valeurs partag\u00e9es \u00e0 mettre en \u0153uvre.<\/p>\n<p>C\u2019est pourquoi, Louisette a pu mettre toutes ces comp\u00e9tences en tant que Responsable de la Sant\u00e9, au service de l\u2019OCDHFI \u2013 Organisation pour la Coop\u00e9ration des Pays Francophones et Hispanophones, \u00e0 la demande de son amie Ruby, elle-m\u00eame Pr\u00e9sidente Fondatrice de l\u2019OCDHFI.<\/p>\n<p>Des op\u00e9rations importantes ont eu lieu au Nicaragua en 1998 puis au Guatemala en 1999 (collecte et envoi de deux avions de nourriture, v\u00eatements et m\u00e9dicaments) aux sinistr\u00e9s de l\u2019ouragan Mitch ainsi que des \u00e9tudes de projets d\u2019h\u00f4pitaux en C\u00f4te d\u2019Ivoire et en Guin\u00e9e Conacry.<\/p>\n<p>Par ailleurs, Louisette a partag\u00e9 son amour de la France avec ses amis p\u00e9ruviens, d\u2019o\u00f9 son travail de soutien scolaire d\u00e9j\u00e0 en France en 2001, puis au P\u00e9rou m\u00eame, o\u00f9 elle a trouv\u00e9 une famille de c\u0153ur qui la ch\u00e9rissait et des dizaines d\u2019amis qui ont su aimer : sa gait\u00e9, sa gentillesse, son air espi\u00e8gle, sa bienveillance et le professionnalisme qui \u00e9manait de ses interventions de sant\u00e9 pleines de g\u00e9n\u00e9rosit\u00e9 humaine.<\/p>\n<p>Louisette a d\u00e9couvert le P\u00e9rou pour la premi\u00e8re fois en 1998 et le pays, sa culture, sa litt\u00e9rature, ses vestiges arch\u00e9ologiques, son art pr\u00e9colombien, ses villes, l\u2019architecture de Lima, ses plats culinaires, les P\u00e9ruviens et le territoire en g\u00e9n\u00e9ral n\u2019avaient pas trop de secrets pour elle ; d\u00e9couverte que sa curiosit\u00e9 bienveillante avait rapidement aid\u00e9 \u00e0 d\u00e9chiffrer lors de ses nombreux voyages le long du territoire.<\/p>\n<p>Louisette parlait, lisait et pensait en espagnol et avait une carte de r\u00e9sidente octroy\u00e9e par le gouvernement p\u00e9ruvien.<\/p>\n<p>A Lima, Louisette a entrepris ses cours de fran\u00e7ais avec comp\u00e9tence, lesquels \u00e9taient tr\u00e8s appr\u00e9ci\u00e9s, autant par l\u2019enseignement qu\u2019elle prodiguait, que par la gentillesse qu&rsquo;elle rayonnait.<\/p>\n<p>Avec sa famille de c\u0153ur, dont la m\u00e8re \u00e9tait d\u2019origine fran\u00e7aise et qu\u2019elle a su remplir de joie et d\u2019amour dans un beau partage d\u2019affection, Louisette a d\u00e9couvert et aim\u00e9 le P\u00e9rou, devenu pour elle un pays d\u2019adoption.<\/p>\n<p>Elle a su trouver de la joie dans des oiseaux de ville qui venaient la chercher dans son jardin pour le soin et la tendresse qu\u2019elle leur prodiguait en les nourrissant et en partageant avec eux des douces m\u00e9lodies dans un cadre ombrag\u00e9 par des arbres fruitiers\u2026 ils avaient d\u00e9cid\u00e9 de la remercier en y faisant des couv\u00e9es tant\u00f4t de gorge-rouges, tant\u00f4t de colibris, tant\u00f4t de canaris\u2026 un bel endroit propice au calme et \u00e0 la lecture qu\u2019elle affectionnait.<\/p>\n<p>En 2014 Louisette, impressionn\u00e9e par le travail scientifique en Neurosciences Cliniques, entrepris et men\u00e9 avec succ\u00e8s par son amie Ruby, s\u2019est initi\u00e9e au d\u00e9roulement de la th\u00e9rapie et aux bienfaits qui en r\u00e9sultaient :\u00a0 th\u00e9rapie novatrice qu\u2019elle entrevoyait comme une solution \u00e0 des pathologies cognitives, mentales, de troubles d\u00e9veloppementaux du cerveau humain.<\/p>\n<p>Louisette-Marie Arnaud s\u2019est \u00e9teinte \u00e0 Lima au P\u00e9rou le 29 novembre 2020, de fa\u00e7on subite.<\/p>\n<p>En hommage aussi \u00e0 l\u2019affection qu\u2019elle portait \u00e0 l\u2019Amazonie, au P\u00e9rou, \u00e0 ses paysages, \u00e0 son jardin et \u00e0 ses oiseaux, une For\u00eat de 50 arbres dans l\u2019Amazonie Colombienne, et une autre semblable dans l\u2019Amazonie Br\u00e9silienne portent son nom, offertes par Ruby et la famille Villar-Documet, sa famille de c\u0153ur \u00e0 jamais.<\/p>\n<p>En continuation de la mise en \u0153uvre de valeurs communes et en communion avec elle, l\u2019Institution Louisette-Marie Arnaud France a vu le jour \u00e0 Paris, le 4 mai 2021. Elle porte les objectifs de \u00ab Promouvoir \u00bb la langue et la culture fran\u00e7aise, de \u00ab Prot\u00e9ger \u00bb les arbres dans la nature et les oiseaux des villes, de \u00ab Soigner \u00bb par les th\u00e9rapies novatrices de Pathologies Cognitives, Mentales, des Troubles Neurod\u00e9veloppementaux du Cerveau humain.<\/p>\n<p>Une belle histoire qui continue\u2026<\/p>\n<p>[\/et_pb_text][\/et_pb_column][\/et_pb_row][et_pb_row column_structure=\u00a0\u00bb1_2,1_2&Prime; _builder_version=\u00a0\u00bb4.16&Prime; _module_preset=\u00a0\u00bbdefault\u00a0\u00bb global_colors_info=\u00a0\u00bb{}\u00a0\u00bb][et_pb_column type=\u00a0\u00bb1_2&Prime; _builder_version=\u00a0\u00bb4.16&Prime; _module_preset=\u00a0\u00bbdefault\u00a0\u00bb global_colors_info=\u00a0\u00bb{}\u00a0\u00bb][\/et_pb_column][et_pb_column type=\u00a0\u00bb1_2&Prime; _builder_version=\u00a0\u00bb4.16&Prime; _module_preset=\u00a0\u00bbdefault\u00a0\u00bb global_colors_info=\u00a0\u00bb{}\u00a0\u00bb][et_pb_text _builder_version=\u00a0\u00bb4.27.4&Prime; _module_preset=\u00a0\u00bbdefault\u00a0\u00bb header_font_size=\u00a0\u00bb20px\u00a0\u00bb header_6_text_color=\u00a0\u00bb#000000&Prime; header_6_font_size=\u00a0\u00bb18px\u00a0\u00bb text_orientation=\u00a0\u00bbcenter\u00a0\u00bb hover_enabled=\u00a0\u00bb0&Prime; global_colors_info=\u00a0\u00bb{}\u00a0\u00bb sticky_enabled=\u00a0\u00bb0&Prime;]<\/p>\n<p>Ecriture et Textes<\/p>\n<h6 class=\"lucida\"><span style=\"font-size: medium;\">Madame Ghislaine de Preville<\/span><\/h6>\n<p>Membre d\u2019honneur de l\u2019Institution Louisette-Marie Arnaud France<\/p>\n<p>[\/et_pb_text][\/et_pb_column][\/et_pb_row][\/et_pb_section]<\/p>\n","protected":false},"excerpt":{"rendered":"<p><script type=\"text\/javascript\">jQuery(function() { _initLayerSlider( '#layerslider_1_19auc4ju5s127', {createdWith: '6.11.8', sliderVersion: '6.11.8', allowFullscreen: true, pauseOnHover: 'enabled', skin: 'v6', sliderFadeInDuration: 350, useSrcset: true, skinsPath: 'https:\/\/louisette-marie-arnaud.org\/institution\/wp-content\/plugins\/LayerSlider\/assets\/static\/layerslider\/skins\/', performanceMode: true}); });<\/script><div id=\"layerslider_1_19auc4ju5s127\"  class=\"ls-wp-container fitvidsignore ls-selectable\" style=\"width:1280px;height:300px;margin:0 auto;margin-bottom: 0px;\"><div class=\"ls-slide\" data-ls=\"duration:4000;transition2d:2;\"><img loading=\"lazy\" width=\"1800\" height=\"800\" src=\"https:\/\/louisette-marie-arnaud.org\/institution\/wp-content\/uploads\/2021\/09\/1.jpg\" class=\"ls-bg\" alt=\"\" decoding=\"async\" srcset=\"https:\/\/louisette-marie-arnaud.org\/institution\/wp-content\/uploads\/2021\/09\/1.jpg 1800w, https:\/\/louisette-marie-arnaud.org\/institution\/wp-content\/uploads\/2021\/09\/1-1280x569.jpg 1280w, https:\/\/louisette-marie-arnaud.org\/institution\/wp-content\/uploads\/2021\/09\/1-980x436.jpg 980w, https:\/\/louisette-marie-arnaud.org\/institution\/wp-content\/uploads\/2021\/09\/1-480x213.jpg 480w\" sizes=\"(min-width: 0px) and (max-width: 480px) 480px, (min-width: 481px) and (max-width: 980px) 980px, (min-width: 981px) and (max-width: 1280px) 1280px, (min-width: 1281px) 1800px, 100vw\" \/><a href=\"https:\/\/louisette-marie-arnaud.org\/institution\/promouvoir\" target=\"_self\" class=\"ls-link ls-link-on-top\"><\/a><\/div><div class=\"ls-slide\" data-ls=\"duration:4000;transition2d:2;\"><img loading=\"lazy\" width=\"1800\" height=\"801\" src=\"https:\/\/louisette-marie-arnaud.org\/institution\/wp-content\/uploads\/2021\/09\/2.jpg\" class=\"ls-bg\" alt=\"\" decoding=\"async\" srcset=\"https:\/\/louisette-marie-arnaud.org\/institution\/wp-content\/uploads\/2021\/09\/2.jpg 1800w, https:\/\/louisette-marie-arnaud.org\/institution\/wp-content\/uploads\/2021\/09\/2-1280x570.jpg 1280w, https:\/\/louisette-marie-arnaud.org\/institution\/wp-content\/uploads\/2021\/09\/2-980x436.jpg 980w, https:\/\/louisette-marie-arnaud.org\/institution\/wp-content\/uploads\/2021\/09\/2-480x214.jpg 480w\" sizes=\"(min-width: 0px) and (max-width: 480px) 480px, (min-width: 481px) and (max-width: 980px) 980px, (min-width: 981px) and (max-width: 1280px) 1280px, (min-width: 1281px) 1800px, 100vw\" \/><a href=\"https:\/\/louisette-marie-arnaud.org\/institution\/proteger\" target=\"_self\" class=\"ls-link ls-link-on-top\"><\/a><\/div><div class=\"ls-slide\" data-ls=\"duration:4000;transition2d:2;\"><img loading=\"lazy\" width=\"1800\" height=\"800\" src=\"https:\/\/louisette-marie-arnaud.org\/institution\/wp-content\/uploads\/2021\/09\/3.jpg\" class=\"ls-bg\" alt=\"\" decoding=\"async\" srcset=\"https:\/\/louisette-marie-arnaud.org\/institution\/wp-content\/uploads\/2021\/09\/3.jpg 1800w, https:\/\/louisette-marie-arnaud.org\/institution\/wp-content\/uploads\/2021\/09\/3-1280x569.jpg 1280w, https:\/\/louisette-marie-arnaud.org\/institution\/wp-content\/uploads\/2021\/09\/3-980x436.jpg 980w, https:\/\/louisette-marie-arnaud.org\/institution\/wp-content\/uploads\/2021\/09\/3-480x213.jpg 480w\" sizes=\"(min-width: 0px) and (max-width: 480px) 480px, (min-width: 481px) and (max-width: 980px) 980px, (min-width: 981px) and (max-width: 1280px) 1280px, (min-width: 1281px) 1800px, 100vw\" \/><a href=\"https:\/\/louisette-marie-arnaud.org\/institution\/soigner\" target=\"_self\" class=\"ls-link ls-link-on-top\"><\/a><\/div><\/div>L\u2019HISTOIRE &nbsp; INSTITUTION LOUISETTE-MARIE ARNAUD\u2026Histoire d\u2019une belle amiti\u00e9 et d\u2019une cause commune.Une rencontre, juillet 1994 \u00e0 Paris. Louisette-Marie Arnaud \u00a0 \u00a0 \u00a0\u00a0 Infirmi\u00e8re hospitali\u00e8re Fait la rencontre dans l\u2019h\u00f4pital de La Salp\u00eatri\u00e8re de sa coll\u00e8gue et amie Norma Valdez Carranza (m\u00e9decin p\u00e9ruvienne en sp\u00e9cialisation d\u2019ophtalmologie), elle-m\u00eame une amie de Ruby Villar-Documet Louisette ayant d\u00e9j\u00e0 \u00e9t\u00e9 infirmi\u00e8re en mission humanitaire avec M\u00e9decins du Monde, notamment pendant trois ann\u00e9es\u00a0: au sud de Soudan deux fois \u2013 Ville d\u2019Ayod et Ville de Nasiren Somalie une fois \u2013 Ville de Barderaen Tanzanie une fois \u2013 Ville de Bukoba Ruby, Psychologue clinicienne en Psychopathologies au P\u00e9rou et passionn\u00e9e par le fonctionnement cognitif de l\u2019\u00eatre humain. En France depuis 1985, dans le but d\u2019une ouverture au monde et la connaissance de la France, pays d\u2019origine de la famille de sa m\u00e8re.A Paris, formation compl\u00e9mentaire : DEA en Psychopathologie Clinique et Pathologique. Universit\u00e9 Paris V et Criminologie Appliqu\u00e9e \u00e0 l\u2019Expertise Mentale &#8211; Centre Medico Legal \u2013 Universit\u00e9 Ren\u00e9 Descartes \u00e0 Paris V.Puis, Dipl\u00f4me CEDS, 1992-1993 du Centre d\u2019Etudes Diplomatiques et Strat\u00e9giques \u00e0 Paris. Ruby avait d\u00e9j\u00e0 par ailleurs, au P\u00e9rou, une exp\u00e9rience combinant l\u2019expertise scientifique et l\u2019exp\u00e9rience clinique : Chercheur en sciences Cognitives sp\u00e9cialis\u00e9e en Psychiatrie [&hellip;]<\/p>\n","protected":false},"author":1,"featured_media":0,"parent":0,"menu_order":0,"comment_status":"closed","ping_status":"closed","template":"","meta":{"_seopress_robots_primary_cat":"","_seopress_titles_title":"","_seopress_titles_desc":"","_seopress_robots_index":"","_et_pb_use_builder":"on","_et_pb_old_content":"","_et_gb_content_width":"","om_disable_all_campaigns":false,"_monsterinsights_skip_tracking":false,"_monsterinsights_sitenote_active":false,"_monsterinsights_sitenote_note":"","_monsterinsights_sitenote_category":0,"footnotes":""},"class_list":["post-795","page","type-page","status-publish","hentry"],"aioseo_notices":[],"yoast_head":"<!-- This site is optimized with the Yoast SEO plugin v27.4 - https:\/\/yoast.com\/product\/yoast-seo-wordpress\/ -->\n<title>L\u2019HISTOIRE INSTITUTION LOUISETTE-MARIE ARNAUD - Institution Louisette-Marie Arnaud pour la jeunesse<\/title>\n<meta name=\"robots\" content=\"index, follow, max-snippet:-1, max-image-preview:large, max-video-preview:-1\" \/>\n<link rel=\"canonical\" href=\"https:\/\/louisette-marie-arnaud.org\/institution\/l-histoire-institution-louisette-marie-arnaud\" \/>\n<meta property=\"og:locale\" content=\"fr_FR\" \/>\n<meta property=\"og:type\" content=\"article\" \/>\n<meta property=\"og:title\" content=\"L\u2019HISTOIRE INSTITUTION LOUISETTE-MARIE ARNAUD - Institution Louisette-Marie Arnaud pour la jeunesse\" \/>\n<meta property=\"og:description\" content=\"L\u2019HISTOIRE &nbsp; INSTITUTION LOUISETTE-MARIE ARNAUD\u2026Histoire d\u2019une belle amiti\u00e9 et d\u2019une cause commune.Une rencontre, juillet 1994 \u00e0 Paris. Louisette-Marie Arnaud \u00a0 \u00a0 \u00a0\u00a0 Infirmi\u00e8re hospitali\u00e8re Fait la rencontre dans l\u2019h\u00f4pital de La Salp\u00eatri\u00e8re de sa coll\u00e8gue et amie Norma Valdez Carranza (m\u00e9decin p\u00e9ruvienne en sp\u00e9cialisation d\u2019ophtalmologie), elle-m\u00eame une amie de Ruby Villar-Documet Louisette ayant d\u00e9j\u00e0 \u00e9t\u00e9 infirmi\u00e8re en mission humanitaire avec M\u00e9decins du Monde, notamment pendant trois ann\u00e9es\u00a0: au sud de Soudan deux fois \u2013 Ville d\u2019Ayod et Ville de Nasiren Somalie une fois \u2013 Ville de Barderaen Tanzanie une fois \u2013 Ville de Bukoba Ruby, Psychologue clinicienne en Psychopathologies au P\u00e9rou et passionn\u00e9e par le fonctionnement cognitif de l\u2019\u00eatre humain. En France depuis 1985, dans le but d\u2019une ouverture au monde et la connaissance de la France, pays d\u2019origine de la famille de sa m\u00e8re.A Paris, formation compl\u00e9mentaire : DEA en Psychopathologie Clinique et Pathologique. Universit\u00e9 Paris V et Criminologie Appliqu\u00e9e \u00e0 l\u2019Expertise Mentale - Centre Medico Legal \u2013 Universit\u00e9 Ren\u00e9 Descartes \u00e0 Paris V.Puis, Dipl\u00f4me CEDS, 1992-1993 du Centre d\u2019Etudes Diplomatiques et Strat\u00e9giques \u00e0 Paris. Ruby avait d\u00e9j\u00e0 par ailleurs, au P\u00e9rou, une exp\u00e9rience combinant l\u2019expertise scientifique et l\u2019exp\u00e9rience clinique : Chercheur en sciences Cognitives sp\u00e9cialis\u00e9e en Psychiatrie [&hellip;]\" \/>\n<meta property=\"og:url\" content=\"https:\/\/louisette-marie-arnaud.org\/institution\/l-histoire-institution-louisette-marie-arnaud\" \/>\n<meta property=\"og:site_name\" content=\"Institution Louisette-Marie Arnaud pour la jeunesse\" \/>\n<meta property=\"article:publisher\" content=\"https:\/\/www.facebook.com\/InstitutionLouisetteMarieArnaud\" \/>\n<meta property=\"article:modified_time\" content=\"2025-10-02T12:42:26+00:00\" \/>\n<meta name=\"twitter:card\" content=\"summary_large_image\" \/>\n<meta name=\"twitter:label1\" content=\"Dur\u00e9e de lecture estim\u00e9e\" \/>\n\t<meta name=\"twitter:data1\" content=\"6 minutes\" \/>\n<script type=\"application\/ld+json\" class=\"yoast-schema-graph\">{\"@context\":\"https:\\\/\\\/schema.org\",\"@graph\":[{\"@type\":\"WebPage\",\"@id\":\"https:\\\/\\\/louisette-marie-arnaud.org\\\/institution\\\/l-histoire-institution-louisette-marie-arnaud\",\"url\":\"https:\\\/\\\/louisette-marie-arnaud.org\\\/institution\\\/l-histoire-institution-louisette-marie-arnaud\",\"name\":\"L\u2019HISTOIRE INSTITUTION LOUISETTE-MARIE ARNAUD - Institution Louisette-Marie Arnaud pour la jeunesse\",\"isPartOf\":{\"@id\":\"https:\\\/\\\/louisette-marie-arnaud.org\\\/institution\\\/#website\"},\"datePublished\":\"2021-09-01T10:17:41+00:00\",\"dateModified\":\"2025-10-02T12:42:26+00:00\",\"breadcrumb\":{\"@id\":\"https:\\\/\\\/louisette-marie-arnaud.org\\\/institution\\\/l-histoire-institution-louisette-marie-arnaud#breadcrumb\"},\"inLanguage\":\"fr-FR\",\"potentialAction\":[{\"@type\":\"ReadAction\",\"target\":[\"https:\\\/\\\/louisette-marie-arnaud.org\\\/institution\\\/l-histoire-institution-louisette-marie-arnaud\"]}]},{\"@type\":\"BreadcrumbList\",\"@id\":\"https:\\\/\\\/louisette-marie-arnaud.org\\\/institution\\\/l-histoire-institution-louisette-marie-arnaud#breadcrumb\",\"itemListElement\":[{\"@type\":\"ListItem\",\"position\":1,\"name\":\"Accueil\",\"item\":\"https:\\\/\\\/louisette-marie-arnaud.org\\\/institution\\\/\"},{\"@type\":\"ListItem\",\"position\":2,\"name\":\"L\u2019HISTOIRE INSTITUTION LOUISETTE-MARIE ARNAUD\"}]},{\"@type\":\"WebSite\",\"@id\":\"https:\\\/\\\/louisette-marie-arnaud.org\\\/institution\\\/#website\",\"url\":\"https:\\\/\\\/louisette-marie-arnaud.org\\\/institution\\\/\",\"name\":\"Institution Louisette-Marie Arnaud pour la jeunesse\",\"description\":\"PROMOUVOIR PROTEGER SOIGNER\",\"publisher\":{\"@id\":\"https:\\\/\\\/louisette-marie-arnaud.org\\\/institution\\\/#organization\"},\"potentialAction\":[{\"@type\":\"SearchAction\",\"target\":{\"@type\":\"EntryPoint\",\"urlTemplate\":\"https:\\\/\\\/louisette-marie-arnaud.org\\\/institution\\\/?s={search_term_string}\"},\"query-input\":{\"@type\":\"PropertyValueSpecification\",\"valueRequired\":true,\"valueName\":\"search_term_string\"}}],\"inLanguage\":\"fr-FR\"},{\"@type\":\"Organization\",\"@id\":\"https:\\\/\\\/louisette-marie-arnaud.org\\\/institution\\\/#organization\",\"name\":\"Institution Louisette-Marie Arnaud pour la jeunesse\",\"url\":\"https:\\\/\\\/louisette-marie-arnaud.org\\\/institution\\\/\",\"logo\":{\"@type\":\"ImageObject\",\"inLanguage\":\"fr-FR\",\"@id\":\"https:\\\/\\\/louisette-marie-arnaud.org\\\/institution\\\/#\\\/schema\\\/logo\\\/image\\\/\",\"url\":\"https:\\\/\\\/louisette-marie-arnaud.org\\\/institution\\\/wp-content\\\/uploads\\\/2021\\\/08\\\/cropped-Capture-LOGO-DANIELLI-PAGE-DACCUEIL-Copie.jpg\",\"contentUrl\":\"https:\\\/\\\/louisette-marie-arnaud.org\\\/institution\\\/wp-content\\\/uploads\\\/2021\\\/08\\\/cropped-Capture-LOGO-DANIELLI-PAGE-DACCUEIL-Copie.jpg\",\"width\":139,\"height\":134,\"caption\":\"Institution Louisette-Marie Arnaud pour la jeunesse\"},\"image\":{\"@id\":\"https:\\\/\\\/louisette-marie-arnaud.org\\\/institution\\\/#\\\/schema\\\/logo\\\/image\\\/\"},\"sameAs\":[\"https:\\\/\\\/www.facebook.com\\\/InstitutionLouisetteMarieArnaud\"]}]}<\/script>\n<!-- \/ Yoast SEO plugin. -->","yoast_head_json":{"title":"L\u2019HISTOIRE INSTITUTION LOUISETTE-MARIE ARNAUD - Institution Louisette-Marie Arnaud pour la jeunesse","robots":{"index":"index","follow":"follow","max-snippet":"max-snippet:-1","max-image-preview":"max-image-preview:large","max-video-preview":"max-video-preview:-1"},"canonical":"https:\/\/louisette-marie-arnaud.org\/institution\/l-histoire-institution-louisette-marie-arnaud","og_locale":"fr_FR","og_type":"article","og_title":"L\u2019HISTOIRE INSTITUTION LOUISETTE-MARIE ARNAUD - Institution Louisette-Marie Arnaud pour la jeunesse","og_description":"L\u2019HISTOIRE &nbsp; INSTITUTION LOUISETTE-MARIE ARNAUD\u2026Histoire d\u2019une belle amiti\u00e9 et d\u2019une cause commune.Une rencontre, juillet 1994 \u00e0 Paris. Louisette-Marie Arnaud \u00a0 \u00a0 \u00a0\u00a0 Infirmi\u00e8re hospitali\u00e8re Fait la rencontre dans l\u2019h\u00f4pital de La Salp\u00eatri\u00e8re de sa coll\u00e8gue et amie Norma Valdez Carranza (m\u00e9decin p\u00e9ruvienne en sp\u00e9cialisation d\u2019ophtalmologie), elle-m\u00eame une amie de Ruby Villar-Documet Louisette ayant d\u00e9j\u00e0 \u00e9t\u00e9 infirmi\u00e8re en mission humanitaire avec M\u00e9decins du Monde, notamment pendant trois ann\u00e9es\u00a0: au sud de Soudan deux fois \u2013 Ville d\u2019Ayod et Ville de Nasiren Somalie une fois \u2013 Ville de Barderaen Tanzanie une fois \u2013 Ville de Bukoba Ruby, Psychologue clinicienne en Psychopathologies au P\u00e9rou et passionn\u00e9e par le fonctionnement cognitif de l\u2019\u00eatre humain. En France depuis 1985, dans le but d\u2019une ouverture au monde et la connaissance de la France, pays d\u2019origine de la famille de sa m\u00e8re.A Paris, formation compl\u00e9mentaire : DEA en Psychopathologie Clinique et Pathologique. Universit\u00e9 Paris V et Criminologie Appliqu\u00e9e \u00e0 l\u2019Expertise Mentale - Centre Medico Legal \u2013 Universit\u00e9 Ren\u00e9 Descartes \u00e0 Paris V.Puis, Dipl\u00f4me CEDS, 1992-1993 du Centre d\u2019Etudes Diplomatiques et Strat\u00e9giques \u00e0 Paris. Ruby avait d\u00e9j\u00e0 par ailleurs, au P\u00e9rou, une exp\u00e9rience combinant l\u2019expertise scientifique et l\u2019exp\u00e9rience clinique : Chercheur en sciences Cognitives sp\u00e9cialis\u00e9e en Psychiatrie [&hellip;]","og_url":"https:\/\/louisette-marie-arnaud.org\/institution\/l-histoire-institution-louisette-marie-arnaud","og_site_name":"Institution Louisette-Marie Arnaud pour la jeunesse","article_publisher":"https:\/\/www.facebook.com\/InstitutionLouisetteMarieArnaud","article_modified_time":"2025-10-02T12:42:26+00:00","twitter_card":"summary_large_image","twitter_misc":{"Dur\u00e9e de lecture estim\u00e9e":"6 minutes"},"schema":{"@context":"https:\/\/schema.org","@graph":[{"@type":"WebPage","@id":"https:\/\/louisette-marie-arnaud.org\/institution\/l-histoire-institution-louisette-marie-arnaud","url":"https:\/\/louisette-marie-arnaud.org\/institution\/l-histoire-institution-louisette-marie-arnaud","name":"L\u2019HISTOIRE INSTITUTION LOUISETTE-MARIE ARNAUD - Institution Louisette-Marie Arnaud pour la jeunesse","isPartOf":{"@id":"https:\/\/louisette-marie-arnaud.org\/institution\/#website"},"datePublished":"2021-09-01T10:17:41+00:00","dateModified":"2025-10-02T12:42:26+00:00","breadcrumb":{"@id":"https:\/\/louisette-marie-arnaud.org\/institution\/l-histoire-institution-louisette-marie-arnaud#breadcrumb"},"inLanguage":"fr-FR","potentialAction":[{"@type":"ReadAction","target":["https:\/\/louisette-marie-arnaud.org\/institution\/l-histoire-institution-louisette-marie-arnaud"]}]},{"@type":"BreadcrumbList","@id":"https:\/\/louisette-marie-arnaud.org\/institution\/l-histoire-institution-louisette-marie-arnaud#breadcrumb","itemListElement":[{"@type":"ListItem","position":1,"name":"Accueil","item":"https:\/\/louisette-marie-arnaud.org\/institution\/"},{"@type":"ListItem","position":2,"name":"L\u2019HISTOIRE INSTITUTION LOUISETTE-MARIE ARNAUD"}]},{"@type":"WebSite","@id":"https:\/\/louisette-marie-arnaud.org\/institution\/#website","url":"https:\/\/louisette-marie-arnaud.org\/institution\/","name":"Institution Louisette-Marie Arnaud pour la jeunesse","description":"PROMOUVOIR PROTEGER SOIGNER","publisher":{"@id":"https:\/\/louisette-marie-arnaud.org\/institution\/#organization"},"potentialAction":[{"@type":"SearchAction","target":{"@type":"EntryPoint","urlTemplate":"https:\/\/louisette-marie-arnaud.org\/institution\/?s={search_term_string}"},"query-input":{"@type":"PropertyValueSpecification","valueRequired":true,"valueName":"search_term_string"}}],"inLanguage":"fr-FR"},{"@type":"Organization","@id":"https:\/\/louisette-marie-arnaud.org\/institution\/#organization","name":"Institution Louisette-Marie Arnaud pour la jeunesse","url":"https:\/\/louisette-marie-arnaud.org\/institution\/","logo":{"@type":"ImageObject","inLanguage":"fr-FR","@id":"https:\/\/louisette-marie-arnaud.org\/institution\/#\/schema\/logo\/image\/","url":"https:\/\/louisette-marie-arnaud.org\/institution\/wp-content\/uploads\/2021\/08\/cropped-Capture-LOGO-DANIELLI-PAGE-DACCUEIL-Copie.jpg","contentUrl":"https:\/\/louisette-marie-arnaud.org\/institution\/wp-content\/uploads\/2021\/08\/cropped-Capture-LOGO-DANIELLI-PAGE-DACCUEIL-Copie.jpg","width":139,"height":134,"caption":"Institution Louisette-Marie Arnaud pour la jeunesse"},"image":{"@id":"https:\/\/louisette-marie-arnaud.org\/institution\/#\/schema\/logo\/image\/"},"sameAs":["https:\/\/www.facebook.com\/InstitutionLouisetteMarieArnaud"]}]}},"jetpack_sharing_enabled":true,"_links":{"self":[{"href":"https:\/\/louisette-marie-arnaud.org\/institution\/wp-json\/wp\/v2\/pages\/795","targetHints":{"allow":["GET"]}}],"collection":[{"href":"https:\/\/louisette-marie-arnaud.org\/institution\/wp-json\/wp\/v2\/pages"}],"about":[{"href":"https:\/\/louisette-marie-arnaud.org\/institution\/wp-json\/wp\/v2\/types\/page"}],"author":[{"embeddable":true,"href":"https:\/\/louisette-marie-arnaud.org\/institution\/wp-json\/wp\/v2\/users\/1"}],"replies":[{"embeddable":true,"href":"https:\/\/louisette-marie-arnaud.org\/institution\/wp-json\/wp\/v2\/comments?post=795"}],"version-history":[{"count":37,"href":"https:\/\/louisette-marie-arnaud.org\/institution\/wp-json\/wp\/v2\/pages\/795\/revisions"}],"predecessor-version":[{"id":11306,"href":"https:\/\/louisette-marie-arnaud.org\/institution\/wp-json\/wp\/v2\/pages\/795\/revisions\/11306"}],"wp:attachment":[{"href":"https:\/\/louisette-marie-arnaud.org\/institution\/wp-json\/wp\/v2\/media?parent=795"}],"curies":[{"name":"wp","href":"https:\/\/api.w.org\/{rel}","templated":true}]}}