{"id":8501,"date":"2024-02-07T15:00:59","date_gmt":"2024-02-07T14:00:59","guid":{"rendered":"https:\/\/louisette-marie-arnaud.org\/institution\/?page_id=8501"},"modified":"2025-10-03T16:46:35","modified_gmt":"2025-10-03T14:46:35","slug":"action-promouvoir-laureats-2023-2024","status":"publish","type":"page","link":"https:\/\/louisette-marie-arnaud.org\/institution\/action-promouvoir-laureats-2023-2024","title":{"rendered":"ACTION PROMOUVOIR &#8211; Laur\u00e9ats 2023 &#8211; 2024"},"content":{"rendered":"<p>[et_pb_section fb_built=\u00a0\u00bb1&Prime; _builder_version=\u00a0\u00bb4.16&Prime; _module_preset=\u00a0\u00bbdefault\u00a0\u00bb background_image=\u00a0\u00bbhttps:\/\/louisette-marie-arnaud.org\/institution\/wp-content\/uploads\/layerslider\/Slider-site-louisette\/1.jpg\u00a0\u00bb parallax=\u00a0\u00bbon\u00a0\u00bb min_height=\u00a0\u00bb450px\u00a0\u00bb height=\u00a0\u00bb450px\u00a0\u00bb max_height=\u00a0\u00bb450px\u00a0\u00bb custom_margin=\u00a0\u00bb0px||0px||true|false\u00a0\u00bb custom_padding=\u00a0\u00bb0px||0px||true|false\u00a0\u00bb da_disable_devices=\u00a0\u00bboff|off|off\u00a0\u00bb global_colors_info=\u00a0\u00bb{}\u00a0\u00bb da_is_popup=\u00a0\u00bboff\u00a0\u00bb da_exit_intent=\u00a0\u00bboff\u00a0\u00bb da_has_close=\u00a0\u00bbon\u00a0\u00bb da_alt_close=\u00a0\u00bboff\u00a0\u00bb da_dark_close=\u00a0\u00bboff\u00a0\u00bb da_not_modal=\u00a0\u00bbon\u00a0\u00bb da_is_singular=\u00a0\u00bboff\u00a0\u00bb da_with_loader=\u00a0\u00bboff\u00a0\u00bb da_has_shadow=\u00a0\u00bbon\u00a0\u00bb][et_pb_row _builder_version=\u00a0\u00bb4.16&Prime; _module_preset=\u00a0\u00bbdefault\u00a0\u00bb width=\u00a0\u00bb100%\u00a0\u00bb max_width=\u00a0\u00bb100%\u00a0\u00bb custom_margin=\u00a0\u00bb0px||0px||true|false\u00a0\u00bb custom_padding=\u00a0\u00bb0px||0px||true|false\u00a0\u00bb global_colors_info=\u00a0\u00bb{}\u00a0\u00bb][et_pb_column type=\u00a0\u00bb4_4&Prime; _builder_version=\u00a0\u00bb4.16&Prime; _module_preset=\u00a0\u00bbdefault\u00a0\u00bb global_colors_info=\u00a0\u00bb{}\u00a0\u00bb][et_pb_divider show_divider=\u00a0\u00bboff\u00a0\u00bb _builder_version=\u00a0\u00bb4.16&Prime; _module_preset=\u00a0\u00bbdefault\u00a0\u00bb global_colors_info=\u00a0\u00bb{}\u00a0\u00bb][\/et_pb_divider][\/et_pb_column][\/et_pb_row][\/et_pb_section][et_pb_section fb_built=\u00a0\u00bb1&Prime; _builder_version=\u00a0\u00bb4.16&Prime; _module_preset=\u00a0\u00bbdefault\u00a0\u00bb da_disable_devices=\u00a0\u00bboff|off|off\u00a0\u00bb global_colors_info=\u00a0\u00bb{}\u00a0\u00bb da_is_popup=\u00a0\u00bboff\u00a0\u00bb da_exit_intent=\u00a0\u00bboff\u00a0\u00bb da_has_close=\u00a0\u00bbon\u00a0\u00bb da_alt_close=\u00a0\u00bboff\u00a0\u00bb da_dark_close=\u00a0\u00bboff\u00a0\u00bb da_not_modal=\u00a0\u00bbon\u00a0\u00bb da_is_singular=\u00a0\u00bboff\u00a0\u00bb da_with_loader=\u00a0\u00bboff\u00a0\u00bb da_has_shadow=\u00a0\u00bbon\u00a0\u00bb][et_pb_row _builder_version=\u00a0\u00bb4.16&Prime; _module_preset=\u00a0\u00bbdefault\u00a0\u00bb background_color=\u00a0\u00bb#FFFFFF\u00a0\u00bb global_colors_info=\u00a0\u00bb{}\u00a0\u00bb][et_pb_column type=\u00a0\u00bb4_4&Prime; _builder_version=\u00a0\u00bb4.16&Prime; _module_preset=\u00a0\u00bbdefault\u00a0\u00bb global_colors_info=\u00a0\u00bb{}\u00a0\u00bb][et_pb_text admin_label=\u00a0\u00bbInstitution Louisette-Marie Arnaud pour la jeunesse\u00a0\u00bb _builder_version=\u00a0\u00bb4.27.4&Prime; _module_preset=\u00a0\u00bbdefault\u00a0\u00bb text_font=\u00a0\u00bb|700|||||||\u00a0\u00bb text_text_color=\u00a0\u00bb#bf8f00&Prime; text_font_size=\u00a0\u00bb29px\u00a0\u00bb text_line_height=\u00a0\u00bb45px\u00a0\u00bb header_font=\u00a0\u00bb|700|||||||\u00a0\u00bb header_text_color=\u00a0\u00bb#bf8f00&Prime; header_font_size=\u00a0\u00bb32px\u00a0\u00bb header_2_font=\u00a0\u00bb|700|||||||\u00a0\u00bb header_2_text_color=\u00a0\u00bb#bf8f00&Prime; header_2_font_size=\u00a0\u00bb32px\u00a0\u00bb background_enable_color=\u00a0\u00bboff\u00a0\u00bb text_orientation=\u00a0\u00bbcenter\u00a0\u00bb custom_margin=\u00a0\u00bb50px||50px||false|false\u00a0\u00bb custom_padding=\u00a0\u00bb||||false|false\u00a0\u00bb text_font_size_tablet=\u00a0\u00bb\u00a0\u00bb text_font_size_phone=\u00a0\u00bb20px\u00a0\u00bb text_font_size_last_edited=\u00a0\u00bbon|desktop\u00a0\u00bb text_line_height_tablet=\u00a0\u00bb\u00a0\u00bb text_line_height_phone=\u00a0\u00bb26px\u00a0\u00bb text_line_height_last_edited=\u00a0\u00bbon|phone\u00a0\u00bb header_font_size_tablet=\u00a0\u00bb\u00a0\u00bb header_font_size_phone=\u00a0\u00bb26px\u00a0\u00bb header_font_size_last_edited=\u00a0\u00bbon|phone\u00a0\u00bb global_colors_info=\u00a0\u00bb{}\u00a0\u00bb]<\/p>\n<h1>Institution Louisette-Marie Arnaud France, pour la jeunesse<\/h1>\n<p>Semer des Graines et Agir pour le Futur\u2026<\/p>\n<p>[\/et_pb_text][\/et_pb_column][\/et_pb_row][et_pb_row column_structure=\u00a0\u00bb1_4,1_2,1_4&Prime; use_custom_gutter=\u00a0\u00bbon\u00a0\u00bb gutter_width=\u00a0\u00bb1&Prime; make_equal=\u00a0\u00bbon\u00a0\u00bb _builder_version=\u00a0\u00bb4.16&Prime; _module_preset=\u00a0\u00bbdefault\u00a0\u00bb custom_margin=\u00a0\u00bb0px||0px||true|false\u00a0\u00bb custom_padding=\u00a0\u00bb0px||0px||true|false\u00a0\u00bb global_colors_info=\u00a0\u00bb{}\u00a0\u00bb][et_pb_column type=\u00a0\u00bb1_4&Prime; _builder_version=\u00a0\u00bb4.16&Prime; _module_preset=\u00a0\u00bbdefault\u00a0\u00bb background_image=\u00a0\u00bbhttps:\/\/louisette-marie-arnaud.org\/institution\/wp-content\/uploads\/2021\/11\/INSTITUTION-LOUISETTE-MARIE-ARNAUD-Culture-Francaise.jpg\u00a0\u00bb global_colors_info=\u00a0\u00bb{}\u00a0\u00bb][et_pb_divider _builder_version=\u00a0\u00bb4.16&Prime; _module_preset=\u00a0\u00bbdefault\u00a0\u00bb global_colors_info=\u00a0\u00bb{}\u00a0\u00bb][\/et_pb_divider][\/et_pb_column][et_pb_column type=\u00a0\u00bb1_2&Prime; _builder_version=\u00a0\u00bb4.16&Prime; _module_preset=\u00a0\u00bbdefault\u00a0\u00bb background_image=\u00a0\u00bbhttps:\/\/louisette-marie-arnaud.org\/institution\/wp-content\/uploads\/2021\/11\/INSTITUTION-LOUISETTE-MARIE-ARNAUD-Culture-Francaise2.jpg\u00a0\u00bb global_colors_info=\u00a0\u00bb{}\u00a0\u00bb][et_pb_text _builder_version=\u00a0\u00bb4.27.4&Prime; _module_preset=\u00a0\u00bbdefault\u00a0\u00bb text_text_color=\u00a0\u00bb#FFFFFF\u00a0\u00bb header_2_font=\u00a0\u00bb|700|||||||\u00a0\u00bb header_2_text_align=\u00a0\u00bbcenter\u00a0\u00bb header_2_text_color=\u00a0\u00bb#FFFFFF\u00a0\u00bb text_orientation=\u00a0\u00bbcenter\u00a0\u00bb custom_padding=\u00a0\u00bb80px|10px|80px|10px|true|true\u00a0\u00bb global_colors_info=\u00a0\u00bb{}\u00a0\u00bb]<\/p>\n<h2>INSTITUTION LOUISETTE-MARIE ARNAUD FRANCE<\/h2>\n<p>PROMEUT LA LANGUE ET LA CULTURE FRAN\u00c7AISE AUSSI AU DIGITAL<\/p>\n<p>[\/et_pb_text][\/et_pb_column][et_pb_column type=\u00a0\u00bb1_4&Prime; _builder_version=\u00a0\u00bb4.16&Prime; _module_preset=\u00a0\u00bbdefault\u00a0\u00bb background_image=\u00a0\u00bbhttps:\/\/louisette-marie-arnaud.org\/institution\/wp-content\/uploads\/2021\/11\/INSTITUTION-LOUISETTE-MARIE-ARNAUD-Culture-Francaise3.jpg\u00a0\u00bb global_colors_info=\u00a0\u00bb{}\u00a0\u00bb][et_pb_divider _builder_version=\u00a0\u00bb4.16&Prime; _module_preset=\u00a0\u00bbdefault\u00a0\u00bb global_colors_info=\u00a0\u00bb{}\u00a0\u00bb][\/et_pb_divider][\/et_pb_column][\/et_pb_row][et_pb_row column_structure=\u00a0\u00bb1_3,1_3,1_3&Prime; use_custom_gutter=\u00a0\u00bbon\u00a0\u00bb gutter_width=\u00a0\u00bb1&Prime; _builder_version=\u00a0\u00bb4.16&Prime; _module_preset=\u00a0\u00bbdefault\u00a0\u00bb custom_margin=\u00a0\u00bb50px||||false|false\u00a0\u00bb global_colors_info=\u00a0\u00bb{}\u00a0\u00bb][et_pb_column type=\u00a0\u00bb1_3&Prime; _builder_version=\u00a0\u00bb4.16&Prime; _module_preset=\u00a0\u00bbdefault\u00a0\u00bb global_colors_info=\u00a0\u00bb{}\u00a0\u00bb][et_pb_image src=\u00a0\u00bbhttps:\/\/louisette-marie-arnaud.org\/institution\/wp-content\/uploads\/2021\/11\/PROMOUVOIR-LA-LANGUE-ET-LA-CULTURE-FRANCAISE-ET-TRANSMETTRE-LE-FRANCAIS-2.jpg\u00a0\u00bb title_text=\u00a0\u00bbPROMOUVOIR LA LANGUE ET LA CULTURE FRANCAISE ET TRANSMETTRE LE FRANCAIS (2)\u00a0\u00bb _builder_version=\u00a0\u00bb4.16&Prime; _module_preset=\u00a0\u00bbdefault\u00a0\u00bb animation_direction=\u00a0\u00bbleft\u00a0\u00bb scroll_horizontal_motion_enable=\u00a0\u00bbon\u00a0\u00bb scroll_horizontal_motion=\u00a0\u00bb0|60|60|100|0|0|-4&Prime; global_colors_info=\u00a0\u00bb{}\u00a0\u00bb][\/et_pb_image][\/et_pb_column][et_pb_column type=\u00a0\u00bb1_3&Prime; _builder_version=\u00a0\u00bb4.16&Prime; _module_preset=\u00a0\u00bbdefault\u00a0\u00bb global_colors_info=\u00a0\u00bb{}\u00a0\u00bb][et_pb_image src=\u00a0\u00bbhttps:\/\/louisette-marie-arnaud.org\/institution\/wp-content\/uploads\/2021\/11\/PROMOUVOIR-LA-LANGUE-ET-LA-CULTURE-FRANCAISE-ET-TRANSMETTRE-LE-FRANCAIS-3.jpg\u00a0\u00bb title_text=\u00a0\u00bbPROMOUVOIR LA LANGUE ET LA CULTURE FRANCAISE ET TRANSMETTRE LE FRANCAIS (3)\u00a0\u00bb _builder_version=\u00a0\u00bb4.16&Prime; _module_preset=\u00a0\u00bbdefault\u00a0\u00bb animation_style=\u00a0\u00bbslide\u00a0\u00bb animation_direction=\u00a0\u00bbbottom\u00a0\u00bb scroll_scaling_enable=\u00a0\u00bbon\u00a0\u00bb scroll_scaling=\u00a0\u00bb0|60|60|100|100%|100%|40%\u00a0\u00bb global_colors_info=\u00a0\u00bb{}\u00a0\u00bb][\/et_pb_image][\/et_pb_column][et_pb_column type=\u00a0\u00bb1_3&Prime; _builder_version=\u00a0\u00bb4.16&Prime; _module_preset=\u00a0\u00bbdefault\u00a0\u00bb global_colors_info=\u00a0\u00bb{}\u00a0\u00bb][et_pb_image src=\u00a0\u00bbhttps:\/\/louisette-marie-arnaud.org\/institution\/wp-content\/uploads\/2021\/11\/PROMOUVOIR-LA-LANGUE-ET-LA-CULTURE-FRANCAISE-ET-TRANSMETTRE-LE-FRANCAIS-1.jpg\u00a0\u00bb title_text=\u00a0\u00bbPROMOUVOIR LA LANGUE ET LA CULTURE FRANCAISE ET TRANSMETTRE LE FRANCAIS (1)\u00a0\u00bb _builder_version=\u00a0\u00bb4.16&Prime; _module_preset=\u00a0\u00bbdefault\u00a0\u00bb animation_direction=\u00a0\u00bbright\u00a0\u00bb scroll_horizontal_motion_enable=\u00a0\u00bbon\u00a0\u00bb scroll_horizontal_motion=\u00a0\u00bb0|60|60|100|0|0|4&Prime; global_colors_info=\u00a0\u00bb{}\u00a0\u00bb][\/et_pb_image][\/et_pb_column][\/et_pb_row][et_pb_row _builder_version=\u00a0\u00bb4.16&Prime; _module_preset=\u00a0\u00bbdefault\u00a0\u00bb background_color=\u00a0\u00bb#FFFFFF\u00a0\u00bb global_colors_info=\u00a0\u00bb{}\u00a0\u00bb][et_pb_column type=\u00a0\u00bb4_4&Prime; _builder_version=\u00a0\u00bb4.16&Prime; _module_preset=\u00a0\u00bbdefault\u00a0\u00bb global_colors_info=\u00a0\u00bb{}\u00a0\u00bb][et_pb_text admin_label=\u00a0\u00bbPROMOUVOIR LA LANGUE\u00a0\u00bb _builder_version=\u00a0\u00bb4.16&Prime; _module_preset=\u00a0\u00bbdefault\u00a0\u00bb text_font=\u00a0\u00bb|700|||||||\u00a0\u00bb text_text_color=\u00a0\u00bb#000000&Prime; text_font_size=\u00a0\u00bb29px\u00a0\u00bb text_line_height=\u00a0\u00bb3em\u00a0\u00bb header_font=\u00a0\u00bb|700|||||||\u00a0\u00bb header_text_color=\u00a0\u00bb#000000&Prime; header_font_size=\u00a0\u00bb32px\u00a0\u00bb header_2_font=\u00a0\u00bb|700|||||||\u00a0\u00bb header_2_text_color=\u00a0\u00bb#000000&Prime; header_2_font_size=\u00a0\u00bb32px\u00a0\u00bb header_2_line_height=\u00a0\u00bb1.5em\u00a0\u00bb background_enable_color=\u00a0\u00bboff\u00a0\u00bb text_orientation=\u00a0\u00bbcenter\u00a0\u00bb custom_margin=\u00a0\u00bb50px||50px||false|false\u00a0\u00bb custom_padding=\u00a0\u00bb||||false|false\u00a0\u00bb animation_style=\u00a0\u00bbfade\u00a0\u00bb animation_duration=\u00a0\u00bb2000ms\u00a0\u00bb scroll_blur=\u00a0\u00bb0|20|40|100|10|0|0&Prime; text_font_size_tablet=\u00a0\u00bb\u00a0\u00bb text_font_size_phone=\u00a0\u00bb20px\u00a0\u00bb text_font_size_last_edited=\u00a0\u00bbon|desktop\u00a0\u00bb text_line_height_tablet=\u00a0\u00bb\u00a0\u00bb text_line_height_phone=\u00a0\u00bb26px\u00a0\u00bb text_line_height_last_edited=\u00a0\u00bbon|phone\u00a0\u00bb header_font_size_tablet=\u00a0\u00bb\u00a0\u00bb header_font_size_phone=\u00a0\u00bb26px\u00a0\u00bb header_font_size_last_edited=\u00a0\u00bbon|phone\u00a0\u00bb global_colors_info=\u00a0\u00bb{}\u00a0\u00bb]<\/p>\n<h2>PROMOUVOIR LA LANGUE ET LA CULTURE FRANCAISE ET TRANSMETTRE LE FRANCAIS<\/h2>\n<p>[\/et_pb_text][et_pb_image src=\u00a0\u00bbhttps:\/\/louisette-marie-arnaud.org\/institution\/wp-content\/uploads\/2024\/02\/Image-LE-REVE-DE-LOULOU.jpg\u00a0\u00bb title_text=\u00a0\u00bbImage &#8211; LE REVE DE LOULOU\u00a0\u00bb align=\u00a0\u00bbcenter\u00a0\u00bb admin_label=\u00a0\u00bbImage Le r\u00eave de Loulou\u00a0\u00bb _builder_version=\u00a0\u00bb4.20.0&Prime; _module_preset=\u00a0\u00bbdefault\u00a0\u00bb custom_margin=\u00a0\u00bb50px||50px||false|false\u00a0\u00bb global_colors_info=\u00a0\u00bb{}\u00a0\u00bb][\/et_pb_image][et_pb_text disabled_on=\u00a0\u00bbon|on|on\u00a0\u00bb admin_label=\u00a0\u00bbNotre action institutionnelle\u00a0\u00bb _builder_version=\u00a0\u00bb4.16&Prime; _module_preset=\u00a0\u00bbdefault\u00a0\u00bb text_font=\u00a0\u00bb|700|||||||\u00a0\u00bb text_text_color=\u00a0\u00bb#000000&Prime; text_font_size=\u00a0\u00bb29px\u00a0\u00bb text_line_height=\u00a0\u00bb1.5em\u00a0\u00bb header_font=\u00a0\u00bb|700|||||||\u00a0\u00bb header_text_color=\u00a0\u00bb#000000&Prime; header_font_size=\u00a0\u00bb32px\u00a0\u00bb header_2_font=\u00a0\u00bb|700|||||||\u00a0\u00bb header_2_text_color=\u00a0\u00bb#000000&Prime; header_2_font_size=\u00a0\u00bb32px\u00a0\u00bb header_2_line_height=\u00a0\u00bb1.5em\u00a0\u00bb background_enable_color=\u00a0\u00bboff\u00a0\u00bb text_orientation=\u00a0\u00bbcenter\u00a0\u00bb custom_margin=\u00a0\u00bb50px||10px||false|false\u00a0\u00bb custom_padding=\u00a0\u00bb||||false|false\u00a0\u00bb text_font_size_tablet=\u00a0\u00bb\u00a0\u00bb text_font_size_phone=\u00a0\u00bb20px\u00a0\u00bb text_font_size_last_edited=\u00a0\u00bbon|desktop\u00a0\u00bb text_line_height_tablet=\u00a0\u00bb\u00a0\u00bb text_line_height_phone=\u00a0\u00bb26px\u00a0\u00bb text_line_height_last_edited=\u00a0\u00bbon|phone\u00a0\u00bb header_font_size_tablet=\u00a0\u00bb\u00a0\u00bb header_font_size_phone=\u00a0\u00bb26px\u00a0\u00bb header_font_size_last_edited=\u00a0\u00bbon|phone\u00a0\u00bb disabled=\u00a0\u00bbon\u00a0\u00bb global_colors_info=\u00a0\u00bb{}\u00a0\u00bb]Notre action institutionnelle<br \/>\n[\/et_pb_text][et_pb_image src=\u00a0\u00bbhttps:\/\/louisette-marie-arnaud.org\/institution\/wp-content\/uploads\/2021\/11\/fra.png\u00a0\u00bb title_text=\u00a0\u00bbfra\u00a0\u00bb align=\u00a0\u00bbcenter\u00a0\u00bb disabled_on=\u00a0\u00bbon|on|on\u00a0\u00bb admin_label=\u00a0\u00bbImage coeur\u00a0\u00bb _builder_version=\u00a0\u00bb4.20.0&Prime; _module_preset=\u00a0\u00bbdefault\u00a0\u00bb custom_margin=\u00a0\u00bb||50px||false|false\u00a0\u00bb disabled=\u00a0\u00bbon\u00a0\u00bb global_colors_info=\u00a0\u00bb{}\u00a0\u00bb][\/et_pb_image][et_pb_text disabled_on=\u00a0\u00bbon|on|on\u00a0\u00bb admin_label=\u00a0\u00bbDroit sur les images\u00a0\u00bb _builder_version=\u00a0\u00bb4.20.0&Prime; _module_preset=\u00a0\u00bbdefault\u00a0\u00bb text_text_color=\u00a0\u00bb#ed7d31&Prime; disabled=\u00a0\u00bbon\u00a0\u00bb global_colors_info=\u00a0\u00bb{}\u00a0\u00bb]<\/p>\n<p style=\"text-align: center;\">L\u2019Institution Louisette Marie Arnaud est une organisation \u00e0 but non lucratif qui oeuvre pour la promotion de la langue fran\u00e7aise, la protection de l\u2019Amazonie, la connaissance et la protection des oiseaux, et l\u2019aide gratuite aport\u00e9e aux enfants atteints du TDAH. C&rsquo;est dans ce cadre qu&rsquo;elle oeuvre \u00e0 fournir aux \u00e9l\u00e8ves des fournitures comme des ordinateurs, ouvrages et autres n\u00e9cessaires scolaires, sans aucune contrepartie demand\u00e9e en retour.<\/p>\n<p style=\"text-align: center;\">Les informations pr\u00e9sent\u00e9es sur le site le sont toujours pour un usage \u00e9quitable.<\/p>\n<p>[\/et_pb_text][et_pb_text disabled_on=\u00a0\u00bboff|off|off\u00a0\u00bb admin_label=\u00a0\u00bbConcours Culturel-Educatif Institution Louisette-Marie Arnaud 2022-2023&Prime; _builder_version=\u00a0\u00bb4.27.4&Prime; _module_preset=\u00a0\u00bbdefault\u00a0\u00bb text_font=\u00a0\u00bb|700|||||||\u00a0\u00bb text_text_color=\u00a0\u00bb#8FAADC\u00a0\u00bb text_font_size=\u00a0\u00bb33px\u00a0\u00bb text_line_height=\u00a0\u00bb1.5em\u00a0\u00bb header_font=\u00a0\u00bb|700|||||||\u00a0\u00bb header_text_color=\u00a0\u00bb#000000&Prime; header_font_size=\u00a0\u00bb32px\u00a0\u00bb header_2_font=\u00a0\u00bb|700|||||||\u00a0\u00bb header_2_text_color=\u00a0\u00bb#000000&Prime; header_2_font_size=\u00a0\u00bb32px\u00a0\u00bb header_2_line_height=\u00a0\u00bb1.5em\u00a0\u00bb background_enable_color=\u00a0\u00bboff\u00a0\u00bb text_orientation=\u00a0\u00bbcenter\u00a0\u00bb custom_margin=\u00a0\u00bb100px|-59px|10px|-59px|false|true\u00a0\u00bb custom_padding=\u00a0\u00bb||||false|false\u00a0\u00bb text_font_size_tablet=\u00a0\u00bb\u00a0\u00bb text_font_size_phone=\u00a0\u00bb20px\u00a0\u00bb text_font_size_last_edited=\u00a0\u00bbon|desktop\u00a0\u00bb text_line_height_tablet=\u00a0\u00bb\u00a0\u00bb text_line_height_phone=\u00a0\u00bb26px\u00a0\u00bb text_line_height_last_edited=\u00a0\u00bbon|phone\u00a0\u00bb header_font_size_tablet=\u00a0\u00bb\u00a0\u00bb header_font_size_phone=\u00a0\u00bb26px\u00a0\u00bb header_font_size_last_edited=\u00a0\u00bbon|phone\u00a0\u00bb global_colors_info=\u00a0\u00bb{}\u00a0\u00bb]<\/p>\n<p>Concours Culturel-Educatif Institution Louisette-Marie Arnaud France<\/p>\n<p>[\/et_pb_text][dsm_typing_effect typing_effect=\u00a0\u00bb2023 &#8211; 2024. Troisi\u00e8me Edition au P\u00e9rou.\u00a0\u00bb _builder_version=\u00a0\u00bb4.20.0&Prime; _module_preset=\u00a0\u00bbdefault\u00a0\u00bb header_text_align=\u00a0\u00bbcenter\u00a0\u00bb typing_font=\u00a0\u00bbOpen Sans||||||||\u00a0\u00bb typing_text_color=\u00a0\u00bb#8FAADC\u00a0\u00bb typing_font_size=\u00a0\u00bb32px\u00a0\u00bb global_colors_info=\u00a0\u00bb{}\u00a0\u00bb][\/dsm_typing_effect][et_pb_text admin_label=\u00a0\u00bbLes pinceaux fran\u00e7ais\u00a0\u00bb _builder_version=\u00a0\u00bb4.20.0&Prime; _module_preset=\u00a0\u00bbdefault\u00a0\u00bb text_font=\u00a0\u00bb|700|||||||\u00a0\u00bb text_text_color=\u00a0\u00bb#000000&Prime; text_font_size=\u00a0\u00bb29px\u00a0\u00bb text_line_height=\u00a0\u00bb1.5em\u00a0\u00bb header_font=\u00a0\u00bb|700|||||||\u00a0\u00bb header_text_color=\u00a0\u00bb#000000&Prime; header_font_size=\u00a0\u00bb32px\u00a0\u00bb header_2_font=\u00a0\u00bbOpen Sans|500|||||||\u00a0\u00bb header_2_text_color=\u00a0\u00bb#000000&Prime; header_2_font_size=\u00a0\u00bb32px\u00a0\u00bb header_2_line_height=\u00a0\u00bb1.5em\u00a0\u00bb background_enable_color=\u00a0\u00bboff\u00a0\u00bb text_orientation=\u00a0\u00bbcenter\u00a0\u00bb custom_margin=\u00a0\u00bb112px||50px||false|false\u00a0\u00bb custom_padding=\u00a0\u00bb||51px||false|false\u00a0\u00bb text_font_size_tablet=\u00a0\u00bb\u00a0\u00bb text_font_size_phone=\u00a0\u00bb20px\u00a0\u00bb text_font_size_last_edited=\u00a0\u00bbon|desktop\u00a0\u00bb text_line_height_tablet=\u00a0\u00bb\u00a0\u00bb text_line_height_phone=\u00a0\u00bb26px\u00a0\u00bb text_line_height_last_edited=\u00a0\u00bbon|phone\u00a0\u00bb header_font_size_tablet=\u00a0\u00bb\u00a0\u00bb header_font_size_phone=\u00a0\u00bb26px\u00a0\u00bb header_font_size_last_edited=\u00a0\u00bbon|phone\u00a0\u00bb global_colors_info=\u00a0\u00bb{}\u00a0\u00bb]<\/p>\n<h2>Sous le th\u00e8me :<\/h2>\n<h2>Les pinceaux fran\u00e7ais de l&rsquo;impressionnisme <br \/>\net son \u00e9cho enchant\u00e9 dans le monde<\/h2>\n<p>[\/et_pb_text][et_pb_text disabled_on=\u00a0\u00bboff|off|off\u00a0\u00bb _builder_version=\u00a0\u00bb4.19.2&Prime; _module_preset=\u00a0\u00bbdefault\u00a0\u00bb text_font=\u00a0\u00bbOpen Sans|600|||||||\u00a0\u00bb text_text_color=\u00a0\u00bb#4e80db\u00a0\u00bb text_font_size=\u00a0\u00bb23px\u00a0\u00bb text_line_height=\u00a0\u00bb1.2em\u00a0\u00bb text_orientation=\u00a0\u00bbcenter\u00a0\u00bb custom_margin=\u00a0\u00bb|-62px|48px|-62px|false|true\u00a0\u00bb locked=\u00a0\u00bboff\u00a0\u00bb global_colors_info=\u00a0\u00bb{}\u00a0\u00bb]<\/p>\n<div class=\"page\" title=\"Page 3\">\n<div class=\"layoutArea\">\n<div class=\"column\">\n<p>Avec nos plus vifs remerciements aux Membres du Jury qui ont participe\u0301 a\u0300 l\u2019analyse et a\u0300 l\u2019e\u0301lection du Laure\u0301at<\/p>\n<\/div>\n<\/div>\n<\/div>\n<p>[\/et_pb_text][\/et_pb_column][\/et_pb_row][et_pb_row column_structure=\u00a0\u00bb3_5,2_5&Prime; disabled_on=\u00a0\u00bbon|on|on\u00a0\u00bb admin_label=\u00a0\u00bbPdt du jury\u00a0\u00bb _builder_version=\u00a0\u00bb4.19.2&Prime; _module_preset=\u00a0\u00bbdefault\u00a0\u00bb custom_margin=\u00a0\u00bb|||210px|false|false\u00a0\u00bb disabled=\u00a0\u00bbon\u00a0\u00bb global_colors_info=\u00a0\u00bb{}\u00a0\u00bb][et_pb_column type=\u00a0\u00bb3_5&Prime; _builder_version=\u00a0\u00bb4.19.2&Prime; _module_preset=\u00a0\u00bbdefault\u00a0\u00bb global_colors_info=\u00a0\u00bb{}\u00a0\u00bb][et_pb_image src=\u00a0\u00bbhttps:\/\/louisette-marie-arnaud.org\/institution\/wp-content\/uploads\/2023\/02\/1-PRESIDENT-DU-JURY.jpg\u00a0\u00bb title_text=\u00a0\u00bb1-PRESIDENT DU JURY\u00a0\u00bb _builder_version=\u00a0\u00bb4.19.2&Prime; _module_preset=\u00a0\u00bbdefault\u00a0\u00bb custom_margin=\u00a0\u00bb|-86px||2px||\u00a0\u00bb global_colors_info=\u00a0\u00bb{}\u00a0\u00bb][\/et_pb_image][\/et_pb_column][et_pb_column type=\u00a0\u00bb2_5&Prime; _builder_version=\u00a0\u00bb4.19.2&Prime; _module_preset=\u00a0\u00bbdefault\u00a0\u00bb global_colors_info=\u00a0\u00bb{}\u00a0\u00bb][et_pb_text _builder_version=\u00a0\u00bb4.19.2&Prime; _module_preset=\u00a0\u00bbdefault\u00a0\u00bb text_line_height=\u00a0\u00bb1.1em\u00a0\u00bb link_font=\u00a0\u00bb||||on|||#0C71C3|\u00a0\u00bb link_font_size=\u00a0\u00bb13px\u00a0\u00bb header_font_size=\u00a0\u00bb19px\u00a0\u00bb header_line_height=\u00a0\u00bb0.4em\u00a0\u00bb header_2_font=\u00a0\u00bbOpen Sans||||||||\u00a0\u00bb header_2_text_align=\u00a0\u00bbcenter\u00a0\u00bb header_2_font_size=\u00a0\u00bb16px\u00a0\u00bb text_orientation=\u00a0\u00bbcenter\u00a0\u00bb custom_margin=\u00a0\u00bb11px|3px||3px|false|true\u00a0\u00bb global_colors_info=\u00a0\u00bb{}\u00a0\u00bb]<\/p>\n<h2 style=\"text-align: center;\">GERAUD DE GALARD TERRAUBE<\/h2>\n<p><strong>Dipl\u00f4m\u00e9 en Sciences Politiques <\/strong><\/p>\n<p><strong>Intellectuel et Ecrivain<\/strong><\/p>\n<p style=\"text-align: center;\">\n<p style=\"text-align: center;\"><a href=\"https:\/\/www.editions-harmattan.fr\/livre-il_pleut_toujours_sous_les_jacarandas_geraud_de_galard-9782747540636-11435.html\">Il pleut toujours sous les jacarandas<\/a><\/p>\n<p style=\"text-align: center;\">\u00a0<a href=\"https:\/\/www.librairie-gallimard.com\/livre\/9782296969292-retour-sur-une-enfance-de-l-occupation-aux-premieres-decolonisations-roman-de-galard-geraud\/\">Retour sur une enfance<\/a><\/p>\n<p style=\"text-align: center;\"><a href=\"https:\/\/www.editions-harmattan.fr\/livre-ces_terres_jaunes_roman_geraud_de_galard-9782296550810-34432.html\">Ces Terres jaunes<\/a><\/p>\n<p style=\"text-align: center;\"><strong>Gers \u2013 Terraube<\/strong><\/p>\n<p>[\/et_pb_text][\/et_pb_column][\/et_pb_row][et_pb_row use_custom_gutter=\u00a0\u00bbon\u00a0\u00bb gutter_width=\u00a0\u00bb4&Prime; make_equal=\u00a0\u00bbon\u00a0\u00bb admin_label=\u00a0\u00bbHommage\u00a0\u00bb _builder_version=\u00a0\u00bb4.20.0&Prime; _module_preset=\u00a0\u00bbdefault\u00a0\u00bb width=\u00a0\u00bb100%\u00a0\u00bb max_width=\u00a0\u00bb2560px\u00a0\u00bb custom_margin=\u00a0\u00bb-80px|auto|75px|auto|false|false\u00a0\u00bb custom_padding=\u00a0\u00bb||||false|false\u00a0\u00bb global_colors_info=\u00a0\u00bb{}\u00a0\u00bb][et_pb_column type=\u00a0\u00bb4_4&Prime; _builder_version=\u00a0\u00bb4.19.2&Prime; _module_preset=\u00a0\u00bbdefault\u00a0\u00bb global_colors_info=\u00a0\u00bb{}\u00a0\u00bb][et_pb_image src=\u00a0\u00bbhttps:\/\/louisette-marie-arnaud.org\/institution\/wp-content\/uploads\/2024\/06\/Jury-Premiere-ligne-sans-Titre-3.jpg\u00a0\u00bb title_text=\u00a0\u00bbJury Premi\u00e8re ligne sans Titre -3&Prime; align=\u00a0\u00bbcenter\u00a0\u00bb admin_label=\u00a0\u00bbImage\u00a0\u00bb _builder_version=\u00a0\u00bb4.20.0&Prime; _module_preset=\u00a0\u00bbdefault\u00a0\u00bb width=\u00a0\u00bb1700px\u00a0\u00bb max_width=\u00a0\u00bb1700px\u00a0\u00bb custom_margin=\u00a0\u00bb-25px||||false|false\u00a0\u00bb custom_padding=\u00a0\u00bb||||false|false\u00a0\u00bb global_colors_info=\u00a0\u00bb{}\u00a0\u00bb][\/et_pb_image][\/et_pb_column][\/et_pb_row][et_pb_row use_custom_gutter=\u00a0\u00bbon\u00a0\u00bb gutter_width=\u00a0\u00bb4&Prime; make_equal=\u00a0\u00bbon\u00a0\u00bb admin_label=\u00a0\u00bbMembres du jury\u00a0\u00bb _builder_version=\u00a0\u00bb4.19.2&Prime; _module_preset=\u00a0\u00bbdefault\u00a0\u00bb width=\u00a0\u00bb100%\u00a0\u00bb max_width=\u00a0\u00bb2560px\u00a0\u00bb custom_margin=\u00a0\u00bb|auto|75px|auto|false|false\u00a0\u00bb custom_padding=\u00a0\u00bb||||false|false\u00a0\u00bb global_colors_info=\u00a0\u00bb{}\u00a0\u00bb][et_pb_column type=\u00a0\u00bb4_4&Prime; _builder_version=\u00a0\u00bb4.19.2&Prime; _module_preset=\u00a0\u00bbdefault\u00a0\u00bb global_colors_info=\u00a0\u00bb{}\u00a0\u00bb][et_pb_image src=\u00a0\u00bbhttps:\/\/louisette-marie-arnaud.org\/institution\/wp-content\/uploads\/2024\/06\/Jury-Range-1-et-2.jpg\u00a0\u00bb title_text=\u00a0\u00bbJury &#8211; Range 1 et 2&Prime; align=\u00a0\u00bbcenter\u00a0\u00bb disabled_on=\u00a0\u00bbon|on|on\u00a0\u00bb _builder_version=\u00a0\u00bb4.20.0&Prime; _module_preset=\u00a0\u00bbdefault\u00a0\u00bb width=\u00a0\u00bb100%\u00a0\u00bb max_width=\u00a0\u00bb100%\u00a0\u00bb custom_margin=\u00a0\u00bb||15px||false|false\u00a0\u00bb custom_padding=\u00a0\u00bb||||false|false\u00a0\u00bb disabled=\u00a0\u00bbon\u00a0\u00bb global_colors_info=\u00a0\u00bb{}\u00a0\u00bb][\/et_pb_image][et_pb_image src=\u00a0\u00bbhttps:\/\/louisette-marie-arnaud.org\/institution\/wp-content\/uploads\/2024\/06\/JURY-Rangee-3-et-4.jpg\u00a0\u00bb title_text=\u00a0\u00bbJURY Rang\u00e9e 3 et 4&Prime; align=\u00a0\u00bbcenter\u00a0\u00bb disabled_on=\u00a0\u00bbon|on|on\u00a0\u00bb _builder_version=\u00a0\u00bb4.20.0&Prime; _module_preset=\u00a0\u00bbdefault\u00a0\u00bb width=\u00a0\u00bb81%\u00a0\u00bb max_width=\u00a0\u00bb56%\u00a0\u00bb custom_margin=\u00a0\u00bb||15px||false|false\u00a0\u00bb custom_padding=\u00a0\u00bb||||false|false\u00a0\u00bb disabled=\u00a0\u00bbon\u00a0\u00bb global_colors_info=\u00a0\u00bb{}\u00a0\u00bb][\/et_pb_image][et_pb_image src=\u00a0\u00bbhttps:\/\/louisette-marie-arnaud.org\/institution\/wp-content\/uploads\/2024\/06\/Jury-Ligne-2-sur-2.jpg\u00a0\u00bb title_text=\u00a0\u00bbJury &#8211; Ligne 2 sur 2&Prime; align=\u00a0\u00bbcenter\u00a0\u00bb disabled_on=\u00a0\u00bboff|off|off\u00a0\u00bb _builder_version=\u00a0\u00bb4.20.0&Prime; _module_preset=\u00a0\u00bbdefault\u00a0\u00bb width=\u00a0\u00bb81%\u00a0\u00bb max_width=\u00a0\u00bb56%\u00a0\u00bb custom_margin=\u00a0\u00bb||15px||false|false\u00a0\u00bb custom_padding=\u00a0\u00bb||||false|false\u00a0\u00bb global_colors_info=\u00a0\u00bb{}\u00a0\u00bb][\/et_pb_image][et_pb_image src=\u00a0\u00bbhttps:\/\/louisette-marie-arnaud.org\/institution\/wp-content\/uploads\/2024\/06\/Capture-JURY-ligne-3-sur-2.jpg\u00a0\u00bb title_text=\u00a0\u00bbCapture JURY &#8211; ligne 3 sur 2&Prime; align=\u00a0\u00bbcenter\u00a0\u00bb disabled_on=\u00a0\u00bboff|off|off\u00a0\u00bb _builder_version=\u00a0\u00bb4.20.0&Prime; _module_preset=\u00a0\u00bbdefault\u00a0\u00bb width=\u00a0\u00bb81%\u00a0\u00bb max_width=\u00a0\u00bb56%\u00a0\u00bb custom_margin=\u00a0\u00bb||15px||false|false\u00a0\u00bb custom_padding=\u00a0\u00bb||||false|false\u00a0\u00bb global_colors_info=\u00a0\u00bb{}\u00a0\u00bb][\/et_pb_image][et_pb_image src=\u00a0\u00bbhttps:\/\/louisette-marie-arnaud.org\/institution\/wp-content\/uploads\/2024\/06\/JURY-ligne-4-sur-2.jpg\u00a0\u00bb title_text=\u00a0\u00bbJURY ligne 4 sur 2&Prime; align=\u00a0\u00bbcenter\u00a0\u00bb disabled_on=\u00a0\u00bboff|off|off\u00a0\u00bb _builder_version=\u00a0\u00bb4.20.0&Prime; _module_preset=\u00a0\u00bbdefault\u00a0\u00bb width=\u00a0\u00bb81%\u00a0\u00bb max_width=\u00a0\u00bb56%\u00a0\u00bb custom_margin=\u00a0\u00bb||15px||false|false\u00a0\u00bb custom_padding=\u00a0\u00bb||||false|false\u00a0\u00bb global_colors_info=\u00a0\u00bb{}\u00a0\u00bb][\/et_pb_image][et_pb_image src=\u00a0\u00bbhttps:\/\/louisette-marie-arnaud.org\/institution\/wp-content\/uploads\/2024\/06\/JURY-LIGNE-5-sur-2.jpg\u00a0\u00bb title_text=\u00a0\u00bbJURY LIGNE 5 sur 2&Prime; align=\u00a0\u00bbcenter\u00a0\u00bb disabled_on=\u00a0\u00bboff|off|off\u00a0\u00bb _builder_version=\u00a0\u00bb4.20.0&Prime; _module_preset=\u00a0\u00bbdefault\u00a0\u00bb width=\u00a0\u00bb81%\u00a0\u00bb max_width=\u00a0\u00bb56%\u00a0\u00bb custom_margin=\u00a0\u00bb||||false|false\u00a0\u00bb custom_padding=\u00a0\u00bb||||false|false\u00a0\u00bb global_colors_info=\u00a0\u00bb{}\u00a0\u00bb][\/et_pb_image][\/et_pb_column][\/et_pb_row][et_pb_row _builder_version=\u00a0\u00bb4.19.2&Prime; _module_preset=\u00a0\u00bbdefault\u00a0\u00bb custom_margin=\u00a0\u00bb10px||||false|false\u00a0\u00bb global_colors_info=\u00a0\u00bb{}\u00a0\u00bb][et_pb_column type=\u00a0\u00bb4_4&Prime; _builder_version=\u00a0\u00bb4.19.2&Prime; _module_preset=\u00a0\u00bbdefault\u00a0\u00bb global_colors_info=\u00a0\u00bb{}\u00a0\u00bb][et_pb_text _builder_version=\u00a0\u00bb4.20.0&Prime; _module_preset=\u00a0\u00bbdefault\u00a0\u00bb text_font=\u00a0\u00bb|700|||||||\u00a0\u00bb text_font_size=\u00a0\u00bb29px\u00a0\u00bb text_orientation=\u00a0\u00bbcenter\u00a0\u00bb custom_margin=\u00a0\u00bb20px||||false|false\u00a0\u00bb global_colors_info=\u00a0\u00bb{}\u00a0\u00bb]<\/p>\n<p>Notre Pays : La France<\/p>\n<p>[\/et_pb_text][\/et_pb_column][\/et_pb_row][et_pb_row admin_label=\u00a0\u00bbVid\u00e9o France\u00a0\u00bb _builder_version=\u00a0\u00bb4.19.2&Prime; _module_preset=\u00a0\u00bbdefault\u00a0\u00bb global_colors_info=\u00a0\u00bb{}\u00a0\u00bb][et_pb_column type=\u00a0\u00bb4_4&Prime; _builder_version=\u00a0\u00bb4.19.2&Prime; _module_preset=\u00a0\u00bbdefault\u00a0\u00bb global_colors_info=\u00a0\u00bb{}\u00a0\u00bb][et_pb_code admin_label=\u00a0\u00bbCode video\u00a0\u00bb _builder_version=\u00a0\u00bb4.20.0&Prime; _module_preset=\u00a0\u00bbdefault\u00a0\u00bb width=\u00a0\u00bb80%\u00a0\u00bb module_alignment=\u00a0\u00bbcenter\u00a0\u00bb global_colors_info=\u00a0\u00bb{}\u00a0\u00bb]<iframe loading=\"lazy\" title=\"YouTube video player\" src=\"https:\/\/www.youtube.com\/embed\/upgWZIT-fJk?si=lLK3PmXGeXChVEvm\" width=\"560\" height=\"315\" frameborder=\"0\" allow=\"accelerometer; autoplay; clipboard-write; encrypted-media; gyroscope; picture-in-picture\" allowfullscreen><\/iframe>[\/et_pb_code][et_pb_text admin_label=\u00a0\u00bbTitre vid\u00e9o\u00a0\u00bb _builder_version=\u00a0\u00bb4.20.0&Prime; _module_preset=\u00a0\u00bbdefault\u00a0\u00bb text_font=\u00a0\u00bb||||||||\u00a0\u00bb text_font_size=\u00a0\u00bb24px\u00a0\u00bb text_line_height=\u00a0\u00bb1.6em\u00a0\u00bb text_orientation=\u00a0\u00bbcenter\u00a0\u00bb custom_margin=\u00a0\u00bb0%||||false|false\u00a0\u00bb inline_fonts=\u00a0\u00bbComic Neue\u00a0\u00bb global_colors_info=\u00a0\u00bb{}\u00a0\u00bb]<\/p>\n<p><strong>LES PLUS BEAUX PAYSAGES DE FRANCE<\/strong><\/p>\n<p>[\/et_pb_text][et_pb_text admin_label=\u00a0\u00bbL\u00e9gende vd\u00e9o\u00a0\u00bb _builder_version=\u00a0\u00bb4.20.0&Prime; _module_preset=\u00a0\u00bbdefault\u00a0\u00bb text_font=\u00a0\u00bb||||||||\u00a0\u00bb text_font_size=\u00a0\u00bb12px\u00a0\u00bb text_line_height=\u00a0\u00bb1.6em\u00a0\u00bb text_orientation=\u00a0\u00bbcenter\u00a0\u00bb custom_margin=\u00a0\u00bb-35px||||false|false\u00a0\u00bb inline_fonts=\u00a0\u00bbComic Neue\u00a0\u00bb global_colors_info=\u00a0\u00bb{}\u00a0\u00bb]<\/p>\n<p>R\u00e9alisation : Victor Michaud Production : Victor Michaud Bande originale : Maximilien Gomart Mix audio : Maximilien Gomart<\/p>\n<p>[\/et_pb_text][et_pb_text admin_label=\u00a0\u00bbCapitale : Paris\u00a0\u00bb _builder_version=\u00a0\u00bb4.16&Prime; _module_preset=\u00a0\u00bbdefault\u00a0\u00bb text_font=\u00a0\u00bb|700|||||||\u00a0\u00bb text_text_color=\u00a0\u00bb#000000&Prime; text_font_size=\u00a0\u00bb29px\u00a0\u00bb text_line_height=\u00a0\u00bb1.5em\u00a0\u00bb header_font=\u00a0\u00bb|700|||||||\u00a0\u00bb header_text_color=\u00a0\u00bb#000000&Prime; header_font_size=\u00a0\u00bb32px\u00a0\u00bb header_2_font=\u00a0\u00bb|700|||||||\u00a0\u00bb header_2_text_color=\u00a0\u00bb#000000&Prime; header_2_font_size=\u00a0\u00bb32px\u00a0\u00bb header_2_line_height=\u00a0\u00bb1.5em\u00a0\u00bb background_enable_color=\u00a0\u00bboff\u00a0\u00bb text_orientation=\u00a0\u00bbcenter\u00a0\u00bb custom_margin=\u00a0\u00bb50px||10px||false|false\u00a0\u00bb custom_padding=\u00a0\u00bb||||false|false\u00a0\u00bb text_font_size_tablet=\u00a0\u00bb\u00a0\u00bb text_font_size_phone=\u00a0\u00bb20px\u00a0\u00bb text_font_size_last_edited=\u00a0\u00bbon|desktop\u00a0\u00bb text_line_height_tablet=\u00a0\u00bb\u00a0\u00bb text_line_height_phone=\u00a0\u00bb26px\u00a0\u00bb text_line_height_last_edited=\u00a0\u00bbon|phone\u00a0\u00bb header_font_size_tablet=\u00a0\u00bb\u00a0\u00bb header_font_size_phone=\u00a0\u00bb26px\u00a0\u00bb header_font_size_last_edited=\u00a0\u00bbon|phone\u00a0\u00bb global_colors_info=\u00a0\u00bb{}\u00a0\u00bb]Capitale\u00a0: Paris<br \/>\n[\/et_pb_text][\/et_pb_column][\/et_pb_row][et_pb_row column_structure=\u00a0\u00bb1_2,1_2&Prime; admin_label=\u00a0\u00bb1\u00e8re lignes de vid\u00e9os : Louvre + ND de Paris\u00a0\u00bb _builder_version=\u00a0\u00bb4.16&Prime; _module_preset=\u00a0\u00bbdefault\u00a0\u00bb global_colors_info=\u00a0\u00bb{}\u00a0\u00bb][et_pb_column type=\u00a0\u00bb1_2&Prime; _builder_version=\u00a0\u00bb4.16&Prime; _module_preset=\u00a0\u00bbdefault\u00a0\u00bb global_colors_info=\u00a0\u00bb{}\u00a0\u00bb][et_pb_code _builder_version=\u00a0\u00bb4.16&Prime; _module_preset=\u00a0\u00bbdefault\u00a0\u00bb global_colors_info=\u00a0\u00bb{}\u00a0\u00bb]<iframe loading=\"lazy\" title=\"YouTube video player\" src=\"https:\/\/www.youtube.com\/embed\/lU_eAacSLWc?rel=0\" width=\"560\" height=\"315\" frameborder=\"0\" allowfullscreen=\"allowfullscreen\"><\/iframe>[\/et_pb_code][et_pb_text _builder_version=\u00a0\u00bb4.16&Prime; _module_preset=\u00a0\u00bbdefault\u00a0\u00bb text_font=\u00a0\u00bb||||||||\u00a0\u00bb text_font_size=\u00a0\u00bb16px\u00a0\u00bb text_line_height=\u00a0\u00bb1.3em\u00a0\u00bb text_orientation=\u00a0\u00bbcenter\u00a0\u00bb custom_margin=\u00a0\u00bb0%||||false|false\u00a0\u00bb inline_fonts=\u00a0\u00bbComic Neue\u00a0\u00bb global_colors_info=\u00a0\u00bb{}\u00a0\u00bb]PARIS, France &#8211; Devant la Pyramide du Louvre ou environ 38 000 objets de la pr\u00e9histoire au 21e si\u00e8cle sont expos\u00e9s.<br \/>\n[\/et_pb_text][\/et_pb_column][et_pb_column type=\u00a0\u00bb1_2&Prime; _builder_version=\u00a0\u00bb4.16&Prime; _module_preset=\u00a0\u00bbdefault\u00a0\u00bb global_colors_info=\u00a0\u00bb{}\u00a0\u00bb][et_pb_code _builder_version=\u00a0\u00bb4.19.2&Prime; _module_preset=\u00a0\u00bbdefault\u00a0\u00bb global_colors_info=\u00a0\u00bb{}\u00a0\u00bb]<iframe loading=\"lazy\" title=\"YouTube video player\" src=\"https:\/\/youtube.com\/embed\/oUIitVmNKCE?rel=0\" width=\"560\" height=\"315\" frameborder=\"0\" allowfullscreen=\"allowfullscreen\"><\/iframe>[\/et_pb_code][et_pb_text module_class=\u00a0\u00bbVideoTexte2&Prime; _builder_version=\u00a0\u00bb4.20.0&Prime; _module_preset=\u00a0\u00bbdefault\u00a0\u00bb text_font=\u00a0\u00bb||||||||\u00a0\u00bb text_font_size=\u00a0\u00bb16px\u00a0\u00bb text_line_height=\u00a0\u00bb1.3em\u00a0\u00bb text_orientation=\u00a0\u00bbcenter\u00a0\u00bb custom_margin=\u00a0\u00bb0%||||false|false\u00a0\u00bb inline_fonts=\u00a0\u00bbComic Neue\u00a0\u00bb global_colors_info=\u00a0\u00bb{}\u00a0\u00bb]La cath\u00e9drale Notre-Dame de Paris est l&rsquo;un des\u00a0\u00a0 fleurons du Patrimoine culturel national et mondial. C&rsquo;est l&rsquo;une des plus anciennes cath\u00e9drales gothiques de France.[\/et_pb_text][\/et_pb_column][\/et_pb_row][et_pb_row disabled_on=\u00a0\u00bbon|on|on\u00a0\u00bb _builder_version=\u00a0\u00bb4.16&Prime; _module_preset=\u00a0\u00bbdefault\u00a0\u00bb disabled=\u00a0\u00bbon\u00a0\u00bb global_colors_info=\u00a0\u00bb{}\u00a0\u00bb][et_pb_column type=\u00a0\u00bb4_4&Prime; _builder_version=\u00a0\u00bb4.16&Prime; _module_preset=\u00a0\u00bbdefault\u00a0\u00bb global_colors_info=\u00a0\u00bb{}\u00a0\u00bb][et_pb_divider show_divider=\u00a0\u00bboff\u00a0\u00bb _builder_version=\u00a0\u00bb4.16&Prime; _module_preset=\u00a0\u00bbdefault\u00a0\u00bb global_colors_info=\u00a0\u00bb{}\u00a0\u00bb][\/et_pb_divider][\/et_pb_column][\/et_pb_row][et_pb_row column_structure=\u00a0\u00bb1_2,1_2&Prime; disabled_on=\u00a0\u00bbon|on|on\u00a0\u00bb admin_label=\u00a0\u00bbLigne\u00a0\u00bb _builder_version=\u00a0\u00bb4.16&Prime; _module_preset=\u00a0\u00bbdefault\u00a0\u00bb disabled=\u00a0\u00bbon\u00a0\u00bb global_colors_info=\u00a0\u00bb{}\u00a0\u00bb][et_pb_column type=\u00a0\u00bb1_2&Prime; _builder_version=\u00a0\u00bb4.16&Prime; _module_preset=\u00a0\u00bbdefault\u00a0\u00bb global_colors_info=\u00a0\u00bb{}\u00a0\u00bb][et_pb_code _builder_version=\u00a0\u00bb4.19.2&Prime; _module_preset=\u00a0\u00bbdefault\u00a0\u00bb global_colors_info=\u00a0\u00bb{}\u00a0\u00bb]<iframe loading=\"lazy\" title=\"YouTube video player\" src=\"https:\/\/youtube.com\/embed\/-rhtVj0gJMU\" width=\"560\" height=\"315\" frameborder=\"0\" allowfullscreen=\"allowfullscreen\"><\/iframe>[\/et_pb_code][et_pb_text _builder_version=\u00a0\u00bb4.19.2&Prime; _module_preset=\u00a0\u00bbdefault\u00a0\u00bb text_font=\u00a0\u00bb||||||||\u00a0\u00bb text_font_size=\u00a0\u00bb16px\u00a0\u00bb text_line_height=\u00a0\u00bb1.3em\u00a0\u00bb text_orientation=\u00a0\u00bbcenter\u00a0\u00bb custom_margin=\u00a0\u00bb0%||||false|false\u00a0\u00bb inline_fonts=\u00a0\u00bbComic Neue\u00a0\u00bb global_colors_info=\u00a0\u00bb{}\u00a0\u00bb]Normandie, France \u2013 \u00ab Le Mont Saint Michel \u00bb Perle de l\u2019occident, tire son nom de l\u2019ilot rocheux consacr\u00e9 \u00e0 Saint Michel <a href=\"https:\/\/www.detoursenfrance.fr\/patrimoine\/15-des-plus-beaux-sites-francais-classes-a-lunesco-8121\">patrimoine mondial de l\u2019Unesco<\/a>.\u00a0Vue a\u00e9rienne.<br \/>\n[\/et_pb_text][\/et_pb_column][et_pb_column type=\u00a0\u00bb1_2&Prime; _builder_version=\u00a0\u00bb4.16&Prime; _module_preset=\u00a0\u00bbdefault\u00a0\u00bb global_colors_info=\u00a0\u00bb{}\u00a0\u00bb][et_pb_code _builder_version=\u00a0\u00bb4.19.2&Prime; _module_preset=\u00a0\u00bbdefault\u00a0\u00bb global_colors_info=\u00a0\u00bb{}\u00a0\u00bb]<iframe loading=\"lazy\" title=\"YouTube video player\" src=\"https:\/\/youtube.com\/embed\/qYNMLFSgdTE\" width=\"560\" height=\"315\" frameborder=\"0\" allowfullscreen=\"allowfullscreen\"><\/iframe>[\/et_pb_code][et_pb_text _builder_version=\u00a0\u00bb4.19.2&Prime; _module_preset=\u00a0\u00bbdefault\u00a0\u00bb text_font=\u00a0\u00bb||||||||\u00a0\u00bb text_font_size=\u00a0\u00bb16px\u00a0\u00bb text_line_height=\u00a0\u00bb1.3em\u00a0\u00bb text_orientation=\u00a0\u00bbcenter\u00a0\u00bb custom_margin=\u00a0\u00bb0%||||false|false\u00a0\u00bb inline_fonts=\u00a0\u00bbComic Neue\u00a0\u00bb global_colors_info=\u00a0\u00bb{}\u00a0\u00bb]Normandie, France &#8211; Le Mont Saint Michel, chef-d\u2019\u0153uvre d\u2019ing\u00e9niosit\u00e9 de l\u2019architecture fran\u00e7aise. Joyau unique au monde nous livre ses secrets. Inscrit au patrimoine mondial de l\u2019Unesco.<br \/>\n[\/et_pb_text][\/et_pb_column][\/et_pb_row][et_pb_row admin_label=\u00a0\u00bbTroisi\u00e8me Edition Interscolaire\u00a0\u00bb _builder_version=\u00a0\u00bb4.20.0&Prime; _module_preset=\u00a0\u00bbdefault\u00a0\u00bb custom_margin=\u00a0\u00bb40px||||false|false\u00a0\u00bb global_colors_info=\u00a0\u00bb{}\u00a0\u00bb][et_pb_column type=\u00a0\u00bb4_4&Prime; _builder_version=\u00a0\u00bb4.16&Prime; _module_preset=\u00a0\u00bbdefault\u00a0\u00bb global_colors_info=\u00a0\u00bb{}\u00a0\u00bb][et_pb_text admin_label=\u00a0\u00bbTitre\u00a0\u00bb _builder_version=\u00a0\u00bb4.20.0&Prime; _module_preset=\u00a0\u00bbdefault\u00a0\u00bb text_font=\u00a0\u00bb|700|||||||\u00a0\u00bb text_text_color=\u00a0\u00bb#000000&Prime; text_font_size=\u00a0\u00bb29px\u00a0\u00bb text_line_height=\u00a0\u00bb1.5em\u00a0\u00bb header_font=\u00a0\u00bb|700|||||||\u00a0\u00bb header_text_color=\u00a0\u00bb#000000&Prime; header_font_size=\u00a0\u00bb32px\u00a0\u00bb header_2_font=\u00a0\u00bb|700|||||||\u00a0\u00bb header_2_text_color=\u00a0\u00bb#000000&Prime; header_2_font_size=\u00a0\u00bb32px\u00a0\u00bb header_2_line_height=\u00a0\u00bb1.5em\u00a0\u00bb background_enable_color=\u00a0\u00bboff\u00a0\u00bb text_orientation=\u00a0\u00bbcenter\u00a0\u00bb custom_margin=\u00a0\u00bb50px||10px||false|false\u00a0\u00bb custom_padding=\u00a0\u00bb||||false|false\u00a0\u00bb text_font_size_tablet=\u00a0\u00bb\u00a0\u00bb text_font_size_phone=\u00a0\u00bb20px\u00a0\u00bb text_font_size_last_edited=\u00a0\u00bbon|desktop\u00a0\u00bb text_line_height_tablet=\u00a0\u00bb\u00a0\u00bb text_line_height_phone=\u00a0\u00bb26px\u00a0\u00bb text_line_height_last_edited=\u00a0\u00bbon|phone\u00a0\u00bb header_font_size_tablet=\u00a0\u00bb\u00a0\u00bb header_font_size_phone=\u00a0\u00bb26px\u00a0\u00bb header_font_size_last_edited=\u00a0\u00bbon|phone\u00a0\u00bb global_colors_info=\u00a0\u00bb{}\u00a0\u00bb]<\/p>\n<p>Troisi\u00e8me Edition Interscolaire<\/p>\n<p>[\/et_pb_text][et_pb_code _builder_version=\u00a0\u00bb4.16&Prime; _module_preset=\u00a0\u00bbdefault\u00a0\u00bb width=\u00a0\u00bb60%\u00a0\u00bb module_alignment=\u00a0\u00bbcenter\u00a0\u00bb custom_margin=\u00a0\u00bb3%||||false|false\u00a0\u00bb global_colors_info=\u00a0\u00bb{}\u00a0\u00bb]<iframe loading=\"lazy\" title=\"YouTube video player\" src=\"https:\/\/www.youtube.com\/embed\/6NapBIug6-w?rel=0\" width=\"560\" height=\"315\" frameborder=\"0\" allowfullscreen=\"allowfullscreen\"><\/iframe>[\/et_pb_code][et_pb_text _builder_version=\u00a0\u00bb4.16&Prime; _module_preset=\u00a0\u00bbdefault\u00a0\u00bb text_font=\u00a0\u00bb||||||||\u00a0\u00bb text_font_size=\u00a0\u00bb24px\u00a0\u00bb text_line_height=\u00a0\u00bb1.6em\u00a0\u00bb text_orientation=\u00a0\u00bbcenter\u00a0\u00bb custom_margin=\u00a0\u00bb0%||||false|false\u00a0\u00bb inline_fonts=\u00a0\u00bbComic Neue\u00a0\u00bb global_colors_info=\u00a0\u00bb{}\u00a0\u00bb]Carte du zoom de la Terre \u2013 VERS LIMA &#8211; P\u00e9rou<br \/>\n[\/et_pb_text][\/et_pb_column][\/et_pb_row][et_pb_row admin_label=\u00a0\u00bbPays : le P\u00e9rou\u00a0\u00bb _builder_version=\u00a0\u00bb4.16&Prime; _module_preset=\u00a0\u00bbdefault\u00a0\u00bb global_colors_info=\u00a0\u00bb{}\u00a0\u00bb][et_pb_column type=\u00a0\u00bb4_4&Prime; _builder_version=\u00a0\u00bb4.16&Prime; _module_preset=\u00a0\u00bbdefault\u00a0\u00bb global_colors_info=\u00a0\u00bb{}\u00a0\u00bb][et_pb_text admin_label=\u00a0\u00bbPays : Le P\u00e9rou\u00a0\u00bb _builder_version=\u00a0\u00bb4.16&Prime; _module_preset=\u00a0\u00bbdefault\u00a0\u00bb text_font=\u00a0\u00bb|700|||||||\u00a0\u00bb text_text_color=\u00a0\u00bb#000000&Prime; text_font_size=\u00a0\u00bb29px\u00a0\u00bb text_line_height=\u00a0\u00bb1.5em\u00a0\u00bb header_font=\u00a0\u00bb|700|||||||\u00a0\u00bb header_text_color=\u00a0\u00bb#000000&Prime; header_font_size=\u00a0\u00bb32px\u00a0\u00bb header_2_font=\u00a0\u00bb|700|||||||\u00a0\u00bb header_2_text_color=\u00a0\u00bb#000000&Prime; header_2_font_size=\u00a0\u00bb32px\u00a0\u00bb header_2_line_height=\u00a0\u00bb1.5em\u00a0\u00bb background_enable_color=\u00a0\u00bboff\u00a0\u00bb text_orientation=\u00a0\u00bbcenter\u00a0\u00bb custom_margin=\u00a0\u00bb50px||10px||false|false\u00a0\u00bb custom_padding=\u00a0\u00bb||||false|false\u00a0\u00bb text_font_size_tablet=\u00a0\u00bb\u00a0\u00bb text_font_size_phone=\u00a0\u00bb20px\u00a0\u00bb text_font_size_last_edited=\u00a0\u00bbon|desktop\u00a0\u00bb text_line_height_tablet=\u00a0\u00bb\u00a0\u00bb text_line_height_phone=\u00a0\u00bb26px\u00a0\u00bb text_line_height_last_edited=\u00a0\u00bbon|phone\u00a0\u00bb header_font_size_tablet=\u00a0\u00bb\u00a0\u00bb header_font_size_phone=\u00a0\u00bb26px\u00a0\u00bb header_font_size_last_edited=\u00a0\u00bbon|phone\u00a0\u00bb global_colors_info=\u00a0\u00bb{}\u00a0\u00bb]Pays : Le P\u00e9rou<br \/>\n[\/et_pb_text][et_pb_code disabled_on=\u00a0\u00bbon|on|on\u00a0\u00bb admin_label=\u00a0\u00bbvideo p\u00e9rou\u00a0\u00bb _builder_version=\u00a0\u00bb4.20.0&Prime; _module_preset=\u00a0\u00bbdefault\u00a0\u00bb width=\u00a0\u00bb80%\u00a0\u00bb module_alignment=\u00a0\u00bbcenter\u00a0\u00bb custom_margin=\u00a0\u00bb3%||||false|false\u00a0\u00bb disabled=\u00a0\u00bbon\u00a0\u00bb global_colors_info=\u00a0\u00bb{}\u00a0\u00bb]<iframe loading=\"lazy\" title=\"YouTube video player\" src=\"https:\/\/www.youtube.com\/embed\/fgsxN1o6r6A?si=DfWXdDY0HTBd1tst\" width=\"560\" height=\"315\" title=\"YouTube video player\" frameborder=\"0\" allow=\"accelerometer; autoplay; clipboard-write; encrypted-media; gyroscope; picture-in-picture\" allowfullscreen><\/iframe>[\/et_pb_code][et_pb_text disabled_on=\u00a0\u00bbon|on|on\u00a0\u00bb admin_label=\u00a0\u00bbl\u00e9gende vid\u00e9o\u00a0\u00bb _builder_version=\u00a0\u00bb4.20.0&Prime; _module_preset=\u00a0\u00bbdefault\u00a0\u00bb text_font=\u00a0\u00bb||||||||\u00a0\u00bb text_font_size=\u00a0\u00bb24px\u00a0\u00bb text_line_height=\u00a0\u00bb1.6em\u00a0\u00bb text_orientation=\u00a0\u00bbcenter\u00a0\u00bb custom_margin=\u00a0\u00bb0%||||false|false\u00a0\u00bb disabled=\u00a0\u00bbon\u00a0\u00bb inline_fonts=\u00a0\u00bbComic Neue\u00a0\u00bb global_colors_info=\u00a0\u00bb{}\u00a0\u00bb]P\u00c9ROU EN 4K : MACHU PICCHU, HUAYNA PICCHU, AMAZONIE, CUSCO&#8230;[\/et_pb_text][et_pb_text disabled_on=\u00a0\u00bbon|on|on\u00a0\u00bb admin_label=\u00a0\u00bbL\u00e9gende vd\u00e9o\u00a0\u00bb _builder_version=\u00a0\u00bb4.20.0&Prime; _module_preset=\u00a0\u00bbdefault\u00a0\u00bb text_font=\u00a0\u00bb||||||||\u00a0\u00bb text_font_size=\u00a0\u00bb12px\u00a0\u00bb text_line_height=\u00a0\u00bb1.6em\u00a0\u00bb text_orientation=\u00a0\u00bbcenter\u00a0\u00bb custom_margin=\u00a0\u00bb-35px||||false|false\u00a0\u00bb disabled=\u00a0\u00bbon\u00a0\u00bb inline_fonts=\u00a0\u00bbComic Neue\u00a0\u00bb global_colors_info=\u00a0\u00bb{}\u00a0\u00bb]Vid\u00e9o Adrien Tabardon[\/et_pb_text][et_pb_text admin_label=\u00a0\u00bbCapitale : Lima\u00a0\u00bb _builder_version=\u00a0\u00bb4.20.0&Prime; _module_preset=\u00a0\u00bbdefault\u00a0\u00bb text_font=\u00a0\u00bb|700|||||||\u00a0\u00bb text_text_color=\u00a0\u00bb#000000&Prime; text_font_size=\u00a0\u00bb29px\u00a0\u00bb text_line_height=\u00a0\u00bb1.5em\u00a0\u00bb header_font=\u00a0\u00bb|700|||||||\u00a0\u00bb header_text_color=\u00a0\u00bb#000000&Prime; header_font_size=\u00a0\u00bb32px\u00a0\u00bb header_2_font=\u00a0\u00bb|700|||||||\u00a0\u00bb header_2_text_color=\u00a0\u00bb#000000&Prime; header_2_font_size=\u00a0\u00bb32px\u00a0\u00bb header_2_line_height=\u00a0\u00bb1.5em\u00a0\u00bb background_enable_color=\u00a0\u00bboff\u00a0\u00bb text_orientation=\u00a0\u00bbcenter\u00a0\u00bb custom_margin=\u00a0\u00bb36px||10px||false|false\u00a0\u00bb custom_padding=\u00a0\u00bb||||false|false\u00a0\u00bb text_font_size_tablet=\u00a0\u00bb\u00a0\u00bb text_font_size_phone=\u00a0\u00bb20px\u00a0\u00bb text_font_size_last_edited=\u00a0\u00bbon|desktop\u00a0\u00bb text_line_height_tablet=\u00a0\u00bb\u00a0\u00bb text_line_height_phone=\u00a0\u00bb26px\u00a0\u00bb text_line_height_last_edited=\u00a0\u00bbon|phone\u00a0\u00bb header_font_size_tablet=\u00a0\u00bb\u00a0\u00bb header_font_size_phone=\u00a0\u00bb26px\u00a0\u00bb header_font_size_last_edited=\u00a0\u00bbon|phone\u00a0\u00bb global_colors_info=\u00a0\u00bb{}\u00a0\u00bb]Capitale\u00a0: Lima<br \/>\n[\/et_pb_text][\/et_pb_column][\/et_pb_row][et_pb_row column_structure=\u00a0\u00bb1_2,1_2&Prime; admin_label=\u00a0\u00bbVid\u00e9os Lima\u00a0\u00bb _builder_version=\u00a0\u00bb4.16&Prime; _module_preset=\u00a0\u00bbdefault\u00a0\u00bb global_colors_info=\u00a0\u00bb{}\u00a0\u00bb][et_pb_column type=\u00a0\u00bb1_2&Prime; _builder_version=\u00a0\u00bb4.16&Prime; _module_preset=\u00a0\u00bbdefault\u00a0\u00bb global_colors_info=\u00a0\u00bb{}\u00a0\u00bb][et_pb_code _builder_version=\u00a0\u00bb4.20.0&Prime; _module_preset=\u00a0\u00bbdefault\u00a0\u00bb global_colors_info=\u00a0\u00bb{}\u00a0\u00bb]<iframe loading=\"lazy\" title=\"YouTube video player\" src=\"https:\/\/www.youtube.com\/embed\/ztOLptOA2SA?rel=0\" width=\"560\" height=\"315\" frameborder=\"0\" allowfullscreen=\"allowfullscreen\"><\/iframe>[\/et_pb_code][et_pb_text module_class=\u00a0\u00bbVideo2&Prime; _builder_version=\u00a0\u00bb4.20.0&Prime; _module_preset=\u00a0\u00bbdefault\u00a0\u00bb text_font=\u00a0\u00bb||||||||\u00a0\u00bb text_font_size=\u00a0\u00bb16px\u00a0\u00bb text_line_height=\u00a0\u00bb1.3em\u00a0\u00bb text_orientation=\u00a0\u00bbcenter\u00a0\u00bb custom_margin=\u00a0\u00bb0%||||false|false\u00a0\u00bb inline_fonts=\u00a0\u00bbComic Neue\u00a0\u00bb global_colors_info=\u00a0\u00bb{}\u00a0\u00bb]<\/p>\n<p>LIMA, P\u00e9rou &#8211; Vue a\u00e9rienne dans le centre historique de la capitale. Monument, Plaza San Martin et avenues contigus\u00a0.<\/p>\n<p>[\/et_pb_text][\/et_pb_column][et_pb_column type=\u00a0\u00bb1_2&Prime; _builder_version=\u00a0\u00bb4.16&Prime; _module_preset=\u00a0\u00bbdefault\u00a0\u00bb global_colors_info=\u00a0\u00bb{}\u00a0\u00bb][et_pb_code _builder_version=\u00a0\u00bb4.20.0&Prime; _module_preset=\u00a0\u00bbdefault\u00a0\u00bb global_colors_info=\u00a0\u00bb{}\u00a0\u00bb]<iframe loading=\"lazy\" title=\"YouTube video player\" src=\"https:\/\/www.youtube.com\/embed\/jNQT_8TgIQg?rel=0\" width=\"560\" height=\"315\" frameborder=\"0\" allowfullscreen=\"allowfullscreen\"><\/iframe>[\/et_pb_code][et_pb_text _builder_version=\u00a0\u00bb4.19.2&Prime; _module_preset=\u00a0\u00bbdefault\u00a0\u00bb text_font=\u00a0\u00bb||||||||\u00a0\u00bb text_font_size=\u00a0\u00bb16px\u00a0\u00bb text_line_height=\u00a0\u00bb1.3em\u00a0\u00bb text_orientation=\u00a0\u00bbcenter\u00a0\u00bb custom_margin=\u00a0\u00bb0%||||false|false\u00a0\u00bb custom_padding=\u00a0\u00bb0px||||false|false\u00a0\u00bb inline_fonts=\u00a0\u00bbComic Neue\u00a0\u00bb global_colors_info=\u00a0\u00bb{}\u00a0\u00bb]La\u00a0cath\u00e9drale basilique Saint-Jean-l&rsquo;Ap\u00f4tre-et-l&rsquo;\u00c9vang\u00e9liste de Lima. Le Pape Jean Paul II s\u2019est rendu dans cette cath\u00e9drale a deux reprises1985 en 1988. Histoire la <a href=\"https:\/\/fr.wikipedia.org\/wiki\/Cath%C3%A9drale_Saint-Jean_de_Lima\">catedrale de Lima <\/a><br \/>\n[\/et_pb_text][\/et_pb_column][\/et_pb_row][et_pb_row disabled_on=\u00a0\u00bbon|on|on\u00a0\u00bb _builder_version=\u00a0\u00bb4.16&Prime; _module_preset=\u00a0\u00bbdefault\u00a0\u00bb disabled=\u00a0\u00bbon\u00a0\u00bb global_colors_info=\u00a0\u00bb{}\u00a0\u00bb][et_pb_column type=\u00a0\u00bb4_4&Prime; _builder_version=\u00a0\u00bb4.16&Prime; _module_preset=\u00a0\u00bbdefault\u00a0\u00bb global_colors_info=\u00a0\u00bb{}\u00a0\u00bb][et_pb_divider show_divider=\u00a0\u00bboff\u00a0\u00bb _builder_version=\u00a0\u00bb4.16&Prime; _module_preset=\u00a0\u00bbdefault\u00a0\u00bb global_colors_info=\u00a0\u00bb{}\u00a0\u00bb][\/et_pb_divider][\/et_pb_column][\/et_pb_row][et_pb_row column_structure=\u00a0\u00bb1_2,1_2&Prime; disabled_on=\u00a0\u00bbon|on|on\u00a0\u00bb admin_label=\u00a0\u00bbVid\u00e9os Macchu Pichu\u00a0\u00bb _builder_version=\u00a0\u00bb4.16&Prime; _module_preset=\u00a0\u00bbdefault\u00a0\u00bb disabled=\u00a0\u00bbon\u00a0\u00bb global_colors_info=\u00a0\u00bb{}\u00a0\u00bb][et_pb_column type=\u00a0\u00bb1_2&Prime; _builder_version=\u00a0\u00bb4.16&Prime; _module_preset=\u00a0\u00bbdefault\u00a0\u00bb global_colors_info=\u00a0\u00bb{}\u00a0\u00bb][et_pb_code _builder_version=\u00a0\u00bb4.19.2&Prime; _module_preset=\u00a0\u00bbdefault\u00a0\u00bb global_colors_info=\u00a0\u00bb{}\u00a0\u00bb]<iframe loading=\"lazy\" title=\"YouTube video player\" src=\"https:\/\/youtube.com\/embed\/oZ90M55mDac?rel=0\" width=\"560\" height=\"315\" frameborder=\"0\" allowfullscreen=\"allowfullscreen\"><\/iframe>[\/et_pb_code][et_pb_text _builder_version=\u00a0\u00bb4.19.2&Prime; _module_preset=\u00a0\u00bbdefault\u00a0\u00bb text_font=\u00a0\u00bb||||||||\u00a0\u00bb text_font_size=\u00a0\u00bb16px\u00a0\u00bb text_line_height=\u00a0\u00bb1.3em\u00a0\u00bb text_orientation=\u00a0\u00bbcenter\u00a0\u00bb custom_margin=\u00a0\u00bb0%||||false|false\u00a0\u00bb inline_fonts=\u00a0\u00bbComic Neue\u00a0\u00bb global_colors_info=\u00a0\u00bb{}\u00a0\u00bb]Cuzco, P\u00e9rou \u2013 Un des sites plus extraordinaires jamais \u00e9difi\u00e9s. Le \u00ab\u00a0Machu Picchu\u00a0\u00bb cit\u00e9 monumentale Inca perch\u00e9e entre les montagnes des Andes. Elle figure au Patrimoine Mondial de l\u2019UNESCO. Vue a\u00e9rienne<br \/>\n[\/et_pb_text][\/et_pb_column][et_pb_column type=\u00a0\u00bb1_2&Prime; _builder_version=\u00a0\u00bb4.19.2&Prime; _module_preset=\u00a0\u00bbdefault\u00a0\u00bb global_colors_info=\u00a0\u00bb{}\u00a0\u00bb][et_pb_code _builder_version=\u00a0\u00bb4.19.2&Prime; _module_preset=\u00a0\u00bbdefault\u00a0\u00bb global_colors_info=\u00a0\u00bb{}\u00a0\u00bb]<iframe loading=\"lazy\" title=\"YouTube video player\" src=\"https:\/\/youtube.com\/embed\/xa5v68KhXAk?rel=0\" width=\"560\" height=\"315\" frameborder=\"0\" allowfullscreen=\"allowfullscreen\"><\/iframe>[\/et_pb_code][et_pb_text _builder_version=\u00a0\u00bb4.19.2&Prime; _module_preset=\u00a0\u00bbdefault\u00a0\u00bb text_font=\u00a0\u00bb||||||||\u00a0\u00bb text_font_size=\u00a0\u00bb16px\u00a0\u00bb text_line_height=\u00a0\u00bb1.3em\u00a0\u00bb text_orientation=\u00a0\u00bbcenter\u00a0\u00bb custom_margin=\u00a0\u00bb0%||||false|false\u00a0\u00bb inline_fonts=\u00a0\u00bbComic Neue\u00a0\u00bb global_colors_info=\u00a0\u00bb{}\u00a0\u00bb]Cuzco, P\u00e9rou \u2013 \u00ab\u00a0Machu Picchu\u00a0\u00bb consid\u00e9r\u00e9e une des 7 plus belles Merveilles du Monde. Monumentale et intrigante ouvre architecturelle, manifestation de la puissance de l\u2019Empire Inca. Cit\u00e9 inscrite au Patrimoine Mondial depuis 1983 <a href=\"https:\/\/fr.wikipedia.org\/wiki\/Machu_Picchu#:~:text=Machu%20Picchu%20(du%20quechua%20machu,versant%20oriental%20des%20Andes%20centrales.\">Pr\u00e9sentation<\/a>.<\/p>\n<p><strong>\u00a0<\/strong><br \/>\n[\/et_pb_text][\/et_pb_column][\/et_pb_row][et_pb_row admin_label=\u00a0\u00bbLaur\u00e9at du Concours Culturel-Educatif &#8211; Cajamarca\u00a0\u00bb _builder_version=\u00a0\u00bb4.16&Prime; _module_preset=\u00a0\u00bbdefault\u00a0\u00bb global_colors_info=\u00a0\u00bb{}\u00a0\u00bb][et_pb_column type=\u00a0\u00bb4_4&Prime; _builder_version=\u00a0\u00bb4.16&Prime; _module_preset=\u00a0\u00bbdefault\u00a0\u00bb global_colors_info=\u00a0\u00bb{}\u00a0\u00bb][et_pb_image src=\u00a0\u00bbhttps:\/\/louisette-marie-arnaud.org\/institution\/wp-content\/uploads\/2024\/02\/LOGO-COEUR-PROMOUVOIR-FRANCOPHONIE-.jpg\u00a0\u00bb title_text=\u00a0\u00bbLOGO COEUR &#8211; PROMOUVOIR FRANCOPHONIE\u00a0\u00bb align=\u00a0\u00bbcenter\u00a0\u00bb admin_label=\u00a0\u00bbCoeur\u00a0\u00bb _builder_version=\u00a0\u00bb4.20.0&Prime; _module_preset=\u00a0\u00bbdefault\u00a0\u00bb height=\u00a0\u00bb64px\u00a0\u00bb custom_margin=\u00a0\u00bb5%||60px||false|false\u00a0\u00bb global_colors_info=\u00a0\u00bb{}\u00a0\u00bb][\/et_pb_image][dsm_typing_effect before_typing_effect=\u00a0\u00bbLaur\u00e9ats du Concours Culturel-Educatif\u00a0\u00bb typing_effect=\u00a0\u00bb   \u00a0\u00bb after_new_line=\u00a0\u00bbon\u00a0\u00bb typing_loop=\u00a0\u00bboff\u00a0\u00bb typing_speed=\u00a0\u00bb280ms\u00a0\u00bb typing_backspeed=\u00a0\u00bb40ms\u00a0\u00bb typing_cursor=\u00a0\u00bb  \u00a0\u00bb _builder_version=\u00a0\u00bb4.20.0&Prime; _module_preset=\u00a0\u00bbdefault\u00a0\u00bb header_text_align=\u00a0\u00bbcenter\u00a0\u00bb before_font=\u00a0\u00bb|700|||||||\u00a0\u00bb before_text_color=\u00a0\u00bb#8FAADC\u00a0\u00bb before_font_size=\u00a0\u00bb34px\u00a0\u00bb before_line_height=\u00a0\u00bb1.4em\u00a0\u00bb typing_font=\u00a0\u00bb|700|||||||\u00a0\u00bb typing_text_color=\u00a0\u00bb#8FAADC\u00a0\u00bb typing_font_size=\u00a0\u00bb32px\u00a0\u00bb typing_line_height=\u00a0\u00bb1.4em\u00a0\u00bb after_font=\u00a0\u00bb|700|||||||\u00a0\u00bb after_text_align=\u00a0\u00bbcenter\u00a0\u00bb after_text_color=\u00a0\u00bb#8FAADC\u00a0\u00bb after_font_size=\u00a0\u00bb32px\u00a0\u00bb after_line_height=\u00a0\u00bb1.4em\u00a0\u00bb locked=\u00a0\u00bboff\u00a0\u00bb global_colors_info=\u00a0\u00bb{}\u00a0\u00bb][\/dsm_typing_effect][dsm_typing_effect before_typing_effect=\u00a0\u00bbInstitution Louisette-Marie Arnaud France 2023 -2024&Prime; typing_effect=\u00a0\u00bb   \u00a0\u00bb after_new_line=\u00a0\u00bbon\u00a0\u00bb typing_loop=\u00a0\u00bboff\u00a0\u00bb typing_speed=\u00a0\u00bb280ms\u00a0\u00bb typing_backspeed=\u00a0\u00bb40ms\u00a0\u00bb typing_cursor=\u00a0\u00bb  \u00a0\u00bb _builder_version=\u00a0\u00bb4.27.4&Prime; _module_preset=\u00a0\u00bbdefault\u00a0\u00bb header_text_align=\u00a0\u00bbcenter\u00a0\u00bb before_font=\u00a0\u00bb|700|||||||\u00a0\u00bb before_text_color=\u00a0\u00bb#8FAADC\u00a0\u00bb before_font_size=\u00a0\u00bb34px\u00a0\u00bb before_line_height=\u00a0\u00bb1.4em\u00a0\u00bb typing_font=\u00a0\u00bb|700|||||||\u00a0\u00bb typing_text_color=\u00a0\u00bb#8FAADC\u00a0\u00bb typing_font_size=\u00a0\u00bb32px\u00a0\u00bb typing_line_height=\u00a0\u00bb1.4em\u00a0\u00bb after_font=\u00a0\u00bb|700|||||||\u00a0\u00bb after_text_align=\u00a0\u00bbcenter\u00a0\u00bb after_text_color=\u00a0\u00bb#8FAADC\u00a0\u00bb after_font_size=\u00a0\u00bb32px\u00a0\u00bb after_line_height=\u00a0\u00bb1.4em\u00a0\u00bb custom_margin=\u00a0\u00bb-40px||||false|false\u00a0\u00bb locked=\u00a0\u00bboff\u00a0\u00bb global_colors_info=\u00a0\u00bb{}\u00a0\u00bb][\/dsm_typing_effect][et_pb_text disabled_on=\u00a0\u00bbon|on|on\u00a0\u00bb admin_label=\u00a0\u00bb<\/p>\n<p>Laur\u00e9at du Concours Culturel-Educatif Institution Louisette-Marie Arnaud<br \/>\n2023-2024&Prime; _builder_version=\u00a0\u00bb4.20.0&Prime; _module_preset=\u00a0\u00bbdefault\u00a0\u00bb text_font=\u00a0\u00bbOpen Sans||||||||\u00a0\u00bb text_text_color=\u00a0\u00bb#8FAADC\u00a0\u00bb text_font_size=\u00a0\u00bb35px\u00a0\u00bb header_2_font=\u00a0\u00bb|700|||||||\u00a0\u00bb header_2_text_align=\u00a0\u00bbcenter\u00a0\u00bb header_2_text_color=\u00a0\u00bb#8FAADC\u00a0\u00bb header_2_font_size=\u00a0\u00bb27px\u00a0\u00bb header_2_line_height=\u00a0\u00bb1.2em\u00a0\u00bb custom_margin=\u00a0\u00bb||5%||false|false\u00a0\u00bb disabled=\u00a0\u00bbon\u00a0\u00bb locked=\u00a0\u00bboff\u00a0\u00bb global_colors_info=\u00a0\u00bb{}\u00a0\u00bb]<\/p>\n<h2 style=\"text-align: center;\">Laur\u00e9ats du Concours Culturel-Educatif<\/h2>\n<h2 style=\"text-align: center;\">Institution Louisette-Marie Arnaud 2023 -2024<\/h2>\n<p>[\/et_pb_text][et_pb_image src=\u00a0\u00bbhttps:\/\/louisette-marie-arnaud.org\/institution\/wp-content\/uploads\/2024\/02\/LOGO-COEUR-PROMOUVOIR-FRANCOPHONIE-.jpg\u00a0\u00bb title_text=\u00a0\u00bbLOGO COEUR &#8211; PROMOUVOIR FRANCOPHONIE\u00a0\u00bb align=\u00a0\u00bbcenter\u00a0\u00bb admin_label=\u00a0\u00bbCoeur\u00a0\u00bb _builder_version=\u00a0\u00bb4.20.0&Prime; _module_preset=\u00a0\u00bbdefault\u00a0\u00bb height=\u00a0\u00bb64px\u00a0\u00bb custom_margin=\u00a0\u00bb80px||80px||false|false\u00a0\u00bb global_colors_info=\u00a0\u00bb{}\u00a0\u00bb][\/et_pb_image][et_pb_text admin_label=\u00a0\u00bbPremi\u00e8re place \u00e0 \u00e9galit\u00e9\u00a0\u00bb _builder_version=\u00a0\u00bb4.20.0&Prime; _module_preset=\u00a0\u00bbdefault\u00a0\u00bb text_text_color=\u00a0\u00bb#8FAADC\u00a0\u00bb text_font_size=\u00a0\u00bb30px\u00a0\u00bb header_2_font=\u00a0\u00bb|700|||||||\u00a0\u00bb header_2_text_align=\u00a0\u00bbcenter\u00a0\u00bb header_2_text_color=\u00a0\u00bb#8FAADC\u00a0\u00bb header_2_font_size=\u00a0\u00bb27px\u00a0\u00bb header_2_line_height=\u00a0\u00bb1.2em\u00a0\u00bb custom_margin=\u00a0\u00bb||40px||false|false\u00a0\u00bb global_colors_info=\u00a0\u00bb{}\u00a0\u00bb]<\/p>\n<p style=\"text-align: center;\">Premi\u00e8re place \u00e0 \u00e9galit\u00e9 :<\/p>\n<p>[\/et_pb_text][dsm_typing_effect typing_effect=\u00a0\u00bbIEP SAN ANDRES de Cajamarca \u2013 IEP KENN OPPERMAN de Lima\u00a0\u00bb typing_speed=\u00a0\u00bb280ms\u00a0\u00bb typing_backspeed=\u00a0\u00bb40ms\u00a0\u00bb disabled_on=\u00a0\u00bbon|on|off\u00a0\u00bb admin_label=\u00a0\u00bbSupreme Typing : Laur\u00e9ats\u00a0\u00bb _builder_version=\u00a0\u00bb4.20.0&Prime; _module_preset=\u00a0\u00bbdefault\u00a0\u00bb header_text_align=\u00a0\u00bbcenter\u00a0\u00bb before_font=\u00a0\u00bb|700|||||||\u00a0\u00bb before_text_color=\u00a0\u00bb#8FAADC\u00a0\u00bb before_font_size=\u00a0\u00bb34px\u00a0\u00bb before_line_height=\u00a0\u00bb1.4em\u00a0\u00bb typing_font=\u00a0\u00bb|700|||||||\u00a0\u00bb typing_text_color=\u00a0\u00bb#8FAADC\u00a0\u00bb typing_font_size=\u00a0\u00bb32px\u00a0\u00bb typing_line_height=\u00a0\u00bb1.4em\u00a0\u00bb after_font=\u00a0\u00bb|700|||||||\u00a0\u00bb after_text_align=\u00a0\u00bbcenter\u00a0\u00bb after_text_color=\u00a0\u00bb#8FAADC\u00a0\u00bb after_font_size=\u00a0\u00bb32px\u00a0\u00bb after_line_height=\u00a0\u00bb1.4em\u00a0\u00bb global_colors_info=\u00a0\u00bb{}\u00a0\u00bb][\/dsm_typing_effect][\/et_pb_column][\/et_pb_row][et_pb_row column_structure=\u00a0\u00bb1_2,1_2&Prime; admin_label=\u00a0\u00bbEcussons \u00e9coles laur\u00e9ates\u00a0\u00bb _builder_version=\u00a0\u00bb4.16&Prime; _module_preset=\u00a0\u00bbdefault\u00a0\u00bb global_colors_info=\u00a0\u00bb{}\u00a0\u00bb][et_pb_column type=\u00a0\u00bb1_2&Prime; _builder_version=\u00a0\u00bb4.16&Prime; _module_preset=\u00a0\u00bbdefault\u00a0\u00bb global_colors_info=\u00a0\u00bb{}\u00a0\u00bb][et_pb_image src=\u00a0\u00bbhttps:\/\/louisette-marie-arnaud.org\/institution\/wp-content\/uploads\/2024\/02\/Ecusson-IEP-SAN-ANDRES.jpg\u00a0\u00bb title_text=\u00a0\u00bbEcusson IEP SAN ANDRES\u00a0\u00bb align=\u00a0\u00bbcenter\u00a0\u00bb admin_label=\u00a0\u00bbSan Andres\u00a0\u00bb _builder_version=\u00a0\u00bb4.20.0&Prime; _module_preset=\u00a0\u00bbdefault\u00a0\u00bb custom_margin=\u00a0\u00bb5%||4%||false|false\u00a0\u00bb global_colors_info=\u00a0\u00bb{}\u00a0\u00bb][\/et_pb_image][\/et_pb_column][et_pb_column type=\u00a0\u00bb1_2&Prime; _builder_version=\u00a0\u00bb4.16&Prime; _module_preset=\u00a0\u00bbdefault\u00a0\u00bb global_colors_info=\u00a0\u00bb{}\u00a0\u00bb][et_pb_image src=\u00a0\u00bbhttps:\/\/louisette-marie-arnaud.org\/institution\/wp-content\/uploads\/2024\/02\/Ecusson-IEP-Kenn-Opperman.jpg\u00a0\u00bb title_text=\u00a0\u00bbEcusson IEP Kenn Opperman\u00a0\u00bb align=\u00a0\u00bbcenter\u00a0\u00bb admin_label=\u00a0\u00bbKenn Opperman\u00a0\u00bb _builder_version=\u00a0\u00bb4.20.0&Prime; _module_preset=\u00a0\u00bbdefault\u00a0\u00bb custom_margin=\u00a0\u00bb5%||4%||false|false\u00a0\u00bb global_colors_info=\u00a0\u00bb{}\u00a0\u00bb][\/et_pb_image][\/et_pb_column][\/et_pb_row][et_pb_row admin_label=\u00a0\u00bbDiplome des laur\u00e9ats\u00a0\u00bb _builder_version=\u00a0\u00bb4.16&Prime; _module_preset=\u00a0\u00bbdefault\u00a0\u00bb global_colors_info=\u00a0\u00bb{}\u00a0\u00bb][et_pb_column type=\u00a0\u00bb4_4&Prime; _builder_version=\u00a0\u00bb4.16&Prime; _module_preset=\u00a0\u00bbdefault\u00a0\u00bb global_colors_info=\u00a0\u00bb{}\u00a0\u00bb][et_pb_image src=\u00a0\u00bbhttps:\/\/louisette-marie-arnaud.org\/institution\/wp-content\/uploads\/2024\/02\/Diplome-1er-Place-San-Andre-de-Cajamarca-2023-2024.jpg\u00a0\u00bb alt=\u00a0\u00bbLaureat du Concours Culturel-Educatif Institution Louisette-Marie Arnaud 2021&Prime; title_text=\u00a0\u00bbDiplome 1er Place San Andre de Cajamarca 2023-2024&Prime; align=\u00a0\u00bbcenter\u00a0\u00bb disabled_on=\u00a0\u00bboff|off|off\u00a0\u00bb admin_label=\u00a0\u00bbDiplome de laur\u00e9at San Andres\u00a0\u00bb _builder_version=\u00a0\u00bb4.20.0&Prime; _module_preset=\u00a0\u00bbdefault\u00a0\u00bb global_colors_info=\u00a0\u00bb{}\u00a0\u00bb][\/et_pb_image][\/et_pb_column][\/et_pb_row][et_pb_row disabled_on=\u00a0\u00bbon|on|on\u00a0\u00bb admin_label=\u00a0\u00bbNotre clin d\u2019\u0153il \u00e0 Paris, la ville de l\u2019Amour\u00a0\u00bb _builder_version=\u00a0\u00bb4.19.2&Prime; _module_preset=\u00a0\u00bbdefault\u00a0\u00bb disabled=\u00a0\u00bbon\u00a0\u00bb global_colors_info=\u00a0\u00bb{}\u00a0\u00bb][et_pb_column type=\u00a0\u00bb4_4&Prime; _builder_version=\u00a0\u00bb4.16&Prime; _module_preset=\u00a0\u00bbdefault\u00a0\u00bb global_colors_info=\u00a0\u00bb{}\u00a0\u00bb][et_pb_text _builder_version=\u00a0\u00bb4.16&Prime; _module_preset=\u00a0\u00bbdefault\u00a0\u00bb text_text_color=\u00a0\u00bb#000000&Prime; header_2_font=\u00a0\u00bb|700|||||||\u00a0\u00bb header_2_text_align=\u00a0\u00bbcenter\u00a0\u00bb header_2_text_color=\u00a0\u00bb#000000&Prime; header_2_font_size=\u00a0\u00bb24px\u00a0\u00bb header_2_line_height=\u00a0\u00bb1.2em\u00a0\u00bb custom_margin=\u00a0\u00bb8%||||false|false\u00a0\u00bb global_colors_info=\u00a0\u00bb{}\u00a0\u00bb]<\/p>\n<h2><strong>IEP SAN ANDRES \u2013 CAJAMARCA &#8211; PEROU<\/strong><\/h2>\n<p>[\/et_pb_text][et_pb_image src=\u00a0\u00bbhttps:\/\/louisette-marie-arnaud.org\/institution\/wp-content\/uploads\/2024\/02\/LOGO-COEUR-PROMOUVOIR-FRANCOPHONIE-.jpg\u00a0\u00bb title_text=\u00a0\u00bbLOGO COEUR &#8211; PROMOUVOIR FRANCOPHONIE\u00a0\u00bb align=\u00a0\u00bbcenter\u00a0\u00bb admin_label=\u00a0\u00bbCoeur\u00a0\u00bb _builder_version=\u00a0\u00bb4.20.0&Prime; _module_preset=\u00a0\u00bbdefault\u00a0\u00bb height=\u00a0\u00bb64px\u00a0\u00bb custom_margin=\u00a0\u00bb5%||4%||false|false\u00a0\u00bb global_colors_info=\u00a0\u00bb{}\u00a0\u00bb][\/et_pb_image][et_pb_code _builder_version=\u00a0\u00bb4.19.2&Prime; _module_preset=\u00a0\u00bbdefault\u00a0\u00bb width=\u00a0\u00bb62%\u00a0\u00bb max_width=\u00a0\u00bb397%\u00a0\u00bb module_alignment=\u00a0\u00bbcenter\u00a0\u00bb global_colors_info=\u00a0\u00bb{}\u00a0\u00bb]<iframe loading=\"lazy\" title=\"YouTube video player\" src=\"https:\/\/youtube.com\/embed\/QEyTh81NsVc?rel=0\" width=\"560\" height=\"315\" frameborder=\"0\" allowfullscreen=\"allowfullscreen\"><\/iframe>[\/et_pb_code][et_pb_text _builder_version=\u00a0\u00bb4.19.2&Prime; _module_preset=\u00a0\u00bbdefault\u00a0\u00bb text_font_size=\u00a0\u00bb18px\u00a0\u00bb text_line_height=\u00a0\u00bb1.6em\u00a0\u00bb text_orientation=\u00a0\u00bbcenter\u00a0\u00bb global_colors_info=\u00a0\u00bb{}\u00a0\u00bb]\u00ab\u00a0Notre clin d\u2019\u0153il \u00e0 Paris, la ville de l\u2019Amour\u00a0\u00bb<br \/>\n[\/et_pb_text][\/et_pb_column][\/et_pb_row][et_pb_row admin_label=\u00a0\u00bb27  10\u00e8 \u00e9cole : IEP San Andres de Cajamarca au P\u00e9rou\u00a0\u00bb _builder_version=\u00a0\u00bb4.20.0&Prime; _module_preset=\u00a0\u00bbdefault\u00a0\u00bb locked=\u00a0\u00bboff\u00a0\u00bb global_colors_info=\u00a0\u00bb{}\u00a0\u00bb][et_pb_column type=\u00a0\u00bb4_4&Prime; _builder_version=\u00a0\u00bb4.20.0&Prime; _module_preset=\u00a0\u00bbdefault\u00a0\u00bb global_colors_info=\u00a0\u00bb{}\u00a0\u00bb][et_pb_text admin_label=\u00a0\u00bb27. IEP San Andres de Cajamarca au P\u00e9rou\u00a0\u00bb _builder_version=\u00a0\u00bb4.20.0&Prime; _module_preset=\u00a0\u00bbdefault\u00a0\u00bb text_font_size=\u00a0\u00bb33px\u00a0\u00bb text_orientation=\u00a0\u00bbcenter\u00a0\u00bb custom_margin=\u00a0\u00bb||87px|73px||\u00a0\u00bb custom_padding=\u00a0\u00bb0px|||||\u00a0\u00bb global_colors_info=\u00a0\u00bb{}\u00a0\u00bb]<\/p>\n<p style=\"text-align: center;\"><strong>IEP San Andres de Cajamarca au P\u00e9rou<\/strong><\/p>\n<p>[\/et_pb_text][et_pb_text admin_label=\u00a0\u00bb27. Leur pr\u00e9sentation\u00a0\u00bb _builder_version=\u00a0\u00bb4.18.0&Prime; _module_preset=\u00a0\u00bbdefault\u00a0\u00bb text_font=\u00a0\u00bbOpen Sans|700|||||||\u00a0\u00bb text_text_color=\u00a0\u00bb#000000&Prime; text_font_size=\u00a0\u00bb25px\u00a0\u00bb custom_margin=\u00a0\u00bb6px||17px|-78px||\u00a0\u00bb global_colors_info=\u00a0\u00bb{}\u00a0\u00bb]Leur pr\u00e9sentation :<br \/>\n[\/et_pb_text][\/et_pb_column][\/et_pb_row][et_pb_row column_structure=\u00a0\u00bb1_2,1_2&Prime; use_custom_gutter=\u00a0\u00bbon\u00a0\u00bb gutter_width=\u00a0\u00bb4&Prime; make_equal=\u00a0\u00bbon\u00a0\u00bb admin_label=\u00a0\u00bb27  10\u00e8 \u00e9cole : IEP San Andres de Cajamarca au P\u00e9rou\u00a0\u00bb _builder_version=\u00a0\u00bb4.18.0&Prime; _module_preset=\u00a0\u00bbdefault\u00a0\u00bb width=\u00a0\u00bb100%\u00a0\u00bb module_alignment=\u00a0\u00bbcenter\u00a0\u00bb custom_margin=\u00a0\u00bb||||false|true\u00a0\u00bb custom_padding=\u00a0\u00bb||||false|true\u00a0\u00bb locked=\u00a0\u00bboff\u00a0\u00bb global_colors_info=\u00a0\u00bb{}\u00a0\u00bb][et_pb_column type=\u00a0\u00bb1_2&Prime; _builder_version=\u00a0\u00bb4.18.0&Prime; _module_preset=\u00a0\u00bbdefault\u00a0\u00bb global_colors_info=\u00a0\u00bb{}\u00a0\u00bb][et_pb_code admin_label=\u00a0\u00bb27. a video 1 \u00a0\u00bb _builder_version=\u00a0\u00bb4.20.0&Prime; _module_preset=\u00a0\u00bbdefault\u00a0\u00bb custom_margin=\u00a0\u00bb|4px|29px|-82px||\u00a0\u00bb custom_padding=\u00a0\u00bb|51px||||\u00a0\u00bb global_colors_info=\u00a0\u00bb{}\u00a0\u00bb]<iframe loading=\"lazy\" title=\"YouTube video player\" src=\"https:\/\/www.youtube.com\/embed\/4djXwYqMPIw?rel=0\" width=\"560\" height=\"315\" frameborder=\"0\" allow=\"accelerometer; autoplay; clipboard-write; encrypted-media; gyroscope; picture-in-picture; web-share\" allowfullscreen=\"allowfullscreen\"\"><\/iframe>[\/et_pb_code][et_pb_text admin_label=\u00a0\u00bb71.a: Texte %22Pr\u00e9sentation d\u2019\u00e9l\u00e8ves%22&Prime; _builder_version=\u00a0\u00bb4.20.0&Prime; _module_preset=\u00a0\u00bbdefault\u00a0\u00bb text_font_size=\u00a0\u00bb19px\u00a0\u00bb text_orientation=\u00a0\u00bbcenter\u00a0\u00bb custom_margin=\u00a0\u00bb18px|||-80px|false|false\u00a0\u00bb global_colors_info=\u00a0\u00bb{}\u00a0\u00bb]<\/p>\n<p style=\"text-align: left;\"><strong>Pr\u00e9sentation d\u2019\u00e9l\u00e8ves niveau fran\u00e7ais interm\u00e9diaire<\/strong><\/p>\n<p>[\/et_pb_text][\/et_pb_column][et_pb_column type=\u00a0\u00bb1_2&Prime; _builder_version=\u00a0\u00bb4.18.0&Prime; _module_preset=\u00a0\u00bbdefault\u00a0\u00bb global_colors_info=\u00a0\u00bb{}\u00a0\u00bb][et_pb_code admin_label=\u00a0\u00bb27 a : video 2&Prime; _builder_version=\u00a0\u00bb4.20.0&Prime; _module_preset=\u00a0\u00bbdefault\u00a0\u00bb custom_margin=\u00a0\u00bb|-127px||102px||\u00a0\u00bb custom_padding=\u00a0\u00bb|0px|||false|false\u00a0\u00bb global_colors_info=\u00a0\u00bb{}\u00a0\u00bb]<iframe loading=\"lazy\" title=\"YouTube video player\" src=\"https:\/\/www.youtube.com\/embed\/Ws_ZESDjR9o?rel=0\" width=\"560\" height=\"315\" frameborder=\"0\" aallow=\"accelerometer; autoplay; clipboard-write; encrypted-media; gyroscope; picture-in-picture; web-share\" allowfullscreen=\"allowfullscreen\"\"><\/iframe>[\/et_pb_code][et_pb_text admin_label=\u00a0\u00bb27 j : texte %22pr\u00e9sentation vid\u00e9o%22&Prime; _builder_version=\u00a0\u00bb4.20.0&Prime; _module_preset=\u00a0\u00bbdefault\u00a0\u00bb text_font_size=\u00a0\u00bb19px\u00a0\u00bb text_orientation=\u00a0\u00bbcenter\u00a0\u00bb custom_margin=\u00a0\u00bb-10px|-200px||40px|false|false\u00a0\u00bb custom_padding=\u00a0\u00bb||||false|false\u00a0\u00bb global_colors_info=\u00a0\u00bb{}\u00a0\u00bb]<\/p>\n<p style=\"text-align: left;\"><strong> Pr\u00e9sentation Vid\u00e9o \u00ab Hommage \u00e0 la France et \u00e0 l\u2019impressionnisme \u00bb <\/strong><\/p>\n<p>[\/et_pb_text][\/et_pb_column][\/et_pb_row][et_pb_row admin_label=\u00a0\u00bb27  10\u00e8 \u00e9cole : IEP San Andres de Cajamarca au P\u00e9rou\u00a0\u00bb _builder_version=\u00a0\u00bb4.18.0&Prime; _module_preset=\u00a0\u00bbdefault\u00a0\u00bb custom_margin=\u00a0\u00bb|auto|||false|false\u00a0\u00bb global_colors_info=\u00a0\u00bb{}\u00a0\u00bb][et_pb_column type=\u00a0\u00bb4_4&Prime; _builder_version=\u00a0\u00bb4.18.0&Prime; _module_preset=\u00a0\u00bbdefault\u00a0\u00bb global_colors_info=\u00a0\u00bb{}\u00a0\u00bb][et_pb_text admin_label=\u00a0\u00bb27 : texte %22editorial pr\u00e9sent\u00e9 au concours%22&Prime; _builder_version=\u00a0\u00bb4.20.0&Prime; _module_preset=\u00a0\u00bbdefault\u00a0\u00bb text_font=\u00a0\u00bbOpen Sans||||||||\u00a0\u00bb text_font_size=\u00a0\u00bb29px\u00a0\u00bb text_orientation=\u00a0\u00bbcenter\u00a0\u00bb custom_margin=\u00a0\u00bb77px||77px|1px|true|false\u00a0\u00bb global_colors_info=\u00a0\u00bb{}\u00a0\u00bb]Editorial pr\u00e9sent\u00e9 au concours<br \/>\n[\/et_pb_text][et_pb_image src=\u00a0\u00bbhttps:\/\/louisette-marie-arnaud.org\/institution\/wp-content\/uploads\/2023\/11\/San-Andres-Intermediaire-Institution-Louisette-Marie-Arnaud-2023-2024.jpg\u00a0\u00bb title_text=\u00a0\u00bbSan Andres Intermediaire &#8211; Institution Louisette-Marie Arnaud 2023-2024&Prime; url=\u00a0\u00bbhttps:\/\/louisette-marie-arnaud.org\/institution\/wp-content\/uploads\/2023\/11\/10-IEP-SAN-ANDRES-NIVEAU-INTERMEDIAIRE-ILMA-2023-2024.pdf\u00a0\u00bb align=\u00a0\u00bbcenter\u00a0\u00bb disabled_on=\u00a0\u00bboff|off|off\u00a0\u00bb admin_label=\u00a0\u00bb27e : image l&rsquo;impresionnisme\u00a0\u00bb _builder_version=\u00a0\u00bb4.20.0&Prime; _module_preset=\u00a0\u00bbdefault\u00a0\u00bb module_alignment=\u00a0\u00bbcenter\u00a0\u00bb height=\u00a0\u00bb320px\u00a0\u00bb max_height=\u00a0\u00bb320px\u00a0\u00bb custom_margin=\u00a0\u00bb-5px|||1px|false|false\u00a0\u00bb custom_padding=\u00a0\u00bb3px||||false|false\u00a0\u00bb global_colors_info=\u00a0\u00bb{}\u00a0\u00bb][\/et_pb_image][et_pb_text admin_label=\u00a0\u00bb27 texte : %22sous la direction%22&#8230;\u00a0\u00bb _builder_version=\u00a0\u00bb4.20.0&Prime; _module_preset=\u00a0\u00bbdefault\u00a0\u00bb text_font_size=\u00a0\u00bb24px\u00a0\u00bb text_orientation=\u00a0\u00bbcenter\u00a0\u00bb custom_margin=\u00a0\u00bb||64px|-15px||\u00a0\u00bb global_colors_info=\u00a0\u00bb{}\u00a0\u00bb]<\/p>\n<p style=\"text-align: center;\"><strong>\u00ab La beaut\u00e9 de l\u2019Impressionnisme et son ampleur enchanteresse dans le monde \u00bb<\/strong><br \/><strong>Sous la direction d\u2019Elvis Lino Peralta, professeur de fran\u00e7ais<\/strong><\/p>\n<p>[\/et_pb_text][et_pb_button button_url=\u00a0\u00bbhttps:\/\/louisette-marie-arnaud.org\/institution\/wp-content\/uploads\/2023\/11\/10-IEP-SAN-ANDRES-NIVEAU-INTERMEDIAIRE-ILMA-2023-2024.pdf\u00a0\u00bb url_new_window=\u00a0\u00bbon\u00a0\u00bb button_text=\u00a0\u00bbVoir le document de l&rsquo;\u00e9cole\u00a0\u00bb button_alignment=\u00a0\u00bbcenter\u00a0\u00bb admin_label=\u00a0\u00bb27g : Bouton vers PDF\u00a0\u00bb _builder_version=\u00a0\u00bb4.20.0&Prime; _module_preset=\u00a0\u00bbdefault\u00a0\u00bb custom_button=\u00a0\u00bbon\u00a0\u00bb button_text_size=\u00a0\u00bb23px\u00a0\u00bb button_text_color=\u00a0\u00bb#5c667b\u00a0\u00bb button_bg_color=\u00a0\u00bb#dce3f1&Prime; button_border_width=\u00a0\u00bb2px\u00a0\u00bb button_border_radius=\u00a0\u00bb11px\u00a0\u00bb button_use_icon=\u00a0\u00bboff\u00a0\u00bb custom_margin=\u00a0\u00bb|||-2px||\u00a0\u00bb box_shadow_style=\u00a0\u00bbpreset1&Prime; global_colors_info=\u00a0\u00bb{}\u00a0\u00bb][\/et_pb_button][\/et_pb_column][\/et_pb_row][et_pb_row disabled_on=\u00a0\u00bboff|off|off\u00a0\u00bb admin_label=\u00a0\u00bbEditorial pr\u00e9sent\u00e9 au concours\u00a0\u00bb _builder_version=\u00a0\u00bb4.19.2&Prime; _module_preset=\u00a0\u00bbdefault\u00a0\u00bb global_colors_info=\u00a0\u00bb{}\u00a0\u00bb][et_pb_column type=\u00a0\u00bb4_4&Prime; _builder_version=\u00a0\u00bb4.16&Prime; _module_preset=\u00a0\u00bbdefault\u00a0\u00bb global_colors_info=\u00a0\u00bb{}\u00a0\u00bb][et_pb_text disabled_on=\u00a0\u00bbon|on|on\u00a0\u00bb _builder_version=\u00a0\u00bb4.20.0&Prime; _module_preset=\u00a0\u00bbdefault\u00a0\u00bb text_text_color=\u00a0\u00bb#000000&Prime; header_2_font=\u00a0\u00bb||||||||\u00a0\u00bb header_2_text_align=\u00a0\u00bbcenter\u00a0\u00bb header_2_text_color=\u00a0\u00bb#000000&Prime; header_2_font_size=\u00a0\u00bb22px\u00a0\u00bb header_2_line_height=\u00a0\u00bb1.2em\u00a0\u00bb custom_margin=\u00a0\u00bb4%||3%||false|false\u00a0\u00bb custom_padding=\u00a0\u00bb||0px||false|false\u00a0\u00bb disabled=\u00a0\u00bbon\u00a0\u00bb global_colors_info=\u00a0\u00bb{}\u00a0\u00bb]<\/p>\n<h2>\u00ab La beaut\u00e9 de l\u2019Impressionnisme et son ampleur enchanteresse dans le monde \u00bb<\/h2>\n<p>[\/et_pb_text][et_pb_text admin_label=\u00a0\u00bbeditorialistes\u00a0\u00bb _builder_version=\u00a0\u00bb4.20.0&Prime; _module_preset=\u00a0\u00bbdefault\u00a0\u00bb text_font_size=\u00a0\u00bb19px\u00a0\u00bb text_line_height=\u00a0\u00bb1.65em\u00a0\u00bb header_3_text_color=\u00a0\u00bb#000000&Prime; header_3_font_size=\u00a0\u00bb24px\u00a0\u00bb header_3_line_height=\u00a0\u00bb1.4em\u00a0\u00bb text_orientation=\u00a0\u00bbcenter\u00a0\u00bb custom_margin=\u00a0\u00bb||40px||false|false\u00a0\u00bb global_colors_info=\u00a0\u00bb{}\u00a0\u00bb]<\/p>\n<p style=\"text-align: center;\">Editorialistes :<br \/><strong>FERNANDA MIKELA MAMANI CARBAJAL<\/strong>, \u00e9l\u00e8ve directeur de la r\u00e9daction.<br \/><strong>DANA GABRIELA VASQUEZ ZAMBRANO<\/strong>, \u00e9l\u00e8ve responsable de la r\u00e9vision du document.<br \/><strong>CAMILA FERNANDA VASQUEZ ASENCIO<\/strong>, \u00e9l\u00e8ve responsable de la recherche d&rsquo;informations.<br \/><strong>ALIS FATIMA PERALTA SUXE,<\/strong> \u00e9l\u00e8ve responsable de la recherche d&rsquo;informations.<br \/><strong>VALERIA CAMILA ROSALES TORRES<\/strong>, \u00e9l\u00e8ve responsable du montage vid\u00e9o.<\/p>\n<p>[\/et_pb_text][et_pb_code _builder_version=\u00a0\u00bb4.20.0&Prime; _module_preset=\u00a0\u00bbdefault\u00a0\u00bb text_orientation=\u00a0\u00bbcenter\u00a0\u00bb width=\u00a0\u00bb60%\u00a0\u00bb width_tablet=\u00a0\u00bb80%\u00a0\u00bb width_phone=\u00a0\u00bb100%\u00a0\u00bb width_last_edited=\u00a0\u00bbon|phone\u00a0\u00bb module_alignment=\u00a0\u00bbcenter\u00a0\u00bb custom_margin=\u00a0\u00bb4%||||false|false\u00a0\u00bb global_colors_info=\u00a0\u00bb{}\u00a0\u00bb]<iframe loading=\"lazy\" title=\"YouTube video player\" src=\"https:\/\/www.youtube.com\/embed\/7WH-1kXqLYo?rel=0\" width=\"560\" height=\"315\" frameborder=\"0\" allowfullscreen=\"allowfullscreen\"><\/iframe>[\/et_pb_code][et_pb_text _builder_version=\u00a0\u00bb4.20.0&Prime; _module_preset=\u00a0\u00bbdefault\u00a0\u00bb text_text_color=\u00a0\u00bb#000000&Prime; text_font_size=\u00a0\u00bb22px\u00a0\u00bb text_line_height=\u00a0\u00bb1.2em\u00a0\u00bb header_2_font=\u00a0\u00bb|700|||||||\u00a0\u00bb header_2_text_align=\u00a0\u00bbcenter\u00a0\u00bb header_2_text_color=\u00a0\u00bb#000000&Prime; header_2_font_size=\u00a0\u00bb24px\u00a0\u00bb header_2_line_height=\u00a0\u00bb1.2em\u00a0\u00bb custom_margin=\u00a0\u00bb0px||8%||false|false\u00a0\u00bb global_colors_info=\u00a0\u00bb{}\u00a0\u00bb]<\/p>\n<p style=\"text-align: center;\"><strong>Le College IEP SAN ANDRES de Cajamarca<\/strong><\/p>\n<p>[\/et_pb_text][et_pb_image src=\u00a0\u00bbhttps:\/\/louisette-marie-arnaud.org\/institution\/wp-content\/uploads\/2024\/02\/LOGO-COEUR-PROMOUVOIR-FRANCOPHONIE-.jpg\u00a0\u00bb title_text=\u00a0\u00bbLOGO COEUR &#8211; PROMOUVOIR FRANCOPHONIE\u00a0\u00bb align=\u00a0\u00bbcenter\u00a0\u00bb admin_label=\u00a0\u00bbCoeur\u00a0\u00bb _builder_version=\u00a0\u00bb4.20.0&Prime; _module_preset=\u00a0\u00bbdefault\u00a0\u00bb height=\u00a0\u00bb64px\u00a0\u00bb custom_margin=\u00a0\u00bb5%||4%||false|false\u00a0\u00bb global_colors_info=\u00a0\u00bb{}\u00a0\u00bb][\/et_pb_image][et_pb_text admin_label=\u00a0\u00bbPremi\u00e8re place \u00e0 \u00e9galit\u00e9\u00a0\u00bb _builder_version=\u00a0\u00bb4.20.0&Prime; _module_preset=\u00a0\u00bbdefault\u00a0\u00bb text_text_color=\u00a0\u00bb#8FAADC\u00a0\u00bb text_font_size=\u00a0\u00bb30px\u00a0\u00bb header_2_font=\u00a0\u00bb|700|||||||\u00a0\u00bb header_2_text_align=\u00a0\u00bbcenter\u00a0\u00bb header_2_text_color=\u00a0\u00bb#8FAADC\u00a0\u00bb header_2_font_size=\u00a0\u00bb27px\u00a0\u00bb header_2_line_height=\u00a0\u00bb1.2em\u00a0\u00bb custom_margin=\u00a0\u00bb||||false|false\u00a0\u00bb global_colors_info=\u00a0\u00bb{}\u00a0\u00bb]<\/p>\n<p style=\"text-align: center;\">Premi\u00e8re place \u00e0 \u00e9galit\u00e9 :<\/p>\n<p>[\/et_pb_text][\/et_pb_column][\/et_pb_row][et_pb_row admin_label=\u00a0\u00bbDiplome des laur\u00e9ats\u00a0\u00bb _builder_version=\u00a0\u00bb4.16&Prime; _module_preset=\u00a0\u00bbdefault\u00a0\u00bb locked=\u00a0\u00bboff\u00a0\u00bb global_colors_info=\u00a0\u00bb{}\u00a0\u00bb][et_pb_column type=\u00a0\u00bb4_4&Prime; _builder_version=\u00a0\u00bb4.16&Prime; _module_preset=\u00a0\u00bbdefault\u00a0\u00bb global_colors_info=\u00a0\u00bb{}\u00a0\u00bb][et_pb_image src=\u00a0\u00bbhttps:\/\/louisette-marie-arnaud.org\/institution\/wp-content\/uploads\/2024\/02\/Diplome-Premiere-Place-Kenn-Opperman-2023-2024.jpg\u00a0\u00bb alt=\u00a0\u00bbLaureat du Concours Culturel-Educatif Institution Louisette-Marie Arnaud 2021&Prime; title_text=\u00a0\u00bbDiplome-Premiere Place Kenn Opperman 2023-2024&Prime; align=\u00a0\u00bbcenter\u00a0\u00bb disabled_on=\u00a0\u00bboff|off|off\u00a0\u00bb admin_label=\u00a0\u00bbDiplome de laur\u00e9at Kenn opperman\u00a0\u00bb _builder_version=\u00a0\u00bb4.20.0&Prime; _module_preset=\u00a0\u00bbdefault\u00a0\u00bb global_colors_info=\u00a0\u00bb{}\u00a0\u00bb][\/et_pb_image][\/et_pb_column][\/et_pb_row][et_pb_row admin_label=\u00a0\u00bb28. 11\u00e8 \u00e9cole IEP Kenn Oppermann de Lima au P\u00e9rou\u00a0\u00bb _builder_version=\u00a0\u00bb4.20.0&Prime; _module_preset=\u00a0\u00bbdefault\u00a0\u00bb global_colors_info=\u00a0\u00bb{}\u00a0\u00bb][et_pb_column type=\u00a0\u00bb4_4&Prime; _builder_version=\u00a0\u00bb4.20.0&Prime; _module_preset=\u00a0\u00bbdefault\u00a0\u00bb global_colors_info=\u00a0\u00bb{}\u00a0\u00bb][et_pb_text admin_label=\u00a0\u00bb28. IEP Kenn Oppermann de Lima au P\u00e9rou\u00a0\u00bb _builder_version=\u00a0\u00bb4.20.0&Prime; _module_preset=\u00a0\u00bbdefault\u00a0\u00bb text_font_size=\u00a0\u00bb33px\u00a0\u00bb text_orientation=\u00a0\u00bbcenter\u00a0\u00bb custom_margin=\u00a0\u00bb||87px|73px||\u00a0\u00bb custom_padding=\u00a0\u00bb0px|||||\u00a0\u00bb global_colors_info=\u00a0\u00bb{}\u00a0\u00bb]<\/p>\n<p style=\"text-align: center;\"><strong>IEP Kenn Oppermann de Lima au P\u00e9rou<\/strong><\/p>\n<p>[\/et_pb_text][et_pb_text admin_label=\u00a0\u00bb28a : Leur pr\u00e9sentation\u00a0\u00bb _builder_version=\u00a0\u00bb4.20.0&Prime; _module_preset=\u00a0\u00bbdefault\u00a0\u00bb text_font=\u00a0\u00bbOpen Sans|700|||||||\u00a0\u00bb text_text_color=\u00a0\u00bb#000000&Prime; text_font_size=\u00a0\u00bb25px\u00a0\u00bb custom_margin=\u00a0\u00bb6px||17px||false|false\u00a0\u00bb global_colors_info=\u00a0\u00bb{}\u00a0\u00bb]Leur pr\u00e9sentation :<br \/>\n[\/et_pb_text][\/et_pb_column][\/et_pb_row][et_pb_row column_structure=\u00a0\u00bb1_5,3_5,1_5&Prime; use_custom_gutter=\u00a0\u00bbon\u00a0\u00bb gutter_width=\u00a0\u00bb4&Prime; make_equal=\u00a0\u00bbon\u00a0\u00bb admin_label=\u00a0\u00bbvideo ken opperman 2024&Prime; _builder_version=\u00a0\u00bb4.18.0&Prime; _module_preset=\u00a0\u00bbdefault\u00a0\u00bb width=\u00a0\u00bb100%\u00a0\u00bb module_alignment=\u00a0\u00bbcenter\u00a0\u00bb custom_margin=\u00a0\u00bb||||false|false\u00a0\u00bb custom_padding=\u00a0\u00bb||||false|false\u00a0\u00bb global_colors_info=\u00a0\u00bb{}\u00a0\u00bb][et_pb_column type=\u00a0\u00bb1_5&Prime; _builder_version=\u00a0\u00bb4.18.0&Prime; _module_preset=\u00a0\u00bbdefault\u00a0\u00bb global_colors_info=\u00a0\u00bb{}\u00a0\u00bb][\/et_pb_column][et_pb_column type=\u00a0\u00bb3_5&Prime; _builder_version=\u00a0\u00bb4.18.0&Prime; _module_preset=\u00a0\u00bbdefault\u00a0\u00bb global_colors_info=\u00a0\u00bb{}\u00a0\u00bb][et_pb_code admin_label=\u00a0\u00bb28. a video 1 \u00a0\u00bb _builder_version=\u00a0\u00bb4.20.0&Prime; _module_preset=\u00a0\u00bbdefault\u00a0\u00bb custom_margin=\u00a0\u00bb|-27px|29px|59px||\u00a0\u00bb custom_padding=\u00a0\u00bb|66px||||\u00a0\u00bb global_colors_info=\u00a0\u00bb{}\u00a0\u00bb]<iframe loading=\"lazy\" title=\"YouTube video player\" src=\"https:\/\/www.youtube.com\/embed\/C3dnEwIujMU?rel=0\" width=\"560\" height=\"315\" frameborder=\"0\" allow=\"accelerometer; autoplay; clipboard-write; encrypted-media; gyroscope; picture-in-picture; web-share\" allowfullscreen=\"allowfullscreen\"><\/iframe>[\/et_pb_code][et_pb_text admin_label=\u00a0\u00bb28.a: Texte %22Pr\u00e9sentation d\u2019\u00e9l\u00e8ves%22&Prime; _builder_version=\u00a0\u00bb4.20.0&Prime; _module_preset=\u00a0\u00bbdefault\u00a0\u00bb text_font_size=\u00a0\u00bb19px\u00a0\u00bb text_orientation=\u00a0\u00bbcenter\u00a0\u00bb custom_margin=\u00a0\u00bb18px|||28px||\u00a0\u00bb custom_padding=\u00a0\u00bb||0px|||\u00a0\u00bb global_colors_info=\u00a0\u00bb{}\u00a0\u00bb]<\/p>\n<p style=\"text-align: center;\"><strong>Pr\u00e9sentation d\u2019\u00e9l\u00e8ves 10\u00e8me degr\u00e9 de secondaire<\/strong><\/p>\n<p>[\/et_pb_text][\/et_pb_column][et_pb_column type=\u00a0\u00bb1_5&Prime; _builder_version=\u00a0\u00bb4.18.0&Prime; _module_preset=\u00a0\u00bbdefault\u00a0\u00bb global_colors_info=\u00a0\u00bb{}\u00a0\u00bb][\/et_pb_column][\/et_pb_row][et_pb_row admin_label=\u00a0\u00bb28. 11\u00e8 \u00e9cole IEP Kenn Oppermann de Lima au P\u00e9rou\u00a0\u00bb _builder_version=\u00a0\u00bb4.18.0&Prime; _module_preset=\u00a0\u00bbdefault\u00a0\u00bb custom_margin=\u00a0\u00bb|auto|||false|false\u00a0\u00bb global_colors_info=\u00a0\u00bb{}\u00a0\u00bb][et_pb_column type=\u00a0\u00bb4_4&Prime; _builder_version=\u00a0\u00bb4.18.0&Prime; _module_preset=\u00a0\u00bbdefault\u00a0\u00bb global_colors_info=\u00a0\u00bb{}\u00a0\u00bb][et_pb_text admin_label=\u00a0\u00bb28 : texte %22editorial pr\u00e9sent\u00e9 au concours%22&Prime; _builder_version=\u00a0\u00bb4.20.0&Prime; _module_preset=\u00a0\u00bbdefault\u00a0\u00bb text_font=\u00a0\u00bbOpen Sans||||||||\u00a0\u00bb text_font_size=\u00a0\u00bb29px\u00a0\u00bb text_orientation=\u00a0\u00bbcenter\u00a0\u00bb custom_margin=\u00a0\u00bb77px||77px|1px|true|false\u00a0\u00bb global_colors_info=\u00a0\u00bb{}\u00a0\u00bb]Editorial pr\u00e9sent\u00e9 au concours<br \/>\n[\/et_pb_text][et_pb_image src=\u00a0\u00bbhttps:\/\/louisette-marie-arnaud.org\/institution\/wp-content\/uploads\/2023\/11\/Kenn-Oppermann-10eme-Institution-Louisette-Marie-Aranud-2023-2024.jpg\u00a0\u00bb title_text=\u00a0\u00bbKenn Oppermann 10\u00e8me -Institution Louisette-Marie Aranud 2023-2024&Prime; url=\u00a0\u00bbhttps:\/\/louisette-marie-arnaud.org\/institution\/wp-content\/uploads\/2023\/11\/11-IEP-KENN-OPPERMANN-10e-ILMA-2023-2024.pdf\u00a0\u00bb align=\u00a0\u00bbcenter\u00a0\u00bb disabled_on=\u00a0\u00bboff|off|off\u00a0\u00bb admin_label=\u00a0\u00bb28e : image l&rsquo;impresionnisme\u00a0\u00bb _builder_version=\u00a0\u00bb4.20.0&Prime; _module_preset=\u00a0\u00bbdefault\u00a0\u00bb module_alignment=\u00a0\u00bbcenter\u00a0\u00bb height=\u00a0\u00bb320px\u00a0\u00bb max_height=\u00a0\u00bb320px\u00a0\u00bb custom_margin=\u00a0\u00bb-5px|||1px|false|false\u00a0\u00bb custom_padding=\u00a0\u00bb3px||||false|false\u00a0\u00bb global_colors_info=\u00a0\u00bb{}\u00a0\u00bb][\/et_pb_image][et_pb_text admin_label=\u00a0\u00bb28 texte : %22sous la direction%22&#8230;\u00a0\u00bb _builder_version=\u00a0\u00bb4.20.0&Prime; _module_preset=\u00a0\u00bbdefault\u00a0\u00bb text_font_size=\u00a0\u00bb24px\u00a0\u00bb text_orientation=\u00a0\u00bbcenter\u00a0\u00bb custom_margin=\u00a0\u00bb||64px|-15px||\u00a0\u00bb global_colors_info=\u00a0\u00bb{}\u00a0\u00bb]<\/p>\n<p>\u00ab L\u2019impressionnisme une r\u00e9volution dans l\u2019art \u00bb<br \/>Sous la direction de Rommel Hernandez Mayorga professeur de fran\u00e7ais<\/p>\n<p>[\/et_pb_text][et_pb_button button_url=\u00a0\u00bbhttps:\/\/louisette-marie-arnaud.org\/institution\/wp-content\/uploads\/2023\/11\/11-IEP-KENN-OPPERMANN-10e-ILMA-2023-2024.pdf\u00a0\u00bb url_new_window=\u00a0\u00bbon\u00a0\u00bb button_text=\u00a0\u00bbVoir le document de l&rsquo;\u00e9cole\u00a0\u00bb button_alignment=\u00a0\u00bbcenter\u00a0\u00bb admin_label=\u00a0\u00bb28g : Bouton vers PDF\u00a0\u00bb _builder_version=\u00a0\u00bb4.20.0&Prime; _module_preset=\u00a0\u00bbdefault\u00a0\u00bb custom_button=\u00a0\u00bbon\u00a0\u00bb button_text_size=\u00a0\u00bb23px\u00a0\u00bb button_text_color=\u00a0\u00bb#5c667b\u00a0\u00bb button_bg_color=\u00a0\u00bb#dce3f1&Prime; button_border_width=\u00a0\u00bb2px\u00a0\u00bb button_border_radius=\u00a0\u00bb11px\u00a0\u00bb button_use_icon=\u00a0\u00bboff\u00a0\u00bb custom_margin=\u00a0\u00bb|||-2px||\u00a0\u00bb box_shadow_style=\u00a0\u00bbpreset1&Prime; global_colors_info=\u00a0\u00bb{}\u00a0\u00bb][\/et_pb_button][\/et_pb_column][\/et_pb_row][et_pb_row disabled_on=\u00a0\u00bboff|off|off\u00a0\u00bb admin_label=\u00a0\u00bbEditorial pr\u00e9sent\u00e9 au concours\u00a0\u00bb _builder_version=\u00a0\u00bb4.19.2&Prime; _module_preset=\u00a0\u00bbdefault\u00a0\u00bb locked=\u00a0\u00bboff\u00a0\u00bb global_colors_info=\u00a0\u00bb{}\u00a0\u00bb][et_pb_column type=\u00a0\u00bb4_4&Prime; _builder_version=\u00a0\u00bb4.16&Prime; _module_preset=\u00a0\u00bbdefault\u00a0\u00bb global_colors_info=\u00a0\u00bb{}\u00a0\u00bb][et_pb_text disabled_on=\u00a0\u00bbon|on|on\u00a0\u00bb admin_label=\u00a0\u00bb\u00ab L\u2019impressionnisme une r\u00e9volution dans l&rsquo;art \u00bb\u00a0\u00bb _builder_version=\u00a0\u00bb4.20.0&Prime; _module_preset=\u00a0\u00bbdefault\u00a0\u00bb text_text_color=\u00a0\u00bb#000000&Prime; header_2_font=\u00a0\u00bb||||||||\u00a0\u00bb header_2_text_align=\u00a0\u00bbcenter\u00a0\u00bb header_2_text_color=\u00a0\u00bb#000000&Prime; header_2_font_size=\u00a0\u00bb22px\u00a0\u00bb header_2_line_height=\u00a0\u00bb1.2em\u00a0\u00bb custom_margin=\u00a0\u00bb4%||3%||false|false\u00a0\u00bb custom_padding=\u00a0\u00bb||0px||false|false\u00a0\u00bb disabled=\u00a0\u00bbon\u00a0\u00bb global_colors_info=\u00a0\u00bb{}\u00a0\u00bb]<\/p>\n<h2>\u00ab L\u2019impressionnisme une r\u00e9volution dans l&rsquo;art \u00bb<\/h2>\n<p>[\/et_pb_text][et_pb_text _builder_version=\u00a0\u00bb4.20.0&Prime; _module_preset=\u00a0\u00bbdefault\u00a0\u00bb text_font_size=\u00a0\u00bb19px\u00a0\u00bb text_line_height=\u00a0\u00bb1.65em\u00a0\u00bb header_3_text_color=\u00a0\u00bb#000000&Prime; header_3_font_size=\u00a0\u00bb24px\u00a0\u00bb header_3_line_height=\u00a0\u00bb1.4em\u00a0\u00bb text_orientation=\u00a0\u00bbcenter\u00a0\u00bb global_colors_info=\u00a0\u00bb{}\u00a0\u00bb]<\/p>\n<p style=\"text-align: center;\">Editorialistes :<br \/><strong>MICHELLE REYES<\/strong>, \u00e9l\u00e8ve directeur de la r\u00e9daction.<br \/><strong>MARINA SANCHEZ<\/strong>, \u00e9l\u00e8ve<br \/><strong>DANIELA PARISACA<\/strong>, \u00e9l\u00e8ve<br \/><strong>MISAEL CABRERA<\/strong>, \u00e9l\u00e8ve<br \/><strong>ANDY RAMPAS<\/strong>, \u00e9l\u00e8ve<\/p>\n<p>[\/et_pb_text][et_pb_code admin_label=\u00a0\u00bbVid\u00e9o professeur Hernandez\u00a0\u00bb _builder_version=\u00a0\u00bb4.20.0&Prime; _module_preset=\u00a0\u00bbdefault\u00a0\u00bb text_orientation=\u00a0\u00bbcenter\u00a0\u00bb width=\u00a0\u00bb60%\u00a0\u00bb width_tablet=\u00a0\u00bb80%\u00a0\u00bb width_phone=\u00a0\u00bb100%\u00a0\u00bb width_last_edited=\u00a0\u00bbon|phone\u00a0\u00bb module_alignment=\u00a0\u00bbcenter\u00a0\u00bb custom_margin=\u00a0\u00bb4%||||false|false\u00a0\u00bb global_colors_info=\u00a0\u00bb{}\u00a0\u00bb]<iframe loading=\"lazy\" title=\"YouTube video player\" src=\"https:\/\/www.youtube.com\/embed\/5Wuw9ubB0Kw?rel=0\"  width=\"560\" height=\"315\" frameborder=\"0\" allow=\"accelerometer; autoplay; clipboard-write; encrypted-media; gyroscope; picture-in-picture\" allowfullscreen=\"allowfullscreen\"><\/iframe>[\/et_pb_code][et_pb_image src=\u00a0\u00bbhttps:\/\/louisette-marie-arnaud.org\/institution\/wp-content\/uploads\/2024\/02\/LOGO-COEUR-PROMOUVOIR-FRANCOPHONIE-.jpg\u00a0\u00bb title_text=\u00a0\u00bbLOGO COEUR &#8211; PROMOUVOIR FRANCOPHONIE\u00a0\u00bb align=\u00a0\u00bbcenter\u00a0\u00bb admin_label=\u00a0\u00bbCoeur\u00a0\u00bb _builder_version=\u00a0\u00bb4.20.0&Prime; _module_preset=\u00a0\u00bbdefault\u00a0\u00bb height=\u00a0\u00bb64px\u00a0\u00bb custom_margin=\u00a0\u00bb5%||4%||false|false\u00a0\u00bb global_colors_info=\u00a0\u00bb{}\u00a0\u00bb][\/et_pb_image][\/et_pb_column][\/et_pb_row][et_pb_row disabled_on=\u00a0\u00bboff|off|off\u00a0\u00bb admin_label=\u00a0\u00bb2\u00e8me place mention tr\u00e8s bien : IEP Benjamin Barton\u00a0\u00bb _builder_version=\u00a0\u00bb4.20.0&Prime; _module_preset=\u00a0\u00bbdefault\u00a0\u00bb custom_margin=\u00a0\u00bb60px||40px||false|false\u00a0\u00bb locked=\u00a0\u00bboff\u00a0\u00bb global_colors_info=\u00a0\u00bb{}\u00a0\u00bb][et_pb_column type=\u00a0\u00bb4_4&Prime; _builder_version=\u00a0\u00bb4.16&Prime; _module_preset=\u00a0\u00bbdefault\u00a0\u00bb global_colors_info=\u00a0\u00bb{}\u00a0\u00bb][dsm_typing_effect before_typing_effect=\u00a0\u00bbConcours Culturel-Educatif Institution Louisette-Marie Arnaud France 2023-2024&Prime; typing_effect=\u00a0\u00bbDeuxi\u00e8me place : Avec Mention Tr\u00e8s Bien\u00a0\u00bb typing_loop=\u00a0\u00bboff\u00a0\u00bb typing_speed=\u00a0\u00bb280ms\u00a0\u00bb typing_backspeed=\u00a0\u00bb40ms\u00a0\u00bb _builder_version=\u00a0\u00bb4.27.4&Prime; _module_preset=\u00a0\u00bbdefault\u00a0\u00bb header_text_align=\u00a0\u00bbcenter\u00a0\u00bb before_font=\u00a0\u00bb|700|||||||\u00a0\u00bb before_text_color=\u00a0\u00bb#8FAADC\u00a0\u00bb before_font_size=\u00a0\u00bb34px\u00a0\u00bb before_line_height=\u00a0\u00bb1.4em\u00a0\u00bb typing_font=\u00a0\u00bb|700|||||||\u00a0\u00bb typing_text_color=\u00a0\u00bb#8FAADC\u00a0\u00bb typing_font_size=\u00a0\u00bb32px\u00a0\u00bb typing_line_height=\u00a0\u00bb1.4em\u00a0\u00bb after_font=\u00a0\u00bb|700|||||||\u00a0\u00bb after_text_align=\u00a0\u00bbcenter\u00a0\u00bb after_text_color=\u00a0\u00bb#8FAADC\u00a0\u00bb after_font_size=\u00a0\u00bb32px\u00a0\u00bb after_line_height=\u00a0\u00bb1.4em\u00a0\u00bb global_colors_info=\u00a0\u00bb{}\u00a0\u00bb][\/dsm_typing_effect][\/et_pb_column][\/et_pb_row][et_pb_row admin_label=\u00a0\u00bbDiplome des laur\u00e9ats\u00a0\u00bb _builder_version=\u00a0\u00bb4.16&Prime; _module_preset=\u00a0\u00bbdefault\u00a0\u00bb locked=\u00a0\u00bboff\u00a0\u00bb global_colors_info=\u00a0\u00bb{}\u00a0\u00bb][et_pb_column type=\u00a0\u00bb4_4&Prime; _builder_version=\u00a0\u00bb4.16&Prime; _module_preset=\u00a0\u00bbdefault\u00a0\u00bb global_colors_info=\u00a0\u00bb{}\u00a0\u00bb][et_pb_image src=\u00a0\u00bbhttps:\/\/louisette-marie-arnaud.org\/institution\/wp-content\/uploads\/2024\/02\/Diplome-2eme-Place-Benjamin-Barton.jpg\u00a0\u00bb alt=\u00a0\u00bbLaureat du Concours Culturel-Educatif Institution Louisette-Marie Arnaud 2021&Prime; title_text=\u00a0\u00bbDiplome 2eme Place Benjamin Barton\u00a0\u00bb align=\u00a0\u00bbcenter\u00a0\u00bb disabled_on=\u00a0\u00bboff|off|off\u00a0\u00bb admin_label=\u00a0\u00bbDiplome de laur\u00e9at Benjamin Barton\u00a0\u00bb _builder_version=\u00a0\u00bb4.20.0&Prime; _module_preset=\u00a0\u00bbdefault\u00a0\u00bb width=\u00a0\u00bb740px\u00a0\u00bb global_colors_info=\u00a0\u00bb{}\u00a0\u00bb][\/et_pb_image][\/et_pb_column][\/et_pb_row][et_pb_row admin_label=\u00a0\u00bb20. 3\u00e8 \u00e9cole : IEP Benjamin Barton de Lima au P\u00e9rou\u00a0\u00bb _builder_version=\u00a0\u00bb4.20.0&Prime; _module_preset=\u00a0\u00bbdefault\u00a0\u00bb locked=\u00a0\u00bboff\u00a0\u00bb global_colors_info=\u00a0\u00bb{}\u00a0\u00bb][et_pb_column type=\u00a0\u00bb4_4&Prime; _builder_version=\u00a0\u00bb4.20.0&Prime; _module_preset=\u00a0\u00bbdefault\u00a0\u00bb global_colors_info=\u00a0\u00bb{}\u00a0\u00bb][et_pb_text admin_label=\u00a0\u00bb20. IEP benjamin barton\u00a0\u00bb _builder_version=\u00a0\u00bb4.20.0&Prime; _module_preset=\u00a0\u00bbdefault\u00a0\u00bb text_font_size=\u00a0\u00bb33px\u00a0\u00bb text_orientation=\u00a0\u00bbcenter\u00a0\u00bb custom_margin=\u00a0\u00bb||87px||false|false\u00a0\u00bb custom_padding=\u00a0\u00bb0px|||||\u00a0\u00bb global_colors_info=\u00a0\u00bb{}\u00a0\u00bb]<\/p>\n<p style=\"text-align: center;\"><strong>IEP Benjamin Barton de Lima au P\u00e9rou<\/strong><\/p>\n<p>[\/et_pb_text][et_pb_text admin_label=\u00a0\u00bb20.Leur pr\u00e9sentation\u00a0\u00bb _builder_version=\u00a0\u00bb4.18.0&Prime; _module_preset=\u00a0\u00bbdefault\u00a0\u00bb text_font=\u00a0\u00bbOpen Sans|700|||||||\u00a0\u00bb text_text_color=\u00a0\u00bb#000000&Prime; text_font_size=\u00a0\u00bb25px\u00a0\u00bb custom_margin=\u00a0\u00bb6px||17px|-78px||\u00a0\u00bb global_colors_info=\u00a0\u00bb{}\u00a0\u00bb]Leur pr\u00e9sentation :<br \/>\n[\/et_pb_text][\/et_pb_column][\/et_pb_row][et_pb_row column_structure=\u00a0\u00bb1_2,1_2&Prime; use_custom_gutter=\u00a0\u00bbon\u00a0\u00bb gutter_width=\u00a0\u00bb4&Prime; make_equal=\u00a0\u00bbon\u00a0\u00bb admin_label=\u00a0\u00bb20. IEP Benjamin Barton de Lima au P\u00e9rou\u00a0\u00bb _builder_version=\u00a0\u00bb4.18.0&Prime; _module_preset=\u00a0\u00bbdefault\u00a0\u00bb width=\u00a0\u00bb100%\u00a0\u00bb module_alignment=\u00a0\u00bbcenter\u00a0\u00bb custom_margin=\u00a0\u00bb||||false|true\u00a0\u00bb custom_padding=\u00a0\u00bb||||false|true\u00a0\u00bb locked=\u00a0\u00bboff\u00a0\u00bb global_colors_info=\u00a0\u00bb{}\u00a0\u00bb][et_pb_column type=\u00a0\u00bb1_2&Prime; _builder_version=\u00a0\u00bb4.18.0&Prime; _module_preset=\u00a0\u00bbdefault\u00a0\u00bb global_colors_info=\u00a0\u00bb{}\u00a0\u00bb][et_pb_code admin_label=\u00a0\u00bb20. a video 1 \u00a0\u00bb _builder_version=\u00a0\u00bb4.20.0&Prime; _module_preset=\u00a0\u00bbdefault\u00a0\u00bb custom_margin=\u00a0\u00bb|4px|29px|-82px||\u00a0\u00bb custom_padding=\u00a0\u00bb|51px||||\u00a0\u00bb global_colors_info=\u00a0\u00bb{}\u00a0\u00bb]<iframe loading=\"lazy\" title=\"YouTube video player\" src=\"https:\/\/www.youtube.com\/embed\/ju8N9buGrKs?rel=0\" width=\"560\" height=\"315\" frameborder=\"0\" allow=\"accelerometer; autoplay; clipboard-write; encrypted-media; gyroscope; picture-in-picture; web-share\" allowfullscreen=\"allowfullscreen\"><\/iframe>[\/et_pb_code][et_pb_text admin_label=\u00a0\u00bb20.a: Texte %22Pr\u00e9sentation d\u2019\u00e9l\u00e8ves%22&Prime; _builder_version=\u00a0\u00bb4.20.0&Prime; _module_preset=\u00a0\u00bbdefault\u00a0\u00bb text_font_size=\u00a0\u00bb19px\u00a0\u00bb text_orientation=\u00a0\u00bbcenter\u00a0\u00bb custom_margin=\u00a0\u00bb18px|||-80px|false|false\u00a0\u00bb global_colors_info=\u00a0\u00bb{}\u00a0\u00bb]<\/p>\n<p style=\"text-align: left;\"><strong>Pr\u00e9sentation d\u2019\u00e9l\u00e8ves, classe unique secondaire<\/strong><\/p>\n<p>[\/et_pb_text][\/et_pb_column][et_pb_column type=\u00a0\u00bb1_2&Prime; _builder_version=\u00a0\u00bb4.18.0&Prime; _module_preset=\u00a0\u00bbdefault\u00a0\u00bb global_colors_info=\u00a0\u00bb{}\u00a0\u00bb][et_pb_code admin_label=\u00a0\u00bb20 a : video 2&Prime; _builder_version=\u00a0\u00bb4.20.0&Prime; _module_preset=\u00a0\u00bbdefault\u00a0\u00bb custom_margin=\u00a0\u00bb|-127px||102px|false|false\u00a0\u00bb custom_padding=\u00a0\u00bb|0px|||false|false\u00a0\u00bb global_colors_info=\u00a0\u00bb{}\u00a0\u00bb]<iframe loading=\"lazy\" title=\"YouTube video player\" src=\"https:\/\/www.youtube.com\/embed\/i2wm7-OKZ10?rel=0\" width=\"560\" height=\"315\" frameborder=\"0\" allow=\"accelerometer; autoplay; clipboard-write; encrypted-media; gyroscope; picture-in-picture; web-share\" allowfullscreen=\"allowfullscreen\"><\/iframe>[\/et_pb_code][et_pb_text admin_label=\u00a0\u00bb20 j : texte %22pr\u00e9sentation vid\u00e9o%22&Prime; _builder_version=\u00a0\u00bb4.20.0&Prime; _module_preset=\u00a0\u00bbdefault\u00a0\u00bb text_font_size=\u00a0\u00bb19px\u00a0\u00bb text_orientation=\u00a0\u00bbcenter\u00a0\u00bb custom_margin=\u00a0\u00bb-10px|-150px|-10px|95px|true|false\u00a0\u00bb custom_padding=\u00a0\u00bb||||false|false\u00a0\u00bb global_colors_info=\u00a0\u00bb{}\u00a0\u00bb]<\/p>\n<p style=\"text-align: left;\"><strong> Pr\u00e9sentation Vid\u00e9o \u00ab Notre chanson pour la France \u00bb <\/strong><\/p>\n<p>[\/et_pb_text][\/et_pb_column][\/et_pb_row][et_pb_row admin_label=\u00a0\u00bb20. IEP IEP Benjamin Barton de Lima au P\u00e9rou\u00a0\u00bb _builder_version=\u00a0\u00bb4.18.0&Prime; _module_preset=\u00a0\u00bbdefault\u00a0\u00bb custom_margin=\u00a0\u00bb|auto|||false|false\u00a0\u00bb locked=\u00a0\u00bboff\u00a0\u00bb global_colors_info=\u00a0\u00bb{}\u00a0\u00bb][et_pb_column type=\u00a0\u00bb4_4&Prime; _builder_version=\u00a0\u00bb4.18.0&Prime; _module_preset=\u00a0\u00bbdefault\u00a0\u00bb global_colors_info=\u00a0\u00bb{}\u00a0\u00bb][et_pb_text admin_label=\u00a0\u00bb20.e : texte %22editorial pr\u00e9sent\u00e9 au concours%22&Prime; _builder_version=\u00a0\u00bb4.18.0&Prime; _module_preset=\u00a0\u00bbdefault\u00a0\u00bb text_font=\u00a0\u00bbOpen Sans||||||||\u00a0\u00bb text_font_size=\u00a0\u00bb29px\u00a0\u00bb text_orientation=\u00a0\u00bbcenter\u00a0\u00bb custom_margin=\u00a0\u00bb77px||77px|1px|true|false\u00a0\u00bb global_colors_info=\u00a0\u00bb{}\u00a0\u00bb]Editorial pr\u00e9sent\u00e9 au concours<br \/>\n[\/et_pb_text][et_pb_image src=\u00a0\u00bbhttps:\/\/louisette-marie-arnaud.org\/institution\/wp-content\/uploads\/2023\/11\/Benjamin-Barton-Institution-Louisette-Marie-Arnaud-2023-2024.jpg\u00a0\u00bb title_text=\u00a0\u00bbBenjamin Barton &#8211; Institution Louisette-Marie Arnaud 2023-2024&Prime; url=\u00a0\u00bbhttps:\/\/louisette-marie-arnaud.org\/institution\/wp-content\/uploads\/2023\/11\/3-Benjamin-Barton-Le-mouvement-impressionniste-en-France-FINAL-1.pdf\u00a0\u00bb align=\u00a0\u00bbcenter\u00a0\u00bb disabled_on=\u00a0\u00bboff|off|off\u00a0\u00bb admin_label=\u00a0\u00bb20.e : image l&rsquo;impresionnisme\u00a0\u00bb _builder_version=\u00a0\u00bb4.20.0&Prime; _module_preset=\u00a0\u00bbdefault\u00a0\u00bb module_alignment=\u00a0\u00bbcenter\u00a0\u00bb min_height=\u00a0\u00bb320px\u00a0\u00bb height=\u00a0\u00bb320px\u00a0\u00bb custom_margin=\u00a0\u00bb-5px|||1px|false|false\u00a0\u00bb custom_padding=\u00a0\u00bb3px||||false|false\u00a0\u00bb global_colors_info=\u00a0\u00bb{}\u00a0\u00bb][\/et_pb_image][et_pb_text admin_label=\u00a0\u00bb20 f: texte : %22sous la direction%22&#8230;\u00a0\u00bb _builder_version=\u00a0\u00bb4.20.0&Prime; _module_preset=\u00a0\u00bbdefault\u00a0\u00bb text_font_size=\u00a0\u00bb24px\u00a0\u00bb text_orientation=\u00a0\u00bbcenter\u00a0\u00bb custom_margin=\u00a0\u00bb||64px|-15px||\u00a0\u00bb global_colors_info=\u00a0\u00bb{}\u00a0\u00bb]\u00ab Les pinceaux fran\u00e7ais de l&rsquo;impressionnisme et son \u00e9cho enchant\u00e9 dans le monde \u00bb<br \/>\nSous la direction d\u2019Isabel Yesenia Roncal Aguirre professeure de fran\u00e7ais<br \/>\n[\/et_pb_text][et_pb_button button_url=\u00a0\u00bbhttps:\/\/louisette-marie-arnaud.org\/institution\/wp-content\/uploads\/2023\/11\/3-Benjamin-Barton-Le-mouvement-impressionniste-en-France-FINAL-1.pdf\u00a0\u00bb url_new_window=\u00a0\u00bbon\u00a0\u00bb button_text=\u00a0\u00bbVoir le document de l&rsquo;\u00e9cole\u00a0\u00bb button_alignment=\u00a0\u00bbcenter\u00a0\u00bb admin_label=\u00a0\u00bb20. g : Bouton vers PDF\u00a0\u00bb _builder_version=\u00a0\u00bb4.20.0&Prime; _module_preset=\u00a0\u00bbdefault\u00a0\u00bb custom_button=\u00a0\u00bbon\u00a0\u00bb button_text_size=\u00a0\u00bb23px\u00a0\u00bb button_text_color=\u00a0\u00bb#5c667b\u00a0\u00bb button_bg_color=\u00a0\u00bb#dce3f1&Prime; button_border_width=\u00a0\u00bb2px\u00a0\u00bb button_border_radius=\u00a0\u00bb11px\u00a0\u00bb button_use_icon=\u00a0\u00bboff\u00a0\u00bb custom_margin=\u00a0\u00bb|||-2px||\u00a0\u00bb box_shadow_style=\u00a0\u00bbpreset1&Prime; global_colors_info=\u00a0\u00bb{}\u00a0\u00bb][\/et_pb_button][et_pb_image src=\u00a0\u00bbhttps:\/\/louisette-marie-arnaud.org\/institution\/wp-content\/uploads\/2023\/11\/coeur-56.png\u00a0\u00bb title_text=\u00a0\u00bbcoeur-56&Prime; align=\u00a0\u00bbcenter\u00a0\u00bb disabled_on=\u00a0\u00bbon|on|on\u00a0\u00bb admin_label=\u00a0\u00bb20 : logo coeur\u00a0\u00bb _builder_version=\u00a0\u00bb4.20.0&Prime; _module_preset=\u00a0\u00bbdefault\u00a0\u00bb custom_margin=\u00a0\u00bb75px||75px||true|false\u00a0\u00bb disabled=\u00a0\u00bbon\u00a0\u00bb global_colors_info=\u00a0\u00bb{}\u00a0\u00bb][\/et_pb_image][et_pb_text disabled_on=\u00a0\u00bbon|on|on\u00a0\u00bb _builder_version=\u00a0\u00bb4.18.0&Prime; _module_preset=\u00a0\u00bbdefault\u00a0\u00bb text_font_size=\u00a0\u00bb33px\u00a0\u00bb text_orientation=\u00a0\u00bbcenter\u00a0\u00bb custom_margin=\u00a0\u00bb81px|70px|87px|70px||true\u00a0\u00bb custom_padding=\u00a0\u00bb0px|||||\u00a0\u00bb disabled=\u00a0\u00bbon\u00a0\u00bb global_colors_info=\u00a0\u00bb{}\u00a0\u00bb]<strong>IEP Kenn Opperman de Lima au P\u00e9rou<\/strong><br \/>\n[\/et_pb_text][et_pb_text disabled_on=\u00a0\u00bbon|on|on\u00a0\u00bb _builder_version=\u00a0\u00bb4.18.0&Prime; _module_preset=\u00a0\u00bbdefault\u00a0\u00bb text_font=\u00a0\u00bbOpen Sans|700|||||||\u00a0\u00bb text_text_color=\u00a0\u00bb#000000&Prime; text_font_size=\u00a0\u00bb25px\u00a0\u00bb custom_margin=\u00a0\u00bb6px||17px|-78px||\u00a0\u00bb disabled=\u00a0\u00bbon\u00a0\u00bb global_colors_info=\u00a0\u00bb{}\u00a0\u00bb]Leur pr\u00e9sentation :<br \/>\n[\/et_pb_text][et_pb_text disabled_on=\u00a0\u00bbon|on|on\u00a0\u00bb admin_label=\u00a0\u00bb20 : \u00e9ditoriaux finalistes\u00a0\u00bb _builder_version=\u00a0\u00bb4.20.0&Prime; _module_preset=\u00a0\u00bbdefault\u00a0\u00bb text_text_color=\u00a0\u00bb#8FAADC\u00a0\u00bb link_font=\u00a0\u00bb||||||||\u00a0\u00bb header_2_font=\u00a0\u00bb|700|||||||\u00a0\u00bb header_2_text_align=\u00a0\u00bbcenter\u00a0\u00bb header_2_text_color=\u00a0\u00bb#8FAADC\u00a0\u00bb header_2_font_size=\u00a0\u00bb42px\u00a0\u00bb header_2_line_height=\u00a0\u00bb1.2em\u00a0\u00bb width=\u00a0\u00bb100%\u00a0\u00bb custom_margin=\u00a0\u00bb8%||0.1%|40px|false|false\u00a0\u00bb custom_padding=\u00a0\u00bb||149px|||\u00a0\u00bb disabled=\u00a0\u00bbon\u00a0\u00bb global_colors_info=\u00a0\u00bb{}\u00a0\u00bb text_text_color__hover_enabled=\u00a0\u00bboff|hover\u00a0\u00bb text_text_color__hover=\u00a0\u00bb#000000&Prime; text_font_size__hover_enabled=\u00a0\u00bbon|hover\u00a0\u00bb text_font_size__hover=\u00a0\u00bb16px\u00a0\u00bb]<\/p>\n<h2>Editoriaux Finalistes 2023-2024,<\/h2>\n<p>[\/et_pb_text][\/et_pb_column][\/et_pb_row][et_pb_row disabled_on=\u00a0\u00bboff|off|off\u00a0\u00bb admin_label=\u00a0\u00bbEditorial pr\u00e9sent\u00e9 au concours\u00a0\u00bb _builder_version=\u00a0\u00bb4.19.2&Prime; _module_preset=\u00a0\u00bbdefault\u00a0\u00bb locked=\u00a0\u00bboff\u00a0\u00bb global_colors_info=\u00a0\u00bb{}\u00a0\u00bb][et_pb_column type=\u00a0\u00bb4_4&Prime; _builder_version=\u00a0\u00bb4.16&Prime; _module_preset=\u00a0\u00bbdefault\u00a0\u00bb global_colors_info=\u00a0\u00bb{}\u00a0\u00bb][et_pb_text disabled_on=\u00a0\u00bbon|on|on\u00a0\u00bb admin_label=\u00a0\u00bb<\/p>\n<p>\u00ab Les pinceaux fran\u00e7ais<br \/>\nde l&rsquo;impressionnisme et son \u00e9cho enchant\u00e9 dans le monde \u00bb\u00a0\u00bb _builder_version=\u00a0\u00bb4.20.0&Prime; _module_preset=\u00a0\u00bbdefault\u00a0\u00bb text_text_color=\u00a0\u00bb#000000&Prime; header_2_font=\u00a0\u00bb||||||||\u00a0\u00bb header_2_text_align=\u00a0\u00bbcenter\u00a0\u00bb header_2_text_color=\u00a0\u00bb#000000&Prime; header_2_font_size=\u00a0\u00bb22px\u00a0\u00bb header_2_line_height=\u00a0\u00bb1.2em\u00a0\u00bb custom_margin=\u00a0\u00bb4%||3%||false|false\u00a0\u00bb custom_padding=\u00a0\u00bb||0px||false|false\u00a0\u00bb disabled=\u00a0\u00bbon\u00a0\u00bb global_colors_info=\u00a0\u00bb{}\u00a0\u00bb]<\/p>\n<h2>\u00ab \u00ab Les pinceaux fran\u00e7ais de l&rsquo;impressionnisme et son \u00e9cho enchant\u00e9 dans le monde \u00bb<\/h2>\n<p>[\/et_pb_text][et_pb_text _builder_version=\u00a0\u00bb4.20.0&Prime; _module_preset=\u00a0\u00bbdefault\u00a0\u00bb text_font_size=\u00a0\u00bb19px\u00a0\u00bb text_line_height=\u00a0\u00bb1.65em\u00a0\u00bb header_3_text_color=\u00a0\u00bb#000000&Prime; header_3_font_size=\u00a0\u00bb24px\u00a0\u00bb header_3_line_height=\u00a0\u00bb1.4em\u00a0\u00bb text_orientation=\u00a0\u00bbcenter\u00a0\u00bb global_colors_info=\u00a0\u00bb{}\u00a0\u00bb]<\/p>\n<p style=\"text-align: center;\">Editorialistes :<br \/><strong>AAR\u00d3N ALC\u00c1NTARA FLORES<\/strong><br \/><strong>AZIEL LLACHO CUEVA<\/strong><br \/><strong>JESUS SEBASTI\u00c1N DIAZ MONTALVAN<\/strong><br \/><strong>SEBASTI\u00c1N MATH\u00cdAS PARIONA ESPINAR<\/strong><br \/><strong>STEFANO RODRIGO RIVERA ARIAS<\/strong><\/p>\n<p>[\/et_pb_text][et_pb_image src=\u00a0\u00bbhttps:\/\/louisette-marie-arnaud.org\/institution\/wp-content\/uploads\/2024\/02\/LOGO-COEUR-PROMOUVOIR-FRANCOPHONIE-.jpg\u00a0\u00bb title_text=\u00a0\u00bbLOGO COEUR &#8211; PROMOUVOIR FRANCOPHONIE\u00a0\u00bb align=\u00a0\u00bbcenter\u00a0\u00bb admin_label=\u00a0\u00bbCoeur\u00a0\u00bb _builder_version=\u00a0\u00bb4.20.0&Prime; _module_preset=\u00a0\u00bbdefault\u00a0\u00bb height=\u00a0\u00bb64px\u00a0\u00bb custom_margin=\u00a0\u00bb5%||4%||false|false\u00a0\u00bb global_colors_info=\u00a0\u00bb{}\u00a0\u00bb][\/et_pb_image][\/et_pb_column][\/et_pb_row][et_pb_row disabled_on=\u00a0\u00bboff|off|off\u00a0\u00bb admin_label=\u00a0\u00bb3\u00e8me place mention bien : IEP San Andres de Cajamarca\u00a0\u00bb _builder_version=\u00a0\u00bb4.20.0&Prime; _module_preset=\u00a0\u00bbdefault\u00a0\u00bb locked=\u00a0\u00bboff\u00a0\u00bb global_colors_info=\u00a0\u00bb{}\u00a0\u00bb][et_pb_column type=\u00a0\u00bb4_4&Prime; _builder_version=\u00a0\u00bb4.16&Prime; _module_preset=\u00a0\u00bbdefault\u00a0\u00bb global_colors_info=\u00a0\u00bb{}\u00a0\u00bb][dsm_typing_effect before_typing_effect=\u00a0\u00bbConcours Culturel-Educatif Institution Louisette-Marie Arnaud France 2023-2024&Prime; typing_effect=\u00a0\u00bbTroisi\u00e8me place \u00e0 \u00e9galit\u00e9 avec Mention Bien\u00a0\u00bb typing_loop=\u00a0\u00bboff\u00a0\u00bb typing_speed=\u00a0\u00bb280ms\u00a0\u00bb typing_backspeed=\u00a0\u00bb40ms\u00a0\u00bb _builder_version=\u00a0\u00bb4.27.4&Prime; _module_preset=\u00a0\u00bbdefault\u00a0\u00bb header_text_align=\u00a0\u00bbcenter\u00a0\u00bb before_font=\u00a0\u00bb|700|||||||\u00a0\u00bb before_text_color=\u00a0\u00bb#8FAADC\u00a0\u00bb before_font_size=\u00a0\u00bb34px\u00a0\u00bb before_line_height=\u00a0\u00bb1.4em\u00a0\u00bb typing_font=\u00a0\u00bb|700|||||||\u00a0\u00bb typing_text_color=\u00a0\u00bb#8FAADC\u00a0\u00bb typing_font_size=\u00a0\u00bb32px\u00a0\u00bb typing_line_height=\u00a0\u00bb1.4em\u00a0\u00bb after_font=\u00a0\u00bb|700|||||||\u00a0\u00bb after_text_align=\u00a0\u00bbcenter\u00a0\u00bb after_text_color=\u00a0\u00bb#8FAADC\u00a0\u00bb after_font_size=\u00a0\u00bb32px\u00a0\u00bb after_line_height=\u00a0\u00bb1.4em\u00a0\u00bb global_colors_info=\u00a0\u00bb{}\u00a0\u00bb][\/dsm_typing_effect][dsm_typing_effect typing_effect=\u00a0\u00bbIEP CLEMENTE ALTHAUS de San Miguel &#8211; IEP SAN ANDRES de Cajamarca \u00a0\u00bb typing_speed=\u00a0\u00bb280ms\u00a0\u00bb typing_backspeed=\u00a0\u00bb40ms\u00a0\u00bb disabled_on=\u00a0\u00bbon|on|on\u00a0\u00bb admin_label=\u00a0\u00bbSupreme Typing : IEP CLEMENTE ALTHAUS de San Miguel &#8211; IEP SAN ANDRES de Cajamarca \u00a0\u00bb _builder_version=\u00a0\u00bb4.20.0&Prime; _module_preset=\u00a0\u00bbdefault\u00a0\u00bb header_text_align=\u00a0\u00bbcenter\u00a0\u00bb before_font=\u00a0\u00bb|700|||||||\u00a0\u00bb before_text_color=\u00a0\u00bb#8FAADC\u00a0\u00bb before_font_size=\u00a0\u00bb34px\u00a0\u00bb before_line_height=\u00a0\u00bb1.4em\u00a0\u00bb typing_font=\u00a0\u00bb|700|||||||\u00a0\u00bb typing_text_color=\u00a0\u00bb#8FAADC\u00a0\u00bb typing_font_size=\u00a0\u00bb32px\u00a0\u00bb typing_line_height=\u00a0\u00bb1.4em\u00a0\u00bb after_font=\u00a0\u00bb|700|||||||\u00a0\u00bb after_text_align=\u00a0\u00bbcenter\u00a0\u00bb after_text_color=\u00a0\u00bb#8FAADC\u00a0\u00bb after_font_size=\u00a0\u00bb32px\u00a0\u00bb after_line_height=\u00a0\u00bb1.4em\u00a0\u00bb disabled=\u00a0\u00bbon\u00a0\u00bb locked=\u00a0\u00bboff\u00a0\u00bb global_colors_info=\u00a0\u00bb{}\u00a0\u00bb][\/dsm_typing_effect][et_pb_text admin_label=\u00a0\u00bbIEP CLEMENTE ALTHAUS de San Miguel &#8211; IEP SAN ANDRES de Cajamarca \u00a0\u00bb _builder_version=\u00a0\u00bb4.20.0&Prime; _module_preset=\u00a0\u00bbdefault\u00a0\u00bb text_text_color=\u00a0\u00bb#8FAADC\u00a0\u00bb text_font_size=\u00a0\u00bb30px\u00a0\u00bb header_2_font=\u00a0\u00bb|700|||||||\u00a0\u00bb header_2_text_align=\u00a0\u00bbcenter\u00a0\u00bb header_2_text_color=\u00a0\u00bb#8FAADC\u00a0\u00bb header_2_font_size=\u00a0\u00bb27px\u00a0\u00bb header_2_line_height=\u00a0\u00bb1.2em\u00a0\u00bb custom_margin=\u00a0\u00bb60px||||false|false\u00a0\u00bb locked=\u00a0\u00bboff\u00a0\u00bb global_colors_info=\u00a0\u00bb{}\u00a0\u00bb]<\/p>\n<p style=\"text-align: center;\"><strong>IEP CLEMENTE ALTHAUS de San Miguel &#8211; IEP SAN ANDRES de Cajamarca<\/strong><\/p>\n<p>[\/et_pb_text][\/et_pb_column][\/et_pb_row][et_pb_row column_structure=\u00a0\u00bb1_2,1_2&Prime; admin_label=\u00a0\u00bbEcussons \u00e9coles laur\u00e9ates\u00a0\u00bb _builder_version=\u00a0\u00bb4.16&Prime; _module_preset=\u00a0\u00bbdefault\u00a0\u00bb locked=\u00a0\u00bboff\u00a0\u00bb global_colors_info=\u00a0\u00bb{}\u00a0\u00bb][et_pb_column type=\u00a0\u00bb1_2&Prime; _builder_version=\u00a0\u00bb4.16&Prime; _module_preset=\u00a0\u00bbdefault\u00a0\u00bb global_colors_info=\u00a0\u00bb{}\u00a0\u00bb][et_pb_image src=\u00a0\u00bbhttps:\/\/louisette-marie-arnaud.org\/institution\/wp-content\/uploads\/2024\/02\/IEP-CLEMENTE-ALTHAUS-L-.jpg\u00a0\u00bb title_text=\u00a0\u00bbIEP CLEMENTE ALTHAUS L-\u00a0\u00bb align=\u00a0\u00bbcenter\u00a0\u00bb admin_label=\u00a0\u00bbClemente Althaus\u00a0\u00bb _builder_version=\u00a0\u00bb4.20.0&Prime; _module_preset=\u00a0\u00bbdefault\u00a0\u00bb height=\u00a0\u00bb165px\u00a0\u00bb custom_margin=\u00a0\u00bb5%||4%||false|false\u00a0\u00bb custom_padding=\u00a0\u00bb|||150px|false|false\u00a0\u00bb global_colors_info=\u00a0\u00bb{}\u00a0\u00bb][\/et_pb_image][\/et_pb_column][et_pb_column type=\u00a0\u00bb1_2&Prime; _builder_version=\u00a0\u00bb4.16&Prime; _module_preset=\u00a0\u00bbdefault\u00a0\u00bb global_colors_info=\u00a0\u00bb{}\u00a0\u00bb][et_pb_image src=\u00a0\u00bbhttps:\/\/louisette-marie-arnaud.org\/institution\/wp-content\/uploads\/2024\/02\/Ecusson-IEP-SAN-ANDRES-1.jpg\u00a0\u00bb title_text=\u00a0\u00bbEcusson IEP SAN ANDRES\u00a0\u00bb align=\u00a0\u00bbcenter\u00a0\u00bb admin_label=\u00a0\u00bbKenn Opperman\u00a0\u00bb _builder_version=\u00a0\u00bb4.20.0&Prime; _module_preset=\u00a0\u00bbdefault\u00a0\u00bb height=\u00a0\u00bb165px\u00a0\u00bb custom_margin=\u00a0\u00bb5%||4%||false|false\u00a0\u00bb custom_padding=\u00a0\u00bb|150px|||false|false\u00a0\u00bb global_colors_info=\u00a0\u00bb{}\u00a0\u00bb][\/et_pb_image][\/et_pb_column][\/et_pb_row][et_pb_row admin_label=\u00a0\u00bbDiplome des laur\u00e9ats\u00a0\u00bb _builder_version=\u00a0\u00bb4.16&Prime; _module_preset=\u00a0\u00bbdefault\u00a0\u00bb locked=\u00a0\u00bboff\u00a0\u00bb global_colors_info=\u00a0\u00bb{}\u00a0\u00bb][et_pb_column type=\u00a0\u00bb4_4&Prime; _builder_version=\u00a0\u00bb4.16&Prime; _module_preset=\u00a0\u00bbdefault\u00a0\u00bb global_colors_info=\u00a0\u00bb{}\u00a0\u00bb][et_pb_image src=\u00a0\u00bbhttps:\/\/louisette-marie-arnaud.org\/institution\/wp-content\/uploads\/2024\/02\/Diplome-3eme-Place-Clemente-Althaus.jpg\u00a0\u00bb alt=\u00a0\u00bbLaureat du Concours Culturel-Educatif Institution Louisette-Marie Arnaud 2021&Prime; title_text=\u00a0\u00bbDiplome 3\u00e8me Place Clemente Althaus\u00a0\u00bb align=\u00a0\u00bbcenter\u00a0\u00bb disabled_on=\u00a0\u00bboff|off|off\u00a0\u00bb admin_label=\u00a0\u00bbDiplome de laur\u00e9at Clemente Althaus\u00a0\u00bb _builder_version=\u00a0\u00bb4.20.0&Prime; _module_preset=\u00a0\u00bbdefault\u00a0\u00bb width=\u00a0\u00bb740px\u00a0\u00bb global_colors_info=\u00a0\u00bb{}\u00a0\u00bb][\/et_pb_image][\/et_pb_column][\/et_pb_row][et_pb_row admin_label=\u00a0\u00bb24. 7\u00e8 \u00e9cole : IEP Cl\u00e9mente Althaus de Lima au P\u00e9rou\u00a0\u00bb _builder_version=\u00a0\u00bb4.20.0&Prime; _module_preset=\u00a0\u00bbdefault\u00a0\u00bb locked=\u00a0\u00bboff\u00a0\u00bb global_colors_info=\u00a0\u00bb{}\u00a0\u00bb][et_pb_column type=\u00a0\u00bb4_4&Prime; _builder_version=\u00a0\u00bb4.20.0&Prime; _module_preset=\u00a0\u00bbdefault\u00a0\u00bb global_colors_info=\u00a0\u00bb{}\u00a0\u00bb][et_pb_text admin_label=\u00a0\u00bb24. IEP Cl\u00e9mente Althaus de Lima au P\u00e9rou\u00a0\u00bb _builder_version=\u00a0\u00bb4.20.0&Prime; _module_preset=\u00a0\u00bbdefault\u00a0\u00bb text_font_size=\u00a0\u00bb33px\u00a0\u00bb text_orientation=\u00a0\u00bbcenter\u00a0\u00bb custom_margin=\u00a0\u00bb||87px|73px||\u00a0\u00bb custom_padding=\u00a0\u00bb0px|||||\u00a0\u00bb global_colors_info=\u00a0\u00bb{}\u00a0\u00bb]<\/p>\n<p style=\"text-align: center;\"><strong>IEP Cl\u00e9mente Althaus de Lima au P\u00e9rou<\/strong><\/p>\n<p>[\/et_pb_text][et_pb_text admin_label=\u00a0\u00bb24.a : Leur pr\u00e9sentation\u00a0\u00bb _builder_version=\u00a0\u00bb4.20.0&Prime; _module_preset=\u00a0\u00bbdefault\u00a0\u00bb text_font=\u00a0\u00bbOpen Sans|700|||||||\u00a0\u00bb text_text_color=\u00a0\u00bb#000000&Prime; text_font_size=\u00a0\u00bb25px\u00a0\u00bb custom_margin=\u00a0\u00bb6px||17px||false|false\u00a0\u00bb global_colors_info=\u00a0\u00bb{}\u00a0\u00bb]<\/p>\n<p>Leur pr\u00e9sentation :<\/p>\n<p>[\/et_pb_text][et_pb_code disabled_on=\u00a0\u00bbon|on|on\u00a0\u00bb admin_label=\u00a0\u00bb24. a video 1 \u00a0\u00bb _builder_version=\u00a0\u00bb4.20.0&Prime; _module_preset=\u00a0\u00bbdefault\u00a0\u00bb text_orientation=\u00a0\u00bbcenter\u00a0\u00bb width=\u00a0\u00bb60%\u00a0\u00bb max_width=\u00a0\u00bb60%\u00a0\u00bb module_alignment=\u00a0\u00bbcenter\u00a0\u00bb custom_margin=\u00a0\u00bb||29px||false|false\u00a0\u00bb custom_padding=\u00a0\u00bb|51px||||\u00a0\u00bb disabled=\u00a0\u00bbon\u00a0\u00bb global_colors_info=\u00a0\u00bb{}\u00a0\u00bb]<iframe loading=\"lazy\" title=\"YouTube video player\" src=\"https:\/\/www.youtube.com\/embed\/LSj9JhSoX2k?rel=0\" width=\"560\" height=\"315\" frameborder=\"0\" allow=\"accelerometer; autoplay; clipboard-write; encrypted-media; gyroscope; picture-in-picture; web-share\" allowfullscreen\"><\/iframe>[\/et_pb_code][et_pb_text disabled_on=\u00a0\u00bbon|on|on\u00a0\u00bb admin_label=\u00a0\u00bb24.a: Texte %22Pr\u00e9sentation d\u2019\u00e9l\u00e8ves%22&Prime; _builder_version=\u00a0\u00bb4.20.0&Prime; _module_preset=\u00a0\u00bbdefault\u00a0\u00bb text_font_size=\u00a0\u00bb19px\u00a0\u00bb text_orientation=\u00a0\u00bbcenter\u00a0\u00bb custom_margin=\u00a0\u00bb||||false|false\u00a0\u00bb disabled=\u00a0\u00bbon\u00a0\u00bb global_colors_info=\u00a0\u00bb{}\u00a0\u00bb]<\/p>\n<p style=\"text-align: center;\"><strong>Pr\u00e9sentation d\u2019\u00e9l\u00e8ves 5A de primaire<\/strong><\/p>\n<p>[\/et_pb_text][\/et_pb_column][\/et_pb_row][et_pb_row admin_label=\u00a0\u00bb24. 7\u00e8 \u00e9cole : IEP Cl\u00e9mente Althaus de Lima au P\u00e9rou\u00a0\u00bb _builder_version=\u00a0\u00bb4.18.0&Prime; _module_preset=\u00a0\u00bbdefault\u00a0\u00bb custom_margin=\u00a0\u00bb|auto|||false|false\u00a0\u00bb locked=\u00a0\u00bboff\u00a0\u00bb global_colors_info=\u00a0\u00bb{}\u00a0\u00bb][et_pb_column type=\u00a0\u00bb4_4&Prime; _builder_version=\u00a0\u00bb4.18.0&Prime; _module_preset=\u00a0\u00bbdefault\u00a0\u00bb global_colors_info=\u00a0\u00bb{}\u00a0\u00bb][et_pb_text admin_label=\u00a0\u00bb24.e : texte %22editorial pr\u00e9sent\u00e9 au concours%22&Prime; _builder_version=\u00a0\u00bb4.20.0&Prime; _module_preset=\u00a0\u00bbdefault\u00a0\u00bb text_font=\u00a0\u00bbOpen Sans||||||||\u00a0\u00bb text_font_size=\u00a0\u00bb29px\u00a0\u00bb text_orientation=\u00a0\u00bbcenter\u00a0\u00bb custom_margin=\u00a0\u00bb77px||77px|1px|true|false\u00a0\u00bb global_colors_info=\u00a0\u00bb{}\u00a0\u00bb]Editorial pr\u00e9sent\u00e9 au concours<br \/>\n[\/et_pb_text][et_pb_image src=\u00a0\u00bbhttps:\/\/louisette-marie-arnaud.org\/institution\/wp-content\/uploads\/2023\/11\/Clemente-Althaus-Institution-Louisette-Marie-Arnaud-2023-2024.jpg\u00a0\u00bb title_text=\u00a0\u00bbClemente Althaus &#8211; Institution Louisette-Marie Arnaud 2023-2024&Prime; url=\u00a0\u00bbhttps:\/\/louisette-marie-arnaud.org\/institution\/wp-content\/uploads\/2023\/11\/7-IEP-CLEMENTE-ALTHAUS-ILMA-2023-2024.pdf\u00a0\u00bb align=\u00a0\u00bbcenter\u00a0\u00bb disabled_on=\u00a0\u00bboff|off|off\u00a0\u00bb admin_label=\u00a0\u00bb24.e : image l&rsquo;impresionnisme\u00a0\u00bb _builder_version=\u00a0\u00bb4.20.0&Prime; _module_preset=\u00a0\u00bbdefault\u00a0\u00bb module_alignment=\u00a0\u00bbcenter\u00a0\u00bb height=\u00a0\u00bb320px\u00a0\u00bb max_height=\u00a0\u00bb320px\u00a0\u00bb custom_margin=\u00a0\u00bb-5px|||1px|false|false\u00a0\u00bb custom_padding=\u00a0\u00bb3px||||false|false\u00a0\u00bb global_colors_info=\u00a0\u00bb{}\u00a0\u00bb][\/et_pb_image][et_pb_text admin_label=\u00a0\u00bb24f: texte : %22sous la direction%22&#8230;\u00a0\u00bb _builder_version=\u00a0\u00bb4.20.0&Prime; _module_preset=\u00a0\u00bbdefault\u00a0\u00bb text_font_size=\u00a0\u00bb24px\u00a0\u00bb text_orientation=\u00a0\u00bbcenter\u00a0\u00bb custom_margin=\u00a0\u00bb||64px|-15px||\u00a0\u00bb global_colors_info=\u00a0\u00bb{}\u00a0\u00bb]\u00ab Les pinceaux fran\u00e7ais de l\u2019impressionnisme et son \u00e9cho enchant\u00e9 dans le monde \u00bb<br \/>\nSous la direction de Ruth Vera Zarsoza, professeure de fran\u00e7ais[\/et_pb_text][et_pb_button button_url=\u00a0\u00bbhttps:\/\/louisette-marie-arnaud.org\/institution\/wp-content\/uploads\/2023\/11\/7-IEP-CLEMENTE-ALTHAUS-ILMA-2023-2024.pdf\u00a0\u00bb url_new_window=\u00a0\u00bbon\u00a0\u00bb button_text=\u00a0\u00bbVoir le document de l&rsquo;\u00e9cole\u00a0\u00bb button_alignment=\u00a0\u00bbcenter\u00a0\u00bb admin_label=\u00a0\u00bb24. g : Bouton vers PDF\u00a0\u00bb _builder_version=\u00a0\u00bb4.20.0&Prime; _module_preset=\u00a0\u00bbdefault\u00a0\u00bb custom_button=\u00a0\u00bbon\u00a0\u00bb button_text_size=\u00a0\u00bb23px\u00a0\u00bb button_text_color=\u00a0\u00bb#5c667b\u00a0\u00bb button_bg_color=\u00a0\u00bb#dce3f1&Prime; button_border_width=\u00a0\u00bb2px\u00a0\u00bb button_border_radius=\u00a0\u00bb11px\u00a0\u00bb button_use_icon=\u00a0\u00bboff\u00a0\u00bb custom_margin=\u00a0\u00bb|||-2px||\u00a0\u00bb box_shadow_style=\u00a0\u00bbpreset1&Prime; global_colors_info=\u00a0\u00bb{}\u00a0\u00bb][\/et_pb_button][et_pb_image src=\u00a0\u00bbhttps:\/\/louisette-marie-arnaud.org\/institution\/wp-content\/uploads\/2023\/11\/coeur-56.png\u00a0\u00bb title_text=\u00a0\u00bbcoeur-56&Prime; align=\u00a0\u00bbcenter\u00a0\u00bb disabled_on=\u00a0\u00bbon|on|on\u00a0\u00bb admin_label=\u00a0\u00bb24. : logo coeur\u00a0\u00bb _builder_version=\u00a0\u00bb4.20.0&Prime; _module_preset=\u00a0\u00bbdefault\u00a0\u00bb custom_margin=\u00a0\u00bb75px||75px||true|false\u00a0\u00bb disabled=\u00a0\u00bbon\u00a0\u00bb global_colors_info=\u00a0\u00bb{}\u00a0\u00bb][\/et_pb_image][\/et_pb_column][\/et_pb_row][et_pb_row disabled_on=\u00a0\u00bboff|off|off\u00a0\u00bb admin_label=\u00a0\u00bbEditorial pr\u00e9sent\u00e9 au concours\u00a0\u00bb _builder_version=\u00a0\u00bb4.19.2&Prime; _module_preset=\u00a0\u00bbdefault\u00a0\u00bb locked=\u00a0\u00bboff\u00a0\u00bb global_colors_info=\u00a0\u00bb{}\u00a0\u00bb][et_pb_column type=\u00a0\u00bb4_4&Prime; _builder_version=\u00a0\u00bb4.16&Prime; _module_preset=\u00a0\u00bbdefault\u00a0\u00bb global_colors_info=\u00a0\u00bb{}\u00a0\u00bb][et_pb_text disabled_on=\u00a0\u00bbon|on|on\u00a0\u00bb admin_label=\u00a0\u00bb\u00ab Les pinceaux fran\u00e7ais de l&rsquo;impressionnisme et son \u00e9cho enchant\u00e9 dans le monde  \u00bb\u00a0\u00bb _builder_version=\u00a0\u00bb4.20.0&Prime; _module_preset=\u00a0\u00bbdefault\u00a0\u00bb text_text_color=\u00a0\u00bb#000000&Prime; header_2_font=\u00a0\u00bb||||||||\u00a0\u00bb header_2_text_align=\u00a0\u00bbcenter\u00a0\u00bb header_2_text_color=\u00a0\u00bb#000000&Prime; header_2_font_size=\u00a0\u00bb22px\u00a0\u00bb header_2_line_height=\u00a0\u00bb1.2em\u00a0\u00bb custom_margin=\u00a0\u00bb4%||3%||false|false\u00a0\u00bb custom_padding=\u00a0\u00bb||0px||false|false\u00a0\u00bb disabled=\u00a0\u00bbon\u00a0\u00bb global_colors_info=\u00a0\u00bb{}\u00a0\u00bb]<\/p>\n<h2>\u00ab Les pinceaux fran\u00e7ais de l&rsquo;impressionnisme et son \u00e9cho enchant\u00e9 dans le monde  \u00bb<\/h2>\n<p>[\/et_pb_text][et_pb_text admin_label=\u00a0\u00bbeditorial\u00a0\u00bb _builder_version=\u00a0\u00bb4.20.0&Prime; _module_preset=\u00a0\u00bbdefault\u00a0\u00bb text_font_size=\u00a0\u00bb19px\u00a0\u00bb text_line_height=\u00a0\u00bb1.65em\u00a0\u00bb header_3_text_color=\u00a0\u00bb#000000&Prime; header_3_font_size=\u00a0\u00bb24px\u00a0\u00bb header_3_line_height=\u00a0\u00bb1.4em\u00a0\u00bb text_orientation=\u00a0\u00bbcenter\u00a0\u00bb global_colors_info=\u00a0\u00bb{}\u00a0\u00bb]<\/p>\n<p style=\"text-align: center;\">Editorialistes :<br \/><strong>AMIRA ESPINOZA SALAZAR<\/strong><br \/><strong>CAMILLE ESTRADA SANCHEZ<\/strong><br \/><strong>MIA MEJIA RIOS<\/strong><br \/><strong>JUNO ROJAS ROSADO<\/strong><br \/><strong>BENJHAMIN VALLE VILLACORTA<\/strong><\/p>\n<p>[\/et_pb_text][et_pb_image src=\u00a0\u00bbhttps:\/\/louisette-marie-arnaud.org\/institution\/wp-content\/uploads\/2024\/02\/LOGO-COEUR-PROMOUVOIR-FRANCOPHONIE-.jpg\u00a0\u00bb title_text=\u00a0\u00bbLOGO COEUR &#8211; PROMOUVOIR FRANCOPHONIE\u00a0\u00bb align=\u00a0\u00bbcenter\u00a0\u00bb admin_label=\u00a0\u00bbCoeur\u00a0\u00bb _builder_version=\u00a0\u00bb4.20.0&Prime; _module_preset=\u00a0\u00bbdefault\u00a0\u00bb height=\u00a0\u00bb64px\u00a0\u00bb custom_margin=\u00a0\u00bb5%||80px||false|false\u00a0\u00bb global_colors_info=\u00a0\u00bb{}\u00a0\u00bb][\/et_pb_image][et_pb_text admin_label=\u00a0\u00bbTroisi\u00e8me place \u00e0 \u00e9galit\u00e9\u00a0\u00bb _builder_version=\u00a0\u00bb4.20.0&Prime; _module_preset=\u00a0\u00bbdefault\u00a0\u00bb text_text_color=\u00a0\u00bb#8FAADC\u00a0\u00bb text_font_size=\u00a0\u00bb30px\u00a0\u00bb header_2_font=\u00a0\u00bb|700|||||||\u00a0\u00bb header_2_text_align=\u00a0\u00bbcenter\u00a0\u00bb header_2_text_color=\u00a0\u00bb#8FAADC\u00a0\u00bb header_2_font_size=\u00a0\u00bb27px\u00a0\u00bb header_2_line_height=\u00a0\u00bb1.2em\u00a0\u00bb custom_margin=\u00a0\u00bb||||false|false\u00a0\u00bb locked=\u00a0\u00bboff\u00a0\u00bb global_colors_info=\u00a0\u00bb{}\u00a0\u00bb]<\/p>\n<p style=\"text-align: center;\">Troisi\u00e8me place \u00e0 \u00e9galit\u00e9 :<\/p>\n<p>[\/et_pb_text][\/et_pb_column][\/et_pb_row][et_pb_row admin_label=\u00a0\u00bbDiplome des laur\u00e9ats\u00a0\u00bb _builder_version=\u00a0\u00bb4.16&Prime; _module_preset=\u00a0\u00bbdefault\u00a0\u00bb locked=\u00a0\u00bboff\u00a0\u00bb global_colors_info=\u00a0\u00bb{}\u00a0\u00bb][et_pb_column type=\u00a0\u00bb4_4&Prime; _builder_version=\u00a0\u00bb4.16&Prime; _module_preset=\u00a0\u00bbdefault\u00a0\u00bb global_colors_info=\u00a0\u00bb{}\u00a0\u00bb][et_pb_image src=\u00a0\u00bbhttps:\/\/louisette-marie-arnaud.org\/institution\/wp-content\/uploads\/2024\/02\/Diplome-3eme-Place-San-Andres.jpg\u00a0\u00bb alt=\u00a0\u00bbLaureat du Concours Culturel-Educatif Institution Louisette-Marie Arnaud 2021&Prime; title_text=\u00a0\u00bbDiplome 3eme Place San Andres\u00a0\u00bb align=\u00a0\u00bbcenter\u00a0\u00bb disabled_on=\u00a0\u00bboff|off|off\u00a0\u00bb admin_label=\u00a0\u00bbDiplome de laur\u00e9at San andres de Cajamarca\u00a0\u00bb _builder_version=\u00a0\u00bb4.20.0&Prime; _module_preset=\u00a0\u00bbdefault\u00a0\u00bb width=\u00a0\u00bb740px\u00a0\u00bb global_colors_info=\u00a0\u00bb{}\u00a0\u00bb][\/et_pb_image][\/et_pb_column][\/et_pb_row][et_pb_row admin_label=\u00a0\u00bb21. 4\u00e8 \u00e9cole : IEP San Andres de Cajamarca au P\u00e9rou\u00a0\u00bb _builder_version=\u00a0\u00bb4.20.0&Prime; _module_preset=\u00a0\u00bbdefault\u00a0\u00bb locked=\u00a0\u00bboff\u00a0\u00bb global_colors_info=\u00a0\u00bb{}\u00a0\u00bb][et_pb_column type=\u00a0\u00bb4_4&Prime; _builder_version=\u00a0\u00bb4.20.0&Prime; _module_preset=\u00a0\u00bbdefault\u00a0\u00bb global_colors_info=\u00a0\u00bb{}\u00a0\u00bb][et_pb_text admin_label=\u00a0\u00bb21.IEP San Andres de Cajamarca au P\u00e9rou \u00a0\u00bb _builder_version=\u00a0\u00bb4.20.0&Prime; _module_preset=\u00a0\u00bbdefault\u00a0\u00bb text_font_size=\u00a0\u00bb33px\u00a0\u00bb text_orientation=\u00a0\u00bbcenter\u00a0\u00bb custom_margin=\u00a0\u00bb||87px|73px||\u00a0\u00bb custom_padding=\u00a0\u00bb0px|||||\u00a0\u00bb global_colors_info=\u00a0\u00bb{}\u00a0\u00bb]<\/p>\n<p style=\"text-align: center;\"><strong>IEP San Andres de Cajamarca au P\u00e9rou<\/strong><\/p>\n<p>[\/et_pb_text][et_pb_text admin_label=\u00a0\u00bb21. Leur pr\u00e9sentation\u00a0\u00bb _builder_version=\u00a0\u00bb4.18.0&Prime; _module_preset=\u00a0\u00bbdefault\u00a0\u00bb text_font=\u00a0\u00bbOpen Sans|700|||||||\u00a0\u00bb text_text_color=\u00a0\u00bb#000000&Prime; text_font_size=\u00a0\u00bb25px\u00a0\u00bb custom_margin=\u00a0\u00bb6px||17px|-78px||\u00a0\u00bb global_colors_info=\u00a0\u00bb{}\u00a0\u00bb]Leur pr\u00e9sentation :<br \/>\n[\/et_pb_text][\/et_pb_column][\/et_pb_row][et_pb_row column_structure=\u00a0\u00bb1_2,1_2&Prime; use_custom_gutter=\u00a0\u00bbon\u00a0\u00bb gutter_width=\u00a0\u00bb4&Prime; make_equal=\u00a0\u00bbon\u00a0\u00bb admin_label=\u00a0\u00bb21. IEP San Andres de Cajamarca au P\u00e9rou\u00a0\u00bb _builder_version=\u00a0\u00bb4.18.0&Prime; _module_preset=\u00a0\u00bbdefault\u00a0\u00bb width=\u00a0\u00bb100%\u00a0\u00bb module_alignment=\u00a0\u00bbcenter\u00a0\u00bb custom_margin=\u00a0\u00bb||||false|true\u00a0\u00bb custom_padding=\u00a0\u00bb||||false|true\u00a0\u00bb locked=\u00a0\u00bboff\u00a0\u00bb global_colors_info=\u00a0\u00bb{}\u00a0\u00bb][et_pb_column type=\u00a0\u00bb1_2&Prime; _builder_version=\u00a0\u00bb4.18.0&Prime; _module_preset=\u00a0\u00bbdefault\u00a0\u00bb global_colors_info=\u00a0\u00bb{}\u00a0\u00bb][et_pb_code admin_label=\u00a0\u00bb21. a video 1 \u00a0\u00bb _builder_version=\u00a0\u00bb4.20.0&Prime; _module_preset=\u00a0\u00bbdefault\u00a0\u00bb custom_margin=\u00a0\u00bb|4px|29px|-82px||\u00a0\u00bb custom_padding=\u00a0\u00bb|51px||||\u00a0\u00bb global_colors_info=\u00a0\u00bb{}\u00a0\u00bb]<iframe loading=\"lazy\" title=\"YouTube video player\" src=\"https:\/\/www.youtube.com\/embed\/e708jBej4dk?rel=0\" width=\"560\" height=\"315\" frameborder=\"0\" allow=\"accelerometer; autoplay; clipboard-write; encrypted-media; gyroscope; picture-in-picture; web-share\" allowfullscreen=\"allowfullscreen\"><\/iframe>[\/et_pb_code][et_pb_text admin_label=\u00a0\u00bb21.a: Texte %22Pr\u00e9sentation d\u2019\u00e9l\u00e8ves%22&Prime; _builder_version=\u00a0\u00bb4.20.0&Prime; _module_preset=\u00a0\u00bbdefault\u00a0\u00bb text_font_size=\u00a0\u00bb19px\u00a0\u00bb text_orientation=\u00a0\u00bbcenter\u00a0\u00bb custom_margin=\u00a0\u00bb18px|||-80px|false|false\u00a0\u00bb global_colors_info=\u00a0\u00bb{}\u00a0\u00bb]<\/p>\n<p style=\"text-align: left;\"><strong>Pr\u00e9sentation d\u2019\u00e9l\u00e8ves 5\u00b0et 6\u00b0 ann\u00e9e de primaire<\/strong><\/p>\n<p>[\/et_pb_text][\/et_pb_column][et_pb_column type=\u00a0\u00bb1_2&Prime; _builder_version=\u00a0\u00bb4.18.0&Prime; _module_preset=\u00a0\u00bbdefault\u00a0\u00bb global_colors_info=\u00a0\u00bb{}\u00a0\u00bb][et_pb_code admin_label=\u00a0\u00bb21 a : video 2&Prime; _builder_version=\u00a0\u00bb4.20.0&Prime; _module_preset=\u00a0\u00bbdefault\u00a0\u00bb custom_margin=\u00a0\u00bb|-127px||102px||\u00a0\u00bb custom_padding=\u00a0\u00bb|0px|||false|false\u00a0\u00bb global_colors_info=\u00a0\u00bb{}\u00a0\u00bb]<iframe loading=\"lazy\" title=\"YouTube video player\" src=\"https:\/\/www.youtube.com\/embed\/E08Vom5pz9U?rel=0\" width=\"560\" height=\"315\" frameborder=\"0\" allow=\"accelerometer; autoplay; clipboard-write; encrypted-media; gyroscope; picture-in-picture; web-share\" allowfullscreen=\"allowfullscreen\"><\/iframe>[\/et_pb_code][et_pb_text admin_label=\u00a0\u00bb21 j : texte %22pr\u00e9sentation vid\u00e9o%22&Prime; _builder_version=\u00a0\u00bb4.20.0&Prime; _module_preset=\u00a0\u00bbdefault\u00a0\u00bb text_font_size=\u00a0\u00bb19px\u00a0\u00bb text_orientation=\u00a0\u00bbcenter\u00a0\u00bb custom_margin=\u00a0\u00bb-10px|-200px||30px|false|false\u00a0\u00bb custom_padding=\u00a0\u00bb||||false|false\u00a0\u00bb global_colors_info=\u00a0\u00bb{}\u00a0\u00bb]<\/p>\n<p style=\"text-align: left;\"><strong> Pr\u00e9sentation Vid\u00e9o \u00ab D\u00e9dicace \u00e0 la France et \u00e0 l\u2019Impressionnisme \u00bb <\/strong><\/p>\n<p>[\/et_pb_text][\/et_pb_column][\/et_pb_row][et_pb_row admin_label=\u00a0\u00bb21. IEP Benjamin Barton de Lima au P\u00e9rou\u00a0\u00bb _builder_version=\u00a0\u00bb4.18.0&Prime; _module_preset=\u00a0\u00bbdefault\u00a0\u00bb custom_margin=\u00a0\u00bb|auto|||false|false\u00a0\u00bb locked=\u00a0\u00bboff\u00a0\u00bb global_colors_info=\u00a0\u00bb{}\u00a0\u00bb][et_pb_column type=\u00a0\u00bb4_4&Prime; _builder_version=\u00a0\u00bb4.18.0&Prime; _module_preset=\u00a0\u00bbdefault\u00a0\u00bb global_colors_info=\u00a0\u00bb{}\u00a0\u00bb][et_pb_text admin_label=\u00a0\u00bb21.e : texte %22editorial pr\u00e9sent\u00e9 au concours%22&Prime; _builder_version=\u00a0\u00bb4.18.0&Prime; _module_preset=\u00a0\u00bbdefault\u00a0\u00bb text_font=\u00a0\u00bbOpen Sans||||||||\u00a0\u00bb text_font_size=\u00a0\u00bb29px\u00a0\u00bb text_orientation=\u00a0\u00bbcenter\u00a0\u00bb custom_margin=\u00a0\u00bb77px||77px|1px|true|false\u00a0\u00bb global_colors_info=\u00a0\u00bb{}\u00a0\u00bb]Editorial pr\u00e9sent\u00e9 au concours<br \/>\n[\/et_pb_text][et_pb_image src=\u00a0\u00bbhttps:\/\/louisette-marie-arnaud.org\/institution\/wp-content\/uploads\/2023\/11\/San-Andres-Debutants-Institution-Louisette-Marie-Arnaud-2023-2024.jpg\u00a0\u00bb title_text=\u00a0\u00bbSan Andres Debutants &#8211; Institution Louisette-Marie Arnaud 2023-2024&Prime; url=\u00a0\u00bbhttps:\/\/louisette-marie-arnaud.org\/institution\/wp-content\/uploads\/2023\/11\/4-IEP-SAN-ANDRES-DEBUTANTS-ILMA-2023-2024-.pdf\u00a0\u00bb align=\u00a0\u00bbcenter\u00a0\u00bb disabled_on=\u00a0\u00bboff|off|off\u00a0\u00bb admin_label=\u00a0\u00bb21.e : image l&rsquo;impresionnisme\u00a0\u00bb _builder_version=\u00a0\u00bb4.20.0&Prime; _module_preset=\u00a0\u00bbdefault\u00a0\u00bb module_alignment=\u00a0\u00bbcenter\u00a0\u00bb height=\u00a0\u00bb320px\u00a0\u00bb max_height=\u00a0\u00bb320px\u00a0\u00bb custom_margin=\u00a0\u00bb-5px|||1px|false|false\u00a0\u00bb custom_padding=\u00a0\u00bb3px||||false|false\u00a0\u00bb global_colors_info=\u00a0\u00bb{}\u00a0\u00bb][\/et_pb_image][et_pb_text admin_label=\u00a0\u00bb21 f: texte : %22sous la direction%22&#8230;\u00a0\u00bb _builder_version=\u00a0\u00bb4.20.0&Prime; _module_preset=\u00a0\u00bbdefault\u00a0\u00bb text_font_size=\u00a0\u00bb24px\u00a0\u00bb text_orientation=\u00a0\u00bbcenter\u00a0\u00bb custom_margin=\u00a0\u00bb||64px|-15px||\u00a0\u00bb global_colors_info=\u00a0\u00bb{}\u00a0\u00bb]\u00ab Impressionnisme : un voyage de couleur, de lumi\u00e8re et d\u2019\u00e9motion \u00bb<br \/>\nSous la direction de Gladys Johana Tafur Vasquez professeure de fran\u00e7ais[\/et_pb_text][et_pb_button button_url=\u00a0\u00bbhttps:\/\/louisette-marie-arnaud.org\/institution\/wp-content\/uploads\/2023\/11\/4-IEP-SAN-ANDRES-DEBUTANTS-ILMA-2023-2024-.pdf\u00a0\u00bb url_new_window=\u00a0\u00bbon\u00a0\u00bb button_text=\u00a0\u00bbVoir le document de l&rsquo;\u00e9cole\u00a0\u00bb button_alignment=\u00a0\u00bbcenter\u00a0\u00bb admin_label=\u00a0\u00bb21. g : Bouton vers PDF\u00a0\u00bb _builder_version=\u00a0\u00bb4.20.0&Prime; _module_preset=\u00a0\u00bbdefault\u00a0\u00bb custom_button=\u00a0\u00bbon\u00a0\u00bb button_text_size=\u00a0\u00bb23px\u00a0\u00bb button_text_color=\u00a0\u00bb#5c667b\u00a0\u00bb button_bg_color=\u00a0\u00bb#dce3f1&Prime; button_border_width=\u00a0\u00bb2px\u00a0\u00bb button_border_radius=\u00a0\u00bb11px\u00a0\u00bb button_use_icon=\u00a0\u00bboff\u00a0\u00bb custom_margin=\u00a0\u00bb|||-2px||\u00a0\u00bb box_shadow_style=\u00a0\u00bbpreset1&Prime; global_colors_info=\u00a0\u00bb{}\u00a0\u00bb][\/et_pb_button][et_pb_image src=\u00a0\u00bbhttps:\/\/louisette-marie-arnaud.org\/institution\/wp-content\/uploads\/2023\/11\/coeur-56.png\u00a0\u00bb title_text=\u00a0\u00bbcoeur-56&Prime; align=\u00a0\u00bbcenter\u00a0\u00bb disabled_on=\u00a0\u00bbon|on|on\u00a0\u00bb admin_label=\u00a0\u00bb21 : logo coeur\u00a0\u00bb _builder_version=\u00a0\u00bb4.20.0&Prime; _module_preset=\u00a0\u00bbdefault\u00a0\u00bb custom_margin=\u00a0\u00bb75px||75px||true|false\u00a0\u00bb disabled=\u00a0\u00bbon\u00a0\u00bb global_colors_info=\u00a0\u00bb{}\u00a0\u00bb][\/et_pb_image][et_pb_text disabled_on=\u00a0\u00bbon|on|on\u00a0\u00bb _builder_version=\u00a0\u00bb4.18.0&Prime; _module_preset=\u00a0\u00bbdefault\u00a0\u00bb text_font_size=\u00a0\u00bb33px\u00a0\u00bb text_orientation=\u00a0\u00bbcenter\u00a0\u00bb custom_margin=\u00a0\u00bb81px|70px|87px|70px||true\u00a0\u00bb custom_padding=\u00a0\u00bb0px|||||\u00a0\u00bb disabled=\u00a0\u00bbon\u00a0\u00bb global_colors_info=\u00a0\u00bb{}\u00a0\u00bb]<strong>IEP Kenn Opperman de Lima au P\u00e9rou<\/strong><br \/>\n[\/et_pb_text][et_pb_text disabled_on=\u00a0\u00bbon|on|on\u00a0\u00bb _builder_version=\u00a0\u00bb4.18.0&Prime; _module_preset=\u00a0\u00bbdefault\u00a0\u00bb text_font=\u00a0\u00bbOpen Sans|700|||||||\u00a0\u00bb text_text_color=\u00a0\u00bb#000000&Prime; text_font_size=\u00a0\u00bb25px\u00a0\u00bb custom_margin=\u00a0\u00bb6px||17px|-78px||\u00a0\u00bb disabled=\u00a0\u00bbon\u00a0\u00bb global_colors_info=\u00a0\u00bb{}\u00a0\u00bb]Leur pr\u00e9sentation :<br \/>\n[\/et_pb_text][et_pb_text disabled_on=\u00a0\u00bbon|on|on\u00a0\u00bb admin_label=\u00a0\u00bb20 : \u00e9ditoriaux finalistes\u00a0\u00bb _builder_version=\u00a0\u00bb4.20.0&Prime; _module_preset=\u00a0\u00bbdefault\u00a0\u00bb text_text_color=\u00a0\u00bb#8FAADC\u00a0\u00bb link_font=\u00a0\u00bb||||||||\u00a0\u00bb header_2_font=\u00a0\u00bb|700|||||||\u00a0\u00bb header_2_text_align=\u00a0\u00bbcenter\u00a0\u00bb header_2_text_color=\u00a0\u00bb#8FAADC\u00a0\u00bb header_2_font_size=\u00a0\u00bb42px\u00a0\u00bb header_2_line_height=\u00a0\u00bb1.2em\u00a0\u00bb width=\u00a0\u00bb100%\u00a0\u00bb custom_margin=\u00a0\u00bb8%||0.1%|40px|false|false\u00a0\u00bb custom_padding=\u00a0\u00bb||149px|||\u00a0\u00bb disabled=\u00a0\u00bbon\u00a0\u00bb global_colors_info=\u00a0\u00bb{}\u00a0\u00bb text_text_color__hover_enabled=\u00a0\u00bboff|hover\u00a0\u00bb text_text_color__hover=\u00a0\u00bb#000000&Prime; text_font_size__hover_enabled=\u00a0\u00bbon|hover\u00a0\u00bb text_font_size__hover=\u00a0\u00bb16px\u00a0\u00bb]<\/p>\n<h2>Editoriaux Finalistes 2023-2024,<\/h2>\n<p>[\/et_pb_text][\/et_pb_column][\/et_pb_row][et_pb_row disabled_on=\u00a0\u00bboff|off|off\u00a0\u00bb admin_label=\u00a0\u00bbEditorial pr\u00e9sent\u00e9 au concours\u00a0\u00bb _builder_version=\u00a0\u00bb4.19.2&Prime; _module_preset=\u00a0\u00bbdefault\u00a0\u00bb locked=\u00a0\u00bboff\u00a0\u00bb global_colors_info=\u00a0\u00bb{}\u00a0\u00bb][et_pb_column type=\u00a0\u00bb4_4&Prime; _builder_version=\u00a0\u00bb4.16&Prime; _module_preset=\u00a0\u00bbdefault\u00a0\u00bb global_colors_info=\u00a0\u00bb{}\u00a0\u00bb][et_pb_text disabled_on=\u00a0\u00bbon|on|on\u00a0\u00bb admin_label=\u00a0\u00bb<\/p>\n<p>L\u2019impressionnisme : un voyage de couleur, de<br \/>\nlumi\u00e8re et d\u2019\u00e9motion\u00a0\u00bb _builder_version=\u00a0\u00bb4.20.0&Prime; _module_preset=\u00a0\u00bbdefault\u00a0\u00bb text_text_color=\u00a0\u00bb#000000&Prime; header_2_font=\u00a0\u00bb||||||||\u00a0\u00bb header_2_text_align=\u00a0\u00bbcenter\u00a0\u00bb header_2_text_color=\u00a0\u00bb#000000&Prime; header_2_font_size=\u00a0\u00bb22px\u00a0\u00bb header_2_line_height=\u00a0\u00bb1.2em\u00a0\u00bb custom_margin=\u00a0\u00bb4%||3%||false|false\u00a0\u00bb custom_padding=\u00a0\u00bb||0px||false|false\u00a0\u00bb disabled=\u00a0\u00bbon\u00a0\u00bb global_colors_info=\u00a0\u00bb{}\u00a0\u00bb]<\/p>\n<h2>\u00ab L\u2019impressionnisme : un voyage de couleur, de lumi\u00e8re et d\u2019\u00e9motion \u00bb<\/h2>\n<p>[\/et_pb_text][et_pb_text admin_label=\u00a0\u00bbeditorialistes\u00a0\u00bb _builder_version=\u00a0\u00bb4.20.0&Prime; _module_preset=\u00a0\u00bbdefault\u00a0\u00bb text_font_size=\u00a0\u00bb19px\u00a0\u00bb text_line_height=\u00a0\u00bb1.65em\u00a0\u00bb header_3_text_color=\u00a0\u00bb#000000&Prime; header_3_font_size=\u00a0\u00bb24px\u00a0\u00bb header_3_line_height=\u00a0\u00bb1.4em\u00a0\u00bb text_orientation=\u00a0\u00bbcenter\u00a0\u00bb global_colors_info=\u00a0\u00bb{}\u00a0\u00bb]<\/p>\n<p style=\"text-align: center;\">Editorialistes :<br \/><strong>SALOM\u00d3N PEREIRA ALVAREZ<\/strong>, 12 ans &#8211; \u00e9l\u00e8ve directeur de la r\u00e9daction.<br \/><strong>ALEXIS DANIEL RUIZ CACHI<\/strong>,11 ans- \u00e9l\u00e8ve responsable de la r\u00e9vision du document.<br \/><strong>GABRIEL SALVADOR ALBERTO ARMAS ROJAS<\/strong>,11 ans- \u00e9l\u00e8ve responsable de la recherche d&rsquo;informations.<br \/><strong>ALEMKA KALAFATOVICH MEDINA<\/strong>,11 ans &#8211; \u00e9l\u00e8ve responsable de la recherche d&rsquo;informations.<br \/><strong>ANGEL ANDRE ECHEVARRIA HERRERA<\/strong>, 12 ans &#8211; \u00e9l\u00e8ve responsable du montage vid\u00e9o.<\/p>\n<p>[\/et_pb_text][\/et_pb_column][\/et_pb_row][et_pb_row _builder_version=\u00a0\u00bb4.20.0&Prime; _module_preset=\u00a0\u00bbdefault\u00a0\u00bb global_colors_info=\u00a0\u00bb{}\u00a0\u00bb][et_pb_column type=\u00a0\u00bb4_4&Prime; _builder_version=\u00a0\u00bb4.20.0&Prime; _module_preset=\u00a0\u00bbdefault\u00a0\u00bb global_colors_info=\u00a0\u00bb{}\u00a0\u00bb][et_pb_text disabled_on=\u00a0\u00bbon|on|on\u00a0\u00bb _builder_version=\u00a0\u00bb4.20.0&Prime; _module_preset=\u00a0\u00bbdefault\u00a0\u00bb text_font=\u00a0\u00bbOpen Sans|600|||||||\u00a0\u00bb text_text_color=\u00a0\u00bb#8FAADC\u00a0\u00bb text_font_size=\u00a0\u00bb23px\u00a0\u00bb header_text_color=\u00a0\u00bb#8FAADC\u00a0\u00bb text_orientation=\u00a0\u00bbcenter\u00a0\u00bb custom_margin=\u00a0\u00bb60px||||false|false\u00a0\u00bb disabled=\u00a0\u00bbon\u00a0\u00bb global_colors_info=\u00a0\u00bb{}\u00a0\u00bb]<\/p>\n<div class=\"page\" title=\"Page 25\">\n<div class=\"layoutArea\">\n<div class=\"column\">\n<p>Les trois re\u0301gions du Pe\u0301rou ont e\u0301te\u0301 repre\u0301sente\u0301es dans ce concours<\/p>\n<\/div>\n<\/div>\n<\/div>\n<p>[\/et_pb_text][dsm_typing_effect before_typing_effect=\u00a0\u00bbLes trois re\u0301gions du Pe\u0301rou ont e\u0301te\u0301 repre\u0301sente\u0301es dans ce concours\u00a0\u00bb typing_effect=\u00a0\u00bb   \u00a0\u00bb after_new_line=\u00a0\u00bbon\u00a0\u00bb typing_loop=\u00a0\u00bboff\u00a0\u00bb typing_speed=\u00a0\u00bb280ms\u00a0\u00bb typing_backspeed=\u00a0\u00bb40ms\u00a0\u00bb typing_cursor=\u00a0\u00bb  \u00a0\u00bb _builder_version=\u00a0\u00bb4.20.0&Prime; _module_preset=\u00a0\u00bbdefault\u00a0\u00bb header_text_align=\u00a0\u00bbcenter\u00a0\u00bb header_font_size=\u00a0\u00bb20px\u00a0\u00bb before_font=\u00a0\u00bb|700|||||||\u00a0\u00bb before_text_color=\u00a0\u00bb#8FAADC\u00a0\u00bb before_font_size=\u00a0\u00bb36px\u00a0\u00bb before_line_height=\u00a0\u00bb1.4em\u00a0\u00bb typing_font=\u00a0\u00bb|700|||||||\u00a0\u00bb typing_text_color=\u00a0\u00bb#8FAADC\u00a0\u00bb typing_font_size=\u00a0\u00bb32px\u00a0\u00bb typing_line_height=\u00a0\u00bb1.4em\u00a0\u00bb after_font=\u00a0\u00bb|700|||||||\u00a0\u00bb after_text_align=\u00a0\u00bbcenter\u00a0\u00bb after_text_color=\u00a0\u00bb#8FAADC\u00a0\u00bb after_font_size=\u00a0\u00bb32px\u00a0\u00bb after_line_height=\u00a0\u00bb1.4em\u00a0\u00bb custom_margin=\u00a0\u00bb60px||||false|false\u00a0\u00bb locked=\u00a0\u00bboff\u00a0\u00bb global_colors_info=\u00a0\u00bb{}\u00a0\u00bb][\/dsm_typing_effect][\/et_pb_column][\/et_pb_row][et_pb_row column_structure=\u00a0\u00bb1_3,2_3&Prime; use_custom_gutter=\u00a0\u00bbon\u00a0\u00bb gutter_width=\u00a0\u00bb2&Prime; _builder_version=\u00a0\u00bb4.20.0&Prime; _module_preset=\u00a0\u00bbdefault\u00a0\u00bb custom_margin=\u00a0\u00bb4%||||false|false\u00a0\u00bb global_colors_info=\u00a0\u00bb{}\u00a0\u00bb][et_pb_column type=\u00a0\u00bb1_3&Prime; _builder_version=\u00a0\u00bb4.16&Prime; _module_preset=\u00a0\u00bbdefault\u00a0\u00bb global_colors_info=\u00a0\u00bb{}\u00a0\u00bb][et_pb_image src=\u00a0\u00bbhttps:\/\/louisette-marie-arnaud.org\/institution\/wp-content\/uploads\/2021\/11\/PROMOUVOIR-LA-LANGUE-ET-LA-CULTURE-FRANCAISE-ET-TRANSMETTRE-LE-FRANCAIS-2.jpg\u00a0\u00bb title_text=\u00a0\u00bbPROMOUVOIR LA LANGUE ET LA CULTURE FRANCAISE ET TRANSMETTRE LE FRANCAIS (2)\u00a0\u00bb _builder_version=\u00a0\u00bb4.16&Prime; _module_preset=\u00a0\u00bbdefault\u00a0\u00bb animation_style=\u00a0\u00bbroll\u00a0\u00bb scroll_rotating=\u00a0\u00bb0|50|50|100|180\u00b0|0|0&Prime; global_colors_info=\u00a0\u00bb{}\u00a0\u00bb][\/et_pb_image][\/et_pb_column][et_pb_column type=\u00a0\u00bb2_3&Prime; _builder_version=\u00a0\u00bb4.16&Prime; _module_preset=\u00a0\u00bbdefault\u00a0\u00bb global_colors_info=\u00a0\u00bb{}\u00a0\u00bb][et_pb_image src=\u00a0\u00bbhttps:\/\/louisette-marie-arnaud.org\/institution\/wp-content\/uploads\/2024\/02\/LOGO-COEUR-PROMOUVOIR-FRANCOPHONIE-.jpg\u00a0\u00bb title_text=\u00a0\u00bbLOGO COEUR &#8211; PROMOUVOIR FRANCOPHONIE\u00a0\u00bb align=\u00a0\u00bbcenter\u00a0\u00bb admin_label=\u00a0\u00bbCoeur\u00a0\u00bb _builder_version=\u00a0\u00bb4.20.0&Prime; _module_preset=\u00a0\u00bbdefault\u00a0\u00bb height=\u00a0\u00bb64px\u00a0\u00bb custom_margin=\u00a0\u00bb||||false|false\u00a0\u00bb locked=\u00a0\u00bboff\u00a0\u00bb global_colors_info=\u00a0\u00bb{}\u00a0\u00bb][\/et_pb_image][et_pb_text _builder_version=\u00a0\u00bb4.16&Prime; _module_preset=\u00a0\u00bbdefault\u00a0\u00bb text_font=\u00a0\u00bb||on||||||\u00a0\u00bb text_orientation=\u00a0\u00bbcenter\u00a0\u00bb global_colors_info=\u00a0\u00bb{}\u00a0\u00bb]Ce concours, \u00e0 chaque \u00e9tape, a sembl\u00e9 calqu\u00e9 sur la personnalit\u00e9 de Louisette-Marie Arnaud ; il a \u00e9t\u00e9 joyeux, passionnant, g\u00e9n\u00e9reux dans le partage, propuls\u00e9 par l\u2019avidit\u00e9 d\u2019apprendre et<br \/>\nsurtout, soutenu par la phrase \u00ab tout est possible \u00bb<br \/>\nIl a \u00e9t\u00e9 anim\u00e9 par la recherche, la d\u00e9couverte, la connaissance et la cr\u00e9ativit\u00e9 dans<br \/>\nson ensemble, tiss\u00e9 en filigrane par les mots de notre belle langue fran\u00e7aise,<br \/>\nsi ch\u00e8re \u00e0 nos c\u0153urs et ouverte au monde.<br \/>\n[\/et_pb_text][\/et_pb_column][\/et_pb_row][et_pb_row custom_padding_last_edited=\u00a0\u00bbon|tablet\u00a0\u00bb _builder_version=\u00a0\u00bb4.16&Prime; _module_preset=\u00a0\u00bbdefault\u00a0\u00bb background_image=\u00a0\u00bbhttps:\/\/louisette-marie-arnaud.org\/institution\/wp-content\/uploads\/2021\/11\/INSTITUTION-LOUISETTE-MARIE-ARNAUD.jpg\u00a0\u00bb width=\u00a0\u00bb600px\u00a0\u00bb width_tablet=\u00a0\u00bb600px\u00a0\u00bb width_phone=\u00a0\u00bb90%\u00a0\u00bb width_last_edited=\u00a0\u00bbon|phone\u00a0\u00bb custom_margin=\u00a0\u00bb8%||||false|false\u00a0\u00bb custom_padding=\u00a0\u00bb1%||15%||false|false\u00a0\u00bb custom_padding_tablet=\u00a0\u00bb||28%||false|false\u00a0\u00bb custom_padding_phone=\u00a0\u00bb1%||34%||false|false\u00a0\u00bb scroll_fade_enable=\u00a0\u00bbon\u00a0\u00bb global_colors_info=\u00a0\u00bb{}\u00a0\u00bb][et_pb_column type=\u00a0\u00bb4_4&Prime; _builder_version=\u00a0\u00bb4.16&Prime; _module_preset=\u00a0\u00bbdefault\u00a0\u00bb global_colors_info=\u00a0\u00bb{}\u00a0\u00bb][et_pb_text _builder_version=\u00a0\u00bb4.27.4&Prime; _module_preset=\u00a0\u00bbdefault\u00a0\u00bb header_2_text_align=\u00a0\u00bbcenter\u00a0\u00bb header_2_text_color=\u00a0\u00bb#FFFFFF\u00a0\u00bb header_2_font_size=\u00a0\u00bb20px\u00a0\u00bb header_2_line_height=\u00a0\u00bb1.4em\u00a0\u00bb header_2_font_size_tablet=\u00a0\u00bb21px\u00a0\u00bb header_2_font_size_phone=\u00a0\u00bb16px\u00a0\u00bb header_2_font_size_last_edited=\u00a0\u00bbon|desktop\u00a0\u00bb global_colors_info=\u00a0\u00bb{}\u00a0\u00bb]<\/p>\n<h2><strong>INSTITUTION LOUISETTE-MARIE ARNAUD FRANCE<\/strong><br \/>POUR L\u2019EUROPE ET LES AMERIQUES<\/h2>\n<p>[\/et_pb_text][\/et_pb_column][\/et_pb_row][\/et_pb_section]<\/p>\n","protected":false},"excerpt":{"rendered":"<p>Institution Louisette-Marie Arnaud France, pour la jeunesse Semer des Graines et Agir pour le Futur\u2026INSTITUTION LOUISETTE-MARIE ARNAUD FRANCE PROMEUT LA LANGUE ET LA CULTURE FRAN\u00c7AISE AUSSI AU DIGITALPROMOUVOIR LA LANGUE ET LA CULTURE FRANCAISE ET TRANSMETTRE LE FRANCAIS Notre action institutionnelle L\u2019Institution Louisette Marie Arnaud est une organisation \u00e0 but non lucratif qui oeuvre pour la promotion de la langue fran\u00e7aise, la protection de l\u2019Amazonie, la connaissance et la protection des oiseaux, et l\u2019aide gratuite aport\u00e9e aux enfants atteints du TDAH. C&rsquo;est dans ce cadre qu&rsquo;elle oeuvre \u00e0 fournir aux \u00e9l\u00e8ves des fournitures comme des ordinateurs, ouvrages et autres n\u00e9cessaires scolaires, sans aucune contrepartie demand\u00e9e en retour. Les informations pr\u00e9sent\u00e9es sur le site le sont toujours pour un usage \u00e9quitable.Concours Culturel-Educatif Institution Louisette-Marie Arnaud France<div class=\"et_pb_module dsm_typing_effect dsm_typing_effect_0 et_pb_bg_layout_light \">\n\t\t\t\t\n\t\t\t\t\n\t\t\t\t\n\t\t\t\t\n\t\t\t\t\n\t\t\t\t\n\t\t\t\t<div class=\"et_pb_module_inner\">\n\t\t\t\t\t<h1 class=\"dsm-typing-effect et_pb_module_header\" aria-label=\"2023 - 2024. Troisi\u00e8me Edition au P\u00e9rou.\"> <span class=\"dsm-typing-wrapper\"><span class=\"dsm-typing-strings\">2023 - 2024. Troisi\u00e8me Edition au P\u00e9rou.<\/span><span class=\"dsm-typing\" aria-hidden=\"true\" data-dsm-typing-cursor=\"|\" data-dsm-typing-strings=\"2023 - 2024. Troisi\u00e8me Edition au P\u00e9rou.\" data-dsm-typing-speed=100ms data-dsm-typing-backspeed=50ms data-dsm-typing-backdelay=700ms data-dsm-typing-loop=true data-dsm-typing-fadeout=false data-dsm-typing-shuffle=false data-dsm-typing-delay=0ms data-dsm-typing-viewport=80% data-dsm-typing-repeat=on><\/span><\/span><\/h1>\n\t\t\t\t<\/div>\n\t\t\t<\/div>Sous le th\u00e8me : Les pinceaux fran\u00e7ais de l&rsquo;impressionnisme et son \u00e9cho enchant\u00e9 dans le monde Avec nos plus vifs remerciements aux Membres du Jury qui ont participe\u0301 a\u0300 l\u2019analyse et a\u0300 l\u2019e\u0301lection du Laure\u0301at GERAUD DE GALARD TERRAUBE Dipl\u00f4m\u00e9 en Sciences Politiques Intellectuel et Ecrivain Il pleut toujours sous les jacarandas \u00a0Retour sur une enfance Ces Terres jaunes Gers \u2013 [&hellip;]<\/p>\n","protected":false},"author":2,"featured_media":0,"parent":0,"menu_order":0,"comment_status":"closed","ping_status":"closed","template":"","meta":{"_seopress_robots_primary_cat":"","_seopress_titles_title":"","_seopress_titles_desc":"","_seopress_robots_index":"","_et_pb_use_builder":"on","_et_pb_old_content":"","_et_gb_content_width":"","om_disable_all_campaigns":false,"_monsterinsights_skip_tracking":false,"_monsterinsights_sitenote_active":false,"_monsterinsights_sitenote_note":"","_monsterinsights_sitenote_category":0,"footnotes":""},"class_list":["post-8501","page","type-page","status-publish","hentry"],"aioseo_notices":[],"yoast_head":"<!-- This site is optimized with the Yoast SEO plugin v27.5 - https:\/\/yoast.com\/product\/yoast-seo-wordpress\/ -->\n<title>ACTION PROMOUVOIR - Laur\u00e9ats 2023 - 2024 - Institution Louisette-Marie Arnaud pour la jeunesse<\/title>\n<meta name=\"robots\" content=\"index, follow, max-snippet:-1, max-image-preview:large, max-video-preview:-1\" \/>\n<link rel=\"canonical\" href=\"https:\/\/louisette-marie-arnaud.org\/institution\/action-promouvoir-laureats-2023-2024\" \/>\n<meta property=\"og:locale\" content=\"fr_FR\" \/>\n<meta property=\"og:type\" content=\"article\" \/>\n<meta property=\"og:title\" content=\"ACTION PROMOUVOIR - Laur\u00e9ats 2023 - 2024 - Institution Louisette-Marie Arnaud pour la jeunesse\" \/>\n<meta property=\"og:description\" content=\"Institution Louisette-Marie Arnaud France, pour la jeunesse Semer des Graines et Agir pour le Futur\u2026INSTITUTION LOUISETTE-MARIE ARNAUD FRANCE PROMEUT LA LANGUE ET LA CULTURE FRAN\u00c7AISE AUSSI AU DIGITALPROMOUVOIR LA LANGUE ET LA CULTURE FRANCAISE ET TRANSMETTRE LE FRANCAIS Notre action institutionnelle L\u2019Institution Louisette Marie Arnaud est une organisation \u00e0 but non lucratif qui oeuvre pour la promotion de la langue fran\u00e7aise, la protection de l\u2019Amazonie, la connaissance et la protection des oiseaux, et l\u2019aide gratuite aport\u00e9e aux enfants atteints du TDAH. C&#039;est dans ce cadre qu&#039;elle oeuvre \u00e0 fournir aux \u00e9l\u00e8ves des fournitures comme des ordinateurs, ouvrages et autres n\u00e9cessaires scolaires, sans aucune contrepartie demand\u00e9e en retour. Les informations pr\u00e9sent\u00e9es sur le site le sont toujours pour un usage \u00e9quitable.Concours Culturel-Educatif Institution Louisette-Marie Arnaud FranceSous le th\u00e8me : Les pinceaux fran\u00e7ais de l&#039;impressionnisme et son \u00e9cho enchant\u00e9 dans le monde Avec nos plus vifs remerciements aux Membres du Jury qui ont participe\u0301 a\u0300 l\u2019analyse et a\u0300 l\u2019e\u0301lection du Laure\u0301at GERAUD DE GALARD TERRAUBE Dipl\u00f4m\u00e9 en Sciences Politiques Intellectuel et Ecrivain Il pleut toujours sous les jacarandas \u00a0Retour sur une enfance Ces Terres jaunes Gers \u2013 [&hellip;]\" \/>\n<meta property=\"og:url\" content=\"https:\/\/louisette-marie-arnaud.org\/institution\/action-promouvoir-laureats-2023-2024\" \/>\n<meta property=\"og:site_name\" content=\"Institution Louisette-Marie Arnaud pour la jeunesse\" \/>\n<meta property=\"article:publisher\" content=\"https:\/\/www.facebook.com\/InstitutionLouisetteMarieArnaud\" \/>\n<meta property=\"article:modified_time\" content=\"2025-10-03T14:46:35+00:00\" \/>\n<meta name=\"twitter:card\" content=\"summary_large_image\" \/>\n<meta name=\"twitter:label1\" content=\"Dur\u00e9e de lecture estim\u00e9e\" \/>\n\t<meta name=\"twitter:data1\" content=\"11 minutes\" \/>\n<script type=\"application\/ld+json\" class=\"yoast-schema-graph\">{\"@context\":\"https:\\\/\\\/schema.org\",\"@graph\":[{\"@type\":\"WebPage\",\"@id\":\"https:\\\/\\\/louisette-marie-arnaud.org\\\/institution\\\/action-promouvoir-laureats-2023-2024\",\"url\":\"https:\\\/\\\/louisette-marie-arnaud.org\\\/institution\\\/action-promouvoir-laureats-2023-2024\",\"name\":\"ACTION PROMOUVOIR - Laur\u00e9ats 2023 - 2024 - Institution Louisette-Marie Arnaud pour la jeunesse\",\"isPartOf\":{\"@id\":\"https:\\\/\\\/louisette-marie-arnaud.org\\\/institution\\\/#website\"},\"datePublished\":\"2024-02-07T14:00:59+00:00\",\"dateModified\":\"2025-10-03T14:46:35+00:00\",\"breadcrumb\":{\"@id\":\"https:\\\/\\\/louisette-marie-arnaud.org\\\/institution\\\/action-promouvoir-laureats-2023-2024#breadcrumb\"},\"inLanguage\":\"fr-FR\",\"potentialAction\":[{\"@type\":\"ReadAction\",\"target\":[\"https:\\\/\\\/louisette-marie-arnaud.org\\\/institution\\\/action-promouvoir-laureats-2023-2024\"]}]},{\"@type\":\"BreadcrumbList\",\"@id\":\"https:\\\/\\\/louisette-marie-arnaud.org\\\/institution\\\/action-promouvoir-laureats-2023-2024#breadcrumb\",\"itemListElement\":[{\"@type\":\"ListItem\",\"position\":1,\"name\":\"Accueil\",\"item\":\"https:\\\/\\\/louisette-marie-arnaud.org\\\/institution\\\/\"},{\"@type\":\"ListItem\",\"position\":2,\"name\":\"ACTION PROMOUVOIR &#8211; Laur\u00e9ats 2023 &#8211; 2024\"}]},{\"@type\":\"WebSite\",\"@id\":\"https:\\\/\\\/louisette-marie-arnaud.org\\\/institution\\\/#website\",\"url\":\"https:\\\/\\\/louisette-marie-arnaud.org\\\/institution\\\/\",\"name\":\"Institution Louisette-Marie Arnaud pour la jeunesse\",\"description\":\"PROMOUVOIR PROTEGER SOIGNER\",\"publisher\":{\"@id\":\"https:\\\/\\\/louisette-marie-arnaud.org\\\/institution\\\/#organization\"},\"potentialAction\":[{\"@type\":\"SearchAction\",\"target\":{\"@type\":\"EntryPoint\",\"urlTemplate\":\"https:\\\/\\\/louisette-marie-arnaud.org\\\/institution\\\/?s={search_term_string}\"},\"query-input\":{\"@type\":\"PropertyValueSpecification\",\"valueRequired\":true,\"valueName\":\"search_term_string\"}}],\"inLanguage\":\"fr-FR\"},{\"@type\":\"Organization\",\"@id\":\"https:\\\/\\\/louisette-marie-arnaud.org\\\/institution\\\/#organization\",\"name\":\"Institution Louisette-Marie Arnaud pour la jeunesse\",\"url\":\"https:\\\/\\\/louisette-marie-arnaud.org\\\/institution\\\/\",\"logo\":{\"@type\":\"ImageObject\",\"inLanguage\":\"fr-FR\",\"@id\":\"https:\\\/\\\/louisette-marie-arnaud.org\\\/institution\\\/#\\\/schema\\\/logo\\\/image\\\/\",\"url\":\"https:\\\/\\\/louisette-marie-arnaud.org\\\/institution\\\/wp-content\\\/uploads\\\/2021\\\/08\\\/cropped-Capture-LOGO-DANIELLI-PAGE-DACCUEIL-Copie.jpg\",\"contentUrl\":\"https:\\\/\\\/louisette-marie-arnaud.org\\\/institution\\\/wp-content\\\/uploads\\\/2021\\\/08\\\/cropped-Capture-LOGO-DANIELLI-PAGE-DACCUEIL-Copie.jpg\",\"width\":139,\"height\":134,\"caption\":\"Institution Louisette-Marie Arnaud pour la jeunesse\"},\"image\":{\"@id\":\"https:\\\/\\\/louisette-marie-arnaud.org\\\/institution\\\/#\\\/schema\\\/logo\\\/image\\\/\"},\"sameAs\":[\"https:\\\/\\\/www.facebook.com\\\/InstitutionLouisetteMarieArnaud\"]}]}<\/script>\n<!-- \/ Yoast SEO plugin. -->","yoast_head_json":{"title":"ACTION PROMOUVOIR - Laur\u00e9ats 2023 - 2024 - Institution Louisette-Marie Arnaud pour la jeunesse","robots":{"index":"index","follow":"follow","max-snippet":"max-snippet:-1","max-image-preview":"max-image-preview:large","max-video-preview":"max-video-preview:-1"},"canonical":"https:\/\/louisette-marie-arnaud.org\/institution\/action-promouvoir-laureats-2023-2024","og_locale":"fr_FR","og_type":"article","og_title":"ACTION PROMOUVOIR - Laur\u00e9ats 2023 - 2024 - Institution Louisette-Marie Arnaud pour la jeunesse","og_description":"Institution Louisette-Marie Arnaud France, pour la jeunesse Semer des Graines et Agir pour le Futur\u2026INSTITUTION LOUISETTE-MARIE ARNAUD FRANCE PROMEUT LA LANGUE ET LA CULTURE FRAN\u00c7AISE AUSSI AU DIGITALPROMOUVOIR LA LANGUE ET LA CULTURE FRANCAISE ET TRANSMETTRE LE FRANCAIS Notre action institutionnelle L\u2019Institution Louisette Marie Arnaud est une organisation \u00e0 but non lucratif qui oeuvre pour la promotion de la langue fran\u00e7aise, la protection de l\u2019Amazonie, la connaissance et la protection des oiseaux, et l\u2019aide gratuite aport\u00e9e aux enfants atteints du TDAH. C'est dans ce cadre qu'elle oeuvre \u00e0 fournir aux \u00e9l\u00e8ves des fournitures comme des ordinateurs, ouvrages et autres n\u00e9cessaires scolaires, sans aucune contrepartie demand\u00e9e en retour. Les informations pr\u00e9sent\u00e9es sur le site le sont toujours pour un usage \u00e9quitable.Concours Culturel-Educatif Institution Louisette-Marie Arnaud FranceSous le th\u00e8me : Les pinceaux fran\u00e7ais de l'impressionnisme et son \u00e9cho enchant\u00e9 dans le monde Avec nos plus vifs remerciements aux Membres du Jury qui ont participe\u0301 a\u0300 l\u2019analyse et a\u0300 l\u2019e\u0301lection du Laure\u0301at GERAUD DE GALARD TERRAUBE Dipl\u00f4m\u00e9 en Sciences Politiques Intellectuel et Ecrivain Il pleut toujours sous les jacarandas \u00a0Retour sur une enfance Ces Terres jaunes Gers \u2013 [&hellip;]","og_url":"https:\/\/louisette-marie-arnaud.org\/institution\/action-promouvoir-laureats-2023-2024","og_site_name":"Institution Louisette-Marie Arnaud pour la jeunesse","article_publisher":"https:\/\/www.facebook.com\/InstitutionLouisetteMarieArnaud","article_modified_time":"2025-10-03T14:46:35+00:00","twitter_card":"summary_large_image","twitter_misc":{"Dur\u00e9e de lecture estim\u00e9e":"11 minutes"},"schema":{"@context":"https:\/\/schema.org","@graph":[{"@type":"WebPage","@id":"https:\/\/louisette-marie-arnaud.org\/institution\/action-promouvoir-laureats-2023-2024","url":"https:\/\/louisette-marie-arnaud.org\/institution\/action-promouvoir-laureats-2023-2024","name":"ACTION PROMOUVOIR - Laur\u00e9ats 2023 - 2024 - Institution Louisette-Marie Arnaud pour la jeunesse","isPartOf":{"@id":"https:\/\/louisette-marie-arnaud.org\/institution\/#website"},"datePublished":"2024-02-07T14:00:59+00:00","dateModified":"2025-10-03T14:46:35+00:00","breadcrumb":{"@id":"https:\/\/louisette-marie-arnaud.org\/institution\/action-promouvoir-laureats-2023-2024#breadcrumb"},"inLanguage":"fr-FR","potentialAction":[{"@type":"ReadAction","target":["https:\/\/louisette-marie-arnaud.org\/institution\/action-promouvoir-laureats-2023-2024"]}]},{"@type":"BreadcrumbList","@id":"https:\/\/louisette-marie-arnaud.org\/institution\/action-promouvoir-laureats-2023-2024#breadcrumb","itemListElement":[{"@type":"ListItem","position":1,"name":"Accueil","item":"https:\/\/louisette-marie-arnaud.org\/institution\/"},{"@type":"ListItem","position":2,"name":"ACTION PROMOUVOIR &#8211; Laur\u00e9ats 2023 &#8211; 2024"}]},{"@type":"WebSite","@id":"https:\/\/louisette-marie-arnaud.org\/institution\/#website","url":"https:\/\/louisette-marie-arnaud.org\/institution\/","name":"Institution Louisette-Marie Arnaud pour la jeunesse","description":"PROMOUVOIR PROTEGER SOIGNER","publisher":{"@id":"https:\/\/louisette-marie-arnaud.org\/institution\/#organization"},"potentialAction":[{"@type":"SearchAction","target":{"@type":"EntryPoint","urlTemplate":"https:\/\/louisette-marie-arnaud.org\/institution\/?s={search_term_string}"},"query-input":{"@type":"PropertyValueSpecification","valueRequired":true,"valueName":"search_term_string"}}],"inLanguage":"fr-FR"},{"@type":"Organization","@id":"https:\/\/louisette-marie-arnaud.org\/institution\/#organization","name":"Institution Louisette-Marie Arnaud pour la jeunesse","url":"https:\/\/louisette-marie-arnaud.org\/institution\/","logo":{"@type":"ImageObject","inLanguage":"fr-FR","@id":"https:\/\/louisette-marie-arnaud.org\/institution\/#\/schema\/logo\/image\/","url":"https:\/\/louisette-marie-arnaud.org\/institution\/wp-content\/uploads\/2021\/08\/cropped-Capture-LOGO-DANIELLI-PAGE-DACCUEIL-Copie.jpg","contentUrl":"https:\/\/louisette-marie-arnaud.org\/institution\/wp-content\/uploads\/2021\/08\/cropped-Capture-LOGO-DANIELLI-PAGE-DACCUEIL-Copie.jpg","width":139,"height":134,"caption":"Institution Louisette-Marie Arnaud pour la jeunesse"},"image":{"@id":"https:\/\/louisette-marie-arnaud.org\/institution\/#\/schema\/logo\/image\/"},"sameAs":["https:\/\/www.facebook.com\/InstitutionLouisetteMarieArnaud"]}]}},"jetpack_sharing_enabled":true,"_links":{"self":[{"href":"https:\/\/louisette-marie-arnaud.org\/institution\/wp-json\/wp\/v2\/pages\/8501","targetHints":{"allow":["GET"]}}],"collection":[{"href":"https:\/\/louisette-marie-arnaud.org\/institution\/wp-json\/wp\/v2\/pages"}],"about":[{"href":"https:\/\/louisette-marie-arnaud.org\/institution\/wp-json\/wp\/v2\/types\/page"}],"author":[{"embeddable":true,"href":"https:\/\/louisette-marie-arnaud.org\/institution\/wp-json\/wp\/v2\/users\/2"}],"replies":[{"embeddable":true,"href":"https:\/\/louisette-marie-arnaud.org\/institution\/wp-json\/wp\/v2\/comments?post=8501"}],"version-history":[{"count":166,"href":"https:\/\/louisette-marie-arnaud.org\/institution\/wp-json\/wp\/v2\/pages\/8501\/revisions"}],"predecessor-version":[{"id":11360,"href":"https:\/\/louisette-marie-arnaud.org\/institution\/wp-json\/wp\/v2\/pages\/8501\/revisions\/11360"}],"wp:attachment":[{"href":"https:\/\/louisette-marie-arnaud.org\/institution\/wp-json\/wp\/v2\/media?parent=8501"}],"curies":[{"name":"wp","href":"https:\/\/api.w.org\/{rel}","templated":true}]}}