{"id":91,"date":"2021-08-05T00:02:18","date_gmt":"2021-08-04T22:02:18","guid":{"rendered":"https:\/\/louisette-marie-arnaud.org\/institution\/?page_id=91"},"modified":"2025-05-14T14:52:04","modified_gmt":"2025-05-14T12:52:04","slug":"madame-louisette-marie-arnaud","status":"publish","type":"page","link":"https:\/\/louisette-marie-arnaud.org\/institution\/madame-louisette-marie-arnaud","title":{"rendered":"LOUISETTE-MARIE-ARNAUD"},"content":{"rendered":"<p>[et_pb_section fb_built=\u00a0\u00bb1&Prime; fullwidth=\u00a0\u00bbon\u00a0\u00bb admin_label=\u00a0\u00bbMain Slider Global Section\u00a0\u00bb _builder_version=\u00a0\u00bb4.11.1&Prime; _module_preset=\u00a0\u00bbdefault\u00a0\u00bb custom_margin=\u00a0\u00bb||||false|false\u00a0\u00bb custom_padding=\u00a0\u00bb||0px||false|false\u00a0\u00bb da_disable_devices=\u00a0\u00bboff|off|off\u00a0\u00bb global_module=\u00a0\u00bb1123&Prime; saved_tabs=\u00a0\u00bball\u00a0\u00bb global_colors_info=\u00a0\u00bb{}\u00a0\u00bb da_is_popup=\u00a0\u00bboff\u00a0\u00bb da_exit_intent=\u00a0\u00bboff\u00a0\u00bb da_has_close=\u00a0\u00bbon\u00a0\u00bb da_alt_close=\u00a0\u00bboff\u00a0\u00bb da_dark_close=\u00a0\u00bboff\u00a0\u00bb da_not_modal=\u00a0\u00bbon\u00a0\u00bb da_is_singular=\u00a0\u00bboff\u00a0\u00bb da_with_loader=\u00a0\u00bboff\u00a0\u00bb da_has_shadow=\u00a0\u00bbon\u00a0\u00bb][et_pb_fullwidth_code _builder_version=\u00a0\u00bb4.16&Prime; _module_preset=\u00a0\u00bbdefault\u00a0\u00bb global_colors_info=\u00a0\u00bb{}\u00a0\u00bb]<script type=\"text\/javascript\">jQuery(function() { _initLayerSlider( '#layerslider_1_14hkex17i37wx', {createdWith: '6.11.8', sliderVersion: '6.11.8', allowFullscreen: true, pauseOnHover: 'enabled', skin: 'v6', sliderFadeInDuration: 350, useSrcset: true, skinsPath: 'https:\/\/louisette-marie-arnaud.org\/institution\/wp-content\/plugins\/LayerSlider\/assets\/static\/layerslider\/skins\/', performanceMode: true}); });<\/script><div id=\"layerslider_1_14hkex17i37wx\"  class=\"ls-wp-container fitvidsignore ls-selectable\" style=\"width:1280px;height:300px;margin:0 auto;margin-bottom: 0px;\"><div class=\"ls-slide\" data-ls=\"duration:4000;transition2d:2;\"><img loading=\"lazy\" decoding=\"async\" width=\"1800\" height=\"800\" src=\"https:\/\/louisette-marie-arnaud.org\/institution\/wp-content\/uploads\/2021\/09\/1.jpg\" class=\"ls-bg\" alt=\"\" srcset=\"https:\/\/louisette-marie-arnaud.org\/institution\/wp-content\/uploads\/2021\/09\/1.jpg 1800w, https:\/\/louisette-marie-arnaud.org\/institution\/wp-content\/uploads\/2021\/09\/1-1280x569.jpg 1280w, https:\/\/louisette-marie-arnaud.org\/institution\/wp-content\/uploads\/2021\/09\/1-980x436.jpg 980w, https:\/\/louisette-marie-arnaud.org\/institution\/wp-content\/uploads\/2021\/09\/1-480x213.jpg 480w\" sizes=\"(min-width: 0px) and (max-width: 480px) 480px, (min-width: 481px) and (max-width: 980px) 980px, (min-width: 981px) and (max-width: 1280px) 1280px, (min-width: 1281px) 1800px, 100vw\" \/><a href=\"https:\/\/louisette-marie-arnaud.org\/institution\/promouvoir\" target=\"_self\" class=\"ls-link ls-link-on-top\"><\/a><\/div><div class=\"ls-slide\" data-ls=\"duration:4000;transition2d:2;\"><img loading=\"lazy\" decoding=\"async\" width=\"1800\" height=\"801\" src=\"https:\/\/louisette-marie-arnaud.org\/institution\/wp-content\/uploads\/2021\/09\/2.jpg\" class=\"ls-bg\" alt=\"\" srcset=\"https:\/\/louisette-marie-arnaud.org\/institution\/wp-content\/uploads\/2021\/09\/2.jpg 1800w, https:\/\/louisette-marie-arnaud.org\/institution\/wp-content\/uploads\/2021\/09\/2-1280x570.jpg 1280w, https:\/\/louisette-marie-arnaud.org\/institution\/wp-content\/uploads\/2021\/09\/2-980x436.jpg 980w, https:\/\/louisette-marie-arnaud.org\/institution\/wp-content\/uploads\/2021\/09\/2-480x214.jpg 480w\" sizes=\"(min-width: 0px) and (max-width: 480px) 480px, (min-width: 481px) and (max-width: 980px) 980px, (min-width: 981px) and (max-width: 1280px) 1280px, (min-width: 1281px) 1800px, 100vw\" \/><a href=\"https:\/\/louisette-marie-arnaud.org\/institution\/proteger\" target=\"_self\" class=\"ls-link ls-link-on-top\"><\/a><\/div><div class=\"ls-slide\" data-ls=\"duration:4000;transition2d:2;\"><img loading=\"lazy\" decoding=\"async\" width=\"1800\" height=\"800\" src=\"https:\/\/louisette-marie-arnaud.org\/institution\/wp-content\/uploads\/2021\/09\/3.jpg\" class=\"ls-bg\" alt=\"\" srcset=\"https:\/\/louisette-marie-arnaud.org\/institution\/wp-content\/uploads\/2021\/09\/3.jpg 1800w, https:\/\/louisette-marie-arnaud.org\/institution\/wp-content\/uploads\/2021\/09\/3-1280x569.jpg 1280w, https:\/\/louisette-marie-arnaud.org\/institution\/wp-content\/uploads\/2021\/09\/3-980x436.jpg 980w, https:\/\/louisette-marie-arnaud.org\/institution\/wp-content\/uploads\/2021\/09\/3-480x213.jpg 480w\" sizes=\"(min-width: 0px) and (max-width: 480px) 480px, (min-width: 481px) and (max-width: 980px) 980px, (min-width: 981px) and (max-width: 1280px) 1280px, (min-width: 1281px) 1800px, 100vw\" \/><a href=\"https:\/\/louisette-marie-arnaud.org\/institution\/soigner\" target=\"_self\" class=\"ls-link ls-link-on-top\"><\/a><\/div><\/div>[\/et_pb_fullwidth_code][\/et_pb_section][et_pb_section fb_built=\u00a0\u00bb1&Prime; _builder_version=\u00a0\u00bb4.16&Prime; _module_preset=\u00a0\u00bbdefault\u00a0\u00bb da_disable_devices=\u00a0\u00bboff|off|off\u00a0\u00bb global_colors_info=\u00a0\u00bb{}\u00a0\u00bb da_is_popup=\u00a0\u00bboff\u00a0\u00bb da_exit_intent=\u00a0\u00bboff\u00a0\u00bb da_has_close=\u00a0\u00bbon\u00a0\u00bb da_alt_close=\u00a0\u00bboff\u00a0\u00bb da_dark_close=\u00a0\u00bboff\u00a0\u00bb da_not_modal=\u00a0\u00bbon\u00a0\u00bb da_is_singular=\u00a0\u00bboff\u00a0\u00bb da_with_loader=\u00a0\u00bboff\u00a0\u00bb da_has_shadow=\u00a0\u00bbon\u00a0\u00bb][et_pb_row _builder_version=\u00a0\u00bb4.16&Prime; _module_preset=\u00a0\u00bbdefault\u00a0\u00bb custom_padding=\u00a0\u00bb56px|||||\u00a0\u00bb global_colors_info=\u00a0\u00bb{}\u00a0\u00bb][et_pb_column type=\u00a0\u00bb4_4&Prime; _builder_version=\u00a0\u00bb4.16&Prime; _module_preset=\u00a0\u00bbdefault\u00a0\u00bb global_colors_info=\u00a0\u00bb{}\u00a0\u00bb][et_pb_text _builder_version=\u00a0\u00bb4.16&Prime; _module_preset=\u00a0\u00bbdefault\u00a0\u00bb header_font=\u00a0\u00bb|600|||||||\u00a0\u00bb header_text_align=\u00a0\u00bbcenter\u00a0\u00bb min_height=\u00a0\u00bb24px\u00a0\u00bb global_colors_info=\u00a0\u00bb{}\u00a0\u00bb]<\/p>\n<h1><strong>Madame LOUISETTE-MARIE ARNAUD<\/strong><\/h1>\n<p>[\/et_pb_text][\/et_pb_column][\/et_pb_row][\/et_pb_section][et_pb_section fb_built=\u00a0\u00bb1&Prime; make_equal=\u00a0\u00bbon\u00a0\u00bb use_custom_gutter=\u00a0\u00bbon\u00a0\u00bb gutter_width=\u00a0\u00bb1&Prime; specialty=\u00a0\u00bbon\u00a0\u00bb bg_img_1=\u00a0\u00bbhttps:\/\/louisette-marie-arnaud.org\/institution\/wp-content\/uploads\/2021\/08\/Loisette.jpg\u00a0\u00bb _builder_version=\u00a0\u00bb4.16&Prime; _module_preset=\u00a0\u00bbdefault\u00a0\u00bb da_disable_devices=\u00a0\u00bboff|off|off\u00a0\u00bb global_colors_info=\u00a0\u00bb{}\u00a0\u00bb da_is_popup=\u00a0\u00bboff\u00a0\u00bb da_exit_intent=\u00a0\u00bboff\u00a0\u00bb da_has_close=\u00a0\u00bbon\u00a0\u00bb da_alt_close=\u00a0\u00bboff\u00a0\u00bb da_dark_close=\u00a0\u00bboff\u00a0\u00bb da_not_modal=\u00a0\u00bbon\u00a0\u00bb da_is_singular=\u00a0\u00bboff\u00a0\u00bb da_with_loader=\u00a0\u00bboff\u00a0\u00bb da_has_shadow=\u00a0\u00bbon\u00a0\u00bb][et_pb_column type=\u00a0\u00bb1_2&Prime; _builder_version=\u00a0\u00bb4.16&Prime; custom_padding=\u00a0\u00bb|||\u00a0\u00bb global_colors_info=\u00a0\u00bb{}\u00a0\u00bb custom_padding__hover=\u00a0\u00bb|||\u00a0\u00bb][et_pb_divider color=\u00a0\u00bbRGBA(0,0,0,0)\u00a0\u00bb _builder_version=\u00a0\u00bb4.16&Prime; _module_preset=\u00a0\u00bbdefault\u00a0\u00bb height=\u00a0\u00bb400px\u00a0\u00bb global_colors_info=\u00a0\u00bb{}\u00a0\u00bb][\/et_pb_divider][\/et_pb_column][et_pb_column type=\u00a0\u00bb1_2&Prime; specialty_columns=\u00a0\u00bb2&Prime; _builder_version=\u00a0\u00bb4.16&Prime; custom_padding=\u00a0\u00bb|||\u00a0\u00bb global_colors_info=\u00a0\u00bb{}\u00a0\u00bb custom_padding__hover=\u00a0\u00bb|||\u00a0\u00bb][et_pb_row_inner _builder_version=\u00a0\u00bb4.20.0&Prime; _module_preset=\u00a0\u00bbdefault\u00a0\u00bb custom_margin=\u00a0\u00bb||||false|false\u00a0\u00bb custom_padding=\u00a0\u00bb0px||0px||true|false\u00a0\u00bb global_colors_info=\u00a0\u00bb{}\u00a0\u00bb][et_pb_column_inner saved_specialty_column_type=\u00a0\u00bb1_2&Prime; _builder_version=\u00a0\u00bb4.16&Prime; _module_preset=\u00a0\u00bbdefault\u00a0\u00bb global_colors_info=\u00a0\u00bb{}\u00a0\u00bb][et_pb_image src=\u00a0\u00bbhttps:\/\/louisette-marie-arnaud.org\/institution\/wp-content\/uploads\/2023\/02\/Louisette-Marie-Arnaud-et-Mario-Vargas-Llosa-Academicien.jpg\u00a0\u00bb title_text=\u00a0\u00bbLouisette-Marie Arnaud et Mario Vargas Llosa acad\u00e9micien \u00a0\u00bb align=\u00a0\u00bbcenter\u00a0\u00bb force_fullwidth=\u00a0\u00bbon\u00a0\u00bb _builder_version=\u00a0\u00bb4.20.0&Prime; _module_preset=\u00a0\u00bbdefault\u00a0\u00bb custom_margin=\u00a0\u00bb|4px|-1px|||\u00a0\u00bb custom_padding=\u00a0\u00bb|0px||||\u00a0\u00bb global_colors_info=\u00a0\u00bb{}\u00a0\u00bb][\/et_pb_image][et_pb_text _builder_version=\u00a0\u00bb4.20.0&Prime; _module_preset=\u00a0\u00bbdefault\u00a0\u00bb text_font=\u00a0\u00bbOpen Sans||||||||\u00a0\u00bb text_font_size=\u00a0\u00bb12px\u00a0\u00bb header_font=\u00a0\u00bbOpen Sans||||||||\u00a0\u00bb header_font_size=\u00a0\u00bb13px\u00a0\u00bb header_2_font=\u00a0\u00bbOpen Sans|700|||||||\u00a0\u00bb header_2_font_size=\u00a0\u00bb14px\u00a0\u00bb header_2_line_height=\u00a0\u00bb0.5em\u00a0\u00bb header_3_font=\u00a0\u00bbOpen Sans|700|||||||\u00a0\u00bb header_3_font_size=\u00a0\u00bb12px\u00a0\u00bb header_3_line_height=\u00a0\u00bb0.5em\u00a0\u00bb text_orientation=\u00a0\u00bbcenter\u00a0\u00bb custom_margin=\u00a0\u00bb1px|||||\u00a0\u00bb custom_padding=\u00a0\u00bb7px|17px|7px|17px|true|true\u00a0\u00bb border_width_all=\u00a0\u00bb3px\u00a0\u00bb border_color_all=\u00a0\u00bb#8faadc\u00a0\u00bb global_colors_info=\u00a0\u00bb{}\u00a0\u00bb]<\/p>\n<h2><\/h2>\n<h2>Un moment merveilleux en janvier 2014<\/h2>\n<h2>o\u00f9 deux sensibilit\u00e9s proches l\u2019une de l\u2019autre se rencontrent<\/h2>\n<h2 style=\"line-height: 16px;\"><\/h2>\n<h2>Louisette-Marie Arnaud et Mario Vargas Llosa<\/h2>\n<h3>Prix Nobel de la Litt\u00e9rature en 2010 et membre de l&rsquo;Acad\u00e9mie fran\u00e7aise en 2023<\/h3>\n<h2 style=\"font-size: 4px; line-height: 8px;\"><span style=\"color: #ffffff;\">A<\/span><\/h2>\n<p style=\"text-align: justify; font-size: 12px;\">Mario Vargas Llosa est un \u00e9crivain p\u00e9ruvien-espagnol ayant re\u00e7u d&rsquo;innombrables prix et distinctions tout au long de sa carri\u00e8re, dont les plus hautes r\u00e9compenses dans le domaine de la litt\u00e9rature hispanique : le R\u00f3mulo Gallegos 1967 et le prix Cervantes en 1994. Il a \u00e9t\u00e9 nomm\u00e9 membre de l&rsquo;Acad\u00e9mie royale espagnole mais aussi docteur <em>honoris causa<\/em> dans de nombreuses universit\u00e9s. En 2010 il a obtenu le \u00abPrix Nobel de Litt\u00e9rature\u00bb des mains de Charles XVI Gustave roi de Su\u00e8de. Son \u0153uvre a \u00e9t\u00e9 traduite dans plus de 30 langues. Il est devenu membre de l&rsquo;acad\u00e9mie fran\u00e7aise et surnomme \u00abImmortel\u00bb le 9 f\u00e9vrier 2023 pour contribuer au perfectionnement et au rayonnement des lettres en France.<\/p>\n<p>[\/et_pb_text][\/et_pb_column_inner][\/et_pb_row_inner][\/et_pb_column][\/et_pb_section][et_pb_section fb_built=\u00a0\u00bb1&Prime; _builder_version=\u00a0\u00bb4.16&Prime; _module_preset=\u00a0\u00bbdefault\u00a0\u00bb da_disable_devices=\u00a0\u00bboff|off|off\u00a0\u00bb global_colors_info=\u00a0\u00bb{}\u00a0\u00bb da_is_popup=\u00a0\u00bboff\u00a0\u00bb da_exit_intent=\u00a0\u00bboff\u00a0\u00bb da_has_close=\u00a0\u00bbon\u00a0\u00bb da_alt_close=\u00a0\u00bboff\u00a0\u00bb da_dark_close=\u00a0\u00bboff\u00a0\u00bb da_not_modal=\u00a0\u00bbon\u00a0\u00bb da_is_singular=\u00a0\u00bboff\u00a0\u00bb da_with_loader=\u00a0\u00bboff\u00a0\u00bb da_has_shadow=\u00a0\u00bbon\u00a0\u00bb][et_pb_row _builder_version=\u00a0\u00bb4.16&Prime; _module_preset=\u00a0\u00bbdefault\u00a0\u00bb global_colors_info=\u00a0\u00bb{}\u00a0\u00bb][et_pb_column type=\u00a0\u00bb4_4&Prime; _builder_version=\u00a0\u00bb4.16&Prime; _module_preset=\u00a0\u00bbdefault\u00a0\u00bb global_colors_info=\u00a0\u00bb{}\u00a0\u00bb][et_pb_text module_class=\u00a0\u00bblucida\u00a0\u00bb _builder_version=\u00a0\u00bb4.17.3&Prime; _module_preset=\u00a0\u00bbdefault\u00a0\u00bb text_font_size=\u00a0\u00bb15px\u00a0\u00bb text_orientation=\u00a0\u00bbjustified\u00a0\u00bb custom_padding=\u00a0\u00bb10px|10px|10px|10px|true|true\u00a0\u00bb border_width_all=\u00a0\u00bb3px\u00a0\u00bb border_color_all=\u00a0\u00bb#8faadc\u00a0\u00bb global_colors_info=\u00a0\u00bb{}\u00a0\u00bb]<\/p>\n<p>&nbsp;<\/p>\n<p>A toi Ma Ch\u00e8re et attachante Amie, je tiens \u00e0 rendre un hommage public pour le mod\u00e8le que tu repr\u00e9sentes pour tous.<\/p>\n<p>Ton amour des autres, ton intelligence, ton aire espi\u00e8gle, ta joie de vivre, ton courage et ta t\u00e9nacit\u00e9, t\u2019ont conduite \u00e0 accompagner, avec cette bienveillance dont tu avais le secret, ceux d\u2019entre nous qui souffraient de tant des maux divers, jusque dans les contr\u00e9es les plus \u00e9loign\u00e9es de France.<\/p>\n<p>Je t\u2019ai rencontr\u00e9 dans cet id\u00e9al, o\u00f9 nos valeurs et nos convictions se sont harmonis\u00e9es dans la joie de nos actions et nous avons pu mener \u00e0 bien un grand nombre de projets o\u00f9 ton rayonnement a \u00e9t\u00e9 un garant de leur succ\u00e8s.<\/p>\n<p>Merci pour cet inappr\u00e9ciable partage et pour tout ce que tu m\u2019as personnellement apport\u00e9 ! Merci au nom de tous ceux qui t\u2019ont connue pour l\u2019\u0153uvre entreprise, qu\u2019avec ta pr\u00e9sence et ta force, toujours dans nos c\u0153urs, ta famille d\u2019adoption, tes \u00e9l\u00e8ves et tes amis p\u00e9ruviens, tes amis de France et d\u2019ailleurs et moi- &#8211; m\u00eame, allons poursuivre en ton nom\u2026<\/p>\n<p>&nbsp;<\/p>\n<p>[\/et_pb_text][\/et_pb_column][\/et_pb_row][et_pb_row _builder_version=\u00a0\u00bb4.16&Prime; _module_preset=\u00a0\u00bbdefault\u00a0\u00bb global_colors_info=\u00a0\u00bb{}\u00a0\u00bb][et_pb_column type=\u00a0\u00bb4_4&Prime; _builder_version=\u00a0\u00bb4.16&Prime; _module_preset=\u00a0\u00bbdefault\u00a0\u00bb global_colors_info=\u00a0\u00bb{}\u00a0\u00bb][et_pb_text module_class=\u00a0\u00bblucida\u00a0\u00bb _builder_version=\u00a0\u00bb4.16&Prime; _module_preset=\u00a0\u00bbdefault\u00a0\u00bb text_font_size=\u00a0\u00bb16px\u00a0\u00bb custom_padding=\u00a0\u00bb21px|0px|21px|0px|true|true\u00a0\u00bb border_color_all=\u00a0\u00bb#2e528f\u00a0\u00bb global_colors_info=\u00a0\u00bb{}\u00a0\u00bb]<\/p>\n<p>Pour m\u00e9moire, voici le d\u00e9roulement de sa carri\u00e8re aux services des autres :<\/p>\n<p>[\/et_pb_text][et_pb_text module_class=\u00a0\u00bbbigTextBlockPs\u00a0\u00bb _builder_version=\u00a0\u00bb4.16&Prime; _module_preset=\u00a0\u00bbdefault\u00a0\u00bb global_colors_info=\u00a0\u00bb{}\u00a0\u00bb]<\/p>\n<p><strong>Louisette-Marie ARNAUD n\u00e9e \u00e0 Paris, le 16 ao\u00fbt 1952<\/strong><\/p>\n<p><strong>Profession :\u00a0 Infirmi\u00e8re Dipl\u00f4me d\u2019Etat<br \/><\/strong><strong>\u00a0\u00a0\u00a0\u00a0\u00a0\u00a0\u00a0\u00a0\u00a0\u00a0\u00a0\u00a0\u00a0\u00a0\u00a0\u00a0\u00a0\u00a0\u00a0\u00a0\u00a0\u00a0\u00a0\u00a0 Infirmi\u00e8re hospitali\u00e8re<br \/><\/strong><strong>\u00a0\u00a0\u00a0\u00a0\u00a0\u00a0\u00a0\u00a0\u00a0\u00a0\u00a0\u00a0\u00a0\u00a0\u00a0\u00a0\u00a0\u00a0\u00a0\u00a0\u00a0\u00a0\u00a0\u00a0 Infirmi\u00e8re humanitaire. <\/strong><\/p>\n<p><strong>Exercice\u00a0: 46 ans au service de sa profession<\/strong><\/p>\n<p><strong><u>COMPETENCES DEVELOPPEES<\/u><\/strong><strong> :<br \/><\/strong>. Soins d&rsquo;infirmi\u00e8re sp\u00e9cialement en M\u00e9decine et P\u00e9diatrie.<br \/>. Communication : n\u00e9gociation inter structures, porte-parole.<br \/>. Encadrement, organisation et suivie d\u2019une \u00e9quipe pour consolider l&rsquo;application d&rsquo;une M\u00e9thodologie.<br \/>. Formation et p\u00e9dagogie d&rsquo;adultes.<br \/>. Anglais pratique lu et \u00e9crit.<br \/>. Espagnol, lu, \u00e9crit et parl\u00e9.<br \/>. Enseignement du fran\u00e7ais aux hispano-parlants.<\/p>\n<p><strong>2020-2010\u00a0\u00a0 Enseignante de Fran\u00e7ais en cours priv\u00e9s \u00e0 Lima &#8211; P\u00e9rou.<\/strong><\/p>\n<p><strong>2016-2001 \u00a0 Infirmi\u00e8re Dipl\u00f4me d&rsquo;Etat.<\/strong> L&rsquo;Oasis. Centre d&rsquo;Action Social de la Ville de Paris. Maison de Retraite M\u00e9dicalis\u00e9e.<\/p>\n<p><strong>2000-1999\u00a0\u00a0 Infirmi\u00e8re Dipl\u00f4me d&rsquo;Etat.<\/strong> H\u00f4pital Louis Mourier.<br \/>Service de n\u00e9onatologie du Professeur Claude LEJEUNE.<br \/>Soins sp\u00e9cialis\u00e9s.<\/p>\n<p><strong>1998\u00a0\u00a0\u00a0\u00a0\u00a0\u00a0\u00a0\u00a0 \u00a0\u00a0 Infirmi\u00e8re en Mission Humanitaire.<\/strong> M\u00e9decins du Monde.<br \/>Sud SOUDAN. Ville d&rsquo;Akuem.<br \/>Intervention de terrain. Communication. Formation. De septembre \u00e0 d\u00e9cembre 1998.<br \/>Ouverture d&rsquo;un centre nutritionnel et de sant\u00e9.<\/p>\n<p><strong>1998-1995\u00a0 Infirmi\u00e8re Dipl\u00f4me d&rsquo;Etat<\/strong>. H\u00f4pital P\u00e9nitentiaire de Fresnes.<br \/>Demande de mise en disponibilit\u00e9 pour d\u00e9part en Mission Humanitaire.<br \/>Fonctionnaire et titulaire du poste.<br \/>Soins d&rsquo;infirmi\u00e8re des maladies diverses (toutes les sp\u00e9cialit\u00e9s confondues), dans un<br \/>milieu carc\u00e9ral. Communication.<br \/>Service de long et moyen s\u00e9jour.<\/p>\n<p><strong>1995-1993 Infirmi\u00e8re Int\u00e9rimaire.<\/strong> JBM Travail Temporaire.<br \/>Fonction en polyvalence des sp\u00e9cialisations et dans divers h\u00f4pitaux de Paris, notamment de l&rsquo;Assistance Publique<br \/>Service de M\u00e9decine.<br \/>Service de Neurologie.<br \/>Service de P\u00e9diatrie.<br \/>Service de Chirurgie.<br \/>Service de Pneumologie.<\/p>\n<p><strong>1993-1990 Infirmi\u00e8re en Mission Humanitaire.<\/strong> M\u00e9decins du Monde.<br \/><strong><br \/>Mission Sud SOUDAN. Ville d&rsquo;Ayod<\/strong>.<br \/>Intervention de responsabilit\u00e9 et de supervision de trois mois.<br \/>Mise en route d&rsquo;un Service Nutritionnel. Communication. Formation.<\/p>\n<p><strong>Mission SOMALIE. Ville de Bardera.<br \/><\/strong>\u00a0\u00a0\u00a0\u00a0\u00a0\u00a0\u00a0\u00a0\u00a0\u00a0\u00a0\u00a0\u00a0\u00a0\u00a0\u00a0\u00a0\u00a0\u00a0 Intervention de responsabilit\u00e9 et de supervision de trois mois.<br \/>Charg\u00e9e du Service des Consultations du dispensaire.<br \/>Formation du personnel local. Communication.<\/p>\n<p><strong>Mission Sud SOUDAN. Ville de Nasir.<br \/><\/strong>\u00a0\u00a0\u00a0\u00a0\u00a0\u00a0\u00a0\u00a0\u00a0\u00a0\u00a0\u00a0\u00a0\u00a0\u00a0\u00a0\u00a0\u00a0\u00a0 Intervention de responsabilit\u00e9 et de supervision de trois mois.<br \/>Restructuration organisationnelle du Service d&rsquo;infirmerie de l&rsquo;H\u00f4pital de M\u00e9decins du Monde \u00e0 Nasir.<br \/>Communication. Formation du personnel local.<\/p>\n<p><strong>Mission TANZANIE. Ville de Bukoba.<br \/><\/strong>\u00a0\u00a0\u00a0\u00a0\u00a0\u00a0\u00a0\u00a0\u00a0\u00a0\u00a0\u00a0\u00a0\u00a0\u00a0\u00a0\u00a0\u00a0\u00a0\u00a0 Intervention de responsabilit\u00e9 et reconstruction de deux ann\u00e9es (Jan 1991 &#8211; Jan 1993).<br \/>Appui au programme de pr\u00e9vention et de soins des m\u00e8res et enfants victimes du Sida.<br \/>Reconstruction organisationnelle du service de P\u00e9diatrie d&rsquo;un H\u00f4pital de brousse.<br \/>Communication. Formation du personnel local : Soins et bases d&rsquo;hygi\u00e8ne du service.<br \/>Approches de la maternit\u00e9 et de l&rsquo;accouchement<br \/>Consultations.<\/p>\n<p><strong>1991-1982\u00a0 Infirmi\u00e8re Lib\u00e9rale<\/strong>.<br \/>Soins \u00e0 domicile et en cabinet priv\u00e9 \u00e0 Hossegor, dans les Landes.<\/p>\n<p><strong>1982-1977\u00a0 Infirmi\u00e8re Dipl\u00f4me d&rsquo;Etat H\u00f4pital Tenon<\/strong> &#8211; Paris 20\u00e8me. Arrondissement<br \/>Soins d&rsquo;infirmi\u00e8re, d\u00e9veloppement des capacit\u00e9s et des fonctions dans des services<br \/>sp\u00e9cialis\u00e9s : Service du Professeur Akoun &#8211; Pneumologie (1980 -1982).<br \/>Service du Professeur Laugier &#8211; Canc\u00e9rologie (1979 -1980).<br \/>Service du Professeur Poulet &#8211; M\u00e9decine Adulte (1978 -1979).<br \/>R\u00e9animation intensive et n\u00e9phrologie. Rein artificiel (1 an -1977).<\/p>\n<p><strong><u>MISSIONS ASSOCIATIVES <\/u><\/strong><strong>\u00a0:<br \/><\/strong><strong>. \u00a0\u00a0\u00a0\u00a0\u00a0\u00a0\u00a0\u00a0 Soutien Scolaire.<\/strong> Association ADOS. Septembre 2001.<br \/><strong>.\u00a0\u00a0\u00a0\u00a0\u00a0\u00a0\u00a0\u00a0\u00a0 Responsable de la Sant\u00e9 de 1997 au 2000.<\/strong><\/p>\n<p style=\"padding-left: 40px;\"><a href=\"https:\/\/louisette-marie-arnaud.org\/institution\/madame-louisette-marie-arnaud#video1\">Organisation pour la Coop\u00e9ration et le D\u00e9veloppement des Pays Francophones et Hispanophones &#8211; OCDFHI.<\/a><\/p>\n<p style=\"padding-left: 80px;\">Charg\u00e9e de recruter et d&rsquo;organiser l&rsquo;\u00e9quipe de travail-sant\u00e9 capable d&rsquo;aboutir aux objectifs.<br \/>Communication sant\u00e9, projets.<br \/>Participation \u00e0 la prise de d\u00e9cision pour l&rsquo;implantation et organisation des centres et structures hospitali\u00e8res dans des pays de langue fran\u00e7aise ou espagnole.<br \/>H\u00f4pital de 50 lits \u00e0 C\u00f4te d&rsquo;Ivoire.<br \/>Dispensaire Materno-Infantil au P\u00e9rou.<br \/>H\u00f4pital de 135 lits \u00e0 la Guin\u00e9e Conakry.<br \/>Participation dans l&rsquo;organisation des op\u00e9rations d&rsquo;urgence.<br \/>D\u00e9cembre 1998 Mission Nicaragua :<br \/>Collecte et envoi d&rsquo;un avion de nourriture, v\u00eatements et m\u00e9dicaments<br \/>Janvier 1999 Mission Guatemala<br \/>Collecte et envoi d&rsquo;un avion avec des v\u00eatements et m\u00e9dicaments.<\/p>\n<p><strong><u>ETUDES ET DIPLOMES<\/u><\/strong><strong> :<\/strong><\/p>\n<p><strong>.\u00a0\u00a0\u00a0\u00a0\u00a0\u00a0\u00a0\u00a0\u00a0 Sp\u00e9cialit\u00e9 de M\u00e9decine Tropicale.<br \/><\/strong>\u00a0\u00a0\u00a0\u00a0\u00a0\u00a0\u00a0\u00a0\u00a0\u00a0\u00a0 1996\u00a0\u00a0\u00a0\u00a0\u00a0\u00a0\u00a0\u00a0\u00a0 \u00a0 \u00a0 \u00a0\u00a0 Universit\u00e9 Pierre et Marie Curie &#8211; Paris VI.<\/p>\n<p><strong>.\u00a0\u00a0\u00a0\u00a0\u00a0\u00a0\u00a0\u00a0\u00a0 Dipl\u00f4me d&rsquo;Etat d&rsquo;Infirmi\u00e8re.<br \/><\/strong>\u00a0\u00a0\u00a0\u00a0\u00a0\u00a0\u00a0\u00a0\u00a0\u00a0\u00a0 1974 -1977 \u00a0\u00a0\u00a0\u00a0\u00a0 Ecole D\u00e9brousse. Paris 20\u00e8me.<\/p>\n<p><strong>.\u00a0\u00a0\u00a0\u00a0\u00a0\u00a0\u00a0\u00a0\u00a0 Etudes d&rsquo;Aide-Soignante.<br \/><\/strong>\u00a0\u00a0\u00a0\u00a0\u00a0\u00a0\u00a0\u00a0\u00a0\u00a0\u00a0 1972 -1974 \u00a0\u00a0\u00a0\u00a0\u00a0 H\u00f4pital Saint Louis. Services de m\u00e9decine, chirurgie, urologie, salle d&rsquo;op\u00e9rations : Service d&rsquo;H\u00e9matologie du Professeur Bernard.<br \/>Service d&rsquo;H\u00e9matologie du Professeur Dausset<\/p>\n<p><strong>.\u00a0\u00a0\u00a0\u00a0\u00a0\u00a0\u00a0\u00a0\u00a0 Formation d&rsquo;Agent Hospitalier.<\/strong><br \/>1969-1972 \u00a0\u00a0\u00a0\u00a0\u00a0 H\u00f4pital Saint Louis.<\/p>\n<p><strong>.\u00a0\u00a0\u00a0\u00a0\u00a0\u00a0\u00a0\u00a0\u00a0\u00a0 Certificat d&rsquo;\u00e9tudes.<\/strong><\/p>\n<p><strong><u>INTERETS ET LOISIRS <\/u><\/strong><strong>:<\/strong><\/p>\n<p style=\"padding-left: 40px; text-align: justify;\">&#8211; Je suis passionn\u00e9e de litt\u00e9rature : je d\u00e9vore les livres venant de tous les horizons, et mes murs ne tiennent plus des biblioth\u00e8ques qu\u2019avec le temps j\u2019ai rempli, dans la soif d\u2019aussi d\u2019apprendre ou de m\u2019attendrir par un nouveau roman qui vient de sortir\u2026<\/p>\n<p style=\"padding-left: 40px; text-align: justify;\">&#8211; J\u2019aime particuli\u00e8rement les \u00e9crivains qui nous font voyager dans le temps et dans leurs cultures diverses. J\u2019aime particuli\u00e8rement Mario Vargas Llosa, \u00e9crivain p\u00e9ruvien-espagnol, Prix Nobel de litt\u00e9rature, qui depuis de longues ann\u00e9es \u00ab me fait partager \u00bb avec ses personnages et ses histoires un cadre culturel et historique qui nous d\u00e9place avec fluidit\u00e9 aux endroits et aux \u00e9poques qu\u2019il d\u00e9crit\u2026<\/p>\n<p style=\"padding-left: 40px; text-align: justify;\">&#8211; Fervente admiratrice des Neurosciences Cliniques, pour les milliers de recherches prouvant ses r\u00e9sultats. Pour ses traitements novateurs qui soignent et qui viennent au bout de tellement de maladies psychiques et neurologiques que \u00ab la chimie \u00bb n\u2019a pas encore r\u00e9solues.<\/p>\n<p style=\"padding-left: 40px; text-align: justify;\">&#8211; J\u2019aime apprendre et comprendre ; ma curiosit\u00e9 m\u2019a fait aussi d\u00e9couvrir sans crainte la technologie informatique et les multim\u00e9dias dont je me r\u00e9gale de les utiliser.<\/p>\n<p style=\"padding-left: 40px; text-align: justify;\">&#8211; J\u2019aime enseigner et transmettre le fran\u00e7ais.<\/p>\n<p style=\"padding-left: 40px; text-align: justify;\">&#8211; J\u2019aime les mus\u00e9es, les expositions, les beaux-arts, le th\u00e9\u00e2tre, l\u2019op\u00e9ra, le cin\u00e9ma.<\/p>\n<p style=\"padding-left: 40px; text-align: justify;\">&#8211; J\u2019aime le sport \u2013 dont la marche \u00e0 pied et la gymnastique.<\/p>\n<p style=\"padding-left: 40px; text-align: justify;\">&#8211; J\u2019aime participer \u00e0 des activit\u00e9s associatives et humanitaires.<\/p>\n<p style=\"padding-left: 40px; text-align: justify;\">&#8211; J\u2019aime la Photographie et suis souvent \u00ab arm\u00e9e \u00bb d\u2019un appareil pour p\u00e9renniser des instants qui me semblent beaux ou particuliers.<\/p>\n<p style=\"padding-left: 40px; text-align: justify;\">&#8211; J\u2019aime les Voyages et je suis revenue plusieurs fois dans certains de ces pays, pour d\u00e9couvrir leur culture de l\u2019int\u00e9rieur : le Kenya, l\u2019Ouganda, le Sud Soudan, la Tanzanie, la Somalie, le Burundi, le Royaume Uni, le Luxembourg, l\u2019Irlande, le P\u00e9rou, l\u2019Equateur, Le Nicaragua, la Serbie, la R\u00e9publique Tch\u00e8que, la Belgique, le Gibraltar, la Gr\u00e8ce, la Hongrie, le Pays-Bas, le Portugal, l\u2019Autriche, la Bosnie Herz\u00e9govine, la Mac\u00e9doine, le Mont\u00e9n\u00e9gro, l\u2019Espagne, l\u2019Italie, les USA.<\/p>\n<p style=\"padding-left: 40px; text-align: justify;\">&#8211; J\u2019aime le contact humain, la joie et le rire.<\/p>\n<p style=\"padding-left: 40px; text-align: justify;\">&#8211; Je suis respectueuse et amoureuse de la nature : j\u2019aime enrichir mon balcon des fleurs et de la verdure et je pr\u00e9pare mes plantations suivant les conseils des jardiniers&#8230; Au P\u00e9rou j\u2019ai tout un jardin fleuri, remplit de roses, du jasmin, des fleurs exotiques, des arbres fruitiers : d\u2019avocats, des papayes, des raisins, des figues, des citrons\u2026 Et surtout, j\u2019ai des dizaines des petits oiseaux des divers coloris, des colibris ou des \u00ab Picaflors \u00bb, des Gorges-Rouges, des Merles, des Etourneaux, des Moineaux\u2026que je nourris avec amour, et dans ce qu\u2019il me semble un partage affectif, ils me font des couv\u00e9s dans le jardin, rentrent jusqu\u2019\u00e0 l\u2019int\u00e9rieur du salon, ils me font la f\u00eate \u00e0 longueur des journ\u00e9es en me remplissant de joie !! Je les prends en photo partout et, j\u2019inonde ensuite mes amies avec les prises que je fais d\u2019eux.<\/p>\n<p style=\"padding-left: 40px; text-align: justify;\">&#8211; J\u2019aime aussi, dans chaque \u00eatre humain la sensibilit\u00e9 et l\u2019humanit\u00e9 qu\u2019il porte en lui.<\/p>\n<p style=\"text-align: right;\"><a href=\"https:\/\/louisette-marie-arnaud.org\/institution\/madame-louisette-marie-arnaud#video2\">Parcours Professionnel<\/a><\/p>\n<p>[\/et_pb_text][\/et_pb_column][\/et_pb_row][et_pb_row column_structure=\u00a0\u00bb1_2,1_2&Prime; _builder_version=\u00a0\u00bb4.16&Prime; _module_preset=\u00a0\u00bbdefault\u00a0\u00bb global_colors_info=\u00a0\u00bb{}\u00a0\u00bb][et_pb_column type=\u00a0\u00bb1_2&Prime; _builder_version=\u00a0\u00bb4.16&Prime; _module_preset=\u00a0\u00bbdefault\u00a0\u00bb global_colors_info=\u00a0\u00bb{}\u00a0\u00bb][et_pb_code module_id=\u00a0\u00bbvideo1&Prime; _builder_version=\u00a0\u00bb4.16&Prime; _module_preset=\u00a0\u00bbdefault\u00a0\u00bb global_colors_info=\u00a0\u00bb{}\u00a0\u00bb]<iframe loading=\"lazy\" width=\"560\" height=\"315\" src=\"https:\/\/www.youtube.com\/embed\/orKHMUlcbO0?rel=0\" title=\"YouTube video player\" frameborder=\"0\" allow=\"accelerometer; autoplay; clipboard-write; encrypted-media; gyroscope; picture-in-picture\" allowfullscreen><\/iframe>[\/et_pb_code][\/et_pb_column][et_pb_column type=\u00a0\u00bb1_2&Prime; _builder_version=\u00a0\u00bb4.16&Prime; _module_preset=\u00a0\u00bbdefault\u00a0\u00bb global_colors_info=\u00a0\u00bb{}\u00a0\u00bb][et_pb_code module_id=\u00a0\u00bbvideo2&Prime; _builder_version=\u00a0\u00bb4.16&Prime; _module_preset=\u00a0\u00bbdefault\u00a0\u00bb global_colors_info=\u00a0\u00bb{}\u00a0\u00bb]<iframe loading=\"lazy\" width=\"560\" height=\"315\" src=\"https:\/\/www.youtube.com\/embed\/6sSfnI1Sz78?rel=0\" title=\"YouTube video player\" frameborder=\"0\" allow=\"accelerometer; autoplay; clipboard-write; encrypted-media; gyroscope; picture-in-picture\" allowfullscreen><\/iframe>[\/et_pb_code][\/et_pb_column][\/et_pb_row][\/et_pb_section]<\/p>\n","protected":false},"excerpt":{"rendered":"<p><script type=\"text\/javascript\">jQuery(function() { _initLayerSlider( '#layerslider_1_1rbraqqcwm50c', {createdWith: '6.11.8', sliderVersion: '6.11.8', allowFullscreen: true, pauseOnHover: 'enabled', skin: 'v6', sliderFadeInDuration: 350, useSrcset: true, skinsPath: 'https:\/\/louisette-marie-arnaud.org\/institution\/wp-content\/plugins\/LayerSlider\/assets\/static\/layerslider\/skins\/', performanceMode: true}); });<\/script><div id=\"layerslider_1_1rbraqqcwm50c\"  class=\"ls-wp-container fitvidsignore ls-selectable\" style=\"width:1280px;height:300px;margin:0 auto;margin-bottom: 0px;\"><div class=\"ls-slide\" data-ls=\"duration:4000;transition2d:2;\"><img loading=\"lazy\" width=\"1800\" height=\"800\" src=\"https:\/\/louisette-marie-arnaud.org\/institution\/wp-content\/uploads\/2021\/09\/1.jpg\" class=\"ls-bg\" alt=\"\" decoding=\"async\" srcset=\"https:\/\/louisette-marie-arnaud.org\/institution\/wp-content\/uploads\/2021\/09\/1.jpg 1800w, https:\/\/louisette-marie-arnaud.org\/institution\/wp-content\/uploads\/2021\/09\/1-1280x569.jpg 1280w, https:\/\/louisette-marie-arnaud.org\/institution\/wp-content\/uploads\/2021\/09\/1-980x436.jpg 980w, https:\/\/louisette-marie-arnaud.org\/institution\/wp-content\/uploads\/2021\/09\/1-480x213.jpg 480w\" sizes=\"(min-width: 0px) and (max-width: 480px) 480px, (min-width: 481px) and (max-width: 980px) 980px, (min-width: 981px) and (max-width: 1280px) 1280px, (min-width: 1281px) 1800px, 100vw\" \/><a href=\"https:\/\/louisette-marie-arnaud.org\/institution\/promouvoir\" target=\"_self\" class=\"ls-link ls-link-on-top\"><\/a><\/div><div class=\"ls-slide\" data-ls=\"duration:4000;transition2d:2;\"><img loading=\"lazy\" width=\"1800\" height=\"801\" src=\"https:\/\/louisette-marie-arnaud.org\/institution\/wp-content\/uploads\/2021\/09\/2.jpg\" class=\"ls-bg\" alt=\"\" decoding=\"async\" srcset=\"https:\/\/louisette-marie-arnaud.org\/institution\/wp-content\/uploads\/2021\/09\/2.jpg 1800w, https:\/\/louisette-marie-arnaud.org\/institution\/wp-content\/uploads\/2021\/09\/2-1280x570.jpg 1280w, https:\/\/louisette-marie-arnaud.org\/institution\/wp-content\/uploads\/2021\/09\/2-980x436.jpg 980w, https:\/\/louisette-marie-arnaud.org\/institution\/wp-content\/uploads\/2021\/09\/2-480x214.jpg 480w\" sizes=\"(min-width: 0px) and (max-width: 480px) 480px, (min-width: 481px) and (max-width: 980px) 980px, (min-width: 981px) and (max-width: 1280px) 1280px, (min-width: 1281px) 1800px, 100vw\" \/><a href=\"https:\/\/louisette-marie-arnaud.org\/institution\/proteger\" target=\"_self\" class=\"ls-link ls-link-on-top\"><\/a><\/div><div class=\"ls-slide\" data-ls=\"duration:4000;transition2d:2;\"><img loading=\"lazy\" width=\"1800\" height=\"800\" src=\"https:\/\/louisette-marie-arnaud.org\/institution\/wp-content\/uploads\/2021\/09\/3.jpg\" class=\"ls-bg\" alt=\"\" decoding=\"async\" srcset=\"https:\/\/louisette-marie-arnaud.org\/institution\/wp-content\/uploads\/2021\/09\/3.jpg 1800w, https:\/\/louisette-marie-arnaud.org\/institution\/wp-content\/uploads\/2021\/09\/3-1280x569.jpg 1280w, https:\/\/louisette-marie-arnaud.org\/institution\/wp-content\/uploads\/2021\/09\/3-980x436.jpg 980w, https:\/\/louisette-marie-arnaud.org\/institution\/wp-content\/uploads\/2021\/09\/3-480x213.jpg 480w\" sizes=\"(min-width: 0px) and (max-width: 480px) 480px, (min-width: 481px) and (max-width: 980px) 980px, (min-width: 981px) and (max-width: 1280px) 1280px, (min-width: 1281px) 1800px, 100vw\" \/><a href=\"https:\/\/louisette-marie-arnaud.org\/institution\/soigner\" target=\"_self\" class=\"ls-link ls-link-on-top\"><\/a><\/div><\/div>Madame LOUISETTE-MARIE ARNAUD Un moment merveilleux en janvier 2014 o\u00f9 deux sensibilit\u00e9s proches l\u2019une de l\u2019autre se rencontrent Louisette-Marie Arnaud et Mario Vargas Llosa Prix Nobel de la Litt\u00e9rature en 2010 et membre de l&rsquo;Acad\u00e9mie fran\u00e7aise en 2023 A Mario Vargas Llosa est un \u00e9crivain p\u00e9ruvien-espagnol ayant re\u00e7u d&rsquo;innombrables prix et distinctions tout au long de sa carri\u00e8re, dont les plus hautes r\u00e9compenses dans le domaine de la litt\u00e9rature hispanique : le R\u00f3mulo Gallegos 1967 et le prix Cervantes en 1994. Il a \u00e9t\u00e9 nomm\u00e9 membre de l&rsquo;Acad\u00e9mie royale espagnole mais aussi docteur honoris causa dans de nombreuses universit\u00e9s. En 2010 il a obtenu le \u00abPrix Nobel de Litt\u00e9rature\u00bb des mains de Charles XVI Gustave roi de Su\u00e8de. Son \u0153uvre a \u00e9t\u00e9 traduite dans plus de 30 langues. Il est devenu membre de l&rsquo;acad\u00e9mie fran\u00e7aise et surnomme \u00abImmortel\u00bb le 9 f\u00e9vrier 2023 pour contribuer au perfectionnement et au rayonnement des lettres en France.&nbsp; A toi Ma Ch\u00e8re et attachante Amie, je tiens \u00e0 rendre un hommage public pour le mod\u00e8le que tu repr\u00e9sentes pour tous. Ton amour des autres, ton intelligence, ton aire espi\u00e8gle, ta joie de vivre, ton courage et ta t\u00e9nacit\u00e9, t\u2019ont conduite \u00e0 accompagner, avec cette [&hellip;]<\/p>\n","protected":false},"author":1,"featured_media":0,"parent":0,"menu_order":0,"comment_status":"closed","ping_status":"closed","template":"","meta":{"_seopress_robots_primary_cat":"","_seopress_titles_title":"","_seopress_titles_desc":"","_seopress_robots_index":"","_et_pb_use_builder":"on","_et_pb_old_content":"[et_pb_section fb_built=\"1\" fullwidth=\"on\" _builder_version=\"4.9.10\" _module_preset=\"default\" custom_margin=\"||-2px|||\" custom_padding=\"||0px|||\" locked=\"off\" global_colors_info=\"{}\"][et_pb_fullwidth_slider use_bg_overlay=\"off\" _builder_version=\"4.9.10\" _module_preset=\"default\" height_tablet=\"235px\" height_phone=\"227px\" height_last_edited=\"on|phone\" custom_margin=\"||4px|||\" custom_padding=\"30px||397px|||\" animation_style=\"slide\" animation_direction=\"right\" animation_duration=\"2000ms\" auto=\"on\" global_colors_info=\"{}\" min_height=\"584px\"][et_pb_slide _builder_version=\"4.9.10\" _module_preset=\"default\" background_image=\"https:\/\/louisette-marie-arnaud.org\/institution\/wp-content\/uploads\/2021\/08\/LOUVRE.jpg\" background_enable_image=\"on\" child_filter_contrast=\"110%\" background_last_edited=\"on|desktop\" global_colors_info=\"{}\" sticky_transition=\"on\"][\/et_pb_slide][et_pb_slide _builder_version=\"4.9.10\" _module_preset=\"default\" background_image=\"https:\/\/louisette-marie-arnaud.org\/institution\/wp-content\/uploads\/2021\/08\/Foret.jpg\" background_enable_image=\"on\" child_filter_contrast=\"110%\" global_colors_info=\"{}\" sticky_transition=\"on\"][\/et_pb_slide][et_pb_slide _builder_version=\"4.9.10\" _module_preset=\"default\" background_image=\"https:\/\/louisette-marie-arnaud.org\/institution\/wp-content\/uploads\/2021\/08\/IMG-Neurones.jpg\" background_enable_image=\"on\" child_filter_contrast=\"110%\" global_colors_info=\"{}\" sticky_transition=\"on\"][\/et_pb_slide][\/et_pb_fullwidth_slider][\/et_pb_section][et_pb_section fb_built=\"1\" _builder_version=\"4.9.10\" _module_preset=\"default\" global_colors_info=\"{}\"][et_pb_row _builder_version=\"4.9.10\" _module_preset=\"default\" global_colors_info=\"{}\"][et_pb_column type=\"4_4\" _builder_version=\"4.9.10\" _module_preset=\"default\" global_colors_info=\"{}\"][et_pb_team_member image_url=\"https:\/\/louisette-marie-arnaud.org\/institution\/wp-content\/uploads\/2021\/08\/LOULOUSITA-COURS-3-3-remodele-1-scaled.jpg\" name_tablet=\"\" name_phone=\"\" name_last_edited=\"on|desktop\" _builder_version=\"4.9.10\" _module_preset=\"default\" global_colors_info=\"{}\"]\r\n<p style=\"text-align: center;\">LOUISETTE-MARIE-ARNAUD<\/p>\r\n<p style=\"text-align: center;\"><img src=\"https:\/\/louisette-marie-arnaud.org\/institution\/wp-content\/uploads\/2021\/08\/sticker-drapeau-france-coeur-300x300.jpg\" width=\"47\" height=\"47\" alt=\"\" class=\"wp-image-11 alignnone size-medium\">\r\n<strong><\/strong><\/p>\r\n[\/et_pb_team_member][\/et_pb_column][\/et_pb_row][\/et_pb_section]","_et_gb_content_width":"","om_disable_all_campaigns":false,"_monsterinsights_skip_tracking":false,"_monsterinsights_sitenote_active":false,"_monsterinsights_sitenote_note":"","_monsterinsights_sitenote_category":0,"footnotes":""},"class_list":["post-91","page","type-page","status-publish","hentry"],"aioseo_notices":[],"yoast_head":"<!-- This site is optimized with the Yoast SEO plugin v27.4 - https:\/\/yoast.com\/product\/yoast-seo-wordpress\/ -->\n<title>LOUISETTE-MARIE-ARNAUD - Institution Louisette-Marie Arnaud pour la jeunesse<\/title>\n<meta name=\"robots\" content=\"index, follow, max-snippet:-1, max-image-preview:large, max-video-preview:-1\" \/>\n<link rel=\"canonical\" href=\"https:\/\/louisette-marie-arnaud.org\/institution\/madame-louisette-marie-arnaud\" \/>\n<meta property=\"og:locale\" content=\"fr_FR\" \/>\n<meta property=\"og:type\" content=\"article\" \/>\n<meta property=\"og:title\" content=\"LOUISETTE-MARIE-ARNAUD - Institution Louisette-Marie Arnaud pour la jeunesse\" \/>\n<meta property=\"og:description\" content=\"Madame LOUISETTE-MARIE ARNAUD Un moment merveilleux en janvier 2014 o\u00f9 deux sensibilit\u00e9s proches l\u2019une de l\u2019autre se rencontrent Louisette-Marie Arnaud et Mario Vargas Llosa Prix Nobel de la Litt\u00e9rature en 2010 et membre de l&#039;Acad\u00e9mie fran\u00e7aise en 2023 A Mario Vargas Llosa est un \u00e9crivain p\u00e9ruvien-espagnol ayant re\u00e7u d&#039;innombrables prix et distinctions tout au long de sa carri\u00e8re, dont les plus hautes r\u00e9compenses dans le domaine de la litt\u00e9rature hispanique : le R\u00f3mulo Gallegos 1967 et le prix Cervantes en 1994. Il a \u00e9t\u00e9 nomm\u00e9 membre de l&#039;Acad\u00e9mie royale espagnole mais aussi docteur honoris causa dans de nombreuses universit\u00e9s. En 2010 il a obtenu le \u00abPrix Nobel de Litt\u00e9rature\u00bb des mains de Charles XVI Gustave roi de Su\u00e8de. Son \u0153uvre a \u00e9t\u00e9 traduite dans plus de 30 langues. Il est devenu membre de l&#039;acad\u00e9mie fran\u00e7aise et surnomme \u00abImmortel\u00bb le 9 f\u00e9vrier 2023 pour contribuer au perfectionnement et au rayonnement des lettres en France.&nbsp; A toi Ma Ch\u00e8re et attachante Amie, je tiens \u00e0 rendre un hommage public pour le mod\u00e8le que tu repr\u00e9sentes pour tous. Ton amour des autres, ton intelligence, ton aire espi\u00e8gle, ta joie de vivre, ton courage et ta t\u00e9nacit\u00e9, t\u2019ont conduite \u00e0 accompagner, avec cette [&hellip;]\" \/>\n<meta property=\"og:url\" content=\"https:\/\/louisette-marie-arnaud.org\/institution\/madame-louisette-marie-arnaud\" \/>\n<meta property=\"og:site_name\" content=\"Institution Louisette-Marie Arnaud pour la jeunesse\" \/>\n<meta property=\"article:publisher\" content=\"https:\/\/www.facebook.com\/InstitutionLouisetteMarieArnaud\" \/>\n<meta property=\"article:modified_time\" content=\"2025-05-14T12:52:04+00:00\" \/>\n<meta name=\"twitter:card\" content=\"summary_large_image\" \/>\n<meta name=\"twitter:label1\" content=\"Dur\u00e9e de lecture estim\u00e9e\" \/>\n\t<meta name=\"twitter:data1\" content=\"12 minutes\" \/>\n<script type=\"application\/ld+json\" class=\"yoast-schema-graph\">{\"@context\":\"https:\\\/\\\/schema.org\",\"@graph\":[{\"@type\":\"WebPage\",\"@id\":\"https:\\\/\\\/louisette-marie-arnaud.org\\\/institution\\\/madame-louisette-marie-arnaud\",\"url\":\"https:\\\/\\\/louisette-marie-arnaud.org\\\/institution\\\/madame-louisette-marie-arnaud\",\"name\":\"LOUISETTE-MARIE-ARNAUD - Institution Louisette-Marie Arnaud pour la jeunesse\",\"isPartOf\":{\"@id\":\"https:\\\/\\\/louisette-marie-arnaud.org\\\/institution\\\/#website\"},\"datePublished\":\"2021-08-04T22:02:18+00:00\",\"dateModified\":\"2025-05-14T12:52:04+00:00\",\"breadcrumb\":{\"@id\":\"https:\\\/\\\/louisette-marie-arnaud.org\\\/institution\\\/madame-louisette-marie-arnaud#breadcrumb\"},\"inLanguage\":\"fr-FR\",\"potentialAction\":[{\"@type\":\"ReadAction\",\"target\":[\"https:\\\/\\\/louisette-marie-arnaud.org\\\/institution\\\/madame-louisette-marie-arnaud\"]}]},{\"@type\":\"BreadcrumbList\",\"@id\":\"https:\\\/\\\/louisette-marie-arnaud.org\\\/institution\\\/madame-louisette-marie-arnaud#breadcrumb\",\"itemListElement\":[{\"@type\":\"ListItem\",\"position\":1,\"name\":\"Accueil\",\"item\":\"https:\\\/\\\/louisette-marie-arnaud.org\\\/institution\\\/\"},{\"@type\":\"ListItem\",\"position\":2,\"name\":\"LOUISETTE-MARIE-ARNAUD\"}]},{\"@type\":\"WebSite\",\"@id\":\"https:\\\/\\\/louisette-marie-arnaud.org\\\/institution\\\/#website\",\"url\":\"https:\\\/\\\/louisette-marie-arnaud.org\\\/institution\\\/\",\"name\":\"Institution Louisette-Marie Arnaud pour la jeunesse\",\"description\":\"PROMOUVOIR PROTEGER SOIGNER\",\"publisher\":{\"@id\":\"https:\\\/\\\/louisette-marie-arnaud.org\\\/institution\\\/#organization\"},\"potentialAction\":[{\"@type\":\"SearchAction\",\"target\":{\"@type\":\"EntryPoint\",\"urlTemplate\":\"https:\\\/\\\/louisette-marie-arnaud.org\\\/institution\\\/?s={search_term_string}\"},\"query-input\":{\"@type\":\"PropertyValueSpecification\",\"valueRequired\":true,\"valueName\":\"search_term_string\"}}],\"inLanguage\":\"fr-FR\"},{\"@type\":\"Organization\",\"@id\":\"https:\\\/\\\/louisette-marie-arnaud.org\\\/institution\\\/#organization\",\"name\":\"Institution Louisette-Marie Arnaud pour la jeunesse\",\"url\":\"https:\\\/\\\/louisette-marie-arnaud.org\\\/institution\\\/\",\"logo\":{\"@type\":\"ImageObject\",\"inLanguage\":\"fr-FR\",\"@id\":\"https:\\\/\\\/louisette-marie-arnaud.org\\\/institution\\\/#\\\/schema\\\/logo\\\/image\\\/\",\"url\":\"https:\\\/\\\/louisette-marie-arnaud.org\\\/institution\\\/wp-content\\\/uploads\\\/2021\\\/08\\\/cropped-Capture-LOGO-DANIELLI-PAGE-DACCUEIL-Copie.jpg\",\"contentUrl\":\"https:\\\/\\\/louisette-marie-arnaud.org\\\/institution\\\/wp-content\\\/uploads\\\/2021\\\/08\\\/cropped-Capture-LOGO-DANIELLI-PAGE-DACCUEIL-Copie.jpg\",\"width\":139,\"height\":134,\"caption\":\"Institution Louisette-Marie Arnaud pour la jeunesse\"},\"image\":{\"@id\":\"https:\\\/\\\/louisette-marie-arnaud.org\\\/institution\\\/#\\\/schema\\\/logo\\\/image\\\/\"},\"sameAs\":[\"https:\\\/\\\/www.facebook.com\\\/InstitutionLouisetteMarieArnaud\"]}]}<\/script>\n<!-- \/ Yoast SEO plugin. -->","yoast_head_json":{"title":"LOUISETTE-MARIE-ARNAUD - Institution Louisette-Marie Arnaud pour la jeunesse","robots":{"index":"index","follow":"follow","max-snippet":"max-snippet:-1","max-image-preview":"max-image-preview:large","max-video-preview":"max-video-preview:-1"},"canonical":"https:\/\/louisette-marie-arnaud.org\/institution\/madame-louisette-marie-arnaud","og_locale":"fr_FR","og_type":"article","og_title":"LOUISETTE-MARIE-ARNAUD - Institution Louisette-Marie Arnaud pour la jeunesse","og_description":"Madame LOUISETTE-MARIE ARNAUD Un moment merveilleux en janvier 2014 o\u00f9 deux sensibilit\u00e9s proches l\u2019une de l\u2019autre se rencontrent Louisette-Marie Arnaud et Mario Vargas Llosa Prix Nobel de la Litt\u00e9rature en 2010 et membre de l'Acad\u00e9mie fran\u00e7aise en 2023 A Mario Vargas Llosa est un \u00e9crivain p\u00e9ruvien-espagnol ayant re\u00e7u d'innombrables prix et distinctions tout au long de sa carri\u00e8re, dont les plus hautes r\u00e9compenses dans le domaine de la litt\u00e9rature hispanique : le R\u00f3mulo Gallegos 1967 et le prix Cervantes en 1994. Il a \u00e9t\u00e9 nomm\u00e9 membre de l'Acad\u00e9mie royale espagnole mais aussi docteur honoris causa dans de nombreuses universit\u00e9s. En 2010 il a obtenu le \u00abPrix Nobel de Litt\u00e9rature\u00bb des mains de Charles XVI Gustave roi de Su\u00e8de. Son \u0153uvre a \u00e9t\u00e9 traduite dans plus de 30 langues. Il est devenu membre de l'acad\u00e9mie fran\u00e7aise et surnomme \u00abImmortel\u00bb le 9 f\u00e9vrier 2023 pour contribuer au perfectionnement et au rayonnement des lettres en France.&nbsp; A toi Ma Ch\u00e8re et attachante Amie, je tiens \u00e0 rendre un hommage public pour le mod\u00e8le que tu repr\u00e9sentes pour tous. Ton amour des autres, ton intelligence, ton aire espi\u00e8gle, ta joie de vivre, ton courage et ta t\u00e9nacit\u00e9, t\u2019ont conduite \u00e0 accompagner, avec cette [&hellip;]","og_url":"https:\/\/louisette-marie-arnaud.org\/institution\/madame-louisette-marie-arnaud","og_site_name":"Institution Louisette-Marie Arnaud pour la jeunesse","article_publisher":"https:\/\/www.facebook.com\/InstitutionLouisetteMarieArnaud","article_modified_time":"2025-05-14T12:52:04+00:00","twitter_card":"summary_large_image","twitter_misc":{"Dur\u00e9e de lecture estim\u00e9e":"12 minutes"},"schema":{"@context":"https:\/\/schema.org","@graph":[{"@type":"WebPage","@id":"https:\/\/louisette-marie-arnaud.org\/institution\/madame-louisette-marie-arnaud","url":"https:\/\/louisette-marie-arnaud.org\/institution\/madame-louisette-marie-arnaud","name":"LOUISETTE-MARIE-ARNAUD - Institution Louisette-Marie Arnaud pour la jeunesse","isPartOf":{"@id":"https:\/\/louisette-marie-arnaud.org\/institution\/#website"},"datePublished":"2021-08-04T22:02:18+00:00","dateModified":"2025-05-14T12:52:04+00:00","breadcrumb":{"@id":"https:\/\/louisette-marie-arnaud.org\/institution\/madame-louisette-marie-arnaud#breadcrumb"},"inLanguage":"fr-FR","potentialAction":[{"@type":"ReadAction","target":["https:\/\/louisette-marie-arnaud.org\/institution\/madame-louisette-marie-arnaud"]}]},{"@type":"BreadcrumbList","@id":"https:\/\/louisette-marie-arnaud.org\/institution\/madame-louisette-marie-arnaud#breadcrumb","itemListElement":[{"@type":"ListItem","position":1,"name":"Accueil","item":"https:\/\/louisette-marie-arnaud.org\/institution\/"},{"@type":"ListItem","position":2,"name":"LOUISETTE-MARIE-ARNAUD"}]},{"@type":"WebSite","@id":"https:\/\/louisette-marie-arnaud.org\/institution\/#website","url":"https:\/\/louisette-marie-arnaud.org\/institution\/","name":"Institution Louisette-Marie Arnaud pour la jeunesse","description":"PROMOUVOIR PROTEGER SOIGNER","publisher":{"@id":"https:\/\/louisette-marie-arnaud.org\/institution\/#organization"},"potentialAction":[{"@type":"SearchAction","target":{"@type":"EntryPoint","urlTemplate":"https:\/\/louisette-marie-arnaud.org\/institution\/?s={search_term_string}"},"query-input":{"@type":"PropertyValueSpecification","valueRequired":true,"valueName":"search_term_string"}}],"inLanguage":"fr-FR"},{"@type":"Organization","@id":"https:\/\/louisette-marie-arnaud.org\/institution\/#organization","name":"Institution Louisette-Marie Arnaud pour la jeunesse","url":"https:\/\/louisette-marie-arnaud.org\/institution\/","logo":{"@type":"ImageObject","inLanguage":"fr-FR","@id":"https:\/\/louisette-marie-arnaud.org\/institution\/#\/schema\/logo\/image\/","url":"https:\/\/louisette-marie-arnaud.org\/institution\/wp-content\/uploads\/2021\/08\/cropped-Capture-LOGO-DANIELLI-PAGE-DACCUEIL-Copie.jpg","contentUrl":"https:\/\/louisette-marie-arnaud.org\/institution\/wp-content\/uploads\/2021\/08\/cropped-Capture-LOGO-DANIELLI-PAGE-DACCUEIL-Copie.jpg","width":139,"height":134,"caption":"Institution Louisette-Marie Arnaud pour la jeunesse"},"image":{"@id":"https:\/\/louisette-marie-arnaud.org\/institution\/#\/schema\/logo\/image\/"},"sameAs":["https:\/\/www.facebook.com\/InstitutionLouisetteMarieArnaud"]}]}},"jetpack_sharing_enabled":true,"_links":{"self":[{"href":"https:\/\/louisette-marie-arnaud.org\/institution\/wp-json\/wp\/v2\/pages\/91","targetHints":{"allow":["GET"]}}],"collection":[{"href":"https:\/\/louisette-marie-arnaud.org\/institution\/wp-json\/wp\/v2\/pages"}],"about":[{"href":"https:\/\/louisette-marie-arnaud.org\/institution\/wp-json\/wp\/v2\/types\/page"}],"author":[{"embeddable":true,"href":"https:\/\/louisette-marie-arnaud.org\/institution\/wp-json\/wp\/v2\/users\/1"}],"replies":[{"embeddable":true,"href":"https:\/\/louisette-marie-arnaud.org\/institution\/wp-json\/wp\/v2\/comments?post=91"}],"version-history":[{"count":120,"href":"https:\/\/louisette-marie-arnaud.org\/institution\/wp-json\/wp\/v2\/pages\/91\/revisions"}],"predecessor-version":[{"id":10426,"href":"https:\/\/louisette-marie-arnaud.org\/institution\/wp-json\/wp\/v2\/pages\/91\/revisions\/10426"}],"wp:attachment":[{"href":"https:\/\/louisette-marie-arnaud.org\/institution\/wp-json\/wp\/v2\/media?parent=91"}],"curies":[{"name":"wp","href":"https:\/\/api.w.org\/{rel}","templated":true}]}}