{"id":9811,"date":"2024-12-11T17:38:28","date_gmt":"2024-12-11T16:38:28","guid":{"rendered":"https:\/\/louisette-marie-arnaud.org\/institution\/?page_id=9811"},"modified":"2024-12-12T16:37:19","modified_gmt":"2024-12-12T15:37:19","slug":"bonnes-fetes-et-meilleurs-voeux-2025","status":"publish","type":"page","link":"https:\/\/louisette-marie-arnaud.org\/institution\/bonnes-fetes-et-meilleurs-voeux-2025","title":{"rendered":"Bonnes F\u00eates et Meilleurs V\u0153ux 2025 !&#8230;"},"content":{"rendered":"<p>[et_pb_section fb_built=\u00a0\u00bb1&Prime; _builder_version=\u00a0\u00bb4.19.2&Prime; _module_preset=\u00a0\u00bbdefault\u00a0\u00bb background_color=\u00a0\u00bb#203864&Prime; width=\u00a0\u00bb1000px\u00a0\u00bb width_tablet=\u00a0\u00bb1000px\u00a0\u00bb width_phone=\u00a0\u00bb100%\u00a0\u00bb width_last_edited=\u00a0\u00bbon|phone\u00a0\u00bb min_height=\u00a0\u00bb449.3px\u00a0\u00bb custom_margin=\u00a0\u00bb25px|auto||auto|false|false\u00a0\u00bb custom_padding=\u00a0\u00bb||||false|false\u00a0\u00bb da_disable_devices=\u00a0\u00bboff|off|off\u00a0\u00bb border_radii=\u00a0\u00bbon|2px|2px|2px|2px\u00a0\u00bb border_width_all=\u00a0\u00bb2px\u00a0\u00bb border_color_all=\u00a0\u00bb#bf8f00&Prime; global_colors_info=\u00a0\u00bb{}\u00a0\u00bb da_is_popup=\u00a0\u00bboff\u00a0\u00bb da_exit_intent=\u00a0\u00bboff\u00a0\u00bb da_has_close=\u00a0\u00bbon\u00a0\u00bb da_alt_close=\u00a0\u00bboff\u00a0\u00bb da_dark_close=\u00a0\u00bboff\u00a0\u00bb da_not_modal=\u00a0\u00bbon\u00a0\u00bb da_is_singular=\u00a0\u00bboff\u00a0\u00bb da_with_loader=\u00a0\u00bboff\u00a0\u00bb da_has_shadow=\u00a0\u00bbon\u00a0\u00bb][et_pb_row column_structure=\u00a0\u00bb1_3,2_3&Prime; _builder_version=\u00a0\u00bb4.19.2&Prime; _module_preset=\u00a0\u00bbdefault\u00a0\u00bb custom_margin=\u00a0\u00bb20px||||false|false\u00a0\u00bb custom_padding=\u00a0\u00bb30px|10px|30px|10px|true|true\u00a0\u00bb border_color_all=\u00a0\u00bb#8faadc\u00a0\u00bb global_colors_info=\u00a0\u00bb{}\u00a0\u00bb][et_pb_column type=\u00a0\u00bb1_3&Prime; _builder_version=\u00a0\u00bb4.16&Prime; _module_preset=\u00a0\u00bbdefault\u00a0\u00bb global_colors_info=\u00a0\u00bb{}\u00a0\u00bb][et_pb_image src=\u00a0\u00bbhttps:\/\/louisette-marie-arnaud.org\/institution\/wp-content\/uploads\/2021\/08\/cropped-Capture-LOGO-DANIELLI-PAGE-DACCUEIL-.jpg\u00a0\u00bb title_text=\u00a0\u00bbcropped-Capture-LOGO-DANIELLI-PAGE-DACCUEIL-.jpg\u00a0\u00bb _builder_version=\u00a0\u00bb4.19.2&Prime; _module_preset=\u00a0\u00bbdefault\u00a0\u00bb width=\u00a0\u00bb53%\u00a0\u00bb custom_margin=\u00a0\u00bb-20px||||false|false\u00a0\u00bb global_colors_info=\u00a0\u00bb{}\u00a0\u00bb][\/et_pb_image][\/et_pb_column][et_pb_column type=\u00a0\u00bb2_3&Prime; _builder_version=\u00a0\u00bb4.16&Prime; _module_preset=\u00a0\u00bbdefault\u00a0\u00bb global_colors_info=\u00a0\u00bb{}\u00a0\u00bb][et_pb_text admin_label=\u00a0\u00bbTitre de page\u00a0\u00bb _builder_version=\u00a0\u00bb4.20.0&Prime; _module_preset=\u00a0\u00bbdefault\u00a0\u00bb text_text_color=\u00a0\u00bb#FFFFFF\u00a0\u00bb header_font=\u00a0\u00bb|700|||||||\u00a0\u00bb header_text_align=\u00a0\u00bbcenter\u00a0\u00bb header_text_color=\u00a0\u00bb#000000&Prime; header_font_size=\u00a0\u00bb32px\u00a0\u00bb header_line_height=\u00a0\u00bb2.5em\u00a0\u00bb header_2_font=\u00a0\u00bb|700|||||||\u00a0\u00bb header_2_text_align=\u00a0\u00bbcenter\u00a0\u00bb header_2_text_color=\u00a0\u00bb#000000&Prime; header_2_font_size=\u00a0\u00bb20px\u00a0\u00bb header_3_font=\u00a0\u00bb|700|||||||\u00a0\u00bb header_3_text_align=\u00a0\u00bbcenter\u00a0\u00bb header_3_text_color=\u00a0\u00bb#bf8f00&Prime; header_3_font_size=\u00a0\u00bb19px\u00a0\u00bb text_orientation=\u00a0\u00bbcenter\u00a0\u00bb custom_margin=\u00a0\u00bb10px|||-150px|false|false\u00a0\u00bb custom_margin_tablet=\u00a0\u00bb10px|||-150px|false|false\u00a0\u00bb custom_margin_phone=\u00a0\u00bb10px|||0px|false|false\u00a0\u00bb custom_margin_last_edited=\u00a0\u00bbon|phone\u00a0\u00bb custom_padding=\u00a0\u00bb||||true|true\u00a0\u00bb border_color_all=\u00a0\u00bb#8faadc\u00a0\u00bb global_colors_info=\u00a0\u00bb{}\u00a0\u00bb]<\/p>\n<p><span style=\"font-size: 13pt;\"><strong>Institution Louisette-Marie Arnaud pour la jeunesse<\/strong><\/span><br \/><span style=\"font-size: 12pt;\"><strong>Semer des Graines et Agir pour le Futur<\/strong><\/span><\/p>\n<p><span style=\"font-size: 10pt;\"><strong><span style=\"color: #bb5f31;\">Sembrar semilas y actuar por el futuro<\/span><\/strong> &#8211; <strong><span style=\"color: #805740;\">Sowing seeds and acting for the future<\/span><\/strong><\/span><\/p>\n<p>[\/et_pb_text][\/et_pb_column][\/et_pb_row][et_pb_row _builder_version=\u00a0\u00bb4.19.2&Prime; _module_preset=\u00a0\u00bbdefault\u00a0\u00bb custom_margin=\u00a0\u00bb-25px||||false|false\u00a0\u00bb custom_padding=\u00a0\u00bb30px|10px|30px|10px|true|true\u00a0\u00bb border_color_all=\u00a0\u00bb#8faadc\u00a0\u00bb global_colors_info=\u00a0\u00bb{}\u00a0\u00bb][et_pb_column type=\u00a0\u00bb4_4&Prime; _builder_version=\u00a0\u00bb4.16&Prime; _module_preset=\u00a0\u00bbdefault\u00a0\u00bb global_colors_info=\u00a0\u00bb{}\u00a0\u00bb][et_pb_text content_tablet=\u00a0\u00bb<\/p>\n<p><video autoplay=%22autoplay%22 loop=%22loop%22 muted=%22%22 controls=%22controls%22 width=%22700%22 height=%22394%22><source src=%22https:\/\/louisette-marie-arnaud.org\/institution\/wp-content\/uploads\/2022\/12\/Joyeux-Noel.mov%22 type=%22video\/mp4%22 \/><\/video><\/p>\n<p>\u00a0\u00bb content_phone=\u00a0\u00bb<\/p>\n<p><video autoplay=%22autoplay%22 loop=%22loop%22 muted=%22%22 controls=%22controls%22 width=%22250%22 height=%22141%22><source src=%22https:\/\/louisette-marie-arnaud.org\/institution\/wp-content\/uploads\/2022\/12\/Joyeux-Noel.mov%22 type=%22video\/mp4%22 \/><\/video><\/p>\n<p>\u00a0\u00bb content_last_edited=\u00a0\u00bbon|phone\u00a0\u00bb admin_label=\u00a0\u00bbvideo\u00a0\u00bb _builder_version=\u00a0\u00bb4.20.0&Prime; _module_preset=\u00a0\u00bbdefault\u00a0\u00bb header_font=\u00a0\u00bb|700|||||||\u00a0\u00bb header_text_align=\u00a0\u00bbcenter\u00a0\u00bb header_text_color=\u00a0\u00bb#000000&Prime; header_font_size=\u00a0\u00bb32px\u00a0\u00bb header_line_height=\u00a0\u00bb2.5em\u00a0\u00bb header_2_font=\u00a0\u00bb|700|||||||\u00a0\u00bb header_2_text_align=\u00a0\u00bbcenter\u00a0\u00bb header_2_text_color=\u00a0\u00bb#000000&Prime; header_2_font_size=\u00a0\u00bb20px\u00a0\u00bb header_3_font=\u00a0\u00bb|700|||||||\u00a0\u00bb header_3_text_align=\u00a0\u00bbcenter\u00a0\u00bb header_3_text_color=\u00a0\u00bb#bf8f00&Prime; header_3_font_size=\u00a0\u00bb19px\u00a0\u00bb background_image=\u00a0\u00bbhttps:\/\/louisette-marie-arnaud.org\/institution\/wp-content\/uploads\/2024\/12\/Fond-ok.jpg\u00a0\u00bb text_orientation=\u00a0\u00bbcenter\u00a0\u00bb width=\u00a0\u00bb720px\u00a0\u00bb width_tablet=\u00a0\u00bb\u00a0\u00bb width_phone=\u00a0\u00bb\u00a0\u00bb width_last_edited=\u00a0\u00bbon|phone\u00a0\u00bb min_height_last_edited=\u00a0\u00bboff|desktop\u00a0\u00bb height=\u00a0\u00bb418px\u00a0\u00bb height_tablet=\u00a0\u00bb418px\u00a0\u00bb height_phone=\u00a0\u00bb\u00a0\u00bb height_last_edited=\u00a0\u00bbon|phone\u00a0\u00bb max_height=\u00a0\u00bb418px\u00a0\u00bb max_height_tablet=\u00a0\u00bb418px\u00a0\u00bb max_height_phone=\u00a0\u00bb\u00a0\u00bb max_height_last_edited=\u00a0\u00bbon|phone\u00a0\u00bb custom_margin=\u00a0\u00bb10px||10px||false|false\u00a0\u00bb custom_margin_tablet=\u00a0\u00bb10px||10px||false|false\u00a0\u00bb custom_margin_phone=\u00a0\u00bb0px|5px|0px|5px|false|false\u00a0\u00bb custom_margin_last_edited=\u00a0\u00bbon|phone\u00a0\u00bb custom_padding=\u00a0\u00bb0px|0px|0px|0px|false|true\u00a0\u00bb hover_enabled=\u00a0\u00bb0&Prime; border_width_all=\u00a0\u00bb2px\u00a0\u00bb border_color_all=\u00a0\u00bb#BF8F00&Prime; global_colors_info=\u00a0\u00bb{}\u00a0\u00bb min_height__hover_enabled=\u00a0\u00bboff|desktop\u00a0\u00bb sticky_enabled=\u00a0\u00bb0&Prime;]<\/p>\n<p><video autoplay=\"autoplay\" loop=\"loop\" muted=\"\" controls=\"controls\" width=\"229\" height=\"412\"><source src=\"https:\/\/louisette-marie-arnaud.org\/institution\/wp-content\/uploads\/2024\/12\/VIDEO-D_ENFANTS-EN-JOIE-NOEL-convertio-1.mov\" type=\"video\/mp4\" \/><\/video><\/p>\n<p>[\/et_pb_text][et_pb_text admin_label=\u00a0\u00bbdate et coeur\u00a0\u00bb _builder_version=\u00a0\u00bb4.20.0&Prime; _module_preset=\u00a0\u00bbdefault\u00a0\u00bb text_text_color=\u00a0\u00bb#BF8F00&Prime; header_font=\u00a0\u00bb|700|||||||\u00a0\u00bb header_text_align=\u00a0\u00bbcenter\u00a0\u00bb header_text_color=\u00a0\u00bb#000000&Prime; header_font_size=\u00a0\u00bb32px\u00a0\u00bb header_line_height=\u00a0\u00bb2.5em\u00a0\u00bb header_2_font=\u00a0\u00bb|700|||||||\u00a0\u00bb header_2_text_align=\u00a0\u00bbcenter\u00a0\u00bb header_2_text_color=\u00a0\u00bb#000000&Prime; header_2_font_size=\u00a0\u00bb20px\u00a0\u00bb header_3_font=\u00a0\u00bb|700|||||||\u00a0\u00bb header_3_text_align=\u00a0\u00bbcenter\u00a0\u00bb header_3_text_color=\u00a0\u00bb#bf8f00&Prime; header_3_font_size=\u00a0\u00bb19px\u00a0\u00bb text_orientation=\u00a0\u00bbright\u00a0\u00bb custom_margin=\u00a0\u00bb|57px|||false|false\u00a0\u00bb custom_margin_tablet=\u00a0\u00bb|57px|||false|false\u00a0\u00bb custom_margin_phone=\u00a0\u00bb|5px|60px||false|false\u00a0\u00bb custom_margin_last_edited=\u00a0\u00bbon|phone\u00a0\u00bb custom_padding=\u00a0\u00bb||||true|true\u00a0\u00bb border_color_all=\u00a0\u00bb#8faadc\u00a0\u00bb global_colors_info=\u00a0\u00bb{}\u00a0\u00bb]<\/p>\n<p>Paris, le 24 d\u00e9cembre 2024 <img loading=\"lazy\" decoding=\"async\" class=\"wp-image-12 alignnone \" src=\"https:\/\/louisette-marie-arnaud.org\/institution\/wp-content\/uploads\/2021\/08\/cropped-sticker-drapeau-france-coeur-150x150.jpg\" alt=\"\" width=\"57\" height=\"57\" srcset=\"https:\/\/louisette-marie-arnaud.org\/institution\/wp-content\/uploads\/2021\/08\/cropped-sticker-drapeau-france-coeur-150x150.jpg 150w, https:\/\/louisette-marie-arnaud.org\/institution\/wp-content\/uploads\/2021\/08\/cropped-sticker-drapeau-france-coeur-300x300.jpg 300w, https:\/\/louisette-marie-arnaud.org\/institution\/wp-content\/uploads\/2021\/08\/cropped-sticker-drapeau-france-coeur.jpg 458w\" sizes=\"(max-width: 57px) 100vw, 57px\" \/><\/p>\n<p>[\/et_pb_text][et_pb_text admin_label=\u00a0\u00bbtexte Es\u00a0\u00bb _builder_version=\u00a0\u00bb4.20.0&Prime; _module_preset=\u00a0\u00bbdefault\u00a0\u00bb text_font=\u00a0\u00bbVerdana||||||||\u00a0\u00bb text_text_color=\u00a0\u00bb#FFFFFF\u00a0\u00bb text_font_size=\u00a0\u00bb12pt\u00a0\u00bb header_font=\u00a0\u00bb|700|||||||\u00a0\u00bb header_text_align=\u00a0\u00bbcenter\u00a0\u00bb header_text_color=\u00a0\u00bb#000000&Prime; header_font_size=\u00a0\u00bb32px\u00a0\u00bb header_line_height=\u00a0\u00bb2.5em\u00a0\u00bb header_2_font=\u00a0\u00bb|700|||||||\u00a0\u00bb header_2_text_align=\u00a0\u00bbcenter\u00a0\u00bb header_2_text_color=\u00a0\u00bb#000000&Prime; header_2_font_size=\u00a0\u00bb20px\u00a0\u00bb header_3_font=\u00a0\u00bb|700|||||||\u00a0\u00bb header_3_text_align=\u00a0\u00bbcenter\u00a0\u00bb header_3_text_color=\u00a0\u00bb#bf8f00&Prime; header_3_font_size=\u00a0\u00bb19px\u00a0\u00bb text_orientation=\u00a0\u00bbjustified\u00a0\u00bb custom_margin=\u00a0\u00bb||60px||false|false\u00a0\u00bb custom_padding=\u00a0\u00bb||||true|true\u00a0\u00bb border_color_all=\u00a0\u00bb#8faadc\u00a0\u00bb border_style_all=\u00a0\u00bbnone\u00a0\u00bb global_colors_info=\u00a0\u00bb{}\u00a0\u00bb]<\/p>\n<p>Nuestros m\u00e1s calurosos saludos en este periodo festivo,<\/p>\n<p>A lo todo lo largo de 2024, hemos desarrollado con pasi\u00f3n y entusiasmo nuestras misiones para promover la lengua y la cultura francesas; participar a la reforestaci\u00f3n de nuestro planeta y apoyar a los ni\u00f1os con TDA\/TDAH en Francia. Estas acciones son los valores que amamos y que nos esforzamos de inculcar cada d\u00eda. Que la magia de la Navidad ilumine vuestros corazones y que el 2025 los llene de felicidad. \u00a1Felices Fiestas a todos!<\/p>\n<p>[\/et_pb_text][et_pb_text admin_label=\u00a0\u00bbtexte EN\u00a0\u00bb _builder_version=\u00a0\u00bb4.20.0&Prime; _module_preset=\u00a0\u00bbdefault\u00a0\u00bb text_font=\u00a0\u00bbVerdana||||||||\u00a0\u00bb text_text_color=\u00a0\u00bb#ed7d31&Prime; text_font_size=\u00a0\u00bb12pt\u00a0\u00bb header_font=\u00a0\u00bb|700|||||||\u00a0\u00bb header_text_align=\u00a0\u00bbcenter\u00a0\u00bb header_text_color=\u00a0\u00bb#000000&Prime; header_font_size=\u00a0\u00bb32px\u00a0\u00bb header_line_height=\u00a0\u00bb2.5em\u00a0\u00bb header_2_font=\u00a0\u00bb|700|||||||\u00a0\u00bb header_2_text_align=\u00a0\u00bbcenter\u00a0\u00bb header_2_text_color=\u00a0\u00bb#000000&Prime; header_2_font_size=\u00a0\u00bb20px\u00a0\u00bb header_3_font=\u00a0\u00bb|700|||||||\u00a0\u00bb header_3_text_align=\u00a0\u00bbcenter\u00a0\u00bb header_3_text_color=\u00a0\u00bb#bf8f00&Prime; header_3_font_size=\u00a0\u00bb19px\u00a0\u00bb text_orientation=\u00a0\u00bbjustified\u00a0\u00bb custom_margin=\u00a0\u00bb||60px|200px|false|false\u00a0\u00bb custom_padding=\u00a0\u00bb||||true|true\u00a0\u00bb border_color_all=\u00a0\u00bb#8faadc\u00a0\u00bb border_style_all=\u00a0\u00bbnone\u00a0\u00bb global_colors_info=\u00a0\u00bb{}\u00a0\u00bb]During this festive season, we send you our warmest wishes.<\/p>\n<p>This year, we have worked passionately to promote the French language and culture, contribute to the reforestation of our planet, and support children with ADD and ADHD in France. These actions reflect the values we hold dear and strive to instill every day.<\/p>\n<p>May the magic of Christmas brighten your hearts, and May 2025 bring you happiness and fulfillment. Happy holidays to all![\/et_pb_text][et_pb_text admin_label=\u00a0\u00bbtexte FR\u00a0\u00bb _builder_version=\u00a0\u00bb4.20.0&Prime; _module_preset=\u00a0\u00bbdefault\u00a0\u00bb text_font=\u00a0\u00bbVerdana||||||||\u00a0\u00bb text_text_color=\u00a0\u00bb#bf8f00&Prime; text_font_size=\u00a0\u00bb12pt\u00a0\u00bb header_font=\u00a0\u00bb|700|||||||\u00a0\u00bb header_text_align=\u00a0\u00bbcenter\u00a0\u00bb header_text_color=\u00a0\u00bb#000000&Prime; header_font_size=\u00a0\u00bb32px\u00a0\u00bb header_line_height=\u00a0\u00bb2.5em\u00a0\u00bb header_2_font=\u00a0\u00bb|700|||||||\u00a0\u00bb header_2_text_align=\u00a0\u00bbcenter\u00a0\u00bb header_2_text_color=\u00a0\u00bb#000000&Prime; header_2_font_size=\u00a0\u00bb20px\u00a0\u00bb header_3_font=\u00a0\u00bb|700|||||||\u00a0\u00bb header_3_text_align=\u00a0\u00bbcenter\u00a0\u00bb header_3_text_color=\u00a0\u00bb#bf8f00&Prime; header_3_font_size=\u00a0\u00bb19px\u00a0\u00bb text_orientation=\u00a0\u00bbjustified\u00a0\u00bb custom_margin=\u00a0\u00bb||60px||false|false\u00a0\u00bb custom_padding=\u00a0\u00bb||||true|true\u00a0\u00bb border_color_all=\u00a0\u00bb#8faadc\u00a0\u00bb border_style_all=\u00a0\u00bbnone\u00a0\u00bb global_colors_info=\u00a0\u00bb{}\u00a0\u00bb]En ce p\u00e9riode festive, nous vous adressons nos v\u0153ux les plus chaleureux,<\/p>\n<p>Cette ann\u00e9e, nous avons \u0153uvr\u00e9 avec passion pour faire rayonner la langue et la culture fran\u00e7aises, participer \u00e0 la reforestation de notre plan\u00e8te et soutenir les enfants atteints de TDA et TDAH en France. Ces actions refl\u00e8tent les valeurs que nous ch\u00e9rissons et que nous nous effor\u00e7ons d\u2019inculquer chaque jour. Que la magie de No\u00ebl illumine vos c\u0153urs et que 2025 vous comble de bonheur. Joyeuses f\u00eates \u00e0 tous ! [\/et_pb_text][et_pb_text admin_label=\u00a0\u00bbtexte gauche\u00a0\u00bb _builder_version=\u00a0\u00bb4.20.0&Prime; _module_preset=\u00a0\u00bbdefault\u00a0\u00bb text_text_color=\u00a0\u00bb#000000&Prime; header_font=\u00a0\u00bb|700|||||||\u00a0\u00bb header_text_align=\u00a0\u00bbcenter\u00a0\u00bb header_text_color=\u00a0\u00bb#000000&Prime; header_font_size=\u00a0\u00bb32px\u00a0\u00bb header_line_height=\u00a0\u00bb2.5em\u00a0\u00bb header_2_font=\u00a0\u00bb|700|||||||\u00a0\u00bb header_2_text_align=\u00a0\u00bbcenter\u00a0\u00bb header_2_text_color=\u00a0\u00bb#000000&Prime; header_2_font_size=\u00a0\u00bb20px\u00a0\u00bb header_3_font=\u00a0\u00bb|700|||||||\u00a0\u00bb header_3_text_align=\u00a0\u00bbcenter\u00a0\u00bb header_3_text_color=\u00a0\u00bb#bf8f00&Prime; header_3_font_size=\u00a0\u00bb19px\u00a0\u00bb text_orientation=\u00a0\u00bbjustified\u00a0\u00bb custom_margin=\u00a0\u00bb||||false|false\u00a0\u00bb custom_padding=\u00a0\u00bb||||true|true\u00a0\u00bb border_color_all=\u00a0\u00bb#8faadc\u00a0\u00bb border_style_all=\u00a0\u00bbnone\u00a0\u00bb global_colors_info=\u00a0\u00bb{}\u00a0\u00bb]<\/p>\n<table style=\"width: 740px; color: #bf8f00;border:none;\">\n<tbody>\n<tr style=\"border:none;>\n<td>\n<p style=\"text-align: center;\"><span style=\"color: #ed7d31;\"><span style=\"font-size: 11pt;\"><strong><span style=\"color: #ffffff;\">Feliz Navidad,<\/span> Merry Christmas, <span style=\"color: #bf8f00;\">Joyeux No\u00ebl,<\/span> <span style=\"color: #ffffff;\">Buon Natale, <\/span><\/strong><span style=\"color: #ffffff;\"> <strong>\u092e\u0948\u0930\u0940<\/strong> <strong> <\/strong> <strong>\u0915\u094d\u0930\u093f\u0938\u092e\u0938<\/strong> <strong>, <\/strong> <strong>\u0639\u064a\u062f<\/strong> <strong> <\/strong> <strong>\u0645\u064a\u0644\u0627\u062f<\/strong> <strong> <\/strong> <strong>\u0645\u062c\u064a\u062f<\/strong> <strong>, Fr<\/strong> <strong>\u00f6<\/strong> <strong>hliche Weihnachten <\/strong> <strong>\u30e1\u30ea\u30fc\u30af\u30ea\u30b9\u30de\u30b9<\/strong> <strong>, <\/strong> <strong>\u0441<\/strong> <strong> <\/strong> <strong>\u0420\u043e\u0436\u0434\u0435\u0441\u0442\u0432\u043e\u043c<\/strong> <strong> <\/strong> <\/span><\/span><strong><span style=\"color: #ffffff;\"><span style=\"font-size: 11pt;\">\u0425\u0440\u0438\u0441\u0442\u043e\u0432\u044b\u043c<\/span><br \/><\/span><br \/><\/strong><\/span><\/p>\n<p>\t\t\t\t\t\t\t\t\t<!--\n\t\t\t\t\t\t\t\t\t\n\n<p style=\"font-size: 15px; color: #bf8f00;\"><span style=\"font-size: 12pt;\">Voici la carte que j'ai pr\u00e9par\u00e9e pour vous<\/span><\/p>\n\n\n\t\t\t\t\t\t\t\t\t\n\n<p style=\"font-size: 15px; color: #bf8f00;\"><span style=\"font-size: 12pt;\"><a href=\"https:\/\/www.neurofeedback-neuroscience.fr\/bonnes-fetes-meilleurs-voeux\/\" target=\"_blank\" rel=\"noopener\">https:\/\/louisette-marie-arnaud.org\/institution\/bonnes-fetes-et-meilleurs-voeux-2023<\/a><\/span><\/p>\n\n\n\t\t\t\t\t\t\t\t\t-->\n\t\t\t\t\t\t\t\t<\/td>\n<\/tr>\n<\/tbody>\n<\/table>\n<p>[\/et_pb_text][\/et_pb_column][\/et_pb_row][et_pb_row column_structure=\u00a0\u00bb1_3,1_3,1_3&Prime; admin_label=\u00a0\u00bbtriptyque\u00a0\u00bb _builder_version=\u00a0\u00bb4.19.2&Prime; _module_preset=\u00a0\u00bbdefault\u00a0\u00bb width=\u00a0\u00bb100%\u00a0\u00bb max_width=\u00a0\u00bb1000px\u00a0\u00bb custom_margin=\u00a0\u00bb0px||||false|false\u00a0\u00bb custom_padding=\u00a0\u00bb30px|10px|30px|10px|true|true\u00a0\u00bb border_color_all=\u00a0\u00bb#8faadc\u00a0\u00bb global_colors_info=\u00a0\u00bb{}\u00a0\u00bb][et_pb_column type=\u00a0\u00bb1_3&Prime; _builder_version=\u00a0\u00bb4.16&Prime; _module_preset=\u00a0\u00bbdefault\u00a0\u00bb global_colors_info=\u00a0\u00bb{}\u00a0\u00bb][et_pb_image src=\u00a0\u00bbhttps:\/\/louisette-marie-arnaud.org\/institution\/wp-content\/uploads\/2022\/12\/promouvoir-corrige.png\u00a0\u00bb title_text=\u00a0\u00bbpromouvoir-corrige\u00a0\u00bb url=\u00a0\u00bbhttps:\/\/louisette-marie-arnaud.org\/institution\/promouvoir\u00a0\u00bb _builder_version=\u00a0\u00bb4.20.0&Prime; _module_preset=\u00a0\u00bbdefault\u00a0\u00bb height=\u00a0\u00bb195px\u00a0\u00bb global_colors_info=\u00a0\u00bb{}\u00a0\u00bb][\/et_pb_image][\/et_pb_column][et_pb_column type=\u00a0\u00bb1_3&Prime; _builder_version=\u00a0\u00bb4.16&Prime; _module_preset=\u00a0\u00bbdefault\u00a0\u00bb global_colors_info=\u00a0\u00bb{}\u00a0\u00bb][et_pb_image src=\u00a0\u00bbhttps:\/\/louisette-marie-arnaud.org\/institution\/wp-content\/uploads\/2022\/12\/Capture-Proteger.jpg\u00a0\u00bb title_text=\u00a0\u00bbCapture Proteger\u00a0\u00bb url=\u00a0\u00bbhttps:\/\/louisette-marie-arnaud.org\/institution\/proteger\u00a0\u00bb _builder_version=\u00a0\u00bb4.20.0&Prime; _module_preset=\u00a0\u00bbdefault\u00a0\u00bb height=\u00a0\u00bb195px\u00a0\u00bb global_colors_info=\u00a0\u00bb{}\u00a0\u00bb][\/et_pb_image][\/et_pb_column][et_pb_column type=\u00a0\u00bb1_3&Prime; _builder_version=\u00a0\u00bb4.16&Prime; _module_preset=\u00a0\u00bbdefault\u00a0\u00bb global_colors_info=\u00a0\u00bb{}\u00a0\u00bb][et_pb_image src=\u00a0\u00bbhttps:\/\/louisette-marie-arnaud.org\/institution\/wp-content\/uploads\/2022\/12\/Capture-Soigner.jpg\u00a0\u00bb title_text=\u00a0\u00bbCapture Soigner\u00a0\u00bb url=\u00a0\u00bbhttps:\/\/louisette-marie-arnaud.org\/institution\/soigner\u00a0\u00bb _builder_version=\u00a0\u00bb4.20.0&Prime; _module_preset=\u00a0\u00bbdefault\u00a0\u00bb height=\u00a0\u00bb195px\u00a0\u00bb global_colors_info=\u00a0\u00bb{}\u00a0\u00bb][\/et_pb_image][\/et_pb_column][\/et_pb_row][et_pb_row column_structure=\u00a0\u00bb1_4,1_2,1_4&Prime; admin_label=\u00a0\u00bbtriptyque\u00a0\u00bb _builder_version=\u00a0\u00bb4.19.2&Prime; _module_preset=\u00a0\u00bbdefault\u00a0\u00bb custom_margin=\u00a0\u00bb55px||||false|false\u00a0\u00bb custom_padding=\u00a0\u00bb30px|10px|30px|10px|true|true\u00a0\u00bb border_color_all=\u00a0\u00bb#8faadc\u00a0\u00bb global_colors_info=\u00a0\u00bb{}\u00a0\u00bb][et_pb_column type=\u00a0\u00bb1_4&Prime; _builder_version=\u00a0\u00bb4.16&Prime; _module_preset=\u00a0\u00bbdefault\u00a0\u00bb global_colors_info=\u00a0\u00bb{}\u00a0\u00bb][et_pb_image src=\u00a0\u00bbhttps:\/\/louisette-marie-arnaud.org\/institution\/wp-content\/uploads\/2022\/12\/Facebook-1.jpg\u00a0\u00bb title_text=\u00a0\u00bbFacebook\u00a0\u00bb url=\u00a0\u00bbhttps:\/\/www.facebook.com\/InstitutionLouisetteMarieArnaud\/\u00a0\u00bb _builder_version=\u00a0\u00bb4.19.2&Prime; _module_preset=\u00a0\u00bbdefault\u00a0\u00bb global_colors_info=\u00a0\u00bb{}\u00a0\u00bb][\/et_pb_image][\/et_pb_column][et_pb_column type=\u00a0\u00bb1_2&Prime; _builder_version=\u00a0\u00bb4.16&Prime; _module_preset=\u00a0\u00bbdefault\u00a0\u00bb global_colors_info=\u00a0\u00bb{}\u00a0\u00bb][et_pb_text admin_label=\u00a0\u00bbtexte Bonne ann\u00e9e\u00a0\u00bb _builder_version=\u00a0\u00bb4.20.0&Prime; _module_preset=\u00a0\u00bbdefault\u00a0\u00bb header_font=\u00a0\u00bb|700|||||||\u00a0\u00bb header_text_align=\u00a0\u00bbcenter\u00a0\u00bb header_text_color=\u00a0\u00bb#000000&Prime; header_font_size=\u00a0\u00bb32px\u00a0\u00bb header_line_height=\u00a0\u00bb2.5em\u00a0\u00bb header_2_font=\u00a0\u00bb|700|||||||\u00a0\u00bb header_2_text_align=\u00a0\u00bbcenter\u00a0\u00bb header_2_text_color=\u00a0\u00bb#000000&Prime; header_2_font_size=\u00a0\u00bb20px\u00a0\u00bb header_3_font=\u00a0\u00bb|700|||||||\u00a0\u00bb header_3_text_align=\u00a0\u00bbcenter\u00a0\u00bb header_3_text_color=\u00a0\u00bb#bf8f00&Prime; header_3_font_size=\u00a0\u00bb19px\u00a0\u00bb text_orientation=\u00a0\u00bbcenter\u00a0\u00bb custom_margin=\u00a0\u00bb|||-70px|false|false\u00a0\u00bb custom_padding=\u00a0\u00bb||||true|true\u00a0\u00bb border_color_all=\u00a0\u00bb#8faadc\u00a0\u00bb global_colors_info=\u00a0\u00bb{}\u00a0\u00bb]<\/p>\n<p style=\"font-size: 15px; color: #bf8f00; text-align: center;\"><span style=\"font-size: 24pt;\">B O N N E\u00a0 A N N E E\u00a0 2 0 2 5<\/span><\/p>\n<p>[\/et_pb_text][\/et_pb_column][et_pb_column type=\u00a0\u00bb1_4&Prime; _builder_version=\u00a0\u00bb4.16&Prime; _module_preset=\u00a0\u00bbdefault\u00a0\u00bb global_colors_info=\u00a0\u00bb{}\u00a0\u00bb][et_pb_image src=\u00a0\u00bbhttps:\/\/louisette-marie-arnaud.org\/institution\/wp-content\/uploads\/2022\/12\/linked-in.jpg\u00a0\u00bb title_text=\u00a0\u00bblinked in\u00a0\u00bb url=\u00a0\u00bbhttps:\/\/www.linkedin.com\/company\/78396182\/admin\/\u00a0\u00bb _builder_version=\u00a0\u00bb4.19.2&Prime; _module_preset=\u00a0\u00bbdefault\u00a0\u00bb global_colors_info=\u00a0\u00bb{}\u00a0\u00bb][\/et_pb_image][et_pb_image src=\u00a0\u00bbhttps:\/\/louisette-marie-arnaud.org\/institution\/wp-content\/uploads\/2022\/12\/YouTube.jpg\u00a0\u00bb title_text=\u00a0\u00bbYouTube\u00a0\u00bb url=\u00a0\u00bbhttps:\/\/www.youtube.com\/channel\/UCpq6Y&#8211;2LNMaoJbYfthAy_w\u00a0\u00bb _builder_version=\u00a0\u00bb4.19.2&Prime; _module_preset=\u00a0\u00bbdefault\u00a0\u00bb global_colors_info=\u00a0\u00bb{}\u00a0\u00bb][\/et_pb_image][\/et_pb_column][\/et_pb_row][\/et_pb_section]<\/p>\n","protected":false},"excerpt":{"rendered":"<p>Institution Louisette-Marie Arnaud pour la jeunesseSemer des Graines et Agir pour le Futur Sembrar semilas y actuar por el futuro &#8211; Sowing seeds and acting for the futureParis, le 24 d\u00e9cembre 2024 Nuestros m\u00e1s calurosos saludos en este periodo festivo, A lo todo lo largo de 2024, hemos desarrollado con pasi\u00f3n y entusiasmo nuestras misiones para promover la lengua y la cultura francesas; participar a la reforestaci\u00f3n de nuestro planeta y apoyar a los ni\u00f1os con TDA\/TDAH en Francia. Estas acciones son los valores que amamos y que nos esforzamos de inculcar cada d\u00eda. Que la magia de la Navidad ilumine vuestros corazones y que el 2025 los llene de felicidad. \u00a1Felices Fiestas a todos!During this festive season, we send you our warmest wishes. This year, we have worked passionately to promote the French language and culture, contribute to the reforestation of our planet, and support children with ADD and ADHD in France. These actions reflect the values we hold dear and strive to instill every day. May the magic of Christmas brighten your hearts, and May 2025 bring you happiness and fulfillment. Happy holidays to all!En ce p\u00e9riode festive, nous vous adressons nos v\u0153ux les plus chaleureux, Cette ann\u00e9e, [&hellip;]<\/p>\n","protected":false},"author":2,"featured_media":0,"parent":0,"menu_order":0,"comment_status":"closed","ping_status":"closed","template":"","meta":{"_seopress_robots_primary_cat":"","_seopress_titles_title":"","_seopress_titles_desc":"","_seopress_robots_index":"","_et_pb_use_builder":"on","_et_pb_old_content":"","_et_gb_content_width":"","om_disable_all_campaigns":false,"_monsterinsights_skip_tracking":false,"_monsterinsights_sitenote_active":false,"_monsterinsights_sitenote_note":"","_monsterinsights_sitenote_category":0,"footnotes":""},"class_list":["post-9811","page","type-page","status-publish","hentry"],"aioseo_notices":[],"yoast_head":"<!-- This site is optimized with the Yoast SEO plugin v27.5 - https:\/\/yoast.com\/product\/yoast-seo-wordpress\/ -->\n<title>Bonnes F\u00eates et Meilleurs V\u0153ux 2025 !... - Institution Louisette-Marie Arnaud pour la jeunesse<\/title>\n<meta name=\"robots\" content=\"index, follow, max-snippet:-1, max-image-preview:large, max-video-preview:-1\" \/>\n<link rel=\"canonical\" href=\"https:\/\/louisette-marie-arnaud.org\/institution\/bonnes-fetes-et-meilleurs-voeux-2025\" \/>\n<meta property=\"og:locale\" content=\"fr_FR\" \/>\n<meta property=\"og:type\" content=\"article\" \/>\n<meta property=\"og:title\" content=\"Bonnes F\u00eates et Meilleurs V\u0153ux 2025 !... - Institution Louisette-Marie Arnaud pour la jeunesse\" \/>\n<meta property=\"og:description\" content=\"Institution Louisette-Marie Arnaud pour la jeunesseSemer des Graines et Agir pour le Futur Sembrar semilas y actuar por el futuro - Sowing seeds and acting for the futureParis, le 24 d\u00e9cembre 2024 Nuestros m\u00e1s calurosos saludos en este periodo festivo, A lo todo lo largo de 2024, hemos desarrollado con pasi\u00f3n y entusiasmo nuestras misiones para promover la lengua y la cultura francesas; participar a la reforestaci\u00f3n de nuestro planeta y apoyar a los ni\u00f1os con TDA\/TDAH en Francia. Estas acciones son los valores que amamos y que nos esforzamos de inculcar cada d\u00eda. Que la magia de la Navidad ilumine vuestros corazones y que el 2025 los llene de felicidad. \u00a1Felices Fiestas a todos!During this festive season, we send you our warmest wishes. This year, we have worked passionately to promote the French language and culture, contribute to the reforestation of our planet, and support children with ADD and ADHD in France. These actions reflect the values we hold dear and strive to instill every day. May the magic of Christmas brighten your hearts, and May 2025 bring you happiness and fulfillment. Happy holidays to all!En ce p\u00e9riode festive, nous vous adressons nos v\u0153ux les plus chaleureux, Cette ann\u00e9e, [&hellip;]\" \/>\n<meta property=\"og:url\" content=\"https:\/\/louisette-marie-arnaud.org\/institution\/bonnes-fetes-et-meilleurs-voeux-2025\" \/>\n<meta property=\"og:site_name\" content=\"Institution Louisette-Marie Arnaud pour la jeunesse\" \/>\n<meta property=\"article:publisher\" content=\"https:\/\/www.facebook.com\/InstitutionLouisetteMarieArnaud\" \/>\n<meta property=\"article:modified_time\" content=\"2024-12-12T15:37:19+00:00\" \/>\n<meta property=\"og:image\" content=\"https:\/\/louisette-marie-arnaud.org\/institution\/wp-content\/uploads\/2021\/08\/cropped-sticker-drapeau-france-coeur-150x150.jpg\" \/>\n<meta name=\"twitter:card\" content=\"summary_large_image\" \/>\n<meta name=\"twitter:label1\" content=\"Dur\u00e9e de lecture estim\u00e9e\" \/>\n\t<meta name=\"twitter:data1\" content=\"6 minutes\" \/>\n<script type=\"application\/ld+json\" class=\"yoast-schema-graph\">{\"@context\":\"https:\\\/\\\/schema.org\",\"@graph\":[{\"@type\":\"WebPage\",\"@id\":\"https:\\\/\\\/louisette-marie-arnaud.org\\\/institution\\\/bonnes-fetes-et-meilleurs-voeux-2025\",\"url\":\"https:\\\/\\\/louisette-marie-arnaud.org\\\/institution\\\/bonnes-fetes-et-meilleurs-voeux-2025\",\"name\":\"Bonnes F\u00eates et Meilleurs V\u0153ux 2025 !... - Institution Louisette-Marie Arnaud pour la jeunesse\",\"isPartOf\":{\"@id\":\"https:\\\/\\\/louisette-marie-arnaud.org\\\/institution\\\/#website\"},\"primaryImageOfPage\":{\"@id\":\"https:\\\/\\\/louisette-marie-arnaud.org\\\/institution\\\/bonnes-fetes-et-meilleurs-voeux-2025#primaryimage\"},\"image\":{\"@id\":\"https:\\\/\\\/louisette-marie-arnaud.org\\\/institution\\\/bonnes-fetes-et-meilleurs-voeux-2025#primaryimage\"},\"thumbnailUrl\":\"https:\\\/\\\/louisette-marie-arnaud.org\\\/institution\\\/wp-content\\\/uploads\\\/2021\\\/08\\\/cropped-sticker-drapeau-france-coeur-150x150.jpg\",\"datePublished\":\"2024-12-11T16:38:28+00:00\",\"dateModified\":\"2024-12-12T15:37:19+00:00\",\"breadcrumb\":{\"@id\":\"https:\\\/\\\/louisette-marie-arnaud.org\\\/institution\\\/bonnes-fetes-et-meilleurs-voeux-2025#breadcrumb\"},\"inLanguage\":\"fr-FR\",\"potentialAction\":[{\"@type\":\"ReadAction\",\"target\":[\"https:\\\/\\\/louisette-marie-arnaud.org\\\/institution\\\/bonnes-fetes-et-meilleurs-voeux-2025\"]}]},{\"@type\":\"ImageObject\",\"inLanguage\":\"fr-FR\",\"@id\":\"https:\\\/\\\/louisette-marie-arnaud.org\\\/institution\\\/bonnes-fetes-et-meilleurs-voeux-2025#primaryimage\",\"url\":\"https:\\\/\\\/louisette-marie-arnaud.org\\\/institution\\\/wp-content\\\/uploads\\\/2021\\\/08\\\/cropped-sticker-drapeau-france-coeur.jpg\",\"contentUrl\":\"https:\\\/\\\/louisette-marie-arnaud.org\\\/institution\\\/wp-content\\\/uploads\\\/2021\\\/08\\\/cropped-sticker-drapeau-france-coeur.jpg\",\"width\":458,\"height\":458},{\"@type\":\"BreadcrumbList\",\"@id\":\"https:\\\/\\\/louisette-marie-arnaud.org\\\/institution\\\/bonnes-fetes-et-meilleurs-voeux-2025#breadcrumb\",\"itemListElement\":[{\"@type\":\"ListItem\",\"position\":1,\"name\":\"Accueil\",\"item\":\"https:\\\/\\\/louisette-marie-arnaud.org\\\/institution\\\/\"},{\"@type\":\"ListItem\",\"position\":2,\"name\":\"Bonnes F\u00eates et Meilleurs V\u0153ux 2025 !&#8230;\"}]},{\"@type\":\"WebSite\",\"@id\":\"https:\\\/\\\/louisette-marie-arnaud.org\\\/institution\\\/#website\",\"url\":\"https:\\\/\\\/louisette-marie-arnaud.org\\\/institution\\\/\",\"name\":\"Institution Louisette-Marie Arnaud pour la jeunesse\",\"description\":\"PROMOUVOIR PROTEGER SOIGNER\",\"publisher\":{\"@id\":\"https:\\\/\\\/louisette-marie-arnaud.org\\\/institution\\\/#organization\"},\"potentialAction\":[{\"@type\":\"SearchAction\",\"target\":{\"@type\":\"EntryPoint\",\"urlTemplate\":\"https:\\\/\\\/louisette-marie-arnaud.org\\\/institution\\\/?s={search_term_string}\"},\"query-input\":{\"@type\":\"PropertyValueSpecification\",\"valueRequired\":true,\"valueName\":\"search_term_string\"}}],\"inLanguage\":\"fr-FR\"},{\"@type\":\"Organization\",\"@id\":\"https:\\\/\\\/louisette-marie-arnaud.org\\\/institution\\\/#organization\",\"name\":\"Institution Louisette-Marie Arnaud pour la jeunesse\",\"url\":\"https:\\\/\\\/louisette-marie-arnaud.org\\\/institution\\\/\",\"logo\":{\"@type\":\"ImageObject\",\"inLanguage\":\"fr-FR\",\"@id\":\"https:\\\/\\\/louisette-marie-arnaud.org\\\/institution\\\/#\\\/schema\\\/logo\\\/image\\\/\",\"url\":\"https:\\\/\\\/louisette-marie-arnaud.org\\\/institution\\\/wp-content\\\/uploads\\\/2021\\\/08\\\/cropped-Capture-LOGO-DANIELLI-PAGE-DACCUEIL-Copie.jpg\",\"contentUrl\":\"https:\\\/\\\/louisette-marie-arnaud.org\\\/institution\\\/wp-content\\\/uploads\\\/2021\\\/08\\\/cropped-Capture-LOGO-DANIELLI-PAGE-DACCUEIL-Copie.jpg\",\"width\":139,\"height\":134,\"caption\":\"Institution Louisette-Marie Arnaud pour la jeunesse\"},\"image\":{\"@id\":\"https:\\\/\\\/louisette-marie-arnaud.org\\\/institution\\\/#\\\/schema\\\/logo\\\/image\\\/\"},\"sameAs\":[\"https:\\\/\\\/www.facebook.com\\\/InstitutionLouisetteMarieArnaud\"]}]}<\/script>\n<!-- \/ Yoast SEO plugin. -->","yoast_head_json":{"title":"Bonnes F\u00eates et Meilleurs V\u0153ux 2025 !... - Institution Louisette-Marie Arnaud pour la jeunesse","robots":{"index":"index","follow":"follow","max-snippet":"max-snippet:-1","max-image-preview":"max-image-preview:large","max-video-preview":"max-video-preview:-1"},"canonical":"https:\/\/louisette-marie-arnaud.org\/institution\/bonnes-fetes-et-meilleurs-voeux-2025","og_locale":"fr_FR","og_type":"article","og_title":"Bonnes F\u00eates et Meilleurs V\u0153ux 2025 !... - Institution Louisette-Marie Arnaud pour la jeunesse","og_description":"Institution Louisette-Marie Arnaud pour la jeunesseSemer des Graines et Agir pour le Futur Sembrar semilas y actuar por el futuro - Sowing seeds and acting for the futureParis, le 24 d\u00e9cembre 2024 Nuestros m\u00e1s calurosos saludos en este periodo festivo, A lo todo lo largo de 2024, hemos desarrollado con pasi\u00f3n y entusiasmo nuestras misiones para promover la lengua y la cultura francesas; participar a la reforestaci\u00f3n de nuestro planeta y apoyar a los ni\u00f1os con TDA\/TDAH en Francia. Estas acciones son los valores que amamos y que nos esforzamos de inculcar cada d\u00eda. Que la magia de la Navidad ilumine vuestros corazones y que el 2025 los llene de felicidad. \u00a1Felices Fiestas a todos!During this festive season, we send you our warmest wishes. This year, we have worked passionately to promote the French language and culture, contribute to the reforestation of our planet, and support children with ADD and ADHD in France. These actions reflect the values we hold dear and strive to instill every day. May the magic of Christmas brighten your hearts, and May 2025 bring you happiness and fulfillment. Happy holidays to all!En ce p\u00e9riode festive, nous vous adressons nos v\u0153ux les plus chaleureux, Cette ann\u00e9e, [&hellip;]","og_url":"https:\/\/louisette-marie-arnaud.org\/institution\/bonnes-fetes-et-meilleurs-voeux-2025","og_site_name":"Institution Louisette-Marie Arnaud pour la jeunesse","article_publisher":"https:\/\/www.facebook.com\/InstitutionLouisetteMarieArnaud","article_modified_time":"2024-12-12T15:37:19+00:00","og_image":[{"url":"https:\/\/louisette-marie-arnaud.org\/institution\/wp-content\/uploads\/2021\/08\/cropped-sticker-drapeau-france-coeur-150x150.jpg","type":"","width":"","height":""}],"twitter_card":"summary_large_image","twitter_misc":{"Dur\u00e9e de lecture estim\u00e9e":"6 minutes"},"schema":{"@context":"https:\/\/schema.org","@graph":[{"@type":"WebPage","@id":"https:\/\/louisette-marie-arnaud.org\/institution\/bonnes-fetes-et-meilleurs-voeux-2025","url":"https:\/\/louisette-marie-arnaud.org\/institution\/bonnes-fetes-et-meilleurs-voeux-2025","name":"Bonnes F\u00eates et Meilleurs V\u0153ux 2025 !... - Institution Louisette-Marie Arnaud pour la jeunesse","isPartOf":{"@id":"https:\/\/louisette-marie-arnaud.org\/institution\/#website"},"primaryImageOfPage":{"@id":"https:\/\/louisette-marie-arnaud.org\/institution\/bonnes-fetes-et-meilleurs-voeux-2025#primaryimage"},"image":{"@id":"https:\/\/louisette-marie-arnaud.org\/institution\/bonnes-fetes-et-meilleurs-voeux-2025#primaryimage"},"thumbnailUrl":"https:\/\/louisette-marie-arnaud.org\/institution\/wp-content\/uploads\/2021\/08\/cropped-sticker-drapeau-france-coeur-150x150.jpg","datePublished":"2024-12-11T16:38:28+00:00","dateModified":"2024-12-12T15:37:19+00:00","breadcrumb":{"@id":"https:\/\/louisette-marie-arnaud.org\/institution\/bonnes-fetes-et-meilleurs-voeux-2025#breadcrumb"},"inLanguage":"fr-FR","potentialAction":[{"@type":"ReadAction","target":["https:\/\/louisette-marie-arnaud.org\/institution\/bonnes-fetes-et-meilleurs-voeux-2025"]}]},{"@type":"ImageObject","inLanguage":"fr-FR","@id":"https:\/\/louisette-marie-arnaud.org\/institution\/bonnes-fetes-et-meilleurs-voeux-2025#primaryimage","url":"https:\/\/louisette-marie-arnaud.org\/institution\/wp-content\/uploads\/2021\/08\/cropped-sticker-drapeau-france-coeur.jpg","contentUrl":"https:\/\/louisette-marie-arnaud.org\/institution\/wp-content\/uploads\/2021\/08\/cropped-sticker-drapeau-france-coeur.jpg","width":458,"height":458},{"@type":"BreadcrumbList","@id":"https:\/\/louisette-marie-arnaud.org\/institution\/bonnes-fetes-et-meilleurs-voeux-2025#breadcrumb","itemListElement":[{"@type":"ListItem","position":1,"name":"Accueil","item":"https:\/\/louisette-marie-arnaud.org\/institution\/"},{"@type":"ListItem","position":2,"name":"Bonnes F\u00eates et Meilleurs V\u0153ux 2025 !&#8230;"}]},{"@type":"WebSite","@id":"https:\/\/louisette-marie-arnaud.org\/institution\/#website","url":"https:\/\/louisette-marie-arnaud.org\/institution\/","name":"Institution Louisette-Marie Arnaud pour la jeunesse","description":"PROMOUVOIR PROTEGER SOIGNER","publisher":{"@id":"https:\/\/louisette-marie-arnaud.org\/institution\/#organization"},"potentialAction":[{"@type":"SearchAction","target":{"@type":"EntryPoint","urlTemplate":"https:\/\/louisette-marie-arnaud.org\/institution\/?s={search_term_string}"},"query-input":{"@type":"PropertyValueSpecification","valueRequired":true,"valueName":"search_term_string"}}],"inLanguage":"fr-FR"},{"@type":"Organization","@id":"https:\/\/louisette-marie-arnaud.org\/institution\/#organization","name":"Institution Louisette-Marie Arnaud pour la jeunesse","url":"https:\/\/louisette-marie-arnaud.org\/institution\/","logo":{"@type":"ImageObject","inLanguage":"fr-FR","@id":"https:\/\/louisette-marie-arnaud.org\/institution\/#\/schema\/logo\/image\/","url":"https:\/\/louisette-marie-arnaud.org\/institution\/wp-content\/uploads\/2021\/08\/cropped-Capture-LOGO-DANIELLI-PAGE-DACCUEIL-Copie.jpg","contentUrl":"https:\/\/louisette-marie-arnaud.org\/institution\/wp-content\/uploads\/2021\/08\/cropped-Capture-LOGO-DANIELLI-PAGE-DACCUEIL-Copie.jpg","width":139,"height":134,"caption":"Institution Louisette-Marie Arnaud pour la jeunesse"},"image":{"@id":"https:\/\/louisette-marie-arnaud.org\/institution\/#\/schema\/logo\/image\/"},"sameAs":["https:\/\/www.facebook.com\/InstitutionLouisetteMarieArnaud"]}]}},"jetpack_sharing_enabled":true,"_links":{"self":[{"href":"https:\/\/louisette-marie-arnaud.org\/institution\/wp-json\/wp\/v2\/pages\/9811","targetHints":{"allow":["GET"]}}],"collection":[{"href":"https:\/\/louisette-marie-arnaud.org\/institution\/wp-json\/wp\/v2\/pages"}],"about":[{"href":"https:\/\/louisette-marie-arnaud.org\/institution\/wp-json\/wp\/v2\/types\/page"}],"author":[{"embeddable":true,"href":"https:\/\/louisette-marie-arnaud.org\/institution\/wp-json\/wp\/v2\/users\/2"}],"replies":[{"embeddable":true,"href":"https:\/\/louisette-marie-arnaud.org\/institution\/wp-json\/wp\/v2\/comments?post=9811"}],"version-history":[{"count":20,"href":"https:\/\/louisette-marie-arnaud.org\/institution\/wp-json\/wp\/v2\/pages\/9811\/revisions"}],"predecessor-version":[{"id":9856,"href":"https:\/\/louisette-marie-arnaud.org\/institution\/wp-json\/wp\/v2\/pages\/9811\/revisions\/9856"}],"wp:attachment":[{"href":"https:\/\/louisette-marie-arnaud.org\/institution\/wp-json\/wp\/v2\/media?parent=9811"}],"curies":[{"name":"wp","href":"https:\/\/api.w.org\/{rel}","templated":true}]}}